{"id":19853,"date":"2024-07-11T22:32:43","date_gmt":"2024-07-11T22:32:43","guid":{"rendered":"https:\/\/nuevasgeneraciones.com.ar\/sitio\/?page_id=19853"},"modified":"2024-09-18T17:46:07","modified_gmt":"2024-09-18T17:46:07","slug":"educacion-cultura-ciencia-y-tecnologia","status":"publish","type":"page","link":"https:\/\/nuevasgeneraciones.com.ar\/sitio\/educacion-cultura-ciencia-y-tecnologia\/","title":{"rendered":"Educaci\u00f3n, cultura, ciencia y tecnolog\u00eda"},"content":{"rendered":"\t\t<div data-elementor-type=\"wp-page\" data-elementor-id=\"19853\" class=\"elementor elementor-19853\" data-elementor-post-type=\"page\">\n\t\t\t\t\t\t<section class=\"elementor-section elementor-top-section elementor-element elementor-element-23cd76dd elementor-section-full_width elementor-section-height-default elementor-section-height-default\" data-id=\"23cd76dd\" data-element_type=\"section\" data-e-type=\"section\" data-settings=\"{&quot;background_background&quot;:&quot;classic&quot;}\">\n\t\t\t\t\t\t<div class=\"elementor-container elementor-column-gap-default\">\n\t\t\t\t\t<div class=\"elementor-column elementor-col-33 elementor-top-column elementor-element elementor-element-1f966ebc\" data-id=\"1f966ebc\" data-element_type=\"column\" data-e-type=\"column\">\n\t\t\t<div class=\"elementor-widget-wrap\">\n\t\t\t\t\t\t\t<\/div>\n\t\t<\/div>\n\t\t\t\t<div class=\"elementor-column elementor-col-33 elementor-top-column elementor-element elementor-element-bd94954\" data-id=\"bd94954\" data-element_type=\"column\" data-e-type=\"column\">\n\t\t\t<div class=\"elementor-widget-wrap elementor-element-populated\">\n\t\t\t\t\t\t<div class=\"elementor-element elementor-element-786b3dd9 elementor-widget elementor-widget-text-editor\" data-id=\"786b3dd9\" data-element_type=\"widget\" data-e-type=\"widget\" data-widget_type=\"text-editor.default\">\n\t\t\t\t<div class=\"elementor-widget-container\">\n\t\t\t\t\t\t\t\t\t<h1>Educaci\u00f3n, cultura, ciencia y tecnolog\u00eda<\/h1>\t\t\t\t\t\t\t\t<\/div>\n\t\t\t\t<\/div>\n\t\t\t\t\t<\/div>\n\t\t<\/div>\n\t\t\t\t<div class=\"elementor-column elementor-col-33 elementor-top-column elementor-element elementor-element-343b850c\" data-id=\"343b850c\" data-element_type=\"column\" data-e-type=\"column\">\n\t\t\t<div class=\"elementor-widget-wrap\">\n\t\t\t\t\t\t\t<\/div>\n\t\t<\/div>\n\t\t\t\t\t<\/div>\n\t\t<\/section>\n\t\t\t\t<section class=\"elementor-section elementor-top-section elementor-element elementor-element-7cc0653b elementor-section-boxed elementor-section-height-default elementor-section-height-default\" data-id=\"7cc0653b\" data-element_type=\"section\" data-e-type=\"section\">\n\t\t\t\t\t\t<div class=\"elementor-container elementor-column-gap-default\">\n\t\t\t\t\t<div class=\"elementor-column elementor-col-100 elementor-top-column elementor-element elementor-element-4682c897\" data-id=\"4682c897\" data-element_type=\"column\" data-e-type=\"column\">\n\t\t\t<div class=\"elementor-widget-wrap elementor-element-populated\">\n\t\t\t\t\t\t<div class=\"elementor-element elementor-element-21894fa0 elementor-widget elementor-widget-spacer\" data-id=\"21894fa0\" data-element_type=\"widget\" data-e-type=\"widget\" data-widget_type=\"spacer.default\">\n\t\t\t\t<div class=\"elementor-widget-container\">\n\t\t\t\t\t\t\t<div class=\"elementor-spacer\">\n\t\t\t<div class=\"elementor-spacer-inner\"><\/div>\n\t\t<\/div>\n\t\t\t\t\t\t<\/div>\n\t\t\t\t<\/div>\n\t\t\t\t\t<\/div>\n\t\t<\/div>\n\t\t\t\t\t<\/div>\n\t\t<\/section>\n\t\t\t\t<section class=\"elementor-section elementor-top-section elementor-element elementor-element-1f3c0545 elementor-section-boxed elementor-section-height-default elementor-section-height-default\" data-id=\"1f3c0545\" data-element_type=\"section\" data-e-type=\"section\">\n\t\t\t\t\t\t<div class=\"elementor-container elementor-column-gap-default\">\n\t\t\t\t\t<div class=\"elementor-column elementor-col-33 elementor-top-column elementor-element elementor-element-6d54ee17\" data-id=\"6d54ee17\" data-element_type=\"column\" data-e-type=\"column\">\n\t\t\t<div class=\"elementor-widget-wrap\">\n\t\t\t\t\t\t\t<\/div>\n\t\t<\/div>\n\t\t\t\t<div class=\"elementor-column elementor-col-33 elementor-top-column elementor-element elementor-element-433a8a14\" data-id=\"433a8a14\" data-element_type=\"column\" data-e-type=\"column\">\n\t\t\t<div class=\"elementor-widget-wrap elementor-element-populated\">\n\t\t\t\t\t\t<div class=\"elementor-element elementor-element-93b81a7 elementor-widget elementor-widget-elementskit-accordion\" data-id=\"93b81a7\" data-element_type=\"widget\" data-e-type=\"widget\" data-widget_type=\"elementskit-accordion.default\">\n\t\t\t\t<div class=\"elementor-widget-container\">\n\t\t\t\t\t<div class=\"ekit-wid-con\" >\n        <div class=\"elementskit-accordion accoedion-primary\" id=\"accordion-69f1b75219a1e\">\n\n            \n                <div class=\"elementskit-card \">\n                    <div class=\"elementskit-card-header\" id=\"primaryHeading-0-93b81a7\">\n                        <a href=\"#collapse-73f6d3b69f1b75219a1e\" class=\"ekit-accordion--toggler elementskit-btn-link collapsed\" data-ekit-toggle=\"collapse\" data-target=\"#Collapse-73f6d3b69f1b75219a1e\" aria-expanded=\"false\" aria-controls=\"Collapse-73f6d3b69f1b75219a1e\">\n                            \n                            <span class=\"ekit-accordion-title\">Educaci\u00f3n digital: Un nuevo escenario para el conocimiento<\/span>\n\n                            \n                                <div class=\"ekit_accordion_icon_group\">\n                                    <div class=\"ekit_accordion_normal_icon\">\n                                        <!-- Normal Icon -->\n\t\t\t\t\t\t\t\t\t\t<i class=\"icon icon-plus\"><\/i>                                    <\/div>\n\n                                    <div class=\"ekit_accordion_active_icon\">\n                                        <!-- Active Icon -->\n\t\t\t\t\t\t\t\t\t\t<i class=\"icon icon-minus\"><\/i>                                    <\/div>\n                                <\/div>\n\n                            \n                                                    <\/a>\n                    <\/div>\n\n                    <div id=\"Collapse-73f6d3b69f1b75219a1e\" class=\" collapse\" aria-labelledby=\"primaryHeading-0-93b81a7\" data-parent=\"#accordion-69f1b75219a1e\">\n\n                        <div class=\"elementskit-card-body ekit-accordion--content\">\n                            \nEste trabajo estudia el impacto de las nuevas tecnolog\u00edas en la educaci\u00f3n y analiza la necesidad de implementar estrategias que promuevan su incorporaci\u00f3n responsable en los procesos de ense\u00f1anza-aprendizaje. De esta manera, se presentan propuestas de pol\u00edticas p\u00fablicas que permitan enriquecer los m\u00e9todos educativos mediante herramientas y dispositivos digitales, garantizando el acceso equitativo, regulado y protegido, facilitando el acompa\u00f1amiento de la comunidad educativa en un entorno cada vez m\u00e1s digitalizado.\n\n<p>&nbsp;<\/p>\n\n<a class=\"btn btn-danger btn-sm\" href=\"https:\/\/nuevasgeneraciones.com.ar\/sitio\/wp-content\/uploads\/documentos3\/_archivo\/2024\/NG-PP401-Educacion-digital-un-nuevo-escenario-para-el-conocimiento.pdf?401\" target=\"_blank\" rel=\"noopener\">Descargar<\/a>                        <\/div>\n\n                    <\/div>\n\n                <\/div><!-- .elementskit-card END -->\n\n                \n                <div class=\"elementskit-card \">\n                    <div class=\"elementskit-card-header\" id=\"primaryHeading-1-93b81a7\">\n                        <a href=\"#collapse-9edb70969f1b75219a1e\" class=\"ekit-accordion--toggler elementskit-btn-link collapsed\" data-ekit-toggle=\"collapse\" data-target=\"#Collapse-9edb70969f1b75219a1e\" aria-expanded=\"false\" aria-controls=\"Collapse-9edb70969f1b75219a1e\">\n                            \n                            <span class=\"ekit-accordion-title\">La innovaci\u00f3n como soluci\u00f3n <\/span>\n\n                            \n                                <div class=\"ekit_accordion_icon_group\">\n                                    <div class=\"ekit_accordion_normal_icon\">\n                                        <!-- Normal Icon -->\n\t\t\t\t\t\t\t\t\t\t<i class=\"icon icon-plus\"><\/i>                                    <\/div>\n\n                                    <div class=\"ekit_accordion_active_icon\">\n                                        <!-- Active Icon -->\n\t\t\t\t\t\t\t\t\t\t<i class=\"icon icon-minus\"><\/i>                                    <\/div>\n                                <\/div>\n\n                            \n                                                    <\/a>\n                    <\/div>\n\n                    <div id=\"Collapse-9edb70969f1b75219a1e\" class=\" collapse\" aria-labelledby=\"primaryHeading-1-93b81a7\" data-parent=\"#accordion-69f1b75219a1e\">\n\n                        <div class=\"elementskit-card-body ekit-accordion--content\">\n                            En este trabajo se brindan herramientas y soluciones necesarias para la implementaci\u00f3n del proceso de innovaci\u00f3n educativa. Se analizan las tendencias actuales en la incorporaci\u00f3n de la tecnolog\u00eda e investigaci\u00f3n sobre los ambientes de aprendizaje y se presentan propuestas para implementar pol\u00edticas p\u00fablicas que permitan fortalecer espacios de ense\u00f1anza - aprendizaje, fomentando un ambiente que garantice la autonom\u00eda y responsabilidad en dicho proceso.\n\n<p>&nbsp;<\/p>\n\n\n<a class=\"btn btn-danger btn-sm\" href=\"https:\/\/nuevasgeneraciones.com.ar\/sitio\/wp-content\/uploads\/documentos3\/_archivo\/2024\/NG-PP400-Educacion-e-innovacion-JUL2024.pdf?2024\" target=\"_blank\" rel=\"noopener\">Descargar<\/a>                        <\/div>\n\n                    <\/div>\n\n                <\/div><!-- .elementskit-card END -->\n\n                \n                <div class=\"elementskit-card \">\n                    <div class=\"elementskit-card-header\" id=\"primaryHeading-2-93b81a7\">\n                        <a href=\"#collapse-962230969f1b75219a1e\" class=\"ekit-accordion--toggler elementskit-btn-link collapsed\" data-ekit-toggle=\"collapse\" data-target=\"#Collapse-962230969f1b75219a1e\" aria-expanded=\"false\" aria-controls=\"Collapse-962230969f1b75219a1e\">\n                            \n                            <span class=\"ekit-accordion-title\">Hacia el camino de la innovaci\u00f3n educativa <\/span>\n\n                            \n                                <div class=\"ekit_accordion_icon_group\">\n                                    <div class=\"ekit_accordion_normal_icon\">\n                                        <!-- Normal Icon -->\n\t\t\t\t\t\t\t\t\t\t<i class=\"icon icon-plus\"><\/i>                                    <\/div>\n\n                                    <div class=\"ekit_accordion_active_icon\">\n                                        <!-- Active Icon -->\n\t\t\t\t\t\t\t\t\t\t<i class=\"icon icon-minus\"><\/i>                                    <\/div>\n                                <\/div>\n\n                            \n                                                    <\/a>\n                    <\/div>\n\n                    <div id=\"Collapse-962230969f1b75219a1e\" class=\" collapse\" aria-labelledby=\"primaryHeading-2-93b81a7\" data-parent=\"#accordion-69f1b75219a1e\">\n\n                        <div class=\"elementskit-card-body ekit-accordion--content\">\n                            En el presente trabajo se desarrolla un an\u00e1lisis sobre la importancia de la innovaci\u00f3n en la educaci\u00f3n, valorando los factores individuales, sociales e institucionales que favorecen o obstaculizan la calidad educativa. Asimismo, se desarrollan propuestas epistemol\u00f3gicas, pedag\u00f3gicas y did\u00e1cticas con el fin de lograr transformaciones significativas en la calidad educativa y en la implementaci\u00f3n de pol\u00edticas p\u00fablicas para el proceso de ense\u00f1anza - aprendizaje\n\n<p>&nbsp;<\/p>\n\n<a class=\"btn btn-danger btn-sm\" href=\"https:\/\/nuevasgeneraciones.com.ar\/sitio\/wp-content\/uploads\/documentos3\/_archivo\/2024\/NG-PP399-Innovacion-Educativa-JUN2024.pdf\" target=\"&quot;_blank\">Descargar<\/a>                        <\/div>\n\n                    <\/div>\n\n                <\/div><!-- .elementskit-card END -->\n\n                \n                <div class=\"elementskit-card \">\n                    <div class=\"elementskit-card-header\" id=\"primaryHeading-3-93b81a7\">\n                        <a href=\"#collapse-13179e469f1b75219a1e\" class=\"ekit-accordion--toggler elementskit-btn-link collapsed\" data-ekit-toggle=\"collapse\" data-target=\"#Collapse-13179e469f1b75219a1e\" aria-expanded=\"false\" aria-controls=\"Collapse-13179e469f1b75219a1e\">\n                            \n                            <span class=\"ekit-accordion-title\">Chat GPT: \u00bfuna nueva forma de entender la educaci\u00f3n?<\/span>\n\n                            \n                                <div class=\"ekit_accordion_icon_group\">\n                                    <div class=\"ekit_accordion_normal_icon\">\n                                        <!-- Normal Icon -->\n\t\t\t\t\t\t\t\t\t\t<i class=\"icon icon-plus\"><\/i>                                    <\/div>\n\n                                    <div class=\"ekit_accordion_active_icon\">\n                                        <!-- Active Icon -->\n\t\t\t\t\t\t\t\t\t\t<i class=\"icon icon-minus\"><\/i>                                    <\/div>\n                                <\/div>\n\n                            \n                                                    <\/a>\n                    <\/div>\n\n                    <div id=\"Collapse-13179e469f1b75219a1e\" class=\" collapse\" aria-labelledby=\"primaryHeading-3-93b81a7\" data-parent=\"#accordion-69f1b75219a1e\">\n\n                        <div class=\"elementskit-card-body ekit-accordion--content\">\n                            En el presente trabajo analizamos el impacto de la inteligencia artificial en el sistema educativo. Principalmente, la aparici\u00f3n del modelo Chat GPT, una figura de la inteligencia artificial que revoluciona las formas de pensar la educaci\u00f3n.\nA su vez, realizamos un pormenorizado estudio de las distintas inquietudes e interrogantes que la implementaci\u00f3n de esta tecnolog\u00eda puede generar en el \u00e1mbito educativo, como as\u00ed tambi\u00e9n del importante rol docente para su regulaci\u00f3n.\n\n<p>&nbsp;<\/p>\n\n<a class=\"btn btn-danger btn-sm\" href=\"https:\/\/nuevasgeneraciones.com.ar\/sitio\/wp-content\/uploads\/documentos3\/_archivo\/2023\/NG-PP-382-Chat-GPT-Educacion-ENE2023.pdf?382\" target=\"&quot;_blank\">Descargar<\/a>                        <\/div>\n\n                    <\/div>\n\n                <\/div><!-- .elementskit-card END -->\n\n                \n                <div class=\"elementskit-card \">\n                    <div class=\"elementskit-card-header\" id=\"primaryHeading-4-93b81a7\">\n                        <a href=\"#collapse-166b7bc69f1b75219a1e\" class=\"ekit-accordion--toggler elementskit-btn-link collapsed\" data-ekit-toggle=\"collapse\" data-target=\"#Collapse-166b7bc69f1b75219a1e\" aria-expanded=\"false\" aria-controls=\"Collapse-166b7bc69f1b75219a1e\">\n                            \n                            <span class=\"ekit-accordion-title\">Educaci\u00f3n vial para ciclistas<\/span>\n\n                            \n                                <div class=\"ekit_accordion_icon_group\">\n                                    <div class=\"ekit_accordion_normal_icon\">\n                                        <!-- Normal Icon -->\n\t\t\t\t\t\t\t\t\t\t<i class=\"icon icon-plus\"><\/i>                                    <\/div>\n\n                                    <div class=\"ekit_accordion_active_icon\">\n                                        <!-- Active Icon -->\n\t\t\t\t\t\t\t\t\t\t<i class=\"icon icon-minus\"><\/i>                                    <\/div>\n                                <\/div>\n\n                            \n                                                    <\/a>\n                    <\/div>\n\n                    <div id=\"Collapse-166b7bc69f1b75219a1e\" class=\" collapse\" aria-labelledby=\"primaryHeading-4-93b81a7\" data-parent=\"#accordion-69f1b75219a1e\">\n\n                        <div class=\"elementskit-card-body ekit-accordion--content\">\n                            En los \u00faltimos tiempos, el uso de la bicicleta ha aumentado exponencialmente y se ha convertido en una alternativa de movilidad r\u00e1pida, saludable, ecol\u00f3gica, econ\u00f3mica y sustentable. Debido a ello, es necesario el desarrollo de nuevas pol\u00edticas p\u00fablicas que aumenten la seguridad de los ciclistas. En dicho sentido, en el presente trabajo, se propone brindar cursos de formaci\u00f3n vial para ciclistas a nivel local con el objetivo de que puedan circular con mayor seguridad y evitar accidentes con automovilistas y peatones.\n\n\n<p>&nbsp;<\/p>\n\n\n<a class=\"btn btn-danger btn-sm\" href=\"https:\/\/www.nuevasgeneraciones.com.ar\/sitio\/wp-content\/uploads\/documentos3\/_archivo\/05\/05_Bicicletas_Educacion_Vial.pdf\" target=\"&quot;_blank\">Descargar<\/a>                        <\/div>\n\n                    <\/div>\n\n                <\/div><!-- .elementskit-card END -->\n\n                \n                <div class=\"elementskit-card \">\n                    <div class=\"elementskit-card-header\" id=\"primaryHeading-5-93b81a7\">\n                        <a href=\"#collapse-03ecd2569f1b75219a1e\" class=\"ekit-accordion--toggler elementskit-btn-link collapsed\" data-ekit-toggle=\"collapse\" data-target=\"#Collapse-03ecd2569f1b75219a1e\" aria-expanded=\"false\" aria-controls=\"Collapse-03ecd2569f1b75219a1e\">\n                            \n                            <span class=\"ekit-accordion-title\">Modificaciones en el sistema sancionatorio de la educaci\u00f3n entrerriana: reincorporaci\u00f3n de las amonestaciones<\/span>\n\n                            \n                                <div class=\"ekit_accordion_icon_group\">\n                                    <div class=\"ekit_accordion_normal_icon\">\n                                        <!-- Normal Icon -->\n\t\t\t\t\t\t\t\t\t\t<i class=\"icon icon-plus\"><\/i>                                    <\/div>\n\n                                    <div class=\"ekit_accordion_active_icon\">\n                                        <!-- Active Icon -->\n\t\t\t\t\t\t\t\t\t\t<i class=\"icon icon-minus\"><\/i>                                    <\/div>\n                                <\/div>\n\n                            \n                                                    <\/a>\n                    <\/div>\n\n                    <div id=\"Collapse-03ecd2569f1b75219a1e\" class=\" collapse\" aria-labelledby=\"primaryHeading-5-93b81a7\" data-parent=\"#accordion-69f1b75219a1e\">\n\n                        <div class=\"elementskit-card-body ekit-accordion--content\">\n                            El actual sistema educativo entrerriano no contempla la aplicaci\u00f3n de las llamadas amonestaciones para castigar los casos de inconducta de los alumnos escolares. En el presente informe se propone la reintroducci\u00f3n de las sanciones disciplinarias aplicables a los alumnos de los niveles primario y secundario que asisten a los establecimientos educativos p\u00fablicos y privados de la provincia de Entre R\u00edos mediante amonestaciones.\n\n<p>&nbsp;<\/p>\n\n<a class=\"btn btn-danger btn-sm\" href=\"https:\/\/www.nuevasgeneraciones.com.ar\/sitio\/wp-content\/uploads\/documentos3\/_archivo\/05\/05_amonestaciones_ERR.pdf\" target=\"&quot;_blank\">Descargar<\/a>                        <\/div>\n\n                    <\/div>\n\n                <\/div><!-- .elementskit-card END -->\n\n                \n                <div class=\"elementskit-card \">\n                    <div class=\"elementskit-card-header\" id=\"primaryHeading-6-93b81a7\">\n                        <a href=\"#collapse-98f5aa169f1b75219a1e\" class=\"ekit-accordion--toggler elementskit-btn-link collapsed\" data-ekit-toggle=\"collapse\" data-target=\"#Collapse-98f5aa169f1b75219a1e\" aria-expanded=\"false\" aria-controls=\"Collapse-98f5aa169f1b75219a1e\">\n                            \n                            <span class=\"ekit-accordion-title\">Propuesta para modificar el sistema de calificaciones escolares en la provincia de Entre R\u00edos<\/span>\n\n                            \n                                <div class=\"ekit_accordion_icon_group\">\n                                    <div class=\"ekit_accordion_normal_icon\">\n                                        <!-- Normal Icon -->\n\t\t\t\t\t\t\t\t\t\t<i class=\"icon icon-plus\"><\/i>                                    <\/div>\n\n                                    <div class=\"ekit_accordion_active_icon\">\n                                        <!-- Active Icon -->\n\t\t\t\t\t\t\t\t\t\t<i class=\"icon icon-minus\"><\/i>                                    <\/div>\n                                <\/div>\n\n                            \n                                                    <\/a>\n                    <\/div>\n\n                    <div id=\"Collapse-98f5aa169f1b75219a1e\" class=\" collapse\" aria-labelledby=\"primaryHeading-6-93b81a7\" data-parent=\"#accordion-69f1b75219a1e\">\n\n                        <div class=\"elementskit-card-body ekit-accordion--content\">\n                            Los sistemas de calificaciones escolares buscan reflejar el grado de conocimientos que los alumnos tienes respecto de un determinado tema o materia. Dichos conocimientos deben ser evaluados peri\u00f3dicamente para que los docentes puedan hacer foco en aquellos aspectos sobre los que hace falta reforzar de manera tal que los alumnos puedan alcanzar los objetivos deseados al finalizar el ciclo lectivo. La alteraci\u00f3n de los sistemas de evaluaci\u00f3n y calificaci\u00f3n, tal como ha ocurrido en la provincia de Entre R\u00edos desde la resoluci\u00f3n 1550\/13 solo logran relajar la exigencia y nivelar la calidad educativa hacia abajo y eliminan la posibilidad de que los alumnos cuenten con las mismas oportunidades a futuro.\n\n<p>&nbsp;<\/p>\n\n<a class=\"btn btn-danger btn-sm\" href=\"https:\/\/www.nuevasgeneraciones.com.ar\/sitio\/wp-content\/uploads\/documentos3\/_archivo\/05\/05_calificaciones_escolares_ERR.pdf\" target=\"&quot;_blank\">Descargar<\/a>                        <\/div>\n\n                    <\/div>\n\n                <\/div><!-- .elementskit-card END -->\n\n                \n                <div class=\"elementskit-card \">\n                    <div class=\"elementskit-card-header\" id=\"primaryHeading-7-93b81a7\">\n                        <a href=\"#collapse-9b5012969f1b75219a1e\" class=\"ekit-accordion--toggler elementskit-btn-link collapsed\" data-ekit-toggle=\"collapse\" data-target=\"#Collapse-9b5012969f1b75219a1e\" aria-expanded=\"false\" aria-controls=\"Collapse-9b5012969f1b75219a1e\">\n                            \n                            <span class=\"ekit-accordion-title\">Autonom\u00eda de los colegios privados de la Ciudad de Buenos Aires para establecer su cronograma lectivo<\/span>\n\n                            \n                                <div class=\"ekit_accordion_icon_group\">\n                                    <div class=\"ekit_accordion_normal_icon\">\n                                        <!-- Normal Icon -->\n\t\t\t\t\t\t\t\t\t\t<i class=\"icon icon-plus\"><\/i>                                    <\/div>\n\n                                    <div class=\"ekit_accordion_active_icon\">\n                                        <!-- Active Icon -->\n\t\t\t\t\t\t\t\t\t\t<i class=\"icon icon-minus\"><\/i>                                    <\/div>\n                                <\/div>\n\n                            \n                                                    <\/a>\n                    <\/div>\n\n                    <div id=\"Collapse-9b5012969f1b75219a1e\" class=\" collapse\" aria-labelledby=\"primaryHeading-7-93b81a7\" data-parent=\"#accordion-69f1b75219a1e\">\n\n                        <div class=\"elementskit-card-body ekit-accordion--content\">\n                            El presente trabajo propone dotar a los colegios privados de la Ciudad de Buenos Aires de la autonom\u00eda necesaria para estructurar sus cronogramas lectivos disponiendo las fechas de inicio de clases y recesos intermedios. De esta manera, y en la medida en que se cumpla la cantidad de d\u00edas de clase y de descanso anual y semanal establecidos por la legislaci\u00f3n vigente, los establecimientos podr\u00e1n organizar sus actividades de la manera en que mejor se ajusten a sus conveniencias.\n\n<p>&nbsp;<\/p>\n\n<a class=\"btn btn-danger btn-sm\" href=\"https:\/\/www.nuevasgeneraciones.com.ar\/sitio\/wp-content\/uploads\/documentos3\/_archivo\/05\/05_autonomia_colegios.pdf\" target=\"&quot;_blank\">Descargar<\/a>                        <\/div>\n\n                    <\/div>\n\n                <\/div><!-- .elementskit-card END -->\n\n                \n                <div class=\"elementskit-card \">\n                    <div class=\"elementskit-card-header\" id=\"primaryHeading-8-93b81a7\">\n                        <a href=\"#collapse-2c5f2a669f1b75219a1e\" class=\"ekit-accordion--toggler elementskit-btn-link collapsed\" data-ekit-toggle=\"collapse\" data-target=\"#Collapse-2c5f2a669f1b75219a1e\" aria-expanded=\"false\" aria-controls=\"Collapse-2c5f2a669f1b75219a1e\">\n                            \n                            <span class=\"ekit-accordion-title\">Informe sobre las pol\u00edticas de incentivo al emprendedor y orientaci\u00f3n vocacional desarrolladas en el \u00e1mbito de la Ciudad Aut\u00f3noma de Buenos Aires<\/span>\n\n                            \n                                <div class=\"ekit_accordion_icon_group\">\n                                    <div class=\"ekit_accordion_normal_icon\">\n                                        <!-- Normal Icon -->\n\t\t\t\t\t\t\t\t\t\t<i class=\"icon icon-plus\"><\/i>                                    <\/div>\n\n                                    <div class=\"ekit_accordion_active_icon\">\n                                        <!-- Active Icon -->\n\t\t\t\t\t\t\t\t\t\t<i class=\"icon icon-minus\"><\/i>                                    <\/div>\n                                <\/div>\n\n                            \n                                                    <\/a>\n                    <\/div>\n\n                    <div id=\"Collapse-2c5f2a669f1b75219a1e\" class=\" collapse\" aria-labelledby=\"primaryHeading-8-93b81a7\" data-parent=\"#accordion-69f1b75219a1e\">\n\n                        <div class=\"elementskit-card-body ekit-accordion--content\">\n                            El presente informe ofrece una sucinta descripci\u00f3n de los programas existentes en la Ciudad Aut\u00f3noma de Buenos Aires destinados a la promoci\u00f3n del esp\u00edritu emprendedor y el apoyo estatal a los j\u00f3venes en su orientaci\u00f3n vocacional para el potencial desarrollo de pol\u00edticas p\u00fablicas referidas a estos temas.\n\n<p>&nbsp;<\/p>\n\n<a class=\"btn btn-danger btn-sm\" href=\"https:\/\/www.nuevasgeneraciones.com.ar\/sitio\/wp-content\/uploads\/documentos3\/_archivo\/05\/05_informe_emprendedurismo_orientacion_vocacional_CABA.pdf\" target=\"&quot;_blank\">Descargar<\/a>                        <\/div>\n\n                    <\/div>\n\n                <\/div><!-- .elementskit-card END -->\n\n                \n                <div class=\"elementskit-card \">\n                    <div class=\"elementskit-card-header\" id=\"primaryHeading-9-93b81a7\">\n                        <a href=\"#collapse-568974869f1b75219a1e\" class=\"ekit-accordion--toggler elementskit-btn-link collapsed\" data-ekit-toggle=\"collapse\" data-target=\"#Collapse-568974869f1b75219a1e\" aria-expanded=\"false\" aria-controls=\"Collapse-568974869f1b75219a1e\">\n                            \n                            <span class=\"ekit-accordion-title\">Atrasar el horario de la escuela secundaria<\/span>\n\n                            \n                                <div class=\"ekit_accordion_icon_group\">\n                                    <div class=\"ekit_accordion_normal_icon\">\n                                        <!-- Normal Icon -->\n\t\t\t\t\t\t\t\t\t\t<i class=\"icon icon-plus\"><\/i>                                    <\/div>\n\n                                    <div class=\"ekit_accordion_active_icon\">\n                                        <!-- Active Icon -->\n\t\t\t\t\t\t\t\t\t\t<i class=\"icon icon-minus\"><\/i>                                    <\/div>\n                                <\/div>\n\n                            \n                                                    <\/a>\n                    <\/div>\n\n                    <div id=\"Collapse-568974869f1b75219a1e\" class=\" collapse\" aria-labelledby=\"primaryHeading-9-93b81a7\" data-parent=\"#accordion-69f1b75219a1e\">\n\n                        <div class=\"elementskit-card-body ekit-accordion--content\">\n                            En el presente trabajo se propone que el horario de entrada a las instituciones educativas de nivel secundario sea a las 8:30 a.m., es decir, atrasar el horario con el fin de beneficiar la salud, la seguridad y el aprendizaje de los adolescentes\n\n<p>&nbsp;<\/p>\n\n<a class=\"btn btn-danger btn-sm\" href=\"https:\/\/www.nuevasgeneraciones.com.ar\/sitio\/wp-content\/uploads\/documentos3\/_archivo\/05\/05horario_entrada_escuela.pdf\" target=\"&quot;_blank\">Descargar<\/a>                        <\/div>\n\n                    <\/div>\n\n                <\/div><!-- .elementskit-card END -->\n\n                \n                <div class=\"elementskit-card \">\n                    <div class=\"elementskit-card-header\" id=\"primaryHeading-10-93b81a7\">\n                        <a href=\"#collapse-2acb46069f1b75219a1e\" class=\"ekit-accordion--toggler elementskit-btn-link collapsed\" data-ekit-toggle=\"collapse\" data-target=\"#Collapse-2acb46069f1b75219a1e\" aria-expanded=\"false\" aria-controls=\"Collapse-2acb46069f1b75219a1e\">\n                            \n                            <span class=\"ekit-accordion-title\">Informe sobre las pol\u00edticas de incentivo al emprendedor y orientaci\u00f3n vocacional desarrolladas en el \u00e1mbito de la Ciudad Aut\u00f3noma de Buenos Aires<\/span>\n\n                            \n                                <div class=\"ekit_accordion_icon_group\">\n                                    <div class=\"ekit_accordion_normal_icon\">\n                                        <!-- Normal Icon -->\n\t\t\t\t\t\t\t\t\t\t<i class=\"icon icon-plus\"><\/i>                                    <\/div>\n\n                                    <div class=\"ekit_accordion_active_icon\">\n                                        <!-- Active Icon -->\n\t\t\t\t\t\t\t\t\t\t<i class=\"icon icon-minus\"><\/i>                                    <\/div>\n                                <\/div>\n\n                            \n                                                    <\/a>\n                    <\/div>\n\n                    <div id=\"Collapse-2acb46069f1b75219a1e\" class=\" collapse\" aria-labelledby=\"primaryHeading-10-93b81a7\" data-parent=\"#accordion-69f1b75219a1e\">\n\n                        <div class=\"elementskit-card-body ekit-accordion--content\">\n                            <p>El presente informe ofrece una sucinta descripci\u00f3n de los programas existentes en la Ciudad Aut\u00f3noma de Buenos Aires destinados a la promoci\u00f3n del esp\u00edritu emprendedor y el apoyo estatal a los j\u00f3venes en su orientaci\u00f3n vocacional para el potencial desarrollo de pol\u00edticas p\u00fablicas referidas a estos temas.<\/p><p>\u00a0<\/p><p><a class=\"btn btn-danger btn-sm\" href=\"https:\/\/www.nuevasgeneraciones.com.ar\/sitio\/wp-content\/uploads\/documentos3\/_archivo\/05\/05_informe_emprendedurismo_orientacion_vocacional_CABA.pdf\" target=\"_blank\" rel=\"noopener\">Descargar<\/a><\/p>                        <\/div>\n\n                    <\/div>\n\n                <\/div><!-- .elementskit-card END -->\n\n                \n                <div class=\"elementskit-card \">\n                    <div class=\"elementskit-card-header\" id=\"primaryHeading-11-93b81a7\">\n                        <a href=\"#collapse-45c95e469f1b75219a1e\" class=\"ekit-accordion--toggler elementskit-btn-link collapsed\" data-ekit-toggle=\"collapse\" data-target=\"#Collapse-45c95e469f1b75219a1e\" aria-expanded=\"false\" aria-controls=\"Collapse-45c95e469f1b75219a1e\">\n                            \n                            <span class=\"ekit-accordion-title\">Incorporaci\u00f3n de la educaci\u00f3n alimentaria nutricional a la curr\u00edcula educativa<\/span>\n\n                            \n                                <div class=\"ekit_accordion_icon_group\">\n                                    <div class=\"ekit_accordion_normal_icon\">\n                                        <!-- Normal Icon -->\n\t\t\t\t\t\t\t\t\t\t<i class=\"icon icon-plus\"><\/i>                                    <\/div>\n\n                                    <div class=\"ekit_accordion_active_icon\">\n                                        <!-- Active Icon -->\n\t\t\t\t\t\t\t\t\t\t<i class=\"icon icon-minus\"><\/i>                                    <\/div>\n                                <\/div>\n\n                            \n                                                    <\/a>\n                    <\/div>\n\n                    <div id=\"Collapse-45c95e469f1b75219a1e\" class=\" collapse\" aria-labelledby=\"primaryHeading-11-93b81a7\" data-parent=\"#accordion-69f1b75219a1e\">\n\n                        <div class=\"elementskit-card-body ekit-accordion--content\">\n                            El presente trabajo propone incluir la educaci\u00f3n nutricional dentro de la curr\u00edcula educativa, para que los alumnos incorporen los conocimientos necesarios y puedan, desde la m\u00e1s temprana edad, tomar decisiones acertadas respecto de su alimentaci\u00f3n.\n\n<p>&nbsp;<\/p>\n\n<a class=\"btn btn-danger btn-sm\" href=\"https:\/\/www.nuevasgeneraciones.com.ar\/sitio\/wp-content\/uploads\/documentos3\/_archivo\/05\/05Educacion_nutricional.pdf\" target=\"&quot;_blank\">Descargar<\/a>                        <\/div>\n\n                    <\/div>\n\n                <\/div><!-- .elementskit-card END -->\n\n                \n                <div class=\"elementskit-card \">\n                    <div class=\"elementskit-card-header\" id=\"primaryHeading-12-93b81a7\">\n                        <a href=\"#collapse-ac2b5e069f1b75219a1e\" class=\"ekit-accordion--toggler elementskit-btn-link collapsed\" data-ekit-toggle=\"collapse\" data-target=\"#Collapse-ac2b5e069f1b75219a1e\" aria-expanded=\"false\" aria-controls=\"Collapse-ac2b5e069f1b75219a1e\">\n                            \n                            <span class=\"ekit-accordion-title\">Propuesta de evaluaci\u00f3n a docentes de la Provincia de Buenos Aires<\/span>\n\n                            \n                                <div class=\"ekit_accordion_icon_group\">\n                                    <div class=\"ekit_accordion_normal_icon\">\n                                        <!-- Normal Icon -->\n\t\t\t\t\t\t\t\t\t\t<i class=\"icon icon-plus\"><\/i>                                    <\/div>\n\n                                    <div class=\"ekit_accordion_active_icon\">\n                                        <!-- Active Icon -->\n\t\t\t\t\t\t\t\t\t\t<i class=\"icon icon-minus\"><\/i>                                    <\/div>\n                                <\/div>\n\n                            \n                                                    <\/a>\n                    <\/div>\n\n                    <div id=\"Collapse-ac2b5e069f1b75219a1e\" class=\" collapse\" aria-labelledby=\"primaryHeading-12-93b81a7\" data-parent=\"#accordion-69f1b75219a1e\">\n\n                        <div class=\"elementskit-card-body ekit-accordion--content\">\n                            El deterioro del sistema p\u00fablico educativo, que se remonta a las \u00faltimas d\u00e9cadas, es multicausal. Sin embargo, es fundamental implementar un sistema de evaluaci\u00f3n docente, de car\u00e1cter an\u00f3nimo pero obligatorio, en la Provincia de Buenos Aires que permita obtener informaci\u00f3n de los recursos humanos para mejorar el desarrollo profesional del docente y de los establecimientos educativos. Es fundamental integrar a todos los actores del sistema educativo p\u00fablico en este esfuerzo institucional, coordinando y armando un modelo evaluativo peri\u00f3dico que permita dise\u00f1ar una estructura formal de capacitaci\u00f3n docente en funci\u00f3n de las debilidades que se observen en dichas evaluaciones\n\n<p>&nbsp;<\/p>\n\n<a class=\"btn btn-danger btn-sm\" href=\"https:\/\/www.nuevasgeneraciones.com.ar\/sitio\/wp-content\/uploads\/documentos3\/_archivo\/05\/05_evaluacion_docente_bsas.pdf\" target=\"_blank\">Descargar<\/a>                        <\/div>\n\n                    <\/div>\n\n                <\/div><!-- .elementskit-card END -->\n\n                \n                <div class=\"elementskit-card \">\n                    <div class=\"elementskit-card-header\" id=\"primaryHeading-13-93b81a7\">\n                        <a href=\"#collapse-aecd34a69f1b75219a1e\" class=\"ekit-accordion--toggler elementskit-btn-link collapsed\" data-ekit-toggle=\"collapse\" data-target=\"#Collapse-aecd34a69f1b75219a1e\" aria-expanded=\"false\" aria-controls=\"Collapse-aecd34a69f1b75219a1e\">\n                            \n                            <span class=\"ekit-accordion-title\">Plan de difusi\u00f3n nacional de la m\u00fasica orquestal<\/span>\n\n                            \n                                <div class=\"ekit_accordion_icon_group\">\n                                    <div class=\"ekit_accordion_normal_icon\">\n                                        <!-- Normal Icon -->\n\t\t\t\t\t\t\t\t\t\t<i class=\"icon icon-plus\"><\/i>                                    <\/div>\n\n                                    <div class=\"ekit_accordion_active_icon\">\n                                        <!-- Active Icon -->\n\t\t\t\t\t\t\t\t\t\t<i class=\"icon icon-minus\"><\/i>                                    <\/div>\n                                <\/div>\n\n                            \n                                                    <\/a>\n                    <\/div>\n\n                    <div id=\"Collapse-aecd34a69f1b75219a1e\" class=\" collapse\" aria-labelledby=\"primaryHeading-13-93b81a7\" data-parent=\"#accordion-69f1b75219a1e\">\n\n                        <div class=\"elementskit-card-body ekit-accordion--content\">\n                            En el presente trabajo se propone la creaci\u00f3n de un cronograma anual para que la Orquesta Sinf\u00f3nica Nacional realice conciertos en todas las regiones del pa\u00eds. De esta manera se busca dar alcance federal a dicha Orquesta.\n\n<p>&nbsp;<\/p>\n\n<a class=\"btn btn-danger btn-sm\" href=\"https:\/\/www.nuevasgeneraciones.com.ar\/sitio\/wp-content\/uploads\/documentos3\/_archivo\/05\/Plan_difusion_nacional_musica_orquestal.pdf\n\" target=\"_blank\">Descargar<\/a>                        <\/div>\n\n                    <\/div>\n\n                <\/div><!-- .elementskit-card END -->\n\n                \n                <div class=\"elementskit-card \">\n                    <div class=\"elementskit-card-header\" id=\"primaryHeading-14-93b81a7\">\n                        <a href=\"#collapse-feae20469f1b75219a1e\" class=\"ekit-accordion--toggler elementskit-btn-link collapsed\" data-ekit-toggle=\"collapse\" data-target=\"#Collapse-feae20469f1b75219a1e\" aria-expanded=\"false\" aria-controls=\"Collapse-feae20469f1b75219a1e\">\n                            \n                            <span class=\"ekit-accordion-title\">Himno Nacional Argentino en eventos deportivos<\/span>\n\n                            \n                                <div class=\"ekit_accordion_icon_group\">\n                                    <div class=\"ekit_accordion_normal_icon\">\n                                        <!-- Normal Icon -->\n\t\t\t\t\t\t\t\t\t\t<i class=\"icon icon-plus\"><\/i>                                    <\/div>\n\n                                    <div class=\"ekit_accordion_active_icon\">\n                                        <!-- Active Icon -->\n\t\t\t\t\t\t\t\t\t\t<i class=\"icon icon-minus\"><\/i>                                    <\/div>\n                                <\/div>\n\n                            \n                                                    <\/a>\n                    <\/div>\n\n                    <div id=\"Collapse-feae20469f1b75219a1e\" class=\" collapse\" aria-labelledby=\"primaryHeading-14-93b81a7\" data-parent=\"#accordion-69f1b75219a1e\">\n\n                        <div class=\"elementskit-card-body ekit-accordion--content\">\n                            El siguiente trabajo plantea la conveniencia de entonar el Himno Nacional Argentino antes de dar inicio a los cert\u00e1menes deportivos de los torneos de primera divisi\u00f3n de las ligas nacionales del pa\u00eds. El objetivo buscado es reforzar el sentimiento de identidad nacional.\n\n<p>&nbsp;<\/p>\n\n\n<a class=\"btn btn-danger btn-sm\" href=\"https:\/\/www.nuevasgeneraciones.com.ar\/sitio\/wp-content\/uploads\/documentos3\/_archivo\/05\/052014_05_Himno_eventos_deportivos.pdf\" target=\"_blank\">Descargar<\/a>                        <\/div>\n\n                    <\/div>\n\n                <\/div><!-- .elementskit-card END -->\n\n                \n                <div class=\"elementskit-card \">\n                    <div class=\"elementskit-card-header\" id=\"primaryHeading-15-93b81a7\">\n                        <a href=\"#collapse-55d885669f1b75219a1e\" class=\"ekit-accordion--toggler elementskit-btn-link collapsed\" data-ekit-toggle=\"collapse\" data-target=\"#Collapse-55d885669f1b75219a1e\" aria-expanded=\"false\" aria-controls=\"Collapse-55d885669f1b75219a1e\">\n                            \n                            <span class=\"ekit-accordion-title\">Incentivos fiscales para becas a estudiantes de ingenier\u00eda<\/span>\n\n                            \n                                <div class=\"ekit_accordion_icon_group\">\n                                    <div class=\"ekit_accordion_normal_icon\">\n                                        <!-- Normal Icon -->\n\t\t\t\t\t\t\t\t\t\t<i class=\"icon icon-plus\"><\/i>                                    <\/div>\n\n                                    <div class=\"ekit_accordion_active_icon\">\n                                        <!-- Active Icon -->\n\t\t\t\t\t\t\t\t\t\t<i class=\"icon icon-minus\"><\/i>                                    <\/div>\n                                <\/div>\n\n                            \n                                                    <\/a>\n                    <\/div>\n\n                    <div id=\"Collapse-55d885669f1b75219a1e\" class=\" collapse\" aria-labelledby=\"primaryHeading-15-93b81a7\" data-parent=\"#accordion-69f1b75219a1e\">\n\n                        <div class=\"elementskit-card-body ekit-accordion--content\">\n                            El grado de desarrollo de un pa\u00eds se encuentra estrechamente vinculado a la cantidad de ingenieros. Teniendo en cuenta esa realidad, en el presente trabajo de asesor\u00eda parlamentaria se proponen incentivos fiscales para becas y subsidios destinados a la formaci\u00f3n de profesionales egresados de la carrera de ingenier\u00eda.\n\n<p>&nbsp;<\/p>\n\n<a class=\"btn btn-danger btn-sm\" href=\"https:\/\/www.nuevasgeneraciones.com.ar\/sitio\/wp-content\/uploads\/documentos3\/_archivo\/05\/201405b_becas_estudiantes_ingenieria.pdf\" target=\"_blank\">Descargar<\/a>                        <\/div>\n\n                    <\/div>\n\n                <\/div><!-- .elementskit-card END -->\n\n                \n                <div class=\"elementskit-card \">\n                    <div class=\"elementskit-card-header\" id=\"primaryHeading-16-93b81a7\">\n                        <a href=\"#collapse-39b023c69f1b75219a1e\" class=\"ekit-accordion--toggler elementskit-btn-link collapsed\" data-ekit-toggle=\"collapse\" data-target=\"#Collapse-39b023c69f1b75219a1e\" aria-expanded=\"false\" aria-controls=\"Collapse-39b023c69f1b75219a1e\">\n                            \n                            <span class=\"ekit-accordion-title\">\u00bfQu\u00e9 hacer con los resultados de las pruebas PISA?<\/span>\n\n                            \n                                <div class=\"ekit_accordion_icon_group\">\n                                    <div class=\"ekit_accordion_normal_icon\">\n                                        <!-- Normal Icon -->\n\t\t\t\t\t\t\t\t\t\t<i class=\"icon icon-plus\"><\/i>                                    <\/div>\n\n                                    <div class=\"ekit_accordion_active_icon\">\n                                        <!-- Active Icon -->\n\t\t\t\t\t\t\t\t\t\t<i class=\"icon icon-minus\"><\/i>                                    <\/div>\n                                <\/div>\n\n                            \n                                                    <\/a>\n                    <\/div>\n\n                    <div id=\"Collapse-39b023c69f1b75219a1e\" class=\" collapse\" aria-labelledby=\"primaryHeading-16-93b81a7\" data-parent=\"#accordion-69f1b75219a1e\">\n\n                        <div class=\"elementskit-card-body ekit-accordion--content\">\n                            La gran pregunta que circula luego de la publicaci\u00f3n de los resultados de las pruebas PISA es \u00bfQu\u00e9 hacer ahora? El presente trabajo propone la complementaci\u00f3n de dichas evaluaciones con un diagn\u00f3stico de los docentes que permita determinar si tambi\u00e9n debe reforzarse un trabajo con ellos, que permita mejorar el magro nivel obtenido por Argentina en aquellas pruebas.\n\n<p>&nbsp;<\/p>\n\n<a class=\"btn btn-danger btn-sm\" href=\"https:\/\/www.nuevasgeneraciones.com.ar\/sitio\/wp-content\/uploads\/documentos3\/_archivo\/05\/201402_resultados_PISA.pdf\" target=\"_blank\" rel=\"noopener\">Descargar<\/a>                        <\/div>\n\n                    <\/div>\n\n                <\/div><!-- .elementskit-card END -->\n\n                \n                <div class=\"elementskit-card \">\n                    <div class=\"elementskit-card-header\" id=\"primaryHeading-17-93b81a7\">\n                        <a href=\"#collapse-2c683ab69f1b75219a1e\" class=\"ekit-accordion--toggler elementskit-btn-link collapsed\" data-ekit-toggle=\"collapse\" data-target=\"#Collapse-2c683ab69f1b75219a1e\" aria-expanded=\"false\" aria-controls=\"Collapse-2c683ab69f1b75219a1e\">\n                            \n                            <span class=\"ekit-accordion-title\">M\u00e1s ingenieros para Argentina<\/span>\n\n                            \n                                <div class=\"ekit_accordion_icon_group\">\n                                    <div class=\"ekit_accordion_normal_icon\">\n                                        <!-- Normal Icon -->\n\t\t\t\t\t\t\t\t\t\t<i class=\"icon icon-plus\"><\/i>                                    <\/div>\n\n                                    <div class=\"ekit_accordion_active_icon\">\n                                        <!-- Active Icon -->\n\t\t\t\t\t\t\t\t\t\t<i class=\"icon icon-minus\"><\/i>                                    <\/div>\n                                <\/div>\n\n                            \n                                                    <\/a>\n                    <\/div>\n\n                    <div id=\"Collapse-2c683ab69f1b75219a1e\" class=\" collapse\" aria-labelledby=\"primaryHeading-17-93b81a7\" data-parent=\"#accordion-69f1b75219a1e\">\n\n                        <div class=\"elementskit-card-body ekit-accordion--content\">\n                            El presente trabajo propone desarrollar pol\u00edticas que aumenten la cantidad de ingenieros en Argentina. La existencia de un vasto plantel de estos profesionales es fundamental para el desarrollo de un pa\u00eds, por lo cual proponemos una v\u00eda para la retenci\u00f3n de los estudiantes dentro de las carreras de Ingenier\u00eda con el objetivo de aumentar el n\u00famero de graduados.\n\n<p>&nbsp;<\/p>\n\n<a class=\"btn btn-danger btn-sm\" href=\"https:\/\/www.nuevasgeneraciones.com.ar\/sitio\/wp-content\/uploads\/documentos3\/_archivo\/05\/201312%20Mas%20ingenieros%20para%20Argentina.pdf\" target=\"_blank\" rel=\"noopener\">Descargar<\/a>                        <\/div>\n\n                    <\/div>\n\n                <\/div><!-- .elementskit-card END -->\n\n                \n                <div class=\"elementskit-card \">\n                    <div class=\"elementskit-card-header\" id=\"primaryHeading-18-93b81a7\">\n                        <a href=\"#collapse-e00ef9669f1b75219a1e\" class=\"ekit-accordion--toggler elementskit-btn-link collapsed\" data-ekit-toggle=\"collapse\" data-target=\"#Collapse-e00ef9669f1b75219a1e\" aria-expanded=\"false\" aria-controls=\"Collapse-e00ef9669f1b75219a1e\">\n                            \n                            <span class=\"ekit-accordion-title\">Incentivos para mejorar la calidad en la educaci\u00f3n primaria y secundaria<\/span>\n\n                            \n                                <div class=\"ekit_accordion_icon_group\">\n                                    <div class=\"ekit_accordion_normal_icon\">\n                                        <!-- Normal Icon -->\n\t\t\t\t\t\t\t\t\t\t<i class=\"icon icon-plus\"><\/i>                                    <\/div>\n\n                                    <div class=\"ekit_accordion_active_icon\">\n                                        <!-- Active Icon -->\n\t\t\t\t\t\t\t\t\t\t<i class=\"icon icon-minus\"><\/i>                                    <\/div>\n                                <\/div>\n\n                            \n                                                    <\/a>\n                    <\/div>\n\n                    <div id=\"Collapse-e00ef9669f1b75219a1e\" class=\" collapse\" aria-labelledby=\"primaryHeading-18-93b81a7\" data-parent=\"#accordion-69f1b75219a1e\">\n\n                        <div class=\"elementskit-card-body ekit-accordion--content\">\n                            La educaci\u00f3n primaria y secundaria argentina, especialmente la que depende directamente del Estado, experimenta un deterioro que se acent\u00faa a\u00f1o tras a\u00f1o. El presente trabajo propone la implementaci\u00f3n de un conjunto de herramientas que mejoren los incentivos para lograr incrementar la calidad del sistema educativo en los niveles primario y secundario.\n\n<p>&nbsp;<\/p>\n\n<a class=\"btn btn-danger btn-sm\" href=\"https:\/\/www.nuevasgeneraciones.com.ar\/sitio\/wp-content\/uploads\/documentos3\/_archivo\/05\/05_mejorar_educacion_primaria_secundaria.pdf\" target=\"_blank\" rel=\"noopener\">Descargar<\/a>                        <\/div>\n\n                    <\/div>\n\n                <\/div><!-- .elementskit-card END -->\n\n                \n                <div class=\"elementskit-card \">\n                    <div class=\"elementskit-card-header\" id=\"primaryHeading-19-93b81a7\">\n                        <a href=\"#collapse-8b3492469f1b75219a1e\" class=\"ekit-accordion--toggler elementskit-btn-link collapsed\" data-ekit-toggle=\"collapse\" data-target=\"#Collapse-8b3492469f1b75219a1e\" aria-expanded=\"false\" aria-controls=\"Collapse-8b3492469f1b75219a1e\">\n                            \n                            <span class=\"ekit-accordion-title\">Homeschooling<\/span>\n\n                            \n                                <div class=\"ekit_accordion_icon_group\">\n                                    <div class=\"ekit_accordion_normal_icon\">\n                                        <!-- Normal Icon -->\n\t\t\t\t\t\t\t\t\t\t<i class=\"icon icon-plus\"><\/i>                                    <\/div>\n\n                                    <div class=\"ekit_accordion_active_icon\">\n                                        <!-- Active Icon -->\n\t\t\t\t\t\t\t\t\t\t<i class=\"icon icon-minus\"><\/i>                                    <\/div>\n                                <\/div>\n\n                            \n                                                    <\/a>\n                    <\/div>\n\n                    <div id=\"Collapse-8b3492469f1b75219a1e\" class=\" collapse\" aria-labelledby=\"primaryHeading-19-93b81a7\" data-parent=\"#accordion-69f1b75219a1e\">\n\n                        <div class=\"elementskit-card-body ekit-accordion--content\">\n                            Homeschooling: un nuevo m\u00e9todo de aprendizaje para una sociedad que evoluciona. La constituci\u00f3n Nacional consagra el derecho que todo habitante de la Naci\u00f3n tiene de ense\u00f1ar y aprender. Somos conscientes de que no existe una manera \u00fanica de hacerlo y que las modalidades de aprendizaje pueden variar y adaptarse de acuerdo a las aptitudes y preferencias del ciudadano. En el presente trabajo se propone la creaci\u00f3n de un marco normativo que contemple y facilite la posibilidad de que los contenidos de la curr\u00edcula educativa oficial puedan ser impartidos en el \u00e1mbito del hogar.\n\n<p>&nbsp;<\/p>\n\n<a class=\"btn btn-danger btn-sm\" href=\"https:\/\/www.nuevasgeneraciones.com.ar\/sitio\/wp-content\/uploads\/documentos3\/_archivo\/05\/201303%20Homeschooling.pdf\" target=\"_blank\" rel=\"noopener\">Descargar<\/a>                        <\/div>\n\n                    <\/div>\n\n                <\/div><!-- .elementskit-card END -->\n\n                \n                <div class=\"elementskit-card \">\n                    <div class=\"elementskit-card-header\" id=\"primaryHeading-20-93b81a7\">\n                        <a href=\"#collapse-2bfbd6069f1b75219a1e\" class=\"ekit-accordion--toggler elementskit-btn-link collapsed\" data-ekit-toggle=\"collapse\" data-target=\"#Collapse-2bfbd6069f1b75219a1e\" aria-expanded=\"false\" aria-controls=\"Collapse-2bfbd6069f1b75219a1e\">\n                            \n                            <span class=\"ekit-accordion-title\">Propuesta para la creaci\u00f3n de un programa de tutor\u00eda universitaria<\/span>\n\n                            \n                                <div class=\"ekit_accordion_icon_group\">\n                                    <div class=\"ekit_accordion_normal_icon\">\n                                        <!-- Normal Icon -->\n\t\t\t\t\t\t\t\t\t\t<i class=\"icon icon-plus\"><\/i>                                    <\/div>\n\n                                    <div class=\"ekit_accordion_active_icon\">\n                                        <!-- Active Icon -->\n\t\t\t\t\t\t\t\t\t\t<i class=\"icon icon-minus\"><\/i>                                    <\/div>\n                                <\/div>\n\n                            \n                                                    <\/a>\n                    <\/div>\n\n                    <div id=\"Collapse-2bfbd6069f1b75219a1e\" class=\" collapse\" aria-labelledby=\"primaryHeading-20-93b81a7\" data-parent=\"#accordion-69f1b75219a1e\">\n\n                        <div class=\"elementskit-card-body ekit-accordion--content\">\n                            El presente trabajo tiene como objetivo abordar la deserci\u00f3n universitaria, en la inteligencia de que constituye uno de los aspectos m\u00e1s importantes en la crisis educativa que, tanto la Argentina como otros pa\u00edses, actualmente experimentan. Para ello, nos hemos centrado en la creaci\u00f3n de la figura del tutor universitario, conectando la formaci\u00f3n universitaria, con la educaci\u00f3n secundaria y con el \u00e1mbito laboral correspondiente a la ciencia impartida.\n\n<p>&nbsp;<\/p>\n\n<a class=\"btn btn-danger btn-sm\" href=\"https:\/\/www.nuevasgeneraciones.com.ar\/sitio\/wp-content\/uploads\/documentos3\/_archivo\/05\/05_creacion_programa_universitaria.pdf\" target=\"_blank\" rel=\"noopener\">Descargar<\/a>                        <\/div>\n\n                    <\/div>\n\n                <\/div><!-- .elementskit-card END -->\n\n                \n                <div class=\"elementskit-card \">\n                    <div class=\"elementskit-card-header\" id=\"primaryHeading-21-93b81a7\">\n                        <a href=\"#collapse-9957e9069f1b75219a1e\" class=\"ekit-accordion--toggler elementskit-btn-link collapsed\" data-ekit-toggle=\"collapse\" data-target=\"#Collapse-9957e9069f1b75219a1e\" aria-expanded=\"false\" aria-controls=\"Collapse-9957e9069f1b75219a1e\">\n                            \n                            <span class=\"ekit-accordion-title\">Control de los volcanes en Argentina<\/span>\n\n                            \n                                <div class=\"ekit_accordion_icon_group\">\n                                    <div class=\"ekit_accordion_normal_icon\">\n                                        <!-- Normal Icon -->\n\t\t\t\t\t\t\t\t\t\t<i class=\"icon icon-plus\"><\/i>                                    <\/div>\n\n                                    <div class=\"ekit_accordion_active_icon\">\n                                        <!-- Active Icon -->\n\t\t\t\t\t\t\t\t\t\t<i class=\"icon icon-minus\"><\/i>                                    <\/div>\n                                <\/div>\n\n                            \n                                                    <\/a>\n                    <\/div>\n\n                    <div id=\"Collapse-9957e9069f1b75219a1e\" class=\" collapse\" aria-labelledby=\"primaryHeading-21-93b81a7\" data-parent=\"#accordion-69f1b75219a1e\">\n\n                        <div class=\"elementskit-card-body ekit-accordion--content\">\n                            En el presente trabajo se plantean los puntos b\u00e1sicos que nuestro pa\u00eds debe realizar en relaci\u00f3n a la actividad volc\u00e1nica a fin de crear un organismo multidisciplinario que entienda sobre la materia.\n\n<p>&nbsp;<\/p>\n\n<a class=\"btn btn-danger btn-sm\" href=\"https:\/\/www.nuevasgeneraciones.com.ar\/sitio\/wp-content\/uploads\/documentos3\/_archivo\/05\/2012s2%20Control%20de%20los%20volcanes%20en%20Argentina.pdf\" target=\"_blank\" rel=\"noopener\">Descargar<\/a>                        <\/div>\n\n                    <\/div>\n\n                <\/div><!-- .elementskit-card END -->\n\n                \n                <div class=\"elementskit-card \">\n                    <div class=\"elementskit-card-header\" id=\"primaryHeading-22-93b81a7\">\n                        <a href=\"#collapse-09c533e69f1b75219a1e\" class=\"ekit-accordion--toggler elementskit-btn-link collapsed\" data-ekit-toggle=\"collapse\" data-target=\"#Collapse-09c533e69f1b75219a1e\" aria-expanded=\"false\" aria-controls=\"Collapse-09c533e69f1b75219a1e\">\n                            \n                            <span class=\"ekit-accordion-title\">Programa de intercambio post-universitario del MERCOSUR<\/span>\n\n                            \n                                <div class=\"ekit_accordion_icon_group\">\n                                    <div class=\"ekit_accordion_normal_icon\">\n                                        <!-- Normal Icon -->\n\t\t\t\t\t\t\t\t\t\t<i class=\"icon icon-plus\"><\/i>                                    <\/div>\n\n                                    <div class=\"ekit_accordion_active_icon\">\n                                        <!-- Active Icon -->\n\t\t\t\t\t\t\t\t\t\t<i class=\"icon icon-minus\"><\/i>                                    <\/div>\n                                <\/div>\n\n                            \n                                                    <\/a>\n                    <\/div>\n\n                    <div id=\"Collapse-09c533e69f1b75219a1e\" class=\" collapse\" aria-labelledby=\"primaryHeading-22-93b81a7\" data-parent=\"#accordion-69f1b75219a1e\">\n\n                        <div class=\"elementskit-card-body ekit-accordion--content\">\n                            La integraci\u00f3n regional sudamericana, y especialmente el Mercosur, deben fortalecerse desde la educaci\u00f3n. Un programa de postgrado a nivel regional, podr\u00eda facilitar el intercambio intelectual y cultural de los pa\u00edses miembros, elevando la calidad profesional de sus participantes y al mismo tiempo haci\u00e9ndolo atractivo a los polos formativos m\u00e1s importantes del mundo, como son Europa y Norteam\u00e9rica. Herramientas existen, solo falta la voluntad pol\u00edtica de las naciones para ponerlo en marcha. Aqu\u00ed, algunas ideas para colaborar con el ensamblado del proyecto del Programa.\n\n<p>&nbsp;<\/p>\n\n<a class=\"btn btn-danger btn-sm\" href=\"https:\/\/www.nuevasgeneraciones.com.ar\/sitio\/wp-content\/uploads\/documentos3\/_archivo\/05\/2011s1%20Programa%20de%20intercambio%20post-universitario%20del%20MERCOSUR.pdf\" target=\"_blank\" rel=\"noopener\">Descargar<\/a>                        <\/div>\n\n                    <\/div>\n\n                <\/div><!-- .elementskit-card END -->\n\n                                        <\/div>\n    <\/div>\t\t\t\t<\/div>\n\t\t\t\t<\/div>\n\t\t\t\t\t<\/div>\n\t\t<\/div>\n\t\t\t\t<div class=\"elementor-column elementor-col-33 elementor-top-column elementor-element elementor-element-7a4d46b9\" data-id=\"7a4d46b9\" data-element_type=\"column\" data-e-type=\"column\">\n\t\t\t<div class=\"elementor-widget-wrap\">\n\t\t\t\t\t\t\t<\/div>\n\t\t<\/div>\n\t\t\t\t\t<\/div>\n\t\t<\/section>\n\t\t\t\t<section class=\"elementor-section elementor-top-section elementor-element elementor-element-6517adef elementor-section-boxed elementor-section-height-default elementor-section-height-default\" data-id=\"6517adef\" data-element_type=\"section\" data-e-type=\"section\">\n\t\t\t\t\t\t<div class=\"elementor-container elementor-column-gap-default\">\n\t\t\t\t\t<div class=\"elementor-column elementor-col-25 elementor-top-column elementor-element elementor-element-4d720df2\" data-id=\"4d720df2\" data-element_type=\"column\" data-e-type=\"column\">\n\t\t\t<div class=\"elementor-widget-wrap\">\n\t\t\t\t\t\t\t<\/div>\n\t\t<\/div>\n\t\t\t\t<div class=\"elementor-column elementor-col-50 elementor-top-column elementor-element elementor-element-7a8eba8c\" data-id=\"7a8eba8c\" data-element_type=\"column\" data-e-type=\"column\">\n\t\t\t<div class=\"elementor-widget-wrap\">\n\t\t\t\t\t\t\t<\/div>\n\t\t<\/div>\n\t\t\t\t<div class=\"elementor-column elementor-col-25 elementor-top-column elementor-element elementor-element-568f1ad3\" data-id=\"568f1ad3\" data-element_type=\"column\" data-e-type=\"column\">\n\t\t\t<div class=\"elementor-widget-wrap\">\n\t\t\t\t\t\t\t<\/div>\n\t\t<\/div>\n\t\t\t\t\t<\/div>\n\t\t<\/section>\n\t\t\t\t<section class=\"elementor-section elementor-top-section elementor-element elementor-element-43c9acc2 elementor-section-boxed elementor-section-height-default elementor-section-height-default\" data-id=\"43c9acc2\" data-element_type=\"section\" data-e-type=\"section\">\n\t\t\t\t\t\t<div class=\"elementor-container elementor-column-gap-default\">\n\t\t\t\t\t<div class=\"elementor-column elementor-col-100 elementor-top-column elementor-element elementor-element-7e442c7\" data-id=\"7e442c7\" data-element_type=\"column\" data-e-type=\"column\">\n\t\t\t<div class=\"elementor-widget-wrap elementor-element-populated\">\n\t\t\t\t\t\t<div class=\"elementor-element elementor-element-5defbc elementor-widget elementor-widget-spacer\" data-id=\"5defbc\" data-element_type=\"widget\" data-e-type=\"widget\" data-widget_type=\"spacer.default\">\n\t\t\t\t<div class=\"elementor-widget-container\">\n\t\t\t\t\t\t\t<div class=\"elementor-spacer\">\n\t\t\t<div class=\"elementor-spacer-inner\"><\/div>\n\t\t<\/div>\n\t\t\t\t\t\t<\/div>\n\t\t\t\t<\/div>\n\t\t\t\t\t<\/div>\n\t\t<\/div>\n\t\t\t\t\t<\/div>\n\t\t<\/section>\n\t\t\t\t<\/div>\n\t\t","protected":false},"excerpt":{"rendered":"<p>Educaci\u00f3n, cultura, ciencia y tecnolog\u00eda Educaci\u00f3n digital: Un nuevo escenario para el conocimiento Este trabajo estudia el impacto de las nuevas tecnolog\u00edas en la educaci\u00f3n y analiza la necesidad de implementar estrategias que promuevan su incorporaci\u00f3n responsable en los procesos de ense\u00f1anza-aprendizaje. De esta manera, se presentan propuestas de pol\u00edticas p\u00fablicas que permitan enriquecer los&hellip;&nbsp;<\/p>\n","protected":false},"author":1,"featured_media":0,"parent":0,"menu_order":0,"comment_status":"closed","ping_status":"closed","template":"page-templates\/template-pagebuilder-full-width.php","meta":{"neve_meta_sidebar":"","neve_meta_container":"","neve_meta_enable_content_width":"off","neve_meta_content_width":100,"neve_meta_title_alignment":"","neve_meta_author_avatar":"","neve_post_elements_order":"","neve_meta_disable_header":"","neve_meta_disable_footer":"","neve_meta_disable_title":"","footnotes":""},"class_list":["post-19853","page","type-page","status-publish","hentry"],"yoast_head":"<!-- This site is optimized with the Yoast SEO plugin v27.4 - https:\/\/yoast.com\/product\/yoast-seo-wordpress\/ -->\n<title>Educaci\u00f3n, cultura, ciencia y tecnolog\u00eda - Fundaci\u00f3n Nuevas Generaciones<\/title>\n<meta name=\"robots\" content=\"index, follow, max-snippet:-1, max-image-preview:large, max-video-preview:-1\" \/>\n<link rel=\"canonical\" href=\"https:\/\/nuevasgeneraciones.com.ar\/sitio\/educacion-cultura-ciencia-y-tecnologia\/\" \/>\n<meta property=\"og:locale\" content=\"es_ES\" \/>\n<meta property=\"og:type\" content=\"article\" \/>\n<meta property=\"og:title\" content=\"Educaci\u00f3n, cultura, ciencia y tecnolog\u00eda - Fundaci\u00f3n Nuevas Generaciones\" \/>\n<meta property=\"og:description\" content=\"Educaci\u00f3n, cultura, ciencia y tecnolog\u00eda Educaci\u00f3n digital: Un nuevo escenario para el conocimiento Este trabajo estudia el impacto de las nuevas tecnolog\u00edas en la educaci\u00f3n y analiza la necesidad de implementar estrategias que promuevan su incorporaci\u00f3n responsable en los procesos de ense\u00f1anza-aprendizaje. De esta manera, se presentan propuestas de pol\u00edticas p\u00fablicas que permitan enriquecer los&hellip;&nbsp;\" \/>\n<meta property=\"og:url\" content=\"https:\/\/nuevasgeneraciones.com.ar\/sitio\/educacion-cultura-ciencia-y-tecnologia\/\" \/>\n<meta property=\"og:site_name\" content=\"Fundaci\u00f3n Nuevas Generaciones\" \/>\n<meta property=\"article:modified_time\" content=\"2024-09-18T17:46:07+00:00\" \/>\n<meta name=\"twitter:card\" content=\"summary_large_image\" \/>\n<meta name=\"twitter:label1\" content=\"Tiempo de lectura\" \/>\n\t<meta name=\"twitter:data1\" content=\"8 minutos\" \/>\n<script type=\"application\/ld+json\" class=\"yoast-schema-graph\">{\"@context\":\"https:\\\/\\\/schema.org\",\"@graph\":[{\"@type\":\"WebPage\",\"@id\":\"https:\\\/\\\/nuevasgeneraciones.com.ar\\\/sitio\\\/educacion-cultura-ciencia-y-tecnologia\\\/\",\"url\":\"https:\\\/\\\/nuevasgeneraciones.com.ar\\\/sitio\\\/educacion-cultura-ciencia-y-tecnologia\\\/\",\"name\":\"Educaci\u00f3n, cultura, ciencia y tecnolog\u00eda - Fundaci\u00f3n Nuevas Generaciones\",\"isPartOf\":{\"@id\":\"https:\\\/\\\/nuevasgeneraciones.com.ar\\\/sitio\\\/#website\"},\"datePublished\":\"2024-07-11T22:32:43+00:00\",\"dateModified\":\"2024-09-18T17:46:07+00:00\",\"breadcrumb\":{\"@id\":\"https:\\\/\\\/nuevasgeneraciones.com.ar\\\/sitio\\\/educacion-cultura-ciencia-y-tecnologia\\\/#breadcrumb\"},\"inLanguage\":\"es-AR\",\"potentialAction\":[{\"@type\":\"ReadAction\",\"target\":[\"https:\\\/\\\/nuevasgeneraciones.com.ar\\\/sitio\\\/educacion-cultura-ciencia-y-tecnologia\\\/\"]}]},{\"@type\":\"BreadcrumbList\",\"@id\":\"https:\\\/\\\/nuevasgeneraciones.com.ar\\\/sitio\\\/educacion-cultura-ciencia-y-tecnologia\\\/#breadcrumb\",\"itemListElement\":[{\"@type\":\"ListItem\",\"position\":1,\"name\":\"Inicio\",\"item\":\"https:\\\/\\\/nuevasgeneraciones.com.ar\\\/sitio\\\/\"},{\"@type\":\"ListItem\",\"position\":2,\"name\":\"Educaci\u00f3n, cultura, ciencia y tecnolog\u00eda\"}]},{\"@type\":\"WebSite\",\"@id\":\"https:\\\/\\\/nuevasgeneraciones.com.ar\\\/sitio\\\/#website\",\"url\":\"https:\\\/\\\/nuevasgeneraciones.com.ar\\\/sitio\\\/\",\"name\":\"Fundaci\u00f3n Nuevas Generaciones\",\"description\":\"\",\"publisher\":{\"@id\":\"https:\\\/\\\/nuevasgeneraciones.com.ar\\\/sitio\\\/#organization\"},\"potentialAction\":[{\"@type\":\"SearchAction\",\"target\":{\"@type\":\"EntryPoint\",\"urlTemplate\":\"https:\\\/\\\/nuevasgeneraciones.com.ar\\\/sitio\\\/?s={search_term_string}\"},\"query-input\":{\"@type\":\"PropertyValueSpecification\",\"valueRequired\":true,\"valueName\":\"search_term_string\"}}],\"inLanguage\":\"es-AR\"},{\"@type\":\"Organization\",\"@id\":\"https:\\\/\\\/nuevasgeneraciones.com.ar\\\/sitio\\\/#organization\",\"name\":\"Fundaci\u00f3n Nuevas Generaciones\",\"url\":\"https:\\\/\\\/nuevasgeneraciones.com.ar\\\/sitio\\\/\",\"logo\":{\"@type\":\"ImageObject\",\"inLanguage\":\"es-AR\",\"@id\":\"https:\\\/\\\/nuevasgeneraciones.com.ar\\\/sitio\\\/#\\\/schema\\\/logo\\\/image\\\/\",\"url\":\"https:\\\/\\\/nuevasgeneraciones.com.ar\\\/sitio\\\/wp-content\\\/uploads\\\/2023\\\/06\\\/logo-01.png\",\"contentUrl\":\"https:\\\/\\\/nuevasgeneraciones.com.ar\\\/sitio\\\/wp-content\\\/uploads\\\/2023\\\/06\\\/logo-01.png\",\"width\":593,\"height\":77,\"caption\":\"Fundaci\u00f3n Nuevas Generaciones\"},\"image\":{\"@id\":\"https:\\\/\\\/nuevasgeneraciones.com.ar\\\/sitio\\\/#\\\/schema\\\/logo\\\/image\\\/\"}}]}<\/script>\n<!-- \/ Yoast SEO plugin. -->","yoast_head_json":{"title":"Educaci\u00f3n, cultura, ciencia y tecnolog\u00eda - Fundaci\u00f3n Nuevas Generaciones","robots":{"index":"index","follow":"follow","max-snippet":"max-snippet:-1","max-image-preview":"max-image-preview:large","max-video-preview":"max-video-preview:-1"},"canonical":"https:\/\/nuevasgeneraciones.com.ar\/sitio\/educacion-cultura-ciencia-y-tecnologia\/","og_locale":"es_ES","og_type":"article","og_title":"Educaci\u00f3n, cultura, ciencia y tecnolog\u00eda - Fundaci\u00f3n Nuevas Generaciones","og_description":"Educaci\u00f3n, cultura, ciencia y tecnolog\u00eda Educaci\u00f3n digital: Un nuevo escenario para el conocimiento Este trabajo estudia el impacto de las nuevas tecnolog\u00edas en la educaci\u00f3n y analiza la necesidad de implementar estrategias que promuevan su incorporaci\u00f3n responsable en los procesos de ense\u00f1anza-aprendizaje. De esta manera, se presentan propuestas de pol\u00edticas p\u00fablicas que permitan enriquecer los&hellip;&nbsp;","og_url":"https:\/\/nuevasgeneraciones.com.ar\/sitio\/educacion-cultura-ciencia-y-tecnologia\/","og_site_name":"Fundaci\u00f3n Nuevas Generaciones","article_modified_time":"2024-09-18T17:46:07+00:00","twitter_card":"summary_large_image","twitter_misc":{"Tiempo de lectura":"8 minutos"},"schema":{"@context":"https:\/\/schema.org","@graph":[{"@type":"WebPage","@id":"https:\/\/nuevasgeneraciones.com.ar\/sitio\/educacion-cultura-ciencia-y-tecnologia\/","url":"https:\/\/nuevasgeneraciones.com.ar\/sitio\/educacion-cultura-ciencia-y-tecnologia\/","name":"Educaci\u00f3n, cultura, ciencia y tecnolog\u00eda - Fundaci\u00f3n Nuevas Generaciones","isPartOf":{"@id":"https:\/\/nuevasgeneraciones.com.ar\/sitio\/#website"},"datePublished":"2024-07-11T22:32:43+00:00","dateModified":"2024-09-18T17:46:07+00:00","breadcrumb":{"@id":"https:\/\/nuevasgeneraciones.com.ar\/sitio\/educacion-cultura-ciencia-y-tecnologia\/#breadcrumb"},"inLanguage":"es-AR","potentialAction":[{"@type":"ReadAction","target":["https:\/\/nuevasgeneraciones.com.ar\/sitio\/educacion-cultura-ciencia-y-tecnologia\/"]}]},{"@type":"BreadcrumbList","@id":"https:\/\/nuevasgeneraciones.com.ar\/sitio\/educacion-cultura-ciencia-y-tecnologia\/#breadcrumb","itemListElement":[{"@type":"ListItem","position":1,"name":"Inicio","item":"https:\/\/nuevasgeneraciones.com.ar\/sitio\/"},{"@type":"ListItem","position":2,"name":"Educaci\u00f3n, cultura, ciencia y tecnolog\u00eda"}]},{"@type":"WebSite","@id":"https:\/\/nuevasgeneraciones.com.ar\/sitio\/#website","url":"https:\/\/nuevasgeneraciones.com.ar\/sitio\/","name":"Fundaci\u00f3n Nuevas Generaciones","description":"","publisher":{"@id":"https:\/\/nuevasgeneraciones.com.ar\/sitio\/#organization"},"potentialAction":[{"@type":"SearchAction","target":{"@type":"EntryPoint","urlTemplate":"https:\/\/nuevasgeneraciones.com.ar\/sitio\/?s={search_term_string}"},"query-input":{"@type":"PropertyValueSpecification","valueRequired":true,"valueName":"search_term_string"}}],"inLanguage":"es-AR"},{"@type":"Organization","@id":"https:\/\/nuevasgeneraciones.com.ar\/sitio\/#organization","name":"Fundaci\u00f3n Nuevas Generaciones","url":"https:\/\/nuevasgeneraciones.com.ar\/sitio\/","logo":{"@type":"ImageObject","inLanguage":"es-AR","@id":"https:\/\/nuevasgeneraciones.com.ar\/sitio\/#\/schema\/logo\/image\/","url":"https:\/\/nuevasgeneraciones.com.ar\/sitio\/wp-content\/uploads\/2023\/06\/logo-01.png","contentUrl":"https:\/\/nuevasgeneraciones.com.ar\/sitio\/wp-content\/uploads\/2023\/06\/logo-01.png","width":593,"height":77,"caption":"Fundaci\u00f3n Nuevas Generaciones"},"image":{"@id":"https:\/\/nuevasgeneraciones.com.ar\/sitio\/#\/schema\/logo\/image\/"}}]}},"_links":{"self":[{"href":"https:\/\/nuevasgeneraciones.com.ar\/sitio\/wp-json\/wp\/v2\/pages\/19853","targetHints":{"allow":["GET"]}}],"collection":[{"href":"https:\/\/nuevasgeneraciones.com.ar\/sitio\/wp-json\/wp\/v2\/pages"}],"about":[{"href":"https:\/\/nuevasgeneraciones.com.ar\/sitio\/wp-json\/wp\/v2\/types\/page"}],"author":[{"embeddable":true,"href":"https:\/\/nuevasgeneraciones.com.ar\/sitio\/wp-json\/wp\/v2\/users\/1"}],"replies":[{"embeddable":true,"href":"https:\/\/nuevasgeneraciones.com.ar\/sitio\/wp-json\/wp\/v2\/comments?post=19853"}],"version-history":[{"count":103,"href":"https:\/\/nuevasgeneraciones.com.ar\/sitio\/wp-json\/wp\/v2\/pages\/19853\/revisions"}],"predecessor-version":[{"id":20105,"href":"https:\/\/nuevasgeneraciones.com.ar\/sitio\/wp-json\/wp\/v2\/pages\/19853\/revisions\/20105"}],"wp:attachment":[{"href":"https:\/\/nuevasgeneraciones.com.ar\/sitio\/wp-json\/wp\/v2\/media?parent=19853"}],"curies":[{"name":"wp","href":"https:\/\/api.w.org\/{rel}","templated":true}]}}