{"id":17879,"date":"2023-06-27T18:45:20","date_gmt":"2023-06-27T18:45:20","guid":{"rendered":"https:\/\/nuevasgeneraciones.com.ar\/sitio\/?page_id=17879"},"modified":"2023-07-05T17:25:07","modified_gmt":"2023-07-05T17:25:07","slug":"listado-ex-becarios","status":"publish","type":"page","link":"https:\/\/nuevasgeneraciones.com.ar\/sitio\/listado-ex-becarios\/","title":{"rendered":"Listado-ex-Becarios"},"content":{"rendered":"\t\t<div data-elementor-type=\"wp-page\" data-elementor-id=\"17879\" class=\"elementor elementor-17879\" data-elementor-post-type=\"page\">\n\t\t\t\t\t\t<section class=\"elementor-section elementor-top-section elementor-element elementor-element-7234adb5 elementor-section-full_width elementor-section-height-default elementor-section-height-default\" data-id=\"7234adb5\" data-element_type=\"section\" data-e-type=\"section\" data-settings=\"{&quot;background_background&quot;:&quot;classic&quot;}\">\n\t\t\t\t\t\t<div class=\"elementor-container elementor-column-gap-default\">\n\t\t\t\t\t<div class=\"elementor-column elementor-col-33 elementor-top-column elementor-element elementor-element-6d2150f9\" data-id=\"6d2150f9\" data-element_type=\"column\" data-e-type=\"column\">\n\t\t\t<div class=\"elementor-widget-wrap\">\n\t\t\t\t\t\t\t<\/div>\n\t\t<\/div>\n\t\t\t\t<div class=\"elementor-column elementor-col-33 elementor-top-column elementor-element elementor-element-598bad6\" data-id=\"598bad6\" data-element_type=\"column\" data-e-type=\"column\">\n\t\t\t<div class=\"elementor-widget-wrap elementor-element-populated\">\n\t\t\t\t\t\t<div class=\"elementor-element elementor-element-7fa15f63 elementor-widget elementor-widget-text-editor\" data-id=\"7fa15f63\" data-element_type=\"widget\" data-e-type=\"widget\" data-widget_type=\"text-editor.default\">\n\t\t\t\t<div class=\"elementor-widget-container\">\n\t\t\t\t\t\t\t\t\t<h1>Listado ex Becarios<\/h1>\t\t\t\t\t\t\t\t<\/div>\n\t\t\t\t<\/div>\n\t\t\t\t\t<\/div>\n\t\t<\/div>\n\t\t\t\t<div class=\"elementor-column elementor-col-33 elementor-top-column elementor-element elementor-element-6edf20cd\" data-id=\"6edf20cd\" data-element_type=\"column\" data-e-type=\"column\">\n\t\t\t<div class=\"elementor-widget-wrap\">\n\t\t\t\t\t\t\t<\/div>\n\t\t<\/div>\n\t\t\t\t\t<\/div>\n\t\t<\/section>\n\t\t\t\t<section class=\"elementor-section elementor-top-section elementor-element elementor-element-34d67ab elementor-section-full_width elementor-section-height-default elementor-section-height-default\" data-id=\"34d67ab\" data-element_type=\"section\" data-e-type=\"section\">\n\t\t\t\t\t\t<div class=\"elementor-container elementor-column-gap-default\">\n\t\t\t\t\t<div class=\"elementor-column elementor-col-100 elementor-top-column elementor-element elementor-element-32b79ab elementor-hidden-mobile\" data-id=\"32b79ab\" data-element_type=\"column\" data-e-type=\"column\" data-settings=\"{&quot;background_background&quot;:&quot;classic&quot;}\">\n\t\t\t<div class=\"elementor-widget-wrap elementor-element-populated\">\n\t\t\t\t\t\t<div class=\"elementor-element elementor-element-ed2a685 elementor-widget elementor-widget-spacer\" data-id=\"ed2a685\" data-element_type=\"widget\" data-e-type=\"widget\" data-widget_type=\"spacer.default\">\n\t\t\t\t<div class=\"elementor-widget-container\">\n\t\t\t\t\t\t\t<div class=\"elementor-spacer\">\n\t\t\t<div class=\"elementor-spacer-inner\"><\/div>\n\t\t<\/div>\n\t\t\t\t\t\t<\/div>\n\t\t\t\t<\/div>\n\t\t\t\t\t<\/div>\n\t\t<\/div>\n\t\t\t\t\t<\/div>\n\t\t<\/section>\n\t\t\t\t<section class=\"elementor-section elementor-top-section elementor-element elementor-element-73ee136e elementor-section-full_width elementor-section-height-default elementor-section-height-default\" data-id=\"73ee136e\" data-element_type=\"section\" data-e-type=\"section\">\n\t\t\t\t\t\t<div class=\"elementor-container elementor-column-gap-default\">\n\t\t\t\t\t<div class=\"elementor-column elementor-col-33 elementor-top-column elementor-element elementor-element-40817767\" data-id=\"40817767\" data-element_type=\"column\" data-e-type=\"column\">\n\t\t\t<div class=\"elementor-widget-wrap\">\n\t\t\t\t\t\t\t<\/div>\n\t\t<\/div>\n\t\t\t\t<div class=\"elementor-column elementor-col-33 elementor-top-column elementor-element elementor-element-1154cea6\" data-id=\"1154cea6\" data-element_type=\"column\" data-e-type=\"column\">\n\t\t\t<div class=\"elementor-widget-wrap elementor-element-populated\">\n\t\t\t\t\t\t<div class=\"elementor-element elementor-element-4323f0ac elementor-widget elementor-widget-text-editor\" data-id=\"4323f0ac\" data-element_type=\"widget\" data-e-type=\"widget\" data-widget_type=\"text-editor.default\">\n\t\t\t\t<div class=\"elementor-widget-container\">\n\t\t\t\t\t\t\t\t\t<p>Son ex becarios de la Fundaci\u00f3n Nuevas Generaciones, por haber participado en sus programas, las siguientes personas:<\/p>\t\t\t\t\t\t\t\t<\/div>\n\t\t\t\t<\/div>\n\t\t\t\t\t<\/div>\n\t\t<\/div>\n\t\t\t\t<div class=\"elementor-column elementor-col-33 elementor-top-column elementor-element elementor-element-30a54470\" data-id=\"30a54470\" data-element_type=\"column\" data-e-type=\"column\">\n\t\t\t<div class=\"elementor-widget-wrap\">\n\t\t\t\t\t\t\t<\/div>\n\t\t<\/div>\n\t\t\t\t\t<\/div>\n\t\t<\/section>\n\t\t\t\t<section class=\"elementor-section elementor-top-section elementor-element elementor-element-341c9da9 elementor-section-boxed elementor-section-height-default elementor-section-height-default\" data-id=\"341c9da9\" data-element_type=\"section\" data-e-type=\"section\">\n\t\t\t\t\t\t<div class=\"elementor-container elementor-column-gap-default\">\n\t\t\t\t\t<div class=\"elementor-column elementor-col-33 elementor-top-column elementor-element elementor-element-7b81f21\" data-id=\"7b81f21\" data-element_type=\"column\" data-e-type=\"column\">\n\t\t\t<div class=\"elementor-widget-wrap\">\n\t\t\t\t\t\t\t<\/div>\n\t\t<\/div>\n\t\t\t\t<div class=\"elementor-column elementor-col-33 elementor-top-column elementor-element elementor-element-492c832d\" data-id=\"492c832d\" data-element_type=\"column\" data-e-type=\"column\">\n\t\t\t<div class=\"elementor-widget-wrap elementor-element-populated\">\n\t\t\t\t\t\t<div class=\"elementor-element elementor-element-724c28ac elementor-widget elementor-widget-text-editor\" data-id=\"724c28ac\" data-element_type=\"widget\" data-e-type=\"widget\" data-widget_type=\"text-editor.default\">\n\t\t\t\t<div class=\"elementor-widget-container\">\n\t\t\t\t\t\t\t\t\t<table class=\"table table-striped\">\n<thead>\n<tr>\n<th scope=\"col\" bgcolor=\"#F0F0F0\"><strong>Apellido<\/strong><\/th>\n<th scope=\"col\" bgcolor=\"#F0F0F0\"><strong>Nombre<\/strong><\/th>\n<th scope=\"col\" bgcolor=\"#F0F0F0\"><strong>Programa en el cual particip\u00f3<\/strong><\/th>\n<\/tr>\n<\/thead>\n<tbody>\n<tr>\n<td><strong>Abella<\/strong><\/td>\n<td>Manuel<\/td>\n<td>Programa de Formaci\u00f3n de J\u00f3venes Dirigentes Pol\u00edticos 2012, Programa de Generaci\u00f3n Intermedia 2015<\/td>\n<\/tr>\n<tr>\n<td><strong>Abdala<\/strong><\/td>\n<td>Bartolom\u00e9<\/td>\n<td>VII Encuentro de Parlamentarios de la Uni\u00f3n de Partidos Latinoamericanos (UPLA)<\/td>\n<\/tr>\n<tr>\n<td><strong>Abdala<\/strong><\/td>\n<td>Maria Pilar<\/td>\n<td>Programa de Formaci\u00f3n de J\u00f3venes Dirigentes Pol\u00edticos 2018<\/td>\n<\/tr>\n<tr>\n<td><strong>Acevedo<\/strong><\/td>\n<td>Jes\u00fas<\/td>\n<td>Programa de Intercambio de J\u00f3venes L\u00edderes Pol\u00edticos Argentina-Chile 2009<\/td>\n<\/tr>\n<tr>\n<td><strong>Acosta<\/strong><\/td>\n<td>Rosario Ayelen<\/td>\n<td>Programa Formaci\u00f3n de J\u00f3venes Dirigentes 2015<\/td>\n<\/tr>\n<tr>\n<td><strong>Acuipil<\/strong><\/td>\n<td>Macarena Ayelen<\/td>\n<td>Trabajos de Invierno con la Uni\u00f3n Democr\u00e1tica Independiente de Chile 2013 y Trabajos de Invierno en Jujuy 2014<\/td>\n<\/tr>\n<tr>\n<td><strong>Affranchino<\/strong><\/td>\n<td>Clara<\/td>\n<td>Programa de Formaci\u00f3n de J\u00f3venes Dirigentes Pol\u00edticos 2018<\/td>\n<\/tr>\n<tr>\n<td><strong>Aguado<\/strong><\/td>\n<td>Jorge<\/td>\n<td>Programa de Generaci\u00f3n Intermedia 2012 &#8211; 2015<\/td>\n<\/tr>\n<tr>\n<td><strong>Aguinaga<\/strong><\/td>\n<td>Carlos Alfredo<\/td>\n<td>Seminario sobre Campa\u00f1as Electorales UPLA en Rep\u00fablica Dominicana 2012 y Programa de Generaci\u00f3n Intermedia 2012 \u2013 2015<\/td>\n<\/tr>\n<tr>\n<td><strong>Alberti<\/strong><\/td>\n<td>Mat\u00edas Juli\u00e1n<\/td>\n<td>Programa Formaci\u00f3n de J\u00f3venes Dirigentes Pol\u00edticos 2015<\/td>\n<\/tr>\n<tr>\n<td><strong>Alonso<\/strong><\/td>\n<td>Laura<\/td>\n<td>IX Seminario para Mujeres Legisladoras UPLA 2010<\/td>\n<\/tr>\n<tr>\n<td><strong>Alterini<\/strong><\/td>\n<td>Juan Mart\u00edn<\/td>\n<td>Programa de Generaci\u00f3n Intermedia 2011<\/td>\n<\/tr>\n<tr>\n<td><strong>Alvarez<\/strong><\/td>\n<td>Gast\u00f3n Manuel<\/td>\n<td>Programa de Intercambio de J\u00f3venes L\u00edderes Pol\u00edticos Argentina-Chile 2012<\/td>\n<\/tr>\n<tr>\n<td><strong>Andireu<\/strong><\/td>\n<td>Pablo<\/td>\n<td>Programa de Formaci\u00f3n de J\u00f3venes Dirigentes Pol\u00edticos 2018<\/td>\n<\/tr>\n<tr>\n<td><strong>Arabia<\/strong><\/td>\n<td>Dami\u00e1n Eduardo<\/td>\n<td>Programa de Intercambio de J\u00f3venes L\u00edderes Pol\u00edticos Argentina-Bolivia 2011<\/td>\n<\/tr>\n<tr>\n<td><strong>Arata<\/strong><\/td>\n<td>Valeria<\/td>\n<td>Programa de Generaci\u00f3n Intermedia 2015<\/td>\n<\/tr>\n<tr>\n<td><strong>Aramburu<\/strong><\/td>\n<td>Josela In\u00e9s<\/td>\n<td>Programa Formaci\u00f3n de J\u00f3venes Dirigentes Pol\u00edticos 2017<\/td>\n<\/tr>\n<tr>\n<td><strong>Aras<\/strong><\/td>\n<td>Francisco Ignacio<\/td>\n<td>Programa Formaci\u00f3n de J\u00f3venes Dirigentes Pol\u00edticos 2017<\/td>\n<\/tr>\n<tr>\n<td><strong>Arcando<\/strong><\/td>\n<td>Cesira<\/td>\n<td>Programa de Generaci\u00f3n Intermedia 2015<\/td>\n<\/tr>\n<tr>\n<td><strong>Arias<\/strong><\/td>\n<td>Florencia<\/td>\n<td>Programa de Formaci\u00f3n de J\u00f3venes Dirigentes Pol\u00edticos y Programa de Generaci\u00f3n Intermedia.<\/td>\n<\/tr>\n<tr>\n<td><strong>Atanasof<\/strong><\/td>\n<td>Gonzalo<\/td>\n<td>Programa de Generaci\u00f3n Intermedia 2011 y 2012<\/td>\n<\/tr>\n<tr>\n<td><strong>Ayala <\/strong><\/td>\n<td>Valeria<\/td>\n<td>Programa de Formaci\u00f3n de J\u00f3venes Dirigentes Pol\u00edticos 2018<\/td>\n<\/tr>\n<tr>\n<td><strong>Babich<\/strong><\/td>\n<td>Ver\u00f3nica<\/td>\n<td>Campus Internacional de J\u00f3venes UPLA en Buenos Aires 2010<\/td>\n<\/tr>\n<tr>\n<td><strong>Bacigalupo<\/strong><\/td>\n<td>Lila<\/td>\n<td>Programa de Intercambio de J\u00f3venes L\u00edderes Pol\u00edticos Argentina-Chile 2011<\/td>\n<\/tr>\n<tr>\n<td><strong>Bagnat<\/strong><\/td>\n<td>Gast\u00f3n<\/td>\n<td>Programa de Generaci\u00f3n Intermedia 2015<\/td>\n<\/tr>\n<tr>\n<td><strong>Ballejos <\/strong><\/td>\n<td>Franco<\/td>\n<td>Programa de Formaci\u00f3n de J\u00f3venes Dirigentes Pol\u00edticos 2018<\/td>\n<\/tr>\n<tr>\n<td><strong>Ballejos<\/strong><\/td>\n<td>Nancy<\/td>\n<td>Programa de Intercambio de J\u00f3venes L\u00edderes Pol\u00edticos Argentina-Chile 2018<\/td>\n<\/tr>\n<tr>\n<td><strong>Beccar Varela<\/strong><\/td>\n<td>Ram\u00f3n<\/td>\n<td>XVI Aniversario de la UPLA en Santiago de Chile octubre 2008<\/td>\n<\/tr>\n<tr>\n<td><strong>Beccalluva<\/strong><\/td>\n<td>Oscar Maurizio<\/td>\n<td>Programa Formaci\u00f3n de J\u00f3venes Dirigentes Pol\u00edticos 2017<\/td>\n<\/tr>\n<tr>\n<td><strong>Bellante<\/strong><\/td>\n<td>Leonardo<\/td>\n<td>Campus Internacional de J\u00f3venes UPLA en Buenos Aires 2010<\/td>\n<\/tr>\n<tr>\n<td><strong>Bellati<\/strong><\/td>\n<td>Ofelia<\/td>\n<td>Programa de Formaci\u00f3n de J\u00f3venes Dirigentes Pol\u00edticos 2011<\/td>\n<\/tr>\n<tr>\n<td><strong>Bellocchio<\/strong><\/td>\n<td>Juan Diego<\/td>\n<td>Programa de Intercambio de J\u00f3venes L\u00edderes Pol\u00edticos Argentina-Chile 2009<\/td>\n<\/tr>\n<tr>\n<td><strong>Bellone<\/strong><\/td>\n<td>Julieta<\/td>\n<td>Campus Internacional de J\u00f3venes UPLA en Buenos Aires 2010<\/td>\n<\/tr>\n<tr>\n<td><strong>Beltrami<\/strong><\/td>\n<td>Mar\u00eda Candelaria<\/td>\n<td>Programa de Formaci\u00f3n de J\u00f3venes Dirigentes Pol\u00edticos 2012<\/td>\n<\/tr>\n<tr>\n<td><strong>Bensusan<\/strong><\/td>\n<td>Juan Manuel<\/td>\n<td>Campus Internacional de J\u00f3venes UPLA en Buenos Aires 2010 y Programa de Intercambio de J\u00f3venes L\u00edderes Pol\u00edticos Argentina-Chile 2011<\/td>\n<\/tr>\n<tr>\n<td><strong>Benavidez<\/strong><\/td>\n<td>Gast\u00f3n<\/td>\n<td>Programa de Intercambio de J\u00f3venes L\u00edderes Pol\u00edticos Argentina-Chile 2017<\/td>\n<\/tr>\n<tr>\n<td><strong>Blanco<\/strong><\/td>\n<td>Agapito<\/td>\n<td>Programa de Generaci\u00f3n Intermedia 2014<\/td>\n<\/tr>\n<tr>\n<td><strong>Blanco<\/strong><\/td>\n<td>Samanta Elena<\/td>\n<td>Programa de Formaci\u00f3n de J\u00f3venes Dirigentes Pol\u00edticos 2017<\/td>\n<\/tr>\n<tr>\n<td><strong>Bobbio<\/strong><\/td>\n<td>Ayel\u00e9n<\/td>\n<td>Programa de Formaci\u00f3n de J\u00f3venes Dirigentes Pol\u00edticos 2016<\/td>\n<\/tr>\n<tr>\n<td><strong>Bocco<\/strong><\/td>\n<td>Carlos<\/td>\n<td>Programa de Intercambio de J\u00f3venes L\u00edderes Pol\u00edticos Argentina-Chile 2018<\/td>\n<\/tr>\n<tr>\n<td><strong>Bolino<\/strong><\/td>\n<td>Pablo<\/td>\n<td>Programa de Formaci\u00f3n de J\u00f3venes Dirigentes Pol\u00edticos 2014<\/td>\n<\/tr>\n<tr>\n<td><strong>Bonelli<\/strong><\/td>\n<td>Lisandro<\/td>\n<td>Programa de Generaci\u00f3n Intermedia 2015<\/td>\n<\/tr>\n<tr>\n<td><strong>Bonicalzi Olgiati<\/strong><\/td>\n<td>Mar\u00eda Agustina<\/td>\n<td>Programa de Formaci\u00f3n de J\u00f3venes Dirigentes Pol\u00edticos 2012<\/td>\n<\/tr>\n<tr>\n<td><strong>Bontempo\u00a0<\/strong><\/td>\n<td>Leticia In\u00e9s<\/td>\n<td>Programa de Formaci\u00f3n de J\u00f3venes Dirigentes Pol\u00edticos 2014<\/td>\n<\/tr>\n<tr>\n<td><strong>Bottaro<\/strong><\/td>\n<td>Joaqu\u00edn<\/td>\n<td>Programa de Formaci\u00f3n de J\u00f3venes Dirigentes Pol\u00edticos 2016<\/td>\n<\/tr>\n<tr>\n<td><strong>Braslovsky<\/strong><\/td>\n<td>Nicol\u00e1s<\/td>\n<td>Programa de Formaci\u00f3n de J\u00f3venes Dirigentes Pol\u00edticos 2013<\/td>\n<\/tr>\n<tr>\n<td><strong>Braun<\/strong><\/td>\n<td>Miguel<\/td>\n<td>Programa de Generaci\u00f3n Intermedia 2011 y 2012<\/td>\n<\/tr>\n<tr>\n<td><strong>Brest<\/strong><\/td>\n<td>Sebastian<\/td>\n<td>Programa de Intercambio de J\u00f3venes L\u00edderes Pol\u00edticos Argentina-Chile 2014<\/td>\n<\/tr>\n<tr>\n<td><strong>Bustelo<\/strong><\/td>\n<td>Florencia<\/td>\n<td>Programa de Intercambio de J\u00f3venes L\u00edderes Pol\u00edticos Argentina-Chile 2014<\/td>\n<\/tr>\n<tr>\n<td><strong>Caceres<\/strong><\/td>\n<td>Eduardo<\/td>\n<td>Programa de Generaci\u00f3n Intermedia 2011 y 2012<\/td>\n<\/tr>\n<tr>\n<td><strong>Caceres<\/strong><\/td>\n<td>Adriana<\/td>\n<td>Programa de Intercambio de J\u00f3venes L\u00edderes Pol\u00edticos Argentina-Bolivia 2012<\/td>\n<\/tr>\n<tr>\n<td><strong>Campbell<\/strong><\/td>\n<td>Alexander Malcolm<\/td>\n<td>Programa de Intercambio de J\u00f3venes L\u00edderes Pol\u00edticos Argentina-Bolivia 2011<\/td>\n<\/tr>\n<tr>\n<td><strong>Campos Arbulu<\/strong><\/td>\n<td>Juan Pablo<\/td>\n<td>Programa de Formaci\u00f3n de J\u00f3venes Dirigentes Pol\u00edticos 2011<\/td>\n<\/tr>\n<tr>\n<td><strong>Camps<\/strong><\/td>\n<td>Ricardo<\/td>\n<td>Campus Internacional de J\u00f3venes UPLA en Buenos Aires 2010<\/td>\n<\/tr>\n<tr>\n<td><strong>Canavesi Sosa<\/strong><\/td>\n<td>Juan Bautista<\/td>\n<td>Programa de Formaci\u00f3n de J\u00f3venes Dirigente Pol\u00edticos 2015<\/td>\n<\/tr>\n<tr>\n<td><strong>C\u00e1nepa<\/strong><\/td>\n<td>Andr\u00e9s<\/td>\n<td>Programa de Generaci\u00f3n Intermedia 2014 &#8211; Programa de Formaci\u00f3n de J\u00f3venes Dirigentes Pol\u00edticos<\/td>\n<\/tr>\n<tr>\n<td><strong>Cantera<\/strong><\/td>\n<td>Mart\u00edn<\/td>\n<td>Programa de Intercambio de J\u00f3venes L\u00edderes Pol\u00edticos Argentina-Chile 2018<\/td>\n<\/tr>\n<tr>\n<td><strong>Capece<\/strong><\/td>\n<td>Jimena Bel\u00e9n<\/td>\n<td>Programa de Formaci\u00f3n de J\u00f3venes Dirigentes Pol\u00edticos 2012 y Programa de Intercambio Legislativo Argentina-Chile 2013<\/td>\n<\/tr>\n<tr>\n<td><strong>Carril<\/strong><\/td>\n<td>Agustina<\/td>\n<td>Programa de Generaci\u00f3n Intermedia 2014<\/td>\n<\/tr>\n<tr>\n<td><strong>Casaux Alsina<\/strong><\/td>\n<td>Florencia<\/td>\n<td>Programa de Formaci\u00f3n de J\u00f3venes Dirigentes Pol\u00edticos 2012<\/td>\n<\/tr>\n<tr>\n<td><strong>Caucino<\/strong><\/td>\n<td>Mariano<\/td>\n<td>Programa de Generaci\u00f3n Intermedia 2011 y 2012<\/td>\n<\/tr>\n<tr>\n<td><strong>Caira\u00a0<\/strong><\/td>\n<td>Yanina<\/td>\n<td>Programa de Intercambio de J\u00f3venes L\u00edderes Pol\u00edticos Argentina-Chile 2015<\/td>\n<\/tr>\n<tr>\n<td><strong>C\u00e9sar<\/strong><\/td>\n<td>Mart\u00edn Tom\u00e1s<\/td>\n<td>Programa de Intercambio de J\u00f3venes L\u00edderes Pol\u00edticos Argentina-Chile 2017<\/td>\n<\/tr>\n<tr>\n<td><strong>Charpentier<\/strong><\/td>\n<td>Florencia<\/td>\n<td>Programa de Intercambio de J\u00f3venes L\u00edderes Pol\u00edticos Argentina-Chile 2018<\/td>\n<\/tr>\n<tr>\n<td><strong>Chidini<\/strong><\/td>\n<td>Facundo<\/td>\n<td>Programa de Intercambio de J\u00f3venes L\u00edderes Pol\u00edticos Argentina-Chile 2015<\/td>\n<\/tr>\n<tr>\n<td><strong>Chichizola<\/strong><\/td>\n<td>Alejandrina<\/td>\n<td>Campus Internacional de J\u00f3venes UPLA en Buenos Aires 2010<\/td>\n<\/tr>\n<tr>\n<td><strong>Cichello<\/strong><\/td>\n<td>Ignacio Ernesto<\/td>\n<td>Campus Internacional de J\u00f3venes UPLA en Buenos Aires 2010 y Programa de Intercambio de J\u00f3venes L\u00edderes Pol\u00edticos Argentina-Chile 2011<\/td>\n<\/tr>\n<tr>\n<td><strong>Colman<\/strong><\/td>\n<td>Federico<\/td>\n<td>Programa de Intercambio de J\u00f3venes L\u00edderes Pol\u00edticos Argentina-Chile 2010<\/td>\n<\/tr>\n<tr>\n<td><strong>Coppola<\/strong><\/td>\n<td>Leonardo Lucas<\/td>\n<td>Programa de Intercambio de J\u00f3venes L\u00edderes Pol\u00edticos Argentina-Bolivia 2011<\/td>\n<\/tr>\n<tr>\n<td><strong>Corbetto<\/strong><\/td>\n<td>Mariana Sabrina<\/td>\n<td>Campus Internacional de J\u00f3venes UPLA en Buenos Aires 2010<\/td>\n<\/tr>\n<tr>\n<td><strong>Correas<\/strong><\/td>\n<td>Mar\u00eda Jos\u00e9<\/td>\n<td>Programa de Formaci\u00f3n de J\u00f3venes Dirigentes Pol\u00edticos 2013<\/td>\n<\/tr>\n<tr>\n<td><strong>Correas,<\/strong><\/td>\n<td>Mart\u00edn<\/td>\n<td>Programa de Formaci\u00f3n de J\u00f3venes Dirigentes Pol\u00edticos 2017<\/td>\n<\/tr>\n<tr>\n<td><strong>Corro<\/strong><\/td>\n<td>Mar\u00eda Ver\u00f3nica<\/td>\n<td>Programa de Formaci\u00f3n de J\u00f3venes Dirigentes Pol\u00edticos 2013<\/td>\n<\/tr>\n<tr>\n<td><strong>Costa<\/strong><\/td>\n<td>Jos\u00e9 Ignacio<\/td>\n<td>X Seminario para J\u00f3venes de UPLA 2010<\/td>\n<\/tr>\n<tr>\n<td><strong>Crubellati<\/strong><\/td>\n<td>Daniela<\/td>\n<td>Campus Internacional de J\u00f3venes UPLA en Buenos Aires 2010<\/td>\n<\/tr>\n<tr>\n<td><strong>Cuq<\/strong><\/td>\n<td>Olivia<\/td>\n<td>Programa de Formaci\u00f3n de J\u00f3venes Dirigentes Pol\u00edticos 2014<\/td>\n<\/tr>\n<tr>\n<td><strong>Czernikowski<\/strong><\/td>\n<td>Alberto<\/td>\n<td>Programa de Intercambio de J\u00f3venes L\u00edderes Pol\u00edticos Argentina-Chile 2009<\/td>\n<\/tr>\n<tr>\n<td><strong>Das Neves<\/strong><\/td>\n<td>Pablo<\/td>\n<td>Programa de Generaci\u00f3n Intermedia 2012<\/td>\n<\/tr>\n<tr>\n<td><strong>De Marchi<\/strong><\/td>\n<td>Omar<\/td>\n<td>IV Encuentro de Jefes de Bloque Parlamentarios UPLA en Venezuela 2012<\/td>\n<\/tr>\n<tr>\n<td><strong>De Santiba\u00f1es<\/strong><\/td>\n<td>Francisco<\/td>\n<td>III Encuentro de Expertos en Relaciones Internacionales UPLA 2011 y Programa de Generaci\u00f3n Intermedia 2011 y 2012<\/td>\n<\/tr>\n<tr>\n<td><strong>De Vito<\/strong><\/td>\n<td>Federico<\/td>\n<td>Programa de Intercambio de J\u00f3venes L\u00edderes Pol\u00edticos Argentina-Bolivia 2012<\/td>\n<\/tr>\n<tr>\n<td><strong>Del Mastro<\/strong><\/td>\n<td>Nicolas<\/td>\n<td>Programa de Formaci\u00f3n de J\u00f3venes Dirigentes Pol\u00edticos 2011<\/td>\n<\/tr>\n<tr>\n<td><strong>Del Pino Verna<\/strong><\/td>\n<td>Josefina<\/td>\n<td>Programa de Formaci\u00f3n de J\u00f3venes Dirigentes Pol\u00edticos 2018<\/td>\n<\/tr>\n<tr>\n<td><strong>Devoto<\/strong><\/td>\n<td>Pedro Mar\u00eda<\/td>\n<td>Programa de Formaci\u00f3n de J\u00f3venes Dirigentes Pol\u00edticos 2012<\/td>\n<\/tr>\n<tr>\n<td><strong>Devitt<\/strong><\/td>\n<td>Ignacio<\/td>\n<td>Programa de Intercambio de J\u00f3venes L\u00edderes Pol\u00edticos Argentina-Chile 2014<\/td>\n<\/tr>\n<tr>\n<td><strong>Di Santo<\/strong><\/td>\n<td>Marcos<\/td>\n<td>Programa de Intercambio de J\u00f3venes L\u00edderes Pol\u00edticos Argentina-Chile 2009<\/td>\n<\/tr>\n<tr>\n<td><strong>D\u00edaz Acosta<\/strong><\/td>\n<td>Guadalupe<\/td>\n<td>Trabajos de Invierno, A\u00f1atuya 2016<\/td>\n<\/tr>\n<tr>\n<td><strong>Diaz Vega<\/strong><\/td>\n<td>Francisco<\/td>\n<td>Programa de Intercambio de J\u00f3venes L\u00edderes Pol\u00edticos Argentina-Chile 2012<\/td>\n<\/tr>\n<tr>\n<td><strong>Duarte<\/strong><\/td>\n<td>Nicol\u00e1s<\/td>\n<td>Encuentro de L\u00edderes de las Juventudes de UPLA, Nicaragua 2016<\/td>\n<\/tr>\n<tr>\n<td><strong>Duarte<\/strong><\/td>\n<td>Dar\u00edo Omar<\/td>\n<td>Programa de Formaci\u00f3n de J\u00f3venes Dirigentes Pol\u00edticos 2015<\/td>\n<\/tr>\n<tr>\n<td><strong>Eguinoa<\/strong><\/td>\n<td>Mart\u00edn<\/td>\n<td>Encuentro J\u00f3venes UPLA en Guatemala 2007 y Programa de Formaci\u00f3n de J\u00f3venes Dirigentes Pol\u00edticos 2013<\/td>\n<\/tr>\n<tr>\n<td><strong>Estrabou<\/strong><\/td>\n<td>Mart\u00edn<\/td>\n<td>Programa de Intercambio de J\u00f3venes L\u00edderes Pol\u00edticos Argentina-Chile 2015<\/td>\n<\/tr>\n<tr>\n<td><strong>Etchevehere<\/strong><\/td>\n<td>Juan Diego<\/td>\n<td>Programa de Generaci\u00f3 Intermedia 2015<\/td>\n<\/tr>\n<tr>\n<td><strong>Etulain<\/strong><\/td>\n<td>Yamila Solange<\/td>\n<td>Programa de Formaci\u00f3n de J\u00f3venes Dirigentes Pol\u00edticos 2012<\/td>\n<\/tr>\n<tr>\n<td><strong>Fay<\/strong><\/td>\n<td>Kevin<\/td>\n<td>Programa de Formaci\u00f3n de J\u00f3venes Dirigentes Pol\u00edticos 2016<\/td>\n<\/tr>\n<tr>\n<td><strong>Ferri<\/strong><\/td>\n<td>Gustavo Enrique<\/td>\n<td>Programa de Formaci\u00f3n para Legisladores en Alemania 2011 y Programa de Generaci\u00f3n Intermedia 2012<\/td>\n<\/tr>\n<tr>\n<td><strong>Feres<\/strong><\/td>\n<td>Facundo<\/td>\n<td>Programa de Formaci\u00f3n de J\u00f3venes Dirigentes Pol\u00edticos 2018<\/td>\n<\/tr>\n<tr>\n<td><strong>Fern\u00e1ndez<\/strong><\/td>\n<td>Javier Omar<\/td>\n<td>Programa de Formaci\u00f3n de J\u00f3venes Dirigentes Pol\u00edticos 2017<\/td>\n<\/tr>\n<tr>\n<td><strong>Fern\u00e1ndez<\/strong><\/td>\n<td>Nicol\u00e1s<\/td>\n<td>Programa de Intercambio de J\u00f3venes L\u00edderes Pol\u00edticos Argentina-Chile 2016<\/td>\n<\/tr>\n<tr>\n<td><strong>Fern\u00e1ndez Da Silva<\/strong><\/td>\n<td>Mar\u00eda<\/td>\n<td>Programa de Formaci\u00f3n de J\u00f3venes Dirigentes Pol\u00edticos 2017<\/td>\n<\/tr>\n<tr>\n<td><strong>Fernandez Santander<\/strong><\/td>\n<td>Adriel An\u00edbal<\/td>\n<td>Trabajos de Invierno Jujuy 2014<\/td>\n<\/tr>\n<tr>\n<td><strong>Fleming<\/strong><\/td>\n<td>B\u00e1rbara<\/td>\n<td>Programa de Intercambio de J\u00f3venes L\u00edderes Pol\u00edticos Argentina-Chile 2018<\/td>\n<\/tr>\n<tr>\n<td><strong>Frigerio<\/strong><\/td>\n<td>Rogelio<\/td>\n<td>Programa de Generaci\u00f3n Intermedia 2011<\/td>\n<\/tr>\n<tr>\n<td><strong>Fritzler<\/strong><\/td>\n<td>Wendy<\/td>\n<td>Programa de Intercambio de J\u00f3venes L\u00edderes Pol\u00edticos Argentina-Chile 2017<\/td>\n<\/tr>\n<tr>\n<td><strong>Gainza<\/strong><\/td>\n<td>Emanuel<\/td>\n<td>Campus Internacional de J\u00f3venes UPLA en Buenos Aires 2010<\/td>\n<\/tr>\n<tr>\n<td><strong>Gaite<\/strong><\/td>\n<td>Gabriel Mat\u00edas<\/td>\n<td>Programa de Intercambio de J\u00f3venes L\u00edderes Pol\u00edticos Argentina-Chile 2015<\/td>\n<\/tr>\n<tr>\n<td><strong>Gallese\u00a0<\/strong><\/td>\n<td>Mar\u00eda Florencia<\/td>\n<td>Trabajos de Invierno Jujuy 2015<\/td>\n<\/tr>\n<tr>\n<td><strong>Galli<\/strong><\/td>\n<td>Mar\u00eda Esperanza<\/td>\n<td>Programa de Formaci\u00f3n de J\u00f3venes Dirigentes Pol\u00edticos 2016<\/td>\n<\/tr>\n<tr>\n<td><strong>Galvani Pardo<\/strong><\/td>\n<td>Nicol\u00e1s Andr\u00e9s<\/td>\n<td>Programa de Formaci\u00f3n de J\u00f3venes Dirigentes Pol\u00edticos 2014<\/td>\n<\/tr>\n<tr>\n<td><strong>Gambaro<\/strong><\/td>\n<td>Natalia<\/td>\n<td>Programa de Generaci\u00f3n Intermedia 2012<\/td>\n<\/tr>\n<tr>\n<td><strong>Garc\u00eda<\/strong><\/td>\n<td>Andrea<\/td>\n<td>Programa de Formaci\u00f3n de J\u00f3venes Dirigentes Pol\u00edticos 2016<\/td>\n<\/tr>\n<tr>\n<td><strong>Garzon<\/strong><\/td>\n<td>Agust\u00edn<\/td>\n<td>Programa de Generaci\u00f3n Intermedia 2011 &#8211; 2015<\/td>\n<\/tr>\n<tr>\n<td><strong>Gerv\u00e1n<\/strong><\/td>\n<td>Mariano<\/td>\n<td>Programa de Generaci\u00f3n Intermedia 2015<\/td>\n<\/tr>\n<tr>\n<td><strong>Giorgio<\/strong><\/td>\n<td>Nicol\u00e1s Vicente<\/td>\n<td>Programa de Formaci\u00f3n de J\u00f3venes Dirigentes Pol\u00edticos 2017 y Programa de Intercambio legislativo con Chile 2017<\/td>\n<\/tr>\n<tr>\n<td><strong>Gonz\u00e1lez<\/strong><\/td>\n<td>Mariana Julieta<\/td>\n<td>Trabajos de Invierno, A\u00f1atuya 2016<\/td>\n<\/tr>\n<tr>\n<td><strong>Gottig<\/strong><\/td>\n<td>Federico<\/td>\n<td>Programa de Generaci\u00f3n Intermedia 2014 y Programa de Intercambio J\u00f3venes a Chile 2014<\/td>\n<\/tr>\n<tr>\n<td><strong>Gracia<\/strong><\/td>\n<td>Aurelia<\/td>\n<td>Programa de Formaci\u00f3n de J\u00f3venes Dirigentes Pol\u00edticos 2015<\/td>\n<\/tr>\n<tr>\n<td><strong>Greco Mauas<\/strong><\/td>\n<td>Mar\u00eda Florencia<\/td>\n<td>Programa de Formaci\u00f3n de J\u00f3venes Dirigentes Pol\u00edticos 2013<\/td>\n<\/tr>\n<tr>\n<td><strong>Gribaudo<\/strong><\/td>\n<td>Christian<\/td>\n<td>Generaci\u00f3n Intermedia 2015<\/td>\n<\/tr>\n<tr>\n<td><strong>Grippo<\/strong><\/td>\n<td>Jos\u00e9 Mar\u00eda<\/td>\n<td>Programa de Intercambio de J\u00f3venes L\u00edderes Pol\u00edticos Argentina-Chile 2011<\/td>\n<\/tr>\n<tr>\n<td><strong>Grosso<\/strong><\/td>\n<td>Ignacio<\/td>\n<td>Programa de Intercambio de J\u00f3venes L\u00edderes Pol\u00edticos Argentina-Chile 2009<\/td>\n<\/tr>\n<tr>\n<td><strong>Gualda<\/strong><\/td>\n<td>Lucas<\/td>\n<td>Trabajos De invierno Chile 2014. Formaci\u00f3n de J\u00f3venes Dirigentes Pol\u00edticos 2017<\/td>\n<\/tr>\n<tr>\n<td><strong>Guersani Harrington<\/strong><\/td>\n<td>Ignacio<\/td>\n<td>Programa de Formaci\u00f3n de J\u00f3venes Dirigentes Pol\u00edticos 2016 y equipo de asesor\u00eda parlamentaria<\/td>\n<\/tr>\n<tr>\n<td><strong>Guiber<\/strong><\/td>\n<td>Lourdes<\/td>\n<td>Programa de Formaci\u00f3n de J\u00f3venes Dirigentes Pol\u00edticos 2016<\/td>\n<\/tr>\n<tr>\n<td><strong>Hagelstrom<\/strong><\/td>\n<td>Ignacio<\/td>\n<td>Campus Internacional de J\u00f3venes UPLA en Buenos Aires 2010 y Programa de Intercambio de J\u00f3venes L\u00edderes Pol\u00edticos Argentina-Chile 2010<\/td>\n<\/tr>\n<tr>\n<td><strong>Herrera<\/strong><\/td>\n<td>Mar\u00eda Paula<\/td>\n<td>Programa de Intercambio de J\u00f3venes L\u00edderes Pol\u00edticos Argentina-Chile 2012<\/td>\n<\/tr>\n<tr>\n<td><strong>Hersch<\/strong><\/td>\n<td>Nicol\u00e1s<\/td>\n<td>Programa de Formaci\u00f3n de J\u00f3venes Dirigentes Pol\u00edticos 2014<\/td>\n<\/tr>\n<tr>\n<td><strong>Hein<\/strong><\/td>\n<td>Gustavo<\/td>\n<td>Programa de Generaci\u00f3n Intermedia 2015<\/td>\n<\/tr>\n<tr>\n<td><strong>Hilding Ohlsson<\/strong><\/td>\n<td>Marcos<\/td>\n<td>Programa de Generaci\u00f3n Intermedia 2012-2015<\/td>\n<\/tr>\n<tr>\n<td><strong>Hirsch Veloso<\/strong><\/td>\n<td>Federico<\/td>\n<td>Programa Formaci\u00f3n de J\u00f3venes Dirigentes Pol\u00edticos 2015<\/td>\n<\/tr>\n<tr>\n<td><strong>Huertas<\/strong><\/td>\n<td>Gonzalo<\/td>\n<td>Programa de Intercambio de J\u00f3venes L\u00edderes Pol\u00edticos Argentina-Brasil 2012<\/td>\n<\/tr>\n<tr>\n<td><strong>Insaurralde<\/strong><\/td>\n<td>Mar\u00eda Dolores<\/td>\n<td>Programa de Formaci\u00f3n de J\u00f3venes Dirigentes Pol\u00edticos 2012<\/td>\n<\/tr>\n<tr>\n<td><strong>Jauregui<\/strong><\/td>\n<td>Luciano<\/td>\n<td>Programa de Intercambio de J\u00f3venes L\u00edderes Pol\u00edticos Argentina-Brasil 2012<\/td>\n<\/tr>\n<tr>\n<td><strong>Jones<\/strong><\/td>\n<td>Cecilia<\/td>\n<td>Programa de Formaci\u00f3n de J\u00f3venes Dirigentes Pol\u00edticos 2016<\/td>\n<\/tr>\n<tr>\n<td><strong>Junca Esp\u00f3sito<\/strong><\/td>\n<td>Malena<\/td>\n<td>Programa de Intercambio de J\u00f3venes L\u00edderesPol\u00edticos Argentina-Chile 2013<\/td>\n<\/tr>\n<tr>\n<td><strong>Kyore Beun<\/strong><\/td>\n<td>Antonio<\/td>\n<td>Programa de Formaci\u00f3n de J\u00f3venes Dirigentes Pol\u00edticos 2014<\/td>\n<\/tr>\n<tr>\n<td><strong>Khedayan<\/strong><\/td>\n<td>Marcos Federico<\/td>\n<td>Programa de Formaci\u00f3n de J\u00f3venes Dirigentes Pol\u00edticos 2011<\/td>\n<\/tr>\n<tr>\n<td><strong>Klix<\/strong><\/td>\n<td>Walter<\/td>\n<td>Programa de Intercambio de J\u00f3venes L\u00edderes Pol\u00edticos Argentina-Chile 2010<\/td>\n<\/tr>\n<tr>\n<td><strong>La Banca<\/strong><\/td>\n<td>Augusto<\/td>\n<td>Trabajos de Invierno Jujuy 2014<\/td>\n<\/tr>\n<tr>\n<td><strong>La Madrid<\/strong><\/td>\n<td>Joaqu\u00edn<\/td>\n<td>Programa de Generaci\u00f3n Intermedia<\/td>\n<\/tr>\n<tr>\n<td><strong>La Madrid<\/strong><\/td>\n<td>Rosario<\/td>\n<td>Programa de Formaci\u00f3n de J\u00f3venes Dirigentes Pol\u00edticos 2014<\/td>\n<\/tr>\n<tr>\n<td><strong>Lanzisera<\/strong><\/td>\n<td>Mart\u00edn<\/td>\n<td>Trabajos de Invierno, A\u00f1atuya 2016<\/td>\n<\/tr>\n<tr>\n<td><strong>Larsson<\/strong><\/td>\n<td>Jan<\/td>\n<td>Programa de Intercambio de J\u00f3venes L\u00edderes Pol\u00edticos Argentina-Chile y Elecciones presidenciales UPLA en Chile 2009<\/td>\n<\/tr>\n<tr>\n<td><strong>Laspina<\/strong><\/td>\n<td>Luciano<\/td>\n<td>Programa de Generaci\u00f3n Intermedia 2011 &#8211; 2015<\/td>\n<\/tr>\n<tr>\n<td><strong>Lastassio<\/strong><\/td>\n<td>Mat\u00edas<\/td>\n<td>Campus Internacional de J\u00f3venes UPLA en Buenos Aires 2010<\/td>\n<\/tr>\n<tr>\n<td><strong>Lavigne<\/strong><\/td>\n<td>Pablo Agust\u00edn<\/td>\n<td>Programa de Intercambio de J\u00f3venes L\u00edderes Pol\u00edticos Argentina-Bolivia 2011<\/td>\n<\/tr>\n<tr>\n<td><strong>Ledesma<\/strong><\/td>\n<td>Leandro<\/td>\n<td>Programa de Intercambio de J\u00f3venes L\u00edderes Pol\u00edticos con Chile 2016<\/td>\n<\/tr>\n<tr>\n<td><strong>Leguizam\u00f3n<\/strong><\/td>\n<td>Mar\u00eda Roc\u00edo<\/td>\n<td>Programa de Intercambio de J\u00f3venes L\u00edderes Pol\u00edticos Argentina-Chile 2012<\/td>\n<\/tr>\n<tr>\n<td><strong>Lehmann<\/strong><\/td>\n<td>Lucila<\/td>\n<td>Programa de Formaci\u00f3n de J\u00f3venes Dirigentes Pol\u00edticos 2016<\/td>\n<\/tr>\n<tr>\n<td><strong>Leonar<\/strong><\/td>\n<td>Gabriel<\/td>\n<td>Programa de Formaci\u00f3n de J\u00f3venes Dirigentes Pol\u00edticos 2013<\/td>\n<\/tr>\n<tr>\n<td><strong>Lissalde<\/strong><\/td>\n<td>Ricardo<\/td>\n<td>Programa de Generaci\u00f3n Intermedia 2015<\/td>\n<\/tr>\n<tr>\n<td><strong>Lloveras Videla<\/strong><\/td>\n<td>Juan Jos\u00e9<\/td>\n<td>Programa de Generaci\u00f3n Intermedia 2011 y Asamblea Anual de la Uni\u00f3n Internacional de J\u00f3venes Dem\u00f3cratas 2011<\/td>\n<\/tr>\n<tr>\n<td><strong>Lopez<\/strong><\/td>\n<td>Castor Jos\u00e9<\/td>\n<td>Programa de Intercambio de J\u00f3venes L\u00edderes Pol\u00edticos Argentina-Chile 2011 y Programa de Formaci\u00f3n de J\u00f3venes Dirigentes Pol\u00edticos 2012<\/td>\n<\/tr>\n<tr>\n<td><strong>Lopez<\/strong><\/td>\n<td>Facundo<\/td>\n<td>Programa de Formaci\u00f3n de J\u00f3venes Dirigentes Pol\u00edticos 2012<\/td>\n<\/tr>\n<tr>\n<td><strong>Lopez<\/strong><\/td>\n<td>Leandro<\/td>\n<td>Programa de Generaci\u00f3n Intermedia 2011<\/td>\n<\/tr>\n<tr>\n<td><strong>Lorenzo<\/strong><\/td>\n<td>Juan Manuel<\/td>\n<td>Programa de Formaci\u00f3n de J\u00f3venes Dirigentes Pol\u00edticos 2017<\/td>\n<\/tr>\n<tr>\n<td><strong>Lucca<\/strong><\/td>\n<td>Cecilia<\/td>\n<td>Encuentro Mujeres UPLA 2010<\/td>\n<\/tr>\n<tr>\n<td><strong>Lucena<\/strong><\/td>\n<td>Alejandro Tom\u00e1s<\/td>\n<td>Trabajos de Invierno Jujuy 2014<\/td>\n<\/tr>\n<tr>\n<td><strong>Mancino<\/strong><\/td>\n<td>Antonella<\/td>\n<td>Campus Internacional de J\u00f3venes UPLA en Buenos Aires y Encuentro de Jovenes UPLA en El Salvador 2010<\/td>\n<\/tr>\n<tr>\n<td><strong>Mackinlay<\/strong><\/td>\n<td>Alejandro<\/td>\n<td>Programa de Formaci\u00f3n de J\u00f3venes Dirigentes Pol\u00edticos 2017<\/td>\n<\/tr>\n<tr>\n<td><strong>Mansilla de Souza<\/strong><\/td>\n<td>Gonzalo<\/td>\n<td>Programa de Generaci\u00f3n Intermedia 2011-2015<\/td>\n<\/tr>\n<tr>\n<td><strong>Mastrocola<\/strong><\/td>\n<td>Germ\u00e1n<\/td>\n<td>Programa de Generaci\u00f3n Intermedia 2015<\/td>\n<\/tr>\n<tr>\n<td><strong>Marsili<\/strong><\/td>\n<td>Lucila<\/td>\n<td>Programa de Formaci\u00f3n de J\u00f3venes Dirigentes Pol\u00edticos 2016<\/td>\n<\/tr>\n<tr>\n<td><strong>Martins<\/strong><\/td>\n<td>Natalia Brenda<\/td>\n<td>Trabajos de Invierno Jujuy 2015<\/td>\n<\/tr>\n<tr>\n<td><strong>Martinez<\/strong><\/td>\n<td>Yanina<\/td>\n<td>Campus Internacional de J\u00f3venes UPLA en Buenos Aires, Encuentro Mujeres UPLA en El Salvador y Programa de Intercambio de J\u00f3venes L\u00edderes Pol\u00edticos Argentina-Chile 2010<\/td>\n<\/tr>\n<tr>\n<td><strong>Mart\u00ednez<\/strong><\/td>\n<td>Alvaro Fernando<\/td>\n<td>Programa de Intercambio de J\u00f3venes L\u00edderes Pol\u00edticos Argentina-Chile 2011<\/td>\n<\/tr>\n<tr>\n<td><strong>Mart\u00ednez<\/strong><\/td>\n<td>Soledad<\/td>\n<td>Encuentro Universidad J\u00f3venes UPLA en Colombia 2011<\/td>\n<\/tr>\n<tr>\n<td><strong>Martini<\/strong><\/td>\n<td>Alejandra<\/td>\n<td>Programa de Formaci\u00f3n de J\u00f3venes Dirigentes Pol\u00edticos 2014<\/td>\n<\/tr>\n<tr>\n<td><strong>Matina<\/strong><\/td>\n<td>Agustina<\/td>\n<td>Equipo de Asesor\u00eda Parlamentaria Fundaci\u00f3n Nuevas Generaciones<\/td>\n<\/tr>\n<tr>\n<td><strong>Matozzi<\/strong><\/td>\n<td>Sof\u00eda<\/td>\n<td>Programa de Formaci\u00f3n de J\u00f3venes Dirigentes Pol\u00edticos 2018 \u2013 Equipo de Pol\u00edticas P\u00fablicas Fundaci\u00f3n Nuevas Generaciones<\/td>\n<\/tr>\n<tr>\n<td><strong>Mattiauda<\/strong><\/td>\n<td>Nicol\u00e1s<\/td>\n<td>Programa de Generaci\u00f3n Intermedia 2012 &#8211; 2015<\/td>\n<\/tr>\n<tr>\n<td><strong>Mendy<\/strong><\/td>\n<td>Leonardo<\/td>\n<td>Programa de Intercambio de J\u00f3venes L\u00edderes Pol\u00edticos Argentina-Bolivia 2012<\/td>\n<\/tr>\n<tr>\n<td><strong>Menem<\/strong><\/td>\n<td>Adri\u00e1n<\/td>\n<td>Programa de Generaci\u00f3n Intermedia 2012 &#8211; 2015<\/td>\n<\/tr>\n<tr>\n<td><strong>Menis<\/strong><\/td>\n<td>Luc\u00eda<\/td>\n<td>Programa de Formaci\u00f3n de J\u00f3venes Dirigentes Pol\u00edticos 2016<\/td>\n<\/tr>\n<tr>\n<td><strong>Mercado<\/strong><\/td>\n<td>Gustavo<\/td>\n<td>Programa de Intercambio de J\u00f3venes L\u00edderes Pol\u00edticos Argentina-Chile 2010 y Programa de Pasantes Legislativos Argentina-Chile 2011<\/td>\n<\/tr>\n<tr>\n<td><strong>Merchensky<\/strong><\/td>\n<td>M\u00e1ximo<\/td>\n<td>Programa de Generaci\u00f3n Intermedia 2012<\/td>\n<\/tr>\n<tr>\n<td><strong>Miranda<\/strong><\/td>\n<td>Federico<\/td>\n<td>Programa de Formaci\u00f3n de J\u00f3venes Dirigentes Pol\u00edticos 2013 y Programa de Intercambio de J\u00f3venes L\u00edderes Pol\u00edticos Argentina-Chile 2013<\/td>\n<\/tr>\n<tr>\n<td><strong>Miranda<\/strong><\/td>\n<td>Sergio<\/td>\n<td>Programa de Generaci\u00f3n Intermedia 2012<\/td>\n<\/tr>\n<tr>\n<td><strong>Molero<\/strong><\/td>\n<td>Diana<\/td>\n<td>Programa de Formaci\u00f3n de J\u00f3venes Dirigentes Pol\u00edticos 2011<\/td>\n<\/tr>\n<tr>\n<td><strong>Molfino<\/strong><\/td>\n<td>Micaela<\/td>\n<td>Programa de Formaci\u00f3n de J\u00f3venes Dirigentes Pol\u00edticos 2011<\/td>\n<\/tr>\n<tr>\n<td><strong>Morales Gorleri<\/strong><\/td>\n<td>Victoria<\/td>\n<td>Programa de Generaci\u00f3n Intermedia 2012 &#8211; 2015<\/td>\n<\/tr>\n<tr>\n<td><strong>Moran<\/strong><\/td>\n<td>Juan Pablo<\/td>\n<td>Programa Formaci\u00f3n de J\u00f3venes Diregente Pol\u00edticos 2015<\/td>\n<\/tr>\n<tr>\n<td><strong>Morena<\/strong><\/td>\n<td>Juan Manuel<\/td>\n<td>Programa de Generaci\u00f3n Intermedia 2011 &#8211; 2015<\/td>\n<\/tr>\n<tr>\n<td><strong>Moya Rollan<\/strong><\/td>\n<td>Gerardo<\/td>\n<td>Trabajos de Invierno con la Uni\u00f3n Democr\u00e1tica Independiente de Chile 2012<\/td>\n<\/tr>\n<tr>\n<td><strong>Mu\u00f1\u00f3z<\/strong><\/td>\n<td>Carolina<\/td>\n<td>Programa de Intercambio de J\u00f3venes L\u00edderes Pol\u00edticos Argentina-Chile 2016<\/td>\n<\/tr>\n<tr>\n<td><strong>Mu\u00f1oz Wright<\/strong><\/td>\n<td>Mar\u00eda Jimena<\/td>\n<td>Programa de Formaci\u00f3n de J\u00f3venes Dirigentes Pol\u00edticos 2011<\/td>\n<\/tr>\n<tr>\n<td><strong>Nabais<\/strong><\/td>\n<td>Francisco Javier<\/td>\n<td>Programa de Formaci\u00f3n de J\u00f3venes Dirigentes Pol\u00edticos 2012<\/td>\n<\/tr>\n<tr>\n<td><strong>Naveira<\/strong><\/td>\n<td>Diego<\/td>\n<td>Encuentro Universidad J\u00f3venes UPLA en Colombia 2010, Encuentro Freedom Forum en Colombia y Seminario del Centro de Estudios de la Fundaci\u00f3n Libertad y desarrollo y Atlas Network en Chile 2011<\/td>\n<\/tr>\n<tr>\n<td><strong>Nazarre<\/strong><\/td>\n<td>Leandro<\/td>\n<td>Programa de Generaci\u00f3n Intermedia 2015<\/td>\n<\/tr>\n<tr>\n<td><strong>Negri<\/strong><\/td>\n<td>Cristian<\/td>\n<td>Programa de Formaci\u00f3n de J\u00f3venes Dirigentes Pol\u00edticos 2018<\/td>\n<\/tr>\n<tr>\n<td><strong>Nieto<\/strong><\/td>\n<td>Dar\u00edo<\/td>\n<td>Programa de Intercambio de J\u00f3venes L\u00edderes Pol\u00edticos Argentina-Chile 2009<\/td>\n<\/tr>\n<tr>\n<td><strong>Notta<\/strong><\/td>\n<td>Bernarda<\/td>\n<td>Equipo de Asesor\u00eda Parlamentaria Fundaci\u00f3n Nuevas Generaciones<\/td>\n<\/tr>\n<tr>\n<td><strong>N\u00fa\u00f1ez<\/strong><\/td>\n<td>Jos\u00e9<\/td>\n<td>Programa de Generaci\u00f3n Intermedia 2014<\/td>\n<\/tr>\n<tr>\n<td><strong>N\u00fa\u00f1ez<\/strong><\/td>\n<td>Laura In\u00e9s<\/td>\n<td>Programa de Formaci\u00f3n de J\u00f3venes Dirigentes Pol\u00edticos 2013<\/td>\n<\/tr>\n<tr>\n<td><strong>Obiglio<\/strong><\/td>\n<td>Mar\u00eda<\/td>\n<td>Campus Internacional de J\u00f3venes UPLA en Buenos Aires y Encuentro de Jovenes UPLA en Panam\u00e1 2010. Generaci\u00f3n Intermedia 2014<\/td>\n<\/tr>\n<tr>\n<td><strong>Ochoa<\/strong><\/td>\n<td>Mar\u00eda Rosario<\/td>\n<td>Programa de Formaci\u00f3n de J\u00f3venes Dirigentes Pol\u00edticos 2017<\/td>\n<\/tr>\n<tr>\n<td><strong>Oleg Quintana<\/strong><\/td>\n<td>Alejandro<\/td>\n<td>Programa de Intercambio de J\u00f3venes L\u00edderes Pol\u00edticos Argentina-Chile 2017<\/td>\n<\/tr>\n<tr>\n<td><strong>Ord\u00f3\u00f1ez\u00a0<\/strong><\/td>\n<td>Agustina<\/td>\n<td>Trabajos de Invierno Jujuy 2014<\/td>\n<\/tr>\n<tr>\n<td><strong>Ord\u00f3\u00f1ez Bensusan\u00a0<\/strong><\/td>\n<td>Mauro<\/td>\n<td>Programa de Formaci\u00f3n de J\u00f3venes Dirigentes Pol\u00edticos 2015<\/td>\n<\/tr>\n<tr>\n<td><strong>Oreste<\/strong><\/td>\n<td>Carlos<\/td>\n<td>Programa de Generaci\u00f3n Intermedia 2015<\/td>\n<\/tr>\n<tr>\n<td><strong>Otamendi<\/strong><\/td>\n<td>Lourdes Mar\u00eda<\/td>\n<td>Programa de Formaci\u00f3n de J\u00f3venes Dirigentes Pol\u00edticos 2017<\/td>\n<\/tr>\n<tr>\n<td><strong>Ottolini<\/strong><\/td>\n<td>Florencia<\/td>\n<td>Programa de Formaci\u00f3n de J\u00f3venes Dirigentes Pol\u00edticos 2016<\/td>\n<\/tr>\n<tr>\n<td><strong>Ottonello<\/strong><\/td>\n<td>Mart\u00edn<\/td>\n<td>Programa de Generaci\u00f3n Intermedia 2015<\/td>\n<\/tr>\n<tr>\n<td><strong>Peralta<\/strong><\/td>\n<td>Santiago Mart\u00edn<\/td>\n<td>Programa de Formaci\u00f3n de J\u00f3venes Dirigentes Pol\u00edticos 2014<\/td>\n<\/tr>\n<tr>\n<td><strong>Pereira<\/strong><\/td>\n<td>Carlos<\/td>\n<td>Programa de Formaci\u00f3n de J\u00f3venes Dirigentes Pol\u00edticos 2011<\/td>\n<\/tr>\n<tr>\n<td><strong>Perez Riba<\/strong><\/td>\n<td>Ignacio<\/td>\n<td>Programa de Generaci\u00f3n Intermedia 2012<\/td>\n<\/tr>\n<tr>\n<td><strong>Petraglia<\/strong><\/td>\n<td>Leandro<\/td>\n<td>Programa de Intercambio de J\u00f3venes L\u00edderes Pol\u00edticos Argentina-Chile 2013<\/td>\n<\/tr>\n<tr>\n<td><strong>Piana<\/strong><\/td>\n<td>Pedro<\/td>\n<td>Programa de Generaci\u00f3n Intermedia 2012<\/td>\n<\/tr>\n<tr>\n<td><strong>Pinotti<\/strong><\/td>\n<td>Joaqu\u00edn<\/td>\n<td>Programa de Intercambio de J\u00f3venes L\u00edderes Pol\u00edticos Argentina-Chile 2010<\/td>\n<\/tr>\n<tr>\n<td><strong>Pintelos<\/strong><\/td>\n<td>Barbara<\/td>\n<td>Campus Internacional de J\u00f3venes UPLA en Buenos Aires 2010<\/td>\n<\/tr>\n<tr>\n<td><strong>Plante\u00a0<\/strong><\/td>\n<td>Mar\u00eda Guadalupe<\/td>\n<td>Programa Formaci\u00f3n de J\u00f3venes Dirigentes Pol\u00edticos 2015<\/td>\n<\/tr>\n<tr>\n<td><strong>Puerta<\/strong><\/td>\n<td>Pedro Ram\u00f3n<\/td>\n<td>Programa de Formaci\u00f3n de J\u00f3venes Dirigentes Pol\u00edticos 2013<\/td>\n<\/tr>\n<tr>\n<td><strong>Pulichino<\/strong><\/td>\n<td>Marcos<\/td>\n<td>Programa de Intercambio de J\u00f3venes L\u00edderes Pol\u00edticos Argentina-Bolivia 2012<\/td>\n<\/tr>\n<tr>\n<td><strong>Pusso<\/strong><\/td>\n<td>Rodrigo<\/td>\n<td>Programa de Formaci\u00f3n de J\u00f3venes Dirigentes Pol\u00edticos 2018 &#8211; Programa de Intercambio de J\u00f3venes L\u00edderes Pol\u00edticos Argentina- Chile 2018<\/td>\n<\/tr>\n<tr>\n<td><strong>Ranellucci<\/strong><\/td>\n<td>Florencia<\/td>\n<td>Encuentro J\u00f3venes UPLA en Nicaragua 2011<\/td>\n<\/tr>\n<tr>\n<td><strong>Repetto<\/strong><\/td>\n<td>Graciana<\/td>\n<td>Programa de Formaci\u00f3n de J\u00f3venes Dirigentes Pol\u00edticos 2018<\/td>\n<\/tr>\n<tr>\n<td><strong>Rey Saravia<\/strong><\/td>\n<td>Mar\u00eda Emilia<\/td>\n<td>Programa de Formaci\u00f3n de J\u00f3venes Dirigentes Pol\u00edticos 2017<\/td>\n<\/tr>\n<tr>\n<td><strong>Rivas<\/strong><\/td>\n<td>Carlos Alberto<\/td>\n<td>Seminario Alcaldes UPLA en Per\u00fa 2011<\/td>\n<\/tr>\n<tr>\n<td><strong>Riveros<\/strong><\/td>\n<td>Mar\u00eda Pilar<\/td>\n<td>Programa de Formaci\u00f3n de J\u00f3venes Dirigentes Pol\u00edticos 2014<\/td>\n<\/tr>\n<tr>\n<td><strong>Rizzo<\/strong><\/td>\n<td>Paola<\/td>\n<td>Programa de Generaci\u00f3n Intermedia 2014<\/td>\n<\/tr>\n<tr>\n<td><strong>Rodriguez<\/strong><\/td>\n<td>Carlos Javier<\/td>\n<td>Campus Internacional de J\u00f3venes UPLA en Buenos Aires 2010<\/td>\n<\/tr>\n<tr>\n<td><strong>Rodriguez<\/strong><\/td>\n<td>Arturo<\/td>\n<td>Encuentro J\u00f3venes UPLA 2009<\/td>\n<\/tr>\n<tr>\n<td><strong>Rold\u00e1n Mendez<\/strong><\/td>\n<td>Victoria<\/td>\n<td>Trabajos de Invierno con la Uni\u00f3n Democr\u00e1tica Independiente de Chile 2010<\/td>\n<\/tr>\n<tr>\n<td><strong>Romano<\/strong><\/td>\n<td>Juan Mart\u00edn<\/td>\n<td>Encuentro J\u00f3venes UPLA en Honduras 2010<\/td>\n<\/tr>\n<tr>\n<td><strong>Romero<\/strong><\/td>\n<td>Candela<\/td>\n<td>Programa de Formaci\u00f3n de J\u00f3venes Dirigentes Pol\u00edticos 2016, Trabajos de Invierno 2016 e Intercambio de J\u00f3venes L\u00edderes Pol\u00edticos con Chile 2016<\/td>\n<\/tr>\n<tr>\n<td><strong>Romero<\/strong><\/td>\n<td>Bettina<\/td>\n<td>Programa de Generaci\u00f3n Intermedia 2014<\/td>\n<\/tr>\n<tr>\n<td><strong>Ronchino<\/strong><\/td>\n<td>Francisco<\/td>\n<td>Programa de Formaci\u00f3n de J\u00f3venes Dirigentes Pol\u00edticos 2018<\/td>\n<\/tr>\n<tr>\n<td><strong>Rosas Curi<\/strong><\/td>\n<td>Dario<\/td>\n<td>Programa de Generaci\u00f3n Intermedia 2011<\/td>\n<\/tr>\n<tr>\n<td><strong>Rosello<\/strong><\/td>\n<td>Antonella Luz<\/td>\n<td>Trabajos de Invierno con la Uni\u00f3n Democr\u00e1tica Independiente de Chile 2011<\/td>\n<\/tr>\n<tr>\n<td><strong>Ruete<\/strong><\/td>\n<td>Marina<\/td>\n<td>Programa de Formaci\u00f3n de J\u00f3venes Dirigentes Pol\u00edticos 2011<\/td>\n<\/tr>\n<tr>\n<td><strong>Ruiz<\/strong><\/td>\n<td>B\u00e1rbara<\/td>\n<td>Trabajos de Invierno, A\u00f1atuya 2016<\/td>\n<\/tr>\n<tr>\n<td><strong>Ruiz<\/strong><\/td>\n<td>Noelia Florencia<\/td>\n<td>Programa de Intercambio de J\u00f3venes L\u00edderes Pol\u00edticos Argentina-Chile 2012 y Programa de Formaci\u00f3n de J\u00f3venes Dirigentes Pol\u00edticos 2013<\/td>\n<\/tr>\n<tr>\n<td><strong>Saenz Valiente<\/strong><\/td>\n<td>Camila<\/td>\n<td>Trabajos de Invierno Jujuy 2015<\/td>\n<\/tr>\n<tr>\n<td><strong>Sahonero<\/strong><\/td>\n<td>Maximiliano<\/td>\n<td>\u00a0VI Encuentro de l\u00edderes de las juventudes de la Uni\u00f3n de Partidos Latinoamericanos (UPLA) y Programa de Formaci\u00f3n de J\u00f3venes Dirigentes Pol\u00edticos 2015<\/td>\n<\/tr>\n<tr>\n<td><strong>Salem<\/strong><\/td>\n<td>Tatiana<\/td>\n<td>Programa de Intercambio Legislativo Argentina-Chile 2012<\/td>\n<\/tr>\n<tr>\n<td><strong>Santostefano<\/strong><\/td>\n<td>Tom\u00e1s Agust\u00edn<\/td>\n<td>Trabajos de Invierno Jujuy 2015<\/td>\n<\/tr>\n<tr>\n<td><strong>Saya<\/strong><\/td>\n<td>Lidia<\/td>\n<td>Encuentro de Mujeres UPLA<\/td>\n<\/tr>\n<tr>\n<td><strong>Schmidt Liermann<\/strong><\/td>\n<td>Cornelia<\/td>\n<td>Programa de Generaci\u00f3n Intermedia 2014<\/td>\n<\/tr>\n<tr>\n<td><strong>Scuticchio<\/strong><\/td>\n<td>Tom\u00e1s<\/td>\n<td>Programa de Formaci\u00f3n de J\u00f3venes Dirigentes Pol\u00edticos 2015<\/td>\n<\/tr>\n<tr>\n<td><strong>Senn<\/strong><\/td>\n<td>Sol<\/td>\n<td>Campus Internacional de J\u00f3venes UPLA en Buenos Aires 2010<\/td>\n<\/tr>\n<tr>\n<td><strong>Ser\u00fa<\/strong><\/td>\n<td>Victoria<\/td>\n<td>Equipo de Asesor\u00eda Parlamentaria Fundaci\u00f3n Nuevas Generaciones<\/td>\n<\/tr>\n<tr>\n<td><strong>Serravalle<\/strong><\/td>\n<td>Cecilia<\/td>\n<td>Campus Internacional de J\u00f3venes UPLA en Buenos Aires 2010<\/td>\n<\/tr>\n<tr>\n<td><strong>Simone\u00a0<\/strong><\/td>\n<td>Javier<\/td>\n<td>Programa de Generaci\u00f3n Intermedia 2014<\/td>\n<\/tr>\n<tr>\n<td><strong>Simone<\/strong><\/td>\n<td>Juliana Belen<\/td>\n<td>Campus Internacional de J\u00f3venes UPLA en Buenos Aires 2010 y Programa de Intercambio de J\u00f3venes L\u00edderes Pol\u00edticos Argentina-Chile 2012<\/td>\n<\/tr>\n<tr>\n<td><strong>Solari Costa<\/strong><\/td>\n<td>Francisco<\/td>\n<td>Programa de Intercambio Legislativo con Chile 2016<\/td>\n<\/tr>\n<tr>\n<td><strong>Solla Rold\u00e1n<\/strong><\/td>\n<td>Deborah Gimena<\/td>\n<td>Programa de Intercambio de J\u00f3venes L\u00edderes Pol\u00edticos Argentina-Bolivia 2011<\/td>\n<\/tr>\n<tr>\n<td><strong>Specter<\/strong><\/td>\n<td>Dami\u00e1n<\/td>\n<td>Programa de Generaci\u00f3n Intermedia 2015<\/td>\n<\/tr>\n<tr>\n<td><strong>Stanley<\/strong><\/td>\n<td>Carolina<\/td>\n<td>Encuentro UPLA 2009<\/td>\n<\/tr>\n<tr>\n<td><strong>Su\u00e1rez<\/strong><\/td>\n<td>Magdalena Mariana<\/td>\n<td>Programa de Formaci\u00f3n de J\u00f3venes Dirigentes Pol\u00edticos 2011<\/td>\n<\/tr>\n<tr>\n<td><strong>Suarez Baccaro<\/strong><\/td>\n<td>Florencia<\/td>\n<td>Evento UPLA- Fundaci\u00f3n Jarl Hjalmarson 2018<\/td>\n<\/tr>\n<tr>\n<td><strong>Taboada<\/strong><\/td>\n<td>Rodrigo<\/td>\n<td>Programa de Formaci\u00f3n de J\u00f3venes Dirigentes Pol\u00edticos 2016<\/td>\n<\/tr>\n<tr>\n<td><strong>Taboada<\/strong><\/td>\n<td>Gast\u00f3n<\/td>\n<td>Programa de Intercambio de J\u00f3venes L\u00edderes Pol\u00edticos Argentina-Chile 2015<\/td>\n<\/tr>\n<tr>\n<td><strong>Taiah<\/strong><\/td>\n<td>Michelle<\/td>\n<td>Programa de Intercambio de J\u00f3venes L\u00edderes Pol\u00edticos Argentina-Chile 2018<\/td>\n<\/tr>\n<tr>\n<td><strong>Taramelli<\/strong><\/td>\n<td>Federico<\/td>\n<td>Programa de Intercambio de J\u00f3venes L\u00edderes Pol\u00edticos Argentina-Chile 2009<\/td>\n<\/tr>\n<tr>\n<td><strong>Tarrico\u00a0<\/strong><\/td>\n<td>Nicol\u00e1s Oscar<\/td>\n<td>Programa de Formaci\u00f3n de J\u00f3venes Dirigentes Pol\u00edticos 2014<\/td>\n<\/tr>\n<tr>\n<td><strong>Taussig<\/strong><\/td>\n<td>Joaqu\u00edn<\/td>\n<td>Programa de Formaci\u00f3n de J\u00f3venes Dirigentes Pol\u00edticos 2014<\/td>\n<\/tr>\n<tr>\n<td><strong>Teruggi<\/strong><\/td>\n<td>Vicente<\/td>\n<td>Programa de Formaci\u00f3n de J\u00f3venes Dirigentes Pol\u00edticos 2015<\/td>\n<\/tr>\n<tr>\n<td><strong>Teves<\/strong><\/td>\n<td>Lucas Ariel<\/td>\n<td>Programa de Formaci\u00f3n de J\u00f3venes Dirigentes Pol\u00edticos 2017<\/td>\n<\/tr>\n<tr>\n<td><strong>Thomas<\/strong><\/td>\n<td>Enrique Luis<\/td>\n<td>Programa de Formaci\u00f3n para Legisladores en Alemania 2011<\/td>\n<\/tr>\n<tr>\n<td><strong>Tittarelli<\/strong><\/td>\n<td>Andr\u00e9s<\/td>\n<td>Programa de Intercambio Legislativo 2014<\/td>\n<\/tr>\n<tr>\n<td><strong>Trezza<\/strong><\/td>\n<td>Juan Manuel<\/td>\n<td>Programa de Generaci\u00f3n Intermedia 2011 &#8211; 2015<\/td>\n<\/tr>\n<tr>\n<td><strong>Troncoso<\/strong><\/td>\n<td>Manuel<\/td>\n<td>Programa de Generaci\u00f3n Intermedia 2015<\/td>\n<\/tr>\n<tr>\n<td><strong>Turdera<\/strong><\/td>\n<td>Gonzalo<\/td>\n<td>Programa de Intercambio de J\u00f3venes L\u00edderes Pol\u00edticos Argentina-Chile 2013<\/td>\n<\/tr>\n<tr>\n<td><strong>Urruti<\/strong><\/td>\n<td>Guillermo<\/td>\n<td>Programa de Formaci\u00f3n de J\u00f3venes Dirigentes Pol\u00edticos 2011<\/td>\n<\/tr>\n<tr>\n<td><strong>Valente<\/strong><\/td>\n<td>Carla<\/td>\n<td>Programa de Formaci\u00f3n de J\u00f3venes Dirigentes Pol\u00edticos 2014<\/td>\n<\/tr>\n<tr>\n<td><strong>Valle<\/strong><\/td>\n<td>Adri\u00e1n<\/td>\n<td>Programa de Formaci\u00f3n de J\u00f3venes Dirigentes Pol\u00edticos 2015<\/td>\n<\/tr>\n<tr>\n<td><strong>Valle<\/strong><\/td>\n<td>Ezequiel<\/td>\n<td>Programa de Formaci\u00f3n de J\u00f3venes Dirigentes Pol\u00edticos 2015<\/td>\n<\/tr>\n<tr>\n<td><strong>Vallone<\/strong><\/td>\n<td>Andr\u00e9s<\/td>\n<td>Programa de Generaci\u00f3n Intermedia 2012<\/td>\n<\/tr>\n<tr>\n<td><strong>Varela<\/strong><\/td>\n<td>Sergio Javier<\/td>\n<td>Programa de Intercambio de J\u00f3venes L\u00edderes Pol\u00edticos Argentina-Bolivia 2011<\/td>\n<\/tr>\n<tr>\n<td><strong>Vasquez Pereda<\/strong><\/td>\n<td>Ana Rosa<\/td>\n<td>Programa de Intercambio de J\u00f3venes L\u00edderes Pol\u00edticos Argentina-Chile 2009<\/td>\n<\/tr>\n<tr>\n<td><strong>Ventura Calabuig<\/strong><\/td>\n<td>Ignacio<\/td>\n<td>Trabajos de Invierno, A\u00f1atuya 2016<\/td>\n<\/tr>\n<tr>\n<td><strong>Vergara<\/strong><\/td>\n<td>Mart\u00edn<\/td>\n<td>Programa de Formaci\u00f3n de J\u00f3venes Dirigentes Pol\u00edticos 2016<\/td>\n<\/tr>\n<tr>\n<td><strong>Vila<\/strong><\/td>\n<td>Francisco Miguel<\/td>\n<td>Programa de Formaci\u00f3n de J\u00f3venes Dirigentes Pol\u00edticos 2014<\/td>\n<\/tr>\n<tr>\n<td><strong>Vitor<\/strong><\/td>\n<td>Esteban<\/td>\n<td>Programa de Generaci\u00f3n Intermedia 2011<\/td>\n<\/tr>\n<tr>\n<td><strong>Vottero<\/strong><\/td>\n<td>Virginia<\/td>\n<td>Programa de Formaci\u00f3n de J\u00f3venes Dirigentes Pol\u00edticos 2016<\/td>\n<\/tr>\n<tr>\n<td><strong>Weinhald<\/strong><\/td>\n<td>Micaela Romina<\/td>\n<td>Prorgama de Formaci\u00f3n de J\u00f3venes Dirigentes Pol\u00edticos 2014<\/td>\n<\/tr>\n<tr>\n<td><strong>Yans<\/strong><\/td>\n<td>Orlando<\/td>\n<td>Programa de Generaci\u00f3n Intermedia 2015<\/td>\n<\/tr>\n<tr>\n<td><strong>Yeza<\/strong><\/td>\n<td>Mart\u00edn<\/td>\n<td>Campus Internacional de J\u00f3venes UPLA en Buenos Aires 2010<\/td>\n<\/tr>\n<tr>\n<td><strong>Zurita Fant\u00f3n<\/strong><\/td>\n<td>Juan Ignacio<\/td>\n<td>Programa de Formaci\u00f3n de J\u00f3venes Dirigentes Pol\u00edticos 2016<\/td>\n<\/tr>\n<\/tbody>\n<\/table>\t\t\t\t\t\t\t\t<\/div>\n\t\t\t\t<\/div>\n\t\t\t\t\t<\/div>\n\t\t<\/div>\n\t\t\t\t<div class=\"elementor-column elementor-col-33 elementor-top-column elementor-element elementor-element-66109067\" data-id=\"66109067\" data-element_type=\"column\" data-e-type=\"column\">\n\t\t\t<div class=\"elementor-widget-wrap\">\n\t\t\t\t\t\t\t<\/div>\n\t\t<\/div>\n\t\t\t\t\t<\/div>\n\t\t<\/section>\n\t\t\t\t<\/div>\n\t\t","protected":false},"excerpt":{"rendered":"<p>Listado ex Becarios Son ex becarios de la Fundaci\u00f3n Nuevas Generaciones, por haber participado en sus programas, las siguientes personas: Apellido Nombre Programa en el cual particip\u00f3 Abella Manuel Programa de Formaci\u00f3n de J\u00f3venes Dirigentes Pol\u00edticos 2012, Programa de Generaci\u00f3n Intermedia 2015 Abdala Bartolom\u00e9 VII Encuentro de Parlamentarios de la Uni\u00f3n de Partidos Latinoamericanos (UPLA)&hellip;&nbsp;<\/p>\n","protected":false},"author":1,"featured_media":0,"parent":0,"menu_order":0,"comment_status":"closed","ping_status":"closed","template":"page-templates\/template-pagebuilder-full-width.php","meta":{"neve_meta_sidebar":"","neve_meta_container":"","neve_meta_enable_content_width":"off","neve_meta_content_width":100,"neve_meta_title_alignment":"","neve_meta_author_avatar":"","neve_post_elements_order":"","neve_meta_disable_header":"","neve_meta_disable_footer":"","neve_meta_disable_title":"","footnotes":""},"class_list":["post-17879","page","type-page","status-publish","hentry"],"yoast_head":"<!-- This site is optimized with the Yoast SEO plugin v27.4 - https:\/\/yoast.com\/product\/yoast-seo-wordpress\/ -->\n<title>Listado-ex-Becarios - Fundaci\u00f3n Nuevas Generaciones<\/title>\n<meta name=\"robots\" content=\"index, follow, max-snippet:-1, max-image-preview:large, max-video-preview:-1\" \/>\n<link rel=\"canonical\" href=\"https:\/\/nuevasgeneraciones.com.ar\/sitio\/listado-ex-becarios\/\" \/>\n<meta property=\"og:locale\" content=\"es_ES\" \/>\n<meta property=\"og:type\" content=\"article\" \/>\n<meta property=\"og:title\" content=\"Listado-ex-Becarios - Fundaci\u00f3n Nuevas Generaciones\" \/>\n<meta property=\"og:description\" content=\"Listado ex Becarios Son ex becarios de la Fundaci\u00f3n Nuevas Generaciones, por haber participado en sus programas, las siguientes personas: Apellido Nombre Programa en el cual particip\u00f3 Abella Manuel Programa de Formaci\u00f3n de J\u00f3venes Dirigentes Pol\u00edticos 2012, Programa de Generaci\u00f3n Intermedia 2015 Abdala Bartolom\u00e9 VII Encuentro de Parlamentarios de la Uni\u00f3n de Partidos Latinoamericanos (UPLA)&hellip;&nbsp;\" \/>\n<meta property=\"og:url\" content=\"https:\/\/nuevasgeneraciones.com.ar\/sitio\/listado-ex-becarios\/\" \/>\n<meta property=\"og:site_name\" content=\"Fundaci\u00f3n Nuevas Generaciones\" \/>\n<meta property=\"article:modified_time\" content=\"2023-07-05T17:25:07+00:00\" \/>\n<meta name=\"twitter:card\" content=\"summary_large_image\" \/>\n<meta name=\"twitter:label1\" content=\"Tiempo de lectura\" \/>\n\t<meta name=\"twitter:data1\" content=\"18 minutos\" \/>\n<script type=\"application\/ld+json\" class=\"yoast-schema-graph\">{\"@context\":\"https:\\\/\\\/schema.org\",\"@graph\":[{\"@type\":\"WebPage\",\"@id\":\"https:\\\/\\\/nuevasgeneraciones.com.ar\\\/sitio\\\/listado-ex-becarios\\\/\",\"url\":\"https:\\\/\\\/nuevasgeneraciones.com.ar\\\/sitio\\\/listado-ex-becarios\\\/\",\"name\":\"Listado-ex-Becarios - Fundaci\u00f3n Nuevas Generaciones\",\"isPartOf\":{\"@id\":\"https:\\\/\\\/nuevasgeneraciones.com.ar\\\/sitio\\\/#website\"},\"datePublished\":\"2023-06-27T18:45:20+00:00\",\"dateModified\":\"2023-07-05T17:25:07+00:00\",\"breadcrumb\":{\"@id\":\"https:\\\/\\\/nuevasgeneraciones.com.ar\\\/sitio\\\/listado-ex-becarios\\\/#breadcrumb\"},\"inLanguage\":\"es-AR\",\"potentialAction\":[{\"@type\":\"ReadAction\",\"target\":[\"https:\\\/\\\/nuevasgeneraciones.com.ar\\\/sitio\\\/listado-ex-becarios\\\/\"]}]},{\"@type\":\"BreadcrumbList\",\"@id\":\"https:\\\/\\\/nuevasgeneraciones.com.ar\\\/sitio\\\/listado-ex-becarios\\\/#breadcrumb\",\"itemListElement\":[{\"@type\":\"ListItem\",\"position\":1,\"name\":\"Inicio\",\"item\":\"https:\\\/\\\/nuevasgeneraciones.com.ar\\\/sitio\\\/\"},{\"@type\":\"ListItem\",\"position\":2,\"name\":\"Listado-ex-Becarios\"}]},{\"@type\":\"WebSite\",\"@id\":\"https:\\\/\\\/nuevasgeneraciones.com.ar\\\/sitio\\\/#website\",\"url\":\"https:\\\/\\\/nuevasgeneraciones.com.ar\\\/sitio\\\/\",\"name\":\"Fundaci\u00f3n Nuevas Generaciones\",\"description\":\"\",\"publisher\":{\"@id\":\"https:\\\/\\\/nuevasgeneraciones.com.ar\\\/sitio\\\/#organization\"},\"potentialAction\":[{\"@type\":\"SearchAction\",\"target\":{\"@type\":\"EntryPoint\",\"urlTemplate\":\"https:\\\/\\\/nuevasgeneraciones.com.ar\\\/sitio\\\/?s={search_term_string}\"},\"query-input\":{\"@type\":\"PropertyValueSpecification\",\"valueRequired\":true,\"valueName\":\"search_term_string\"}}],\"inLanguage\":\"es-AR\"},{\"@type\":\"Organization\",\"@id\":\"https:\\\/\\\/nuevasgeneraciones.com.ar\\\/sitio\\\/#organization\",\"name\":\"Fundaci\u00f3n Nuevas Generaciones\",\"url\":\"https:\\\/\\\/nuevasgeneraciones.com.ar\\\/sitio\\\/\",\"logo\":{\"@type\":\"ImageObject\",\"inLanguage\":\"es-AR\",\"@id\":\"https:\\\/\\\/nuevasgeneraciones.com.ar\\\/sitio\\\/#\\\/schema\\\/logo\\\/image\\\/\",\"url\":\"https:\\\/\\\/nuevasgeneraciones.com.ar\\\/sitio\\\/wp-content\\\/uploads\\\/2023\\\/06\\\/logo-01.png\",\"contentUrl\":\"https:\\\/\\\/nuevasgeneraciones.com.ar\\\/sitio\\\/wp-content\\\/uploads\\\/2023\\\/06\\\/logo-01.png\",\"width\":593,\"height\":77,\"caption\":\"Fundaci\u00f3n Nuevas Generaciones\"},\"image\":{\"@id\":\"https:\\\/\\\/nuevasgeneraciones.com.ar\\\/sitio\\\/#\\\/schema\\\/logo\\\/image\\\/\"}}]}<\/script>\n<!-- \/ Yoast SEO plugin. -->","yoast_head_json":{"title":"Listado-ex-Becarios - Fundaci\u00f3n Nuevas Generaciones","robots":{"index":"index","follow":"follow","max-snippet":"max-snippet:-1","max-image-preview":"max-image-preview:large","max-video-preview":"max-video-preview:-1"},"canonical":"https:\/\/nuevasgeneraciones.com.ar\/sitio\/listado-ex-becarios\/","og_locale":"es_ES","og_type":"article","og_title":"Listado-ex-Becarios - Fundaci\u00f3n Nuevas Generaciones","og_description":"Listado ex Becarios Son ex becarios de la Fundaci\u00f3n Nuevas Generaciones, por haber participado en sus programas, las siguientes personas: Apellido Nombre Programa en el cual particip\u00f3 Abella Manuel Programa de Formaci\u00f3n de J\u00f3venes Dirigentes Pol\u00edticos 2012, Programa de Generaci\u00f3n Intermedia 2015 Abdala Bartolom\u00e9 VII Encuentro de Parlamentarios de la Uni\u00f3n de Partidos Latinoamericanos (UPLA)&hellip;&nbsp;","og_url":"https:\/\/nuevasgeneraciones.com.ar\/sitio\/listado-ex-becarios\/","og_site_name":"Fundaci\u00f3n Nuevas Generaciones","article_modified_time":"2023-07-05T17:25:07+00:00","twitter_card":"summary_large_image","twitter_misc":{"Tiempo de lectura":"18 minutos"},"schema":{"@context":"https:\/\/schema.org","@graph":[{"@type":"WebPage","@id":"https:\/\/nuevasgeneraciones.com.ar\/sitio\/listado-ex-becarios\/","url":"https:\/\/nuevasgeneraciones.com.ar\/sitio\/listado-ex-becarios\/","name":"Listado-ex-Becarios - Fundaci\u00f3n Nuevas Generaciones","isPartOf":{"@id":"https:\/\/nuevasgeneraciones.com.ar\/sitio\/#website"},"datePublished":"2023-06-27T18:45:20+00:00","dateModified":"2023-07-05T17:25:07+00:00","breadcrumb":{"@id":"https:\/\/nuevasgeneraciones.com.ar\/sitio\/listado-ex-becarios\/#breadcrumb"},"inLanguage":"es-AR","potentialAction":[{"@type":"ReadAction","target":["https:\/\/nuevasgeneraciones.com.ar\/sitio\/listado-ex-becarios\/"]}]},{"@type":"BreadcrumbList","@id":"https:\/\/nuevasgeneraciones.com.ar\/sitio\/listado-ex-becarios\/#breadcrumb","itemListElement":[{"@type":"ListItem","position":1,"name":"Inicio","item":"https:\/\/nuevasgeneraciones.com.ar\/sitio\/"},{"@type":"ListItem","position":2,"name":"Listado-ex-Becarios"}]},{"@type":"WebSite","@id":"https:\/\/nuevasgeneraciones.com.ar\/sitio\/#website","url":"https:\/\/nuevasgeneraciones.com.ar\/sitio\/","name":"Fundaci\u00f3n Nuevas Generaciones","description":"","publisher":{"@id":"https:\/\/nuevasgeneraciones.com.ar\/sitio\/#organization"},"potentialAction":[{"@type":"SearchAction","target":{"@type":"EntryPoint","urlTemplate":"https:\/\/nuevasgeneraciones.com.ar\/sitio\/?s={search_term_string}"},"query-input":{"@type":"PropertyValueSpecification","valueRequired":true,"valueName":"search_term_string"}}],"inLanguage":"es-AR"},{"@type":"Organization","@id":"https:\/\/nuevasgeneraciones.com.ar\/sitio\/#organization","name":"Fundaci\u00f3n Nuevas Generaciones","url":"https:\/\/nuevasgeneraciones.com.ar\/sitio\/","logo":{"@type":"ImageObject","inLanguage":"es-AR","@id":"https:\/\/nuevasgeneraciones.com.ar\/sitio\/#\/schema\/logo\/image\/","url":"https:\/\/nuevasgeneraciones.com.ar\/sitio\/wp-content\/uploads\/2023\/06\/logo-01.png","contentUrl":"https:\/\/nuevasgeneraciones.com.ar\/sitio\/wp-content\/uploads\/2023\/06\/logo-01.png","width":593,"height":77,"caption":"Fundaci\u00f3n Nuevas Generaciones"},"image":{"@id":"https:\/\/nuevasgeneraciones.com.ar\/sitio\/#\/schema\/logo\/image\/"}}]}},"_links":{"self":[{"href":"https:\/\/nuevasgeneraciones.com.ar\/sitio\/wp-json\/wp\/v2\/pages\/17879","targetHints":{"allow":["GET"]}}],"collection":[{"href":"https:\/\/nuevasgeneraciones.com.ar\/sitio\/wp-json\/wp\/v2\/pages"}],"about":[{"href":"https:\/\/nuevasgeneraciones.com.ar\/sitio\/wp-json\/wp\/v2\/types\/page"}],"author":[{"embeddable":true,"href":"https:\/\/nuevasgeneraciones.com.ar\/sitio\/wp-json\/wp\/v2\/users\/1"}],"replies":[{"embeddable":true,"href":"https:\/\/nuevasgeneraciones.com.ar\/sitio\/wp-json\/wp\/v2\/comments?post=17879"}],"version-history":[{"count":16,"href":"https:\/\/nuevasgeneraciones.com.ar\/sitio\/wp-json\/wp\/v2\/pages\/17879\/revisions"}],"predecessor-version":[{"id":19060,"href":"https:\/\/nuevasgeneraciones.com.ar\/sitio\/wp-json\/wp\/v2\/pages\/17879\/revisions\/19060"}],"wp:attachment":[{"href":"https:\/\/nuevasgeneraciones.com.ar\/sitio\/wp-json\/wp\/v2\/media?parent=17879"}],"curies":[{"name":"wp","href":"https:\/\/api.w.org\/{rel}","templated":true}]}}