{"id":17846,"date":"2023-06-27T18:01:46","date_gmt":"2023-06-27T18:01:46","guid":{"rendered":"https:\/\/nuevasgeneraciones.com.ar\/sitio\/?page_id=17846"},"modified":"2023-06-29T13:44:14","modified_gmt":"2023-06-29T13:44:14","slug":"consejo-generacional","status":"publish","type":"page","link":"https:\/\/nuevasgeneraciones.com.ar\/sitio\/consejo-generacional\/","title":{"rendered":"Consejo generacional"},"content":{"rendered":"\t\t<div data-elementor-type=\"wp-page\" data-elementor-id=\"17846\" class=\"elementor elementor-17846\" data-elementor-post-type=\"page\">\n\t\t\t\t\t\t<section class=\"elementor-section elementor-top-section elementor-element elementor-element-250e883c elementor-section-full_width elementor-section-height-default elementor-section-height-default\" data-id=\"250e883c\" data-element_type=\"section\" data-e-type=\"section\" data-settings=\"{&quot;background_background&quot;:&quot;classic&quot;}\">\n\t\t\t\t\t\t<div class=\"elementor-container elementor-column-gap-default\">\n\t\t\t\t\t<div class=\"elementor-column elementor-col-33 elementor-top-column elementor-element elementor-element-1b06bba0\" data-id=\"1b06bba0\" data-element_type=\"column\" data-e-type=\"column\">\n\t\t\t<div class=\"elementor-widget-wrap\">\n\t\t\t\t\t\t\t<\/div>\n\t\t<\/div>\n\t\t\t\t<div class=\"elementor-column elementor-col-33 elementor-top-column elementor-element elementor-element-664cd62b\" data-id=\"664cd62b\" data-element_type=\"column\" data-e-type=\"column\">\n\t\t\t<div class=\"elementor-widget-wrap elementor-element-populated\">\n\t\t\t\t\t\t<div class=\"elementor-element elementor-element-e137ab1 elementor-widget elementor-widget-text-editor\" data-id=\"e137ab1\" data-element_type=\"widget\" data-e-type=\"widget\" data-widget_type=\"text-editor.default\">\n\t\t\t\t<div class=\"elementor-widget-container\">\n\t\t\t\t\t\t\t\t\t<h1>Consejo Generacional<\/h1>\t\t\t\t\t\t\t\t<\/div>\n\t\t\t\t<\/div>\n\t\t\t\t\t<\/div>\n\t\t<\/div>\n\t\t\t\t<div class=\"elementor-column elementor-col-33 elementor-top-column elementor-element elementor-element-766a89b1\" data-id=\"766a89b1\" data-element_type=\"column\" data-e-type=\"column\">\n\t\t\t<div class=\"elementor-widget-wrap\">\n\t\t\t\t\t\t\t<\/div>\n\t\t<\/div>\n\t\t\t\t\t<\/div>\n\t\t<\/section>\n\t\t\t\t<section class=\"elementor-section elementor-top-section elementor-element elementor-element-56bf9f5e elementor-section-boxed elementor-section-height-default elementor-section-height-default\" data-id=\"56bf9f5e\" data-element_type=\"section\" data-e-type=\"section\">\n\t\t\t\t\t\t<div class=\"elementor-container elementor-column-gap-default\">\n\t\t\t\t\t<div class=\"elementor-column elementor-col-100 elementor-top-column elementor-element elementor-element-685e193f\" data-id=\"685e193f\" data-element_type=\"column\" data-e-type=\"column\">\n\t\t\t<div class=\"elementor-widget-wrap elementor-element-populated\">\n\t\t\t\t\t\t<div class=\"elementor-element elementor-element-270de20b elementor-widget elementor-widget-spacer\" data-id=\"270de20b\" data-element_type=\"widget\" data-e-type=\"widget\" data-widget_type=\"spacer.default\">\n\t\t\t\t<div class=\"elementor-widget-container\">\n\t\t\t\t\t\t\t<div class=\"elementor-spacer\">\n\t\t\t<div class=\"elementor-spacer-inner\"><\/div>\n\t\t<\/div>\n\t\t\t\t\t\t<\/div>\n\t\t\t\t<\/div>\n\t\t\t\t\t<\/div>\n\t\t<\/div>\n\t\t\t\t\t<\/div>\n\t\t<\/section>\n\t\t\t\t<section class=\"elementor-section elementor-top-section elementor-element elementor-element-2a7e51b4 elementor-section-boxed elementor-section-height-default elementor-section-height-default\" data-id=\"2a7e51b4\" data-element_type=\"section\" data-e-type=\"section\">\n\t\t\t\t\t\t<div class=\"elementor-container elementor-column-gap-default\">\n\t\t\t\t\t<div class=\"elementor-column elementor-col-25 elementor-top-column elementor-element elementor-element-73eb72\" data-id=\"73eb72\" data-element_type=\"column\" data-e-type=\"column\">\n\t\t\t<div class=\"elementor-widget-wrap\">\n\t\t\t\t\t\t\t<\/div>\n\t\t<\/div>\n\t\t\t\t<div class=\"elementor-column elementor-col-50 elementor-top-column elementor-element elementor-element-6811d6d1\" data-id=\"6811d6d1\" data-element_type=\"column\" data-e-type=\"column\">\n\t\t\t<div class=\"elementor-widget-wrap elementor-element-populated\">\n\t\t\t\t\t\t<div class=\"elementor-element elementor-element-23f33185 elementor-widget elementor-widget-text-editor\" data-id=\"23f33185\" data-element_type=\"widget\" data-e-type=\"widget\" data-widget_type=\"text-editor.default\">\n\t\t\t\t<div class=\"elementor-widget-container\">\n\t\t\t\t\t\t\t\t\t<p>Es el n\u00facleo de la Fundaci\u00f3n. Se trata de dirigentes pol\u00edticos de generaci\u00f3n intermedia, que han nacido y desarrollado su vida en democracia, que han gozado de una destacada formaci\u00f3n acad\u00e9mica y que poseen importante experiencia en la pol\u00edtica, en la dirigencia gremial y\/o en la funci\u00f3n p\u00fablica. Tienen un rol central en la definici\u00f3n estrat\u00e9gica de la Fundaci\u00f3n y participan activamente en el desarrollo de los Programas y de las actividades de Nuevas Generaciones. Su actividad no se encuentra rentada.<\/p>\t\t\t\t\t\t\t\t<\/div>\n\t\t\t\t<\/div>\n\t\t\t\t\t<\/div>\n\t\t<\/div>\n\t\t\t\t<div class=\"elementor-column elementor-col-25 elementor-top-column elementor-element elementor-element-57e97694\" data-id=\"57e97694\" data-element_type=\"column\" data-e-type=\"column\">\n\t\t\t<div class=\"elementor-widget-wrap\">\n\t\t\t\t\t\t\t<\/div>\n\t\t<\/div>\n\t\t\t\t\t<\/div>\n\t\t<\/section>\n\t\t\t\t<section class=\"elementor-section elementor-top-section elementor-element elementor-element-caa3953 elementor-section-boxed elementor-section-height-default elementor-section-height-default\" data-id=\"caa3953\" data-element_type=\"section\" data-e-type=\"section\">\n\t\t\t\t\t\t<div class=\"elementor-container elementor-column-gap-default\">\n\t\t\t\t\t<div class=\"elementor-column elementor-col-25 elementor-top-column elementor-element elementor-element-8433bfc\" data-id=\"8433bfc\" data-element_type=\"column\" data-e-type=\"column\">\n\t\t\t<div class=\"elementor-widget-wrap\">\n\t\t\t\t\t\t\t<\/div>\n\t\t<\/div>\n\t\t\t\t<div class=\"elementor-column elementor-col-50 elementor-top-column elementor-element elementor-element-7941566\" data-id=\"7941566\" data-element_type=\"column\" data-e-type=\"column\">\n\t\t\t<div class=\"elementor-widget-wrap elementor-element-populated\">\n\t\t\t\t\t\t<div class=\"elementor-element elementor-element-284d45a elementor-widget elementor-widget-text-editor\" data-id=\"284d45a\" data-element_type=\"widget\" data-e-type=\"widget\" data-widget_type=\"text-editor.default\">\n\t\t\t\t<div class=\"elementor-widget-container\">\n\t\t\t\t\t\t\t\t\t<h3><strong>Miembros del Consejo<\/strong><\/h3>\t\t\t\t\t\t\t\t<\/div>\n\t\t\t\t<\/div>\n\t\t\t\t\t<\/div>\n\t\t<\/div>\n\t\t\t\t<div class=\"elementor-column elementor-col-25 elementor-top-column elementor-element elementor-element-3b36c8d\" data-id=\"3b36c8d\" data-element_type=\"column\" data-e-type=\"column\">\n\t\t\t<div class=\"elementor-widget-wrap\">\n\t\t\t\t\t\t\t<\/div>\n\t\t<\/div>\n\t\t\t\t\t<\/div>\n\t\t<\/section>\n\t\t\t\t<section class=\"elementor-section elementor-top-section elementor-element elementor-element-64849e92 elementor-section-boxed elementor-section-height-default elementor-section-height-default\" data-id=\"64849e92\" data-element_type=\"section\" data-e-type=\"section\">\n\t\t\t\t\t\t<div class=\"elementor-container elementor-column-gap-default\">\n\t\t\t\t\t<div class=\"elementor-column elementor-col-25 elementor-top-column elementor-element elementor-element-24cdb942\" data-id=\"24cdb942\" data-element_type=\"column\" data-e-type=\"column\">\n\t\t\t<div class=\"elementor-widget-wrap\">\n\t\t\t\t\t\t\t<\/div>\n\t\t<\/div>\n\t\t\t\t<div class=\"elementor-column elementor-col-25 elementor-top-column elementor-element elementor-element-2fb7c036\" data-id=\"2fb7c036\" data-element_type=\"column\" data-e-type=\"column\">\n\t\t\t<div class=\"elementor-widget-wrap elementor-element-populated\">\n\t\t\t\t\t\t<div class=\"elementor-element elementor-element-24fa749a elementor-widget elementor-widget-elementskit-accordion\" data-id=\"24fa749a\" data-element_type=\"widget\" data-e-type=\"widget\" data-widget_type=\"elementskit-accordion.default\">\n\t\t\t\t<div class=\"elementor-widget-container\">\n\t\t\t\t\t<div class=\"ekit-wid-con\" >\n        <div class=\"elementskit-accordion accoedion-primary\" id=\"accordion-69f0bd1b10170\">\n\n            \n                <div class=\"elementskit-card \">\n                    <div class=\"elementskit-card-header\" id=\"primaryHeading-0-24fa749a\">\n                        <a href=\"#collapse-35c8fe469f0bd1b10170\" class=\"ekit-accordion--toggler elementskit-btn-link collapsed\" data-ekit-toggle=\"collapse\" data-target=\"#Collapse-35c8fe469f0bd1b10170\" aria-expanded=\"false\" aria-controls=\"Collapse-35c8fe469f0bd1b10170\">\n                            \n                            <span class=\"ekit-accordion-title\">Manuel Abella Nazar<\/span>\n\n                            \n                                <div class=\"ekit_accordion_icon_group\">\n                                    <div class=\"ekit_accordion_normal_icon\">\n                                        <!-- Normal Icon -->\n\t\t\t\t\t\t\t\t\t\t<i class=\"icon icon-plus\"><\/i>                                    <\/div>\n\n                                    <div class=\"ekit_accordion_active_icon\">\n                                        <!-- Active Icon -->\n\t\t\t\t\t\t\t\t\t\t<i class=\"icon icon-minus\"><\/i>                                    <\/div>\n                                <\/div>\n\n                            \n                                                    <\/a>\n                    <\/div>\n\n                    <div id=\"Collapse-35c8fe469f0bd1b10170\" class=\" collapse\" aria-labelledby=\"primaryHeading-0-24fa749a\" data-parent=\"#accordion-69f0bd1b10170\">\n\n                        <div class=\"elementskit-card-body ekit-accordion--content\">\n                            Abogado, Universidad Torcuato di Tella. Concejal en el Honorable Concejo Deliberante de San Isidro (2014-2017). Ex asesor Jur\u00eddico en la Direcci\u00f3n General de Atenci\u00f3n Inmediata de la CABA. Ex asesor legislativo en el Concejo Deliberante de San Isidro.                        <\/div>\n\n                    <\/div>\n\n                <\/div><!-- .elementskit-card END -->\n\n                \n                <div class=\"elementskit-card \">\n                    <div class=\"elementskit-card-header\" id=\"primaryHeading-1-24fa749a\">\n                        <a href=\"#collapse-d15fe2b69f0bd1b10170\" class=\"ekit-accordion--toggler elementskit-btn-link collapsed\" data-ekit-toggle=\"collapse\" data-target=\"#Collapse-d15fe2b69f0bd1b10170\" aria-expanded=\"false\" aria-controls=\"Collapse-d15fe2b69f0bd1b10170\">\n                            \n                            <span class=\"ekit-accordion-title\">Valeria Arata<\/span>\n\n                            \n                                <div class=\"ekit_accordion_icon_group\">\n                                    <div class=\"ekit_accordion_normal_icon\">\n                                        <!-- Normal Icon -->\n\t\t\t\t\t\t\t\t\t\t<i class=\"icon icon-plus\"><\/i>                                    <\/div>\n\n                                    <div class=\"ekit_accordion_active_icon\">\n                                        <!-- Active Icon -->\n\t\t\t\t\t\t\t\t\t\t<i class=\"icon icon-minus\"><\/i>                                    <\/div>\n                                <\/div>\n\n                            \n                                                    <\/a>\n                    <\/div>\n\n                    <div id=\"Collapse-d15fe2b69f0bd1b10170\" class=\" collapse\" aria-labelledby=\"primaryHeading-1-24fa749a\" data-parent=\"#accordion-69f0bd1b10170\">\n\n                        <div class=\"elementskit-card-body ekit-accordion--content\">\n                            Contadora P\u00fablica, Universidad de Rosario. Diputada de la Provincia de Buenos Aires (2011-2015 \/ 2015-2019). Ex Secretaria de Econom\u00eda y ex Contadora de la Municipalidad de Jun\u00edn.                        <\/div>\n\n                    <\/div>\n\n                <\/div><!-- .elementskit-card END -->\n\n                \n                <div class=\"elementskit-card \">\n                    <div class=\"elementskit-card-header\" id=\"primaryHeading-2-24fa749a\">\n                        <a href=\"#collapse-35163e869f0bd1b10170\" class=\"ekit-accordion--toggler elementskit-btn-link collapsed\" data-ekit-toggle=\"collapse\" data-target=\"#Collapse-35163e869f0bd1b10170\" aria-expanded=\"false\" aria-controls=\"Collapse-35163e869f0bd1b10170\">\n                            \n                            <span class=\"ekit-accordion-title\">Miguel Braun<\/span>\n\n                            \n                                <div class=\"ekit_accordion_icon_group\">\n                                    <div class=\"ekit_accordion_normal_icon\">\n                                        <!-- Normal Icon -->\n\t\t\t\t\t\t\t\t\t\t<i class=\"icon icon-plus\"><\/i>                                    <\/div>\n\n                                    <div class=\"ekit_accordion_active_icon\">\n                                        <!-- Active Icon -->\n\t\t\t\t\t\t\t\t\t\t<i class=\"icon icon-minus\"><\/i>                                    <\/div>\n                                <\/div>\n\n                            \n                                                    <\/a>\n                    <\/div>\n\n                    <div id=\"Collapse-35163e869f0bd1b10170\" class=\" collapse\" aria-labelledby=\"primaryHeading-2-24fa749a\" data-parent=\"#accordion-69f0bd1b10170\">\n\n                        <div class=\"elementskit-card-body ekit-accordion--content\">\n                            Licenciado en Econom\u00eda. Secretario de Pol\u00edtica Econ\u00f3mica del Ministerio de Hacienda de la Naci\u00f3n Argentina. Fue Secretario de Comercio de la Naci\u00f3n, Director del Banco Ciudad de Buenos Aires y Director Ejecutivo de la Fundaci\u00f3n Pensar. Asimismo fue co-fundador y Director Ejecutivo de CIPPEC. Fue profesor en diversas universidades y consultor del Banco Interamericano de Desarrollo (BID), el Banco Mundial, CEPAL y UNICEF.                        <\/div>\n\n                    <\/div>\n\n                <\/div><!-- .elementskit-card END -->\n\n                \n                <div class=\"elementskit-card \">\n                    <div class=\"elementskit-card-header\" id=\"primaryHeading-3-24fa749a\">\n                        <a href=\"#collapse-7804c5369f0bd1b10170\" class=\"ekit-accordion--toggler elementskit-btn-link collapsed\" data-ekit-toggle=\"collapse\" data-target=\"#Collapse-7804c5369f0bd1b10170\" aria-expanded=\"false\" aria-controls=\"Collapse-7804c5369f0bd1b10170\">\n                            \n                            <span class=\"ekit-accordion-title\">Mariano Caucino<\/span>\n\n                            \n                                <div class=\"ekit_accordion_icon_group\">\n                                    <div class=\"ekit_accordion_normal_icon\">\n                                        <!-- Normal Icon -->\n\t\t\t\t\t\t\t\t\t\t<i class=\"icon icon-plus\"><\/i>                                    <\/div>\n\n                                    <div class=\"ekit_accordion_active_icon\">\n                                        <!-- Active Icon -->\n\t\t\t\t\t\t\t\t\t\t<i class=\"icon icon-minus\"><\/i>                                    <\/div>\n                                <\/div>\n\n                            \n                                                    <\/a>\n                    <\/div>\n\n                    <div id=\"Collapse-7804c5369f0bd1b10170\" class=\" collapse\" aria-labelledby=\"primaryHeading-3-24fa749a\" data-parent=\"#accordion-69f0bd1b10170\">\n\n                        <div class=\"elementskit-card-body ekit-accordion--content\">\n                            Abogado. Embajador de la Rep\u00fablica Argentina ante Israel. Ex Embajador de Argentina ante Costa Rica. Ex Director de Relaciones Internacionales de la Universidad de Ciencias Empresariales y Sociales (UCES) y Vicedirector de la Licenciatura en Ciencia Pol\u00edtica. Ex presidente de la Asociaci\u00f3n Dirigentes de Empresa.                        <\/div>\n\n                    <\/div>\n\n                <\/div><!-- .elementskit-card END -->\n\n                \n                <div class=\"elementskit-card \">\n                    <div class=\"elementskit-card-header\" id=\"primaryHeading-4-24fa749a\">\n                        <a href=\"#collapse-bd5eff769f0bd1b10170\" class=\"ekit-accordion--toggler elementskit-btn-link collapsed\" data-ekit-toggle=\"collapse\" data-target=\"#Collapse-bd5eff769f0bd1b10170\" aria-expanded=\"false\" aria-controls=\"Collapse-bd5eff769f0bd1b10170\">\n                            \n                            <span class=\"ekit-accordion-title\">Omar De Marchi<\/span>\n\n                            \n                                <div class=\"ekit_accordion_icon_group\">\n                                    <div class=\"ekit_accordion_normal_icon\">\n                                        <!-- Normal Icon -->\n\t\t\t\t\t\t\t\t\t\t<i class=\"icon icon-plus\"><\/i>                                    <\/div>\n\n                                    <div class=\"ekit_accordion_active_icon\">\n                                        <!-- Active Icon -->\n\t\t\t\t\t\t\t\t\t\t<i class=\"icon icon-minus\"><\/i>                                    <\/div>\n                                <\/div>\n\n                            \n                                                    <\/a>\n                    <\/div>\n\n                    <div id=\"Collapse-bd5eff769f0bd1b10170\" class=\" collapse\" aria-labelledby=\"primaryHeading-4-24fa749a\" data-parent=\"#accordion-69f0bd1b10170\">\n\n                        <div class=\"elementskit-card-body ekit-accordion--content\">\n                            Abogado. Intendente de Lujan de Cuyo, Mendoza. Diputado Nacional por el Partido Dem\u00f3crata de Mendoza (2010-2013 \/ 2006-2009).                        <\/div>\n\n                    <\/div>\n\n                <\/div><!-- .elementskit-card END -->\n\n                \n                <div class=\"elementskit-card \">\n                    <div class=\"elementskit-card-header\" id=\"primaryHeading-5-24fa749a\">\n                        <a href=\"#collapse-496178b69f0bd1b10170\" class=\"ekit-accordion--toggler elementskit-btn-link collapsed\" data-ekit-toggle=\"collapse\" data-target=\"#Collapse-496178b69f0bd1b10170\" aria-expanded=\"false\" aria-controls=\"Collapse-496178b69f0bd1b10170\">\n                            \n                            <span class=\"ekit-accordion-title\">Francisco De Santiba\u00f1es<\/span>\n\n                            \n                                <div class=\"ekit_accordion_icon_group\">\n                                    <div class=\"ekit_accordion_normal_icon\">\n                                        <!-- Normal Icon -->\n\t\t\t\t\t\t\t\t\t\t<i class=\"icon icon-plus\"><\/i>                                    <\/div>\n\n                                    <div class=\"ekit_accordion_active_icon\">\n                                        <!-- Active Icon -->\n\t\t\t\t\t\t\t\t\t\t<i class=\"icon icon-minus\"><\/i>                                    <\/div>\n                                <\/div>\n\n                            \n                                                    <\/a>\n                    <\/div>\n\n                    <div id=\"Collapse-496178b69f0bd1b10170\" class=\" collapse\" aria-labelledby=\"primaryHeading-5-24fa749a\" data-parent=\"#accordion-69f0bd1b10170\">\n\n                        <div class=\"elementskit-card-body ekit-accordion--content\">\n                            Licenciado en Econom\u00eda Empresarial (Universidad Torcuato Di Tella). Master en Econom\u00eda y Relaciones Internacionales (SAIS-Johns Hopkins University). Estudios en el Departamento de Estudios de la Guerra (King\u2019s College, Londres). Analista internacional. Miembro del CARI.                        <\/div>\n\n                    <\/div>\n\n                <\/div><!-- .elementskit-card END -->\n\n                \n                <div class=\"elementskit-card \">\n                    <div class=\"elementskit-card-header\" id=\"primaryHeading-6-24fa749a\">\n                        <a href=\"#collapse-03a33bd69f0bd1b10170\" class=\"ekit-accordion--toggler elementskit-btn-link collapsed\" data-ekit-toggle=\"collapse\" data-target=\"#Collapse-03a33bd69f0bd1b10170\" aria-expanded=\"false\" aria-controls=\"Collapse-03a33bd69f0bd1b10170\">\n                            \n                            <span class=\"ekit-accordion-title\">Ezequiel Fernandez Langan<\/span>\n\n                            \n                                <div class=\"ekit_accordion_icon_group\">\n                                    <div class=\"ekit_accordion_normal_icon\">\n                                        <!-- Normal Icon -->\n\t\t\t\t\t\t\t\t\t\t<i class=\"icon icon-plus\"><\/i>                                    <\/div>\n\n                                    <div class=\"ekit_accordion_active_icon\">\n                                        <!-- Active Icon -->\n\t\t\t\t\t\t\t\t\t\t<i class=\"icon icon-minus\"><\/i>                                    <\/div>\n                                <\/div>\n\n                            \n                                                    <\/a>\n                    <\/div>\n\n                    <div id=\"Collapse-03a33bd69f0bd1b10170\" class=\" collapse\" aria-labelledby=\"primaryHeading-6-24fa749a\" data-parent=\"#accordion-69f0bd1b10170\">\n\n                        <div class=\"elementskit-card-body ekit-accordion--content\">\n                            Abogado. Diputado Nacional por la Provincia de Buenos Aires (2017-2021). Fue Director General de la Unidad de Coordinaci\u00f3n de Pol\u00edticas de Juventud del Ministerio de Desarrollo Social del Gobierno de la Ciudad de Buenos Aires, Director de Autopistas Urbanas S.A, Diputado de la Ciudad Aut\u00f3noma de Buenos Aires y Subsecretario de Asuntos Electorales en el Ministerio del Interior, Obras P\u00fablicas y Vivienda.                        <\/div>\n\n                    <\/div>\n\n                <\/div><!-- .elementskit-card END -->\n\n                \n                <div class=\"elementskit-card \">\n                    <div class=\"elementskit-card-header\" id=\"primaryHeading-7-24fa749a\">\n                        <a href=\"#collapse-6ddb54b69f0bd1b10170\" class=\"ekit-accordion--toggler elementskit-btn-link collapsed\" data-ekit-toggle=\"collapse\" data-target=\"#Collapse-6ddb54b69f0bd1b10170\" aria-expanded=\"false\" aria-controls=\"Collapse-6ddb54b69f0bd1b10170\">\n                            \n                            <span class=\"ekit-accordion-title\">Christian Gribaudo<\/span>\n\n                            \n                                <div class=\"ekit_accordion_icon_group\">\n                                    <div class=\"ekit_accordion_normal_icon\">\n                                        <!-- Normal Icon -->\n\t\t\t\t\t\t\t\t\t\t<i class=\"icon icon-plus\"><\/i>                                    <\/div>\n\n                                    <div class=\"ekit_accordion_active_icon\">\n                                        <!-- Active Icon -->\n\t\t\t\t\t\t\t\t\t\t<i class=\"icon icon-minus\"><\/i>                                    <\/div>\n                                <\/div>\n\n                            \n                                                    <\/a>\n                    <\/div>\n\n                    <div id=\"Collapse-6ddb54b69f0bd1b10170\" class=\" collapse\" aria-labelledby=\"primaryHeading-7-24fa749a\" data-parent=\"#accordion-69f0bd1b10170\">\n\n                        <div class=\"elementskit-card-body ekit-accordion--content\">\n                            Licenciado en Ciencia Pol\u00edtica (UBA). Presidente del Instituto de Previsi\u00f3n Social de la Provincia de Buenos Aires. Diputado Nacional por la Provincia de Buenos Aires (2008-2011\/2014-2016). Director del Centro de Planificaci\u00f3n Estrat\u00e9gica, Consejo de la Magistratura de la Ciudad de Buenos Aires (2006-2007).                        <\/div>\n\n                    <\/div>\n\n                <\/div><!-- .elementskit-card END -->\n\n                \n                <div class=\"elementskit-card \">\n                    <div class=\"elementskit-card-header\" id=\"primaryHeading-8-24fa749a\">\n                        <a href=\"#collapse-32ba20769f0bd1b10170\" class=\"ekit-accordion--toggler elementskit-btn-link collapsed\" data-ekit-toggle=\"collapse\" data-target=\"#Collapse-32ba20769f0bd1b10170\" aria-expanded=\"false\" aria-controls=\"Collapse-32ba20769f0bd1b10170\">\n                            \n                            <span class=\"ekit-accordion-title\">Joaqu\u00edn La Madrid<\/span>\n\n                            \n                                <div class=\"ekit_accordion_icon_group\">\n                                    <div class=\"ekit_accordion_normal_icon\">\n                                        <!-- Normal Icon -->\n\t\t\t\t\t\t\t\t\t\t<i class=\"icon icon-plus\"><\/i>                                    <\/div>\n\n                                    <div class=\"ekit_accordion_active_icon\">\n                                        <!-- Active Icon -->\n\t\t\t\t\t\t\t\t\t\t<i class=\"icon icon-minus\"><\/i>                                    <\/div>\n                                <\/div>\n\n                            \n                                                    <\/a>\n                    <\/div>\n\n                    <div id=\"Collapse-32ba20769f0bd1b10170\" class=\" collapse\" aria-labelledby=\"primaryHeading-8-24fa749a\" data-parent=\"#accordion-69f0bd1b10170\">\n\n                        <div class=\"elementskit-card-body ekit-accordion--content\">\n                            Licenciado en Econom\u00eda (Universidad del Salvador). Maestr\u00eda en Derecho y Econom\u00eda (Universidad de Buenos Aires). Ex-becario del Departamento de Estado de EUA. Diputado de la Provincia de Entre R\u00edos (2015-2019).                        <\/div>\n\n                    <\/div>\n\n                <\/div><!-- .elementskit-card END -->\n\n                \n                <div class=\"elementskit-card \">\n                    <div class=\"elementskit-card-header\" id=\"primaryHeading-9-24fa749a\">\n                        <a href=\"#collapse-3be808c69f0bd1b10170\" class=\"ekit-accordion--toggler elementskit-btn-link collapsed\" data-ekit-toggle=\"collapse\" data-target=\"#Collapse-3be808c69f0bd1b10170\" aria-expanded=\"false\" aria-controls=\"Collapse-3be808c69f0bd1b10170\">\n                            \n                            <span class=\"ekit-accordion-title\">Leandro Lopez<\/span>\n\n                            \n                                <div class=\"ekit_accordion_icon_group\">\n                                    <div class=\"ekit_accordion_normal_icon\">\n                                        <!-- Normal Icon -->\n\t\t\t\t\t\t\t\t\t\t<i class=\"icon icon-plus\"><\/i>                                    <\/div>\n\n                                    <div class=\"ekit_accordion_active_icon\">\n                                        <!-- Active Icon -->\n\t\t\t\t\t\t\t\t\t\t<i class=\"icon icon-minus\"><\/i>                                    <\/div>\n                                <\/div>\n\n                            \n                                                    <\/a>\n                    <\/div>\n\n                    <div id=\"Collapse-3be808c69f0bd1b10170\" class=\" collapse\" aria-labelledby=\"primaryHeading-9-24fa749a\" data-parent=\"#accordion-69f0bd1b10170\">\n\n                        <div class=\"elementskit-card-body ekit-accordion--content\">\n                            Abogado. Diputado Nacional por la Provincia de Neuqu\u00e9n (2015-2019). Concejal de la Ciudad de Neuqu\u00e9n (2010-2013\/2014-2016). Master en Derecho Empresarial (Universidad de Pompeu Fabra de Barcelona, Espa\u00f1a).                        <\/div>\n\n                    <\/div>\n\n                <\/div><!-- .elementskit-card END -->\n\n                \n                <div class=\"elementskit-card \">\n                    <div class=\"elementskit-card-header\" id=\"primaryHeading-10-24fa749a\">\n                        <a href=\"#collapse-d1bfb8769f0bd1b10170\" class=\"ekit-accordion--toggler elementskit-btn-link collapsed\" data-ekit-toggle=\"collapse\" data-target=\"#Collapse-d1bfb8769f0bd1b10170\" aria-expanded=\"false\" aria-controls=\"Collapse-d1bfb8769f0bd1b10170\">\n                            \n                            <span class=\"ekit-accordion-title\">Gonzalo Mansilla de Souza<\/span>\n\n                            \n                                <div class=\"ekit_accordion_icon_group\">\n                                    <div class=\"ekit_accordion_normal_icon\">\n                                        <!-- Normal Icon -->\n\t\t\t\t\t\t\t\t\t\t<i class=\"icon icon-plus\"><\/i>                                    <\/div>\n\n                                    <div class=\"ekit_accordion_active_icon\">\n                                        <!-- Active Icon -->\n\t\t\t\t\t\t\t\t\t\t<i class=\"icon icon-minus\"><\/i>                                    <\/div>\n                                <\/div>\n\n                            \n                                                    <\/a>\n                    <\/div>\n\n                    <div id=\"Collapse-d1bfb8769f0bd1b10170\" class=\" collapse\" aria-labelledby=\"primaryHeading-10-24fa749a\" data-parent=\"#accordion-69f0bd1b10170\">\n\n                        <div class=\"elementskit-card-body ekit-accordion--content\">\n                            Abogado. Mediador. Postgrado en Pol\u00edtica Latinoamericana (Salamanca, Espa\u00f1a). Becario Furp. Secretario legislativo del Concejo Deliberante de Rosario. Presidente del Comit\u00e9 Nacional de la UCeDe.                        <\/div>\n\n                    <\/div>\n\n                <\/div><!-- .elementskit-card END -->\n\n                \n                <div class=\"elementskit-card \">\n                    <div class=\"elementskit-card-header\" id=\"primaryHeading-11-24fa749a\">\n                        <a href=\"#collapse-bdfd88869f0bd1b10170\" class=\"ekit-accordion--toggler elementskit-btn-link collapsed\" data-ekit-toggle=\"collapse\" data-target=\"#Collapse-bdfd88869f0bd1b10170\" aria-expanded=\"false\" aria-controls=\"Collapse-bdfd88869f0bd1b10170\">\n                            \n                            <span class=\"ekit-accordion-title\">Germ\u00e1n Mastrocola<\/span>\n\n                            \n                                <div class=\"ekit_accordion_icon_group\">\n                                    <div class=\"ekit_accordion_normal_icon\">\n                                        <!-- Normal Icon -->\n\t\t\t\t\t\t\t\t\t\t<i class=\"icon icon-plus\"><\/i>                                    <\/div>\n\n                                    <div class=\"ekit_accordion_active_icon\">\n                                        <!-- Active Icon -->\n\t\t\t\t\t\t\t\t\t\t<i class=\"icon icon-minus\"><\/i>                                    <\/div>\n                                <\/div>\n\n                            \n                                                    <\/a>\n                    <\/div>\n\n                    <div id=\"Collapse-bdfd88869f0bd1b10170\" class=\" collapse\" aria-labelledby=\"primaryHeading-11-24fa749a\" data-parent=\"#accordion-69f0bd1b10170\">\n\n                        <div class=\"elementskit-card-body ekit-accordion--content\">\n                            Vicepresidente 2do de la C\u00e1mara de Diputados de la Provincia de Santa Fe. Diputado de la Provincia de Santa Fe (2012-2015\/2015-2019). Dirigente sindical.                        <\/div>\n\n                    <\/div>\n\n                <\/div><!-- .elementskit-card END -->\n\n                \n                <div class=\"elementskit-card \">\n                    <div class=\"elementskit-card-header\" id=\"primaryHeading-12-24fa749a\">\n                        <a href=\"#collapse-4eccb0d69f0bd1b10170\" class=\"ekit-accordion--toggler elementskit-btn-link collapsed\" data-ekit-toggle=\"collapse\" data-target=\"#Collapse-4eccb0d69f0bd1b10170\" aria-expanded=\"false\" aria-controls=\"Collapse-4eccb0d69f0bd1b10170\">\n                            \n                            <span class=\"ekit-accordion-title\">Adri\u00e1n Menem<\/span>\n\n                            \n                                <div class=\"ekit_accordion_icon_group\">\n                                    <div class=\"ekit_accordion_normal_icon\">\n                                        <!-- Normal Icon -->\n\t\t\t\t\t\t\t\t\t\t<i class=\"icon icon-plus\"><\/i>                                    <\/div>\n\n                                    <div class=\"ekit_accordion_active_icon\">\n                                        <!-- Active Icon -->\n\t\t\t\t\t\t\t\t\t\t<i class=\"icon icon-minus\"><\/i>                                    <\/div>\n                                <\/div>\n\n                            \n                                                    <\/a>\n                    <\/div>\n\n                    <div id=\"Collapse-4eccb0d69f0bd1b10170\" class=\" collapse\" aria-labelledby=\"primaryHeading-12-24fa749a\" data-parent=\"#accordion-69f0bd1b10170\">\n\n                        <div class=\"elementskit-card-body ekit-accordion--content\">\n                            Abogado, TGC Consultora Jur\u00eddica. Diputado Nacional por la Provincia de La Rioja (2004-2007 \/ 2000-2003).                        <\/div>\n\n                    <\/div>\n\n                <\/div><!-- .elementskit-card END -->\n\n                \n                <div class=\"elementskit-card \">\n                    <div class=\"elementskit-card-header\" id=\"primaryHeading-13-24fa749a\">\n                        <a href=\"#collapse-7b0769569f0bd1b10170\" class=\"ekit-accordion--toggler elementskit-btn-link collapsed\" data-ekit-toggle=\"collapse\" data-target=\"#Collapse-7b0769569f0bd1b10170\" aria-expanded=\"false\" aria-controls=\"Collapse-7b0769569f0bd1b10170\">\n                            \n                            <span class=\"ekit-accordion-title\">Diego Naveira<\/span>\n\n                            \n                                <div class=\"ekit_accordion_icon_group\">\n                                    <div class=\"ekit_accordion_normal_icon\">\n                                        <!-- Normal Icon -->\n\t\t\t\t\t\t\t\t\t\t<i class=\"icon icon-plus\"><\/i>                                    <\/div>\n\n                                    <div class=\"ekit_accordion_active_icon\">\n                                        <!-- Active Icon -->\n\t\t\t\t\t\t\t\t\t\t<i class=\"icon icon-minus\"><\/i>                                    <\/div>\n                                <\/div>\n\n                            \n                                                    <\/a>\n                    <\/div>\n\n                    <div id=\"Collapse-7b0769569f0bd1b10170\" class=\" collapse\" aria-labelledby=\"primaryHeading-13-24fa749a\" data-parent=\"#accordion-69f0bd1b10170\">\n\n                        <div class=\"elementskit-card-body ekit-accordion--content\">\n                            Abogado (UCA). Postgrado en Derecho Ambiental (Universidad Cat\u00f3lica Argentina). Master en Gerencia y Pol\u00edtica Ambiental (Lund, Suecia). Fue asesor Legislativo y asesor del Gabinete del Procurador General de la Ciudad de Buenos Aires (2007-2009).\n                        <\/div>\n\n                    <\/div>\n\n                <\/div><!-- .elementskit-card END -->\n\n                \n                <div class=\"elementskit-card \">\n                    <div class=\"elementskit-card-header\" id=\"primaryHeading-14-24fa749a\">\n                        <a href=\"#collapse-790283f69f0bd1b10170\" class=\"ekit-accordion--toggler elementskit-btn-link collapsed\" data-ekit-toggle=\"collapse\" data-target=\"#Collapse-790283f69f0bd1b10170\" aria-expanded=\"false\" aria-controls=\"Collapse-790283f69f0bd1b10170\">\n                            \n                            <span class=\"ekit-accordion-title\">Francisco Quintana<\/span>\n\n                            \n                                <div class=\"ekit_accordion_icon_group\">\n                                    <div class=\"ekit_accordion_normal_icon\">\n                                        <!-- Normal Icon -->\n\t\t\t\t\t\t\t\t\t\t<i class=\"icon icon-plus\"><\/i>                                    <\/div>\n\n                                    <div class=\"ekit_accordion_active_icon\">\n                                        <!-- Active Icon -->\n\t\t\t\t\t\t\t\t\t\t<i class=\"icon icon-minus\"><\/i>                                    <\/div>\n                                <\/div>\n\n                            \n                                                    <\/a>\n                    <\/div>\n\n                    <div id=\"Collapse-790283f69f0bd1b10170\" class=\" collapse\" aria-labelledby=\"primaryHeading-14-24fa749a\" data-parent=\"#accordion-69f0bd1b10170\">\n\n                        <div class=\"elementskit-card-body ekit-accordion--content\">\n                            Abogado. Diputado de la Ciudad Aut\u00f3noma de Buenos Aires (2011-2015 \/ 2015-2019). Vicepresidente primero de la Legislatura de la Ciudad de Buenos Aires. Secretario General del Partido PRO. Ha ocupado diversos cargos en el Gobierno de la Ciudad de Buenos Aires.                        <\/div>\n\n                    <\/div>\n\n                <\/div><!-- .elementskit-card END -->\n\n                \n                <div class=\"elementskit-card \">\n                    <div class=\"elementskit-card-header\" id=\"primaryHeading-15-24fa749a\">\n                        <a href=\"#collapse-a4181d569f0bd1b10170\" class=\"ekit-accordion--toggler elementskit-btn-link collapsed\" data-ekit-toggle=\"collapse\" data-target=\"#Collapse-a4181d569f0bd1b10170\" aria-expanded=\"false\" aria-controls=\"Collapse-a4181d569f0bd1b10170\">\n                            \n                            <span class=\"ekit-accordion-title\">Dami\u00e1n Specter<\/span>\n\n                            \n                                <div class=\"ekit_accordion_icon_group\">\n                                    <div class=\"ekit_accordion_normal_icon\">\n                                        <!-- Normal Icon -->\n\t\t\t\t\t\t\t\t\t\t<i class=\"icon icon-plus\"><\/i>                                    <\/div>\n\n                                    <div class=\"ekit_accordion_active_icon\">\n                                        <!-- Active Icon -->\n\t\t\t\t\t\t\t\t\t\t<i class=\"icon icon-minus\"><\/i>                                    <\/div>\n                                <\/div>\n\n                            \n                                                    <\/a>\n                    <\/div>\n\n                    <div id=\"Collapse-a4181d569f0bd1b10170\" class=\" collapse\" aria-labelledby=\"primaryHeading-15-24fa749a\" data-parent=\"#accordion-69f0bd1b10170\">\n\n                        <div class=\"elementskit-card-body ekit-accordion--content\">\n                            Licenciado en Comunicaci\u00f3n Social con especializaci\u00f3n en marketing y planificaci\u00f3n. Especialista en dise\u00f1o de estrategias de atracci\u00f3n de inversiones y desarrollo de nuevas centralidades productivas en ciudades. Consultor. Fue Director General de Promoci\u00f3n de Inversiones, Ministerio de Desarrollo Econ\u00f3mico de la Ciudad de Buenos Aires (2007-2015).                        <\/div>\n\n                    <\/div>\n\n                <\/div><!-- .elementskit-card END -->\n\n                \n                <div class=\"elementskit-card \">\n                    <div class=\"elementskit-card-header\" id=\"primaryHeading-16-24fa749a\">\n                        <a href=\"#collapse-581651d69f0bd1b10170\" class=\"ekit-accordion--toggler elementskit-btn-link collapsed\" data-ekit-toggle=\"collapse\" data-target=\"#Collapse-581651d69f0bd1b10170\" aria-expanded=\"false\" aria-controls=\"Collapse-581651d69f0bd1b10170\">\n                            \n                            <span class=\"ekit-accordion-title\">Jos\u00e9 Urtubey<\/span>\n\n                            \n                                <div class=\"ekit_accordion_icon_group\">\n                                    <div class=\"ekit_accordion_normal_icon\">\n                                        <!-- Normal Icon -->\n\t\t\t\t\t\t\t\t\t\t<i class=\"icon icon-plus\"><\/i>                                    <\/div>\n\n                                    <div class=\"ekit_accordion_active_icon\">\n                                        <!-- Active Icon -->\n\t\t\t\t\t\t\t\t\t\t<i class=\"icon icon-minus\"><\/i>                                    <\/div>\n                                <\/div>\n\n                            \n                                                    <\/a>\n                    <\/div>\n\n                    <div id=\"Collapse-581651d69f0bd1b10170\" class=\" collapse\" aria-labelledby=\"primaryHeading-16-24fa749a\" data-parent=\"#accordion-69f0bd1b10170\">\n\n                        <div class=\"elementskit-card-body ekit-accordion--content\">\n                            Abogado (Universidad Cat\u00f3lica Argentina). Magister en Derecho Administrativo de la Universidad Austral. Es miembro del Comit\u00e9 Ejecutivo de la Uni\u00f3n Industrial Argentina (UIA); miembro del Comit\u00e9 Asesor Foresto-Industrial de la Food and Agriculture Organization (FAO) de las Naciones Unidas; y miembro del Comit\u00e9 Asesor del Consejo Empresario Argentino para el Desarrollo Sustentable (CEADS).                        <\/div>\n\n                    <\/div>\n\n                <\/div><!-- .elementskit-card END -->\n\n                                        <\/div>\n    <\/div>\t\t\t\t<\/div>\n\t\t\t\t<\/div>\n\t\t\t\t\t<\/div>\n\t\t<\/div>\n\t\t\t\t<div class=\"elementor-column elementor-col-25 elementor-top-column elementor-element elementor-element-622119ca\" data-id=\"622119ca\" data-element_type=\"column\" data-e-type=\"column\">\n\t\t\t<div class=\"elementor-widget-wrap elementor-element-populated\">\n\t\t\t\t\t\t<div class=\"elementor-element elementor-element-66bacfca elementor-widget elementor-widget-elementskit-accordion\" data-id=\"66bacfca\" data-element_type=\"widget\" data-e-type=\"widget\" data-widget_type=\"elementskit-accordion.default\">\n\t\t\t\t<div class=\"elementor-widget-container\">\n\t\t\t\t\t<div class=\"ekit-wid-con\" >\n        <div class=\"elementskit-accordion accoedion-primary\" id=\"accordion-69f0bd1b10ab4\">\n\n            \n                <div class=\"elementskit-card \">\n                    <div class=\"elementskit-card-header\" id=\"primaryHeading-0-66bacfca\">\n                        <a href=\"#collapse-c29457c69f0bd1b10ab4\" class=\"ekit-accordion--toggler elementskit-btn-link collapsed\" data-ekit-toggle=\"collapse\" data-target=\"#Collapse-c29457c69f0bd1b10ab4\" aria-expanded=\"false\" aria-controls=\"Collapse-c29457c69f0bd1b10ab4\">\n                            \n                            <span class=\"ekit-accordion-title\">Carlos Aguinaga<\/span>\n\n                            \n                                <div class=\"ekit_accordion_icon_group\">\n                                    <div class=\"ekit_accordion_normal_icon\">\n                                        <!-- Normal Icon -->\n\t\t\t\t\t\t\t\t\t\t<i class=\"icon icon-plus\"><\/i>                                    <\/div>\n\n                                    <div class=\"ekit_accordion_active_icon\">\n                                        <!-- Active Icon -->\n\t\t\t\t\t\t\t\t\t\t<i class=\"icon icon-minus\"><\/i>                                    <\/div>\n                                <\/div>\n\n                            \n                                                    <\/a>\n                    <\/div>\n\n                    <div id=\"Collapse-c29457c69f0bd1b10ab4\" class=\" collapse\" aria-labelledby=\"primaryHeading-0-66bacfca\" data-parent=\"#accordion-69f0bd1b10ab4\">\n\n                        <div class=\"elementskit-card-body ekit-accordion--content\">\n                            Abogado. Profesor universitario. Senador de la Provincia de Mendoza (2010-2013) y presidente del bloque Dem\u00f3crata.                        <\/div>\n\n                    <\/div>\n\n                <\/div><!-- .elementskit-card END -->\n\n                \n                <div class=\"elementskit-card \">\n                    <div class=\"elementskit-card-header\" id=\"primaryHeading-1-66bacfca\">\n                        <a href=\"#collapse-a015de469f0bd1b10ab4\" class=\"ekit-accordion--toggler elementskit-btn-link collapsed\" data-ekit-toggle=\"collapse\" data-target=\"#Collapse-a015de469f0bd1b10ab4\" aria-expanded=\"false\" aria-controls=\"Collapse-a015de469f0bd1b10ab4\">\n                            \n                            <span class=\"ekit-accordion-title\">Cesira Arcando<\/span>\n\n                            \n                                <div class=\"ekit_accordion_icon_group\">\n                                    <div class=\"ekit_accordion_normal_icon\">\n                                        <!-- Normal Icon -->\n\t\t\t\t\t\t\t\t\t\t<i class=\"icon icon-plus\"><\/i>                                    <\/div>\n\n                                    <div class=\"ekit_accordion_active_icon\">\n                                        <!-- Active Icon -->\n\t\t\t\t\t\t\t\t\t\t<i class=\"icon icon-minus\"><\/i>                                    <\/div>\n                                <\/div>\n\n                            \n                                                    <\/a>\n                    <\/div>\n\n                    <div id=\"Collapse-a015de469f0bd1b10ab4\" class=\" collapse\" aria-labelledby=\"primaryHeading-1-66bacfca\" data-parent=\"#accordion-69f0bd1b10ab4\">\n\n                        <div class=\"elementskit-card-body ekit-accordion--content\">\n                            Abogada. Diputada provincial en Santa Fe (2016-2019). Responsable del Partido Fe y representante de la UATRE en la Provincia de Santa Fe.                        <\/div>\n\n                    <\/div>\n\n                <\/div><!-- .elementskit-card END -->\n\n                \n                <div class=\"elementskit-card \">\n                    <div class=\"elementskit-card-header\" id=\"primaryHeading-2-66bacfca\">\n                        <a href=\"#collapse-d17726669f0bd1b10ab4\" class=\"ekit-accordion--toggler elementskit-btn-link collapsed\" data-ekit-toggle=\"collapse\" data-target=\"#Collapse-d17726669f0bd1b10ab4\" aria-expanded=\"false\" aria-controls=\"Collapse-d17726669f0bd1b10ab4\">\n                            \n                            <span class=\"ekit-accordion-title\">Gustavo Ruben Cairo<\/span>\n\n                            \n                                <div class=\"ekit_accordion_icon_group\">\n                                    <div class=\"ekit_accordion_normal_icon\">\n                                        <!-- Normal Icon -->\n\t\t\t\t\t\t\t\t\t\t<i class=\"icon icon-plus\"><\/i>                                    <\/div>\n\n                                    <div class=\"ekit_accordion_active_icon\">\n                                        <!-- Active Icon -->\n\t\t\t\t\t\t\t\t\t\t<i class=\"icon icon-minus\"><\/i>                                    <\/div>\n                                <\/div>\n\n                            \n                                                    <\/a>\n                    <\/div>\n\n                    <div id=\"Collapse-d17726669f0bd1b10ab4\" class=\" collapse\" aria-labelledby=\"primaryHeading-2-66bacfca\" data-parent=\"#accordion-69f0bd1b10ab4\">\n\n                        <div class=\"elementskit-card-body ekit-accordion--content\">\n                            Abogado. Diputado Provincial (2019-2023). Senador por la Provincia de Mendoza (2011-2015). Concejal de San Mart\u00edn, Mendoza (1999-2003). Profesor de Derecho Constitucional.                        <\/div>\n\n                    <\/div>\n\n                <\/div><!-- .elementskit-card END -->\n\n                \n                <div class=\"elementskit-card \">\n                    <div class=\"elementskit-card-header\" id=\"primaryHeading-3-66bacfca\">\n                        <a href=\"#collapse-7b2b35a69f0bd1b10ab4\" class=\"ekit-accordion--toggler elementskit-btn-link collapsed\" data-ekit-toggle=\"collapse\" data-target=\"#Collapse-7b2b35a69f0bd1b10ab4\" aria-expanded=\"false\" aria-controls=\"Collapse-7b2b35a69f0bd1b10ab4\">\n                            \n                            <span class=\"ekit-accordion-title\">Juan De Dios Cincunegui<\/span>\n\n                            \n                                <div class=\"ekit_accordion_icon_group\">\n                                    <div class=\"ekit_accordion_normal_icon\">\n                                        <!-- Normal Icon -->\n\t\t\t\t\t\t\t\t\t\t<i class=\"icon icon-plus\"><\/i>                                    <\/div>\n\n                                    <div class=\"ekit_accordion_active_icon\">\n                                        <!-- Active Icon -->\n\t\t\t\t\t\t\t\t\t\t<i class=\"icon icon-minus\"><\/i>                                    <\/div>\n                                <\/div>\n\n                            \n                                                    <\/a>\n                    <\/div>\n\n                    <div id=\"Collapse-7b2b35a69f0bd1b10ab4\" class=\" collapse\" aria-labelledby=\"primaryHeading-3-66bacfca\" data-parent=\"#accordion-69f0bd1b10ab4\">\n\n                        <div class=\"elementskit-card-body ekit-accordion--content\">\n                            Abogado (Universidad Cat\u00f3lica Argentina). Magister en Derecho Administrativo (Universidad Austral). Director General de Diplomacia Parlamentaria, Cooperaci\u00f3n Internacional y Culto de la Honorable C\u00e1mara de Diputados de la Naci\u00f3n.                        <\/div>\n\n                    <\/div>\n\n                <\/div><!-- .elementskit-card END -->\n\n                \n                <div class=\"elementskit-card \">\n                    <div class=\"elementskit-card-header\" id=\"primaryHeading-4-66bacfca\">\n                        <a href=\"#collapse-716049669f0bd1b10ab4\" class=\"ekit-accordion--toggler elementskit-btn-link collapsed\" data-ekit-toggle=\"collapse\" data-target=\"#Collapse-716049669f0bd1b10ab4\" aria-expanded=\"false\" aria-controls=\"Collapse-716049669f0bd1b10ab4\">\n                            \n                            <span class=\"ekit-accordion-title\">Alejandro De Oto Gilotaux<\/span>\n\n                            \n                                <div class=\"ekit_accordion_icon_group\">\n                                    <div class=\"ekit_accordion_normal_icon\">\n                                        <!-- Normal Icon -->\n\t\t\t\t\t\t\t\t\t\t<i class=\"icon icon-plus\"><\/i>                                    <\/div>\n\n                                    <div class=\"ekit_accordion_active_icon\">\n                                        <!-- Active Icon -->\n\t\t\t\t\t\t\t\t\t\t<i class=\"icon icon-minus\"><\/i>                                    <\/div>\n                                <\/div>\n\n                            \n                                                    <\/a>\n                    <\/div>\n\n                    <div id=\"Collapse-716049669f0bd1b10ab4\" class=\" collapse\" aria-labelledby=\"primaryHeading-4-66bacfca\" data-parent=\"#accordion-69f0bd1b10ab4\">\n\n                        <div class=\"elementskit-card-body ekit-accordion--content\">\n                            Director del Colegio Los Robles. Fue profesor de Filosof\u00eda y Ciencias de la Educaci\u00f3n por el Profesorado del CONSUDEC.                        <\/div>\n\n                    <\/div>\n\n                <\/div><!-- .elementskit-card END -->\n\n                \n                <div class=\"elementskit-card \">\n                    <div class=\"elementskit-card-header\" id=\"primaryHeading-5-66bacfca\">\n                        <a href=\"#collapse-a71805069f0bd1b10ab4\" class=\"ekit-accordion--toggler elementskit-btn-link collapsed\" data-ekit-toggle=\"collapse\" data-target=\"#Collapse-a71805069f0bd1b10ab4\" aria-expanded=\"false\" aria-controls=\"Collapse-a71805069f0bd1b10ab4\">\n                            \n                            <span class=\"ekit-accordion-title\">Soher El Sukaria<\/span>\n\n                            \n                                <div class=\"ekit_accordion_icon_group\">\n                                    <div class=\"ekit_accordion_normal_icon\">\n                                        <!-- Normal Icon -->\n\t\t\t\t\t\t\t\t\t\t<i class=\"icon icon-plus\"><\/i>                                    <\/div>\n\n                                    <div class=\"ekit_accordion_active_icon\">\n                                        <!-- Active Icon -->\n\t\t\t\t\t\t\t\t\t\t<i class=\"icon icon-minus\"><\/i>                                    <\/div>\n                                <\/div>\n\n                            \n                                                    <\/a>\n                    <\/div>\n\n                    <div id=\"Collapse-a71805069f0bd1b10ab4\" class=\" collapse\" aria-labelledby=\"primaryHeading-5-66bacfca\" data-parent=\"#accordion-69f0bd1b10ab4\">\n\n                        <div class=\"elementskit-card-body ekit-accordion--content\">\n                            Abogada. Magister en Relaciones Internacionales: Mediterr\u00e1neo, Mundo \u00c1rabe, Iberoam\u00e9rica y Europa (Universidad Internacional de Andaluc\u00eda). Legisladora Provincial en la Provincia de C\u00f3rdoba (2015-1019). Presidenta de PRO Ciudad de C\u00f3rdoba.                        <\/div>\n\n                    <\/div>\n\n                <\/div><!-- .elementskit-card END -->\n\n                \n                <div class=\"elementskit-card \">\n                    <div class=\"elementskit-card-header\" id=\"primaryHeading-6-66bacfca\">\n                        <a href=\"#collapse-a0d36e069f0bd1b10ab4\" class=\"ekit-accordion--toggler elementskit-btn-link collapsed\" data-ekit-toggle=\"collapse\" data-target=\"#Collapse-a0d36e069f0bd1b10ab4\" aria-expanded=\"false\" aria-controls=\"Collapse-a0d36e069f0bd1b10ab4\">\n                            \n                            <span class=\"ekit-accordion-title\">Gustavo Ferri<\/span>\n\n                            \n                                <div class=\"ekit_accordion_icon_group\">\n                                    <div class=\"ekit_accordion_normal_icon\">\n                                        <!-- Normal Icon -->\n\t\t\t\t\t\t\t\t\t\t<i class=\"icon icon-plus\"><\/i>                                    <\/div>\n\n                                    <div class=\"ekit_accordion_active_icon\">\n                                        <!-- Active Icon -->\n\t\t\t\t\t\t\t\t\t\t<i class=\"icon icon-minus\"><\/i>                                    <\/div>\n                                <\/div>\n\n                            \n                                                    <\/a>\n                    <\/div>\n\n                    <div id=\"Collapse-a0d36e069f0bd1b10ab4\" class=\" collapse\" aria-labelledby=\"primaryHeading-6-66bacfca\" data-parent=\"#accordion-69f0bd1b10ab4\">\n\n                        <div class=\"elementskit-card-body ekit-accordion--content\">\n                            Abogado. Asesor externo de la Municipalidad de Lomas de Zamora. Diputado de la Provincia de Buenos Aires (2010-2013). Diputado Nacional por la Provincia de Buenos Aires (2004-2007).                        <\/div>\n\n                    <\/div>\n\n                <\/div><!-- .elementskit-card END -->\n\n                \n                <div class=\"elementskit-card \">\n                    <div class=\"elementskit-card-header\" id=\"primaryHeading-7-66bacfca\">\n                        <a href=\"#collapse-6405c2869f0bd1b10ab4\" class=\"ekit-accordion--toggler elementskit-btn-link collapsed\" data-ekit-toggle=\"collapse\" data-target=\"#Collapse-6405c2869f0bd1b10ab4\" aria-expanded=\"false\" aria-controls=\"Collapse-6405c2869f0bd1b10ab4\">\n                            \n                            <span class=\"ekit-accordion-title\">Marcos Hilding Ohlsson<\/span>\n\n                            \n                                <div class=\"ekit_accordion_icon_group\">\n                                    <div class=\"ekit_accordion_normal_icon\">\n                                        <!-- Normal Icon -->\n\t\t\t\t\t\t\t\t\t\t<i class=\"icon icon-plus\"><\/i>                                    <\/div>\n\n                                    <div class=\"ekit_accordion_active_icon\">\n                                        <!-- Active Icon -->\n\t\t\t\t\t\t\t\t\t\t<i class=\"icon icon-minus\"><\/i>                                    <\/div>\n                                <\/div>\n\n                            \n                                                    <\/a>\n                    <\/div>\n\n                    <div id=\"Collapse-6405c2869f0bd1b10ab4\" class=\" collapse\" aria-labelledby=\"primaryHeading-7-66bacfca\" data-parent=\"#accordion-69f0bd1b10ab4\">\n\n                        <div class=\"elementskit-card-body ekit-accordion--content\">\n                            Licenciado en Econom\u00eda. Concejal por el Partido de San Isidro (2010-2013\/2014-2017). Master en Econom\u00eda Internacional (JIBS, Suecia). Investigador de la Fundaci\u00f3n Libertad y Progreso. Profesor de Econom\u00eda Internacional en ESEADE.                        <\/div>\n\n                    <\/div>\n\n                <\/div><!-- .elementskit-card END -->\n\n                \n                <div class=\"elementskit-card \">\n                    <div class=\"elementskit-card-header\" id=\"primaryHeading-8-66bacfca\">\n                        <a href=\"#collapse-6a5738769f0bd1b10ab4\" class=\"ekit-accordion--toggler elementskit-btn-link collapsed\" data-ekit-toggle=\"collapse\" data-target=\"#Collapse-6a5738769f0bd1b10ab4\" aria-expanded=\"false\" aria-controls=\"Collapse-6a5738769f0bd1b10ab4\">\n                            \n                            <span class=\"ekit-accordion-title\">Luciano Laspina<\/span>\n\n                            \n                                <div class=\"ekit_accordion_icon_group\">\n                                    <div class=\"ekit_accordion_normal_icon\">\n                                        <!-- Normal Icon -->\n\t\t\t\t\t\t\t\t\t\t<i class=\"icon icon-plus\"><\/i>                                    <\/div>\n\n                                    <div class=\"ekit_accordion_active_icon\">\n                                        <!-- Active Icon -->\n\t\t\t\t\t\t\t\t\t\t<i class=\"icon icon-minus\"><\/i>                                    <\/div>\n                                <\/div>\n\n                            \n                                                    <\/a>\n                    <\/div>\n\n                    <div id=\"Collapse-6a5738769f0bd1b10ab4\" class=\" collapse\" aria-labelledby=\"primaryHeading-8-66bacfca\" data-parent=\"#accordion-69f0bd1b10ab4\">\n\n                        <div class=\"elementskit-card-body ekit-accordion--content\">\n                            Licenciado en Econom\u00eda (UNR). Master en Econom\u00eda (CEMA). Diputado de la Naci\u00f3n (2015-2017 \/ 2017-2021) por la Provincia de Santa Fe. Presidente de la Comisi\u00f3n de Presupuesto y Hacienda. Economista Jefe del Banco de la Ciudad de Buenos Aires (en uso de licencia). Fue asesor del Presidente del Banco Central de la Rep\u00fablica Argentina y miembro de la Secretar\u00eda de Pol\u00edtica Econ\u00f3mica del Ministerio de Econom\u00eda de la Naci\u00f3n.                        <\/div>\n\n                    <\/div>\n\n                <\/div><!-- .elementskit-card END -->\n\n                \n                <div class=\"elementskit-card \">\n                    <div class=\"elementskit-card-header\" id=\"primaryHeading-9-66bacfca\">\n                        <a href=\"#collapse-e4937c369f0bd1b10ab4\" class=\"ekit-accordion--toggler elementskit-btn-link collapsed\" data-ekit-toggle=\"collapse\" data-target=\"#Collapse-e4937c369f0bd1b10ab4\" aria-expanded=\"false\" aria-controls=\"Collapse-e4937c369f0bd1b10ab4\">\n                            \n                            <span class=\"ekit-accordion-title\">Cecilia Lucca<\/span>\n\n                            \n                                <div class=\"ekit_accordion_icon_group\">\n                                    <div class=\"ekit_accordion_normal_icon\">\n                                        <!-- Normal Icon -->\n\t\t\t\t\t\t\t\t\t\t<i class=\"icon icon-plus\"><\/i>                                    <\/div>\n\n                                    <div class=\"ekit_accordion_active_icon\">\n                                        <!-- Active Icon -->\n\t\t\t\t\t\t\t\t\t\t<i class=\"icon icon-minus\"><\/i>                                    <\/div>\n                                <\/div>\n\n                            \n                                                    <\/a>\n                    <\/div>\n\n                    <div id=\"Collapse-e4937c369f0bd1b10ab4\" class=\" collapse\" aria-labelledby=\"primaryHeading-9-66bacfca\" data-parent=\"#accordion-69f0bd1b10ab4\">\n\n                        <div class=\"elementskit-card-body ekit-accordion--content\">\n                            Licenciada en Ciencia Pol\u00edtica. Postgrado en Tercer Sector. Es funcionaria de la Secretar\u00eda de Empleo de la Naci\u00f3n. Fue Secretaria de Modernizaci\u00f3n del Municipio de Pilar. Ex Directora general de asuntos interjurisdiccionales del Ministerio de Gobierno de la CABA. Ex Asesora Legislativa en C\u00e1mara de Diputados de la Naci\u00f3n.                        <\/div>\n\n                    <\/div>\n\n                <\/div><!-- .elementskit-card END -->\n\n                \n                <div class=\"elementskit-card \">\n                    <div class=\"elementskit-card-header\" id=\"primaryHeading-10-66bacfca\">\n                        <a href=\"#collapse-2bbba2369f0bd1b10ab4\" class=\"ekit-accordion--toggler elementskit-btn-link collapsed\" data-ekit-toggle=\"collapse\" data-target=\"#Collapse-2bbba2369f0bd1b10ab4\" aria-expanded=\"false\" aria-controls=\"Collapse-2bbba2369f0bd1b10ab4\">\n                            \n                            <span class=\"ekit-accordion-title\">Ana Laura Mart\u00ednez<\/span>\n\n                            \n                                <div class=\"ekit_accordion_icon_group\">\n                                    <div class=\"ekit_accordion_normal_icon\">\n                                        <!-- Normal Icon -->\n\t\t\t\t\t\t\t\t\t\t<i class=\"icon icon-plus\"><\/i>                                    <\/div>\n\n                                    <div class=\"ekit_accordion_active_icon\">\n                                        <!-- Active Icon -->\n\t\t\t\t\t\t\t\t\t\t<i class=\"icon icon-minus\"><\/i>                                    <\/div>\n                                <\/div>\n\n                            \n                                                    <\/a>\n                    <\/div>\n\n                    <div id=\"Collapse-2bbba2369f0bd1b10ab4\" class=\" collapse\" aria-labelledby=\"primaryHeading-10-66bacfca\" data-parent=\"#accordion-69f0bd1b10ab4\">\n\n                        <div class=\"elementskit-card-body ekit-accordion--content\">\n                            Concejal Municipal por Rosario (2017 - 2021) y Vicepresidenta segunda del PRO. Anteriormente fue Diputada Nacional (2015 - 2017).\n                        <\/div>\n\n                    <\/div>\n\n                <\/div><!-- .elementskit-card END -->\n\n                \n                <div class=\"elementskit-card \">\n                    <div class=\"elementskit-card-header\" id=\"primaryHeading-11-66bacfca\">\n                        <a href=\"#collapse-9dde6c169f0bd1b10ab4\" class=\"ekit-accordion--toggler elementskit-btn-link collapsed\" data-ekit-toggle=\"collapse\" data-target=\"#Collapse-9dde6c169f0bd1b10ab4\" aria-expanded=\"false\" aria-controls=\"Collapse-9dde6c169f0bd1b10ab4\">\n                            \n                            <span class=\"ekit-accordion-title\">Nicol\u00e1s Mattiauda<\/span>\n\n                            \n                                <div class=\"ekit_accordion_icon_group\">\n                                    <div class=\"ekit_accordion_normal_icon\">\n                                        <!-- Normal Icon -->\n\t\t\t\t\t\t\t\t\t\t<i class=\"icon icon-plus\"><\/i>                                    <\/div>\n\n                                    <div class=\"ekit_accordion_active_icon\">\n                                        <!-- Active Icon -->\n\t\t\t\t\t\t\t\t\t\t<i class=\"icon icon-minus\"><\/i>                                    <\/div>\n                                <\/div>\n\n                            \n                                                    <\/a>\n                    <\/div>\n\n                    <div id=\"Collapse-9dde6c169f0bd1b10ab4\" class=\" collapse\" aria-labelledby=\"primaryHeading-11-66bacfca\" data-parent=\"#accordion-69f0bd1b10ab4\">\n\n                        <div class=\"elementskit-card-body ekit-accordion--content\">\n                            Ingeniero Zootecnista. Magister en zootecnia y medio ambiente (Universit\u00e0 del Molise, Italia). Senador de la Provincia de Entre R\u00edos (2015-2019). Dirigente agropecuario en la Provincia de Entre R\u00edos.                        <\/div>\n\n                    <\/div>\n\n                <\/div><!-- .elementskit-card END -->\n\n                \n                <div class=\"elementskit-card \">\n                    <div class=\"elementskit-card-header\" id=\"primaryHeading-12-66bacfca\">\n                        <a href=\"#collapse-9b373e969f0bd1b10ab4\" class=\"ekit-accordion--toggler elementskit-btn-link collapsed\" data-ekit-toggle=\"collapse\" data-target=\"#Collapse-9b373e969f0bd1b10ab4\" aria-expanded=\"false\" aria-controls=\"Collapse-9b373e969f0bd1b10ab4\">\n                            \n                            <span class=\"ekit-accordion-title\">Victoria Morales Gorleri<\/span>\n\n                            \n                                <div class=\"ekit_accordion_icon_group\">\n                                    <div class=\"ekit_accordion_normal_icon\">\n                                        <!-- Normal Icon -->\n\t\t\t\t\t\t\t\t\t\t<i class=\"icon icon-plus\"><\/i>                                    <\/div>\n\n                                    <div class=\"ekit_accordion_active_icon\">\n                                        <!-- Active Icon -->\n\t\t\t\t\t\t\t\t\t\t<i class=\"icon icon-minus\"><\/i>                                    <\/div>\n                                <\/div>\n\n                            \n                                                    <\/a>\n                    <\/div>\n\n                    <div id=\"Collapse-9b373e969f0bd1b10ab4\" class=\" collapse\" aria-labelledby=\"primaryHeading-12-66bacfca\" data-parent=\"#accordion-69f0bd1b10ab4\">\n\n                        <div class=\"elementskit-card-body ekit-accordion--content\">\n                            Docente. Subsecretaria de Responsabilidad Social, Ministerio de Desarrollo Social de la Naci\u00f3n. Diputada de la Ciudad de Buenos Aires (2008-2011\/2012-2015).                        <\/div>\n\n                    <\/div>\n\n                <\/div><!-- .elementskit-card END -->\n\n                \n                <div class=\"elementskit-card \">\n                    <div class=\"elementskit-card-header\" id=\"primaryHeading-13-66bacfca\">\n                        <a href=\"#collapse-f9d67e369f0bd1b10ab4\" class=\"ekit-accordion--toggler elementskit-btn-link collapsed\" data-ekit-toggle=\"collapse\" data-target=\"#Collapse-f9d67e369f0bd1b10ab4\" aria-expanded=\"false\" aria-controls=\"Collapse-f9d67e369f0bd1b10ab4\">\n                            \n                            <span class=\"ekit-accordion-title\">Juli\u00e1n Mart\u00edn Obiglio<\/span>\n\n                            \n                                <div class=\"ekit_accordion_icon_group\">\n                                    <div class=\"ekit_accordion_normal_icon\">\n                                        <!-- Normal Icon -->\n\t\t\t\t\t\t\t\t\t\t<i class=\"icon icon-plus\"><\/i>                                    <\/div>\n\n                                    <div class=\"ekit_accordion_active_icon\">\n                                        <!-- Active Icon -->\n\t\t\t\t\t\t\t\t\t\t<i class=\"icon icon-minus\"><\/i>                                    <\/div>\n                                <\/div>\n\n                            \n                                                    <\/a>\n                    <\/div>\n\n                    <div id=\"Collapse-f9d67e369f0bd1b10ab4\" class=\" collapse\" aria-labelledby=\"primaryHeading-13-66bacfca\" data-parent=\"#accordion-69f0bd1b10ab4\">\n\n                        <div class=\"elementskit-card-body ekit-accordion--content\">\n                            Abogado. Master en Econom\u00eda y Derecho (ESEADE), y en Pol\u00edticas P\u00fablicas (FIIAPP, Espa\u00f1a). Director Ejecutivo de la Fundaci\u00f3n Nuevas Generaciones. Vicepresidente de la Uni\u00f3n de Partidos Latinoamericanos (UPLA) para los a\u00f1os 2016- 2017 y 2018-2020. Diputado Nacional por la Ciudad de Buenos Aires (2007-2009 \/ 2010-2013). Parlamentario del Mercosur (2007-2009 \/ 2012-2013).                        <\/div>\n\n                    <\/div>\n\n                <\/div><!-- .elementskit-card END -->\n\n                \n                <div class=\"elementskit-card \">\n                    <div class=\"elementskit-card-header\" id=\"primaryHeading-14-66bacfca\">\n                        <a href=\"#collapse-72c84de69f0bd1b10ab4\" class=\"ekit-accordion--toggler elementskit-btn-link collapsed\" data-ekit-toggle=\"collapse\" data-target=\"#Collapse-72c84de69f0bd1b10ab4\" aria-expanded=\"false\" aria-controls=\"Collapse-72c84de69f0bd1b10ab4\">\n                            \n                            <span class=\"ekit-accordion-title\">Shunko Rojas<\/span>\n\n                            \n                                <div class=\"ekit_accordion_icon_group\">\n                                    <div class=\"ekit_accordion_normal_icon\">\n                                        <!-- Normal Icon -->\n\t\t\t\t\t\t\t\t\t\t<i class=\"icon icon-plus\"><\/i>                                    <\/div>\n\n                                    <div class=\"ekit_accordion_active_icon\">\n                                        <!-- Active Icon -->\n\t\t\t\t\t\t\t\t\t\t<i class=\"icon icon-minus\"><\/i>                                    <\/div>\n                                <\/div>\n\n                            \n                                                    <\/a>\n                    <\/div>\n\n                    <div id=\"Collapse-72c84de69f0bd1b10ab4\" class=\" collapse\" aria-labelledby=\"primaryHeading-14-66bacfca\" data-parent=\"#accordion-69f0bd1b10ab4\">\n\n                        <div class=\"elementskit-card-body ekit-accordion--content\">\n                            Abogado (UBA). Doctor en Derecho de la Universidad de Harvard. Maestr\u00eda en pol\u00edtica internacional en la London School of Economics and Political Sciences (LSE). Ha sido Subsecretario de Comercio Internacional en el Ministerio de Producci\u00f3n y Trabajo de la Naci\u00f3n. Anteriormente trabaj\u00f3 en el BID y fue presidente de la Comisi\u00f3n Nacional de Comercio Exterior (CNCE).                        <\/div>\n\n                    <\/div>\n\n                <\/div><!-- .elementskit-card END -->\n\n                \n                <div class=\"elementskit-card \">\n                    <div class=\"elementskit-card-header\" id=\"primaryHeading-15-66bacfca\">\n                        <a href=\"#collapse-de4f20169f0bd1b10ab4\" class=\"ekit-accordion--toggler elementskit-btn-link collapsed\" data-ekit-toggle=\"collapse\" data-target=\"#Collapse-de4f20169f0bd1b10ab4\" aria-expanded=\"false\" aria-controls=\"Collapse-de4f20169f0bd1b10ab4\">\n                            \n                            <span class=\"ekit-accordion-title\">Ramiro Trezza<\/span>\n\n                            \n                                <div class=\"ekit_accordion_icon_group\">\n                                    <div class=\"ekit_accordion_normal_icon\">\n                                        <!-- Normal Icon -->\n\t\t\t\t\t\t\t\t\t\t<i class=\"icon icon-plus\"><\/i>                                    <\/div>\n\n                                    <div class=\"ekit_accordion_active_icon\">\n                                        <!-- Active Icon -->\n\t\t\t\t\t\t\t\t\t\t<i class=\"icon icon-minus\"><\/i>                                    <\/div>\n                                <\/div>\n\n                            \n                                                    <\/a>\n                    <\/div>\n\n                    <div id=\"Collapse-de4f20169f0bd1b10ab4\" class=\" collapse\" aria-labelledby=\"primaryHeading-15-66bacfca\" data-parent=\"#accordion-69f0bd1b10ab4\">\n\n                        <div class=\"elementskit-card-body ekit-accordion--content\">\n                            Abogado, Universidad Nacional de Lomas de Zamora. Concejal en la Municipalidad de Lomas de Zamora, Provincia de Buenos Aires (2014-2017 \/ 2017-2021). Candidato a intendente (2015). Miembro de la agrupaci\u00f3n Felipe Vallese.                        <\/div>\n\n                    <\/div>\n\n                <\/div><!-- .elementskit-card END -->\n\n                                        <\/div>\n    <\/div>\t\t\t\t<\/div>\n\t\t\t\t<\/div>\n\t\t\t\t\t<\/div>\n\t\t<\/div>\n\t\t\t\t<div class=\"elementor-column elementor-col-25 elementor-top-column elementor-element elementor-element-628cf3d6\" data-id=\"628cf3d6\" data-element_type=\"column\" data-e-type=\"column\">\n\t\t\t<div class=\"elementor-widget-wrap\">\n\t\t\t\t\t\t\t<\/div>\n\t\t<\/div>\n\t\t\t\t\t<\/div>\n\t\t<\/section>\n\t\t\t\t<section class=\"elementor-section elementor-top-section elementor-element elementor-element-3a00a074 elementor-section-boxed elementor-section-height-default elementor-section-height-default\" data-id=\"3a00a074\" data-element_type=\"section\" data-e-type=\"section\">\n\t\t\t\t\t\t<div class=\"elementor-container elementor-column-gap-default\">\n\t\t\t\t\t<div class=\"elementor-column elementor-col-25 elementor-top-column elementor-element elementor-element-2a977659\" data-id=\"2a977659\" data-element_type=\"column\" data-e-type=\"column\">\n\t\t\t<div class=\"elementor-widget-wrap\">\n\t\t\t\t\t\t\t<\/div>\n\t\t<\/div>\n\t\t\t\t<div class=\"elementor-column elementor-col-50 elementor-top-column elementor-element elementor-element-64e6bb6c\" data-id=\"64e6bb6c\" data-element_type=\"column\" data-e-type=\"column\">\n\t\t\t<div class=\"elementor-widget-wrap\">\n\t\t\t\t\t\t\t<\/div>\n\t\t<\/div>\n\t\t\t\t<div class=\"elementor-column elementor-col-25 elementor-top-column elementor-element elementor-element-475ab879\" data-id=\"475ab879\" data-element_type=\"column\" data-e-type=\"column\">\n\t\t\t<div class=\"elementor-widget-wrap\">\n\t\t\t\t\t\t\t<\/div>\n\t\t<\/div>\n\t\t\t\t\t<\/div>\n\t\t<\/section>\n\t\t\t\t<\/div>\n\t\t","protected":false},"excerpt":{"rendered":"<p>Consejo Generacional Es el n\u00facleo de la Fundaci\u00f3n. Se trata de dirigentes pol\u00edticos de generaci\u00f3n intermedia, que han nacido y desarrollado su vida en democracia, que han gozado de una destacada formaci\u00f3n acad\u00e9mica y que poseen importante experiencia en la pol\u00edtica, en la dirigencia gremial y\/o en la funci\u00f3n p\u00fablica. Tienen un rol central en&hellip;&nbsp;<\/p>\n","protected":false},"author":1,"featured_media":0,"parent":0,"menu_order":0,"comment_status":"closed","ping_status":"closed","template":"page-templates\/template-pagebuilder-full-width.php","meta":{"neve_meta_sidebar":"","neve_meta_container":"","neve_meta_enable_content_width":"off","neve_meta_content_width":100,"neve_meta_title_alignment":"","neve_meta_author_avatar":"","neve_post_elements_order":"","neve_meta_disable_header":"","neve_meta_disable_footer":"","neve_meta_disable_title":"","footnotes":""},"class_list":["post-17846","page","type-page","status-publish","hentry"],"yoast_head":"<!-- This site is optimized with the Yoast SEO plugin v27.4 - https:\/\/yoast.com\/product\/yoast-seo-wordpress\/ -->\n<title>Consejo generacional - Fundaci\u00f3n Nuevas Generaciones<\/title>\n<meta name=\"robots\" content=\"index, follow, max-snippet:-1, max-image-preview:large, max-video-preview:-1\" \/>\n<link rel=\"canonical\" href=\"https:\/\/nuevasgeneraciones.com.ar\/sitio\/consejo-generacional\/\" \/>\n<meta property=\"og:locale\" content=\"es_ES\" \/>\n<meta property=\"og:type\" content=\"article\" \/>\n<meta property=\"og:title\" content=\"Consejo generacional - Fundaci\u00f3n Nuevas Generaciones\" \/>\n<meta property=\"og:description\" content=\"Consejo Generacional Es el n\u00facleo de la Fundaci\u00f3n. Se trata de dirigentes pol\u00edticos de generaci\u00f3n intermedia, que han nacido y desarrollado su vida en democracia, que han gozado de una destacada formaci\u00f3n acad\u00e9mica y que poseen importante experiencia en la pol\u00edtica, en la dirigencia gremial y\/o en la funci\u00f3n p\u00fablica. Tienen un rol central en&hellip;&nbsp;\" \/>\n<meta property=\"og:url\" content=\"https:\/\/nuevasgeneraciones.com.ar\/sitio\/consejo-generacional\/\" \/>\n<meta property=\"og:site_name\" content=\"Fundaci\u00f3n Nuevas Generaciones\" \/>\n<meta property=\"article:modified_time\" content=\"2023-06-29T13:44:14+00:00\" \/>\n<meta name=\"twitter:card\" content=\"summary_large_image\" \/>\n<meta name=\"twitter:label1\" content=\"Tiempo de lectura\" \/>\n\t<meta name=\"twitter:data1\" content=\"7 minutos\" \/>\n<script type=\"application\/ld+json\" class=\"yoast-schema-graph\">{\"@context\":\"https:\\\/\\\/schema.org\",\"@graph\":[{\"@type\":\"WebPage\",\"@id\":\"https:\\\/\\\/nuevasgeneraciones.com.ar\\\/sitio\\\/consejo-generacional\\\/\",\"url\":\"https:\\\/\\\/nuevasgeneraciones.com.ar\\\/sitio\\\/consejo-generacional\\\/\",\"name\":\"Consejo generacional - Fundaci\u00f3n Nuevas Generaciones\",\"isPartOf\":{\"@id\":\"https:\\\/\\\/nuevasgeneraciones.com.ar\\\/sitio\\\/#website\"},\"datePublished\":\"2023-06-27T18:01:46+00:00\",\"dateModified\":\"2023-06-29T13:44:14+00:00\",\"breadcrumb\":{\"@id\":\"https:\\\/\\\/nuevasgeneraciones.com.ar\\\/sitio\\\/consejo-generacional\\\/#breadcrumb\"},\"inLanguage\":\"es-AR\",\"potentialAction\":[{\"@type\":\"ReadAction\",\"target\":[\"https:\\\/\\\/nuevasgeneraciones.com.ar\\\/sitio\\\/consejo-generacional\\\/\"]}]},{\"@type\":\"BreadcrumbList\",\"@id\":\"https:\\\/\\\/nuevasgeneraciones.com.ar\\\/sitio\\\/consejo-generacional\\\/#breadcrumb\",\"itemListElement\":[{\"@type\":\"ListItem\",\"position\":1,\"name\":\"Inicio\",\"item\":\"https:\\\/\\\/nuevasgeneraciones.com.ar\\\/sitio\\\/\"},{\"@type\":\"ListItem\",\"position\":2,\"name\":\"Consejo generacional\"}]},{\"@type\":\"WebSite\",\"@id\":\"https:\\\/\\\/nuevasgeneraciones.com.ar\\\/sitio\\\/#website\",\"url\":\"https:\\\/\\\/nuevasgeneraciones.com.ar\\\/sitio\\\/\",\"name\":\"Fundaci\u00f3n Nuevas Generaciones\",\"description\":\"\",\"publisher\":{\"@id\":\"https:\\\/\\\/nuevasgeneraciones.com.ar\\\/sitio\\\/#organization\"},\"potentialAction\":[{\"@type\":\"SearchAction\",\"target\":{\"@type\":\"EntryPoint\",\"urlTemplate\":\"https:\\\/\\\/nuevasgeneraciones.com.ar\\\/sitio\\\/?s={search_term_string}\"},\"query-input\":{\"@type\":\"PropertyValueSpecification\",\"valueRequired\":true,\"valueName\":\"search_term_string\"}}],\"inLanguage\":\"es-AR\"},{\"@type\":\"Organization\",\"@id\":\"https:\\\/\\\/nuevasgeneraciones.com.ar\\\/sitio\\\/#organization\",\"name\":\"Fundaci\u00f3n Nuevas Generaciones\",\"url\":\"https:\\\/\\\/nuevasgeneraciones.com.ar\\\/sitio\\\/\",\"logo\":{\"@type\":\"ImageObject\",\"inLanguage\":\"es-AR\",\"@id\":\"https:\\\/\\\/nuevasgeneraciones.com.ar\\\/sitio\\\/#\\\/schema\\\/logo\\\/image\\\/\",\"url\":\"https:\\\/\\\/nuevasgeneraciones.com.ar\\\/sitio\\\/wp-content\\\/uploads\\\/2023\\\/06\\\/logo-01.png\",\"contentUrl\":\"https:\\\/\\\/nuevasgeneraciones.com.ar\\\/sitio\\\/wp-content\\\/uploads\\\/2023\\\/06\\\/logo-01.png\",\"width\":593,\"height\":77,\"caption\":\"Fundaci\u00f3n Nuevas Generaciones\"},\"image\":{\"@id\":\"https:\\\/\\\/nuevasgeneraciones.com.ar\\\/sitio\\\/#\\\/schema\\\/logo\\\/image\\\/\"}}]}<\/script>\n<!-- \/ Yoast SEO plugin. -->","yoast_head_json":{"title":"Consejo generacional - Fundaci\u00f3n Nuevas Generaciones","robots":{"index":"index","follow":"follow","max-snippet":"max-snippet:-1","max-image-preview":"max-image-preview:large","max-video-preview":"max-video-preview:-1"},"canonical":"https:\/\/nuevasgeneraciones.com.ar\/sitio\/consejo-generacional\/","og_locale":"es_ES","og_type":"article","og_title":"Consejo generacional - Fundaci\u00f3n Nuevas Generaciones","og_description":"Consejo Generacional Es el n\u00facleo de la Fundaci\u00f3n. Se trata de dirigentes pol\u00edticos de generaci\u00f3n intermedia, que han nacido y desarrollado su vida en democracia, que han gozado de una destacada formaci\u00f3n acad\u00e9mica y que poseen importante experiencia en la pol\u00edtica, en la dirigencia gremial y\/o en la funci\u00f3n p\u00fablica. Tienen un rol central en&hellip;&nbsp;","og_url":"https:\/\/nuevasgeneraciones.com.ar\/sitio\/consejo-generacional\/","og_site_name":"Fundaci\u00f3n Nuevas Generaciones","article_modified_time":"2023-06-29T13:44:14+00:00","twitter_card":"summary_large_image","twitter_misc":{"Tiempo de lectura":"7 minutos"},"schema":{"@context":"https:\/\/schema.org","@graph":[{"@type":"WebPage","@id":"https:\/\/nuevasgeneraciones.com.ar\/sitio\/consejo-generacional\/","url":"https:\/\/nuevasgeneraciones.com.ar\/sitio\/consejo-generacional\/","name":"Consejo generacional - Fundaci\u00f3n Nuevas Generaciones","isPartOf":{"@id":"https:\/\/nuevasgeneraciones.com.ar\/sitio\/#website"},"datePublished":"2023-06-27T18:01:46+00:00","dateModified":"2023-06-29T13:44:14+00:00","breadcrumb":{"@id":"https:\/\/nuevasgeneraciones.com.ar\/sitio\/consejo-generacional\/#breadcrumb"},"inLanguage":"es-AR","potentialAction":[{"@type":"ReadAction","target":["https:\/\/nuevasgeneraciones.com.ar\/sitio\/consejo-generacional\/"]}]},{"@type":"BreadcrumbList","@id":"https:\/\/nuevasgeneraciones.com.ar\/sitio\/consejo-generacional\/#breadcrumb","itemListElement":[{"@type":"ListItem","position":1,"name":"Inicio","item":"https:\/\/nuevasgeneraciones.com.ar\/sitio\/"},{"@type":"ListItem","position":2,"name":"Consejo generacional"}]},{"@type":"WebSite","@id":"https:\/\/nuevasgeneraciones.com.ar\/sitio\/#website","url":"https:\/\/nuevasgeneraciones.com.ar\/sitio\/","name":"Fundaci\u00f3n Nuevas Generaciones","description":"","publisher":{"@id":"https:\/\/nuevasgeneraciones.com.ar\/sitio\/#organization"},"potentialAction":[{"@type":"SearchAction","target":{"@type":"EntryPoint","urlTemplate":"https:\/\/nuevasgeneraciones.com.ar\/sitio\/?s={search_term_string}"},"query-input":{"@type":"PropertyValueSpecification","valueRequired":true,"valueName":"search_term_string"}}],"inLanguage":"es-AR"},{"@type":"Organization","@id":"https:\/\/nuevasgeneraciones.com.ar\/sitio\/#organization","name":"Fundaci\u00f3n Nuevas Generaciones","url":"https:\/\/nuevasgeneraciones.com.ar\/sitio\/","logo":{"@type":"ImageObject","inLanguage":"es-AR","@id":"https:\/\/nuevasgeneraciones.com.ar\/sitio\/#\/schema\/logo\/image\/","url":"https:\/\/nuevasgeneraciones.com.ar\/sitio\/wp-content\/uploads\/2023\/06\/logo-01.png","contentUrl":"https:\/\/nuevasgeneraciones.com.ar\/sitio\/wp-content\/uploads\/2023\/06\/logo-01.png","width":593,"height":77,"caption":"Fundaci\u00f3n Nuevas Generaciones"},"image":{"@id":"https:\/\/nuevasgeneraciones.com.ar\/sitio\/#\/schema\/logo\/image\/"}}]}},"_links":{"self":[{"href":"https:\/\/nuevasgeneraciones.com.ar\/sitio\/wp-json\/wp\/v2\/pages\/17846","targetHints":{"allow":["GET"]}}],"collection":[{"href":"https:\/\/nuevasgeneraciones.com.ar\/sitio\/wp-json\/wp\/v2\/pages"}],"about":[{"href":"https:\/\/nuevasgeneraciones.com.ar\/sitio\/wp-json\/wp\/v2\/types\/page"}],"author":[{"embeddable":true,"href":"https:\/\/nuevasgeneraciones.com.ar\/sitio\/wp-json\/wp\/v2\/users\/1"}],"replies":[{"embeddable":true,"href":"https:\/\/nuevasgeneraciones.com.ar\/sitio\/wp-json\/wp\/v2\/comments?post=17846"}],"version-history":[{"count":10,"href":"https:\/\/nuevasgeneraciones.com.ar\/sitio\/wp-json\/wp\/v2\/pages\/17846\/revisions"}],"predecessor-version":[{"id":18381,"href":"https:\/\/nuevasgeneraciones.com.ar\/sitio\/wp-json\/wp\/v2\/pages\/17846\/revisions\/18381"}],"wp:attachment":[{"href":"https:\/\/nuevasgeneraciones.com.ar\/sitio\/wp-json\/wp\/v2\/media?parent=17846"}],"curies":[{"name":"wp","href":"https:\/\/api.w.org\/{rel}","templated":true}]}}