{"id":17837,"date":"2023-06-27T17:49:16","date_gmt":"2023-06-27T17:49:16","guid":{"rendered":"https:\/\/nuevasgeneraciones.com.ar\/sitio\/?page_id=17837"},"modified":"2023-06-29T13:42:05","modified_gmt":"2023-06-29T13:42:05","slug":"consejo-consultivo","status":"publish","type":"page","link":"https:\/\/nuevasgeneraciones.com.ar\/sitio\/consejo-consultivo\/","title":{"rendered":"Consejo consultivo"},"content":{"rendered":"\t\t<div data-elementor-type=\"wp-page\" data-elementor-id=\"17837\" class=\"elementor elementor-17837\" data-elementor-post-type=\"page\">\n\t\t\t\t\t\t<section class=\"elementor-section elementor-top-section elementor-element elementor-element-10e59685 elementor-section-full_width elementor-section-height-default elementor-section-height-default\" data-id=\"10e59685\" data-element_type=\"section\" data-e-type=\"section\" data-settings=\"{&quot;background_background&quot;:&quot;classic&quot;}\">\n\t\t\t\t\t\t<div class=\"elementor-container elementor-column-gap-default\">\n\t\t\t\t\t<div class=\"elementor-column elementor-col-33 elementor-top-column elementor-element elementor-element-493fb344\" data-id=\"493fb344\" data-element_type=\"column\" data-e-type=\"column\">\n\t\t\t<div class=\"elementor-widget-wrap\">\n\t\t\t\t\t\t\t<\/div>\n\t\t<\/div>\n\t\t\t\t<div class=\"elementor-column elementor-col-33 elementor-top-column elementor-element elementor-element-39fcd089\" data-id=\"39fcd089\" data-element_type=\"column\" data-e-type=\"column\">\n\t\t\t<div class=\"elementor-widget-wrap elementor-element-populated\">\n\t\t\t\t\t\t<div class=\"elementor-element elementor-element-1c10c046 elementor-widget elementor-widget-text-editor\" data-id=\"1c10c046\" data-element_type=\"widget\" data-e-type=\"widget\" data-widget_type=\"text-editor.default\">\n\t\t\t\t<div class=\"elementor-widget-container\">\n\t\t\t\t\t\t\t\t\t<h1>Consejo Consultivo<\/h1>\t\t\t\t\t\t\t\t<\/div>\n\t\t\t\t<\/div>\n\t\t\t\t\t<\/div>\n\t\t<\/div>\n\t\t\t\t<div class=\"elementor-column elementor-col-33 elementor-top-column elementor-element elementor-element-426f2403\" data-id=\"426f2403\" data-element_type=\"column\" data-e-type=\"column\">\n\t\t\t<div class=\"elementor-widget-wrap\">\n\t\t\t\t\t\t\t<\/div>\n\t\t<\/div>\n\t\t\t\t\t<\/div>\n\t\t<\/section>\n\t\t\t\t<section class=\"elementor-section elementor-top-section elementor-element elementor-element-182b9bac elementor-section-boxed elementor-section-height-default elementor-section-height-default\" data-id=\"182b9bac\" data-element_type=\"section\" data-e-type=\"section\">\n\t\t\t\t\t\t<div class=\"elementor-container elementor-column-gap-default\">\n\t\t\t\t\t<div class=\"elementor-column elementor-col-25 elementor-top-column elementor-element elementor-element-6d0f9258\" data-id=\"6d0f9258\" data-element_type=\"column\" data-e-type=\"column\">\n\t\t\t<div class=\"elementor-widget-wrap\">\n\t\t\t\t\t\t\t<\/div>\n\t\t<\/div>\n\t\t\t\t<div class=\"elementor-column elementor-col-50 elementor-top-column elementor-element elementor-element-5128c4bd\" data-id=\"5128c4bd\" data-element_type=\"column\" data-e-type=\"column\">\n\t\t\t<div class=\"elementor-widget-wrap elementor-element-populated\">\n\t\t\t\t\t\t<div class=\"elementor-element elementor-element-280e9a27 elementor-widget elementor-widget-text-editor\" data-id=\"280e9a27\" data-element_type=\"widget\" data-e-type=\"widget\" data-widget_type=\"text-editor.default\">\n\t\t\t\t<div class=\"elementor-widget-container\">\n\t\t\t\t\t\t\t\t\t<p><br \/>Integran el Consejo Consultivo destacadas personalidades con extensa experiencia en la pol\u00edtica, en la academia y\/o en la funci\u00f3n p\u00fablica. Su opini\u00f3n es extremadamente respetada por el equipo de trabajo de Nuevas Generaciones, por lo que son consultados asiduamente y tienen activa participaci\u00f3n en el debate de ideas y en el dise\u00f1o de los Programas que ejecuta la Fundaci\u00f3n. Su actividad no se encuentra rentada.<\/p>\t\t\t\t\t\t\t\t<\/div>\n\t\t\t\t<\/div>\n\t\t\t\t\t<\/div>\n\t\t<\/div>\n\t\t\t\t<div class=\"elementor-column elementor-col-25 elementor-top-column elementor-element elementor-element-37b04e9d\" data-id=\"37b04e9d\" data-element_type=\"column\" data-e-type=\"column\">\n\t\t\t<div class=\"elementor-widget-wrap\">\n\t\t\t\t\t\t\t<\/div>\n\t\t<\/div>\n\t\t\t\t\t<\/div>\n\t\t<\/section>\n\t\t\t\t<section class=\"elementor-section elementor-top-section elementor-element elementor-element-3f103c0 elementor-section-boxed elementor-section-height-default elementor-section-height-default\" data-id=\"3f103c0\" data-element_type=\"section\" data-e-type=\"section\">\n\t\t\t\t\t\t<div class=\"elementor-container elementor-column-gap-default\">\n\t\t\t\t\t<div class=\"elementor-column elementor-col-25 elementor-top-column elementor-element elementor-element-aef70ec\" data-id=\"aef70ec\" data-element_type=\"column\" data-e-type=\"column\">\n\t\t\t<div class=\"elementor-widget-wrap\">\n\t\t\t\t\t\t\t<\/div>\n\t\t<\/div>\n\t\t\t\t<div class=\"elementor-column elementor-col-50 elementor-top-column elementor-element elementor-element-f63e00c\" data-id=\"f63e00c\" data-element_type=\"column\" data-e-type=\"column\">\n\t\t\t<div class=\"elementor-widget-wrap elementor-element-populated\">\n\t\t\t\t\t\t<div class=\"elementor-element elementor-element-a4163bf elementor-widget elementor-widget-text-editor\" data-id=\"a4163bf\" data-element_type=\"widget\" data-e-type=\"widget\" data-widget_type=\"text-editor.default\">\n\t\t\t\t<div class=\"elementor-widget-container\">\n\t\t\t\t\t\t\t\t\t<h3><strong>Miembros del equipo<\/strong><\/h3>\t\t\t\t\t\t\t\t<\/div>\n\t\t\t\t<\/div>\n\t\t\t\t\t<\/div>\n\t\t<\/div>\n\t\t\t\t<div class=\"elementor-column elementor-col-25 elementor-top-column elementor-element elementor-element-338674c\" data-id=\"338674c\" data-element_type=\"column\" data-e-type=\"column\">\n\t\t\t<div class=\"elementor-widget-wrap\">\n\t\t\t\t\t\t\t<\/div>\n\t\t<\/div>\n\t\t\t\t\t<\/div>\n\t\t<\/section>\n\t\t\t\t<section class=\"elementor-section elementor-top-section elementor-element elementor-element-75e2497e elementor-section-boxed elementor-section-height-default elementor-section-height-default\" data-id=\"75e2497e\" data-element_type=\"section\" data-e-type=\"section\">\n\t\t\t\t\t\t<div class=\"elementor-container elementor-column-gap-default\">\n\t\t\t\t\t<div class=\"elementor-column elementor-col-25 elementor-top-column elementor-element elementor-element-7b5ea6f6\" data-id=\"7b5ea6f6\" data-element_type=\"column\" data-e-type=\"column\">\n\t\t\t<div class=\"elementor-widget-wrap\">\n\t\t\t\t\t\t\t<\/div>\n\t\t<\/div>\n\t\t\t\t<div class=\"elementor-column elementor-col-25 elementor-top-column elementor-element elementor-element-e9c2114\" data-id=\"e9c2114\" data-element_type=\"column\" data-e-type=\"column\">\n\t\t\t<div class=\"elementor-widget-wrap elementor-element-populated\">\n\t\t\t\t\t\t<div class=\"elementor-element elementor-element-5108f583 elementor-widget elementor-widget-elementskit-accordion\" data-id=\"5108f583\" data-element_type=\"widget\" data-e-type=\"widget\" data-widget_type=\"elementskit-accordion.default\">\n\t\t\t\t<div class=\"elementor-widget-container\">\n\t\t\t\t\t<div class=\"ekit-wid-con\" >\n        <div class=\"elementskit-accordion accoedion-primary\" id=\"accordion-69f0bd5b842c1\">\n\n            \n                <div class=\"elementskit-card \">\n                    <div class=\"elementskit-card-header\" id=\"primaryHeading-0-5108f583\">\n                        <a href=\"#collapse-35c8fe469f0bd5b842c1\" class=\"ekit-accordion--toggler elementskit-btn-link collapsed\" data-ekit-toggle=\"collapse\" data-target=\"#Collapse-35c8fe469f0bd5b842c1\" aria-expanded=\"false\" aria-controls=\"Collapse-35c8fe469f0bd5b842c1\">\n                            \n                            <span class=\"ekit-accordion-title\">Alfredo Atanasof<\/span>\n\n                            \n                                <div class=\"ekit_accordion_icon_group\">\n                                    <div class=\"ekit_accordion_normal_icon\">\n                                        <!-- Normal Icon -->\n\t\t\t\t\t\t\t\t\t\t<i class=\"icon icon-plus\"><\/i>                                    <\/div>\n\n                                    <div class=\"ekit_accordion_active_icon\">\n                                        <!-- Active Icon -->\n\t\t\t\t\t\t\t\t\t\t<i class=\"icon icon-minus\"><\/i>                                    <\/div>\n                                <\/div>\n\n                            \n                                                    <\/a>\n                    <\/div>\n\n                    <div id=\"Collapse-35c8fe469f0bd5b842c1\" class=\" collapse\" aria-labelledby=\"primaryHeading-0-5108f583\" data-parent=\"#accordion-69f0bd5b842c1\">\n\n                        <div class=\"elementskit-card-body ekit-accordion--content\">\n                            <strong>Abogado<\/strong><br>\nDiputado Nacional por la Provincia de Buenos Aires (2010-2013\/2004-2007\/1999-2002\/1996-1999). Concejal Ciudad de la La Plata (2005-2009). Secretario General de la Federaci\u00f3n de Sindicatos de Trabajadores Municipales de la Provincia de Buenos Aires. Secretario de Promoci\u00f3n de Inversiones de la Provincia de Buenos Aires (2007). Jefe de Gabinete de Ministros (2002-2003). Ministro de Trabajo (2002).                        <\/div>\n\n                    <\/div>\n\n                <\/div><!-- .elementskit-card END -->\n\n                \n                <div class=\"elementskit-card \">\n                    <div class=\"elementskit-card-header\" id=\"primaryHeading-1-5108f583\">\n                        <a href=\"#collapse-01595e169f0bd5b842c1\" class=\"ekit-accordion--toggler elementskit-btn-link collapsed\" data-ekit-toggle=\"collapse\" data-target=\"#Collapse-01595e169f0bd5b842c1\" aria-expanded=\"false\" aria-controls=\"Collapse-01595e169f0bd5b842c1\">\n                            \n                            <span class=\"ekit-accordion-title\">Carlos Ram\u00f3n Brown<\/span>\n\n                            \n                                <div class=\"ekit_accordion_icon_group\">\n                                    <div class=\"ekit_accordion_normal_icon\">\n                                        <!-- Normal Icon -->\n\t\t\t\t\t\t\t\t\t\t<i class=\"icon icon-plus\"><\/i>                                    <\/div>\n\n                                    <div class=\"ekit_accordion_active_icon\">\n                                        <!-- Active Icon -->\n\t\t\t\t\t\t\t\t\t\t<i class=\"icon icon-minus\"><\/i>                                    <\/div>\n                                <\/div>\n\n                            \n                                                    <\/a>\n                    <\/div>\n\n                    <div id=\"Collapse-01595e169f0bd5b842c1\" class=\" collapse\" aria-labelledby=\"primaryHeading-1-5108f583\" data-parent=\"#accordion-69f0bd5b842c1\">\n\n                        <div class=\"elementskit-card-body ekit-accordion--content\">\n                            <strong>Abogado<\/strong><br>\nPresidente del Movimiento Productivo Argentino. Diputado Nacional por la Provincia de Buenos Aires (2012-2015). Presidente de la Comisi\u00f3n Pymes de la C\u00e1mara de Diputados y Presidente del Bloque Fe Presidente del Movimiento Productivo Argentino. Conduce el programa \u201cEl Estado que Viene\u201d en el canal Metro. Fue intendente del partido de General San Mart\u00edn, Ministro de la Producci\u00f3n y Secretario de Seguridad de la Provincia de Buenos Aires.                        <\/div>\n\n                    <\/div>\n\n                <\/div><!-- .elementskit-card END -->\n\n                \n                <div class=\"elementskit-card \">\n                    <div class=\"elementskit-card-header\" id=\"primaryHeading-2-5108f583\">\n                        <a href=\"#collapse-2f5de1069f0bd5b842c1\" class=\"ekit-accordion--toggler elementskit-btn-link collapsed\" data-ekit-toggle=\"collapse\" data-target=\"#Collapse-2f5de1069f0bd5b842c1\" aria-expanded=\"false\" aria-controls=\"Collapse-2f5de1069f0bd5b842c1\">\n                            \n                            <span class=\"ekit-accordion-title\">Mariano Gerv\u00e1n<\/span>\n\n                            \n                                <div class=\"ekit_accordion_icon_group\">\n                                    <div class=\"ekit_accordion_normal_icon\">\n                                        <!-- Normal Icon -->\n\t\t\t\t\t\t\t\t\t\t<i class=\"icon icon-plus\"><\/i>                                    <\/div>\n\n                                    <div class=\"ekit_accordion_active_icon\">\n                                        <!-- Active Icon -->\n\t\t\t\t\t\t\t\t\t\t<i class=\"icon icon-minus\"><\/i>                                    <\/div>\n                                <\/div>\n\n                            \n                                                    <\/a>\n                    <\/div>\n\n                    <div id=\"Collapse-2f5de1069f0bd5b842c1\" class=\" collapse\" aria-labelledby=\"primaryHeading-2-5108f583\" data-parent=\"#accordion-69f0bd5b842c1\">\n\n                        <div class=\"elementskit-card-body ekit-accordion--content\">\n                            <strong>Abogado<\/strong><br>\nDoctor en Ciencia Pol\u00edtica (Universidad del Salvador), Mag\u00edster en Sociolog\u00eda (UNLZ-Academia de Ciencias de la Rep\u00fablica Checa) y en Relaciones Internacionales (FLACSO). Prosecretario del Senado de la Naci\u00f3n, Director del Posgrado en Pol\u00edticas P\u00fablicas y del Centro de Estudios Legislativos de la UCALP, y Director del Programa de Actualizaci\u00f3n Legislativa de la UCA. Adem\u00e1s, fue Secretario de Coordinaci\u00f3n de la Legislatura de la Ciudad de Buenos Aires entre 2003 y 2005, y hasta 2015 Secretario Parlamentario del Bloque PRO en la C\u00e1mara de Diputados de la Naci\u00f3n.                        <\/div>\n\n                    <\/div>\n\n                <\/div><!-- .elementskit-card END -->\n\n                \n                <div class=\"elementskit-card \">\n                    <div class=\"elementskit-card-header\" id=\"primaryHeading-3-5108f583\">\n                        <a href=\"#collapse-77b5efc69f0bd5b842c1\" class=\"ekit-accordion--toggler elementskit-btn-link collapsed\" data-ekit-toggle=\"collapse\" data-target=\"#Collapse-77b5efc69f0bd5b842c1\" aria-expanded=\"false\" aria-controls=\"Collapse-77b5efc69f0bd5b842c1\">\n                            \n                            <span class=\"ekit-accordion-title\">Eduardo Menem<\/span>\n\n                            \n                                <div class=\"ekit_accordion_icon_group\">\n                                    <div class=\"ekit_accordion_normal_icon\">\n                                        <!-- Normal Icon -->\n\t\t\t\t\t\t\t\t\t\t<i class=\"icon icon-plus\"><\/i>                                    <\/div>\n\n                                    <div class=\"ekit_accordion_active_icon\">\n                                        <!-- Active Icon -->\n\t\t\t\t\t\t\t\t\t\t<i class=\"icon icon-minus\"><\/i>                                    <\/div>\n                                <\/div>\n\n                            \n                                                    <\/a>\n                    <\/div>\n\n                    <div id=\"Collapse-77b5efc69f0bd5b842c1\" class=\" collapse\" aria-labelledby=\"primaryHeading-3-5108f583\" data-parent=\"#accordion-69f0bd5b842c1\">\n\n                        <div class=\"elementskit-card-body ekit-accordion--content\">\n                            <strong>Abogado<\/strong><br>\nFue Senador Nacional por la Provincia de La Rioja en cuatro per\u00edodos (1983\/89 - 1989\/98 - 1998\/2001 - 2001\/2005). Entre 1989 y 1999 fue Presidente Provisional del Honorable Senado de la Naci\u00f3n Argentina.                        <\/div>\n\n                    <\/div>\n\n                <\/div><!-- .elementskit-card END -->\n\n                \n                <div class=\"elementskit-card \">\n                    <div class=\"elementskit-card-header\" id=\"primaryHeading-4-5108f583\">\n                        <a href=\"#collapse-1b8c38c69f0bd5b842c1\" class=\"ekit-accordion--toggler elementskit-btn-link collapsed\" data-ekit-toggle=\"collapse\" data-target=\"#Collapse-1b8c38c69f0bd5b842c1\" aria-expanded=\"false\" aria-controls=\"Collapse-1b8c38c69f0bd5b842c1\">\n                            \n                            <span class=\"ekit-accordion-title\">Claudio Poggi<\/span>\n\n                            \n                                <div class=\"ekit_accordion_icon_group\">\n                                    <div class=\"ekit_accordion_normal_icon\">\n                                        <!-- Normal Icon -->\n\t\t\t\t\t\t\t\t\t\t<i class=\"icon icon-plus\"><\/i>                                    <\/div>\n\n                                    <div class=\"ekit_accordion_active_icon\">\n                                        <!-- Active Icon -->\n\t\t\t\t\t\t\t\t\t\t<i class=\"icon icon-minus\"><\/i>                                    <\/div>\n                                <\/div>\n\n                            \n                                                    <\/a>\n                    <\/div>\n\n                    <div id=\"Collapse-1b8c38c69f0bd5b842c1\" class=\" collapse\" aria-labelledby=\"primaryHeading-4-5108f583\" data-parent=\"#accordion-69f0bd5b842c1\">\n\n                        <div class=\"elementskit-card-body ekit-accordion--content\">\n                            <strong>Contador P\u00fablico Nacional<\/strong><br>\nSenador Nacional por la Provincia de San Luis (2017-2023). Diputado Nacional (2015-2017). Gobernador de San Luis (2011-2015). Jefe de Gabinete del Gobernador de San Luis (2010). Diputado de la Provincia de San Luis y Presidente de dicha C\u00e1mara (2009-2010). Diputado Nacional por San Luis (2006-2009). Ministro de Turismo, Cultura y Deportes de San Luis (2009). Ministro de Obras P\u00fablicas y de Econom\u00eda de San Luis (1999-2001).\n                        <\/div>\n\n                    <\/div>\n\n                <\/div><!-- .elementskit-card END -->\n\n                \n                <div class=\"elementskit-card \">\n                    <div class=\"elementskit-card-header\" id=\"primaryHeading-5-5108f583\">\n                        <a href=\"#collapse-0ddb6a269f0bd5b842c1\" class=\"ekit-accordion--toggler elementskit-btn-link collapsed\" data-ekit-toggle=\"collapse\" data-target=\"#Collapse-0ddb6a269f0bd5b842c1\" aria-expanded=\"false\" aria-controls=\"Collapse-0ddb6a269f0bd5b842c1\">\n                            \n                            <span class=\"ekit-accordion-title\">Laura Rodr\u00edguez Machado<\/span>\n\n                            \n                                <div class=\"ekit_accordion_icon_group\">\n                                    <div class=\"ekit_accordion_normal_icon\">\n                                        <!-- Normal Icon -->\n\t\t\t\t\t\t\t\t\t\t<i class=\"icon icon-plus\"><\/i>                                    <\/div>\n\n                                    <div class=\"ekit_accordion_active_icon\">\n                                        <!-- Active Icon -->\n\t\t\t\t\t\t\t\t\t\t<i class=\"icon icon-minus\"><\/i>                                    <\/div>\n                                <\/div>\n\n                            \n                                                    <\/a>\n                    <\/div>\n\n                    <div id=\"Collapse-0ddb6a269f0bd5b842c1\" class=\" collapse\" aria-labelledby=\"primaryHeading-5-5108f583\" data-parent=\"#accordion-69f0bd5b842c1\">\n\n                        <div class=\"elementskit-card-body ekit-accordion--content\">\n                            <strong>Abogada<\/strong><br>\nSenadora Nacional por la provincia de C\u00f3rdoba (2015-2021). Presidenta del Bloque Frente PRO.                        <\/div>\n\n                    <\/div>\n\n                <\/div><!-- .elementskit-card END -->\n\n                \n                <div class=\"elementskit-card \">\n                    <div class=\"elementskit-card-header\" id=\"primaryHeading-6-5108f583\">\n                        <a href=\"#collapse-02ea60169f0bd5b842c1\" class=\"ekit-accordion--toggler elementskit-btn-link collapsed\" data-ekit-toggle=\"collapse\" data-target=\"#Collapse-02ea60169f0bd5b842c1\" aria-expanded=\"false\" aria-controls=\"Collapse-02ea60169f0bd5b842c1\">\n                            \n                            <span class=\"ekit-accordion-title\">Cornelia Schmidt Liermann<\/span>\n\n                            \n                                <div class=\"ekit_accordion_icon_group\">\n                                    <div class=\"ekit_accordion_normal_icon\">\n                                        <!-- Normal Icon -->\n\t\t\t\t\t\t\t\t\t\t<i class=\"icon icon-plus\"><\/i>                                    <\/div>\n\n                                    <div class=\"ekit_accordion_active_icon\">\n                                        <!-- Active Icon -->\n\t\t\t\t\t\t\t\t\t\t<i class=\"icon icon-minus\"><\/i>                                    <\/div>\n                                <\/div>\n\n                            \n                                                    <\/a>\n                    <\/div>\n\n                    <div id=\"Collapse-02ea60169f0bd5b842c1\" class=\" collapse\" aria-labelledby=\"primaryHeading-6-5108f583\" data-parent=\"#accordion-69f0bd5b842c1\">\n\n                        <div class=\"elementskit-card-body ekit-accordion--content\">\n                            <strong>Abogada<\/strong><br>\nDiputada Nacional por la Ciudad de Buenos Aires (2011-2015 \/ 2015-2019). Presidenta de la Comisi\u00f3n de Relaciones Exteriores de la Honorable C\u00e1mara de Diputados de la Naci\u00f3n.                        <\/div>\n\n                    <\/div>\n\n                <\/div><!-- .elementskit-card END -->\n\n                \n                <div class=\"elementskit-card \">\n                    <div class=\"elementskit-card-header\" id=\"primaryHeading-7-5108f583\">\n                        <a href=\"#collapse-9ea285f69f0bd5b842c1\" class=\"ekit-accordion--toggler elementskit-btn-link collapsed\" data-ekit-toggle=\"collapse\" data-target=\"#Collapse-9ea285f69f0bd5b842c1\" aria-expanded=\"false\" aria-controls=\"Collapse-9ea285f69f0bd5b842c1\">\n                            \n                            <span class=\"ekit-accordion-title\">Enrique Thomas<\/span>\n\n                            \n                                <div class=\"ekit_accordion_icon_group\">\n                                    <div class=\"ekit_accordion_normal_icon\">\n                                        <!-- Normal Icon -->\n\t\t\t\t\t\t\t\t\t\t<i class=\"icon icon-plus\"><\/i>                                    <\/div>\n\n                                    <div class=\"ekit_accordion_active_icon\">\n                                        <!-- Active Icon -->\n\t\t\t\t\t\t\t\t\t\t<i class=\"icon icon-minus\"><\/i>                                    <\/div>\n                                <\/div>\n\n                            \n                                                    <\/a>\n                    <\/div>\n\n                    <div id=\"Collapse-9ea285f69f0bd5b842c1\" class=\" collapse\" aria-labelledby=\"primaryHeading-7-5108f583\" data-parent=\"#accordion-69f0bd5b842c1\">\n\n                        <div class=\"elementskit-card-body ekit-accordion--content\">\n                            <strong>Ingeniero<\/strong><br>\nSecretario de Gesti\u00f3n Federal de la Seguridad del Ministerio de Seguridad de la Naci\u00f3n. Diputado Nacional por la Provincia de Mendoza (2010-2013\/2004-2007). Presidente del Bloque Frente Peronista. Candidato a Vicegobernador de Mendoza (2007).                        <\/div>\n\n                    <\/div>\n\n                <\/div><!-- .elementskit-card END -->\n\n                \n                <div class=\"elementskit-card \">\n                    <div class=\"elementskit-card-header\" id=\"primaryHeading-8-5108f583\">\n                        <a href=\"#collapse-5907c6d69f0bd5b842c1\" class=\"ekit-accordion--toggler elementskit-btn-link collapsed\" data-ekit-toggle=\"collapse\" data-target=\"#Collapse-5907c6d69f0bd5b842c1\" aria-expanded=\"false\" aria-controls=\"Collapse-5907c6d69f0bd5b842c1\">\n                            \n                            <span class=\"ekit-accordion-title\">Pablo Torello<\/span>\n\n                            \n                                <div class=\"ekit_accordion_icon_group\">\n                                    <div class=\"ekit_accordion_normal_icon\">\n                                        <!-- Normal Icon -->\n\t\t\t\t\t\t\t\t\t\t<i class=\"icon icon-plus\"><\/i>                                    <\/div>\n\n                                    <div class=\"ekit_accordion_active_icon\">\n                                        <!-- Active Icon -->\n\t\t\t\t\t\t\t\t\t\t<i class=\"icon icon-minus\"><\/i>                                    <\/div>\n                                <\/div>\n\n                            \n                                                    <\/a>\n                    <\/div>\n\n                    <div id=\"Collapse-5907c6d69f0bd5b842c1\" class=\" collapse\" aria-labelledby=\"primaryHeading-8-5108f583\" data-parent=\"#accordion-69f0bd5b842c1\">\n\n                        <div class=\"elementskit-card-body ekit-accordion--content\">\n                            <strong>Lic. en Ciencias de la Comunicaci\u00f3n (UBA)<\/strong><br>\nProductor agropecuario. Diputado Nacional por la Provincia de Buenos Aires (2015 - 2019). Fue miembro de la Comisi\u00f3n Directiva de CREA desde 2003 hasta 2013.\n                        <\/div>\n\n                    <\/div>\n\n                <\/div><!-- .elementskit-card END -->\n\n                                        <\/div>\n    <\/div>\t\t\t\t<\/div>\n\t\t\t\t<\/div>\n\t\t\t\t\t<\/div>\n\t\t<\/div>\n\t\t\t\t<div class=\"elementor-column elementor-col-25 elementor-top-column elementor-element elementor-element-19041da7\" data-id=\"19041da7\" data-element_type=\"column\" data-e-type=\"column\">\n\t\t\t<div class=\"elementor-widget-wrap elementor-element-populated\">\n\t\t\t\t\t\t<div class=\"elementor-element elementor-element-38c1ff26 elementor-widget elementor-widget-elementskit-accordion\" data-id=\"38c1ff26\" data-element_type=\"widget\" data-e-type=\"widget\" data-widget_type=\"elementskit-accordion.default\">\n\t\t\t\t<div class=\"elementor-widget-container\">\n\t\t\t\t\t<div class=\"ekit-wid-con\" >\n        <div class=\"elementskit-accordion accoedion-primary\" id=\"accordion-69f0bd5b84bde\">\n\n            \n                <div class=\"elementskit-card \">\n                    <div class=\"elementskit-card-header\" id=\"primaryHeading-0-38c1ff26\">\n                        <a href=\"#collapse-c29457c69f0bd5b84bde\" class=\"ekit-accordion--toggler elementskit-btn-link collapsed\" data-ekit-toggle=\"collapse\" data-target=\"#Collapse-c29457c69f0bd5b84bde\" aria-expanded=\"false\" aria-controls=\"Collapse-c29457c69f0bd5b84bde\">\n                            \n                            <span class=\"ekit-accordion-title\">Paula Bertol<\/span>\n\n                            \n                                <div class=\"ekit_accordion_icon_group\">\n                                    <div class=\"ekit_accordion_normal_icon\">\n                                        <!-- Normal Icon -->\n\t\t\t\t\t\t\t\t\t\t<i class=\"icon icon-plus\"><\/i>                                    <\/div>\n\n                                    <div class=\"ekit_accordion_active_icon\">\n                                        <!-- Active Icon -->\n\t\t\t\t\t\t\t\t\t\t<i class=\"icon icon-minus\"><\/i>                                    <\/div>\n                                <\/div>\n\n                            \n                                                    <\/a>\n                    <\/div>\n\n                    <div id=\"Collapse-c29457c69f0bd5b84bde\" class=\" collapse\" aria-labelledby=\"primaryHeading-0-38c1ff26\" data-parent=\"#accordion-69f0bd5b84bde\">\n\n                        <div class=\"elementskit-card-body ekit-accordion--content\">\n                            <strong>Abogado<\/strong><br>\nMediadora. Representante Permanente de Argentina ante la Organizaci\u00f3n de los Estados Americanos (OEA). Diputada Nacional por la Ciudad Aut\u00f3noma de Buenos Aires (2005-2009 \/ 2009-2013).Legisladora de la Ciudad Aut\u00f3noma de Buenos Aires (2003-2005)                        <\/div>\n\n                    <\/div>\n\n                <\/div><!-- .elementskit-card END -->\n\n                \n                <div class=\"elementskit-card \">\n                    <div class=\"elementskit-card-header\" id=\"primaryHeading-1-38c1ff26\">\n                        <a href=\"#collapse-ae1dd4d69f0bd5b84bde\" class=\"ekit-accordion--toggler elementskit-btn-link collapsed\" data-ekit-toggle=\"collapse\" data-target=\"#Collapse-ae1dd4d69f0bd5b84bde\" aria-expanded=\"false\" aria-controls=\"Collapse-ae1dd4d69f0bd5b84bde\">\n                            \n                            <span class=\"ekit-accordion-title\">Gustavo Ferrari<\/span>\n\n                            \n                                <div class=\"ekit_accordion_icon_group\">\n                                    <div class=\"ekit_accordion_normal_icon\">\n                                        <!-- Normal Icon -->\n\t\t\t\t\t\t\t\t\t\t<i class=\"icon icon-plus\"><\/i>                                    <\/div>\n\n                                    <div class=\"ekit_accordion_active_icon\">\n                                        <!-- Active Icon -->\n\t\t\t\t\t\t\t\t\t\t<i class=\"icon icon-minus\"><\/i>                                    <\/div>\n                                <\/div>\n\n                            \n                                                    <\/a>\n                    <\/div>\n\n                    <div id=\"Collapse-ae1dd4d69f0bd5b84bde\" class=\" collapse\" aria-labelledby=\"primaryHeading-1-38c1ff26\" data-parent=\"#accordion-69f0bd5b84bde\">\n\n                        <div class=\"elementskit-card-body ekit-accordion--content\">\n                            <strong>Abogado<\/strong><br>\nAbogado. Ministro de Justicia de la Provincia de Buenos Aires. Previamente Asesor General del Gobierno de la Provincia de Buenos Aires y Presidente del Consejo Directivo de la Escuela de Abogados de la Administraci\u00f3n P\u00fablica Provincial. Diputado Nacional por la Provincia de Buenos Aires (2010-2013). Presidente del Partido Uni\u00f3n Celeste y Blanco. Presidente de la Fundaci\u00f3n Unidos del Sud.                        <\/div>\n\n                    <\/div>\n\n                <\/div><!-- .elementskit-card END -->\n\n                \n                <div class=\"elementskit-card \">\n                    <div class=\"elementskit-card-header\" id=\"primaryHeading-2-38c1ff26\">\n                        <a href=\"#collapse-b8890e769f0bd5b84bde\" class=\"ekit-accordion--toggler elementskit-btn-link collapsed\" data-ekit-toggle=\"collapse\" data-target=\"#Collapse-b8890e769f0bd5b84bde\" aria-expanded=\"false\" aria-controls=\"Collapse-b8890e769f0bd5b84bde\">\n                            \n                            <span class=\"ekit-accordion-title\">Diego Ramiro Guelar<\/span>\n\n                            \n                                <div class=\"ekit_accordion_icon_group\">\n                                    <div class=\"ekit_accordion_normal_icon\">\n                                        <!-- Normal Icon -->\n\t\t\t\t\t\t\t\t\t\t<i class=\"icon icon-plus\"><\/i>                                    <\/div>\n\n                                    <div class=\"ekit_accordion_active_icon\">\n                                        <!-- Active Icon -->\n\t\t\t\t\t\t\t\t\t\t<i class=\"icon icon-minus\"><\/i>                                    <\/div>\n                                <\/div>\n\n                            \n                                                    <\/a>\n                    <\/div>\n\n                    <div id=\"Collapse-b8890e769f0bd5b84bde\" class=\" collapse\" aria-labelledby=\"primaryHeading-2-38c1ff26\" data-parent=\"#accordion-69f0bd5b84bde\">\n\n                        <div class=\"elementskit-card-body ekit-accordion--content\">\n                            <strong>Abogado<\/strong><br>\nEmbajador de la Rep\u00fablica Argentina ante la Rep\u00fablica Popular China. Anteriormente ha sido Secretario de Relaciones Internacionales del PRO, Embajador Argentino en los Estados Unidos (1997-1999 y 2002), Brasil (1995-1997), y Uni\u00f3n Europea (1989-1995). Diputado Nacional (1983-1987).                        <\/div>\n\n                    <\/div>\n\n                <\/div><!-- .elementskit-card END -->\n\n                \n                <div class=\"elementskit-card \">\n                    <div class=\"elementskit-card-header\" id=\"primaryHeading-3-38c1ff26\">\n                        <a href=\"#collapse-090707869f0bd5b84bde\" class=\"ekit-accordion--toggler elementskit-btn-link collapsed\" data-ekit-toggle=\"collapse\" data-target=\"#Collapse-090707869f0bd5b84bde\" aria-expanded=\"false\" aria-controls=\"Collapse-090707869f0bd5b84bde\">\n                            \n                            <span class=\"ekit-accordion-title\">Federico Pinedo<\/span>\n\n                            \n                                <div class=\"ekit_accordion_icon_group\">\n                                    <div class=\"ekit_accordion_normal_icon\">\n                                        <!-- Normal Icon -->\n\t\t\t\t\t\t\t\t\t\t<i class=\"icon icon-plus\"><\/i>                                    <\/div>\n\n                                    <div class=\"ekit_accordion_active_icon\">\n                                        <!-- Active Icon -->\n\t\t\t\t\t\t\t\t\t\t<i class=\"icon icon-minus\"><\/i>                                    <\/div>\n                                <\/div>\n\n                            \n                                                    <\/a>\n                    <\/div>\n\n                    <div id=\"Collapse-090707869f0bd5b84bde\" class=\" collapse\" aria-labelledby=\"primaryHeading-3-38c1ff26\" data-parent=\"#accordion-69f0bd5b84bde\">\n\n                        <div class=\"elementskit-card-body ekit-accordion--content\">\n                            <strong>Abogado<\/strong><br>\nPresidente Provisional del Senado de la Naci\u00f3n. Diputado Nacional por la Ciudad de Buenos Aires y presidente del Bloque PRO (2012-2015\/2008-2011\/2004-2007). Subinterventor de la Comisi\u00f3n Nacional de Telecomunicaciones, (1992-1993). Inspector General de la Municipalidad de la Ciudad de Buenos Aires (1991). Concejal de la Ciudad de Buenos Aires (1987-1991).                        <\/div>\n\n                    <\/div>\n\n                <\/div><!-- .elementskit-card END -->\n\n                \n                <div class=\"elementskit-card \">\n                    <div class=\"elementskit-card-header\" id=\"primaryHeading-4-38c1ff26\">\n                        <a href=\"#collapse-027a1e269f0bd5b84bde\" class=\"ekit-accordion--toggler elementskit-btn-link collapsed\" data-ekit-toggle=\"collapse\" data-target=\"#Collapse-027a1e269f0bd5b84bde\" aria-expanded=\"false\" aria-controls=\"Collapse-027a1e269f0bd5b84bde\">\n                            \n                            <span class=\"ekit-accordion-title\">Ram\u00f3n Puerta<\/span>\n\n                            \n                                <div class=\"ekit_accordion_icon_group\">\n                                    <div class=\"ekit_accordion_normal_icon\">\n                                        <!-- Normal Icon -->\n\t\t\t\t\t\t\t\t\t\t<i class=\"icon icon-plus\"><\/i>                                    <\/div>\n\n                                    <div class=\"ekit_accordion_active_icon\">\n                                        <!-- Active Icon -->\n\t\t\t\t\t\t\t\t\t\t<i class=\"icon icon-minus\"><\/i>                                    <\/div>\n                                <\/div>\n\n                            \n                                                    <\/a>\n                    <\/div>\n\n                    <div id=\"Collapse-027a1e269f0bd5b84bde\" class=\" collapse\" aria-labelledby=\"primaryHeading-4-38c1ff26\" data-parent=\"#accordion-69f0bd5b84bde\">\n\n                        <div class=\"elementskit-card-body ekit-accordion--content\">\n                            <strong>Ingeniero<\/strong><br>\nEmpresario yerbatero. Embajador de la Rep\u00fablica Argentina Espa\u00f1a. Diputado Nacional por la Provincia de Misiones (2010-2013). Senador Nacional (2001-2005), Gobernador de la Provincia de Misiones (1991-1999) y Ex Presidente de la Naci\u00f3n.                        <\/div>\n\n                    <\/div>\n\n                <\/div><!-- .elementskit-card END -->\n\n                \n                <div class=\"elementskit-card \">\n                    <div class=\"elementskit-card-header\" id=\"primaryHeading-5-38c1ff26\">\n                        <a href=\"#collapse-008cc0169f0bd5b84bde\" class=\"ekit-accordion--toggler elementskit-btn-link collapsed\" data-ekit-toggle=\"collapse\" data-target=\"#Collapse-008cc0169f0bd5b84bde\" aria-expanded=\"false\" aria-controls=\"Collapse-008cc0169f0bd5b84bde\">\n                            \n                            <span class=\"ekit-accordion-title\">Leonardo Sarqu\u00eds<\/span>\n\n                            \n                                <div class=\"ekit_accordion_icon_group\">\n                                    <div class=\"ekit_accordion_normal_icon\">\n                                        <!-- Normal Icon -->\n\t\t\t\t\t\t\t\t\t\t<i class=\"icon icon-plus\"><\/i>                                    <\/div>\n\n                                    <div class=\"ekit_accordion_active_icon\">\n                                        <!-- Active Icon -->\n\t\t\t\t\t\t\t\t\t\t<i class=\"icon icon-minus\"><\/i>                                    <\/div>\n                                <\/div>\n\n                            \n                                                    <\/a>\n                    <\/div>\n\n                    <div id=\"Collapse-008cc0169f0bd5b84bde\" class=\" collapse\" aria-labelledby=\"primaryHeading-5-38c1ff26\" data-parent=\"#accordion-69f0bd5b84bde\">\n\n                        <div class=\"elementskit-card-body ekit-accordion--content\">\n                            <strong>Ingeniero Agr\u00f3nomo<\/strong><br>\nMinistro de Agroindustria del Gobierno de la Provincia de Buenos Aires.                        <\/div>\n\n                    <\/div>\n\n                <\/div><!-- .elementskit-card END -->\n\n                \n                <div class=\"elementskit-card \">\n                    <div class=\"elementskit-card-header\" id=\"primaryHeading-6-38c1ff26\">\n                        <a href=\"#collapse-60fa5ec69f0bd5b84bde\" class=\"ekit-accordion--toggler elementskit-btn-link collapsed\" data-ekit-toggle=\"collapse\" data-target=\"#Collapse-60fa5ec69f0bd5b84bde\" aria-expanded=\"false\" aria-controls=\"Collapse-60fa5ec69f0bd5b84bde\">\n                            \n                            <span class=\"ekit-accordion-title\">Jorge Srodek<\/span>\n\n                            \n                                <div class=\"ekit_accordion_icon_group\">\n                                    <div class=\"ekit_accordion_normal_icon\">\n                                        <!-- Normal Icon -->\n\t\t\t\t\t\t\t\t\t\t<i class=\"icon icon-plus\"><\/i>                                    <\/div>\n\n                                    <div class=\"ekit_accordion_active_icon\">\n                                        <!-- Active Icon -->\n\t\t\t\t\t\t\t\t\t\t<i class=\"icon icon-minus\"><\/i>                                    <\/div>\n                                <\/div>\n\n                            \n                                                    <\/a>\n                    <\/div>\n\n                    <div id=\"Collapse-60fa5ec69f0bd5b84bde\" class=\" collapse\" aria-labelledby=\"primaryHeading-6-38c1ff26\" data-parent=\"#accordion-69f0bd5b84bde\">\n\n                        <div class=\"elementskit-card-body ekit-accordion--content\">\n                            <strong>Abogado<\/strong><br>\nJefe de Gabinete del Ministerio de Agroindustria de la Provincia de Buenos Aires. Diputado de la Provincia de Buenos Aires (2010-2013). Dirigente de Confederaci\u00f3n de Asociaciones Rurales de Buenos Aires y La Pampa.                        <\/div>\n\n                    <\/div>\n\n                <\/div><!-- .elementskit-card END -->\n\n                \n                <div class=\"elementskit-card \">\n                    <div class=\"elementskit-card-header\" id=\"primaryHeading-7-38c1ff26\">\n                        <a href=\"#collapse-aca14ca69f0bd5b84bde\" class=\"ekit-accordion--toggler elementskit-btn-link collapsed\" data-ekit-toggle=\"collapse\" data-target=\"#Collapse-aca14ca69f0bd5b84bde\" aria-expanded=\"false\" aria-controls=\"Collapse-aca14ca69f0bd5b84bde\">\n                            \n                            <span class=\"ekit-accordion-title\">Pablo Tonelli<\/span>\n\n                            \n                                <div class=\"ekit_accordion_icon_group\">\n                                    <div class=\"ekit_accordion_normal_icon\">\n                                        <!-- Normal Icon -->\n\t\t\t\t\t\t\t\t\t\t<i class=\"icon icon-plus\"><\/i>                                    <\/div>\n\n                                    <div class=\"ekit_accordion_active_icon\">\n                                        <!-- Active Icon -->\n\t\t\t\t\t\t\t\t\t\t<i class=\"icon icon-minus\"><\/i>                                    <\/div>\n                                <\/div>\n\n                            \n                                                    <\/a>\n                    <\/div>\n\n                    <div id=\"Collapse-aca14ca69f0bd5b84bde\" class=\" collapse\" aria-labelledby=\"primaryHeading-7-38c1ff26\" data-parent=\"#accordion-69f0bd5b84bde\">\n\n                        <div class=\"elementskit-card-body ekit-accordion--content\">\n                            <strong>Abogado<\/strong><br>\nDiputado Nacional por la Ciudad de Buenos Aires (2005-2007\/2012-2015\/2015-2019). Presidente de la Comisi\u00f3n de Asuntos Constitucionales. Integrante del Consejo de la Magistratura. Procurador General de la Ciudad de Buenos Aires (2007-2009). Subsecretario de Justicia de la Naci\u00f3n (1989). Miembro de la Asociaci\u00f3n Argentina de Derecho Constitucional.                        <\/div>\n\n                    <\/div>\n\n                <\/div><!-- .elementskit-card END -->\n\n                \n                <div class=\"elementskit-card \">\n                    <div class=\"elementskit-card-header\" id=\"primaryHeading-8-38c1ff26\">\n                        <a href=\"#collapse-02e81be69f0bd5b84bde\" class=\"ekit-accordion--toggler elementskit-btn-link collapsed\" data-ekit-toggle=\"collapse\" data-target=\"#Collapse-02e81be69f0bd5b84bde\" aria-expanded=\"false\" aria-controls=\"Collapse-02e81be69f0bd5b84bde\">\n                            \n                            <span class=\"ekit-accordion-title\">Norberto Zingoni<\/span>\n\n                            \n                                <div class=\"ekit_accordion_icon_group\">\n                                    <div class=\"ekit_accordion_normal_icon\">\n                                        <!-- Normal Icon -->\n\t\t\t\t\t\t\t\t\t\t<i class=\"icon icon-plus\"><\/i>                                    <\/div>\n\n                                    <div class=\"ekit_accordion_active_icon\">\n                                        <!-- Active Icon -->\n\t\t\t\t\t\t\t\t\t\t<i class=\"icon icon-minus\"><\/i>                                    <\/div>\n                                <\/div>\n\n                            \n                                                    <\/a>\n                    <\/div>\n\n                    <div id=\"Collapse-02e81be69f0bd5b84bde\" class=\" collapse\" aria-labelledby=\"primaryHeading-8-38c1ff26\" data-parent=\"#accordion-69f0bd5b84bde\">\n\n                        <div class=\"elementskit-card-body ekit-accordion--content\">\n                            <strong>Abogado y escritor radicado en Espa\u00f1a<\/strong><br>\nEx Juez de la Naci\u00f3n. Miembro del Colegio Electoral, ex Congresal nacional y provincial, y apoderado del Partido Justicialista.                        <\/div>\n\n                    <\/div>\n\n                <\/div><!-- .elementskit-card END -->\n\n                                        <\/div>\n    <\/div>\t\t\t\t<\/div>\n\t\t\t\t<\/div>\n\t\t\t\t\t<\/div>\n\t\t<\/div>\n\t\t\t\t<div class=\"elementor-column elementor-col-25 elementor-top-column elementor-element elementor-element-fbf9e01\" data-id=\"fbf9e01\" data-element_type=\"column\" data-e-type=\"column\">\n\t\t\t<div class=\"elementor-widget-wrap\">\n\t\t\t\t\t\t\t<\/div>\n\t\t<\/div>\n\t\t\t\t\t<\/div>\n\t\t<\/section>\n\t\t\t\t<section class=\"elementor-section elementor-top-section elementor-element elementor-element-3ee6602a elementor-section-boxed elementor-section-height-default elementor-section-height-default\" data-id=\"3ee6602a\" data-element_type=\"section\" data-e-type=\"section\">\n\t\t\t\t\t\t<div class=\"elementor-container elementor-column-gap-default\">\n\t\t\t\t\t<div class=\"elementor-column elementor-col-25 elementor-top-column elementor-element elementor-element-1958ebd3\" data-id=\"1958ebd3\" data-element_type=\"column\" data-e-type=\"column\">\n\t\t\t<div class=\"elementor-widget-wrap\">\n\t\t\t\t\t\t\t<\/div>\n\t\t<\/div>\n\t\t\t\t<div class=\"elementor-column elementor-col-50 elementor-top-column elementor-element elementor-element-3273a3e9\" data-id=\"3273a3e9\" data-element_type=\"column\" data-e-type=\"column\">\n\t\t\t<div class=\"elementor-widget-wrap\">\n\t\t\t\t\t\t\t<\/div>\n\t\t<\/div>\n\t\t\t\t<div class=\"elementor-column elementor-col-25 elementor-top-column elementor-element elementor-element-729ab762\" data-id=\"729ab762\" data-element_type=\"column\" data-e-type=\"column\">\n\t\t\t<div class=\"elementor-widget-wrap\">\n\t\t\t\t\t\t\t<\/div>\n\t\t<\/div>\n\t\t\t\t\t<\/div>\n\t\t<\/section>\n\t\t\t\t<\/div>\n\t\t","protected":false},"excerpt":{"rendered":"<p>Consejo Consultivo Integran el Consejo Consultivo destacadas personalidades con extensa experiencia en la pol\u00edtica, en la academia y\/o en la funci\u00f3n p\u00fablica. Su opini\u00f3n es extremadamente respetada por el equipo de trabajo de Nuevas Generaciones, por lo que son consultados asiduamente y tienen activa participaci\u00f3n en el debate de ideas y en el dise\u00f1o de&hellip;&nbsp;<\/p>\n","protected":false},"author":1,"featured_media":0,"parent":0,"menu_order":0,"comment_status":"closed","ping_status":"closed","template":"page-templates\/template-pagebuilder-full-width.php","meta":{"neve_meta_sidebar":"","neve_meta_container":"","neve_meta_enable_content_width":"off","neve_meta_content_width":100,"neve_meta_title_alignment":"","neve_meta_author_avatar":"","neve_post_elements_order":"","neve_meta_disable_header":"","neve_meta_disable_footer":"","neve_meta_disable_title":"","footnotes":""},"class_list":["post-17837","page","type-page","status-publish","hentry"],"yoast_head":"<!-- This site is optimized with the Yoast SEO plugin v27.4 - https:\/\/yoast.com\/product\/yoast-seo-wordpress\/ -->\n<title>Consejo consultivo - Fundaci\u00f3n Nuevas Generaciones<\/title>\n<meta name=\"robots\" content=\"index, follow, max-snippet:-1, max-image-preview:large, max-video-preview:-1\" \/>\n<link rel=\"canonical\" href=\"https:\/\/nuevasgeneraciones.com.ar\/sitio\/consejo-consultivo\/\" \/>\n<meta property=\"og:locale\" content=\"es_ES\" \/>\n<meta property=\"og:type\" content=\"article\" \/>\n<meta property=\"og:title\" content=\"Consejo consultivo - Fundaci\u00f3n Nuevas Generaciones\" \/>\n<meta property=\"og:description\" content=\"Consejo Consultivo Integran el Consejo Consultivo destacadas personalidades con extensa experiencia en la pol\u00edtica, en la academia y\/o en la funci\u00f3n p\u00fablica. Su opini\u00f3n es extremadamente respetada por el equipo de trabajo de Nuevas Generaciones, por lo que son consultados asiduamente y tienen activa participaci\u00f3n en el debate de ideas y en el dise\u00f1o de&hellip;&nbsp;\" \/>\n<meta property=\"og:url\" content=\"https:\/\/nuevasgeneraciones.com.ar\/sitio\/consejo-consultivo\/\" \/>\n<meta property=\"og:site_name\" content=\"Fundaci\u00f3n Nuevas Generaciones\" \/>\n<meta property=\"article:modified_time\" content=\"2023-06-29T13:42:05+00:00\" \/>\n<meta name=\"twitter:card\" content=\"summary_large_image\" \/>\n<meta name=\"twitter:label1\" content=\"Tiempo de lectura\" \/>\n\t<meta name=\"twitter:data1\" content=\"5 minutos\" \/>\n<script type=\"application\/ld+json\" class=\"yoast-schema-graph\">{\"@context\":\"https:\\\/\\\/schema.org\",\"@graph\":[{\"@type\":\"WebPage\",\"@id\":\"https:\\\/\\\/nuevasgeneraciones.com.ar\\\/sitio\\\/consejo-consultivo\\\/\",\"url\":\"https:\\\/\\\/nuevasgeneraciones.com.ar\\\/sitio\\\/consejo-consultivo\\\/\",\"name\":\"Consejo consultivo - Fundaci\u00f3n Nuevas Generaciones\",\"isPartOf\":{\"@id\":\"https:\\\/\\\/nuevasgeneraciones.com.ar\\\/sitio\\\/#website\"},\"datePublished\":\"2023-06-27T17:49:16+00:00\",\"dateModified\":\"2023-06-29T13:42:05+00:00\",\"breadcrumb\":{\"@id\":\"https:\\\/\\\/nuevasgeneraciones.com.ar\\\/sitio\\\/consejo-consultivo\\\/#breadcrumb\"},\"inLanguage\":\"es-AR\",\"potentialAction\":[{\"@type\":\"ReadAction\",\"target\":[\"https:\\\/\\\/nuevasgeneraciones.com.ar\\\/sitio\\\/consejo-consultivo\\\/\"]}]},{\"@type\":\"BreadcrumbList\",\"@id\":\"https:\\\/\\\/nuevasgeneraciones.com.ar\\\/sitio\\\/consejo-consultivo\\\/#breadcrumb\",\"itemListElement\":[{\"@type\":\"ListItem\",\"position\":1,\"name\":\"Inicio\",\"item\":\"https:\\\/\\\/nuevasgeneraciones.com.ar\\\/sitio\\\/\"},{\"@type\":\"ListItem\",\"position\":2,\"name\":\"Consejo consultivo\"}]},{\"@type\":\"WebSite\",\"@id\":\"https:\\\/\\\/nuevasgeneraciones.com.ar\\\/sitio\\\/#website\",\"url\":\"https:\\\/\\\/nuevasgeneraciones.com.ar\\\/sitio\\\/\",\"name\":\"Fundaci\u00f3n Nuevas Generaciones\",\"description\":\"\",\"publisher\":{\"@id\":\"https:\\\/\\\/nuevasgeneraciones.com.ar\\\/sitio\\\/#organization\"},\"potentialAction\":[{\"@type\":\"SearchAction\",\"target\":{\"@type\":\"EntryPoint\",\"urlTemplate\":\"https:\\\/\\\/nuevasgeneraciones.com.ar\\\/sitio\\\/?s={search_term_string}\"},\"query-input\":{\"@type\":\"PropertyValueSpecification\",\"valueRequired\":true,\"valueName\":\"search_term_string\"}}],\"inLanguage\":\"es-AR\"},{\"@type\":\"Organization\",\"@id\":\"https:\\\/\\\/nuevasgeneraciones.com.ar\\\/sitio\\\/#organization\",\"name\":\"Fundaci\u00f3n Nuevas Generaciones\",\"url\":\"https:\\\/\\\/nuevasgeneraciones.com.ar\\\/sitio\\\/\",\"logo\":{\"@type\":\"ImageObject\",\"inLanguage\":\"es-AR\",\"@id\":\"https:\\\/\\\/nuevasgeneraciones.com.ar\\\/sitio\\\/#\\\/schema\\\/logo\\\/image\\\/\",\"url\":\"https:\\\/\\\/nuevasgeneraciones.com.ar\\\/sitio\\\/wp-content\\\/uploads\\\/2023\\\/06\\\/logo-01.png\",\"contentUrl\":\"https:\\\/\\\/nuevasgeneraciones.com.ar\\\/sitio\\\/wp-content\\\/uploads\\\/2023\\\/06\\\/logo-01.png\",\"width\":593,\"height\":77,\"caption\":\"Fundaci\u00f3n Nuevas Generaciones\"},\"image\":{\"@id\":\"https:\\\/\\\/nuevasgeneraciones.com.ar\\\/sitio\\\/#\\\/schema\\\/logo\\\/image\\\/\"}}]}<\/script>\n<!-- \/ Yoast SEO plugin. -->","yoast_head_json":{"title":"Consejo consultivo - Fundaci\u00f3n Nuevas Generaciones","robots":{"index":"index","follow":"follow","max-snippet":"max-snippet:-1","max-image-preview":"max-image-preview:large","max-video-preview":"max-video-preview:-1"},"canonical":"https:\/\/nuevasgeneraciones.com.ar\/sitio\/consejo-consultivo\/","og_locale":"es_ES","og_type":"article","og_title":"Consejo consultivo - Fundaci\u00f3n Nuevas Generaciones","og_description":"Consejo Consultivo Integran el Consejo Consultivo destacadas personalidades con extensa experiencia en la pol\u00edtica, en la academia y\/o en la funci\u00f3n p\u00fablica. Su opini\u00f3n es extremadamente respetada por el equipo de trabajo de Nuevas Generaciones, por lo que son consultados asiduamente y tienen activa participaci\u00f3n en el debate de ideas y en el dise\u00f1o de&hellip;&nbsp;","og_url":"https:\/\/nuevasgeneraciones.com.ar\/sitio\/consejo-consultivo\/","og_site_name":"Fundaci\u00f3n Nuevas Generaciones","article_modified_time":"2023-06-29T13:42:05+00:00","twitter_card":"summary_large_image","twitter_misc":{"Tiempo de lectura":"5 minutos"},"schema":{"@context":"https:\/\/schema.org","@graph":[{"@type":"WebPage","@id":"https:\/\/nuevasgeneraciones.com.ar\/sitio\/consejo-consultivo\/","url":"https:\/\/nuevasgeneraciones.com.ar\/sitio\/consejo-consultivo\/","name":"Consejo consultivo - Fundaci\u00f3n Nuevas Generaciones","isPartOf":{"@id":"https:\/\/nuevasgeneraciones.com.ar\/sitio\/#website"},"datePublished":"2023-06-27T17:49:16+00:00","dateModified":"2023-06-29T13:42:05+00:00","breadcrumb":{"@id":"https:\/\/nuevasgeneraciones.com.ar\/sitio\/consejo-consultivo\/#breadcrumb"},"inLanguage":"es-AR","potentialAction":[{"@type":"ReadAction","target":["https:\/\/nuevasgeneraciones.com.ar\/sitio\/consejo-consultivo\/"]}]},{"@type":"BreadcrumbList","@id":"https:\/\/nuevasgeneraciones.com.ar\/sitio\/consejo-consultivo\/#breadcrumb","itemListElement":[{"@type":"ListItem","position":1,"name":"Inicio","item":"https:\/\/nuevasgeneraciones.com.ar\/sitio\/"},{"@type":"ListItem","position":2,"name":"Consejo consultivo"}]},{"@type":"WebSite","@id":"https:\/\/nuevasgeneraciones.com.ar\/sitio\/#website","url":"https:\/\/nuevasgeneraciones.com.ar\/sitio\/","name":"Fundaci\u00f3n Nuevas Generaciones","description":"","publisher":{"@id":"https:\/\/nuevasgeneraciones.com.ar\/sitio\/#organization"},"potentialAction":[{"@type":"SearchAction","target":{"@type":"EntryPoint","urlTemplate":"https:\/\/nuevasgeneraciones.com.ar\/sitio\/?s={search_term_string}"},"query-input":{"@type":"PropertyValueSpecification","valueRequired":true,"valueName":"search_term_string"}}],"inLanguage":"es-AR"},{"@type":"Organization","@id":"https:\/\/nuevasgeneraciones.com.ar\/sitio\/#organization","name":"Fundaci\u00f3n Nuevas Generaciones","url":"https:\/\/nuevasgeneraciones.com.ar\/sitio\/","logo":{"@type":"ImageObject","inLanguage":"es-AR","@id":"https:\/\/nuevasgeneraciones.com.ar\/sitio\/#\/schema\/logo\/image\/","url":"https:\/\/nuevasgeneraciones.com.ar\/sitio\/wp-content\/uploads\/2023\/06\/logo-01.png","contentUrl":"https:\/\/nuevasgeneraciones.com.ar\/sitio\/wp-content\/uploads\/2023\/06\/logo-01.png","width":593,"height":77,"caption":"Fundaci\u00f3n Nuevas Generaciones"},"image":{"@id":"https:\/\/nuevasgeneraciones.com.ar\/sitio\/#\/schema\/logo\/image\/"}}]}},"_links":{"self":[{"href":"https:\/\/nuevasgeneraciones.com.ar\/sitio\/wp-json\/wp\/v2\/pages\/17837","targetHints":{"allow":["GET"]}}],"collection":[{"href":"https:\/\/nuevasgeneraciones.com.ar\/sitio\/wp-json\/wp\/v2\/pages"}],"about":[{"href":"https:\/\/nuevasgeneraciones.com.ar\/sitio\/wp-json\/wp\/v2\/types\/page"}],"author":[{"embeddable":true,"href":"https:\/\/nuevasgeneraciones.com.ar\/sitio\/wp-json\/wp\/v2\/users\/1"}],"replies":[{"embeddable":true,"href":"https:\/\/nuevasgeneraciones.com.ar\/sitio\/wp-json\/wp\/v2\/comments?post=17837"}],"version-history":[{"count":13,"href":"https:\/\/nuevasgeneraciones.com.ar\/sitio\/wp-json\/wp\/v2\/pages\/17837\/revisions"}],"predecessor-version":[{"id":18378,"href":"https:\/\/nuevasgeneraciones.com.ar\/sitio\/wp-json\/wp\/v2\/pages\/17837\/revisions\/18378"}],"wp:attachment":[{"href":"https:\/\/nuevasgeneraciones.com.ar\/sitio\/wp-json\/wp\/v2\/media?parent=17837"}],"curies":[{"name":"wp","href":"https:\/\/api.w.org\/{rel}","templated":true}]}}