{"id":14782,"date":"2020-04-22T23:40:07","date_gmt":"2020-04-23T02:40:07","guid":{"rendered":"http:\/\/nuevasgeneraciones.com.ar\/sitio\/?page_id=14782"},"modified":"2023-06-29T18:23:39","modified_gmt":"2023-06-29T18:23:39","slug":"departamento-de-agroindustria","status":"publish","type":"page","link":"https:\/\/nuevasgeneraciones.com.ar\/sitio\/departamento-de-agroindustria\/","title":{"rendered":"Departamento de Agroindustria"},"content":{"rendered":"\t\t<div data-elementor-type=\"wp-page\" data-elementor-id=\"14782\" class=\"elementor elementor-14782\" data-elementor-post-type=\"page\">\n\t\t\t\t\t\t<section class=\"elementor-section elementor-top-section elementor-element elementor-element-16640aef elementor-section-full_width elementor-section-height-default elementor-section-height-default\" data-id=\"16640aef\" data-element_type=\"section\" data-e-type=\"section\" data-settings=\"{&quot;background_background&quot;:&quot;classic&quot;}\">\n\t\t\t\t\t\t<div class=\"elementor-container elementor-column-gap-default\">\n\t\t\t\t\t<div class=\"elementor-column elementor-col-33 elementor-top-column elementor-element elementor-element-5cdf4ac5\" data-id=\"5cdf4ac5\" data-element_type=\"column\" data-e-type=\"column\">\n\t\t\t<div class=\"elementor-widget-wrap\">\n\t\t\t\t\t\t\t<\/div>\n\t\t<\/div>\n\t\t\t\t<div class=\"elementor-column elementor-col-33 elementor-top-column elementor-element elementor-element-19ef27b9\" data-id=\"19ef27b9\" data-element_type=\"column\" data-e-type=\"column\">\n\t\t\t<div class=\"elementor-widget-wrap elementor-element-populated\">\n\t\t\t\t\t\t<div class=\"elementor-element elementor-element-1cad0735 elementor-widget elementor-widget-text-editor\" data-id=\"1cad0735\" data-element_type=\"widget\" data-e-type=\"widget\" data-widget_type=\"text-editor.default\">\n\t\t\t\t<div class=\"elementor-widget-container\">\n\t\t\t\t\t\t\t\t\t<h1>Departamento de Agroindustria<\/h1>\t\t\t\t\t\t\t\t<\/div>\n\t\t\t\t<\/div>\n\t\t\t\t\t<\/div>\n\t\t<\/div>\n\t\t\t\t<div class=\"elementor-column elementor-col-33 elementor-top-column elementor-element elementor-element-6c61b8f2\" data-id=\"6c61b8f2\" data-element_type=\"column\" data-e-type=\"column\">\n\t\t\t<div class=\"elementor-widget-wrap\">\n\t\t\t\t\t\t\t<\/div>\n\t\t<\/div>\n\t\t\t\t\t<\/div>\n\t\t<\/section>\n\t\t\t\t<section class=\"elementor-section elementor-top-section elementor-element elementor-element-601b3aef elementor-section-full_width elementor-section-height-default elementor-section-height-default\" data-id=\"601b3aef\" data-element_type=\"section\" data-e-type=\"section\">\n\t\t\t\t\t\t<div class=\"elementor-container elementor-column-gap-default\">\n\t\t\t\t\t<div class=\"elementor-column elementor-col-33 elementor-top-column elementor-element elementor-element-4ee2370e\" data-id=\"4ee2370e\" data-element_type=\"column\" data-e-type=\"column\">\n\t\t\t<div class=\"elementor-widget-wrap\">\n\t\t\t\t\t\t\t<\/div>\n\t\t<\/div>\n\t\t\t\t<div class=\"elementor-column elementor-col-33 elementor-top-column elementor-element elementor-element-4752ee70\" data-id=\"4752ee70\" data-element_type=\"column\" data-e-type=\"column\" data-settings=\"{&quot;background_background&quot;:&quot;classic&quot;}\">\n\t\t\t<div class=\"elementor-widget-wrap elementor-element-populated\">\n\t\t\t\t\t\t<div class=\"elementor-element elementor-element-793c6afd elementor-widget elementor-widget-spacer\" data-id=\"793c6afd\" data-element_type=\"widget\" data-e-type=\"widget\" data-widget_type=\"spacer.default\">\n\t\t\t\t<div class=\"elementor-widget-container\">\n\t\t\t\t\t\t\t<div class=\"elementor-spacer\">\n\t\t\t<div class=\"elementor-spacer-inner\"><\/div>\n\t\t<\/div>\n\t\t\t\t\t\t<\/div>\n\t\t\t\t<\/div>\n\t\t\t\t\t<\/div>\n\t\t<\/div>\n\t\t\t\t<div class=\"elementor-column elementor-col-33 elementor-top-column elementor-element elementor-element-380a74f0\" data-id=\"380a74f0\" data-element_type=\"column\" data-e-type=\"column\">\n\t\t\t<div class=\"elementor-widget-wrap\">\n\t\t\t\t\t\t\t<\/div>\n\t\t<\/div>\n\t\t\t\t\t<\/div>\n\t\t<\/section>\n\t\t\t\t<section class=\"elementor-section elementor-top-section elementor-element elementor-element-3de62313 elementor-section-full_width elementor-section-height-default elementor-section-height-default\" data-id=\"3de62313\" data-element_type=\"section\" data-e-type=\"section\">\n\t\t\t\t\t\t<div class=\"elementor-container elementor-column-gap-default\">\n\t\t\t\t\t<div class=\"elementor-column elementor-col-33 elementor-top-column elementor-element elementor-element-5981fc9a\" data-id=\"5981fc9a\" data-element_type=\"column\" data-e-type=\"column\">\n\t\t\t<div class=\"elementor-widget-wrap\">\n\t\t\t\t\t\t\t<\/div>\n\t\t<\/div>\n\t\t\t\t<div class=\"elementor-column elementor-col-33 elementor-top-column elementor-element elementor-element-2efd5b23\" data-id=\"2efd5b23\" data-element_type=\"column\" data-e-type=\"column\">\n\t\t\t<div class=\"elementor-widget-wrap elementor-element-populated\">\n\t\t\t\t\t\t<div class=\"elementor-element elementor-element-6787dedc elementor-widget elementor-widget-text-editor\" data-id=\"6787dedc\" data-element_type=\"widget\" data-e-type=\"widget\" data-widget_type=\"text-editor.default\">\n\t\t\t\t<div class=\"elementor-widget-container\">\n\t\t\t\t\t\t\t\t\t<h4 style=\"text-align: center;\">Desarrollo de publicaciones, informes, estudios, pol\u00edticas p\u00fablicas, capacitaciones, investigaciones y an\u00e1lisis, con esp\u00edritu federal y una mirada global<\/h4>\t\t\t\t\t\t\t\t<\/div>\n\t\t\t\t<\/div>\n\t\t\t\t\t<\/div>\n\t\t<\/div>\n\t\t\t\t<div class=\"elementor-column elementor-col-33 elementor-top-column elementor-element elementor-element-6416067d\" data-id=\"6416067d\" data-element_type=\"column\" data-e-type=\"column\">\n\t\t\t<div class=\"elementor-widget-wrap\">\n\t\t\t\t\t\t\t<\/div>\n\t\t<\/div>\n\t\t\t\t\t<\/div>\n\t\t<\/section>\n\t\t\t\t<section class=\"elementor-section elementor-top-section elementor-element elementor-element-7e70d8b6 elementor-section-full_width elementor-section-height-default elementor-section-height-default\" data-id=\"7e70d8b6\" data-element_type=\"section\" data-e-type=\"section\">\n\t\t\t\t\t\t<div class=\"elementor-container elementor-column-gap-default\">\n\t\t\t\t\t<div class=\"elementor-column elementor-col-33 elementor-top-column elementor-element elementor-element-7a17ee23\" data-id=\"7a17ee23\" data-element_type=\"column\" data-e-type=\"column\">\n\t\t\t<div class=\"elementor-widget-wrap\">\n\t\t\t\t\t\t\t<\/div>\n\t\t<\/div>\n\t\t\t\t<div class=\"elementor-column elementor-col-33 elementor-top-column elementor-element elementor-element-68d17a13\" data-id=\"68d17a13\" data-element_type=\"column\" data-e-type=\"column\">\n\t\t\t<div class=\"elementor-widget-wrap elementor-element-populated\">\n\t\t\t\t\t\t<div class=\"elementor-element elementor-element-630701f0 elementor-widget elementor-widget-text-editor\" data-id=\"630701f0\" data-element_type=\"widget\" data-e-type=\"widget\" data-widget_type=\"text-editor.default\">\n\t\t\t\t<div class=\"elementor-widget-container\">\n\t\t\t\t\t\t\t\t\t<p>La Fundaci\u00f3n Nuevas Generaciones comunica la apertura de su Departamento de Agroindustria, que estar\u00e1 dirigido por tres reconocidos profesionales del sector.<\/p><p>Dichos expertos cuentan con una extensa trayectoria laboral y han ocupado responsabilidades centrales en la funci\u00f3n p\u00fablica, con destacados resultados para el sector agroindustrial, logrando apertura de mercados, aumento de producci\u00f3n, mayor inserci\u00f3n internacional y enormes avances en materia normativa y de procesos, que han consolidado el posicionamiento global de nuestro pa\u00eds.<br>Al igual que en las restantes \u00e1reas de la Fundaci\u00f3n, en el Departamento de Agroindustria se trabajar\u00e1 con una mirada integral de la realidad, combinando conocimientos t\u00e9cnicos y acad\u00e9micos con la experiencia de los actores productivos, de los trabajadores y de los empleadores.<\/p><p>A trav\u00e9s del Departamento de Agroindustria, la Fundaci\u00f3n procurar\u00e1 desarrollar e impulsar propuestas de pol\u00edticas que generen y promuevan el crecimiento sustentable. A tal fin se trabajar\u00e1 con los tres niveles del Estado, impulsando experiencias locales e internacionales exitosas, y fomentando programas y acciones que permitan generar espacios de relacionamiento pol\u00edtico, intelectual y profesional.<\/p><p>Asimismo, se generar\u00e1n herramientas con alto valor agregado para ayudar e impulsar al sector, como publicaciones, informes, estudios, pol\u00edticas p\u00fablicas, capacitaciones, investigaciones y an\u00e1lisis, con un esp\u00edritu federal y una mirada global.<\/p><p>Todo ello con los reconocidos valores que se promueven desde la Fundaci\u00f3n, poniendo especial atenci\u00f3n en las relaciones humanas y en el desarrollo de los v\u00ednculos personales.<\/p><p><br><\/p>\t\t\t\t\t\t\t\t<\/div>\n\t\t\t\t<\/div>\n\t\t\t\t\t<\/div>\n\t\t<\/div>\n\t\t\t\t<div class=\"elementor-column elementor-col-33 elementor-top-column elementor-element elementor-element-394d8ca0\" data-id=\"394d8ca0\" data-element_type=\"column\" data-e-type=\"column\">\n\t\t\t<div class=\"elementor-widget-wrap\">\n\t\t\t\t\t\t\t<\/div>\n\t\t<\/div>\n\t\t\t\t\t<\/div>\n\t\t<\/section>\n\t\t\t\t<section class=\"elementor-section elementor-top-section elementor-element elementor-element-7242c3d2 elementor-section-boxed elementor-section-height-default elementor-section-height-default\" data-id=\"7242c3d2\" data-element_type=\"section\" data-e-type=\"section\">\n\t\t\t\t\t\t<div class=\"elementor-container elementor-column-gap-default\">\n\t\t\t\t\t<div class=\"elementor-column elementor-col-100 elementor-top-column elementor-element elementor-element-2bfa6e59\" data-id=\"2bfa6e59\" data-element_type=\"column\" data-e-type=\"column\">\n\t\t\t<div class=\"elementor-widget-wrap elementor-element-populated\">\n\t\t\t\t\t\t<div class=\"elementor-element elementor-element-3f31801f elementor-widget elementor-widget-spacer\" data-id=\"3f31801f\" data-element_type=\"widget\" data-e-type=\"widget\" data-widget_type=\"spacer.default\">\n\t\t\t\t<div class=\"elementor-widget-container\">\n\t\t\t\t\t\t\t<div class=\"elementor-spacer\">\n\t\t\t<div class=\"elementor-spacer-inner\"><\/div>\n\t\t<\/div>\n\t\t\t\t\t\t<\/div>\n\t\t\t\t<\/div>\n\t\t\t\t\t<\/div>\n\t\t<\/div>\n\t\t\t\t\t<\/div>\n\t\t<\/section>\n\t\t\t\t<\/div>\n\t\t","protected":false},"excerpt":{"rendered":"<p>Departamento de Agroindustria Desarrollo de publicaciones, informes, estudios, pol\u00edticas p\u00fablicas, capacitaciones, investigaciones y an\u00e1lisis, con esp\u00edritu federal y una mirada global La Fundaci\u00f3n Nuevas Generaciones comunica la apertura de su Departamento de Agroindustria, que estar\u00e1 dirigido por tres reconocidos profesionales del sector. Dichos expertos cuentan con una extensa trayectoria laboral y han ocupado responsabilidades centrales&hellip;&nbsp;<\/p>\n","protected":false},"author":1,"featured_media":14784,"parent":0,"menu_order":0,"comment_status":"closed","ping_status":"closed","template":"page-templates\/template-pagebuilder-full-width.php","meta":{"neve_meta_sidebar":"","neve_meta_container":"","neve_meta_enable_content_width":"off","neve_meta_content_width":100,"neve_meta_title_alignment":"","neve_meta_author_avatar":"","neve_post_elements_order":"","neve_meta_disable_header":"","neve_meta_disable_footer":"","neve_meta_disable_title":"","footnotes":""},"class_list":["post-14782","page","type-page","status-publish","has-post-thumbnail","hentry"],"yoast_head":"<!-- This site is optimized with the Yoast SEO plugin v27.4 - https:\/\/yoast.com\/product\/yoast-seo-wordpress\/ -->\n<title>Departamento de Agroindustria - Fundaci\u00f3n Nuevas Generaciones<\/title>\n<meta name=\"robots\" content=\"index, follow, max-snippet:-1, max-image-preview:large, max-video-preview:-1\" \/>\n<link rel=\"canonical\" href=\"https:\/\/nuevasgeneraciones.com.ar\/sitio\/departamento-de-agroindustria\/\" \/>\n<meta property=\"og:locale\" content=\"es_ES\" \/>\n<meta property=\"og:type\" content=\"article\" \/>\n<meta property=\"og:title\" content=\"Departamento de Agroindustria - Fundaci\u00f3n Nuevas Generaciones\" \/>\n<meta property=\"og:description\" content=\"Departamento de Agroindustria Desarrollo de publicaciones, informes, estudios, pol\u00edticas p\u00fablicas, capacitaciones, investigaciones y an\u00e1lisis, con esp\u00edritu federal y una mirada global La Fundaci\u00f3n Nuevas Generaciones comunica la apertura de su Departamento de Agroindustria, que estar\u00e1 dirigido por tres reconocidos profesionales del sector. Dichos expertos cuentan con una extensa trayectoria laboral y han ocupado responsabilidades centrales&hellip;&nbsp;\" \/>\n<meta property=\"og:url\" content=\"https:\/\/nuevasgeneraciones.com.ar\/sitio\/departamento-de-agroindustria\/\" \/>\n<meta property=\"og:site_name\" content=\"Fundaci\u00f3n Nuevas Generaciones\" \/>\n<meta property=\"article:modified_time\" content=\"2023-06-29T18:23:39+00:00\" \/>\n<meta name=\"twitter:card\" content=\"summary_large_image\" \/>\n<meta name=\"twitter:label1\" content=\"Tiempo de lectura\" \/>\n\t<meta name=\"twitter:data1\" content=\"1 minuto\" \/>\n<script type=\"application\/ld+json\" class=\"yoast-schema-graph\">{\"@context\":\"https:\\\/\\\/schema.org\",\"@graph\":[{\"@type\":\"WebPage\",\"@id\":\"https:\\\/\\\/nuevasgeneraciones.com.ar\\\/sitio\\\/departamento-de-agroindustria\\\/\",\"url\":\"https:\\\/\\\/nuevasgeneraciones.com.ar\\\/sitio\\\/departamento-de-agroindustria\\\/\",\"name\":\"Departamento de Agroindustria - Fundaci\u00f3n Nuevas Generaciones\",\"isPartOf\":{\"@id\":\"https:\\\/\\\/nuevasgeneraciones.com.ar\\\/sitio\\\/#website\"},\"primaryImageOfPage\":{\"@id\":\"https:\\\/\\\/nuevasgeneraciones.com.ar\\\/sitio\\\/departamento-de-agroindustria\\\/#primaryimage\"},\"image\":{\"@id\":\"https:\\\/\\\/nuevasgeneraciones.com.ar\\\/sitio\\\/departamento-de-agroindustria\\\/#primaryimage\"},\"thumbnailUrl\":\"\",\"datePublished\":\"2020-04-23T02:40:07+00:00\",\"dateModified\":\"2023-06-29T18:23:39+00:00\",\"breadcrumb\":{\"@id\":\"https:\\\/\\\/nuevasgeneraciones.com.ar\\\/sitio\\\/departamento-de-agroindustria\\\/#breadcrumb\"},\"inLanguage\":\"es-AR\",\"potentialAction\":[{\"@type\":\"ReadAction\",\"target\":[\"https:\\\/\\\/nuevasgeneraciones.com.ar\\\/sitio\\\/departamento-de-agroindustria\\\/\"]}]},{\"@type\":\"ImageObject\",\"inLanguage\":\"es-AR\",\"@id\":\"https:\\\/\\\/nuevasgeneraciones.com.ar\\\/sitio\\\/departamento-de-agroindustria\\\/#primaryimage\",\"url\":\"\",\"contentUrl\":\"\"},{\"@type\":\"BreadcrumbList\",\"@id\":\"https:\\\/\\\/nuevasgeneraciones.com.ar\\\/sitio\\\/departamento-de-agroindustria\\\/#breadcrumb\",\"itemListElement\":[{\"@type\":\"ListItem\",\"position\":1,\"name\":\"Inicio\",\"item\":\"https:\\\/\\\/nuevasgeneraciones.com.ar\\\/sitio\\\/\"},{\"@type\":\"ListItem\",\"position\":2,\"name\":\"Departamento de Agroindustria\"}]},{\"@type\":\"WebSite\",\"@id\":\"https:\\\/\\\/nuevasgeneraciones.com.ar\\\/sitio\\\/#website\",\"url\":\"https:\\\/\\\/nuevasgeneraciones.com.ar\\\/sitio\\\/\",\"name\":\"Fundaci\u00f3n Nuevas Generaciones\",\"description\":\"\",\"publisher\":{\"@id\":\"https:\\\/\\\/nuevasgeneraciones.com.ar\\\/sitio\\\/#organization\"},\"potentialAction\":[{\"@type\":\"SearchAction\",\"target\":{\"@type\":\"EntryPoint\",\"urlTemplate\":\"https:\\\/\\\/nuevasgeneraciones.com.ar\\\/sitio\\\/?s={search_term_string}\"},\"query-input\":{\"@type\":\"PropertyValueSpecification\",\"valueRequired\":true,\"valueName\":\"search_term_string\"}}],\"inLanguage\":\"es-AR\"},{\"@type\":\"Organization\",\"@id\":\"https:\\\/\\\/nuevasgeneraciones.com.ar\\\/sitio\\\/#organization\",\"name\":\"Fundaci\u00f3n Nuevas Generaciones\",\"url\":\"https:\\\/\\\/nuevasgeneraciones.com.ar\\\/sitio\\\/\",\"logo\":{\"@type\":\"ImageObject\",\"inLanguage\":\"es-AR\",\"@id\":\"https:\\\/\\\/nuevasgeneraciones.com.ar\\\/sitio\\\/#\\\/schema\\\/logo\\\/image\\\/\",\"url\":\"https:\\\/\\\/nuevasgeneraciones.com.ar\\\/sitio\\\/wp-content\\\/uploads\\\/2023\\\/06\\\/logo-01.png\",\"contentUrl\":\"https:\\\/\\\/nuevasgeneraciones.com.ar\\\/sitio\\\/wp-content\\\/uploads\\\/2023\\\/06\\\/logo-01.png\",\"width\":593,\"height\":77,\"caption\":\"Fundaci\u00f3n Nuevas Generaciones\"},\"image\":{\"@id\":\"https:\\\/\\\/nuevasgeneraciones.com.ar\\\/sitio\\\/#\\\/schema\\\/logo\\\/image\\\/\"}}]}<\/script>\n<!-- \/ Yoast SEO plugin. -->","yoast_head_json":{"title":"Departamento de Agroindustria - Fundaci\u00f3n Nuevas Generaciones","robots":{"index":"index","follow":"follow","max-snippet":"max-snippet:-1","max-image-preview":"max-image-preview:large","max-video-preview":"max-video-preview:-1"},"canonical":"https:\/\/nuevasgeneraciones.com.ar\/sitio\/departamento-de-agroindustria\/","og_locale":"es_ES","og_type":"article","og_title":"Departamento de Agroindustria - Fundaci\u00f3n Nuevas Generaciones","og_description":"Departamento de Agroindustria Desarrollo de publicaciones, informes, estudios, pol\u00edticas p\u00fablicas, capacitaciones, investigaciones y an\u00e1lisis, con esp\u00edritu federal y una mirada global La Fundaci\u00f3n Nuevas Generaciones comunica la apertura de su Departamento de Agroindustria, que estar\u00e1 dirigido por tres reconocidos profesionales del sector. Dichos expertos cuentan con una extensa trayectoria laboral y han ocupado responsabilidades centrales&hellip;&nbsp;","og_url":"https:\/\/nuevasgeneraciones.com.ar\/sitio\/departamento-de-agroindustria\/","og_site_name":"Fundaci\u00f3n Nuevas Generaciones","article_modified_time":"2023-06-29T18:23:39+00:00","twitter_card":"summary_large_image","twitter_misc":{"Tiempo de lectura":"1 minuto"},"schema":{"@context":"https:\/\/schema.org","@graph":[{"@type":"WebPage","@id":"https:\/\/nuevasgeneraciones.com.ar\/sitio\/departamento-de-agroindustria\/","url":"https:\/\/nuevasgeneraciones.com.ar\/sitio\/departamento-de-agroindustria\/","name":"Departamento de Agroindustria - Fundaci\u00f3n Nuevas Generaciones","isPartOf":{"@id":"https:\/\/nuevasgeneraciones.com.ar\/sitio\/#website"},"primaryImageOfPage":{"@id":"https:\/\/nuevasgeneraciones.com.ar\/sitio\/departamento-de-agroindustria\/#primaryimage"},"image":{"@id":"https:\/\/nuevasgeneraciones.com.ar\/sitio\/departamento-de-agroindustria\/#primaryimage"},"thumbnailUrl":"","datePublished":"2020-04-23T02:40:07+00:00","dateModified":"2023-06-29T18:23:39+00:00","breadcrumb":{"@id":"https:\/\/nuevasgeneraciones.com.ar\/sitio\/departamento-de-agroindustria\/#breadcrumb"},"inLanguage":"es-AR","potentialAction":[{"@type":"ReadAction","target":["https:\/\/nuevasgeneraciones.com.ar\/sitio\/departamento-de-agroindustria\/"]}]},{"@type":"ImageObject","inLanguage":"es-AR","@id":"https:\/\/nuevasgeneraciones.com.ar\/sitio\/departamento-de-agroindustria\/#primaryimage","url":"","contentUrl":""},{"@type":"BreadcrumbList","@id":"https:\/\/nuevasgeneraciones.com.ar\/sitio\/departamento-de-agroindustria\/#breadcrumb","itemListElement":[{"@type":"ListItem","position":1,"name":"Inicio","item":"https:\/\/nuevasgeneraciones.com.ar\/sitio\/"},{"@type":"ListItem","position":2,"name":"Departamento de Agroindustria"}]},{"@type":"WebSite","@id":"https:\/\/nuevasgeneraciones.com.ar\/sitio\/#website","url":"https:\/\/nuevasgeneraciones.com.ar\/sitio\/","name":"Fundaci\u00f3n Nuevas Generaciones","description":"","publisher":{"@id":"https:\/\/nuevasgeneraciones.com.ar\/sitio\/#organization"},"potentialAction":[{"@type":"SearchAction","target":{"@type":"EntryPoint","urlTemplate":"https:\/\/nuevasgeneraciones.com.ar\/sitio\/?s={search_term_string}"},"query-input":{"@type":"PropertyValueSpecification","valueRequired":true,"valueName":"search_term_string"}}],"inLanguage":"es-AR"},{"@type":"Organization","@id":"https:\/\/nuevasgeneraciones.com.ar\/sitio\/#organization","name":"Fundaci\u00f3n Nuevas Generaciones","url":"https:\/\/nuevasgeneraciones.com.ar\/sitio\/","logo":{"@type":"ImageObject","inLanguage":"es-AR","@id":"https:\/\/nuevasgeneraciones.com.ar\/sitio\/#\/schema\/logo\/image\/","url":"https:\/\/nuevasgeneraciones.com.ar\/sitio\/wp-content\/uploads\/2023\/06\/logo-01.png","contentUrl":"https:\/\/nuevasgeneraciones.com.ar\/sitio\/wp-content\/uploads\/2023\/06\/logo-01.png","width":593,"height":77,"caption":"Fundaci\u00f3n Nuevas Generaciones"},"image":{"@id":"https:\/\/nuevasgeneraciones.com.ar\/sitio\/#\/schema\/logo\/image\/"}}]}},"_links":{"self":[{"href":"https:\/\/nuevasgeneraciones.com.ar\/sitio\/wp-json\/wp\/v2\/pages\/14782","targetHints":{"allow":["GET"]}}],"collection":[{"href":"https:\/\/nuevasgeneraciones.com.ar\/sitio\/wp-json\/wp\/v2\/pages"}],"about":[{"href":"https:\/\/nuevasgeneraciones.com.ar\/sitio\/wp-json\/wp\/v2\/types\/page"}],"author":[{"embeddable":true,"href":"https:\/\/nuevasgeneraciones.com.ar\/sitio\/wp-json\/wp\/v2\/users\/1"}],"replies":[{"embeddable":true,"href":"https:\/\/nuevasgeneraciones.com.ar\/sitio\/wp-json\/wp\/v2\/comments?post=14782"}],"version-history":[{"count":3,"href":"https:\/\/nuevasgeneraciones.com.ar\/sitio\/wp-json\/wp\/v2\/pages\/14782\/revisions"}],"predecessor-version":[{"id":18725,"href":"https:\/\/nuevasgeneraciones.com.ar\/sitio\/wp-json\/wp\/v2\/pages\/14782\/revisions\/18725"}],"wp:featuredmedia":[{"embeddable":true,"href":"https:\/\/nuevasgeneraciones.com.ar\/sitio\/wp-json\/"}],"wp:attachment":[{"href":"https:\/\/nuevasgeneraciones.com.ar\/sitio\/wp-json\/wp\/v2\/media?parent=14782"}],"curies":[{"name":"wp","href":"https:\/\/api.w.org\/{rel}","templated":true}]}}