{"id":12406,"date":"2018-11-09T18:50:29","date_gmt":"2018-11-09T21:50:29","guid":{"rendered":"http:\/\/nuevasgeneraciones.com.ar\/sitio\/?page_id=12406"},"modified":"2023-06-29T16:08:49","modified_gmt":"2023-06-29T16:08:49","slug":"legislacion-general","status":"publish","type":"page","link":"https:\/\/nuevasgeneraciones.com.ar\/sitio\/legislacion-general\/","title":{"rendered":"Legislaci\u00f3n general"},"content":{"rendered":"\t\t<div data-elementor-type=\"wp-page\" data-elementor-id=\"12406\" class=\"elementor elementor-12406\" data-elementor-post-type=\"page\">\n\t\t\t\t\t\t<section class=\"elementor-section elementor-top-section elementor-element elementor-element-67225333 elementor-section-full_width elementor-section-height-default elementor-section-height-default\" data-id=\"67225333\" data-element_type=\"section\" data-e-type=\"section\" data-settings=\"{&quot;background_background&quot;:&quot;classic&quot;}\">\n\t\t\t\t\t\t<div class=\"elementor-container elementor-column-gap-default\">\n\t\t\t\t\t<div class=\"elementor-column elementor-col-33 elementor-top-column elementor-element elementor-element-2a3d3017\" data-id=\"2a3d3017\" data-element_type=\"column\" data-e-type=\"column\">\n\t\t\t<div class=\"elementor-widget-wrap\">\n\t\t\t\t\t\t\t<\/div>\n\t\t<\/div>\n\t\t\t\t<div class=\"elementor-column elementor-col-33 elementor-top-column elementor-element elementor-element-436a55b2\" data-id=\"436a55b2\" data-element_type=\"column\" data-e-type=\"column\">\n\t\t\t<div class=\"elementor-widget-wrap elementor-element-populated\">\n\t\t\t\t\t\t<div class=\"elementor-element elementor-element-313c9107 elementor-widget elementor-widget-text-editor\" data-id=\"313c9107\" data-element_type=\"widget\" data-e-type=\"widget\" data-widget_type=\"text-editor.default\">\n\t\t\t\t<div class=\"elementor-widget-container\">\n\t\t\t\t\t\t\t\t\t<h1>Legislaci\u00f3n general<\/h1>\t\t\t\t\t\t\t\t<\/div>\n\t\t\t\t<\/div>\n\t\t\t\t\t<\/div>\n\t\t<\/div>\n\t\t\t\t<div class=\"elementor-column elementor-col-33 elementor-top-column elementor-element elementor-element-119505de\" data-id=\"119505de\" data-element_type=\"column\" data-e-type=\"column\">\n\t\t\t<div class=\"elementor-widget-wrap\">\n\t\t\t\t\t\t\t<\/div>\n\t\t<\/div>\n\t\t\t\t\t<\/div>\n\t\t<\/section>\n\t\t\t\t<section class=\"elementor-section elementor-top-section elementor-element elementor-element-7ef5be8c elementor-section-boxed elementor-section-height-default elementor-section-height-default\" data-id=\"7ef5be8c\" data-element_type=\"section\" data-e-type=\"section\">\n\t\t\t\t\t\t<div class=\"elementor-container elementor-column-gap-default\">\n\t\t\t\t\t<div class=\"elementor-column elementor-col-100 elementor-top-column elementor-element elementor-element-6c86ef90\" data-id=\"6c86ef90\" data-element_type=\"column\" data-e-type=\"column\">\n\t\t\t<div class=\"elementor-widget-wrap elementor-element-populated\">\n\t\t\t\t\t\t<div class=\"elementor-element elementor-element-1ddcfdad elementor-widget elementor-widget-spacer\" data-id=\"1ddcfdad\" data-element_type=\"widget\" data-e-type=\"widget\" data-widget_type=\"spacer.default\">\n\t\t\t\t<div class=\"elementor-widget-container\">\n\t\t\t\t\t\t\t<div class=\"elementor-spacer\">\n\t\t\t<div class=\"elementor-spacer-inner\"><\/div>\n\t\t<\/div>\n\t\t\t\t\t\t<\/div>\n\t\t\t\t<\/div>\n\t\t\t\t\t<\/div>\n\t\t<\/div>\n\t\t\t\t\t<\/div>\n\t\t<\/section>\n\t\t\t\t<section class=\"elementor-section elementor-top-section elementor-element elementor-element-32423dd1 elementor-section-boxed elementor-section-height-default elementor-section-height-default\" data-id=\"32423dd1\" data-element_type=\"section\" data-e-type=\"section\">\n\t\t\t\t\t\t<div class=\"elementor-container elementor-column-gap-default\">\n\t\t\t\t\t<div class=\"elementor-column elementor-col-33 elementor-top-column elementor-element elementor-element-4e481c98\" data-id=\"4e481c98\" data-element_type=\"column\" data-e-type=\"column\">\n\t\t\t<div class=\"elementor-widget-wrap\">\n\t\t\t\t\t\t\t<\/div>\n\t\t<\/div>\n\t\t\t\t<div class=\"elementor-column elementor-col-33 elementor-top-column elementor-element elementor-element-194562a0\" data-id=\"194562a0\" data-element_type=\"column\" data-e-type=\"column\">\n\t\t\t<div class=\"elementor-widget-wrap elementor-element-populated\">\n\t\t\t\t\t\t<div class=\"elementor-element elementor-element-3c48c1a7 elementor-widget elementor-widget-elementskit-accordion\" data-id=\"3c48c1a7\" data-element_type=\"widget\" data-e-type=\"widget\" data-widget_type=\"elementskit-accordion.default\">\n\t\t\t\t<div class=\"elementor-widget-container\">\n\t\t\t\t\t<div class=\"ekit-wid-con\" >\n        <div class=\"elementskit-accordion accoedion-primary\" id=\"accordion-69f1b7b943899\">\n\n            \n                <div class=\"elementskit-card \">\n                    <div class=\"elementskit-card-header\" id=\"primaryHeading-0-3c48c1a7\">\n                        <a href=\"#collapse-35c8fe469f1b7b943899\" class=\"ekit-accordion--toggler elementskit-btn-link collapsed\" data-ekit-toggle=\"collapse\" data-target=\"#Collapse-35c8fe469f1b7b943899\" aria-expanded=\"false\" aria-controls=\"Collapse-35c8fe469f1b7b943899\">\n                            \n                            <span class=\"ekit-accordion-title\">Fondos de cese laboral: nuevo paradigma en un mundo globalizado<\/span>\n\n                            \n                                <div class=\"ekit_accordion_icon_group\">\n                                    <div class=\"ekit_accordion_normal_icon\">\n                                        <!-- Normal Icon -->\n\t\t\t\t\t\t\t\t\t\t<i class=\"icon icon-plus\"><\/i>                                    <\/div>\n\n                                    <div class=\"ekit_accordion_active_icon\">\n                                        <!-- Active Icon -->\n\t\t\t\t\t\t\t\t\t\t<i class=\"icon icon-minus\"><\/i>                                    <\/div>\n                                <\/div>\n\n                            \n                                                    <\/a>\n                    <\/div>\n\n                    <div id=\"Collapse-35c8fe469f1b7b943899\" class=\" collapse\" aria-labelledby=\"primaryHeading-0-3c48c1a7\" data-parent=\"#accordion-69f1b7b943899\">\n\n                        <div class=\"elementskit-card-body ekit-accordion--content\">\n                            En el presente trabajo se realiza un an\u00e1lisis sobre el rol que ocupa el consumidor en la sociedad y se describen los derechos de mayor relevancia para su defensa. Asimismo, se realiza una descripci\u00f3n sobre las distintas pol\u00edticas p\u00fablicas implementadas por otros pa\u00edses referido a la educaci\u00f3n del consumidor. Finalmente se analiza la necesidad de la implementaci\u00f3n de una pol\u00edtica p\u00fablica que tenga, como fin inmediato, la capacitaci\u00f3n del consumidor en los establecimientos educativos.\n<br><br>\n<a href=\"https:\/\/nuevasgeneraciones.com.ar\/sitio\/wp-content\/uploads\/documentos3\/_archivo\/2022\/NG-PP379-Cese-laboral-DIC2022.pdf?PP379\" class=\"btn btn-danger btn-sm\" target=\"_blank\">Descargar<\/a>                        <\/div>\n\n                    <\/div>\n\n                <\/div><!-- .elementskit-card END -->\n\n                \n                <div class=\"elementskit-card \">\n                    <div class=\"elementskit-card-header\" id=\"primaryHeading-1-3c48c1a7\">\n                        <a href=\"#collapse-715a8ec69f1b7b943899\" class=\"ekit-accordion--toggler elementskit-btn-link collapsed\" data-ekit-toggle=\"collapse\" data-target=\"#Collapse-715a8ec69f1b7b943899\" aria-expanded=\"false\" aria-controls=\"Collapse-715a8ec69f1b7b943899\">\n                            \n                            <span class=\"ekit-accordion-title\">Derechos del consumidor: La educaci\u00f3n y concientizaci\u00f3n del usuario<\/span>\n\n                            \n                                <div class=\"ekit_accordion_icon_group\">\n                                    <div class=\"ekit_accordion_normal_icon\">\n                                        <!-- Normal Icon -->\n\t\t\t\t\t\t\t\t\t\t<i class=\"icon icon-plus\"><\/i>                                    <\/div>\n\n                                    <div class=\"ekit_accordion_active_icon\">\n                                        <!-- Active Icon -->\n\t\t\t\t\t\t\t\t\t\t<i class=\"icon icon-minus\"><\/i>                                    <\/div>\n                                <\/div>\n\n                            \n                                                    <\/a>\n                    <\/div>\n\n                    <div id=\"Collapse-715a8ec69f1b7b943899\" class=\" collapse\" aria-labelledby=\"primaryHeading-1-3c48c1a7\" data-parent=\"#accordion-69f1b7b943899\">\n\n                        <div class=\"elementskit-card-body ekit-accordion--content\">\n                            En el presente trabajo se realiza un an\u00e1lisis sobre el rol que ocupa el consumidor en la sociedad y se describen los derechos de mayor relevancia para su defensa. Asimismo, se realiza una descripci\u00f3n sobre las distintas pol\u00edticas p\u00fablicas implementadas por otros pa\u00edses referido a la educaci\u00f3n del consumidor. Finalmente se analiza la necesidad de la implementaci\u00f3n de una pol\u00edtica p\u00fablica que tenga, como fin inmediato, la capacitaci\u00f3n del consumidor en los establecimientos educativos.\n\n<br><br>\n<a class=\"btn btn-danger btn-sm\" href=\"https:\/\/nuevasgeneraciones.com.ar\/sitio\/wp-content\/uploads\/documentos3\/_archivo\/2022\/NG-PP367-Derecho-del-consumidor-JUN2022.pdf?PP367\" target=\"_blank\">Descargar<\/a>                        <\/div>\n\n                    <\/div>\n\n                <\/div><!-- .elementskit-card END -->\n\n                \n                <div class=\"elementskit-card \">\n                    <div class=\"elementskit-card-header\" id=\"primaryHeading-2-3c48c1a7\">\n                        <a href=\"#collapse-297652269f1b7b943899\" class=\"ekit-accordion--toggler elementskit-btn-link collapsed\" data-ekit-toggle=\"collapse\" data-target=\"#Collapse-297652269f1b7b943899\" aria-expanded=\"false\" aria-controls=\"Collapse-297652269f1b7b943899\">\n                            \n                            <span class=\"ekit-accordion-title\">Derechos del consumidor: una mirada general sobre su aplicaci\u00f3n y los principios que lo integran<\/span>\n\n                            \n                                <div class=\"ekit_accordion_icon_group\">\n                                    <div class=\"ekit_accordion_normal_icon\">\n                                        <!-- Normal Icon -->\n\t\t\t\t\t\t\t\t\t\t<i class=\"icon icon-plus\"><\/i>                                    <\/div>\n\n                                    <div class=\"ekit_accordion_active_icon\">\n                                        <!-- Active Icon -->\n\t\t\t\t\t\t\t\t\t\t<i class=\"icon icon-minus\"><\/i>                                    <\/div>\n                                <\/div>\n\n                            \n                                                    <\/a>\n                    <\/div>\n\n                    <div id=\"Collapse-297652269f1b7b943899\" class=\" collapse\" aria-labelledby=\"primaryHeading-2-3c48c1a7\" data-parent=\"#accordion-69f1b7b943899\">\n\n                        <div class=\"elementskit-card-body ekit-accordion--content\">\n                            En el presente trabajo se analizan los elementos centrales de los derechos de los consumidores y usuarios, y se describen los principales mecanismos para su defensa. Asimismo, se describe la evoluci\u00f3n de la normativa en nuestro ordenamiento jur\u00eddico interno, y la implicancia ella en las relaciones de consumo cotidianas. Por otro lado, se realizan recomendaciones para la actualizaci\u00f3n de nuestra normativa en base al desarrollo y la utilizaci\u00f3n de las nuevas tecnolog\u00edas por parte de la sociedad. Finalmente se analiza la necesidad de una mayor difusi\u00f3n de los derechos que tutelan a los usuarios y consumidores, a fin de lograr una mayor y mejor protecci\u00f3n de aquellos.\n<br><br>\n<a href=\"https:\/\/nuevasgeneraciones.com.ar\/sitio\/wp-content\/uploads\/documentos3\/_archivo\/2022\/NG-PP362-Derechos-del-consumidor-MAR2022.pdf?PP362\" class=\"btn btn-danger btn-sm\" target=\"_blank\">Descargar<\/a>                        <\/div>\n\n                    <\/div>\n\n                <\/div><!-- .elementskit-card END -->\n\n                \n                <div class=\"elementskit-card \">\n                    <div class=\"elementskit-card-header\" id=\"primaryHeading-3-3c48c1a7\">\n                        <a href=\"#collapse-57ebe7769f1b7b943899\" class=\"ekit-accordion--toggler elementskit-btn-link collapsed\" data-ekit-toggle=\"collapse\" data-target=\"#Collapse-57ebe7769f1b7b943899\" aria-expanded=\"false\" aria-controls=\"Collapse-57ebe7769f1b7b943899\">\n                            \n                            <span class=\"ekit-accordion-title\">La reforma del art\u00edculo 148 bis del C\u00f3digo Penal: una herramienta necesaria para la lucha contra el trabajo infantil<\/span>\n\n                            \n                                <div class=\"ekit_accordion_icon_group\">\n                                    <div class=\"ekit_accordion_normal_icon\">\n                                        <!-- Normal Icon -->\n\t\t\t\t\t\t\t\t\t\t<i class=\"icon icon-plus\"><\/i>                                    <\/div>\n\n                                    <div class=\"ekit_accordion_active_icon\">\n                                        <!-- Active Icon -->\n\t\t\t\t\t\t\t\t\t\t<i class=\"icon icon-minus\"><\/i>                                    <\/div>\n                                <\/div>\n\n                            \n                                                    <\/a>\n                    <\/div>\n\n                    <div id=\"Collapse-57ebe7769f1b7b943899\" class=\" collapse\" aria-labelledby=\"primaryHeading-3-3c48c1a7\" data-parent=\"#accordion-69f1b7b943899\">\n\n                        <div class=\"elementskit-card-body ekit-accordion--content\">\n                            El trabajo infantil es un flagelo que azota a los integrantes m\u00e1s vulnerables de la sociedad: los ni\u00f1os. Para eliminarlo hace falta trabajar conjuntamente desde la perspectiva social, econ\u00f3mica, cultural y jur\u00eddica. Respecto de este \u00faltimo enfoque, en el presente trabajo se propone la reforma del art\u00edculo 148 bis del C\u00f3digo Penal de la Naci\u00f3n para eliminar la inimputabilidad de los tutores y los guardadores en los casos en que estos se aprovecharen econ\u00f3micamente del trabajo de un menor a su cargo.\n<br><br>\n<a href=\"http:\/\/www.nuevasgeneraciones.com.ar\/sitio\/wp-content\/uploads\/documentos3\/_archivo\/07\/07_reforma_148bis.pdf\" class=\"btn btn-danger btn-sm\" target=\"_blank\">Descargar<\/a>                        <\/div>\n\n                    <\/div>\n\n                <\/div><!-- .elementskit-card END -->\n\n                \n                <div class=\"elementskit-card \">\n                    <div class=\"elementskit-card-header\" id=\"primaryHeading-4-3c48c1a7\">\n                        <a href=\"#collapse-9757a9d69f1b7b943899\" class=\"ekit-accordion--toggler elementskit-btn-link collapsed\" data-ekit-toggle=\"collapse\" data-target=\"#Collapse-9757a9d69f1b7b943899\" aria-expanded=\"false\" aria-controls=\"Collapse-9757a9d69f1b7b943899\">\n                            \n                            <span class=\"ekit-accordion-title\">Cambio de productos en comercios: eliminaci\u00f3n de las restricciones en beneficio de los consumidores<\/span>\n\n                            \n                                <div class=\"ekit_accordion_icon_group\">\n                                    <div class=\"ekit_accordion_normal_icon\">\n                                        <!-- Normal Icon -->\n\t\t\t\t\t\t\t\t\t\t<i class=\"icon icon-plus\"><\/i>                                    <\/div>\n\n                                    <div class=\"ekit_accordion_active_icon\">\n                                        <!-- Active Icon -->\n\t\t\t\t\t\t\t\t\t\t<i class=\"icon icon-minus\"><\/i>                                    <\/div>\n                                <\/div>\n\n                            \n                                                    <\/a>\n                    <\/div>\n\n                    <div id=\"Collapse-9757a9d69f1b7b943899\" class=\" collapse\" aria-labelledby=\"primaryHeading-4-3c48c1a7\" data-parent=\"#accordion-69f1b7b943899\">\n\n                        <div class=\"elementskit-card-body ekit-accordion--content\">\n                            Las prerrogativas de los consumidores no siempre pueden ser ejercidos en la magnitud deseada. Ello ocurre, por ejemplo, cuando se les limita el ejercicio del derecho a cambiar productos. En el presente trabajo se propone que los comercios no puedan imponer restricciones de horario y lugar para el cambio de los productos no deseados.\n<br><br>\n<a href=\"http:\/\/www.nuevasgeneraciones.com.ar\/sitio\/wp-content\/uploads\/documentos3\/_archivo\/07\/07_devolucion_productos.pdf\" class=\"btn btn-danger btn-sm\" target=\"_blank\">Descargar<\/a>                        <\/div>\n\n                    <\/div>\n\n                <\/div><!-- .elementskit-card END -->\n\n                \n                <div class=\"elementskit-card \">\n                    <div class=\"elementskit-card-header\" id=\"primaryHeading-5-3c48c1a7\">\n                        <a href=\"#collapse-dbc1df869f1b7b943899\" class=\"ekit-accordion--toggler elementskit-btn-link collapsed\" data-ekit-toggle=\"collapse\" data-target=\"#Collapse-dbc1df869f1b7b943899\" aria-expanded=\"false\" aria-controls=\"Collapse-dbc1df869f1b7b943899\">\n                            \n                            <span class=\"ekit-accordion-title\">Prohibici\u00f3n de escuchar m\u00fasica sin auriculares en el transporte p\u00fablico de la provincia de Entre R\u00edos  <\/span>\n\n                            \n                                <div class=\"ekit_accordion_icon_group\">\n                                    <div class=\"ekit_accordion_normal_icon\">\n                                        <!-- Normal Icon -->\n\t\t\t\t\t\t\t\t\t\t<i class=\"icon icon-plus\"><\/i>                                    <\/div>\n\n                                    <div class=\"ekit_accordion_active_icon\">\n                                        <!-- Active Icon -->\n\t\t\t\t\t\t\t\t\t\t<i class=\"icon icon-minus\"><\/i>                                    <\/div>\n                                <\/div>\n\n                            \n                                                    <\/a>\n                    <\/div>\n\n                    <div id=\"Collapse-dbc1df869f1b7b943899\" class=\" collapse\" aria-labelledby=\"primaryHeading-5-3c48c1a7\" data-parent=\"#accordion-69f1b7b943899\">\n\n                        <div class=\"elementskit-card-body ekit-accordion--content\">\n                            En el presente trabajo se propone la obligatoriedad del uso de auriculares para aquellas personas que deseen escuchar m\u00fasica en el transporte p\u00fablico entrerriano. El motivo de dicha propuesta radica en las molestias que el sonido, incluso en vol\u00famenes moderados, genera en el chofer y el resto de los pasajeros.\n<br><br>\n<a href=\"http:\/\/www.nuevasgeneraciones.com.ar\/sitio\/wp-content\/uploads\/documentos3\/_archivo\/07\/07_Obligatriedad_auriculares_transporte_ERR.pdf\" class=\"btn btn-danger btn-sm\" target=\"_blank\">Descargar<\/a>                        <\/div>\n\n                    <\/div>\n\n                <\/div><!-- .elementskit-card END -->\n\n                \n                <div class=\"elementskit-card \">\n                    <div class=\"elementskit-card-header\" id=\"primaryHeading-6-3c48c1a7\">\n                        <a href=\"#collapse-bf106a369f1b7b943899\" class=\"ekit-accordion--toggler elementskit-btn-link collapsed\" data-ekit-toggle=\"collapse\" data-target=\"#Collapse-bf106a369f1b7b943899\" aria-expanded=\"false\" aria-controls=\"Collapse-bf106a369f1b7b943899\">\n                            \n                            <span class=\"ekit-accordion-title\">Derecho al consumo de agua de red en establecimientos gastron\u00f3micos  <\/span>\n\n                            \n                                <div class=\"ekit_accordion_icon_group\">\n                                    <div class=\"ekit_accordion_normal_icon\">\n                                        <!-- Normal Icon -->\n\t\t\t\t\t\t\t\t\t\t<i class=\"icon icon-plus\"><\/i>                                    <\/div>\n\n                                    <div class=\"ekit_accordion_active_icon\">\n                                        <!-- Active Icon -->\n\t\t\t\t\t\t\t\t\t\t<i class=\"icon icon-minus\"><\/i>                                    <\/div>\n                                <\/div>\n\n                            \n                                                    <\/a>\n                    <\/div>\n\n                    <div id=\"Collapse-bf106a369f1b7b943899\" class=\" collapse\" aria-labelledby=\"primaryHeading-6-3c48c1a7\" data-parent=\"#accordion-69f1b7b943899\">\n\n                        <div class=\"elementskit-card-body ekit-accordion--content\">\n                            El presente trabajo propone que en los municipios se adopten medidas legislativas que obliguen a que los establecimientos gastron\u00f3micos ofrezcan agua potable de red de manera gratuita. Dicha iniciativa surge del derecho del consumidor a optar por la m\u00e1s b\u00e1sica de las bebidas. La adopci\u00f3n a nivel municipal de esta medida traer\u00e1 aparejados beneficios en la salud de los ciudadanos y una menor generaci\u00f3n de residuos provenientes de los envases descartables de bebidas. Asimismo estimular\u00e1 la concurrencia a bares y restaurantes reactivando al sector gastron\u00f3mico debido a que la aplicaci\u00f3n de lo aqu\u00ed propuesto reducir\u00e1 los costos de los consumidores.\n<br><br>\n<a href=\"http:\/\/www.nuevasgeneraciones.com.ar\/sitio\/wp-content\/uploads\/documentos3\/_archivo\/07\/07_derecho_agua_establecimientos_gastronomicos.pdf\" class=\"btn btn-danger btn-sm\" target=\"_blank\">Descargar<\/a>                        <\/div>\n\n                    <\/div>\n\n                <\/div><!-- .elementskit-card END -->\n\n                \n                <div class=\"elementskit-card \">\n                    <div class=\"elementskit-card-header\" id=\"primaryHeading-7-3c48c1a7\">\n                        <a href=\"#collapse-48f18c069f1b7b943899\" class=\"ekit-accordion--toggler elementskit-btn-link collapsed\" data-ekit-toggle=\"collapse\" data-target=\"#Collapse-48f18c069f1b7b943899\" aria-expanded=\"false\" aria-controls=\"Collapse-48f18c069f1b7b943899\">\n                            \n                            <span class=\"ekit-accordion-title\">La ley 26.944 y la responsabilidad del Estado por las condenas judiciales err\u00f3neas  <\/span>\n\n                            \n                                <div class=\"ekit_accordion_icon_group\">\n                                    <div class=\"ekit_accordion_normal_icon\">\n                                        <!-- Normal Icon -->\n\t\t\t\t\t\t\t\t\t\t<i class=\"icon icon-plus\"><\/i>                                    <\/div>\n\n                                    <div class=\"ekit_accordion_active_icon\">\n                                        <!-- Active Icon -->\n\t\t\t\t\t\t\t\t\t\t<i class=\"icon icon-minus\"><\/i>                                    <\/div>\n                                <\/div>\n\n                            \n                                                    <\/a>\n                    <\/div>\n\n                    <div id=\"Collapse-48f18c069f1b7b943899\" class=\" collapse\" aria-labelledby=\"primaryHeading-7-3c48c1a7\" data-parent=\"#accordion-69f1b7b943899\">\n\n                        <div class=\"elementskit-card-body ekit-accordion--content\">\n                            El presente informe tiene como objetivo exhibir la situaci\u00f3n actual en la que se encuentra el ordenamiento legal argentino en lo referente a las condenas judiciales err\u00f3neas, y cu\u00e1n exigible puede resultar la debida indemnizaci\u00f3n a aquellas personas sobre las que \u00e9stas recaen.\n<br><br>\n<a href=\"http:\/\/www.nuevasgeneraciones.com.ar\/sitio\/wp-content\/uploads\/documentos3\/_archivo\/07\/07_responsabilidad_estado_condenas.pdf\" class=\"btn btn-danger btn-sm\" target=\"_blank\">Descargar<\/a>                        <\/div>\n\n                    <\/div>\n\n                <\/div><!-- .elementskit-card END -->\n\n                \n                <div class=\"elementskit-card \">\n                    <div class=\"elementskit-card-header\" id=\"primaryHeading-8-3c48c1a7\">\n                        <a href=\"#collapse-3d2a5b969f1b7b943899\" class=\"ekit-accordion--toggler elementskit-btn-link collapsed\" data-ekit-toggle=\"collapse\" data-target=\"#Collapse-3d2a5b969f1b7b943899\" aria-expanded=\"false\" aria-controls=\"Collapse-3d2a5b969f1b7b943899\">\n                            \n                            <span class=\"ekit-accordion-title\">Herramientas de la legislaci\u00f3n comparada contra la precariedad laboral  <\/span>\n\n                            \n                                <div class=\"ekit_accordion_icon_group\">\n                                    <div class=\"ekit_accordion_normal_icon\">\n                                        <!-- Normal Icon -->\n\t\t\t\t\t\t\t\t\t\t<i class=\"icon icon-plus\"><\/i>                                    <\/div>\n\n                                    <div class=\"ekit_accordion_active_icon\">\n                                        <!-- Active Icon -->\n\t\t\t\t\t\t\t\t\t\t<i class=\"icon icon-minus\"><\/i>                                    <\/div>\n                                <\/div>\n\n                            \n                                                    <\/a>\n                    <\/div>\n\n                    <div id=\"Collapse-3d2a5b969f1b7b943899\" class=\" collapse\" aria-labelledby=\"primaryHeading-8-3c48c1a7\" data-parent=\"#accordion-69f1b7b943899\">\n\n                        <div class=\"elementskit-card-body ekit-accordion--content\">\n                            Garantizar los derechos de los trabajadores es para el Estado Nacional una obligaci\u00f3n constitucional. El presente trabajo se propone describir las medidas tomadas en el Reino de Espa\u00f1a que podr\u00edan ser implementadas en nuestro pa\u00eds con el objetivo de subsanar los problemas generados por el incremento de los \u00edndices de precariedad laboral, seg\u00fan estudios recientes.\n<br><br>\n<a href=\"http:\/\/www.nuevasgeneraciones.com.ar\/sitio\/wp-content\/uploads\/documentos3\/_archivo\/07\/07_Incentivo_contratacion.pdf\" class=\"btn btn-danger btn-sm\" target=\"_blank\">Descargar<\/a>                        <\/div>\n\n                    <\/div>\n\n                <\/div><!-- .elementskit-card END -->\n\n                \n                <div class=\"elementskit-card \">\n                    <div class=\"elementskit-card-header\" id=\"primaryHeading-9-3c48c1a7\">\n                        <a href=\"#collapse-6ca070369f1b7b943899\" class=\"ekit-accordion--toggler elementskit-btn-link collapsed\" data-ekit-toggle=\"collapse\" data-target=\"#Collapse-6ca070369f1b7b943899\" aria-expanded=\"false\" aria-controls=\"Collapse-6ca070369f1b7b943899\">\n                            \n                            <span class=\"ekit-accordion-title\">Informe acerca de la constitucionalidad de la retenci\u00f3n bancaria para el pago del Impuesto a los Ingresos Brutos<\/span>\n\n                            \n                                <div class=\"ekit_accordion_icon_group\">\n                                    <div class=\"ekit_accordion_normal_icon\">\n                                        <!-- Normal Icon -->\n\t\t\t\t\t\t\t\t\t\t<i class=\"icon icon-plus\"><\/i>                                    <\/div>\n\n                                    <div class=\"ekit_accordion_active_icon\">\n                                        <!-- Active Icon -->\n\t\t\t\t\t\t\t\t\t\t<i class=\"icon icon-minus\"><\/i>                                    <\/div>\n                                <\/div>\n\n                            \n                                                    <\/a>\n                    <\/div>\n\n                    <div id=\"Collapse-6ca070369f1b7b943899\" class=\" collapse\" aria-labelledby=\"primaryHeading-9-3c48c1a7\" data-parent=\"#accordion-69f1b7b943899\">\n\n                        <div class=\"elementskit-card-body ekit-accordion--content\">\n                            El presente trabajo tiene como objetivo analizar la legitimidad del sistema mediante el cual los organismos de recaudaci\u00f3n fiscal instituyen a los bancos como agentes de retenci\u00f3n de los ingresos de los usuarios. Dada la similitud de este esquema en las diferentes jurisdicciones locales, posamos nuestro enfoque en los principios que la rigen y las posturas jurisprudenciales que se expiden acerca de su constitucionalidad.\n<br><br>\n<a href=\"http:\/\/www.nuevasgeneraciones.com.ar\/sitio\/wp-content\/uploads\/documentos3\/_archivo\/07\/07_retencion_IIBB.pdf\" class=\"btn btn-danger btn-sm\" target=\"_blank\">Descargar<\/a>                        <\/div>\n\n                    <\/div>\n\n                <\/div><!-- .elementskit-card END -->\n\n                \n                <div class=\"elementskit-card \">\n                    <div class=\"elementskit-card-header\" id=\"primaryHeading-10-3c48c1a7\">\n                        <a href=\"#collapse-45d048269f1b7b943899\" class=\"ekit-accordion--toggler elementskit-btn-link collapsed\" data-ekit-toggle=\"collapse\" data-target=\"#Collapse-45d048269f1b7b943899\" aria-expanded=\"false\" aria-controls=\"Collapse-45d048269f1b7b943899\">\n                            \n                            <span class=\"ekit-accordion-title\">Prohibici\u00f3n de ingreso de menores alcoholizados a locales bailables en la Provincia de Buenos Aires<\/span>\n\n                            \n                                <div class=\"ekit_accordion_icon_group\">\n                                    <div class=\"ekit_accordion_normal_icon\">\n                                        <!-- Normal Icon -->\n\t\t\t\t\t\t\t\t\t\t<i class=\"icon icon-plus\"><\/i>                                    <\/div>\n\n                                    <div class=\"ekit_accordion_active_icon\">\n                                        <!-- Active Icon -->\n\t\t\t\t\t\t\t\t\t\t<i class=\"icon icon-minus\"><\/i>                                    <\/div>\n                                <\/div>\n\n                            \n                                                    <\/a>\n                    <\/div>\n\n                    <div id=\"Collapse-45d048269f1b7b943899\" class=\" collapse\" aria-labelledby=\"primaryHeading-10-3c48c1a7\" data-parent=\"#accordion-69f1b7b943899\">\n\n                        <div class=\"elementskit-card-body ekit-accordion--content\">\n                            Es cada vez m\u00e1s habitual que los adolescentes ingieran bebidas alcoh\u00f3licas antes de ir a bailar o de concurrir a fiestas privadas en lugares p\u00fablicos alquilados. Para desalentar dichas pr\u00e1cticas en el presente trabajo se propone prohibir en la Provincia de Buenos Aires el ingreso de menores de edad a los locales bailables y fiestas en estado de ebriedad.\n<br><br>\n<a>Descargar<\/a>                        <\/div>\n\n                    <\/div>\n\n                <\/div><!-- .elementskit-card END -->\n\n                \n                <div class=\"elementskit-card \">\n                    <div class=\"elementskit-card-header\" id=\"primaryHeading-11-3c48c1a7\">\n                        <a href=\"#collapse-98b2df669f1b7b943899\" class=\"ekit-accordion--toggler elementskit-btn-link collapsed\" data-ekit-toggle=\"collapse\" data-target=\"#Collapse-98b2df669f1b7b943899\" aria-expanded=\"false\" aria-controls=\"Collapse-98b2df669f1b7b943899\">\n                            \n                            <span class=\"ekit-accordion-title\">Propuesta de reconocimiento en Argentina de las horas de vuelo realizadas por pilotos argentinos en el exterior<\/span>\n\n                            \n                                <div class=\"ekit_accordion_icon_group\">\n                                    <div class=\"ekit_accordion_normal_icon\">\n                                        <!-- Normal Icon -->\n\t\t\t\t\t\t\t\t\t\t<i class=\"icon icon-plus\"><\/i>                                    <\/div>\n\n                                    <div class=\"ekit_accordion_active_icon\">\n                                        <!-- Active Icon -->\n\t\t\t\t\t\t\t\t\t\t<i class=\"icon icon-minus\"><\/i>                                    <\/div>\n                                <\/div>\n\n                            \n                                                    <\/a>\n                    <\/div>\n\n                    <div id=\"Collapse-98b2df669f1b7b943899\" class=\" collapse\" aria-labelledby=\"primaryHeading-11-3c48c1a7\" data-parent=\"#accordion-69f1b7b943899\">\n\n                        <div class=\"elementskit-card-body ekit-accordion--content\">\n                            El objeto de este informe es llamar la atenci\u00f3n acerca del desactualizado sistema que rige la actividad aeron\u00e1utica civil en Argentina en lo que refiere al reconocimiento del tiempo de vuelo acumulado por los pilotos privados y p\u00fablicos, especialmente con aeronaves matriculadas en el extranjero.\n<br><br>\n<a href=\"http:\/\/www.nuevasgeneraciones.com.ar\/sitio\/wp-content\/uploads\/documentos3\/_archivo\/07\/07_reconocimiento_horas_de_vuelo.pdf\" class=\"btn btn-danger btn-sm\" target=\"_blank\">Descargar<\/a>                        <\/div>\n\n                    <\/div>\n\n                <\/div><!-- .elementskit-card END -->\n\n                \n                <div class=\"elementskit-card \">\n                    <div class=\"elementskit-card-header\" id=\"primaryHeading-12-3c48c1a7\">\n                        <a href=\"#collapse-09e3eda69f1b7b943899\" class=\"ekit-accordion--toggler elementskit-btn-link collapsed\" data-ekit-toggle=\"collapse\" data-target=\"#Collapse-09e3eda69f1b7b943899\" aria-expanded=\"false\" aria-controls=\"Collapse-09e3eda69f1b7b943899\">\n                            \n                            <span class=\"ekit-accordion-title\">Protecci\u00f3n de los trabajadores contra la radiaci\u00f3n solar<\/span>\n\n                            \n                                <div class=\"ekit_accordion_icon_group\">\n                                    <div class=\"ekit_accordion_normal_icon\">\n                                        <!-- Normal Icon -->\n\t\t\t\t\t\t\t\t\t\t<i class=\"icon icon-plus\"><\/i>                                    <\/div>\n\n                                    <div class=\"ekit_accordion_active_icon\">\n                                        <!-- Active Icon -->\n\t\t\t\t\t\t\t\t\t\t<i class=\"icon icon-minus\"><\/i>                                    <\/div>\n                                <\/div>\n\n                            \n                                                    <\/a>\n                    <\/div>\n\n                    <div id=\"Collapse-09e3eda69f1b7b943899\" class=\" collapse\" aria-labelledby=\"primaryHeading-12-3c48c1a7\" data-parent=\"#accordion-69f1b7b943899\">\n\n                        <div class=\"elementskit-card-body ekit-accordion--content\">\n                            En el presente trabajo se propone la obligatoriedad de proporcionar a los trabajadores que desarrollan tareas al aire libre en horas diurnas de los medios id\u00f3neos y necesarios de protecci\u00f3n contra las radiaciones del sol.\n<br><br>\n<a href=\"http:\/\/www.nuevasgeneraciones.com.ar\/sitio\/wp-content\/uploads\/documentos3\/_archivo\/07\/07_Proteccion_trabajadores_rayos_UV.pdf\" class=\"btn btn-danger btn-sm\" target=\"_blank\">Descargar<\/a>                        <\/div>\n\n                    <\/div>\n\n                <\/div><!-- .elementskit-card END -->\n\n                \n                <div class=\"elementskit-card \">\n                    <div class=\"elementskit-card-header\" id=\"primaryHeading-13-3c48c1a7\">\n                        <a href=\"#collapse-a14378669f1b7b943899\" class=\"ekit-accordion--toggler elementskit-btn-link collapsed\" data-ekit-toggle=\"collapse\" data-target=\"#Collapse-a14378669f1b7b943899\" aria-expanded=\"false\" aria-controls=\"Collapse-a14378669f1b7b943899\">\n                            \n                            <span class=\"ekit-accordion-title\">Propuesta de modificaci\u00f3n del tipo penal de la usurpaci\u00f3n en el derecho argentino<\/span>\n\n                            \n                                <div class=\"ekit_accordion_icon_group\">\n                                    <div class=\"ekit_accordion_normal_icon\">\n                                        <!-- Normal Icon -->\n\t\t\t\t\t\t\t\t\t\t<i class=\"icon icon-plus\"><\/i>                                    <\/div>\n\n                                    <div class=\"ekit_accordion_active_icon\">\n                                        <!-- Active Icon -->\n\t\t\t\t\t\t\t\t\t\t<i class=\"icon icon-minus\"><\/i>                                    <\/div>\n                                <\/div>\n\n                            \n                                                    <\/a>\n                    <\/div>\n\n                    <div id=\"Collapse-a14378669f1b7b943899\" class=\" collapse\" aria-labelledby=\"primaryHeading-13-3c48c1a7\" data-parent=\"#accordion-69f1b7b943899\">\n\n                        <div class=\"elementskit-card-body ekit-accordion--content\">\n                            En el presente propone la modificaci\u00f3n del art. 181 del C\u00f3digo Penal de manera tal que el t\u00e9rmino violencia sea considerado tanto como ejercido sobre las personas como sobre las cosas. De este modo se evitar\u00e1n interpretaciones injustas para los casos de usurpaci\u00f3n de propiedades.\n<br><br>\n<a href=\"http:\/\/www.nuevasgeneraciones.com.ar\/sitio\/wp-content\/uploads\/documentos3\/_archivo\/07\/07_Modificacion_tipo_penal_usurpacion.pdf\" class=\"btn btn-danger btn-sm\" target=\"_blank\">Descargar<\/a>                        <\/div>\n\n                    <\/div>\n\n                <\/div><!-- .elementskit-card END -->\n\n                \n                <div class=\"elementskit-card \">\n                    <div class=\"elementskit-card-header\" id=\"primaryHeading-14-3c48c1a7\">\n                        <a href=\"#collapse-ee6e54869f1b7b943899\" class=\"ekit-accordion--toggler elementskit-btn-link collapsed\" data-ekit-toggle=\"collapse\" data-target=\"#Collapse-ee6e54869f1b7b943899\" aria-expanded=\"false\" aria-controls=\"Collapse-ee6e54869f1b7b943899\">\n                            \n                            <span class=\"ekit-accordion-title\">Propuesta de colegiaci\u00f3n de los despachantes de aduana en Argentina<\/span>\n\n                            \n                                <div class=\"ekit_accordion_icon_group\">\n                                    <div class=\"ekit_accordion_normal_icon\">\n                                        <!-- Normal Icon -->\n\t\t\t\t\t\t\t\t\t\t<i class=\"icon icon-plus\"><\/i>                                    <\/div>\n\n                                    <div class=\"ekit_accordion_active_icon\">\n                                        <!-- Active Icon -->\n\t\t\t\t\t\t\t\t\t\t<i class=\"icon icon-minus\"><\/i>                                    <\/div>\n                                <\/div>\n\n                            \n                                                    <\/a>\n                    <\/div>\n\n                    <div id=\"Collapse-ee6e54869f1b7b943899\" class=\" collapse\" aria-labelledby=\"primaryHeading-14-3c48c1a7\" data-parent=\"#accordion-69f1b7b943899\">\n\n                        <div class=\"elementskit-card-body ekit-accordion--content\">\n                            En el presente trabajo se hace un sucinto an\u00e1lisis de la realidad jur\u00eddico-pr\u00e1ctica en la que se inserta el proyecto de ley 7949-D-2013 presentado en la Honorable C\u00e1mara de Diputados de la Naci\u00f3n, proponiendo crear el Colegio P\u00fablico de Despachantes de Aduana. La citada iniciativa regula las funciones de dicho organismo, el proceso de afiliaci\u00f3n, su organizaci\u00f3n interna, las incompatibilidades de la profesi\u00f3n, y el ejercicio de los poderes disciplinarios. Sin embargo presenta algunas prescripciones que se sugiere modificar. En tal sentido, proponemos aqu\u00ed las correcciones que deber\u00edan realizarse y las posibles alternativas de soluci\u00f3n.\n<br><br>\n<a href=\"http:\/\/www.nuevasgeneraciones.com.ar\/sitio\/wp-content\/uploads\/documentos3\/_archivo\/07\/07_Colegiacion_Despachantes_Aduana.pdf\" class=\"btn btn-danger btn-sm\" target=\"_blank\">Descargar<\/a>                        <\/div>\n\n                    <\/div>\n\n                <\/div><!-- .elementskit-card END -->\n\n                \n                <div class=\"elementskit-card \">\n                    <div class=\"elementskit-card-header\" id=\"primaryHeading-15-3c48c1a7\">\n                        <a href=\"#collapse-2d3286c69f1b7b943899\" class=\"ekit-accordion--toggler elementskit-btn-link collapsed\" data-ekit-toggle=\"collapse\" data-target=\"#Collapse-2d3286c69f1b7b943899\" aria-expanded=\"false\" aria-controls=\"Collapse-2d3286c69f1b7b943899\">\n                            \n                            <span class=\"ekit-accordion-title\">Regulaci\u00f3n de la exhibici\u00f3n de animales para su venta en los establecimientos comerciales de la Provincia de Buenos Aires<\/span>\n\n                            \n                                <div class=\"ekit_accordion_icon_group\">\n                                    <div class=\"ekit_accordion_normal_icon\">\n                                        <!-- Normal Icon -->\n\t\t\t\t\t\t\t\t\t\t<i class=\"icon icon-plus\"><\/i>                                    <\/div>\n\n                                    <div class=\"ekit_accordion_active_icon\">\n                                        <!-- Active Icon -->\n\t\t\t\t\t\t\t\t\t\t<i class=\"icon icon-minus\"><\/i>                                    <\/div>\n                                <\/div>\n\n                            \n                                                    <\/a>\n                    <\/div>\n\n                    <div id=\"Collapse-2d3286c69f1b7b943899\" class=\" collapse\" aria-labelledby=\"primaryHeading-15-3c48c1a7\" data-parent=\"#accordion-69f1b7b943899\">\n\n                        <div class=\"elementskit-card-body ekit-accordion--content\">\n                            En el presente trabajo se propone prohibir la exhibici\u00f3n de animales en o hacia la v\u00eda p\u00fablica, para su venta, trueque, alquiler, o cualquier otra transacci\u00f3n a t\u00edtulo oneroso en establecimientos comerciales, ferias y mercados dentro del territorio de la Provincia de Buenos Aires. Asimismo, persigue regular las caracter\u00edsticas de los espacios en que se expongan los animales, evitarles situaciones de estr\u00e9s y sufrimiento, informar al p\u00fablico consumidor y otorgar mayor trazabilidad acerca del origen de los animales que compran, para combatir de esa manera su adquisici\u00f3n en criaderos ilegales o a trav\u00e9s de la caza furtiva.\n<br><br>\n<a href=\"http:\/\/www.nuevasgeneraciones.com.ar\/sitio\/wp-content\/uploads\/documentos3\/_archivo\/07\/07_exhibicion_mascotas_comercios_BA.pdf\" class=\"btn btn-danger btn-sm\" target=\"_blank\">Descargar<\/a>                        <\/div>\n\n                    <\/div>\n\n                <\/div><!-- .elementskit-card END -->\n\n                \n                <div class=\"elementskit-card \">\n                    <div class=\"elementskit-card-header\" id=\"primaryHeading-16-3c48c1a7\">\n                        <a href=\"#collapse-93a180a69f1b7b943899\" class=\"ekit-accordion--toggler elementskit-btn-link collapsed\" data-ekit-toggle=\"collapse\" data-target=\"#Collapse-93a180a69f1b7b943899\" aria-expanded=\"false\" aria-controls=\"Collapse-93a180a69f1b7b943899\">\n                            \n                            <span class=\"ekit-accordion-title\">Ley de Leasing \u2013 Modificaci\u00f3n de tope para deducci\u00f3n de cr\u00e9dito fiscal en autom\u00f3viles<\/span>\n\n                            \n                                <div class=\"ekit_accordion_icon_group\">\n                                    <div class=\"ekit_accordion_normal_icon\">\n                                        <!-- Normal Icon -->\n\t\t\t\t\t\t\t\t\t\t<i class=\"icon icon-plus\"><\/i>                                    <\/div>\n\n                                    <div class=\"ekit_accordion_active_icon\">\n                                        <!-- Active Icon -->\n\t\t\t\t\t\t\t\t\t\t<i class=\"icon icon-minus\"><\/i>                                    <\/div>\n                                <\/div>\n\n                            \n                                                    <\/a>\n                    <\/div>\n\n                    <div id=\"Collapse-93a180a69f1b7b943899\" class=\" collapse\" aria-labelledby=\"primaryHeading-16-3c48c1a7\" data-parent=\"#accordion-69f1b7b943899\">\n\n                        <div class=\"elementskit-card-body ekit-accordion--content\">\n                            El progresivo abandono de los hidrocarburos y el desarrollo de nuevas tecnolog\u00edas para la generaci\u00f3n de energ\u00eda convierten al litio en un elemento esencial para la fabricaci\u00f3n de bater\u00edas. En el presente trabajo se propone una serie de incentivos para el est\u00edmulo a la fabricaci\u00f3n local de dichas bater\u00edas teniendo en cuenta la importancia de las reservas de litio que hay en Argentina.\n<br><br>\n<a href=\"http:\/\/www.nuevasgeneraciones.com.ar\/sitio\/wp-content\/uploads\/documentos3\/_archivo\/07\/07_ley_de_leasing.pdf\" class=\"btn btn-danger btn-sm\" target=\"_blank\">Descargar<\/a>                        <\/div>\n\n                    <\/div>\n\n                <\/div><!-- .elementskit-card END -->\n\n                \n                <div class=\"elementskit-card \">\n                    <div class=\"elementskit-card-header\" id=\"primaryHeading-17-3c48c1a7\">\n                        <a href=\"#collapse-441595f69f1b7b943899\" class=\"ekit-accordion--toggler elementskit-btn-link collapsed\" data-ekit-toggle=\"collapse\" data-target=\"#Collapse-441595f69f1b7b943899\" aria-expanded=\"false\" aria-controls=\"Collapse-441595f69f1b7b943899\">\n                            \n                            <span class=\"ekit-accordion-title\">Conveniencia de devolver a las obligaciones en moneda extranjera su verdadera naturaleza jur\u00eddica<\/span>\n\n                            \n                                <div class=\"ekit_accordion_icon_group\">\n                                    <div class=\"ekit_accordion_normal_icon\">\n                                        <!-- Normal Icon -->\n\t\t\t\t\t\t\t\t\t\t<i class=\"icon icon-plus\"><\/i>                                    <\/div>\n\n                                    <div class=\"ekit_accordion_active_icon\">\n                                        <!-- Active Icon -->\n\t\t\t\t\t\t\t\t\t\t<i class=\"icon icon-minus\"><\/i>                                    <\/div>\n                                <\/div>\n\n                            \n                                                    <\/a>\n                    <\/div>\n\n                    <div id=\"Collapse-441595f69f1b7b943899\" class=\" collapse\" aria-labelledby=\"primaryHeading-17-3c48c1a7\" data-parent=\"#accordion-69f1b7b943899\">\n\n                        <div class=\"elementskit-card-body ekit-accordion--content\">\n                            El nuevo C\u00f3digo Civil y Comercial de la Naci\u00f3n establece que las obligaciones de dar moneda que no sea de curso legal en Argentina deben considerarse como obligaciones de dar cantidades de cosas. En el presente trabajo se propone retornar al sistema que reg\u00eda en el anterior C\u00f3digo Civil, seg\u00fan el cual las obligaciones en las que se hubiese estipulado dar moneda extranjera deb\u00edan considerarse como de dar sumas de dinero.\n<br><br>\n<a href=\"http:\/\/www.nuevasgeneraciones.com.ar\/sitio\/wp-content\/uploads\/documentos3\/_archivo\/07\/07_obligaciones_moneda_extranjera.pdf\" class=\"btn btn-danger btn-sm\" target=\"_blank\">Descargar<\/a>                        <\/div>\n\n                    <\/div>\n\n                <\/div><!-- .elementskit-card END -->\n\n                \n                <div class=\"elementskit-card \">\n                    <div class=\"elementskit-card-header\" id=\"primaryHeading-18-3c48c1a7\">\n                        <a href=\"#collapse-e6d854669f1b7b943899\" class=\"ekit-accordion--toggler elementskit-btn-link collapsed\" data-ekit-toggle=\"collapse\" data-target=\"#Collapse-e6d854669f1b7b943899\" aria-expanded=\"false\" aria-controls=\"Collapse-e6d854669f1b7b943899\">\n                            \n                            <span class=\"ekit-accordion-title\">Propuesta de acu\u00f1aci\u00f3n de la moneda conmemorativa del General entrerriano Francisco \u201cPancho\u201d Ram\u00edrez<\/span>\n\n                            \n                                <div class=\"ekit_accordion_icon_group\">\n                                    <div class=\"ekit_accordion_normal_icon\">\n                                        <!-- Normal Icon -->\n\t\t\t\t\t\t\t\t\t\t<i class=\"icon icon-plus\"><\/i>                                    <\/div>\n\n                                    <div class=\"ekit_accordion_active_icon\">\n                                        <!-- Active Icon -->\n\t\t\t\t\t\t\t\t\t\t<i class=\"icon icon-minus\"><\/i>                                    <\/div>\n                                <\/div>\n\n                            \n                                                    <\/a>\n                    <\/div>\n\n                    <div id=\"Collapse-e6d854669f1b7b943899\" class=\" collapse\" aria-labelledby=\"primaryHeading-18-3c48c1a7\" data-parent=\"#accordion-69f1b7b943899\">\n\n                        <div class=\"elementskit-card-body ekit-accordion--content\">\n                            En el presente trabajo se propone la acu\u00f1aci\u00f3n, por parte del Estado Nacional, de una moneda conmemorativa del General Francisco \u201cPancho\u201d Ram\u00edrez, uno de los principales exponentes del federalismo argentino.\n<br><br>\n<a href=\"http:\/\/www.nuevasgeneraciones.com.ar\/sitio\/wp-content\/uploads\/documentos3\/_archivo\/07\/07_Moneda_Pancho_Ramirez.pdf\" class=\"btn btn-danger btn-sm\" target=\"_blank\">Descargar<\/a>                        <\/div>\n\n                    <\/div>\n\n                <\/div><!-- .elementskit-card END -->\n\n                \n                <div class=\"elementskit-card \">\n                    <div class=\"elementskit-card-header\" id=\"primaryHeading-19-3c48c1a7\">\n                        <a href=\"#collapse-3085e6869f1b7b943899\" class=\"ekit-accordion--toggler elementskit-btn-link collapsed\" data-ekit-toggle=\"collapse\" data-target=\"#Collapse-3085e6869f1b7b943899\" aria-expanded=\"false\" aria-controls=\"Collapse-3085e6869f1b7b943899\">\n                            \n                            <span class=\"ekit-accordion-title\">Colocaci\u00f3n de bandas retro refractantes en veh\u00edculos particulares<\/span>\n\n                            \n                                <div class=\"ekit_accordion_icon_group\">\n                                    <div class=\"ekit_accordion_normal_icon\">\n                                        <!-- Normal Icon -->\n\t\t\t\t\t\t\t\t\t\t<i class=\"icon icon-plus\"><\/i>                                    <\/div>\n\n                                    <div class=\"ekit_accordion_active_icon\">\n                                        <!-- Active Icon -->\n\t\t\t\t\t\t\t\t\t\t<i class=\"icon icon-minus\"><\/i>                                    <\/div>\n                                <\/div>\n\n                            \n                                                    <\/a>\n                    <\/div>\n\n                    <div id=\"Collapse-3085e6869f1b7b943899\" class=\" collapse\" aria-labelledby=\"primaryHeading-19-3c48c1a7\" data-parent=\"#accordion-69f1b7b943899\">\n\n                        <div class=\"elementskit-card-body ekit-accordion--content\">\n                            El presente trabajo pretende que todo veh\u00edculo particular de jurisdicci\u00f3n nacional que no posea las bandas\/ cintas refractivas adheridas pr\u00f3ximas a las luces de posici\u00f3n, las coloque en la parte trasera y delantera del veh\u00edculo para lograr una mayor iluminaci\u00f3n de \u00e9ste y evitar as\u00ed riesgos de accidentes.\n<br><br>\n<a href=\"http:\/\/www.nuevasgeneraciones.com.ar\/sitio\/wp-content\/uploads\/documentos3\/_archivo\/07\/07_Proyecto_Bandas_Refractantes.pdf\" class=\"btn btn-danger btn-sm\" target=\"_blank\">Descargar<\/a>                        <\/div>\n\n                    <\/div>\n\n                <\/div><!-- .elementskit-card END -->\n\n                \n                <div class=\"elementskit-card \">\n                    <div class=\"elementskit-card-header\" id=\"primaryHeading-20-3c48c1a7\">\n                        <a href=\"#collapse-958e8e669f1b7b943899\" class=\"ekit-accordion--toggler elementskit-btn-link collapsed\" data-ekit-toggle=\"collapse\" data-target=\"#Collapse-958e8e669f1b7b943899\" aria-expanded=\"false\" aria-controls=\"Collapse-958e8e669f1b7b943899\">\n                            \n                            <span class=\"ekit-accordion-title\">Instalaci\u00f3n de cambiadores de beb\u00e9s en sanitarios p\u00fablicos de ambos sexos<\/span>\n\n                            \n                                <div class=\"ekit_accordion_icon_group\">\n                                    <div class=\"ekit_accordion_normal_icon\">\n                                        <!-- Normal Icon -->\n\t\t\t\t\t\t\t\t\t\t<i class=\"icon icon-plus\"><\/i>                                    <\/div>\n\n                                    <div class=\"ekit_accordion_active_icon\">\n                                        <!-- Active Icon -->\n\t\t\t\t\t\t\t\t\t\t<i class=\"icon icon-minus\"><\/i>                                    <\/div>\n                                <\/div>\n\n                            \n                                                    <\/a>\n                    <\/div>\n\n                    <div id=\"Collapse-958e8e669f1b7b943899\" class=\" collapse\" aria-labelledby=\"primaryHeading-20-3c48c1a7\" data-parent=\"#accordion-69f1b7b943899\">\n\n                        <div class=\"elementskit-card-body ekit-accordion--content\">\n                            La vida moderna ha uniformado los roles de los miembros de la familia. Entre dichos roles se encuentran aquellos relativos al cuidado de los ni\u00f1os en sus primeros tiempos de vida. En el presente trabajo se propone la instalaci\u00f3n de espacios para el cambio de pa\u00f1ales de ni\u00f1os y ni\u00f1as en los sanitarios de ambos sexos de edificios de concurrencia masiva.\n<br><br>\n<a href=\"http:\/\/www.nuevasgeneraciones.com.ar\/sitio\/wp-content\/uploads\/documentos3\/_archivo\/07\/07Cambiadores_para_bebes.pdf\" class=\"btn btn-danger btn-sm\" target=\"_blank\">Descargar<\/a>                        <\/div>\n\n                    <\/div>\n\n                <\/div><!-- .elementskit-card END -->\n\n                \n                <div class=\"elementskit-card \">\n                    <div class=\"elementskit-card-header\" id=\"primaryHeading-21-3c48c1a7\">\n                        <a href=\"#collapse-3f5345369f1b7b943899\" class=\"ekit-accordion--toggler elementskit-btn-link collapsed\" data-ekit-toggle=\"collapse\" data-target=\"#Collapse-3f5345369f1b7b943899\" aria-expanded=\"false\" aria-controls=\"Collapse-3f5345369f1b7b943899\">\n                            \n                            <span class=\"ekit-accordion-title\">Instalaci\u00f3n de sanitarios en entidades bancarias y financieras p\u00fablicas y privadas<\/span>\n\n                            \n                                <div class=\"ekit_accordion_icon_group\">\n                                    <div class=\"ekit_accordion_normal_icon\">\n                                        <!-- Normal Icon -->\n\t\t\t\t\t\t\t\t\t\t<i class=\"icon icon-plus\"><\/i>                                    <\/div>\n\n                                    <div class=\"ekit_accordion_active_icon\">\n                                        <!-- Active Icon -->\n\t\t\t\t\t\t\t\t\t\t<i class=\"icon icon-minus\"><\/i>                                    <\/div>\n                                <\/div>\n\n                            \n                                                    <\/a>\n                    <\/div>\n\n                    <div id=\"Collapse-3f5345369f1b7b943899\" class=\" collapse\" aria-labelledby=\"primaryHeading-21-3c48c1a7\" data-parent=\"#accordion-69f1b7b943899\">\n\n                        <div class=\"elementskit-card-body ekit-accordion--content\">\n                            El presente trabajo propone que determinadas entidades bancarias y financieras, p\u00fablicas o privadas, que funcionen en el pa\u00eds, cuenten en sus instalaciones con sanitarios p\u00fablicos para ambos sexos, aptos para el uso de personas con discapacidad.\n<br><br>\n<a href=\"http:\/\/www.nuevasgeneraciones.com.ar\/sitio\/wp-content\/uploads\/documentos3\/_archivo\/07\/07_sanitarios_en_bancos.pdf\" class=\"btn btn-danger btn-sm\" target=\"_blank\">Descargar<\/a>                        <\/div>\n\n                    <\/div>\n\n                <\/div><!-- .elementskit-card END -->\n\n                \n                <div class=\"elementskit-card \">\n                    <div class=\"elementskit-card-header\" id=\"primaryHeading-22-3c48c1a7\">\n                        <a href=\"#collapse-adb723469f1b7b943899\" class=\"ekit-accordion--toggler elementskit-btn-link collapsed\" data-ekit-toggle=\"collapse\" data-target=\"#Collapse-adb723469f1b7b943899\" aria-expanded=\"false\" aria-controls=\"Collapse-adb723469f1b7b943899\">\n                            \n                            <span class=\"ekit-accordion-title\">Agravantes para delitos cometidos contra adultos mayores<\/span>\n\n                            \n                                <div class=\"ekit_accordion_icon_group\">\n                                    <div class=\"ekit_accordion_normal_icon\">\n                                        <!-- Normal Icon -->\n\t\t\t\t\t\t\t\t\t\t<i class=\"icon icon-plus\"><\/i>                                    <\/div>\n\n                                    <div class=\"ekit_accordion_active_icon\">\n                                        <!-- Active Icon -->\n\t\t\t\t\t\t\t\t\t\t<i class=\"icon icon-minus\"><\/i>                                    <\/div>\n                                <\/div>\n\n                            \n                                                    <\/a>\n                    <\/div>\n\n                    <div id=\"Collapse-adb723469f1b7b943899\" class=\" collapse\" aria-labelledby=\"primaryHeading-22-3c48c1a7\" data-parent=\"#accordion-69f1b7b943899\">\n\n                        <div class=\"elementskit-card-body ekit-accordion--content\">\n                            En vistas del crecimiento de los delitos cometidos contra adultos mayores, proponemos establecer en el C\u00f3digo Penal una agravante gen\u00e9rica que aumente el monto m\u00ednimo y m\u00e1ximo de las penas en los delitos perpetrados contra aquellos.\n<br><br>\n<a href=\"http:\/\/www.nuevasgeneraciones.com.ar\/sitio\/wp-content\/uploads\/documentos3\/_archivo\/07\/07agravantes_delitos_contra_mayores.pdf\" class=\"btn btn-danger btn-sm\" target=\"_blank\">Descargar<\/a>                        <\/div>\n\n                    <\/div>\n\n                <\/div><!-- .elementskit-card END -->\n\n                \n                <div class=\"elementskit-card \">\n                    <div class=\"elementskit-card-header\" id=\"primaryHeading-23-3c48c1a7\">\n                        <a href=\"#collapse-30a6b9469f1b7b943899\" class=\"ekit-accordion--toggler elementskit-btn-link collapsed\" data-ekit-toggle=\"collapse\" data-target=\"#Collapse-30a6b9469f1b7b943899\" aria-expanded=\"false\" aria-controls=\"Collapse-30a6b9469f1b7b943899\">\n                            \n                            <span class=\"ekit-accordion-title\">Reforma de la suspensi\u00f3n del juicio a prueba <\/span>\n\n                            \n                                <div class=\"ekit_accordion_icon_group\">\n                                    <div class=\"ekit_accordion_normal_icon\">\n                                        <!-- Normal Icon -->\n\t\t\t\t\t\t\t\t\t\t<i class=\"icon icon-plus\"><\/i>                                    <\/div>\n\n                                    <div class=\"ekit_accordion_active_icon\">\n                                        <!-- Active Icon -->\n\t\t\t\t\t\t\t\t\t\t<i class=\"icon icon-minus\"><\/i>                                    <\/div>\n                                <\/div>\n\n                            \n                                                    <\/a>\n                    <\/div>\n\n                    <div id=\"Collapse-30a6b9469f1b7b943899\" class=\" collapse\" aria-labelledby=\"primaryHeading-23-3c48c1a7\" data-parent=\"#accordion-69f1b7b943899\">\n\n                        <div class=\"elementskit-card-body ekit-accordion--content\">\n                            Mediante el presente trabajo se propone la reforma del instituto de la probation a fin de que la opini\u00f3n de la v\u00edctima de un delito pueda ser tenida en cuenta, de modo vinculante, y junto con la del fiscal, para aceptar la suspensi\u00f3n del juicio a prueba y la reparaci\u00f3n ofrecida.\n<br><br>\n<a href=\"http:\/\/www.nuevasgeneraciones.com.ar\/sitio\/wp-content\/uploads\/documentos3\/_archivo\/07\/Reforma_suspension_%20juicio_prueba.pdf\" class=\"btn btn-danger btn-sm\" target=\"_blank\">Descargar<\/a>                        <\/div>\n\n                    <\/div>\n\n                <\/div><!-- .elementskit-card END -->\n\n                \n                <div class=\"elementskit-card \">\n                    <div class=\"elementskit-card-header\" id=\"primaryHeading-24-3c48c1a7\">\n                        <a href=\"#collapse-64cd73f69f1b7b943899\" class=\"ekit-accordion--toggler elementskit-btn-link collapsed\" data-ekit-toggle=\"collapse\" data-target=\"#Collapse-64cd73f69f1b7b943899\" aria-expanded=\"false\" aria-controls=\"Collapse-64cd73f69f1b7b943899\">\n                            \n                            <span class=\"ekit-accordion-title\">Ampliaci\u00f3n de facultades procesales para las v\u00edctimas de delito<\/span>\n\n                            \n                                <div class=\"ekit_accordion_icon_group\">\n                                    <div class=\"ekit_accordion_normal_icon\">\n                                        <!-- Normal Icon -->\n\t\t\t\t\t\t\t\t\t\t<i class=\"icon icon-plus\"><\/i>                                    <\/div>\n\n                                    <div class=\"ekit_accordion_active_icon\">\n                                        <!-- Active Icon -->\n\t\t\t\t\t\t\t\t\t\t<i class=\"icon icon-minus\"><\/i>                                    <\/div>\n                                <\/div>\n\n                            \n                                                    <\/a>\n                    <\/div>\n\n                    <div id=\"Collapse-64cd73f69f1b7b943899\" class=\" collapse\" aria-labelledby=\"primaryHeading-24-3c48c1a7\" data-parent=\"#accordion-69f1b7b943899\">\n\n                        <div class=\"elementskit-card-body ekit-accordion--content\">\n                            El presente trabajo propone una ampliaci\u00f3n de facultades procesales para las v\u00edctimas de los delitos que les permita ejercer plenamente la defensa de sus derechos, sin necesidad de brindarles el car\u00e1cter de parte querellante ni de crear una nueva figura especial.\n<br><br>\n<a href=\"http:\/\/www.nuevasgeneraciones.com.ar\/sitio\/wp-content\/uploads\/documentos3\/_archivo\/07\/201402_Ampliacion_facultades_procesales.pdf\" class=\"btn btn-danger btn-sm\" target=\"_blank\">Descargar<\/a>                        <\/div>\n\n                    <\/div>\n\n                <\/div><!-- .elementskit-card END -->\n\n                \n                <div class=\"elementskit-card \">\n                    <div class=\"elementskit-card-header\" id=\"primaryHeading-25-3c48c1a7\">\n                        <a href=\"#collapse-d41999069f1b7b943899\" class=\"ekit-accordion--toggler elementskit-btn-link collapsed\" data-ekit-toggle=\"collapse\" data-target=\"#Collapse-d41999069f1b7b943899\" aria-expanded=\"false\" aria-controls=\"Collapse-d41999069f1b7b943899\">\n                            \n                            <span class=\"ekit-accordion-title\">Protecci\u00f3n del embri\u00f3n humano no implantado<\/span>\n\n                            \n                                <div class=\"ekit_accordion_icon_group\">\n                                    <div class=\"ekit_accordion_normal_icon\">\n                                        <!-- Normal Icon -->\n\t\t\t\t\t\t\t\t\t\t<i class=\"icon icon-plus\"><\/i>                                    <\/div>\n\n                                    <div class=\"ekit_accordion_active_icon\">\n                                        <!-- Active Icon -->\n\t\t\t\t\t\t\t\t\t\t<i class=\"icon icon-minus\"><\/i>                                    <\/div>\n                                <\/div>\n\n                            \n                                                    <\/a>\n                    <\/div>\n\n                    <div id=\"Collapse-d41999069f1b7b943899\" class=\" collapse\" aria-labelledby=\"primaryHeading-25-3c48c1a7\" data-parent=\"#accordion-69f1b7b943899\">\n\n                        <div class=\"elementskit-card-body ekit-accordion--content\">\n                            El 5 de junio de 2013 se sancion\u00f3 la ley 26.862 de reproducci\u00f3n m\u00e9dicamente asistida. Dicha norma legisl\u00f3 \u00fanicamente respecto de la cobertura econ\u00f3mica de las pr\u00e1cticas de fertilizaci\u00f3n asistida y no estableci\u00f3 un r\u00e9gimen jur\u00eddico para los embriones humanos. Aqu\u00ed se propone un texto legal para su protecci\u00f3n y resguardo frente a una posible destrucci\u00f3n, comercializaci\u00f3n, industrializaci\u00f3n y experimentaci\u00f3n, en consonancia con los tratados internacionales referidos a la defensa de los derechos humanos que cuentan con jerarqu\u00eda constitucional.\n<br><br>\n<a href=\"http:\/\/www.nuevasgeneraciones.com.ar\/sitio\/wp-content\/uploads\/documentos3\/_archivo\/07\/201310%20embrion_noimplantado.pdf\" class=\"btn btn-danger btn-sm\" target=\"_blank\">Descargar<\/a>                        <\/div>\n\n                    <\/div>\n\n                <\/div><!-- .elementskit-card END -->\n\n                \n                <div class=\"elementskit-card \">\n                    <div class=\"elementskit-card-header\" id=\"primaryHeading-26-3c48c1a7\">\n                        <a href=\"#collapse-8099b4669f1b7b943899\" class=\"ekit-accordion--toggler elementskit-btn-link collapsed\" data-ekit-toggle=\"collapse\" data-target=\"#Collapse-8099b4669f1b7b943899\" aria-expanded=\"false\" aria-controls=\"Collapse-8099b4669f1b7b943899\">\n                            \n                            <span class=\"ekit-accordion-title\">Oficios<\/span>\n\n                            \n                                <div class=\"ekit_accordion_icon_group\">\n                                    <div class=\"ekit_accordion_normal_icon\">\n                                        <!-- Normal Icon -->\n\t\t\t\t\t\t\t\t\t\t<i class=\"icon icon-plus\"><\/i>                                    <\/div>\n\n                                    <div class=\"ekit_accordion_active_icon\">\n                                        <!-- Active Icon -->\n\t\t\t\t\t\t\t\t\t\t<i class=\"icon icon-minus\"><\/i>                                    <\/div>\n                                <\/div>\n\n                            \n                                                    <\/a>\n                    <\/div>\n\n                    <div id=\"Collapse-8099b4669f1b7b943899\" class=\" collapse\" aria-labelledby=\"primaryHeading-26-3c48c1a7\" data-parent=\"#accordion-69f1b7b943899\">\n\n                        <div class=\"elementskit-card-body ekit-accordion--content\">\n                            El presente informe revaloriza aquellos oficios que hist\u00f3ricamente han sido herramientas dignas de trabajo, y una excelente oportunidad para los j\u00f3venes de nuestro pa\u00eds.\n<br><br>\n<a href=\"http:\/\/www.nuevasgeneraciones.com.ar\/sitio\/wp-content\/uploads\/documentos3\/_archivo\/07\/201306%20Oficios.pdf\" class=\"btn btn-danger btn-sm\" target=\"_blank\">Descargar<\/a>                        <\/div>\n\n                    <\/div>\n\n                <\/div><!-- .elementskit-card END -->\n\n                \n                <div class=\"elementskit-card \">\n                    <div class=\"elementskit-card-header\" id=\"primaryHeading-27-3c48c1a7\">\n                        <a href=\"#collapse-f242a7269f1b7b943899\" class=\"ekit-accordion--toggler elementskit-btn-link collapsed\" data-ekit-toggle=\"collapse\" data-target=\"#Collapse-f242a7269f1b7b943899\" aria-expanded=\"false\" aria-controls=\"Collapse-f242a7269f1b7b943899\">\n                            \n                            <span class=\"ekit-accordion-title\">Investigaci\u00f3n delitos en c\u00e1rceles<\/span>\n\n                            \n                                <div class=\"ekit_accordion_icon_group\">\n                                    <div class=\"ekit_accordion_normal_icon\">\n                                        <!-- Normal Icon -->\n\t\t\t\t\t\t\t\t\t\t<i class=\"icon icon-plus\"><\/i>                                    <\/div>\n\n                                    <div class=\"ekit_accordion_active_icon\">\n                                        <!-- Active Icon -->\n\t\t\t\t\t\t\t\t\t\t<i class=\"icon icon-minus\"><\/i>                                    <\/div>\n                                <\/div>\n\n                            \n                                                    <\/a>\n                    <\/div>\n\n                    <div id=\"Collapse-f242a7269f1b7b943899\" class=\" collapse\" aria-labelledby=\"primaryHeading-27-3c48c1a7\" data-parent=\"#accordion-69f1b7b943899\">\n\n                        <div class=\"elementskit-card-body ekit-accordion--content\">\n                             El presente trabajo tiene por finalidad fijar pautas para mejorar el esclarecimiento de los delitos cometidos en \u00e1mbitos carcelarios, tanto los perpetrados por los internos entre s\u00ed, como los cometidos por miembros de los servicios penitenciarios hacia estos \u00faltimos y viceversa.\n<br><br>\n<a href=\"http:\/\/www.nuevasgeneraciones.com.ar\/sitio\/wp-content\/uploads\/documentos3\/_archivo\/07\/07_investigacion_delitos_carceles.pdf\" class=\"btn btn-danger btn-sm\" target=\"_blank\">Descargar<\/a>                        <\/div>\n\n                    <\/div>\n\n                <\/div><!-- .elementskit-card END -->\n\n                \n                <div class=\"elementskit-card \">\n                    <div class=\"elementskit-card-header\" id=\"primaryHeading-28-3c48c1a7\">\n                        <a href=\"#collapse-919aec869f1b7b943899\" class=\"ekit-accordion--toggler elementskit-btn-link collapsed\" data-ekit-toggle=\"collapse\" data-target=\"#Collapse-919aec869f1b7b943899\" aria-expanded=\"false\" aria-controls=\"Collapse-919aec869f1b7b943899\">\n                            \n                            <span class=\"ekit-accordion-title\">Revisi\u00f3n M\u00e9dica Obligatoria<\/span>\n\n                            \n                                <div class=\"ekit_accordion_icon_group\">\n                                    <div class=\"ekit_accordion_normal_icon\">\n                                        <!-- Normal Icon -->\n\t\t\t\t\t\t\t\t\t\t<i class=\"icon icon-plus\"><\/i>                                    <\/div>\n\n                                    <div class=\"ekit_accordion_active_icon\">\n                                        <!-- Active Icon -->\n\t\t\t\t\t\t\t\t\t\t<i class=\"icon icon-minus\"><\/i>                                    <\/div>\n                                <\/div>\n\n                            \n                                                    <\/a>\n                    <\/div>\n\n                    <div id=\"Collapse-919aec869f1b7b943899\" class=\" collapse\" aria-labelledby=\"primaryHeading-28-3c48c1a7\" data-parent=\"#accordion-69f1b7b943899\">\n\n                        <div class=\"elementskit-card-body ekit-accordion--content\">\n                            El presente trabajo se propone la creaci\u00f3n de un marco normativo que resguarde y brinde una protecci\u00f3n jur\u00eddica m\u00e1s amplia a los intereses de las partes que intervienen en la celebraci\u00f3n de acuerdos judiciales o extrajudiciales, en el marco de los accidentes o enfermedades de trabajo, con la intenci\u00f3n de evitar reclamos judiciales que de estos acuerdos deriven posteriormente.\n<br><br>\n<a href=\"http:\/\/www.nuevasgeneraciones.com.ar\/sitio\/wp-content\/uploads\/documentos3\/_archivo\/07\/07_revision_medica_obligatoria.pdf\" class=\"btn btn-danger btn-sm\" target=\"_blank\">Descargar<\/a>                        <\/div>\n\n                    <\/div>\n\n                <\/div><!-- .elementskit-card END -->\n\n                \n                <div class=\"elementskit-card \">\n                    <div class=\"elementskit-card-header\" id=\"primaryHeading-29-3c48c1a7\">\n                        <a href=\"#collapse-a8ae27969f1b7b943899\" class=\"ekit-accordion--toggler elementskit-btn-link collapsed\" data-ekit-toggle=\"collapse\" data-target=\"#Collapse-a8ae27969f1b7b943899\" aria-expanded=\"false\" aria-controls=\"Collapse-a8ae27969f1b7b943899\">\n                            \n                            <span class=\"ekit-accordion-title\">Juegos para discapacitados<\/span>\n\n                            \n                                <div class=\"ekit_accordion_icon_group\">\n                                    <div class=\"ekit_accordion_normal_icon\">\n                                        <!-- Normal Icon -->\n\t\t\t\t\t\t\t\t\t\t<i class=\"icon icon-plus\"><\/i>                                    <\/div>\n\n                                    <div class=\"ekit_accordion_active_icon\">\n                                        <!-- Active Icon -->\n\t\t\t\t\t\t\t\t\t\t<i class=\"icon icon-minus\"><\/i>                                    <\/div>\n                                <\/div>\n\n                            \n                                                    <\/a>\n                    <\/div>\n\n                    <div id=\"Collapse-a8ae27969f1b7b943899\" class=\" collapse\" aria-labelledby=\"primaryHeading-29-3c48c1a7\" data-parent=\"#accordion-69f1b7b943899\">\n\n                        <div class=\"elementskit-card-body ekit-accordion--content\">\n                            El presente trabajo propone la creaci\u00f3n de un marco normativo que garantice a las personas que presentan una discapacidad f\u00edsica la posibilidad de disfrutar con la mayor plenitud posible los espacios p\u00fablicos destinados a actividades l\u00fadicas y recreativas.\n<br><br>\n<a href=\"http:\/\/www.nuevasgeneraciones.com.ar\/sitio\/wp-content\/uploads\/documentos3\/_archivo\/07\/201304%20Juegos%20para%20discapacitados.pdf\" class=\"btn btn-danger btn-sm\" target=\"_blank\">Descargar<\/a>                        <\/div>\n\n                    <\/div>\n\n                <\/div><!-- .elementskit-card END -->\n\n                \n                <div class=\"elementskit-card \">\n                    <div class=\"elementskit-card-header\" id=\"primaryHeading-30-3c48c1a7\">\n                        <a href=\"#collapse-427b54f69f1b7b943899\" class=\"ekit-accordion--toggler elementskit-btn-link collapsed\" data-ekit-toggle=\"collapse\" data-target=\"#Collapse-427b54f69f1b7b943899\" aria-expanded=\"false\" aria-controls=\"Collapse-427b54f69f1b7b943899\">\n                            \n                            <span class=\"ekit-accordion-title\">Tipificaci\u00f3n de los actos de terrorismo como cr\u00edmenes de lesa humanidad<\/span>\n\n                            \n                                <div class=\"ekit_accordion_icon_group\">\n                                    <div class=\"ekit_accordion_normal_icon\">\n                                        <!-- Normal Icon -->\n\t\t\t\t\t\t\t\t\t\t<i class=\"icon icon-plus\"><\/i>                                    <\/div>\n\n                                    <div class=\"ekit_accordion_active_icon\">\n                                        <!-- Active Icon -->\n\t\t\t\t\t\t\t\t\t\t<i class=\"icon icon-minus\"><\/i>                                    <\/div>\n                                <\/div>\n\n                            \n                                                    <\/a>\n                    <\/div>\n\n                    <div id=\"Collapse-427b54f69f1b7b943899\" class=\" collapse\" aria-labelledby=\"primaryHeading-30-3c48c1a7\" data-parent=\"#accordion-69f1b7b943899\">\n\n                        <div class=\"elementskit-card-body ekit-accordion--content\">\n                            Los actos terroristas deben ser castigados sin importar que el paso del tiempo produzca la prescripci\u00f3n de los mismos. Para que ello ocurra, deben ser considerados cr\u00edmenes de lesa humanidad. En el presente trabajo se propone que as\u00ed como ya se considera a los actos de terrorismo de Estado como delitos de lesa humanidad, tambi\u00e9n se considere como tales a los cr\u00edmenes cometidos por miembros de las organizaciones terroristas.\n<br><br>\n<a href=\"http:\/\/www.nuevasgeneraciones.com.ar\/sitio\/wp-content\/uploads\/documentos3\/_archivo\/07\/07_actos_terrorismo_crimenes_lesa_humanidad.pdf\" class=\"btn btn-danger btn-sm\" target=\"_blank\">Descargar<\/a>                        <\/div>\n\n                    <\/div>\n\n                <\/div><!-- .elementskit-card END -->\n\n                \n                <div class=\"elementskit-card \">\n                    <div class=\"elementskit-card-header\" id=\"primaryHeading-31-3c48c1a7\">\n                        <a href=\"#collapse-b703b4b69f1b7b943899\" class=\"ekit-accordion--toggler elementskit-btn-link collapsed\" data-ekit-toggle=\"collapse\" data-target=\"#Collapse-b703b4b69f1b7b943899\" aria-expanded=\"false\" aria-controls=\"Collapse-b703b4b69f1b7b943899\">\n                            \n                            <span class=\"ekit-accordion-title\">Sociedades unipersonales<\/span>\n\n                            \n                                <div class=\"ekit_accordion_icon_group\">\n                                    <div class=\"ekit_accordion_normal_icon\">\n                                        <!-- Normal Icon -->\n\t\t\t\t\t\t\t\t\t\t<i class=\"icon icon-plus\"><\/i>                                    <\/div>\n\n                                    <div class=\"ekit_accordion_active_icon\">\n                                        <!-- Active Icon -->\n\t\t\t\t\t\t\t\t\t\t<i class=\"icon icon-minus\"><\/i>                                    <\/div>\n                                <\/div>\n\n                            \n                                                    <\/a>\n                    <\/div>\n\n                    <div id=\"Collapse-b703b4b69f1b7b943899\" class=\" collapse\" aria-labelledby=\"primaryHeading-31-3c48c1a7\" data-parent=\"#accordion-69f1b7b943899\">\n\n                        <div class=\"elementskit-card-body ekit-accordion--content\">\n                            La reforma del C\u00f3digo Civil y su unificaci\u00f3n con el C\u00f3digo Comercial, introduce la figura de la sociedad unipersonal. Este concepto que en su denominaci\u00f3n puede parecer una contradicci\u00f3n, pero ha ido receptado por la legislaci\u00f3n de muchos pa\u00edses por las ventajas que representa. El presente trabajo expone estos beneficios.\n<br><br>\n<a href=\"http:\/\/www.nuevasgeneraciones.com.ar\/sitio\/wp-content\/uploads\/documentos3\/_archivo\/07\/2012s1%20Sociedades%20unipersonales.pdf\" class=\"btn btn-danger btn-sm\" target=\"_blank\">Descargar<\/a>                        <\/div>\n\n                    <\/div>\n\n                <\/div><!-- .elementskit-card END -->\n\n                \n                <div class=\"elementskit-card \">\n                    <div class=\"elementskit-card-header\" id=\"primaryHeading-32-3c48c1a7\">\n                        <a href=\"#collapse-fc4da5e69f1b7b943899\" class=\"ekit-accordion--toggler elementskit-btn-link collapsed\" data-ekit-toggle=\"collapse\" data-target=\"#Collapse-fc4da5e69f1b7b943899\" aria-expanded=\"false\" aria-controls=\"Collapse-fc4da5e69f1b7b943899\">\n                            \n                            <span class=\"ekit-accordion-title\">Hacia un nuevo r\u00e9gimen de pasant\u00edas educativas<\/span>\n\n                            \n                                <div class=\"ekit_accordion_icon_group\">\n                                    <div class=\"ekit_accordion_normal_icon\">\n                                        <!-- Normal Icon -->\n\t\t\t\t\t\t\t\t\t\t<i class=\"icon icon-plus\"><\/i>                                    <\/div>\n\n                                    <div class=\"ekit_accordion_active_icon\">\n                                        <!-- Active Icon -->\n\t\t\t\t\t\t\t\t\t\t<i class=\"icon icon-minus\"><\/i>                                    <\/div>\n                                <\/div>\n\n                            \n                                                    <\/a>\n                    <\/div>\n\n                    <div id=\"Collapse-fc4da5e69f1b7b943899\" class=\" collapse\" aria-labelledby=\"primaryHeading-32-3c48c1a7\" data-parent=\"#accordion-69f1b7b943899\">\n\n                        <div class=\"elementskit-card-body ekit-accordion--content\">\n                            La pasant\u00eda laboral es una herramienta crucial para la formaci\u00f3n educativa del profesional. En el presente trabajo se analiza la legislaci\u00f3n vigente y se proponen los cambios necesarios para su mejora.\n<br><br>\n<a href=\"http:\/\/www.nuevasgeneraciones.com.ar\/sitio\/wp-content\/uploads\/documentos3\/_archivo\/07\/07_regimen_pasantias_educativas.pdf\" class=\"btn btn-danger btn-sm\" target=\"_blank\">Descargar<\/a>                        <\/div>\n\n                    <\/div>\n\n                <\/div><!-- .elementskit-card END -->\n\n                \n                <div class=\"elementskit-card \">\n                    <div class=\"elementskit-card-header\" id=\"primaryHeading-33-3c48c1a7\">\n                        <a href=\"#collapse-be40aa969f1b7b943899\" class=\"ekit-accordion--toggler elementskit-btn-link collapsed\" data-ekit-toggle=\"collapse\" data-target=\"#Collapse-be40aa969f1b7b943899\" aria-expanded=\"false\" aria-controls=\"Collapse-be40aa969f1b7b943899\">\n                            \n                            <span class=\"ekit-accordion-title\">Propiedad comunitaria mapuche<\/span>\n\n                            \n                                <div class=\"ekit_accordion_icon_group\">\n                                    <div class=\"ekit_accordion_normal_icon\">\n                                        <!-- Normal Icon -->\n\t\t\t\t\t\t\t\t\t\t<i class=\"icon icon-plus\"><\/i>                                    <\/div>\n\n                                    <div class=\"ekit_accordion_active_icon\">\n                                        <!-- Active Icon -->\n\t\t\t\t\t\t\t\t\t\t<i class=\"icon icon-minus\"><\/i>                                    <\/div>\n                                <\/div>\n\n                            \n                                                    <\/a>\n                    <\/div>\n\n                    <div id=\"Collapse-be40aa969f1b7b943899\" class=\" collapse\" aria-labelledby=\"primaryHeading-33-3c48c1a7\" data-parent=\"#accordion-69f1b7b943899\">\n\n                        <div class=\"elementskit-card-body ekit-accordion--content\">\n                            La Constituci\u00f3n Nacional, en su art\u00edculo 75 inc. 17, reconoce la preexistencia de los pueblos ind\u00edgenas argentinos y su derecho a la propiedad comunitaria de tierras que tradicionalmente ocuparon. Con estos argumentos, se les ha otorgado a miembros de la comunidad mapuche tierras en la Patagonia argentina. En el presente trabajo, explicamos el motivo por el cual los mapuches no son alcanzados por la norma que emana de nuestra carta magna.\n<br><br>\n<a href=\"http:\/\/www.nuevasgeneraciones.com.ar\/sitio\/wp-content\/uploads\/documentos3\/_archivo\/07\/2011s2%20Propiedad%20comunitaria%20mapuche.pdf\" class=\"btn btn-danger btn-sm\" target=\"_blank\">Descargar<\/a>                        <\/div>\n\n                    <\/div>\n\n                <\/div><!-- .elementskit-card END -->\n\n                \n                <div class=\"elementskit-card \">\n                    <div class=\"elementskit-card-header\" id=\"primaryHeading-34-3c48c1a7\">\n                        <a href=\"#collapse-02fb84869f1b7b943899\" class=\"ekit-accordion--toggler elementskit-btn-link collapsed\" data-ekit-toggle=\"collapse\" data-target=\"#Collapse-02fb84869f1b7b943899\" aria-expanded=\"false\" aria-controls=\"Collapse-02fb84869f1b7b943899\">\n                            \n                            <span class=\"ekit-accordion-title\">Defensa derechos personal\u00edsimos en internet<\/span>\n\n                            \n                                <div class=\"ekit_accordion_icon_group\">\n                                    <div class=\"ekit_accordion_normal_icon\">\n                                        <!-- Normal Icon -->\n\t\t\t\t\t\t\t\t\t\t<i class=\"icon icon-plus\"><\/i>                                    <\/div>\n\n                                    <div class=\"ekit_accordion_active_icon\">\n                                        <!-- Active Icon -->\n\t\t\t\t\t\t\t\t\t\t<i class=\"icon icon-minus\"><\/i>                                    <\/div>\n                                <\/div>\n\n                            \n                                                    <\/a>\n                    <\/div>\n\n                    <div id=\"Collapse-02fb84869f1b7b943899\" class=\" collapse\" aria-labelledby=\"primaryHeading-34-3c48c1a7\" data-parent=\"#accordion-69f1b7b943899\">\n\n                        <div class=\"elementskit-card-body ekit-accordion--content\">\n                            Internet es una herramienta indispensable en el mundo actual. No obstante las ventajas que ella reporta, en muchos casos el contenido que contiene y la velocidad con que esos contenidos se difunden, pueden lesionar los derechos personal\u00edsimos de los individuos. En el presente trabajo se ofrece una soluci\u00f3n para la defensa de esos derechos de manera eficaz y veloz, la atribuci\u00f3n de responsabilidades por la violaci\u00f3n de los mismos al tiempo que se evita la censura.\n<br><br>\n<a href=\"http:\/\/www.nuevasgeneraciones.com.ar\/sitio\/wp-content\/uploads\/documentos3\/_archivo\/07\/07_proteccion_derechos_personalisimos_internet.pdf\" class=\"btn btn-danger btn-sm\" target=\"_blank\">Descargar<\/a>                        <\/div>\n\n                    <\/div>\n\n                <\/div><!-- .elementskit-card END -->\n\n                \n                <div class=\"elementskit-card \">\n                    <div class=\"elementskit-card-header\" id=\"primaryHeading-35-3c48c1a7\">\n                        <a href=\"#collapse-644eb7369f1b7b943899\" class=\"ekit-accordion--toggler elementskit-btn-link collapsed\" data-ekit-toggle=\"collapse\" data-target=\"#Collapse-644eb7369f1b7b943899\" aria-expanded=\"false\" aria-controls=\"Collapse-644eb7369f1b7b943899\">\n                            \n                            <span class=\"ekit-accordion-title\">Pol\u00edtica migratoria<\/span>\n\n                            \n                                <div class=\"ekit_accordion_icon_group\">\n                                    <div class=\"ekit_accordion_normal_icon\">\n                                        <!-- Normal Icon -->\n\t\t\t\t\t\t\t\t\t\t<i class=\"icon icon-plus\"><\/i>                                    <\/div>\n\n                                    <div class=\"ekit_accordion_active_icon\">\n                                        <!-- Active Icon -->\n\t\t\t\t\t\t\t\t\t\t<i class=\"icon icon-minus\"><\/i>                                    <\/div>\n                                <\/div>\n\n                            \n                                                    <\/a>\n                    <\/div>\n\n                    <div id=\"Collapse-644eb7369f1b7b943899\" class=\" collapse\" aria-labelledby=\"primaryHeading-35-3c48c1a7\" data-parent=\"#accordion-69f1b7b943899\">\n\n                        <div class=\"elementskit-card-body ekit-accordion--content\">\n                            En el presente trabajo, se analiza la pol\u00edtica inmigratoria de la Rep\u00fablica Argentina, se muestran los errores que se est\u00e1n cometiendo y se proponen los cambios necesarios para que cualquier extranjero que, deseoso de progresar, encuentre en nuestro pa\u00eds las condiciones necesarias para que \u00e9l y su familia lo puedan lograr. En lugar de ello y en base a la mala pol\u00edtica actual en la materia, muchos extranjeros llegan hoy a la Argentina para insertarse en la pobreza y la marginalidad.\n<br><br>\n<a href=\"http:\/\/www.nuevasgeneraciones.com.ar\/sitio\/wp-content\/uploads\/documentos3\/_archivo\/07\/2011s1%20Politica%20migratoria.pdf\" class=\"btn btn-danger btn-sm\" target=\"_blank\">Descargar<\/a>                        <\/div>\n\n                    <\/div>\n\n                <\/div><!-- .elementskit-card END -->\n\n                \n                <div class=\"elementskit-card \">\n                    <div class=\"elementskit-card-header\" id=\"primaryHeading-36-3c48c1a7\">\n                        <a href=\"#collapse-7f0da8369f1b7b943899\" class=\"ekit-accordion--toggler elementskit-btn-link collapsed\" data-ekit-toggle=\"collapse\" data-target=\"#Collapse-7f0da8369f1b7b943899\" aria-expanded=\"false\" aria-controls=\"Collapse-7f0da8369f1b7b943899\">\n                            \n                            <span class=\"ekit-accordion-title\">Prohibici\u00f3n legal expresa para la consideraci\u00f3n de los embriones humanos como objeto de contrataci\u00f3n<\/span>\n\n                            \n                                <div class=\"ekit_accordion_icon_group\">\n                                    <div class=\"ekit_accordion_normal_icon\">\n                                        <!-- Normal Icon -->\n\t\t\t\t\t\t\t\t\t\t<i class=\"icon icon-plus\"><\/i>                                    <\/div>\n\n                                    <div class=\"ekit_accordion_active_icon\">\n                                        <!-- Active Icon -->\n\t\t\t\t\t\t\t\t\t\t<i class=\"icon icon-minus\"><\/i>                                    <\/div>\n                                <\/div>\n\n                            \n                                                    <\/a>\n                    <\/div>\n\n                    <div id=\"Collapse-7f0da8369f1b7b943899\" class=\" collapse\" aria-labelledby=\"primaryHeading-36-3c48c1a7\" data-parent=\"#accordion-69f1b7b943899\">\n\n                        <div class=\"elementskit-card-body ekit-accordion--content\">\n                            El presente trabajo establece las bases para una legislaci\u00f3n que proh\u00edba la consideraci\u00f3n de los embriones humanos como objeto de contrataci\u00f3n.\n<br><br>\n<a href=\"http:\/\/www.nuevasgeneraciones.com.ar\/sitio\/wp-content\/uploads\/documentos3\/_archivo\/07\/201312_Embriones_no_pueden_ser_objeto_de_contratos.pdf\" class=\"btn btn-danger btn-sm\" target=\"_blank\">Descargar<\/a>                        <\/div>\n\n                    <\/div>\n\n                <\/div><!-- .elementskit-card END -->\n\n                                        <\/div>\n    <\/div>\t\t\t\t<\/div>\n\t\t\t\t<\/div>\n\t\t\t\t\t<\/div>\n\t\t<\/div>\n\t\t\t\t<div class=\"elementor-column elementor-col-33 elementor-top-column elementor-element elementor-element-5aa0ba8e\" data-id=\"5aa0ba8e\" data-element_type=\"column\" data-e-type=\"column\">\n\t\t\t<div class=\"elementor-widget-wrap\">\n\t\t\t\t\t\t\t<\/div>\n\t\t<\/div>\n\t\t\t\t\t<\/div>\n\t\t<\/section>\n\t\t\t\t<section class=\"elementor-section elementor-top-section elementor-element elementor-element-16a8c961 elementor-section-boxed elementor-section-height-default elementor-section-height-default\" data-id=\"16a8c961\" data-element_type=\"section\" data-e-type=\"section\">\n\t\t\t\t\t\t<div class=\"elementor-container elementor-column-gap-default\">\n\t\t\t\t\t<div class=\"elementor-column elementor-col-25 elementor-top-column elementor-element elementor-element-40a49491\" data-id=\"40a49491\" data-element_type=\"column\" data-e-type=\"column\">\n\t\t\t<div class=\"elementor-widget-wrap\">\n\t\t\t\t\t\t\t<\/div>\n\t\t<\/div>\n\t\t\t\t<div class=\"elementor-column elementor-col-50 elementor-top-column elementor-element elementor-element-2eff9de8\" data-id=\"2eff9de8\" data-element_type=\"column\" data-e-type=\"column\">\n\t\t\t<div class=\"elementor-widget-wrap\">\n\t\t\t\t\t\t\t<\/div>\n\t\t<\/div>\n\t\t\t\t<div class=\"elementor-column elementor-col-25 elementor-top-column elementor-element elementor-element-47841c74\" data-id=\"47841c74\" data-element_type=\"column\" data-e-type=\"column\">\n\t\t\t<div class=\"elementor-widget-wrap\">\n\t\t\t\t\t\t\t<\/div>\n\t\t<\/div>\n\t\t\t\t\t<\/div>\n\t\t<\/section>\n\t\t\t\t<section class=\"elementor-section elementor-top-section elementor-element elementor-element-2de760d elementor-section-boxed elementor-section-height-default elementor-section-height-default\" data-id=\"2de760d\" data-element_type=\"section\" data-e-type=\"section\">\n\t\t\t\t\t\t<div class=\"elementor-container elementor-column-gap-default\">\n\t\t\t\t\t<div class=\"elementor-column elementor-col-100 elementor-top-column elementor-element elementor-element-34f31e27\" data-id=\"34f31e27\" data-element_type=\"column\" data-e-type=\"column\">\n\t\t\t<div class=\"elementor-widget-wrap elementor-element-populated\">\n\t\t\t\t\t\t<div class=\"elementor-element elementor-element-777cf720 elementor-widget elementor-widget-spacer\" data-id=\"777cf720\" data-element_type=\"widget\" data-e-type=\"widget\" data-widget_type=\"spacer.default\">\n\t\t\t\t<div class=\"elementor-widget-container\">\n\t\t\t\t\t\t\t<div class=\"elementor-spacer\">\n\t\t\t<div class=\"elementor-spacer-inner\"><\/div>\n\t\t<\/div>\n\t\t\t\t\t\t<\/div>\n\t\t\t\t<\/div>\n\t\t\t\t\t<\/div>\n\t\t<\/div>\n\t\t\t\t\t<\/div>\n\t\t<\/section>\n\t\t\t\t<\/div>\n\t\t","protected":false},"excerpt":{"rendered":"<p>Legislaci\u00f3n general Fondos de cese laboral: nuevo paradigma en un mundo globalizado En el presente trabajo se realiza un an\u00e1lisis sobre el rol que ocupa el consumidor en la sociedad y se describen los derechos de mayor relevancia para su defensa. Asimismo, se realiza una descripci\u00f3n sobre las distintas pol\u00edticas p\u00fablicas implementadas por otros pa\u00edses&hellip;&nbsp;<\/p>\n","protected":false},"author":1,"featured_media":0,"parent":0,"menu_order":0,"comment_status":"closed","ping_status":"closed","template":"page-templates\/template-pagebuilder-full-width.php","meta":{"neve_meta_sidebar":"right","neve_meta_container":"","neve_meta_enable_content_width":"off","neve_meta_content_width":100,"neve_meta_title_alignment":"","neve_meta_author_avatar":"","neve_post_elements_order":"","neve_meta_disable_header":"","neve_meta_disable_footer":"","neve_meta_disable_title":"","footnotes":""},"class_list":["post-12406","page","type-page","status-publish","hentry"],"yoast_head":"<!-- This site is optimized with the Yoast SEO plugin v27.4 - https:\/\/yoast.com\/product\/yoast-seo-wordpress\/ -->\n<title>Legislaci\u00f3n general - Fundaci\u00f3n Nuevas Generaciones<\/title>\n<meta name=\"robots\" content=\"index, follow, max-snippet:-1, max-image-preview:large, max-video-preview:-1\" \/>\n<link rel=\"canonical\" href=\"https:\/\/nuevasgeneraciones.com.ar\/sitio\/legislacion-general\/\" \/>\n<meta property=\"og:locale\" content=\"es_ES\" \/>\n<meta property=\"og:type\" content=\"article\" \/>\n<meta property=\"og:title\" content=\"Legislaci\u00f3n general - Fundaci\u00f3n Nuevas Generaciones\" \/>\n<meta property=\"og:description\" content=\"Legislaci\u00f3n general Fondos de cese laboral: nuevo paradigma en un mundo globalizado En el presente trabajo se realiza un an\u00e1lisis sobre el rol que ocupa el consumidor en la sociedad y se describen los derechos de mayor relevancia para su defensa. Asimismo, se realiza una descripci\u00f3n sobre las distintas pol\u00edticas p\u00fablicas implementadas por otros pa\u00edses&hellip;&nbsp;\" \/>\n<meta property=\"og:url\" content=\"https:\/\/nuevasgeneraciones.com.ar\/sitio\/legislacion-general\/\" \/>\n<meta property=\"og:site_name\" content=\"Fundaci\u00f3n Nuevas Generaciones\" \/>\n<meta property=\"article:modified_time\" content=\"2023-06-29T16:08:49+00:00\" \/>\n<meta name=\"twitter:card\" content=\"summary_large_image\" \/>\n<meta name=\"twitter:label1\" content=\"Tiempo de lectura\" \/>\n\t<meta name=\"twitter:data1\" content=\"14 minutos\" \/>\n<script type=\"application\/ld+json\" class=\"yoast-schema-graph\">{\"@context\":\"https:\\\/\\\/schema.org\",\"@graph\":[{\"@type\":\"WebPage\",\"@id\":\"https:\\\/\\\/nuevasgeneraciones.com.ar\\\/sitio\\\/legislacion-general\\\/\",\"url\":\"https:\\\/\\\/nuevasgeneraciones.com.ar\\\/sitio\\\/legislacion-general\\\/\",\"name\":\"Legislaci\u00f3n general - Fundaci\u00f3n Nuevas Generaciones\",\"isPartOf\":{\"@id\":\"https:\\\/\\\/nuevasgeneraciones.com.ar\\\/sitio\\\/#website\"},\"datePublished\":\"2018-11-09T21:50:29+00:00\",\"dateModified\":\"2023-06-29T16:08:49+00:00\",\"breadcrumb\":{\"@id\":\"https:\\\/\\\/nuevasgeneraciones.com.ar\\\/sitio\\\/legislacion-general\\\/#breadcrumb\"},\"inLanguage\":\"es-AR\",\"potentialAction\":[{\"@type\":\"ReadAction\",\"target\":[\"https:\\\/\\\/nuevasgeneraciones.com.ar\\\/sitio\\\/legislacion-general\\\/\"]}]},{\"@type\":\"BreadcrumbList\",\"@id\":\"https:\\\/\\\/nuevasgeneraciones.com.ar\\\/sitio\\\/legislacion-general\\\/#breadcrumb\",\"itemListElement\":[{\"@type\":\"ListItem\",\"position\":1,\"name\":\"Inicio\",\"item\":\"https:\\\/\\\/nuevasgeneraciones.com.ar\\\/sitio\\\/\"},{\"@type\":\"ListItem\",\"position\":2,\"name\":\"Legislaci\u00f3n general\"}]},{\"@type\":\"WebSite\",\"@id\":\"https:\\\/\\\/nuevasgeneraciones.com.ar\\\/sitio\\\/#website\",\"url\":\"https:\\\/\\\/nuevasgeneraciones.com.ar\\\/sitio\\\/\",\"name\":\"Fundaci\u00f3n Nuevas Generaciones\",\"description\":\"\",\"publisher\":{\"@id\":\"https:\\\/\\\/nuevasgeneraciones.com.ar\\\/sitio\\\/#organization\"},\"potentialAction\":[{\"@type\":\"SearchAction\",\"target\":{\"@type\":\"EntryPoint\",\"urlTemplate\":\"https:\\\/\\\/nuevasgeneraciones.com.ar\\\/sitio\\\/?s={search_term_string}\"},\"query-input\":{\"@type\":\"PropertyValueSpecification\",\"valueRequired\":true,\"valueName\":\"search_term_string\"}}],\"inLanguage\":\"es-AR\"},{\"@type\":\"Organization\",\"@id\":\"https:\\\/\\\/nuevasgeneraciones.com.ar\\\/sitio\\\/#organization\",\"name\":\"Fundaci\u00f3n Nuevas Generaciones\",\"url\":\"https:\\\/\\\/nuevasgeneraciones.com.ar\\\/sitio\\\/\",\"logo\":{\"@type\":\"ImageObject\",\"inLanguage\":\"es-AR\",\"@id\":\"https:\\\/\\\/nuevasgeneraciones.com.ar\\\/sitio\\\/#\\\/schema\\\/logo\\\/image\\\/\",\"url\":\"https:\\\/\\\/nuevasgeneraciones.com.ar\\\/sitio\\\/wp-content\\\/uploads\\\/2023\\\/06\\\/logo-01.png\",\"contentUrl\":\"https:\\\/\\\/nuevasgeneraciones.com.ar\\\/sitio\\\/wp-content\\\/uploads\\\/2023\\\/06\\\/logo-01.png\",\"width\":593,\"height\":77,\"caption\":\"Fundaci\u00f3n Nuevas Generaciones\"},\"image\":{\"@id\":\"https:\\\/\\\/nuevasgeneraciones.com.ar\\\/sitio\\\/#\\\/schema\\\/logo\\\/image\\\/\"}}]}<\/script>\n<!-- \/ Yoast SEO plugin. -->","yoast_head_json":{"title":"Legislaci\u00f3n general - Fundaci\u00f3n Nuevas Generaciones","robots":{"index":"index","follow":"follow","max-snippet":"max-snippet:-1","max-image-preview":"max-image-preview:large","max-video-preview":"max-video-preview:-1"},"canonical":"https:\/\/nuevasgeneraciones.com.ar\/sitio\/legislacion-general\/","og_locale":"es_ES","og_type":"article","og_title":"Legislaci\u00f3n general - Fundaci\u00f3n Nuevas Generaciones","og_description":"Legislaci\u00f3n general Fondos de cese laboral: nuevo paradigma en un mundo globalizado En el presente trabajo se realiza un an\u00e1lisis sobre el rol que ocupa el consumidor en la sociedad y se describen los derechos de mayor relevancia para su defensa. Asimismo, se realiza una descripci\u00f3n sobre las distintas pol\u00edticas p\u00fablicas implementadas por otros pa\u00edses&hellip;&nbsp;","og_url":"https:\/\/nuevasgeneraciones.com.ar\/sitio\/legislacion-general\/","og_site_name":"Fundaci\u00f3n Nuevas Generaciones","article_modified_time":"2023-06-29T16:08:49+00:00","twitter_card":"summary_large_image","twitter_misc":{"Tiempo de lectura":"14 minutos"},"schema":{"@context":"https:\/\/schema.org","@graph":[{"@type":"WebPage","@id":"https:\/\/nuevasgeneraciones.com.ar\/sitio\/legislacion-general\/","url":"https:\/\/nuevasgeneraciones.com.ar\/sitio\/legislacion-general\/","name":"Legislaci\u00f3n general - Fundaci\u00f3n Nuevas Generaciones","isPartOf":{"@id":"https:\/\/nuevasgeneraciones.com.ar\/sitio\/#website"},"datePublished":"2018-11-09T21:50:29+00:00","dateModified":"2023-06-29T16:08:49+00:00","breadcrumb":{"@id":"https:\/\/nuevasgeneraciones.com.ar\/sitio\/legislacion-general\/#breadcrumb"},"inLanguage":"es-AR","potentialAction":[{"@type":"ReadAction","target":["https:\/\/nuevasgeneraciones.com.ar\/sitio\/legislacion-general\/"]}]},{"@type":"BreadcrumbList","@id":"https:\/\/nuevasgeneraciones.com.ar\/sitio\/legislacion-general\/#breadcrumb","itemListElement":[{"@type":"ListItem","position":1,"name":"Inicio","item":"https:\/\/nuevasgeneraciones.com.ar\/sitio\/"},{"@type":"ListItem","position":2,"name":"Legislaci\u00f3n general"}]},{"@type":"WebSite","@id":"https:\/\/nuevasgeneraciones.com.ar\/sitio\/#website","url":"https:\/\/nuevasgeneraciones.com.ar\/sitio\/","name":"Fundaci\u00f3n Nuevas Generaciones","description":"","publisher":{"@id":"https:\/\/nuevasgeneraciones.com.ar\/sitio\/#organization"},"potentialAction":[{"@type":"SearchAction","target":{"@type":"EntryPoint","urlTemplate":"https:\/\/nuevasgeneraciones.com.ar\/sitio\/?s={search_term_string}"},"query-input":{"@type":"PropertyValueSpecification","valueRequired":true,"valueName":"search_term_string"}}],"inLanguage":"es-AR"},{"@type":"Organization","@id":"https:\/\/nuevasgeneraciones.com.ar\/sitio\/#organization","name":"Fundaci\u00f3n Nuevas Generaciones","url":"https:\/\/nuevasgeneraciones.com.ar\/sitio\/","logo":{"@type":"ImageObject","inLanguage":"es-AR","@id":"https:\/\/nuevasgeneraciones.com.ar\/sitio\/#\/schema\/logo\/image\/","url":"https:\/\/nuevasgeneraciones.com.ar\/sitio\/wp-content\/uploads\/2023\/06\/logo-01.png","contentUrl":"https:\/\/nuevasgeneraciones.com.ar\/sitio\/wp-content\/uploads\/2023\/06\/logo-01.png","width":593,"height":77,"caption":"Fundaci\u00f3n Nuevas Generaciones"},"image":{"@id":"https:\/\/nuevasgeneraciones.com.ar\/sitio\/#\/schema\/logo\/image\/"}}]}},"_links":{"self":[{"href":"https:\/\/nuevasgeneraciones.com.ar\/sitio\/wp-json\/wp\/v2\/pages\/12406","targetHints":{"allow":["GET"]}}],"collection":[{"href":"https:\/\/nuevasgeneraciones.com.ar\/sitio\/wp-json\/wp\/v2\/pages"}],"about":[{"href":"https:\/\/nuevasgeneraciones.com.ar\/sitio\/wp-json\/wp\/v2\/types\/page"}],"author":[{"embeddable":true,"href":"https:\/\/nuevasgeneraciones.com.ar\/sitio\/wp-json\/wp\/v2\/users\/1"}],"replies":[{"embeddable":true,"href":"https:\/\/nuevasgeneraciones.com.ar\/sitio\/wp-json\/wp\/v2\/comments?post=12406"}],"version-history":[{"count":3,"href":"https:\/\/nuevasgeneraciones.com.ar\/sitio\/wp-json\/wp\/v2\/pages\/12406\/revisions"}],"predecessor-version":[{"id":18535,"href":"https:\/\/nuevasgeneraciones.com.ar\/sitio\/wp-json\/wp\/v2\/pages\/12406\/revisions\/18535"}],"wp:attachment":[{"href":"https:\/\/nuevasgeneraciones.com.ar\/sitio\/wp-json\/wp\/v2\/media?parent=12406"}],"curies":[{"name":"wp","href":"https:\/\/api.w.org\/{rel}","templated":true}]}}