{"id":12404,"date":"2018-11-09T18:47:59","date_gmt":"2018-11-09T21:47:59","guid":{"rendered":"http:\/\/nuevasgeneraciones.com.ar\/sitio\/?page_id=12404"},"modified":"2025-09-20T16:02:18","modified_gmt":"2025-09-20T16:02:18","slug":"calidad-institucional-transparencia-y-modernizacion-del-estado","status":"publish","type":"page","link":"https:\/\/nuevasgeneraciones.com.ar\/sitio\/calidad-institucional-transparencia-y-modernizacion-del-estado\/","title":{"rendered":"Calidad institucional, transparencia y modernizaci\u00f3n del Estado"},"content":{"rendered":"\t\t<div data-elementor-type=\"wp-page\" data-elementor-id=\"12404\" class=\"elementor elementor-12404\" data-elementor-post-type=\"page\">\n\t\t\t\t\t\t<section class=\"elementor-section elementor-top-section elementor-element elementor-element-7867568d elementor-section-full_width elementor-section-height-default elementor-section-height-default\" data-id=\"7867568d\" data-element_type=\"section\" data-e-type=\"section\" data-settings=\"{&quot;background_background&quot;:&quot;classic&quot;}\">\n\t\t\t\t\t\t<div class=\"elementor-container elementor-column-gap-default\">\n\t\t\t\t\t<div class=\"elementor-column elementor-col-33 elementor-top-column elementor-element elementor-element-2b1204f5\" data-id=\"2b1204f5\" data-element_type=\"column\" data-e-type=\"column\">\n\t\t\t<div class=\"elementor-widget-wrap\">\n\t\t\t\t\t\t\t<\/div>\n\t\t<\/div>\n\t\t\t\t<div class=\"elementor-column elementor-col-33 elementor-top-column elementor-element elementor-element-24ba0efc\" data-id=\"24ba0efc\" data-element_type=\"column\" data-e-type=\"column\">\n\t\t\t<div class=\"elementor-widget-wrap elementor-element-populated\">\n\t\t\t\t\t\t<div class=\"elementor-element elementor-element-3f339ecf elementor-widget elementor-widget-text-editor\" data-id=\"3f339ecf\" data-element_type=\"widget\" data-e-type=\"widget\" data-widget_type=\"text-editor.default\">\n\t\t\t\t<div class=\"elementor-widget-container\">\n\t\t\t\t\t\t\t\t\t<h1>Calidad institucional, transparencia y modernizaci\u00f3n del Estado<\/h1>\t\t\t\t\t\t\t\t<\/div>\n\t\t\t\t<\/div>\n\t\t\t\t\t<\/div>\n\t\t<\/div>\n\t\t\t\t<div class=\"elementor-column elementor-col-33 elementor-top-column elementor-element elementor-element-63f702de\" data-id=\"63f702de\" data-element_type=\"column\" data-e-type=\"column\">\n\t\t\t<div class=\"elementor-widget-wrap\">\n\t\t\t\t\t\t\t<\/div>\n\t\t<\/div>\n\t\t\t\t\t<\/div>\n\t\t<\/section>\n\t\t\t\t<section class=\"elementor-section elementor-top-section elementor-element elementor-element-2b277d8 elementor-section-boxed elementor-section-height-default elementor-section-height-default\" data-id=\"2b277d8\" data-element_type=\"section\" data-e-type=\"section\">\n\t\t\t\t\t\t<div class=\"elementor-container elementor-column-gap-default\">\n\t\t\t\t\t<div class=\"elementor-column elementor-col-100 elementor-top-column elementor-element elementor-element-747dc2c7\" data-id=\"747dc2c7\" data-element_type=\"column\" data-e-type=\"column\">\n\t\t\t<div class=\"elementor-widget-wrap elementor-element-populated\">\n\t\t\t\t\t\t<div class=\"elementor-element elementor-element-2b8bad63 elementor-widget elementor-widget-spacer\" data-id=\"2b8bad63\" data-element_type=\"widget\" data-e-type=\"widget\" data-widget_type=\"spacer.default\">\n\t\t\t\t<div class=\"elementor-widget-container\">\n\t\t\t\t\t\t\t<div class=\"elementor-spacer\">\n\t\t\t<div class=\"elementor-spacer-inner\"><\/div>\n\t\t<\/div>\n\t\t\t\t\t\t<\/div>\n\t\t\t\t<\/div>\n\t\t\t\t\t<\/div>\n\t\t<\/div>\n\t\t\t\t\t<\/div>\n\t\t<\/section>\n\t\t\t\t<section class=\"elementor-section elementor-top-section elementor-element elementor-element-3cea7a2 elementor-section-boxed elementor-section-height-default elementor-section-height-default\" data-id=\"3cea7a2\" data-element_type=\"section\" data-e-type=\"section\">\n\t\t\t\t\t\t<div class=\"elementor-container elementor-column-gap-default\">\n\t\t\t\t\t<div class=\"elementor-column elementor-col-33 elementor-top-column elementor-element elementor-element-10c26083\" data-id=\"10c26083\" data-element_type=\"column\" data-e-type=\"column\">\n\t\t\t<div class=\"elementor-widget-wrap\">\n\t\t\t\t\t\t\t<\/div>\n\t\t<\/div>\n\t\t\t\t<div class=\"elementor-column elementor-col-33 elementor-top-column elementor-element elementor-element-33cfd17a\" data-id=\"33cfd17a\" data-element_type=\"column\" data-e-type=\"column\">\n\t\t\t<div class=\"elementor-widget-wrap elementor-element-populated\">\n\t\t\t\t\t\t<div class=\"elementor-element elementor-element-5d9826c3 elementor-widget elementor-widget-elementskit-accordion\" data-id=\"5d9826c3\" data-element_type=\"widget\" data-e-type=\"widget\" data-widget_type=\"elementskit-accordion.default\">\n\t\t\t\t<div class=\"elementor-widget-container\">\n\t\t\t\t\t<div class=\"ekit-wid-con\" >\n        <div class=\"elementskit-accordion accoedion-primary\" id=\"accordion-69f1b67031360\">\n\n            \n                <div class=\"elementskit-card \">\n                    <div class=\"elementskit-card-header\" id=\"primaryHeading-0-5d9826c3\">\n                        <a href=\"#collapse-7f2cb1c69f1b67031360\" class=\"ekit-accordion--toggler elementskit-btn-link collapsed\" data-ekit-toggle=\"collapse\" data-target=\"#Collapse-7f2cb1c69f1b67031360\" aria-expanded=\"false\" aria-controls=\"Collapse-7f2cb1c69f1b67031360\">\n                            \n                            <span class=\"ekit-accordion-title\">Eliminaci\u00f3n de las tasas municipales que no brindan una contraprestaci\u00f3n<\/span>\n\n                            \n                                <div class=\"ekit_accordion_icon_group\">\n                                    <div class=\"ekit_accordion_normal_icon\">\n                                        <!-- Normal Icon -->\n\t\t\t\t\t\t\t\t\t\t<i class=\"icon icon-plus\"><\/i>                                    <\/div>\n\n                                    <div class=\"ekit_accordion_active_icon\">\n                                        <!-- Active Icon -->\n\t\t\t\t\t\t\t\t\t\t<i class=\"icon icon-minus\"><\/i>                                    <\/div>\n                                <\/div>\n\n                            \n                                                    <\/a>\n                    <\/div>\n\n                    <div id=\"Collapse-7f2cb1c69f1b67031360\" class=\" collapse\" aria-labelledby=\"primaryHeading-0-5d9826c3\" data-parent=\"#accordion-69f1b67031360\">\n\n                        <div class=\"elementskit-card-body ekit-accordion--content\">\n                            La presente pol\u00edtica p\u00fablica busca poner fin a la proliferaci\u00f3n de tasas municipales abusivas que, sin una contraprestaci\u00f3n real, perjudican la producci\u00f3n y la competitividad.\nReconociendo la necesidad de financiamiento de los municipios, el plan propone un enfoque integral que incluye la sanci\u00f3n de una ley nacional de armonizaci\u00f3n tributaria y la modificaci\u00f3n de la ley de coparticipaci\u00f3n federal. El objetivo es eliminar estas cargas fiscales injustificadas, restaurar la racionalidad del sistema tributario y, fundamentalmente, reconstruir la confianza ciudadana en un estado que sea promotor del desarrollo y no un obst\u00e1culo para aqu\u00e9l.\n\n<p>&nbsp;<\/p>\n\n<a class=\"btn btn-danger btn-sm\" href=\"https:\/\/nuevasgeneraciones.com.ar\/sitio\/wp-content\/uploads\/documentos3\/_archivo\/2025\/NG-PP 413-Eliminacion-tasas-municipales-contraprestacion-AGO2025.pdf?413\" target=\"_blank\" rel=\"noopener\">Descargar<\/a>                        <\/div>\n\n                    <\/div>\n\n                <\/div><!-- .elementskit-card END -->\n\n                \n                <div class=\"elementskit-card \">\n                    <div class=\"elementskit-card-header\" id=\"primaryHeading-1-5d9826c3\">\n                        <a href=\"#collapse-754b33869f1b67031360\" class=\"ekit-accordion--toggler elementskit-btn-link collapsed\" data-ekit-toggle=\"collapse\" data-target=\"#Collapse-754b33869f1b67031360\" aria-expanded=\"false\" aria-controls=\"Collapse-754b33869f1b67031360\">\n                            \n                            <span class=\"ekit-accordion-title\">Recomendaciones para la organizaci\u00f3n de las \u201cempresas recuperadas\u201d y el cumplimiento de los deberes cooperativos <\/span>\n\n                            \n                                <div class=\"ekit_accordion_icon_group\">\n                                    <div class=\"ekit_accordion_normal_icon\">\n                                        <!-- Normal Icon -->\n\t\t\t\t\t\t\t\t\t\t<i class=\"icon icon-plus\"><\/i>                                    <\/div>\n\n                                    <div class=\"ekit_accordion_active_icon\">\n                                        <!-- Active Icon -->\n\t\t\t\t\t\t\t\t\t\t<i class=\"icon icon-minus\"><\/i>                                    <\/div>\n                                <\/div>\n\n                            \n                                                    <\/a>\n                    <\/div>\n\n                    <div id=\"Collapse-754b33869f1b67031360\" class=\" collapse\" aria-labelledby=\"primaryHeading-1-5d9826c3\" data-parent=\"#accordion-69f1b67031360\">\n\n                        <div class=\"elementskit-card-body ekit-accordion--content\">\n                            <p>A partir de la crisis econ\u00f3mica del a\u00f1o 2001 en Argentina surgi\u00f3 el concepto de las \u201cempresas recuperadas\u201d, que son aquellas empresas concursadas y quebradas que han sido convertidas en cooperativas por sus propios trabajadores, tomando ellos su direcci\u00f3n y administraci\u00f3n.<br \/>Esta figura motiv\u00f3 ciertos cambios legislativos y gener\u00f3 algunos vac\u00edos legales que corresponde solucionar. Por ello, en el presente trabajo se repasan las obligaciones formales que tiene una cooperativa en su funcionamiento diario y se indican recomendaciones para la organizaci\u00f3n de las empresas recuperadas y el cumplimiento de los deberes cooperativos.<\/p><p>\u00a0<\/p><p><a class=\"btn btn-danger btn-sm\" href=\"https:\/\/nuevasgeneraciones.com.ar\/sitio\/wp-content\/uploads\/documentos3\/_archivo\/2025\/NG-PP410-Cooperativas-MAY2025.pdf?410\" target=\"_blank\" rel=\"noopener\">Descargar<\/a><\/p>                        <\/div>\n\n                    <\/div>\n\n                <\/div><!-- .elementskit-card END -->\n\n                \n                <div class=\"elementskit-card \">\n                    <div class=\"elementskit-card-header\" id=\"primaryHeading-2-5d9826c3\">\n                        <a href=\"#collapse-e5c4b8569f1b67031360\" class=\"ekit-accordion--toggler elementskit-btn-link collapsed\" data-ekit-toggle=\"collapse\" data-target=\"#Collapse-e5c4b8569f1b67031360\" aria-expanded=\"false\" aria-controls=\"Collapse-e5c4b8569f1b67031360\">\n                            \n                            <span class=\"ekit-accordion-title\">Transparencia en el financiamiento y administraci\u00f3n de los fondos de las cooperativas<\/span>\n\n                            \n                                <div class=\"ekit_accordion_icon_group\">\n                                    <div class=\"ekit_accordion_normal_icon\">\n                                        <!-- Normal Icon -->\n\t\t\t\t\t\t\t\t\t\t<i class=\"icon icon-plus\"><\/i>                                    <\/div>\n\n                                    <div class=\"ekit_accordion_active_icon\">\n                                        <!-- Active Icon -->\n\t\t\t\t\t\t\t\t\t\t<i class=\"icon icon-minus\"><\/i>                                    <\/div>\n                                <\/div>\n\n                            \n                                                    <\/a>\n                    <\/div>\n\n                    <div id=\"Collapse-e5c4b8569f1b67031360\" class=\" collapse\" aria-labelledby=\"primaryHeading-2-5d9826c3\" data-parent=\"#accordion-69f1b67031360\">\n\n                        <div class=\"elementskit-card-body ekit-accordion--content\">\n                            <p>Las cooperativas requieren aportes de capital para poder desarrollar sus objetivos. Dichos aportes y su financiamiento pueden provenir de distintas fuentes y producirse a lo largo de toda la vida de la organizaci\u00f3n. Por ello, se requiere revisar la normativa de incorporaci\u00f3n y administraci\u00f3n de dichos fondos, a fin de brindar adecuada transparencia en los ingresos y en la utilizaci\u00f3n de los activos, sean fondos l\u00edquidos o bienes muebles o inmueble. En el presente trabajo se analiza dicho sistema y se proponen diversas respuestas para los interrogantes que aqu\u00e9l plantea.<\/p><p><a class=\"btn btn-danger btn-sm\" href=\"https:\/\/nuevasgeneraciones.com.ar\/sitio\/wp-content\/uploads\/2025\/05\/NG-PP409-Transparencia-fondos-cooperativas-ABR2025.pdf?409\" target=\"_blank\" rel=\"noopener\">Descargar<\/a><\/p>                        <\/div>\n\n                    <\/div>\n\n                <\/div><!-- .elementskit-card END -->\n\n                \n                <div class=\"elementskit-card \">\n                    <div class=\"elementskit-card-header\" id=\"primaryHeading-3-5d9826c3\">\n                        <a href=\"#collapse-e4d21e569f1b67031360\" class=\"ekit-accordion--toggler elementskit-btn-link collapsed\" data-ekit-toggle=\"collapse\" data-target=\"#Collapse-e4d21e569f1b67031360\" aria-expanded=\"false\" aria-controls=\"Collapse-e4d21e569f1b67031360\">\n                            \n                            <span class=\"ekit-accordion-title\">\u00d3rganos de direcci\u00f3n y de fiscalizaci\u00f3n de las cooperativas: funcionamiento y soluciones para los vac\u00edos legales<\/span>\n\n                            \n                                <div class=\"ekit_accordion_icon_group\">\n                                    <div class=\"ekit_accordion_normal_icon\">\n                                        <!-- Normal Icon -->\n\t\t\t\t\t\t\t\t\t\t<i class=\"icon icon-plus\"><\/i>                                    <\/div>\n\n                                    <div class=\"ekit_accordion_active_icon\">\n                                        <!-- Active Icon -->\n\t\t\t\t\t\t\t\t\t\t<i class=\"icon icon-minus\"><\/i>                                    <\/div>\n                                <\/div>\n\n                            \n                                                    <\/a>\n                    <\/div>\n\n                    <div id=\"Collapse-e4d21e569f1b67031360\" class=\" collapse\" aria-labelledby=\"primaryHeading-3-5d9826c3\" data-parent=\"#accordion-69f1b67031360\">\n\n                        <div class=\"elementskit-card-body ekit-accordion--content\">\n                            <p>Las cooperativas tienen tres \u00f3rganos principales de funcionamiento, toma de decisiones y fiscalizaci\u00f3n. Ellos son: la Asamblea, el Consejo de Administraci\u00f3n y la Sindicatura. El primero de ellos es el soberano y el que toma las principales decisiones. El Consejo de Administraci\u00f3n es el que lleva adelante la representaci\u00f3n legal y administraci\u00f3n de la cooperativa.<br \/>Finalmente, la Sindicatura tiene a su cargo el control y supervisi\u00f3n del Consejo de Administraci\u00f3n. En el presente trabajo se analiza su funcionamiento combinado y se proponen diversas respuestas para los vac\u00edos legales que presenta el sistema<\/p><p><a class=\"btn btn-danger btn-sm\" href=\"https:\/\/nuevasgeneraciones.com.ar\/sitio\/wp-content\/uploads\/2025\/04\/NG-PP408-Organos-cooperativas-vacios-legales-funcionamiento-MAR2025.pdf?408\" target=\"_blank\" rel=\"noopener\">Descargar<\/a><\/p>                        <\/div>\n\n                    <\/div>\n\n                <\/div><!-- .elementskit-card END -->\n\n                \n                <div class=\"elementskit-card \">\n                    <div class=\"elementskit-card-header\" id=\"primaryHeading-4-5d9826c3\">\n                        <a href=\"#collapse-897115d69f1b67031360\" class=\"ekit-accordion--toggler elementskit-btn-link collapsed\" data-ekit-toggle=\"collapse\" data-target=\"#Collapse-897115d69f1b67031360\" aria-expanded=\"false\" aria-controls=\"Collapse-897115d69f1b67031360\">\n                            \n                            <span class=\"ekit-accordion-title\">Formalizaci\u00f3n de grupos pre-cooperativos. <\/span>\n\n                            \n                                <div class=\"ekit_accordion_icon_group\">\n                                    <div class=\"ekit_accordion_normal_icon\">\n                                        <!-- Normal Icon -->\n\t\t\t\t\t\t\t\t\t\t<i class=\"icon icon-plus\"><\/i>                                    <\/div>\n\n                                    <div class=\"ekit_accordion_active_icon\">\n                                        <!-- Active Icon -->\n\t\t\t\t\t\t\t\t\t\t<i class=\"icon icon-minus\"><\/i>                                    <\/div>\n                                <\/div>\n\n                            \n                                                    <\/a>\n                    <\/div>\n\n                    <div id=\"Collapse-897115d69f1b67031360\" class=\" collapse\" aria-labelledby=\"primaryHeading-4-5d9826c3\" data-parent=\"#accordion-69f1b67031360\">\n\n                        <div class=\"elementskit-card-body ekit-accordion--content\">\n                            <p>En nuestro pa\u00eds existe una gran cantidad de personas organizadas para el desarrollo de actividades laborales y econ\u00f3micas que, por desconocimiento de la normativa y de los<br \/>procesos para realizarlo, no constituyen cooperativas, desaprovechando una gran cantidad de beneficios legales y fiscales. En el presente trabajo se desarrollan los pasos esenciales para la<br \/>formalizaci\u00f3n de dichos grupos pre-cooperativos.<\/p><p><a class=\"btn btn-danger btn-sm\" href=\"https:\/\/nuevasgeneraciones.com.ar\/sitio\/wp-content\/uploads\/documentos3\/_archivo\/2024\/NG-PP407-Formalizacion-de-grupos-pre-cooperativos.pdf?407\" target=\"_blank\" rel=\"noopener\">Descargar<\/a><\/p>                        <\/div>\n\n                    <\/div>\n\n                <\/div><!-- .elementskit-card END -->\n\n                \n                <div class=\"elementskit-card \">\n                    <div class=\"elementskit-card-header\" id=\"primaryHeading-5-5d9826c3\">\n                        <a href=\"#collapse-c40026069f1b67031360\" class=\"ekit-accordion--toggler elementskit-btn-link collapsed\" data-ekit-toggle=\"collapse\" data-target=\"#Collapse-c40026069f1b67031360\" aria-expanded=\"false\" aria-controls=\"Collapse-c40026069f1b67031360\">\n                            \n                            <span class=\"ekit-accordion-title\">Certificaci\u00f3n de la identidad humana en el espacio digital<\/span>\n\n                            \n                                <div class=\"ekit_accordion_icon_group\">\n                                    <div class=\"ekit_accordion_normal_icon\">\n                                        <!-- Normal Icon -->\n\t\t\t\t\t\t\t\t\t\t<i class=\"icon icon-plus\"><\/i>                                    <\/div>\n\n                                    <div class=\"ekit_accordion_active_icon\">\n                                        <!-- Active Icon -->\n\t\t\t\t\t\t\t\t\t\t<i class=\"icon icon-minus\"><\/i>                                    <\/div>\n                                <\/div>\n\n                            \n                                                    <\/a>\n                    <\/div>\n\n                    <div id=\"Collapse-c40026069f1b67031360\" class=\" collapse\" aria-labelledby=\"primaryHeading-5-5d9826c3\" data-parent=\"#accordion-69f1b67031360\">\n\n                        <div class=\"elementskit-card-body ekit-accordion--content\">\n                            <p>Ante el crecimiento acelerado del uso de la IA para la atenci\u00f3n de m\u00faltiples servicios, esta pol\u00edtica p\u00fablica propone un sistema de verificaci\u00f3n para identificar si las interacciones en el espacio digital se realizan con inteligencia artificial o con personas humanas. El objetivo de ello es mejorar la transparencia, generar confianza y proteger el derecho de informaci\u00f3n de los usuarios, asegurando que las plataformas indiquen claramente la naturaleza de la interacci\u00f3n, promoviendo un entorno digital m\u00e1s \u00e9tico y seguro.<\/p><p><a class=\"btn btn-danger btn-sm\" href=\"https:\/\/nuevasgeneraciones.com.ar\/sitio\/wp-content\/uploads\/documentos3\/_archivo\/2025\/NG-PP406-Certificacion-identidad-humana-espacio-digital-ENE2025.pdf?406\" target=\"_blank\" rel=\"noopener\">Descargar<\/a><\/p>                        <\/div>\n\n                    <\/div>\n\n                <\/div><!-- .elementskit-card END -->\n\n                \n                <div class=\"elementskit-card \">\n                    <div class=\"elementskit-card-header\" id=\"primaryHeading-6-5d9826c3\">\n                        <a href=\"#collapse-d6043f069f1b67031360\" class=\"ekit-accordion--toggler elementskit-btn-link collapsed\" data-ekit-toggle=\"collapse\" data-target=\"#Collapse-d6043f069f1b67031360\" aria-expanded=\"false\" aria-controls=\"Collapse-d6043f069f1b67031360\">\n                            \n                            <span class=\"ekit-accordion-title\">Potestad del PEN para nombrar en comisi\u00f3n a jueces de la Corte Suprema de Justicia de la Naci\u00f3n<\/span>\n\n                            \n                                <div class=\"ekit_accordion_icon_group\">\n                                    <div class=\"ekit_accordion_normal_icon\">\n                                        <!-- Normal Icon -->\n\t\t\t\t\t\t\t\t\t\t<i class=\"icon icon-plus\"><\/i>                                    <\/div>\n\n                                    <div class=\"ekit_accordion_active_icon\">\n                                        <!-- Active Icon -->\n\t\t\t\t\t\t\t\t\t\t<i class=\"icon icon-minus\"><\/i>                                    <\/div>\n                                <\/div>\n\n                            \n                                                    <\/a>\n                    <\/div>\n\n                    <div id=\"Collapse-d6043f069f1b67031360\" class=\" collapse\" aria-labelledby=\"primaryHeading-6-5d9826c3\" data-parent=\"#accordion-69f1b67031360\">\n\n                        <div class=\"elementskit-card-body ekit-accordion--content\">\n                            <p>Este trabajo analiza la potestad del Poder Ejecutivo de la Naci\u00f3n para nombrar en comisi\u00f3n a jueces de la Corte Suprema de Justicia de la Naci\u00f3n. En \u00e9l se analizan los antecedentes jurisprudenciales locales e internacionales, las consideraciones sobre el impacto en la independencia judicial, y los efectos sobre otros sistemas judiciales. Asimismo se consideran las preocupaciones sobre su posible uso pol\u00edtico, las situaciones excepcionales, y su impacto en la administraci\u00f3n de justicia.<\/p><p><a class=\"btn btn-danger btn-sm\" href=\"https:\/\/nuevasgeneraciones.com.ar\/\/sitio\/wp-content\/uploads\/documentos3\/_archivo\/2024\/NG-PP404-Potestad-PEN-nombrar-comision-jueces-Corte-Suprema-DIC2024.pdf?404\" target=\"_blank\" rel=\"noopener\">Descargar<\/a><\/p>                        <\/div>\n\n                    <\/div>\n\n                <\/div><!-- .elementskit-card END -->\n\n                \n                <div class=\"elementskit-card \">\n                    <div class=\"elementskit-card-header\" id=\"primaryHeading-7-5d9826c3\">\n                        <a href=\"#collapse-f20b7df69f1b67031360\" class=\"ekit-accordion--toggler elementskit-btn-link collapsed\" data-ekit-toggle=\"collapse\" data-target=\"#Collapse-f20b7df69f1b67031360\" aria-expanded=\"false\" aria-controls=\"Collapse-f20b7df69f1b67031360\">\n                            \n                            <span class=\"ekit-accordion-title\">Democracia sin barreras: voto en \u201ccasas\u201d de provincias.<\/span>\n\n                            \n                                <div class=\"ekit_accordion_icon_group\">\n                                    <div class=\"ekit_accordion_normal_icon\">\n                                        <!-- Normal Icon -->\n\t\t\t\t\t\t\t\t\t\t<i class=\"icon icon-plus\"><\/i>                                    <\/div>\n\n                                    <div class=\"ekit_accordion_active_icon\">\n                                        <!-- Active Icon -->\n\t\t\t\t\t\t\t\t\t\t<i class=\"icon icon-minus\"><\/i>                                    <\/div>\n                                <\/div>\n\n                            \n                                                    <\/a>\n                    <\/div>\n\n                    <div id=\"Collapse-f20b7df69f1b67031360\" class=\" collapse\" aria-labelledby=\"primaryHeading-7-5d9826c3\" data-parent=\"#accordion-69f1b67031360\">\n\n                        <div class=\"elementskit-card-body ekit-accordion--content\">\n                            <p>Este trabajo propone la creaci\u00f3n de centros de votaci\u00f3n en las \u201ccasas\u201d de las provincias oficialmente constituidas en la Ciudad Aut\u00f3noma de Buenos Aires, para facilitar el acceso al voto de residentes temporales fuera de su provincia. Esta iniciativa busca garantizar la participaci\u00f3n democr\u00e1tica sin barreras log\u00edsticas y\/o econ\u00f3micas, como as\u00ed tambi\u00e9n evitar el impacto ambiental de traslados innecesarios. Ello revitaliza la participaci\u00f3n ciudadana y reafirmar el compromiso del Estado con el acceso equitativo a derechos fundamentales.<\/p><p><a class=\"btn btn-danger btn-sm\" href=\"https:\/\/nuevasgeneraciones.com.ar\/sitio\/wp-content\/uploads\/documentos3\/_archivo\/2024\/NG-PP403-Voto-en-casas-de-provincias-NOV2024.pdf?403\" target=\"_blank\" rel=\"noopener\">Descargar<\/a><\/p>                        <\/div>\n\n                    <\/div>\n\n                <\/div><!-- .elementskit-card END -->\n\n                \n                <div class=\"elementskit-card \">\n                    <div class=\"elementskit-card-header\" id=\"primaryHeading-8-5d9826c3\">\n                        <a href=\"#collapse-c5ca80d69f1b67031360\" class=\"ekit-accordion--toggler elementskit-btn-link collapsed\" data-ekit-toggle=\"collapse\" data-target=\"#Collapse-c5ca80d69f1b67031360\" aria-expanded=\"false\" aria-controls=\"Collapse-c5ca80d69f1b67031360\">\n                            \n                            <span class=\"ekit-accordion-title\">Transparencia y modernizaci\u00f3n fiscal: sistema de alerta para monotributistas<\/span>\n\n                            \n                                <div class=\"ekit_accordion_icon_group\">\n                                    <div class=\"ekit_accordion_normal_icon\">\n                                        <!-- Normal Icon -->\n\t\t\t\t\t\t\t\t\t\t<i class=\"icon icon-plus\"><\/i>                                    <\/div>\n\n                                    <div class=\"ekit_accordion_active_icon\">\n                                        <!-- Active Icon -->\n\t\t\t\t\t\t\t\t\t\t<i class=\"icon icon-minus\"><\/i>                                    <\/div>\n                                <\/div>\n\n                            \n                                                    <\/a>\n                    <\/div>\n\n                    <div id=\"Collapse-c5ca80d69f1b67031360\" class=\" collapse\" aria-labelledby=\"primaryHeading-8-5d9826c3\" data-parent=\"#accordion-69f1b67031360\">\n\n                        <div class=\"elementskit-card-body ekit-accordion--content\">\n                            <p>El r\u00e9gimen de monotributo ha desempe\u00f1ado un papel fundamental en la econom\u00eda de nuestro pa\u00eds, proporcionando un marco simplificado y accesible para que los trabajadores independientes tengan incentivos para cumplir con sus obligaciones fiscales. Sin embargo, el sistema requiere una actualizaci\u00f3n que permita al contribuyente un mejor seguimiento de su situaci\u00f3n fiscal, con alertas tempranas que le eviten quedar fuera del r\u00e9gimen simplificado, y que le brinden mayor transparencia, para prevenir las duras e impredecibles consecuencias que se derivan de los excesos en la facturaci\u00f3n.<\/p><p><a class=\"btn btn-danger btn-sm\" href=\"https:\/\/nuevasgeneraciones.com.ar\/sitio\/wp-content\/uploads\/documentos3\/_archivo\/2024\/NG-PP396-Sistema-de-alerta-para-monotributistas-MAR2024.pdf?396\" target=\"_blank\" rel=\"noopener\">Descargar<\/a><\/p>                        <\/div>\n\n                    <\/div>\n\n                <\/div><!-- .elementskit-card END -->\n\n                \n                <div class=\"elementskit-card \">\n                    <div class=\"elementskit-card-header\" id=\"primaryHeading-9-5d9826c3\">\n                        <a href=\"#collapse-2b1b89e69f1b67031360\" class=\"ekit-accordion--toggler elementskit-btn-link collapsed\" data-ekit-toggle=\"collapse\" data-target=\"#Collapse-2b1b89e69f1b67031360\" aria-expanded=\"false\" aria-controls=\"Collapse-2b1b89e69f1b67031360\">\n                            \n                            <span class=\"ekit-accordion-title\">Asociaciones civiles y cooperativas: funcionamiento de la asistencia financiera<\/span>\n\n                            \n                                <div class=\"ekit_accordion_icon_group\">\n                                    <div class=\"ekit_accordion_normal_icon\">\n                                        <!-- Normal Icon -->\n\t\t\t\t\t\t\t\t\t\t<i class=\"icon icon-plus\"><\/i>                                    <\/div>\n\n                                    <div class=\"ekit_accordion_active_icon\">\n                                        <!-- Active Icon -->\n\t\t\t\t\t\t\t\t\t\t<i class=\"icon icon-minus\"><\/i>                                    <\/div>\n                                <\/div>\n\n                            \n                                                    <\/a>\n                    <\/div>\n\n                    <div id=\"Collapse-2b1b89e69f1b67031360\" class=\" collapse\" aria-labelledby=\"primaryHeading-9-5d9826c3\" data-parent=\"#accordion-69f1b67031360\">\n\n                        <div class=\"elementskit-card-body ekit-accordion--content\">\n                            <p>En el presente trabajo analizamos el funcionamiento en la actualidad de los beneficios de asistencia financiera y exenciones impositivas a asociaciones civiles y cooperativas en nuestro pa\u00eds. Adem\u00e1s, proponemos un paquete de medidas que buscan mejorar el sistema actual, logrando un mecanismo que no solo incentive a los privados a realizar aportes, sino que, adem\u00e1s, haga m\u00e1s eficaces y transparentes los aportes del sector p\u00fablico, y facilite el acceso a estos beneficios por parte de los interesados.<\/p><p><a class=\"btn btn-danger btn-sm\" href=\"https:\/\/nuevasgeneraciones.com.ar\/sitio\/wp-content\/uploads\/documentos3\/_archivo\/2023\/NG-PP389-Asistencia-financiera-asoc-civiles-cooperativas-AGO2023.pdf?389\" target=\"_blank\" rel=\"noopener\">Descargar<\/a><\/p>                        <\/div>\n\n                    <\/div>\n\n                <\/div><!-- .elementskit-card END -->\n\n                \n                <div class=\"elementskit-card \">\n                    <div class=\"elementskit-card-header\" id=\"primaryHeading-10-5d9826c3\">\n                        <a href=\"#collapse-10ff6b469f1b67031360\" class=\"ekit-accordion--toggler elementskit-btn-link collapsed\" data-ekit-toggle=\"collapse\" data-target=\"#Collapse-10ff6b469f1b67031360\" aria-expanded=\"false\" aria-controls=\"Collapse-10ff6b469f1b67031360\">\n                            \n                            <span class=\"ekit-accordion-title\">Asociaciones civiles y cooperativas: recomendaciones para la regulaci\u00f3n registral local<\/span>\n\n                            \n                                <div class=\"ekit_accordion_icon_group\">\n                                    <div class=\"ekit_accordion_normal_icon\">\n                                        <!-- Normal Icon -->\n\t\t\t\t\t\t\t\t\t\t<i class=\"icon icon-plus\"><\/i>                                    <\/div>\n\n                                    <div class=\"ekit_accordion_active_icon\">\n                                        <!-- Active Icon -->\n\t\t\t\t\t\t\t\t\t\t<i class=\"icon icon-minus\"><\/i>                                    <\/div>\n                                <\/div>\n\n                            \n                                                    <\/a>\n                    <\/div>\n\n                    <div id=\"Collapse-10ff6b469f1b67031360\" class=\" collapse\" aria-labelledby=\"primaryHeading-10-5d9826c3\" data-parent=\"#accordion-69f1b67031360\">\n\n                        <div class=\"elementskit-card-body ekit-accordion--content\">\n                            <p>En el presente trabajo analizaremos los requisitos exigidos por los organismos provinciales de las seis provincias con mayor poblaci\u00f3n de Argentina, para la registraci\u00f3n de las asociaciones civiles y de las cooperativas. Asimismo propondremos la unificaci\u00f3n de los requisitos generales exigidos por cada legislaci\u00f3n, a fin de homologar criterios y garantizar mayor celeridad y certeza en dichos procesos.<\/p><p><a class=\"btn btn-danger btn-sm\" href=\"https:\/\/nuevasgeneraciones.com.ar\/sitio\/wp-content\/uploads\/documentos3\/_archivo\/2023\/NG-PP388-Recomendaciones-legislacion-normativa-JUL2023.pdf?388\" target=\"_blank\" rel=\"noopener\">Descargar<\/a><\/p>                        <\/div>\n\n                    <\/div>\n\n                <\/div><!-- .elementskit-card END -->\n\n                \n                <div class=\"elementskit-card \">\n                    <div class=\"elementskit-card-header\" id=\"primaryHeading-11-5d9826c3\">\n                        <a href=\"#collapse-596e3d969f1b67031360\" class=\"ekit-accordion--toggler elementskit-btn-link collapsed\" data-ekit-toggle=\"collapse\" data-target=\"#Collapse-596e3d969f1b67031360\" aria-expanded=\"false\" aria-controls=\"Collapse-596e3d969f1b67031360\">\n                            \n                            <span class=\"ekit-accordion-title\">Asociaciones civiles y cooperativas: gu\u00eda \u00fanica de constituci\u00f3n<\/span>\n\n                            \n                                <div class=\"ekit_accordion_icon_group\">\n                                    <div class=\"ekit_accordion_normal_icon\">\n                                        <!-- Normal Icon -->\n\t\t\t\t\t\t\t\t\t\t<i class=\"icon icon-plus\"><\/i>                                    <\/div>\n\n                                    <div class=\"ekit_accordion_active_icon\">\n                                        <!-- Active Icon -->\n\t\t\t\t\t\t\t\t\t\t<i class=\"icon icon-minus\"><\/i>                                    <\/div>\n                                <\/div>\n\n                            \n                                                    <\/a>\n                    <\/div>\n\n                    <div id=\"Collapse-596e3d969f1b67031360\" class=\" collapse\" aria-labelledby=\"primaryHeading-11-5d9826c3\" data-parent=\"#accordion-69f1b67031360\">\n\n                        <div class=\"elementskit-card-body ekit-accordion--content\">\n                            <p>El derecho a asociarse libremente est\u00e1 garantizado en nuestra Constituci\u00f3n Nacional. La forma de constituir las asociaciones o cooperativas que permitan hoy a los interesados perseguir sus intereses bajo un mismo objeto social, se ve muchas veces dificultada por las extensas trabas burocr\u00e1ticas y la diversidad de requisitos que exige cada organismo dependiendo de la jurisdicci\u00f3n que se trate. En esta pol\u00edtica p\u00fablica se propone la constituci\u00f3n de una gu\u00eda unificada, que permita a los interesados conocer de manera integral cu\u00e1les son los requisitos exigidos para la constituci\u00f3n de dichas instituciones, y el marco normativo que las regula.<\/p><p><a class=\"btn btn-danger btn-sm\" href=\"https:\/\/nuevasgeneraciones.com.ar\/sitio\/wp-content\/uploads\/documentos3\/_archivo\/2023\/NG-PP387-Asociaciones-civiles-cooperativas-JUN2023.pdf?387\" target=\"_blank\" rel=\"noopener\">Descargar<\/a><\/p>                        <\/div>\n\n                    <\/div>\n\n                <\/div><!-- .elementskit-card END -->\n\n                \n                <div class=\"elementskit-card \">\n                    <div class=\"elementskit-card-header\" id=\"primaryHeading-12-5d9826c3\">\n                        <a href=\"#collapse-7ab7a8f69f1b67031360\" class=\"ekit-accordion--toggler elementskit-btn-link collapsed\" data-ekit-toggle=\"collapse\" data-target=\"#Collapse-7ab7a8f69f1b67031360\" aria-expanded=\"false\" aria-controls=\"Collapse-7ab7a8f69f1b67031360\">\n                            \n                            <span class=\"ekit-accordion-title\">Defensa del consumidor: herramientas para una adecuada informaci\u00f3n y defensa de los consumidores.<\/span>\n\n                            \n                                <div class=\"ekit_accordion_icon_group\">\n                                    <div class=\"ekit_accordion_normal_icon\">\n                                        <!-- Normal Icon -->\n\t\t\t\t\t\t\t\t\t\t<i class=\"icon icon-plus\"><\/i>                                    <\/div>\n\n                                    <div class=\"ekit_accordion_active_icon\">\n                                        <!-- Active Icon -->\n\t\t\t\t\t\t\t\t\t\t<i class=\"icon icon-minus\"><\/i>                                    <\/div>\n                                <\/div>\n\n                            \n                                                    <\/a>\n                    <\/div>\n\n                    <div id=\"Collapse-7ab7a8f69f1b67031360\" class=\" collapse\" aria-labelledby=\"primaryHeading-12-5d9826c3\" data-parent=\"#accordion-69f1b67031360\">\n\n                        <div class=\"elementskit-card-body ekit-accordion--content\">\n                            <p>Frente a la aparici\u00f3n de esta nueva ramificaci\u00f3n del derecho, se ha creado normativa acorde para su funcionamiento y para la efectiva defensa de los consumidores.<br \/>En el presente trabajo abarcaremos el \"derecho del consumidor\" y las herramientas que se pueden aplicar para una adecuada informaci\u00f3n a los consumidores, y para que las normas existentes puedan ser efectivizadas, a fin de reducir los conflictos judiciales en la relaci\u00f3n de consumo.<\/p><p><a class=\"btn btn-danger btn-sm\" href=\"https:\/\/nuevasgeneraciones.com.ar\/sitio\/wp-content\/uploads\/documentos3\/_archivo\/2023\/NG-PP386-Consumidores-acceso-informacion-MAY2023.pdf?386\" target=\"_blank\" rel=\"noopener\">Descargar<\/a><\/p>                        <\/div>\n\n                    <\/div>\n\n                <\/div><!-- .elementskit-card END -->\n\n                \n                <div class=\"elementskit-card \">\n                    <div class=\"elementskit-card-header\" id=\"primaryHeading-13-5d9826c3\">\n                        <a href=\"#collapse-909cae269f1b67031360\" class=\"ekit-accordion--toggler elementskit-btn-link collapsed\" data-ekit-toggle=\"collapse\" data-target=\"#Collapse-909cae269f1b67031360\" aria-expanded=\"false\" aria-controls=\"Collapse-909cae269f1b67031360\">\n                            \n                            <span class=\"ekit-accordion-title\">Acceso a la justicia: herramientas para acercar la administraci\u00f3n de justicia a la ciudadan\u00eda<\/span>\n\n                            \n                                <div class=\"ekit_accordion_icon_group\">\n                                    <div class=\"ekit_accordion_normal_icon\">\n                                        <!-- Normal Icon -->\n\t\t\t\t\t\t\t\t\t\t<i class=\"icon icon-plus\"><\/i>                                    <\/div>\n\n                                    <div class=\"ekit_accordion_active_icon\">\n                                        <!-- Active Icon -->\n\t\t\t\t\t\t\t\t\t\t<i class=\"icon icon-minus\"><\/i>                                    <\/div>\n                                <\/div>\n\n                            \n                                                    <\/a>\n                    <\/div>\n\n                    <div id=\"Collapse-909cae269f1b67031360\" class=\" collapse\" aria-labelledby=\"primaryHeading-13-5d9826c3\" data-parent=\"#accordion-69f1b67031360\">\n\n                        <div class=\"elementskit-card-body ekit-accordion--content\">\n                            <p>El presente trabajo tiene como finalidad realizar un pormenorizado an\u00e1lisis de la brecha judicial existente hoy en nuestro pa\u00eds. El desconocimiento de derechos y la naturalizaci\u00f3n de m\u00faltiples situaciones en los sectores m\u00e1s vulnerables de nuestra sociedad, hacen a\u00fan mayor la desconfianza en el sistema en gran parte de la ciudadan\u00eda. Propondremos a partir de un nuevo programa contemplativo y abarcativo de las distintas realidades sociales, lograr una mayor alfabetizaci\u00f3n jur\u00eddica que le permita a los ciudadanos conocer cuales son sus derechos, y c\u00f3mo reclamar frente a su vulneraci\u00f3n.<\/p><p><a class=\"btn btn-danger btn-sm\" href=\"https:\/\/nuevasgeneraciones.com.ar\/sitio\/wp-content\/uploads\/documentos3\/_archivo\/2023\/NG-PP385-Herramientas-para-mejor-acceso-justiciaABR2023.pdf?385\" target=\"_blank\" rel=\"noopener\">Descargar<\/a><\/p>                        <\/div>\n\n                    <\/div>\n\n                <\/div><!-- .elementskit-card END -->\n\n                \n                <div class=\"elementskit-card \">\n                    <div class=\"elementskit-card-header\" id=\"primaryHeading-14-5d9826c3\">\n                        <a href=\"#collapse-35c8fe469f1b67031360\" class=\"ekit-accordion--toggler elementskit-btn-link collapsed\" data-ekit-toggle=\"collapse\" data-target=\"#Collapse-35c8fe469f1b67031360\" aria-expanded=\"false\" aria-controls=\"Collapse-35c8fe469f1b67031360\">\n                            \n                            <span class=\"ekit-accordion-title\">Consejo de la Magistratura: modernizaci\u00f3n y transparencia en el proceso de selecci\u00f3n de Magistrados<\/span>\n\n                            \n                                <div class=\"ekit_accordion_icon_group\">\n                                    <div class=\"ekit_accordion_normal_icon\">\n                                        <!-- Normal Icon -->\n\t\t\t\t\t\t\t\t\t\t<i class=\"icon icon-plus\"><\/i>                                    <\/div>\n\n                                    <div class=\"ekit_accordion_active_icon\">\n                                        <!-- Active Icon -->\n\t\t\t\t\t\t\t\t\t\t<i class=\"icon icon-minus\"><\/i>                                    <\/div>\n                                <\/div>\n\n                            \n                                                    <\/a>\n                    <\/div>\n\n                    <div id=\"Collapse-35c8fe469f1b67031360\" class=\" collapse\" aria-labelledby=\"primaryHeading-14-5d9826c3\" data-parent=\"#accordion-69f1b67031360\">\n\n                        <div class=\"elementskit-card-body ekit-accordion--content\">\n                            <p>El presente trabajo tiene como finalidad realizar un an\u00e1lisis pormenorizado del proceso de selecci\u00f3n de magistrados a nivel nacional, a fin de conocer su funcionamiento, como as\u00ed tambi\u00e9n sus aciertos y dificultades. Asimismo, se presentan propuestas y soluciones para un funcionamiento m\u00e1s transparente y eficiente de este proceso, muchas veces desconocido por la sociedad, pero de enormes implicancias para un adecuado accionar del Poder Judicial de nuestro pa\u00eds.<\/p><p><a class=\"btn btn-danger btn-sm\" href=\"https:\/\/nuevasgeneraciones.com.ar\/sitio\/wp-content\/uploads\/documentos3\/_archivo\/2023\/NG-PP384-Consejo-Magistratura-Proceso-seleccion-magistrados-FEB2023.pdf?384\" target=\"_blank\" rel=\"noopener\">Descargar<\/a><\/p>                        <\/div>\n\n                    <\/div>\n\n                <\/div><!-- .elementskit-card END -->\n\n                \n                <div class=\"elementskit-card \">\n                    <div class=\"elementskit-card-header\" id=\"primaryHeading-15-5d9826c3\">\n                        <a href=\"#collapse-c2ed00769f1b67031360\" class=\"ekit-accordion--toggler elementskit-btn-link collapsed\" data-ekit-toggle=\"collapse\" data-target=\"#Collapse-c2ed00769f1b67031360\" aria-expanded=\"false\" aria-controls=\"Collapse-c2ed00769f1b67031360\">\n                            \n                            <span class=\"ekit-accordion-title\">Registro de automotores: modernizaci\u00f3n de procesos, adaptaci\u00f3n de tasas y reducci\u00f3n de impuestos<\/span>\n\n                            \n                                <div class=\"ekit_accordion_icon_group\">\n                                    <div class=\"ekit_accordion_normal_icon\">\n                                        <!-- Normal Icon -->\n\t\t\t\t\t\t\t\t\t\t<i class=\"icon icon-plus\"><\/i>                                    <\/div>\n\n                                    <div class=\"ekit_accordion_active_icon\">\n                                        <!-- Active Icon -->\n\t\t\t\t\t\t\t\t\t\t<i class=\"icon icon-minus\"><\/i>                                    <\/div>\n                                <\/div>\n\n                            \n                                                    <\/a>\n                    <\/div>\n\n                    <div id=\"Collapse-c2ed00769f1b67031360\" class=\" collapse\" aria-labelledby=\"primaryHeading-15-5d9826c3\" data-parent=\"#accordion-69f1b67031360\">\n\n                        <div class=\"elementskit-card-body ekit-accordion--content\">\n                            <p>El presente trabajo analiza la historia y la finalidad del Registro de la Propiedad Automotor. Asimismo analiza el funcionamiento de los Registros Seccionales de la propiedad automotor, los procesos de registraci\u00f3n, y las tasas y cargos que ellos involucran. Por otro lado, el trabajo tambi\u00e9n analiza la presi\u00f3n fiscal existente sobre los automotores y el objetivo buscado con dichos impuestos.Finalmente, se indica el impacto que todo ello tiene en el mercado automotriz y en los usuarios, y se proponen medidas para aumentar la eficiencia y sustentabilidad del sistema.<\/p><p><a class=\"btn btn-danger btn-sm\" href=\"https:\/\/nuevasgeneraciones.com.ar\/sitio\/wp-content\/uploads\/documentos3\/_archivo\/2023\/NG-PP381-Registro-propiedad-automotor-Modernizacion-ENE2023.pdf?381\" target=\"_blank\" rel=\"noopener\">Descargar<\/a><\/p>                        <\/div>\n\n                    <\/div>\n\n                <\/div><!-- .elementskit-card END -->\n\n                \n                <div class=\"elementskit-card \">\n                    <div class=\"elementskit-card-header\" id=\"primaryHeading-16-5d9826c3\">\n                        <a href=\"#collapse-4f9490b69f1b67031360\" class=\"ekit-accordion--toggler elementskit-btn-link collapsed\" data-ekit-toggle=\"collapse\" data-target=\"#Collapse-4f9490b69f1b67031360\" aria-expanded=\"false\" aria-controls=\"Collapse-4f9490b69f1b67031360\">\n                            \n                            <span class=\"ekit-accordion-title\">Registro P\u00fablico de Comercio CABA: Camino hacia la autonom\u00eda plena<\/span>\n\n                            \n                                <div class=\"ekit_accordion_icon_group\">\n                                    <div class=\"ekit_accordion_normal_icon\">\n                                        <!-- Normal Icon -->\n\t\t\t\t\t\t\t\t\t\t<i class=\"icon icon-plus\"><\/i>                                    <\/div>\n\n                                    <div class=\"ekit_accordion_active_icon\">\n                                        <!-- Active Icon -->\n\t\t\t\t\t\t\t\t\t\t<i class=\"icon icon-minus\"><\/i>                                    <\/div>\n                                <\/div>\n\n                            \n                                                    <\/a>\n                    <\/div>\n\n                    <div id=\"Collapse-4f9490b69f1b67031360\" class=\" collapse\" aria-labelledby=\"primaryHeading-16-5d9826c3\" data-parent=\"#accordion-69f1b67031360\">\n\n                        <div class=\"elementskit-card-body ekit-accordion--content\">\n                            <p>El presente trabajo analiza el estado de situaci\u00f3n sobre el traspaso de competencias del Registro P\u00fablico de Comercio de la Naci\u00f3n a la Ciudad Aut\u00f3noma de Buenos Aires. Asimismo resaltar la necesidad de establecer un Registro de Comercio Local competente para la regulaci\u00f3n de las Sociedades An\u00f3nimas, Fundaciones y Asociaciones Civiles que se encuentran domiciliadas en la jurisdicci\u00f3n de esta localidad.<\/p><p><a class=\"btn btn-danger btn-sm\" href=\"https:\/\/nuevasgeneraciones.com.ar\/sitio\/wp-content\/uploads\/documentos3\/_archivo\/2022\/NG-PP377-IGJ-traspaso-a-CABA-NOV2022.pdf?377\" target=\"_blank\" rel=\"noopener\">Descargar<\/a><\/p>                        <\/div>\n\n                    <\/div>\n\n                <\/div><!-- .elementskit-card END -->\n\n                \n                <div class=\"elementskit-card \">\n                    <div class=\"elementskit-card-header\" id=\"primaryHeading-17-5d9826c3\">\n                        <a href=\"#collapse-96c755769f1b67031360\" class=\"ekit-accordion--toggler elementskit-btn-link collapsed\" data-ekit-toggle=\"collapse\" data-target=\"#Collapse-96c755769f1b67031360\" aria-expanded=\"false\" aria-controls=\"Collapse-96c755769f1b67031360\">\n                            \n                            <span class=\"ekit-accordion-title\">Reportes no financieros: Una herramienta de utilidad para el \u00e1mbito p\u00fablico<\/span>\n\n                            \n                                <div class=\"ekit_accordion_icon_group\">\n                                    <div class=\"ekit_accordion_normal_icon\">\n                                        <!-- Normal Icon -->\n\t\t\t\t\t\t\t\t\t\t<i class=\"icon icon-plus\"><\/i>                                    <\/div>\n\n                                    <div class=\"ekit_accordion_active_icon\">\n                                        <!-- Active Icon -->\n\t\t\t\t\t\t\t\t\t\t<i class=\"icon icon-minus\"><\/i>                                    <\/div>\n                                <\/div>\n\n                            \n                                                    <\/a>\n                    <\/div>\n\n                    <div id=\"Collapse-96c755769f1b67031360\" class=\" collapse\" aria-labelledby=\"primaryHeading-17-5d9826c3\" data-parent=\"#accordion-69f1b67031360\">\n\n                        <div class=\"elementskit-card-body ekit-accordion--content\">\n                            <p>La inclusi\u00f3n de los reportes no financieros en el \u00e1mbito corporativo ha demostrado ser exitosa en los proyectos de las corporaciones, al indicar las m\u00e9tricas ESG (Environmental, Social and Governance Report) haciendo p\u00fablicas las pol\u00edticas de ambiente, sociabilidad y gobierno. En este trabajo, se analiza la aplicaci\u00f3n de los reportes no financieros en el \u00e1mbito p\u00fablico, a fin de lograr un impacto similar al del mundo privado, en el desarrollo estatal.Asimismo, se analiza su efectividad a la hora de impulsar una mayor integraci\u00f3n Estado Empresas, en materia de pol\u00edticas ambientales, sociales y de gobernanza.<\/p><p><a class=\"btn btn-danger btn-sm\" href=\"https:\/\/nuevasgeneraciones.com.ar\/sitio\/wp-content\/uploads\/documentos3\/_archivo\/2022\/NG-PP375-Reportes-no-financieros-OCT2022.pdf?375&quot;\" target=\"_blank\" rel=\"noopener\">Descargar<\/a><\/p>                        <\/div>\n\n                    <\/div>\n\n                <\/div><!-- .elementskit-card END -->\n\n                \n                <div class=\"elementskit-card \">\n                    <div class=\"elementskit-card-header\" id=\"primaryHeading-18-5d9826c3\">\n                        <a href=\"#collapse-d41ccdc69f1b67031360\" class=\"ekit-accordion--toggler elementskit-btn-link collapsed\" data-ekit-toggle=\"collapse\" data-target=\"#Collapse-d41ccdc69f1b67031360\" aria-expanded=\"false\" aria-controls=\"Collapse-d41ccdc69f1b67031360\">\n                            \n                            <span class=\"ekit-accordion-title\">Reg\u00edmenes previsionales especiales y diferenciales: un sistema que requiere modernizaci\u00f3n y transparencia<\/span>\n\n                            \n                                <div class=\"ekit_accordion_icon_group\">\n                                    <div class=\"ekit_accordion_normal_icon\">\n                                        <!-- Normal Icon -->\n\t\t\t\t\t\t\t\t\t\t<i class=\"icon icon-plus\"><\/i>                                    <\/div>\n\n                                    <div class=\"ekit_accordion_active_icon\">\n                                        <!-- Active Icon -->\n\t\t\t\t\t\t\t\t\t\t<i class=\"icon icon-minus\"><\/i>                                    <\/div>\n                                <\/div>\n\n                            \n                                                    <\/a>\n                    <\/div>\n\n                    <div id=\"Collapse-d41ccdc69f1b67031360\" class=\" collapse\" aria-labelledby=\"primaryHeading-18-5d9826c3\" data-parent=\"#accordion-69f1b67031360\">\n\n                        <div class=\"elementskit-card-body ekit-accordion--content\">\n                            <p>En el sistema integrado previsional argentino (SIPA), los reg\u00edmenes jubilatorios especiales, abarcan a las personas que se encuentran comprendidas en una materia concreta, o en determinadas instituciones, o en determinados \u00e1mbitos con relaciones jur\u00eddicas particulares; y por tal condici\u00f3n, les brindan aplicaci\u00f3n preferencial sobre las disposiciones de las leyes generales. Por otro lado, los reg\u00edmenes previsionales con condiciones diferenciales, son aquellos que exigen requisitos menos rigurosos para su otorgamiento, para determinados trabajadores que realizan actividades con tareas riesgosas o insalubres ya que, como consecuencia de ellas, sufren un envejecimiento y\/o agotamiento prematuro de su capacidad laboral.En el presente trabajo analizaremos ambos reg\u00edmenes, indicando qui\u00e9nes pertenecen a ellos, y por qu\u00e9 motivo fueron creados.<\/p><p><a class=\"btn btn-danger btn-sm\" href=\"https:\/\/nuevasgeneraciones.com.ar\/sitio\/wp-content\/uploads\/documentos3\/_archivo\/2022\/NG-PP369-Regimenes-previsionales-especiales-diferenciales-JUL2022.pdf?369\" target=\"_blank\" rel=\"noopener\">Descargar<\/a><\/p>                        <\/div>\n\n                    <\/div>\n\n                <\/div><!-- .elementskit-card END -->\n\n                \n                <div class=\"elementskit-card \">\n                    <div class=\"elementskit-card-header\" id=\"primaryHeading-19-5d9826c3\">\n                        <a href=\"#collapse-6d45db169f1b67031360\" class=\"ekit-accordion--toggler elementskit-btn-link collapsed\" data-ekit-toggle=\"collapse\" data-target=\"#Collapse-6d45db169f1b67031360\" aria-expanded=\"false\" aria-controls=\"Collapse-6d45db169f1b67031360\">\n                            \n                            <span class=\"ekit-accordion-title\">La publicaci\u00f3n y difusi\u00f3n de los programas de gobierno como herramienta para contribuir a un mejor sistema electoral<\/span>\n\n                            \n                                <div class=\"ekit_accordion_icon_group\">\n                                    <div class=\"ekit_accordion_normal_icon\">\n                                        <!-- Normal Icon -->\n\t\t\t\t\t\t\t\t\t\t<i class=\"icon icon-plus\"><\/i>                                    <\/div>\n\n                                    <div class=\"ekit_accordion_active_icon\">\n                                        <!-- Active Icon -->\n\t\t\t\t\t\t\t\t\t\t<i class=\"icon icon-minus\"><\/i>                                    <\/div>\n                                <\/div>\n\n                            \n                                                    <\/a>\n                    <\/div>\n\n                    <div id=\"Collapse-6d45db169f1b67031360\" class=\" collapse\" aria-labelledby=\"primaryHeading-19-5d9826c3\" data-parent=\"#accordion-69f1b67031360\">\n\n                        <div class=\"elementskit-card-body ekit-accordion--content\">\n                            <p>El presente informe propone y describe mecanismos que permitir\u00edan el desarrollo de plataformas electorales m\u00e1s completas que las que actualmente presentan los partidos, una mayor difusi\u00f3n y un mejor acceso a ellas por parte de la poblaci\u00f3n. La presente propuesta busca que la sociedad se encuentre mejor informada a la hora de ejercer su voto y al momento de realizar una evaluaci\u00f3n respecto del cumplimiento de las propuestas electorales oportunamente realizadas por los candidatos electos.Asimismo, el impulso y la promoci\u00f3n de las plataformas electorales partidarias permitir\u00e1n mayores est\u00e1ndares de transparencia institucional y un mejor acceso a la informaci\u00f3n que deben brindar los partidos pol\u00edticos durante los procesos electorales.<\/p><p><a class=\"btn btn-danger btn-sm\" href=\"https:\/\/nuevasgeneraciones.com.ar\/sitio\/wp-content\/uploads\/documentos3\/_archivo\/2022\/NG-PP358-Plataformas-electorales-ENE2022.pdf?358\" target=\"_blank\" rel=\"noopener\">Descargar<\/a><\/p>                        <\/div>\n\n                    <\/div>\n\n                <\/div><!-- .elementskit-card END -->\n\n                \n                <div class=\"elementskit-card \">\n                    <div class=\"elementskit-card-header\" id=\"primaryHeading-20-5d9826c3\">\n                        <a href=\"#collapse-71da87469f1b67031360\" class=\"ekit-accordion--toggler elementskit-btn-link collapsed\" data-ekit-toggle=\"collapse\" data-target=\"#Collapse-71da87469f1b67031360\" aria-expanded=\"false\" aria-controls=\"Collapse-71da87469f1b67031360\">\n                            \n                            <span class=\"ekit-accordion-title\">Recomendaciones para un nuevo mecanismo de movilidad de las pensiones p\u00fablicas en Argentina <\/span>\n\n                            \n                                <div class=\"ekit_accordion_icon_group\">\n                                    <div class=\"ekit_accordion_normal_icon\">\n                                        <!-- Normal Icon -->\n\t\t\t\t\t\t\t\t\t\t<i class=\"icon icon-plus\"><\/i>                                    <\/div>\n\n                                    <div class=\"ekit_accordion_active_icon\">\n                                        <!-- Active Icon -->\n\t\t\t\t\t\t\t\t\t\t<i class=\"icon icon-minus\"><\/i>                                    <\/div>\n                                <\/div>\n\n                            \n                                                    <\/a>\n                    <\/div>\n\n                    <div id=\"Collapse-71da87469f1b67031360\" class=\" collapse\" aria-labelledby=\"primaryHeading-20-5d9826c3\" data-parent=\"#accordion-69f1b67031360\">\n\n                        <div class=\"elementskit-card-body ekit-accordion--content\">\n                            <p>Los reg\u00edmenes de previsi\u00f3n social tienen por objeto proteger a las personas cuando salen del mercado laboral. Esto implica que el dise\u00f1o de dichos reg\u00edmenes debe garantizar un nivel de vida digno a quienes se encuentran alcanzados por ellos.En el presente trabajo se proponen una serie de recomendaciones destinadas a crear un nuevo mecanismo de movilidad de las pensiones p\u00fablicas en la Rep\u00fablica Argentina a efectos de ajustar peri\u00f3dicamente las prestaciones previsionales, y mantener su poder adquisitivo.<\/p><p><a class=\"btn btn-danger btn-sm\" href=\"https:\/\/nuevasgeneraciones.com.ar\/sitio\/wp-content\/uploads\/documentos3\/_archivo\/2021\/NG-PP356-Movilidad-sistema-previsional-DIC2021.pdf?PP356\" target=\"_blank\" rel=\"noopener\">Descargar<\/a><\/p>                        <\/div>\n\n                    <\/div>\n\n                <\/div><!-- .elementskit-card END -->\n\n                \n                <div class=\"elementskit-card \">\n                    <div class=\"elementskit-card-header\" id=\"primaryHeading-21-5d9826c3\">\n                        <a href=\"#collapse-bbb462069f1b67031360\" class=\"ekit-accordion--toggler elementskit-btn-link collapsed\" data-ekit-toggle=\"collapse\" data-target=\"#Collapse-bbb462069f1b67031360\" aria-expanded=\"false\" aria-controls=\"Collapse-bbb462069f1b67031360\">\n                            \n                            <span class=\"ekit-accordion-title\">Nociones para transparentar las causales del juicio pol\u00edtico<\/span>\n\n                            \n                                <div class=\"ekit_accordion_icon_group\">\n                                    <div class=\"ekit_accordion_normal_icon\">\n                                        <!-- Normal Icon -->\n\t\t\t\t\t\t\t\t\t\t<i class=\"icon icon-plus\"><\/i>                                    <\/div>\n\n                                    <div class=\"ekit_accordion_active_icon\">\n                                        <!-- Active Icon -->\n\t\t\t\t\t\t\t\t\t\t<i class=\"icon icon-minus\"><\/i>                                    <\/div>\n                                <\/div>\n\n                            \n                                                    <\/a>\n                    <\/div>\n\n                    <div id=\"Collapse-bbb462069f1b67031360\" class=\" collapse\" aria-labelledby=\"primaryHeading-21-5d9826c3\" data-parent=\"#accordion-69f1b67031360\">\n\n                        <div class=\"elementskit-card-body ekit-accordion--content\">\n                            <p>El juicio pol\u00edtico es una herramienta de control que el poder legislativo tiene sobre los otros dos poderes del gobierno. Mediante \u00e9l, los funcionarios que hubieren incurrido en la comisi\u00f3n de delitos o desempe\u00f1ado mal sus cargos, pueden ser destituidos para, luego, ser sometidos a la competencia de los tribunales ordinarios.No obstante la relevancia del presente instituto, las causales de juicio pol\u00edtico solamente se encuentran mencionadas en la Constituci\u00f3n Nacional. Tal situaci\u00f3n genera lagunas legales, que provocan incertidumbre en su aplicaci\u00f3n.En el presente trabajo se propone asentar, de manera clara y taxativa, cu\u00e1les son las causales que configuran el mal desempe\u00f1o del cargo y a partir de las cuales deber\u00eda derivarse el juicio pol\u00edtico de los funcionarios por \u00e9l alcanzado.<\/p><p><a class=\"btn btn-danger btn-sm\" href=\"https:\/\/nuevasgeneraciones.com.ar\/sitio\/wp-content\/uploads\/documentos3\/_archivo\/2021\/NG-PP351-Causales-juicio-politico-OCT2021.pdf?PP351\" target=\"_blank\" rel=\"noopener\">Descargar<\/a><\/p>                        <\/div>\n\n                    <\/div>\n\n                <\/div><!-- .elementskit-card END -->\n\n                \n                <div class=\"elementskit-card \">\n                    <div class=\"elementskit-card-header\" id=\"primaryHeading-22-5d9826c3\">\n                        <a href=\"#collapse-2b31f5c69f1b67031360\" class=\"ekit-accordion--toggler elementskit-btn-link collapsed\" data-ekit-toggle=\"collapse\" data-target=\"#Collapse-2b31f5c69f1b67031360\" aria-expanded=\"false\" aria-controls=\"Collapse-2b31f5c69f1b67031360\">\n                            \n                            <span class=\"ekit-accordion-title\">Recomendaciones para la transparencia de los sistemas de la seguridad social<\/span>\n\n                            \n                                <div class=\"ekit_accordion_icon_group\">\n                                    <div class=\"ekit_accordion_normal_icon\">\n                                        <!-- Normal Icon -->\n\t\t\t\t\t\t\t\t\t\t<i class=\"icon icon-plus\"><\/i>                                    <\/div>\n\n                                    <div class=\"ekit_accordion_active_icon\">\n                                        <!-- Active Icon -->\n\t\t\t\t\t\t\t\t\t\t<i class=\"icon icon-minus\"><\/i>                                    <\/div>\n                                <\/div>\n\n                            \n                                                    <\/a>\n                    <\/div>\n\n                    <div id=\"Collapse-2b31f5c69f1b67031360\" class=\" collapse\" aria-labelledby=\"primaryHeading-22-5d9826c3\" data-parent=\"#accordion-69f1b67031360\">\n\n                        <div class=\"elementskit-card-body ekit-accordion--content\">\n                            <p>La ley de Acceso a la Informaci\u00f3n P\u00fablica (n\u00b0 27.275) obliga a la administraci\u00f3n p\u00fablica nacional y a sus organismos descentralizados, entre ellos la ANSES, a designar un responsable encargado de garantizar el acceso a la informaci\u00f3n p\u00fablica en el \u00e1mbito de su competencia. Con miras a asegurar la operatividad de la norma, consideramos oportuna la creaci\u00f3n, dentro del \u00e1mbito de aplicaci\u00f3n de dicho organismo, de una oficina interna dedicada, exclusivamente, a transparentar y brindar publicidad a todo aquello que se vincule con la prestaci\u00f3n de los servicios de la seguridad social en Argentina.<\/p><p><a class=\"btn btn-danger btn-sm\" href=\"https:\/\/nuevasgeneraciones.com.ar\/sitio\/wp-content\/uploads\/documentos3\/_archivo\/2021\/NG-PP350-Transparencia-seguridad-social-OCT2021.pdf?PP350\" target=\"_blank\" rel=\"noopener\">Descargar<\/a><\/p>                        <\/div>\n\n                    <\/div>\n\n                <\/div><!-- .elementskit-card END -->\n\n                \n                <div class=\"elementskit-card \">\n                    <div class=\"elementskit-card-header\" id=\"primaryHeading-23-5d9826c3\">\n                        <a href=\"#collapse-d5ab4a469f1b67031360\" class=\"ekit-accordion--toggler elementskit-btn-link collapsed\" data-ekit-toggle=\"collapse\" data-target=\"#Collapse-d5ab4a469f1b67031360\" aria-expanded=\"false\" aria-controls=\"Collapse-d5ab4a469f1b67031360\">\n                            \n                            <span class=\"ekit-accordion-title\">Recomendaciones para la creaci\u00f3n de una Red de de Defensor\u00eda Abierta<\/span>\n\n                            \n                                <div class=\"ekit_accordion_icon_group\">\n                                    <div class=\"ekit_accordion_normal_icon\">\n                                        <!-- Normal Icon -->\n\t\t\t\t\t\t\t\t\t\t<i class=\"icon icon-plus\"><\/i>                                    <\/div>\n\n                                    <div class=\"ekit_accordion_active_icon\">\n                                        <!-- Active Icon -->\n\t\t\t\t\t\t\t\t\t\t<i class=\"icon icon-minus\"><\/i>                                    <\/div>\n                                <\/div>\n\n                            \n                                                    <\/a>\n                    <\/div>\n\n                    <div id=\"Collapse-d5ab4a469f1b67031360\" class=\" collapse\" aria-labelledby=\"primaryHeading-23-5d9826c3\" data-parent=\"#accordion-69f1b67031360\">\n\n                        <div class=\"elementskit-card-body ekit-accordion--content\">\n                            <p>El Defensor del Pueblo de la Ciudad Aut\u00f3noma de Buenos Aires tiene como objetivo primordial la defensa de los derechos de los vecinos. Dicha tarea es llevada a cabo por dicho funcionario y el equipo que lo asiste. No obstante ello, la labor del Defensor del Pueblo podr\u00eda verse fortalecida mediante la colaboraci\u00f3n con otros organismos de control y las organizaciones de la sociedad civil.En el presente trabajo se exponen recomendaciones para la creaci\u00f3n de una Red de Defensor\u00eda Abierta donde las ONG y los organismos estatales de control colaboren con la Defensor\u00eda del Pueblo para su fortalecimiento institucional y la mejor consecuci\u00f3n de sus objetivos.<\/p><p><a class=\"btn btn-danger btn-sm\" href=\"https:\/\/nuevasgeneraciones.com.ar\/sitio\/wp-content\/uploads\/documentos3\/_archivo\/2021\/NG-PP345-Red-Defensoria-abiertas-JUL2021.pdf?PP345\" target=\"_blank\" rel=\"noopener\">Descargar<\/a><\/p>                        <\/div>\n\n                    <\/div>\n\n                <\/div><!-- .elementskit-card END -->\n\n                \n                <div class=\"elementskit-card \">\n                    <div class=\"elementskit-card-header\" id=\"primaryHeading-24-5d9826c3\">\n                        <a href=\"#collapse-d84dfd069f1b67031360\" class=\"ekit-accordion--toggler elementskit-btn-link collapsed\" data-ekit-toggle=\"collapse\" data-target=\"#Collapse-d84dfd069f1b67031360\" aria-expanded=\"false\" aria-controls=\"Collapse-d84dfd069f1b67031360\">\n                            \n                            <span class=\"ekit-accordion-title\">Recomendaciones para la operaci\u00f3n de la Hidrov\u00eda<\/span>\n\n                            \n                                <div class=\"ekit_accordion_icon_group\">\n                                    <div class=\"ekit_accordion_normal_icon\">\n                                        <!-- Normal Icon -->\n\t\t\t\t\t\t\t\t\t\t<i class=\"icon icon-plus\"><\/i>                                    <\/div>\n\n                                    <div class=\"ekit_accordion_active_icon\">\n                                        <!-- Active Icon -->\n\t\t\t\t\t\t\t\t\t\t<i class=\"icon icon-minus\"><\/i>                                    <\/div>\n                                <\/div>\n\n                            \n                                                    <\/a>\n                    <\/div>\n\n                    <div id=\"Collapse-d84dfd069f1b67031360\" class=\" collapse\" aria-labelledby=\"primaryHeading-24-5d9826c3\" data-parent=\"#accordion-69f1b67031360\">\n\n                        <div class=\"elementskit-card-body ekit-accordion--content\">\n                            <p>La Hidrov\u00eda, conformada por los r\u00edos Paran\u00e1 y Paraguay, es un corredor fluvial por el que se transporta una gran parte de la exportaci\u00f3n, como as\u00ed tambi\u00e9n de la importaci\u00f3n, argentina, brasilera, boliviana, paraguaya y uruguaya.El r\u00e9gimen para su mantenimiento y operaci\u00f3n funciona a trav\u00e9s de una concesi\u00f3n cuya fecha de vencimiento se encuentra pr\u00f3xima a operar, motivo por el cual se abrir\u00e1 un proceso de licitaci\u00f3n destinado a designar a un nuevo concesionario. En el presente trabajo se realiza un estudio acerca de esta v\u00eda navegable, identific\u00e1ndose aquellos aspectos que deber\u00edan ser tenidos en cuenta por el Estado Nacional para la licitaci\u00f3n destinada a seleccionar a su futuro operador.<\/p><p><a class=\"btn btn-danger btn-sm\" href=\"https:\/\/nuevasgeneraciones.com.ar\/sitio\/wp-content\/uploads\/documentos3\/_archivo\/2021\/NG-PP344-Recomendaciones-operacion-hidrovia-JUL2021.pdf?PP344\" target=\"_blank\" rel=\"noopener\">Descargar<\/a><\/p>                        <\/div>\n\n                    <\/div>\n\n                <\/div><!-- .elementskit-card END -->\n\n                \n                <div class=\"elementskit-card \">\n                    <div class=\"elementskit-card-header\" id=\"primaryHeading-25-5d9826c3\">\n                        <a href=\"#collapse-3b0ac7469f1b67031360\" class=\"ekit-accordion--toggler elementskit-btn-link collapsed\" data-ekit-toggle=\"collapse\" data-target=\"#Collapse-3b0ac7469f1b67031360\" aria-expanded=\"false\" aria-controls=\"Collapse-3b0ac7469f1b67031360\">\n                            \n                            <span class=\"ekit-accordion-title\">Propuestas para la creaci\u00f3n del defensor del contribuyente<\/span>\n\n                            \n                                <div class=\"ekit_accordion_icon_group\">\n                                    <div class=\"ekit_accordion_normal_icon\">\n                                        <!-- Normal Icon -->\n\t\t\t\t\t\t\t\t\t\t<i class=\"icon icon-plus\"><\/i>                                    <\/div>\n\n                                    <div class=\"ekit_accordion_active_icon\">\n                                        <!-- Active Icon -->\n\t\t\t\t\t\t\t\t\t\t<i class=\"icon icon-minus\"><\/i>                                    <\/div>\n                                <\/div>\n\n                            \n                                                    <\/a>\n                    <\/div>\n\n                    <div id=\"Collapse-3b0ac7469f1b67031360\" class=\" collapse\" aria-labelledby=\"primaryHeading-25-5d9826c3\" data-parent=\"#accordion-69f1b67031360\">\n\n                        <div class=\"elementskit-card-body ekit-accordion--content\">\n                            <p>El exceso de presi\u00f3n fiscal, la multiplicaci\u00f3n de tributos sobre los mismos bienes y actividades y la laber\u00edntica burocracia administrativa tienen un innegable impacto sobre los contribuyentes. Dicho impacto se ve reflejado en un alto grado de conflictividad con el Estado, la falta de est\u00edmulo para generar emprendimientos y una merma en la recaudaci\u00f3n fiscal. Para solucionar dichos problemas, hace falta crear un organismo que interceda entre los ciudadanos y el fisco en materia impositiva. En el presente trabajo se propone la creaci\u00f3n de la figura del Defensor del Contribuyente, figura que tendr\u00e1, entre otras, la funci\u00f3n de velar por los derechos de quienes pagan sus impuestos.<\/p><p><a class=\"btn btn-danger btn-sm\" href=\"https:\/\/nuevasgeneraciones.com.ar\/sitio\/wp-content\/uploads\/documentos3\/_archivo\/2021\/NG-PP342-Defensor-del-Contribuyente-JUN2021.pdf?PP342\" target=\"_blank\" rel=\"noopener\">Descargar<\/a><\/p>                        <\/div>\n\n                    <\/div>\n\n                <\/div><!-- .elementskit-card END -->\n\n                \n                <div class=\"elementskit-card \">\n                    <div class=\"elementskit-card-header\" id=\"primaryHeading-26-5d9826c3\">\n                        <a href=\"#collapse-4e2862869f1b67031360\" class=\"ekit-accordion--toggler elementskit-btn-link collapsed\" data-ekit-toggle=\"collapse\" data-target=\"#Collapse-4e2862869f1b67031360\" aria-expanded=\"false\" aria-controls=\"Collapse-4e2862869f1b67031360\">\n                            \n                            <span class=\"ekit-accordion-title\">Portal de leyes abiertas en el marco del programa \u201cIniciativa Legislativa\u201d de la Defensor\u00eda del Pueblo de la CABA<\/span>\n\n                            \n                                <div class=\"ekit_accordion_icon_group\">\n                                    <div class=\"ekit_accordion_normal_icon\">\n                                        <!-- Normal Icon -->\n\t\t\t\t\t\t\t\t\t\t<i class=\"icon icon-plus\"><\/i>                                    <\/div>\n\n                                    <div class=\"ekit_accordion_active_icon\">\n                                        <!-- Active Icon -->\n\t\t\t\t\t\t\t\t\t\t<i class=\"icon icon-minus\"><\/i>                                    <\/div>\n                                <\/div>\n\n                            \n                                                    <\/a>\n                    <\/div>\n\n                    <div id=\"Collapse-4e2862869f1b67031360\" class=\" collapse\" aria-labelledby=\"primaryHeading-26-5d9826c3\" data-parent=\"#accordion-69f1b67031360\">\n\n                        <div class=\"elementskit-card-body ekit-accordion--content\">\n                            <p>El Defensor del Pueblo de la Ciudad Aut\u00f3noma de Buenos Aires, adem\u00e1s de su deber de controlar a la Administraci\u00f3n P\u00fablica y de velar por los derechos de los ciudadanos, cuenta con la potestad de presentar proyectos de ley ante la Legislatura. Para que dicho rol sea enmarcado dentro de los postulados del gobierno abierto, es aconsejable que se permita la participaci\u00f3n popular.En el presente trabajo se propone la creaci\u00f3n de un espacio de interacci\u00f3n donde los vecinos puedan, de manera gratuita y sencilla, realizar aportes a las iniciativas legislativas elaboradas por la Defensor\u00eda.<\/p><p><a class=\"btn btn-danger btn-sm\" href=\"https:\/\/nuevasgeneraciones.com.ar\/sitio\/wp-content\/uploads\/documentos3\/_archivo\/2021\/NG-PP340-Portal-leyes-abiertas-marco-Iniciativa-Legislativa-MAY2021.pdf?PP340\" target=\"_blank\" rel=\"noopener\">Descargar<\/a><\/p>                        <\/div>\n\n                    <\/div>\n\n                <\/div><!-- .elementskit-card END -->\n\n                \n                <div class=\"elementskit-card \">\n                    <div class=\"elementskit-card-header\" id=\"primaryHeading-27-5d9826c3\">\n                        <a href=\"#collapse-6506aef69f1b67031360\" class=\"ekit-accordion--toggler elementskit-btn-link collapsed\" data-ekit-toggle=\"collapse\" data-target=\"#Collapse-6506aef69f1b67031360\" aria-expanded=\"false\" aria-controls=\"Collapse-6506aef69f1b67031360\">\n                            \n                            <span class=\"ekit-accordion-title\">L\u00ednea abierta contra la h\u00edper regulaci\u00f3n<\/span>\n\n                            \n                                <div class=\"ekit_accordion_icon_group\">\n                                    <div class=\"ekit_accordion_normal_icon\">\n                                        <!-- Normal Icon -->\n\t\t\t\t\t\t\t\t\t\t<i class=\"icon icon-plus\"><\/i>                                    <\/div>\n\n                                    <div class=\"ekit_accordion_active_icon\">\n                                        <!-- Active Icon -->\n\t\t\t\t\t\t\t\t\t\t<i class=\"icon icon-minus\"><\/i>                                    <\/div>\n                                <\/div>\n\n                            \n                                                    <\/a>\n                    <\/div>\n\n                    <div id=\"Collapse-6506aef69f1b67031360\" class=\" collapse\" aria-labelledby=\"primaryHeading-27-5d9826c3\" data-parent=\"#accordion-69f1b67031360\">\n\n                        <div class=\"elementskit-card-body ekit-accordion--content\">\n                            <p>La cantidad de leyes, decretos y resoluciones ministeriales, como as\u00ed tambi\u00e9n la excesiva presi\u00f3n fiscal existente en Argentina, tanto a nivel nacional como provincial y municipal, suele ser un obst\u00e1culo para quienes desean desarrollar una actividad econ\u00f3mica. Para que los tomadores de decisi\u00f3n puedan conocer ese tipo de situaciones, no hay nada mejor que contar con la opini\u00f3n de quienes se ven afectados por ellas: los contribuyentes.En el presente trabajo se propone la creaci\u00f3n de una plataforma digital para que los contribuyentes puedan opinar acerca de aquellas normas que los entorpecen y obstaculizan, haciendo llegar sus aportes a los funcionarios responsables.<\/p><p><a class=\"btn btn-danger btn-sm\" href=\"https:\/\/nuevasgeneraciones.com.ar\/sitio\/wp-content\/uploads\/documentos3\/_archivo\/2021\/NG-PP339-Linea-abierta-contra-la-hiper-regulacion-ABR2021.pdf?PP339\" target=\"_blank\" rel=\"noopener\">Descargar<\/a><\/p>                        <\/div>\n\n                    <\/div>\n\n                <\/div><!-- .elementskit-card END -->\n\n                \n                <div class=\"elementskit-card \">\n                    <div class=\"elementskit-card-header\" id=\"primaryHeading-28-5d9826c3\">\n                        <a href=\"#collapse-25e7e0a69f1b67031360\" class=\"ekit-accordion--toggler elementskit-btn-link collapsed\" data-ekit-toggle=\"collapse\" data-target=\"#Collapse-25e7e0a69f1b67031360\" aria-expanded=\"false\" aria-controls=\"Collapse-25e7e0a69f1b67031360\">\n                            \n                            <span class=\"ekit-accordion-title\">Transparencia y publicidad de las actuaciones que impulsa la Defensor\u00eda del Pueblo de la Ciudad de Buenos Aires <\/span>\n\n                            \n                                <div class=\"ekit_accordion_icon_group\">\n                                    <div class=\"ekit_accordion_normal_icon\">\n                                        <!-- Normal Icon -->\n\t\t\t\t\t\t\t\t\t\t<i class=\"icon icon-plus\"><\/i>                                    <\/div>\n\n                                    <div class=\"ekit_accordion_active_icon\">\n                                        <!-- Active Icon -->\n\t\t\t\t\t\t\t\t\t\t<i class=\"icon icon-minus\"><\/i>                                    <\/div>\n                                <\/div>\n\n                            \n                                                    <\/a>\n                    <\/div>\n\n                    <div id=\"Collapse-25e7e0a69f1b67031360\" class=\" collapse\" aria-labelledby=\"primaryHeading-28-5d9826c3\" data-parent=\"#accordion-69f1b67031360\">\n\n                        <div class=\"elementskit-card-body ekit-accordion--content\">\n                            <p>El Defensor del Pueblo de la Ciudad Aut\u00f3noma de Buenos Aires cumple el doble rol de velar por el correcto funcionamiento de los organismos gubernamentales y el de proteger los derechos b\u00e1sicos de quienes habitan en dicha ciudad. Al mismo tiempo, al igual que ocurre con muchas otras organizaciones, la Defensor\u00eda del Pueblo se encuentra obligada a reportar toda la informaci\u00f3n p\u00fablica de la que dispone. La conjunci\u00f3n entre ambos deberes hace que la Defensor\u00eda del Pueblo de la Ciudad de Buenos Aires deba publicar las actuaciones originadas en las denuncias y reclamos interpuestos por sus vecinos.En el presente trabajo se exponen los mecanismos mediante los cuales dicha informaci\u00f3n debe ser puesta en conocimiento del p\u00fablico en general para que pueda ser aprovechada por todos los interesados.<\/p><p><a class=\"btn btn-danger btn-sm\" href=\"https:\/\/nuevasgeneraciones.com.ar\/sitio\/wp-content\/uploads\/documentos3\/_archivo\/2021\/NG-PP337-Transparencia-publicidad-actuaciones-DP-CABA-MAR2021.pdf?PP337\" target=\"_blank\" rel=\"noopener\">Descargar<\/a><\/p>                        <\/div>\n\n                    <\/div>\n\n                <\/div><!-- .elementskit-card END -->\n\n                \n                <div class=\"elementskit-card \">\n                    <div class=\"elementskit-card-header\" id=\"primaryHeading-29-5d9826c3\">\n                        <a href=\"#collapse-b39aaeb69f1b67031360\" class=\"ekit-accordion--toggler elementskit-btn-link collapsed\" data-ekit-toggle=\"collapse\" data-target=\"#Collapse-b39aaeb69f1b67031360\" aria-expanded=\"false\" aria-controls=\"Collapse-b39aaeb69f1b67031360\">\n                            \n                            <span class=\"ekit-accordion-title\">Recomendaciones de pol\u00edticas p\u00fablicas para la modernizaci\u00f3n de la cadena porcina<\/span>\n\n                            \n                                <div class=\"ekit_accordion_icon_group\">\n                                    <div class=\"ekit_accordion_normal_icon\">\n                                        <!-- Normal Icon -->\n\t\t\t\t\t\t\t\t\t\t<i class=\"icon icon-plus\"><\/i>                                    <\/div>\n\n                                    <div class=\"ekit_accordion_active_icon\">\n                                        <!-- Active Icon -->\n\t\t\t\t\t\t\t\t\t\t<i class=\"icon icon-minus\"><\/i>                                    <\/div>\n                                <\/div>\n\n                            \n                                                    <\/a>\n                    <\/div>\n\n                    <div id=\"Collapse-b39aaeb69f1b67031360\" class=\" collapse\" aria-labelledby=\"primaryHeading-29-5d9826c3\" data-parent=\"#accordion-69f1b67031360\">\n\n                        <div class=\"elementskit-card-body ekit-accordion--content\">\n                            <p>El sector porcino en Argentina tiene un gran potencial de desarrollo en el mediano plazo. No obstante ello, su crecimiento se enfrenta a una serie de desaf\u00edos representado, principalmente, por la gran heterogeneidad en los sistemas de producci\u00f3n, las barreras financieras y la presi\u00f3n fiscal.En el presente trabajo se proponen aquellas herramientas destinadas a que el Estado acompa\u00f1e, a trav\u00e9s de su rol subsidiario, el proceso para la modernizaci\u00f3n de la cadena porcina.<\/p><p><a class=\"btn btn-danger btn-sm\" href=\"https:\/\/nuevasgeneraciones.com.ar\/sitio\/wp-content\/uploads\/documentos3\/_archivo\/2021\/NG-334-Modernizacion-cadena-porcina-FEB2021.pdf?PP334\" target=\"_blank\" rel=\"noopener\">Descargar<\/a><\/p>                        <\/div>\n\n                    <\/div>\n\n                <\/div><!-- .elementskit-card END -->\n\n                \n                <div class=\"elementskit-card \">\n                    <div class=\"elementskit-card-header\" id=\"primaryHeading-30-5d9826c3\">\n                        <a href=\"#collapse-8d344d969f1b67031360\" class=\"ekit-accordion--toggler elementskit-btn-link collapsed\" data-ekit-toggle=\"collapse\" data-target=\"#Collapse-8d344d969f1b67031360\" aria-expanded=\"false\" aria-controls=\"Collapse-8d344d969f1b67031360\">\n                            \n                            <span class=\"ekit-accordion-title\">Formaci\u00f3n gerencial para modernizar la agricultura familiar<\/span>\n\n                            \n                                <div class=\"ekit_accordion_icon_group\">\n                                    <div class=\"ekit_accordion_normal_icon\">\n                                        <!-- Normal Icon -->\n\t\t\t\t\t\t\t\t\t\t<i class=\"icon icon-plus\"><\/i>                                    <\/div>\n\n                                    <div class=\"ekit_accordion_active_icon\">\n                                        <!-- Active Icon -->\n\t\t\t\t\t\t\t\t\t\t<i class=\"icon icon-minus\"><\/i>                                    <\/div>\n                                <\/div>\n\n                            \n                                                    <\/a>\n                    <\/div>\n\n                    <div id=\"Collapse-8d344d969f1b67031360\" class=\" collapse\" aria-labelledby=\"primaryHeading-30-5d9826c3\" data-parent=\"#accordion-69f1b67031360\">\n\n                        <div class=\"elementskit-card-body ekit-accordion--content\">\n                            <p>La ley 27118 regula la agricultura familiar en Argentina. En ella se establecen una serie de acciones y objetivos para capacitar t\u00e9cnicamente y financiar este tipo de producciones. No obstante ello, dicha norma no contempla aspectos tales como la capacitaci\u00f3n y la formaci\u00f3n gerencial.<br \/>En el presente trabajo se proponen los lineamientos para brindarles a los peque\u00f1os agricultores aquellas herramientas necesarias para modernizar sus producciones y convertirlas en un negocio competitivo, sustentable y promotor de las econom\u00edas regionales.<\/p><p><a class=\"btn btn-danger btn-sm\" href=\"https:\/\/nuevasgeneraciones.com.ar\/sitio\/wp-content\/uploads\/documentos3\/_archivo\/2020\/NG-PP330-Formacion-gerencial-modernizar-agricultura-familiar-DIC2020.pdf?PP330\" target=\"_blank\" rel=\"noopener\">Descargar<\/a><\/p>                        <\/div>\n\n                    <\/div>\n\n                <\/div><!-- .elementskit-card END -->\n\n                \n                <div class=\"elementskit-card \">\n                    <div class=\"elementskit-card-header\" id=\"primaryHeading-31-5d9826c3\">\n                        <a href=\"#collapse-e481ff569f1b67031360\" class=\"ekit-accordion--toggler elementskit-btn-link collapsed\" data-ekit-toggle=\"collapse\" data-target=\"#Collapse-e481ff569f1b67031360\" aria-expanded=\"false\" aria-controls=\"Collapse-e481ff569f1b67031360\">\n                            \n                            <span class=\"ekit-accordion-title\">La ley 5.784 en la \u00f3rbita de la Defensor\u00eda del Pueblo de la Ciudad Aut\u00f3noma de Buenos Aires: Mecanismos para el fortalecimiento de la transparencia activa<\/span>\n\n                            \n                                <div class=\"ekit_accordion_icon_group\">\n                                    <div class=\"ekit_accordion_normal_icon\">\n                                        <!-- Normal Icon -->\n\t\t\t\t\t\t\t\t\t\t<i class=\"icon icon-plus\"><\/i>                                    <\/div>\n\n                                    <div class=\"ekit_accordion_active_icon\">\n                                        <!-- Active Icon -->\n\t\t\t\t\t\t\t\t\t\t<i class=\"icon icon-minus\"><\/i>                                    <\/div>\n                                <\/div>\n\n                            \n                                                    <\/a>\n                    <\/div>\n\n                    <div id=\"Collapse-e481ff569f1b67031360\" class=\" collapse\" aria-labelledby=\"primaryHeading-31-5d9826c3\" data-parent=\"#accordion-69f1b67031360\">\n\n                        <div class=\"elementskit-card-body ekit-accordion--content\">\n                            <p>La ley 5748 de CABA, adem\u00e1s de indicar que los organismos p\u00fablicos deben contar con un responsable de acceso a la informaci\u00f3n, se\u00f1ala aquellos datos que deben ser suministrados de manera abierta y gratuita sin que medie requerimiento previo por parte de los vecinos.<br \/>En el presente trabajo se propone los lineamientos para que la Defensor\u00eda del Pueblo de CABA pueda dar cumplimiento a dicha normativa.<\/p><p><a class=\"btn btn-danger btn-sm\" href=\"https:\/\/nuevasgeneraciones.com.ar\/sitio\/wp-content\/uploads\/documentos3\/_archivo\/2020\/NG-PP329-Transparencia-activa-Defensor-Pueblo-CABA-DIC2020.pdf?PP329\" target=\"_blank\" rel=\"noopener\">Descargar<\/a><\/p>                        <\/div>\n\n                    <\/div>\n\n                <\/div><!-- .elementskit-card END -->\n\n                \n                <div class=\"elementskit-card \">\n                    <div class=\"elementskit-card-header\" id=\"primaryHeading-32-5d9826c3\">\n                        <a href=\"#collapse-6bbe11e69f1b67031360\" class=\"ekit-accordion--toggler elementskit-btn-link collapsed\" data-ekit-toggle=\"collapse\" data-target=\"#Collapse-6bbe11e69f1b67031360\" aria-expanded=\"false\" aria-controls=\"Collapse-6bbe11e69f1b67031360\">\n                            \n                            <span class=\"ekit-accordion-title\">Modernizaci\u00f3n de la ley 20.249: adecuaci\u00f3n de la edad m\u00ednima para ser leg\u00edtimo usuario de armas de fuego<\/span>\n\n                            \n                                <div class=\"ekit_accordion_icon_group\">\n                                    <div class=\"ekit_accordion_normal_icon\">\n                                        <!-- Normal Icon -->\n\t\t\t\t\t\t\t\t\t\t<i class=\"icon icon-plus\"><\/i>                                    <\/div>\n\n                                    <div class=\"ekit_accordion_active_icon\">\n                                        <!-- Active Icon -->\n\t\t\t\t\t\t\t\t\t\t<i class=\"icon icon-minus\"><\/i>                                    <\/div>\n                                <\/div>\n\n                            \n                                                    <\/a>\n                    <\/div>\n\n                    <div id=\"Collapse-6bbe11e69f1b67031360\" class=\" collapse\" aria-labelledby=\"primaryHeading-32-5d9826c3\" data-parent=\"#accordion-69f1b67031360\">\n\n                        <div class=\"elementskit-card-body ekit-accordion--content\">\n                            <p>Argentina cuenta con una de las normas m\u00e1s eficaces y completas, a nivel mundial, para la regulaci\u00f3n de la tenencia y el uso de armas de fuego por parte de los particulares. No obstante ello, la reglamentaci\u00f3n de la ley de armas y explosivos exige la edad de 21 a\u00f1os para solicitar ser leg\u00edtimo usuario. Dicha disposici\u00f3n se contrapone con la normativa que establece la mayor\u00eda de edad, y con los deberes y obligaciones legales derivados de ella. Asimismo, es incompatible con la regulaci\u00f3n del tiro deportivo y con otras normativas espec\u00edficas.Por tal motivo, en el presente trabajo se propone la adecuaci\u00f3n de la ley 20.249 de armas y explosivos, y de su decreto reglamentario, para modernizar y llevar congruencia a la normativa vigente en materia de leg\u00edtimos usuarios de armas de fuego.<\/p><p><a class=\"btn btn-danger btn-sm\" href=\"https:\/\/nuevasgeneraciones.com.ar\/sitio\/wp-content\/uploads\/documentos3\/_archivo\/2020\/NG-PP327-Reforma-ley-de-armas-NOV2020.pdf?PP327 \" target=\"_blank\" rel=\"noopener\">Descargar<\/a><\/p>                        <\/div>\n\n                    <\/div>\n\n                <\/div><!-- .elementskit-card END -->\n\n                \n                <div class=\"elementskit-card \">\n                    <div class=\"elementskit-card-header\" id=\"primaryHeading-33-5d9826c3\">\n                        <a href=\"#collapse-7eb889f69f1b67031360\" class=\"ekit-accordion--toggler elementskit-btn-link collapsed\" data-ekit-toggle=\"collapse\" data-target=\"#Collapse-7eb889f69f1b67031360\" aria-expanded=\"false\" aria-controls=\"Collapse-7eb889f69f1b67031360\">\n                            \n                            <span class=\"ekit-accordion-title\">Propuestas para la modernizaci\u00f3n del sistema de emergencias m\u00e9dicas en la provincia de Santa Fe<\/span>\n\n                            \n                                <div class=\"ekit_accordion_icon_group\">\n                                    <div class=\"ekit_accordion_normal_icon\">\n                                        <!-- Normal Icon -->\n\t\t\t\t\t\t\t\t\t\t<i class=\"icon icon-plus\"><\/i>                                    <\/div>\n\n                                    <div class=\"ekit_accordion_active_icon\">\n                                        <!-- Active Icon -->\n\t\t\t\t\t\t\t\t\t\t<i class=\"icon icon-minus\"><\/i>                                    <\/div>\n                                <\/div>\n\n                            \n                                                    <\/a>\n                    <\/div>\n\n                    <div id=\"Collapse-7eb889f69f1b67031360\" class=\" collapse\" aria-labelledby=\"primaryHeading-33-5d9826c3\" data-parent=\"#accordion-69f1b67031360\">\n\n                        <div class=\"elementskit-card-body ekit-accordion--content\">\n                            <p>La provincia de Santa Fe no cuenta con una norma que regule la labor de los t\u00e9cnicos en emergencias m\u00e9dicas (TEM), y ello provoca grandes dificultades en el ejercicio de sus tareas. Especialmente en los servicios de atenci\u00f3n de emergencia pre-hospitalarias, en los que deben intervenir m\u00e9dicos que est\u00e1n sobre calificados para dichas labores.A fin de optimizar y modernizar esta situaci\u00f3n, en el presente trabajo proponemos que se regule la actividad profesional de los TEM. De ese modo, la dotaci\u00f3n de las ambulancias podr\u00e1 estar conformada por dichos especialistas, mientras que los m\u00e9dicos podr\u00e1n permanecer en los centros de salud, a fin de atender las cuestiones de gravedad que requieren sus conocimientos.<\/p><p><a class=\"btn btn-danger btn-sm\" href=\"https:\/\/nuevasgeneraciones.com.ar\/sitio\/wp-content\/uploads\/documentos3\/_archivo\/2020\/NG-PP326-Regulacion-paramedicos-SantaFe-NOV2020.pdf?PP326\" target=\"_blank\" rel=\"noopener\">Descargar<\/a><\/p>                        <\/div>\n\n                    <\/div>\n\n                <\/div><!-- .elementskit-card END -->\n\n                \n                <div class=\"elementskit-card \">\n                    <div class=\"elementskit-card-header\" id=\"primaryHeading-34-5d9826c3\">\n                        <a href=\"#collapse-30a966169f1b67031360\" class=\"ekit-accordion--toggler elementskit-btn-link collapsed\" data-ekit-toggle=\"collapse\" data-target=\"#Collapse-30a966169f1b67031360\" aria-expanded=\"false\" aria-controls=\"Collapse-30a966169f1b67031360\">\n                            \n                            <span class=\"ekit-accordion-title\">La ley 5.784 en la \u00f3rbita de la Defensor\u00eda del Pueblo de la Ciudad Aut\u00f3noma de Buenos Aires: Creaci\u00f3n de la oficina de acceso a la informaci\u00f3n p\u00fablica<\/span>\n\n                            \n                                <div class=\"ekit_accordion_icon_group\">\n                                    <div class=\"ekit_accordion_normal_icon\">\n                                        <!-- Normal Icon -->\n\t\t\t\t\t\t\t\t\t\t<i class=\"icon icon-plus\"><\/i>                                    <\/div>\n\n                                    <div class=\"ekit_accordion_active_icon\">\n                                        <!-- Active Icon -->\n\t\t\t\t\t\t\t\t\t\t<i class=\"icon icon-minus\"><\/i>                                    <\/div>\n                                <\/div>\n\n                            \n                                                    <\/a>\n                    <\/div>\n\n                    <div id=\"Collapse-30a966169f1b67031360\" class=\" collapse\" aria-labelledby=\"primaryHeading-34-5d9826c3\" data-parent=\"#accordion-69f1b67031360\">\n\n                        <div class=\"elementskit-card-body ekit-accordion--content\">\n                            <p>Dentro de las obligaciones que la Ley 5.748 de la Ciudad Aut\u00f3noma de Buenos Aires fija para los organismos p\u00fablicos de dicho distrito, se encuentra la designaci\u00f3n de un responsable, que garantice el derecho de acceso a la informaci\u00f3n p\u00fablica. Entre dichos organismos se encuentra la Defensor\u00eda del Pueblo de la Ciudad, por lo que en el presente trabajo se propone la creaci\u00f3n dentro de su estructura, de una oficina dedicada exclusivamente a satisfacer los pedidos de acceso a la informaci\u00f3n interpuestos por los ciudadanos, con un equipo profesional y multidisciplinario.<\/p><p><a class=\"btn btn-danger btn-sm\" href=\"https:\/\/nuevasgeneraciones.com.ar\/sitio\/wp-content\/uploads\/documentos3\/_archivo\/2020\/NG-PP324-Transparencia-pasiva-Defensor-Pueblo-CABA.pdf?PP324\" target=\"_blank\" rel=\"noopener\">Descargar<\/a><\/p>                        <\/div>\n\n                    <\/div>\n\n                <\/div><!-- .elementskit-card END -->\n\n                \n                <div class=\"elementskit-card \">\n                    <div class=\"elementskit-card-header\" id=\"primaryHeading-35-5d9826c3\">\n                        <a href=\"#collapse-6c2073169f1b67031360\" class=\"ekit-accordion--toggler elementskit-btn-link collapsed\" data-ekit-toggle=\"collapse\" data-target=\"#Collapse-6c2073169f1b67031360\" aria-expanded=\"false\" aria-controls=\"Collapse-6c2073169f1b67031360\">\n                            \n                            <span class=\"ekit-accordion-title\">Informe final de gesti\u00f3n legislativa<\/span>\n\n                            \n                                <div class=\"ekit_accordion_icon_group\">\n                                    <div class=\"ekit_accordion_normal_icon\">\n                                        <!-- Normal Icon -->\n\t\t\t\t\t\t\t\t\t\t<i class=\"icon icon-plus\"><\/i>                                    <\/div>\n\n                                    <div class=\"ekit_accordion_active_icon\">\n                                        <!-- Active Icon -->\n\t\t\t\t\t\t\t\t\t\t<i class=\"icon icon-minus\"><\/i>                                    <\/div>\n                                <\/div>\n\n                            \n                                                    <\/a>\n                    <\/div>\n\n                    <div id=\"Collapse-6c2073169f1b67031360\" class=\" collapse\" aria-labelledby=\"primaryHeading-35-5d9826c3\" data-parent=\"#accordion-69f1b67031360\">\n\n                        <div class=\"elementskit-card-body ekit-accordion--content\">\n                            <p>La transparencia de los actos de gobierno es una demanda ciudadana que se hace escuchar cada d\u00eda con m\u00e1s fuerza. Si bien existen muchas herramientas para promoverla y garantizarla, poco se ha regulado hasta el momento para que los funcionarios rindan cuentas al finalizar un cargo para el que fueron oportunamente elegidos. En el presente trabajo se propone establecer que todo legislador, al culminar su mandato, debe presentar oficialmente un reporte final, a trav\u00e9s del cual informe a la ciudadan\u00eda acerca de la gesti\u00f3n realizada en el cumplimiento de sus funciones.<\/p><p><a class=\"btn btn-danger btn-sm\" href=\"https:\/\/nuevasgeneraciones.com.ar\/sitio\/wp-content\/uploads\/documentos3\/_archivo\/2020\/NG-PP325-Informe-final-Gestion-Legislativa.pdf?PP325\" target=\"_blank\" rel=\"noopener\">Descargar<\/a><\/p>                        <\/div>\n\n                    <\/div>\n\n                <\/div><!-- .elementskit-card END -->\n\n                \n                <div class=\"elementskit-card \">\n                    <div class=\"elementskit-card-header\" id=\"primaryHeading-36-5d9826c3\">\n                        <a href=\"#collapse-8cda7a069f1b67031360\" class=\"ekit-accordion--toggler elementskit-btn-link collapsed\" data-ekit-toggle=\"collapse\" data-target=\"#Collapse-8cda7a069f1b67031360\" aria-expanded=\"false\" aria-controls=\"Collapse-8cda7a069f1b67031360\">\n                            \n                            <span class=\"ekit-accordion-title\">Modernizaci\u00f3n de la seguridad p\u00fablica mediante la colaboraci\u00f3n p\u00fablico - privada<\/span>\n\n                            \n                                <div class=\"ekit_accordion_icon_group\">\n                                    <div class=\"ekit_accordion_normal_icon\">\n                                        <!-- Normal Icon -->\n\t\t\t\t\t\t\t\t\t\t<i class=\"icon icon-plus\"><\/i>                                    <\/div>\n\n                                    <div class=\"ekit_accordion_active_icon\">\n                                        <!-- Active Icon -->\n\t\t\t\t\t\t\t\t\t\t<i class=\"icon icon-minus\"><\/i>                                    <\/div>\n                                <\/div>\n\n                            \n                                                    <\/a>\n                    <\/div>\n\n                    <div id=\"Collapse-8cda7a069f1b67031360\" class=\" collapse\" aria-labelledby=\"primaryHeading-36-5d9826c3\" data-parent=\"#accordion-69f1b67031360\">\n\n                        <div class=\"elementskit-card-body ekit-accordion--content\">\n                            <p>El avance del delito y la demanda ciudadana para combatirlo, hacen que el Estado deba recurrir a las m\u00e1s modernas herramientas tecnol\u00f3gicas disponibles. Entre dichas herramientas se destacan los sistemas de video vigilancia que los gobiernos locales incorporan a su infraestructura de seguridad. Pero no obstante la cobertura geogr\u00e1fica que el uso de tal tecnolog\u00eda supone, ella no alcanza para abarcar la totalidad del espacio p\u00fablico. En el presente trabajo se propone la creaci\u00f3n de incentivos fiscales para que los particulares contribuyan en la modernizaci\u00f3n de la seguridad ciudadana y pongan a disposici\u00f3n de las autoridades gubernamentales los datos recabados por los sistemas de monitoreo privados, en caso de ser necesarios para el esclarecimiento de los delitos cometidos.<\/p><p><a class=\"btn btn-danger btn-sm\" href=\"https:\/\/nuevasgeneraciones.com.ar\/sitio\/wp-content\/uploads\/documentos3\/_archivo\/2020\/NG-PP321-Colaboracion-publico-privada-seguridad-SEP2020.pdf?PP321\" target=\"_blank\" rel=\"noopener\">Descargar<\/a><\/p>                        <\/div>\n\n                    <\/div>\n\n                <\/div><!-- .elementskit-card END -->\n\n                \n                <div class=\"elementskit-card \">\n                    <div class=\"elementskit-card-header\" id=\"primaryHeading-37-5d9826c3\">\n                        <a href=\"#collapse-95c5e6a69f1b67031360\" class=\"ekit-accordion--toggler elementskit-btn-link collapsed\" data-ekit-toggle=\"collapse\" data-target=\"#Collapse-95c5e6a69f1b67031360\" aria-expanded=\"false\" aria-controls=\"Collapse-95c5e6a69f1b67031360\">\n                            \n                            <span class=\"ekit-accordion-title\">Condiciones transparentes para el otorgamiento de planes sociales<\/span>\n\n                            \n                                <div class=\"ekit_accordion_icon_group\">\n                                    <div class=\"ekit_accordion_normal_icon\">\n                                        <!-- Normal Icon -->\n\t\t\t\t\t\t\t\t\t\t<i class=\"icon icon-plus\"><\/i>                                    <\/div>\n\n                                    <div class=\"ekit_accordion_active_icon\">\n                                        <!-- Active Icon -->\n\t\t\t\t\t\t\t\t\t\t<i class=\"icon icon-minus\"><\/i>                                    <\/div>\n                                <\/div>\n\n                            \n                                                    <\/a>\n                    <\/div>\n\n                    <div id=\"Collapse-95c5e6a69f1b67031360\" class=\" collapse\" aria-labelledby=\"primaryHeading-37-5d9826c3\" data-parent=\"#accordion-69f1b67031360\">\n\n                        <div class=\"elementskit-card-body ekit-accordion--content\">\n                            <p>A partir de la crisis del a\u00f1o 2001 el Estado Nacional debi\u00f3 profundizar la atenci\u00f3n y asistencia econ\u00f3mica de los sectores sociales en condiciones de mayor vulnerabilidad. M\u00e1s all\u00e1 del \u00e9xito con que ello haya sido realizado, hay situaciones en las que dicha ayuda es aprovechada irregularmente por personas que no residen en Argentina. Por tal motivo, en el presente trabajo se ciertas condiciones que deber\u00edan cumplirse para que el otorgamiento de la ayuda social estatal sea transparente y alcance a quienes realmente la necesitan.<\/p><p><a class=\"btn btn-danger btn-sm\" href=\"https:\/\/nuevasgeneraciones.com.ar\/sitio\/wp-content\/uploads\/documentos3\/_archivo\/2020\/Transparencia-planes-sociales-NG-JUN2020-PP315.pdf\" target=\"_blank\" rel=\"noopener\">Descargar<\/a><\/p>                        <\/div>\n\n                    <\/div>\n\n                <\/div><!-- .elementskit-card END -->\n\n                \n                <div class=\"elementskit-card \">\n                    <div class=\"elementskit-card-header\" id=\"primaryHeading-38-5d9826c3\">\n                        <a href=\"#collapse-af0752969f1b67031360\" class=\"ekit-accordion--toggler elementskit-btn-link collapsed\" data-ekit-toggle=\"collapse\" data-target=\"#Collapse-af0752969f1b67031360\" aria-expanded=\"false\" aria-controls=\"Collapse-af0752969f1b67031360\">\n                            \n                            <span class=\"ekit-accordion-title\">Formaci\u00f3n de agentes p\u00fablicos en el uso de nuevas tecnolog\u00edas<\/span>\n\n                            \n                                <div class=\"ekit_accordion_icon_group\">\n                                    <div class=\"ekit_accordion_normal_icon\">\n                                        <!-- Normal Icon -->\n\t\t\t\t\t\t\t\t\t\t<i class=\"icon icon-plus\"><\/i>                                    <\/div>\n\n                                    <div class=\"ekit_accordion_active_icon\">\n                                        <!-- Active Icon -->\n\t\t\t\t\t\t\t\t\t\t<i class=\"icon icon-minus\"><\/i>                                    <\/div>\n                                <\/div>\n\n                            \n                                                    <\/a>\n                    <\/div>\n\n                    <div id=\"Collapse-af0752969f1b67031360\" class=\" collapse\" aria-labelledby=\"primaryHeading-38-5d9826c3\" data-parent=\"#accordion-69f1b67031360\">\n\n                        <div class=\"elementskit-card-body ekit-accordion--content\">\n                            <p>La adopci\u00f3n de las nuevas tecnolog\u00edas por parte de los gobiernos es esencial para alcanzar mayores niveles de eficiencia y propiciar el desarrollo de procesos m\u00e1s transparentes y de alta calidad institucional. Para ello es necesario contar con funcionarios competentes, que puedan utilizar las nuevas tecnolog\u00edas y con ello desplegar toda su potencialidad incorpor\u00e1ndolas sus labores cotidianas.En el presente trabajo se propone la capacitaci\u00f3n permanente de los agentes p\u00fablicos en el uso de las nuevas tecnolog\u00edas aplicadas al plano estatal.<\/p><p><a class=\"btn btn-danger btn-sm\" href=\"https:\/\/nuevasgeneraciones.com.ar\/sitio\/wp-content\/uploads\/documentos3\/_archivo\/2020\/Formacion-agentes-publicos-uso-nuevas-tecnologias.pdf\" target=\"_blank\" rel=\"noopener\">Descargar<\/a><\/p>                        <\/div>\n\n                    <\/div>\n\n                <\/div><!-- .elementskit-card END -->\n\n                \n                <div class=\"elementskit-card \">\n                    <div class=\"elementskit-card-header\" id=\"primaryHeading-39-5d9826c3\">\n                        <a href=\"#collapse-032c00069f1b67031360\" class=\"ekit-accordion--toggler elementskit-btn-link collapsed\" data-ekit-toggle=\"collapse\" data-target=\"#Collapse-032c00069f1b67031360\" aria-expanded=\"false\" aria-controls=\"Collapse-032c00069f1b67031360\">\n                            \n                            <span class=\"ekit-accordion-title\">Recomendaciones para la despapelizaci\u00f3n de la gesti\u00f3n de gobierno<\/span>\n\n                            \n                                <div class=\"ekit_accordion_icon_group\">\n                                    <div class=\"ekit_accordion_normal_icon\">\n                                        <!-- Normal Icon -->\n\t\t\t\t\t\t\t\t\t\t<i class=\"icon icon-plus\"><\/i>                                    <\/div>\n\n                                    <div class=\"ekit_accordion_active_icon\">\n                                        <!-- Active Icon -->\n\t\t\t\t\t\t\t\t\t\t<i class=\"icon icon-minus\"><\/i>                                    <\/div>\n                                <\/div>\n\n                            \n                                                    <\/a>\n                    <\/div>\n\n                    <div id=\"Collapse-032c00069f1b67031360\" class=\" collapse\" aria-labelledby=\"primaryHeading-39-5d9826c3\" data-parent=\"#accordion-69f1b67031360\">\n\n                        <div class=\"elementskit-card-body ekit-accordion--content\">\n                            <p>La Administraci\u00f3n P\u00fablica basa sus actuaciones en papel. Ello implica una serie de inconvenientes ambientales, de mantenimiento, costos econ\u00f3micos, agotamiento del espacio f\u00edsico para su almacenamiento, exposici\u00f3n al deterioro y falta de transparencia hacia la ciudadan\u00eda. En el presente informe se describen los antecedentes que llevaron a la despapelizaci\u00f3n de aquellas jurisdicciones que asumieron dicho reto y los pasos a seguir por los gobiernos que decidan llevarla a cabo.<\/p><p><a class=\"btn btn-danger btn-sm\" href=\"https:\/\/nuevasgeneraciones.com.ar\/sitio\/wp-content\/uploads\/documentos3\/_archivo\/2020\/despapelizacion-gestion-gobierno.pdf\" target=\"_blank\" rel=\"noopener\">Descargar<\/a><\/p>                        <\/div>\n\n                    <\/div>\n\n                <\/div><!-- .elementskit-card END -->\n\n                \n                <div class=\"elementskit-card \">\n                    <div class=\"elementskit-card-header\" id=\"primaryHeading-40-5d9826c3\">\n                        <a href=\"#collapse-926545569f1b67031360\" class=\"ekit-accordion--toggler elementskit-btn-link collapsed\" data-ekit-toggle=\"collapse\" data-target=\"#Collapse-926545569f1b67031360\" aria-expanded=\"false\" aria-controls=\"Collapse-926545569f1b67031360\">\n                            \n                            <span class=\"ekit-accordion-title\">Uso obligatorio de las tarjetas corporativas para los gastos de las cajas chicas<\/span>\n\n                            \n                                <div class=\"ekit_accordion_icon_group\">\n                                    <div class=\"ekit_accordion_normal_icon\">\n                                        <!-- Normal Icon -->\n\t\t\t\t\t\t\t\t\t\t<i class=\"icon icon-plus\"><\/i>                                    <\/div>\n\n                                    <div class=\"ekit_accordion_active_icon\">\n                                        <!-- Active Icon -->\n\t\t\t\t\t\t\t\t\t\t<i class=\"icon icon-minus\"><\/i>                                    <\/div>\n                                <\/div>\n\n                            \n                                                    <\/a>\n                    <\/div>\n\n                    <div id=\"Collapse-926545569f1b67031360\" class=\" collapse\" aria-labelledby=\"primaryHeading-40-5d9826c3\" data-parent=\"#accordion-69f1b67031360\">\n\n                        <div class=\"elementskit-card-body ekit-accordion--content\">\n                            <p>Hay gastos que deben afrontar los organismos y las instituciones estatales que escapan a los procesos de compras y contrataciones habituales. Nos estamos refiriendo a aquellos que por sus relativamente bajos montos y la celeridad con que deben ser hechos, son afrontados con los denominados fondos rotatorios y las cajas chicas. M\u00e1s all\u00e1 de que dichos gastos est\u00e1n regulados, entendemos que los medios de pago propuestos por la norma vigente deber\u00edan ser modernizados para dotarlos de mayor transparencia. En el presente trabajo se propone la implementaci\u00f3n obligatoria por parte del Estado nacional de las tarjetas corporativas para el pago de los gastos de los fondos rotatorios y las cajas chicas<\/p><p><a class=\"btn btn-danger btn-sm\" href=\"https:\/\/nuevasgeneraciones.com.ar\/sitio\/wp-content\/uploads\/documentos3\/_archivo\/2020\/Obligatoriedad-tarjetas-corporativas.pdf\" target=\"_blank\" rel=\"noopener\">Descargar<\/a><\/p>                        <\/div>\n\n                    <\/div>\n\n                <\/div><!-- .elementskit-card END -->\n\n                \n                <div class=\"elementskit-card \">\n                    <div class=\"elementskit-card-header\" id=\"primaryHeading-41-5d9826c3\">\n                        <a href=\"#collapse-97183cd69f1b67031360\" class=\"ekit-accordion--toggler elementskit-btn-link collapsed\" data-ekit-toggle=\"collapse\" data-target=\"#Collapse-97183cd69f1b67031360\" aria-expanded=\"false\" aria-controls=\"Collapse-97183cd69f1b67031360\">\n                            \n                            <span class=\"ekit-accordion-title\">Limite horario de las sesiones parlamentarias para la transparencia legislativa<\/span>\n\n                            \n                                <div class=\"ekit_accordion_icon_group\">\n                                    <div class=\"ekit_accordion_normal_icon\">\n                                        <!-- Normal Icon -->\n\t\t\t\t\t\t\t\t\t\t<i class=\"icon icon-plus\"><\/i>                                    <\/div>\n\n                                    <div class=\"ekit_accordion_active_icon\">\n                                        <!-- Active Icon -->\n\t\t\t\t\t\t\t\t\t\t<i class=\"icon icon-minus\"><\/i>                                    <\/div>\n                                <\/div>\n\n                            \n                                                    <\/a>\n                    <\/div>\n\n                    <div id=\"Collapse-97183cd69f1b67031360\" class=\" collapse\" aria-labelledby=\"primaryHeading-41-5d9826c3\" data-parent=\"#accordion-69f1b67031360\">\n\n                        <div class=\"elementskit-card-body ekit-accordion--content\">\n                            <p>Las sesiones de los parlamentos son el momento c\u00falmine del proceso legislativo. En ellas se refleja el arduo trabajo de los diputados y los senadores, como as\u00ed tambi\u00e9n el de sus asesores y de todos quienes participaron t\u00e9cnica y administrativamente en el debate previo. Tal importancia implica que todo lo que ocurre durante su desarrollo, pueda ser observado por la ciudadan\u00eda, algo que no sucede cuando las sesiones se extienden en horarios de la noche y\/o madrugada. En el presente trabajo se propone acotar la duraci\u00f3n horaria de las sesiones para garantizar su plena visibilidad y dotarlas as\u00ed de la transparencia que merecen.<\/p><p><a class=\"btn btn-danger btn-sm\" href=\"https:\/\/nuevasgeneraciones.com.ar\/sitio\/wp-content\/uploads\/documentos3\/_archivo\/2020\/Limitacion-horaria-sesiones.pdf\" target=\"_blank\" rel=\"noopener\">Descargar<\/a><\/p>                        <\/div>\n\n                    <\/div>\n\n                <\/div><!-- .elementskit-card END -->\n\n                \n                <div class=\"elementskit-card \">\n                    <div class=\"elementskit-card-header\" id=\"primaryHeading-42-5d9826c3\">\n                        <a href=\"#collapse-b55de1b69f1b67031360\" class=\"ekit-accordion--toggler elementskit-btn-link collapsed\" data-ekit-toggle=\"collapse\" data-target=\"#Collapse-b55de1b69f1b67031360\" aria-expanded=\"false\" aria-controls=\"Collapse-b55de1b69f1b67031360\">\n                            \n                            <span class=\"ekit-accordion-title\">Creaci\u00f3n de una base de datos \u00fanica de personas expuestas pol\u00edticamente<\/span>\n\n                            \n                                <div class=\"ekit_accordion_icon_group\">\n                                    <div class=\"ekit_accordion_normal_icon\">\n                                        <!-- Normal Icon -->\n\t\t\t\t\t\t\t\t\t\t<i class=\"icon icon-plus\"><\/i>                                    <\/div>\n\n                                    <div class=\"ekit_accordion_active_icon\">\n                                        <!-- Active Icon -->\n\t\t\t\t\t\t\t\t\t\t<i class=\"icon icon-minus\"><\/i>                                    <\/div>\n                                <\/div>\n\n                            \n                                                    <\/a>\n                    <\/div>\n\n                    <div id=\"Collapse-b55de1b69f1b67031360\" class=\" collapse\" aria-labelledby=\"primaryHeading-42-5d9826c3\" data-parent=\"#accordion-69f1b67031360\">\n\n                        <div class=\"elementskit-card-body ekit-accordion--content\">\n                            <p>La informaci\u00f3n relativa a las personas definidas por nuestra legislaci\u00f3n como \u201cpol\u00edticamente expuestas\u201d se encuentra diseminada en diversas bases de datos. Tal situaci\u00f3n dificulta las tareas de fiscalizaci\u00f3n y control que deben ejercerse y nos aleja de los par\u00e1metros de transparencia y modernizaci\u00f3n que nuestro pa\u00eds debe alcanzar. En el presente trabajo se propone la creaci\u00f3n de un Registro Nacional, administrado por la Unidad de Informaci\u00f3n Financiera (UIF), que concentre toda la informaci\u00f3n de las personas pol\u00edticamente expuestas, facilitando y transparentando el acceso a la informaci\u00f3n y contribuyendo a la modernizaci\u00f3n y la eficiencia del Estado.<\/p><p><a class=\"btn btn-danger btn-sm\" href=\"https:\/\/nuevasgeneraciones.com.ar\/sitio\/wp-content\/uploads\/documentos3\/_archivo\/2019\/Informacion-PEP.pdf\" target=\"_blank\" rel=\"noopener\">Descargar<\/a><\/p>                        <\/div>\n\n                    <\/div>\n\n                <\/div><!-- .elementskit-card END -->\n\n                \n                <div class=\"elementskit-card \">\n                    <div class=\"elementskit-card-header\" id=\"primaryHeading-43-5d9826c3\">\n                        <a href=\"#collapse-76fbe4869f1b67031360\" class=\"ekit-accordion--toggler elementskit-btn-link collapsed\" data-ekit-toggle=\"collapse\" data-target=\"#Collapse-76fbe4869f1b67031360\" aria-expanded=\"false\" aria-controls=\"Collapse-76fbe4869f1b67031360\">\n                            \n                            <span class=\"ekit-accordion-title\">Rendici\u00f3n de cuentas al finalizar un cargo p\u00fablico \u2013 El hist\u00f3rico juicio de residencia como antecedente regulatorio para una legislaci\u00f3n actual <\/span>\n\n                            \n                                <div class=\"ekit_accordion_icon_group\">\n                                    <div class=\"ekit_accordion_normal_icon\">\n                                        <!-- Normal Icon -->\n\t\t\t\t\t\t\t\t\t\t<i class=\"icon icon-plus\"><\/i>                                    <\/div>\n\n                                    <div class=\"ekit_accordion_active_icon\">\n                                        <!-- Active Icon -->\n\t\t\t\t\t\t\t\t\t\t<i class=\"icon icon-minus\"><\/i>                                    <\/div>\n                                <\/div>\n\n                            \n                                                    <\/a>\n                    <\/div>\n\n                    <div id=\"Collapse-76fbe4869f1b67031360\" class=\" collapse\" aria-labelledby=\"primaryHeading-43-5d9826c3\" data-parent=\"#accordion-69f1b67031360\">\n\n                        <div class=\"elementskit-card-body ekit-accordion--content\">\n                            <p>La transparencia de los actos de gobierno es una demanda ciudadana que se hace escuchar cada d\u00eda con m\u00e1s fuerza. Existen muchas herramientas para promoverla y garantizarla (audiencias p\u00fablicas, portales de datos abiertos, mecanismos administrativos para el reclamo de informaci\u00f3n, etc\u00e9tera), pero poco se ha regulado hasta el momento sobre la obligatoriedad de la rendici\u00f3n de cuentas al finalizar un cargo p\u00fablico. Para tal fin, hemos recurrido al hist\u00f3rico juicio de residencia, que si bien se mantiene vigente en algunas provincias, sus objetivos y gran parte de las herramientas que establec\u00eda, podr\u00edan ser de gran utilidad, como antecedente regulatorio para una legislaci\u00f3n actual en la materia.<\/p><p><a class=\"btn btn-danger btn-sm\" href=\"https:\/\/nuevasgeneraciones.com.ar\/sitio\/wp-content\/uploads\/documentos3\/_archivo\/2019\/Juicios-de-residencia.pdf&quot;\" target=\"_blank\" rel=\"noopener\">Descargar<\/a><\/p>                        <\/div>\n\n                    <\/div>\n\n                <\/div><!-- .elementskit-card END -->\n\n                \n                <div class=\"elementskit-card \">\n                    <div class=\"elementskit-card-header\" id=\"primaryHeading-44-5d9826c3\">\n                        <a href=\"#collapse-ea816db69f1b67031360\" class=\"ekit-accordion--toggler elementskit-btn-link collapsed\" data-ekit-toggle=\"collapse\" data-target=\"#Collapse-ea816db69f1b67031360\" aria-expanded=\"false\" aria-controls=\"Collapse-ea816db69f1b67031360\">\n                            \n                            <span class=\"ekit-accordion-title\">Recomendaciones para el desarrollo de un manual de ciberseguridad electoral<\/span>\n\n                            \n                                <div class=\"ekit_accordion_icon_group\">\n                                    <div class=\"ekit_accordion_normal_icon\">\n                                        <!-- Normal Icon -->\n\t\t\t\t\t\t\t\t\t\t<i class=\"icon icon-plus\"><\/i>                                    <\/div>\n\n                                    <div class=\"ekit_accordion_active_icon\">\n                                        <!-- Active Icon -->\n\t\t\t\t\t\t\t\t\t\t<i class=\"icon icon-minus\"><\/i>                                    <\/div>\n                                <\/div>\n\n                            \n                                                    <\/a>\n                    <\/div>\n\n                    <div id=\"Collapse-ea816db69f1b67031360\" class=\" collapse\" aria-labelledby=\"primaryHeading-44-5d9826c3\" data-parent=\"#accordion-69f1b67031360\">\n\n                        <div class=\"elementskit-card-body ekit-accordion--content\">\n                            <p>Las amenazas a la seguridad inform\u00e1tica son cada d\u00eda mayores y ellas tambi\u00e9n han alcanzado al mundo de las campa\u00f1as y los procesos electorales. Al punto tal que podr\u00edan afectar por completo el desarrollo de una campa\u00f1a o el resultado de una elecci\u00f3n. Por tal motivo, y en el marco de las investigaciones dedicadas a fortalecer la transparencia de las instituciones p\u00fablicas, desarrollamos en este trabajo una serie de recomendaciones sobre la materia, que servir\u00e1n como base para el dictado de un manual o de una normativa de ciberseguridad para campa\u00f1as y procesos electorales, en cualquiera de los niveles del Estado.<\/p><p><a class=\"btn btn-danger btn-sm\" href=\"https:\/\/nuevasgeneraciones.com.ar\/sitio\/wp-content\/uploads\/documentos3\/_archivo\/2019\/Recomendaciones-desarrollo-manual-Ciberseguridad-electoral.pdf\" target=\"_blank\" rel=\"noopener\">Descargar<\/a><\/p>                        <\/div>\n\n                    <\/div>\n\n                <\/div><!-- .elementskit-card END -->\n\n                \n                <div class=\"elementskit-card \">\n                    <div class=\"elementskit-card-header\" id=\"primaryHeading-45-5d9826c3\">\n                        <a href=\"#collapse-ffbe3ed69f1b67031360\" class=\"ekit-accordion--toggler elementskit-btn-link collapsed\" data-ekit-toggle=\"collapse\" data-target=\"#Collapse-ffbe3ed69f1b67031360\" aria-expanded=\"false\" aria-controls=\"Collapse-ffbe3ed69f1b67031360\">\n                            \n                            <span class=\"ekit-accordion-title\">Gesti\u00f3n por resultados en el \u00e1mbito estatal<\/span>\n\n                            \n                                <div class=\"ekit_accordion_icon_group\">\n                                    <div class=\"ekit_accordion_normal_icon\">\n                                        <!-- Normal Icon -->\n\t\t\t\t\t\t\t\t\t\t<i class=\"icon icon-plus\"><\/i>                                    <\/div>\n\n                                    <div class=\"ekit_accordion_active_icon\">\n                                        <!-- Active Icon -->\n\t\t\t\t\t\t\t\t\t\t<i class=\"icon icon-minus\"><\/i>                                    <\/div>\n                                <\/div>\n\n                            \n                                                    <\/a>\n                    <\/div>\n\n                    <div id=\"Collapse-ffbe3ed69f1b67031360\" class=\" collapse\" aria-labelledby=\"primaryHeading-45-5d9826c3\" data-parent=\"#accordion-69f1b67031360\">\n\n                        <div class=\"elementskit-card-body ekit-accordion--content\">\n                            <p>Los gobiernos, tanto nacionales como provinciales y municipales, tienen cada vez mayor presi\u00f3n para brindar a la poblaci\u00f3n servicios y bienes p\u00fablicos de mejor calidad, pero a menor costo. Frente a esta realidad, los mecanismos tradicionales de gesti\u00f3n de lo p\u00fablico, han quedado obsoletos y generalmente resultan muy costosos. Por tal motivo, resulta necesario adoptar esquemas de gesti\u00f3n m\u00e1s modernos y eficientes. En este dicho, el presente presenta la gesti\u00f3n por resultados como modelo a seguir para lograr mayor eficiencia, transparencia y calidad en la administraci\u00f3n del Estado.<\/p><p><a class=\"btn btn-danger btn-sm\" href=\"https:\/\/nuevasgeneraciones.com.ar\/sitio\/wp-content\/uploads\/documentos3\/_archivo\/2019\/Gestion-por-resultados.pdf\" target=\"_blank\" rel=\"noopener\">Descargar<\/a><\/p>                        <\/div>\n\n                    <\/div>\n\n                <\/div><!-- .elementskit-card END -->\n\n                \n                <div class=\"elementskit-card \">\n                    <div class=\"elementskit-card-header\" id=\"primaryHeading-46-5d9826c3\">\n                        <a href=\"#collapse-a6bd0df69f1b67031360\" class=\"ekit-accordion--toggler elementskit-btn-link collapsed\" data-ekit-toggle=\"collapse\" data-target=\"#Collapse-a6bd0df69f1b67031360\" aria-expanded=\"false\" aria-controls=\"Collapse-a6bd0df69f1b67031360\">\n                            \n                            <span class=\"ekit-accordion-title\">Inversiones del Fondo de Garant\u00eda de Sustentabilidad<\/span>\n\n                            \n                                <div class=\"ekit_accordion_icon_group\">\n                                    <div class=\"ekit_accordion_normal_icon\">\n                                        <!-- Normal Icon -->\n\t\t\t\t\t\t\t\t\t\t<i class=\"icon icon-plus\"><\/i>                                    <\/div>\n\n                                    <div class=\"ekit_accordion_active_icon\">\n                                        <!-- Active Icon -->\n\t\t\t\t\t\t\t\t\t\t<i class=\"icon icon-minus\"><\/i>                                    <\/div>\n                                <\/div>\n\n                            \n                                                    <\/a>\n                    <\/div>\n\n                    <div id=\"Collapse-a6bd0df69f1b67031360\" class=\" collapse\" aria-labelledby=\"primaryHeading-46-5d9826c3\" data-parent=\"#accordion-69f1b67031360\">\n\n                        <div class=\"elementskit-card-body ekit-accordion--content\">\n                            <p>El presente trabajo tiene como objeto abordar la problem\u00e1tica de las inversiones del Fondo de Garant\u00eda de Sustentabilidad (FGS) en nuestro pa\u00eds. Para ello, se analiza el actual marco regulatorio para sus inversiones, se sintetizan brevemente los aspectos m\u00e1s importantes de dicho fondo y se releva la normativa pertinente. Asimismo, se realiza una breve descripci\u00f3n de los factores que afectan su sostenibilidad y se analiza, a modo de ejemplo, la legislaci\u00f3n comparada referida a la inversi\u00f3n que los fondos de pensiones de otros pa\u00edses realizan en activos que se encuentren en el extranjero.<\/p><p><a class=\"btn btn-danger btn-sm\" href=\"https:\/\/www.nuevasgeneraciones.com.ar\/sitio\/wp-content\/uploads\/documentos3\/_archivo\/2019\/Inversiones-FGS.pdf\" target=\"_blank\" rel=\"noopener\">Descargar<\/a><\/p>                        <\/div>\n\n                    <\/div>\n\n                <\/div><!-- .elementskit-card END -->\n\n                \n                <div class=\"elementskit-card \">\n                    <div class=\"elementskit-card-header\" id=\"primaryHeading-47-5d9826c3\">\n                        <a href=\"#collapse-fa895a569f1b67031360\" class=\"ekit-accordion--toggler elementskit-btn-link collapsed\" data-ekit-toggle=\"collapse\" data-target=\"#Collapse-fa895a569f1b67031360\" aria-expanded=\"false\" aria-controls=\"Collapse-fa895a569f1b67031360\">\n                            \n                            <span class=\"ekit-accordion-title\">Regulaci\u00f3n de las transiciones de gobierno<\/span>\n\n                            \n                                <div class=\"ekit_accordion_icon_group\">\n                                    <div class=\"ekit_accordion_normal_icon\">\n                                        <!-- Normal Icon -->\n\t\t\t\t\t\t\t\t\t\t<i class=\"icon icon-plus\"><\/i>                                    <\/div>\n\n                                    <div class=\"ekit_accordion_active_icon\">\n                                        <!-- Active Icon -->\n\t\t\t\t\t\t\t\t\t\t<i class=\"icon icon-minus\"><\/i>                                    <\/div>\n                                <\/div>\n\n                            \n                                                    <\/a>\n                    <\/div>\n\n                    <div id=\"Collapse-fa895a569f1b67031360\" class=\" collapse\" aria-labelledby=\"primaryHeading-47-5d9826c3\" data-parent=\"#accordion-69f1b67031360\">\n\n                        <div class=\"elementskit-card-body ekit-accordion--content\">\n                            <p>La transici\u00f3n de un gobierno a otro es un aspecto relevante de la democracia. La forma en que se lleve a cabo es una de las se\u00f1ales a trav\u00e9s de las cuales se manifiesta la madurez de la clase dirigente un pueblo. Asimismo, un correcto proceso de transici\u00f3n reduce incertidumbres econ\u00f3micas y brinda un marco de estabilidad para el di\u00e1logo entre los actores pol\u00edticos y electorales involucrados. Argentina no cuenta con reglas escritas ni establece un proceso de transici\u00f3n. Por tal motivo en el presente trabajo se analizan las reglas y costumbres que se aplican en otros pa\u00edses, y se proponen una serie de recomendaciones para el dise\u00f1o de una norma que garantice que cualquier transici\u00f3n de gobierno, sea ejecutada en forma ordenada, transparente y responsable.<\/p><p><a class=\"btn btn-danger btn-sm\" href=\"https:\/\/www.nuevasgeneraciones.com.ar\/sitio\/wp-content\/uploads\/documentos3\/_archivo\/2019\/Transicion-gobierno.pdf\" target=\"_blank\" rel=\"noopener\">Descargar<\/a><\/p>                        <\/div>\n\n                    <\/div>\n\n                <\/div><!-- .elementskit-card END -->\n\n                \n                <div class=\"elementskit-card \">\n                    <div class=\"elementskit-card-header\" id=\"primaryHeading-48-5d9826c3\">\n                        <a href=\"#collapse-a50ff4769f1b67031360\" class=\"ekit-accordion--toggler elementskit-btn-link collapsed\" data-ekit-toggle=\"collapse\" data-target=\"#Collapse-a50ff4769f1b67031360\" aria-expanded=\"false\" aria-controls=\"Collapse-a50ff4769f1b67031360\">\n                            \n                            <span class=\"ekit-accordion-title\">Control de la ejecuci\u00f3n presupuestaria nacional<\/span>\n\n                            \n                                <div class=\"ekit_accordion_icon_group\">\n                                    <div class=\"ekit_accordion_normal_icon\">\n                                        <!-- Normal Icon -->\n\t\t\t\t\t\t\t\t\t\t<i class=\"icon icon-plus\"><\/i>                                    <\/div>\n\n                                    <div class=\"ekit_accordion_active_icon\">\n                                        <!-- Active Icon -->\n\t\t\t\t\t\t\t\t\t\t<i class=\"icon icon-minus\"><\/i>                                    <\/div>\n                                <\/div>\n\n                            \n                                                    <\/a>\n                    <\/div>\n\n                    <div id=\"Collapse-a50ff4769f1b67031360\" class=\" collapse\" aria-labelledby=\"primaryHeading-48-5d9826c3\" data-parent=\"#accordion-69f1b67031360\">\n\n                        <div class=\"elementskit-card-body ekit-accordion--content\">\n                            <p>El control de la utilizaci\u00f3n de los recursos p\u00fablicos es crucial para asegurar la transparencia y la ausencia de corrupci\u00f3n en el Estado. Por tal motivo, en el presente trabajo se hace un an\u00e1lisis de las herramientas disponibles para ejercer dicho control. Asimismo, se describen los diferentes sistemas adoptados, tanto en Argentina como en otros pa\u00edses de la regi\u00f3n, para fiscalizar la ejecuci\u00f3n de los recursos p\u00fablicos en cumplimiento de las respectivas leyes de presupuesto.<\/p><p><a class=\"btn btn-danger btn-sm\" href=\"https:\/\/www.nuevasgeneraciones.com.ar\/sitio\/wp-content\/uploads\/documentos3\/_archivo\/2019\/Control_ejecucion_presupuestaria_nacional.pdf\" target=\"_blank\" rel=\"noopener\">Descargar<\/a><\/p>                        <\/div>\n\n                    <\/div>\n\n                <\/div><!-- .elementskit-card END -->\n\n                \n                <div class=\"elementskit-card \">\n                    <div class=\"elementskit-card-header\" id=\"primaryHeading-49-5d9826c3\">\n                        <a href=\"#collapse-8eaaff569f1b67031360\" class=\"ekit-accordion--toggler elementskit-btn-link collapsed\" data-ekit-toggle=\"collapse\" data-target=\"#Collapse-8eaaff569f1b67031360\" aria-expanded=\"false\" aria-controls=\"Collapse-8eaaff569f1b67031360\">\n                            \n                            <span class=\"ekit-accordion-title\">Donaciones de los clientes en los supermercados e hipermercados <\/span>\n\n                            \n                                <div class=\"ekit_accordion_icon_group\">\n                                    <div class=\"ekit_accordion_normal_icon\">\n                                        <!-- Normal Icon -->\n\t\t\t\t\t\t\t\t\t\t<i class=\"icon icon-plus\"><\/i>                                    <\/div>\n\n                                    <div class=\"ekit_accordion_active_icon\">\n                                        <!-- Active Icon -->\n\t\t\t\t\t\t\t\t\t\t<i class=\"icon icon-minus\"><\/i>                                    <\/div>\n                                <\/div>\n\n                            \n                                                    <\/a>\n                    <\/div>\n\n                    <div id=\"Collapse-8eaaff569f1b67031360\" class=\" collapse\" aria-labelledby=\"primaryHeading-49-5d9826c3\" data-parent=\"#accordion-69f1b67031360\">\n\n                        <div class=\"elementskit-card-body ekit-accordion--content\">\n                            <p>Las donaciones de los vueltos que los clientes de los supermercados realizan para colaborar con organizaciones ben\u00e9ficas son una pr\u00e1ctica cada vez m\u00e1s extendida. Ante la ausencia de regulaciones que brinden transparencia respecto del destino concreto que se les dar\u00e1 a los fondos recaudados, en el presente trabajo se propone la adopci\u00f3n de una serie de medidas orientadas ello y a la protecci\u00f3n del consumidor.<\/p><p><a class=\"btn btn-danger btn-sm\" href=\"https:\/\/www.nuevasgeneraciones.com.ar\/sitio\/wp-content\/uploads\/documentos3\/_archivo\/03\/03_Donacion_vueltos_supermercados.pdf\" target=\"_blank\" rel=\"noopener\">Descargar<\/a><\/p>                        <\/div>\n\n                    <\/div>\n\n                <\/div><!-- .elementskit-card END -->\n\n                \n                <div class=\"elementskit-card \">\n                    <div class=\"elementskit-card-header\" id=\"primaryHeading-50-5d9826c3\">\n                        <a href=\"#collapse-825893b69f1b67031360\" class=\"ekit-accordion--toggler elementskit-btn-link collapsed\" data-ekit-toggle=\"collapse\" data-target=\"#Collapse-825893b69f1b67031360\" aria-expanded=\"false\" aria-controls=\"Collapse-825893b69f1b67031360\">\n                            \n                            <span class=\"ekit-accordion-title\">Unificaci\u00f3n normativa para la equidad de g\u00e9nero en Entre R\u00edos<\/span>\n\n                            \n                                <div class=\"ekit_accordion_icon_group\">\n                                    <div class=\"ekit_accordion_normal_icon\">\n                                        <!-- Normal Icon -->\n\t\t\t\t\t\t\t\t\t\t<i class=\"icon icon-plus\"><\/i>                                    <\/div>\n\n                                    <div class=\"ekit_accordion_active_icon\">\n                                        <!-- Active Icon -->\n\t\t\t\t\t\t\t\t\t\t<i class=\"icon icon-minus\"><\/i>                                    <\/div>\n                                <\/div>\n\n                            \n                                                    <\/a>\n                    <\/div>\n\n                    <div id=\"Collapse-825893b69f1b67031360\" class=\" collapse\" aria-labelledby=\"primaryHeading-50-5d9826c3\" data-parent=\"#accordion-69f1b67031360\">\n\n                        <div class=\"elementskit-card-body ekit-accordion--content\">\n                            <p>La paridad entre varones y mujeres en las legislaturas provinciales es necesaria para asegurar la justa participaci\u00f3n pol\u00edtica de todos los argentinos. Con la sanci\u00f3n de la ley 10.012 de Equidad de G\u00e9nero, Entre R\u00edos dio un paso atr\u00e1s ya que dicha norma establece un porcentaje menor de mujeres en las listas electorales que el establecido por la ley nacional 24.012. En el presente trabajo se efect\u00faa un an\u00e1lisis de las normas, tanto nacionales como provinciales, referidas a la equidad de g\u00e9nero en los cargos electivos, lo que permitir\u00e1 modernizar y adecuar la legislaci\u00f3n entrerriana a la nacional<\/p><p><a class=\"btn btn-danger btn-sm\" href=\"https:\/\/www.nuevasgeneraciones.com.ar\/sitio\/wp-content\/uploads\/documentos3\/_archivo\/03\/03_Unificacion_ley_cupo_ER.pdf\" target=\"_blank\" rel=\"noopener\">Descargar<\/a><\/p>                        <\/div>\n\n                    <\/div>\n\n                <\/div><!-- .elementskit-card END -->\n\n                \n                <div class=\"elementskit-card \">\n                    <div class=\"elementskit-card-header\" id=\"primaryHeading-51-5d9826c3\">\n                        <a href=\"#collapse-dc1ce2069f1b67031360\" class=\"ekit-accordion--toggler elementskit-btn-link collapsed\" data-ekit-toggle=\"collapse\" data-target=\"#Collapse-dc1ce2069f1b67031360\" aria-expanded=\"false\" aria-controls=\"Collapse-dc1ce2069f1b67031360\">\n                            \n                            <span class=\"ekit-accordion-title\">Reforma del sistema de cuotas de solidaridad en la ley 9624 de Entre R\u00edos<\/span>\n\n                            \n                                <div class=\"ekit_accordion_icon_group\">\n                                    <div class=\"ekit_accordion_normal_icon\">\n                                        <!-- Normal Icon -->\n\t\t\t\t\t\t\t\t\t\t<i class=\"icon icon-plus\"><\/i>                                    <\/div>\n\n                                    <div class=\"ekit_accordion_active_icon\">\n                                        <!-- Active Icon -->\n\t\t\t\t\t\t\t\t\t\t<i class=\"icon icon-minus\"><\/i>                                    <\/div>\n                                <\/div>\n\n                            \n                                                    <\/a>\n                    <\/div>\n\n                    <div id=\"Collapse-dc1ce2069f1b67031360\" class=\" collapse\" aria-labelledby=\"primaryHeading-51-5d9826c3\" data-parent=\"#accordion-69f1b67031360\">\n\n                        <div class=\"elementskit-card-body ekit-accordion--content\">\n                            <p>Las cuotas de solidaridad se establecen en las convenciones colectivas de trabajo para que los obreros no afiliados a los sindicatos realicen un aporte a \u00e9stos \u00faltimos por su tarea de representaci\u00f3n en la negociaci\u00f3n laboral. Y si bien esta herramienta tiene defensores y detractores, corresponde dotarla de caracter\u00edsticas de transparencia que actualmente no posee. A tal efecto, en el presente trabajo se propone la reforma de la ley 9624 de Entre R\u00edos que crea la Convenci\u00f3n Colectiva de Trabajo Docente y establece las mencionadas cuotas de solidaridad.<\/p><p><a class=\"btn btn-danger btn-sm\" href=\"https:\/\/www.nuevasgeneraciones.com.ar\/sitio\/wp-content\/uploads\/documentos3\/_archivo\/03\/03_reforma_sistema_cuotas_solidaridad.pdf\" target=\"_blank\" rel=\"noopener\">Descargar<\/a><\/p>                        <\/div>\n\n                    <\/div>\n\n                <\/div><!-- .elementskit-card END -->\n\n                \n                <div class=\"elementskit-card \">\n                    <div class=\"elementskit-card-header\" id=\"primaryHeading-52-5d9826c3\">\n                        <a href=\"#collapse-90e738a69f1b67031360\" class=\"ekit-accordion--toggler elementskit-btn-link collapsed\" data-ekit-toggle=\"collapse\" data-target=\"#Collapse-90e738a69f1b67031360\" aria-expanded=\"false\" aria-controls=\"Collapse-90e738a69f1b67031360\">\n                            \n                            <span class=\"ekit-accordion-title\">Propuesta para modernizar la gesti\u00f3n municipal mediante la creaci\u00f3n de unicipios<\/span>\n\n                            \n                                <div class=\"ekit_accordion_icon_group\">\n                                    <div class=\"ekit_accordion_normal_icon\">\n                                        <!-- Normal Icon -->\n\t\t\t\t\t\t\t\t\t\t<i class=\"icon icon-plus\"><\/i>                                    <\/div>\n\n                                    <div class=\"ekit_accordion_active_icon\">\n                                        <!-- Active Icon -->\n\t\t\t\t\t\t\t\t\t\t<i class=\"icon icon-minus\"><\/i>                                    <\/div>\n                                <\/div>\n\n                            \n                                                    <\/a>\n                    <\/div>\n\n                    <div id=\"Collapse-90e738a69f1b67031360\" class=\" collapse\" aria-labelledby=\"primaryHeading-52-5d9826c3\" data-parent=\"#accordion-69f1b67031360\">\n\n                        <div class=\"elementskit-card-body ekit-accordion--content\">\n                            <p>Los problemas que afectan a los municipios suelen traspasar sus l\u00edmites territoriales. Tal realidad hace conveniente la cooperaci\u00f3n intermunicipal a fin de encontrar las soluciones m\u00e1s adecuadas. En el presente trabajo se propone la creaci\u00f3n de los consorcios de municipios, tambi\u00e9n llamados \u201cunicipios\u201d cuya finalidad es modernizar la gesti\u00f3n municipal mediante el dise\u00f1o conjunto de aquellas pol\u00edticas p\u00fablicas m\u00e1s adecuadas a la realidad de una determinada zona geogr\u00e1fica.<\/p><p><a class=\"btn btn-danger btn-sm\" href=\"https:\/\/www.nuevasgeneraciones.com.ar\/sitio\/wp-content\/uploads\/documentos3\/_archivo\/03\/03_Unicipios.pdf\" target=\"_blank\" rel=\"noopener\">Descargar<\/a><\/p>                        <\/div>\n\n                    <\/div>\n\n                <\/div><!-- .elementskit-card END -->\n\n                \n                <div class=\"elementskit-card \">\n                    <div class=\"elementskit-card-header\" id=\"primaryHeading-53-5d9826c3\">\n                        <a href=\"#collapse-481ec0869f1b67031360\" class=\"ekit-accordion--toggler elementskit-btn-link collapsed\" data-ekit-toggle=\"collapse\" data-target=\"#Collapse-481ec0869f1b67031360\" aria-expanded=\"false\" aria-controls=\"Collapse-481ec0869f1b67031360\">\n                            \n                            <span class=\"ekit-accordion-title\">Creaci\u00f3n de la Comisi\u00f3n del Futuro en el \u00e1mbito legislativo<\/span>\n\n                            \n                                <div class=\"ekit_accordion_icon_group\">\n                                    <div class=\"ekit_accordion_normal_icon\">\n                                        <!-- Normal Icon -->\n\t\t\t\t\t\t\t\t\t\t<i class=\"icon icon-plus\"><\/i>                                    <\/div>\n\n                                    <div class=\"ekit_accordion_active_icon\">\n                                        <!-- Active Icon -->\n\t\t\t\t\t\t\t\t\t\t<i class=\"icon icon-minus\"><\/i>                                    <\/div>\n                                <\/div>\n\n                            \n                                                    <\/a>\n                    <\/div>\n\n                    <div id=\"Collapse-481ec0869f1b67031360\" class=\" collapse\" aria-labelledby=\"primaryHeading-53-5d9826c3\" data-parent=\"#accordion-69f1b67031360\">\n\n                        <div class=\"elementskit-card-body ekit-accordion--content\">\n                            <p>Los cuerpos legislativos han variado su forma de actuar de acuerdo a las demandas ciudadanas. En la actualidad, no s\u00f3lo hace falta legislar para regular los problemas del presente, sino que, adem\u00e1s, resulta imperioso adelantarse e identificar los que podr\u00e1n sobrevenir en los tiempos futuros y las pol\u00edticas p\u00fablicas que deber\u00edan desarrollarse. Para ello, diversos parlamentos han creado las \u201ccomisiones del futuro\u201d. En el presente trabajo se propone la creaci\u00f3n de dicha comisi\u00f3n en el \u00e1mbito del Poder Legislativo Nacional.<\/p><p><a class=\"btn btn-danger btn-sm\" href=\"https:\/\/www.nuevasgeneraciones.com.ar\/sitio\/wp-content\/uploads\/documentos3\/_archivo\/03\/03_Comision_Futuro.pdf?Marzo2019\" target=\"_blank\" rel=\"noopener\">Descargar<\/a><\/p>                        <\/div>\n\n                    <\/div>\n\n                <\/div><!-- .elementskit-card END -->\n\n                \n                <div class=\"elementskit-card \">\n                    <div class=\"elementskit-card-header\" id=\"primaryHeading-54-5d9826c3\">\n                        <a href=\"#collapse-fb0fc4569f1b67031360\" class=\"ekit-accordion--toggler elementskit-btn-link collapsed\" data-ekit-toggle=\"collapse\" data-target=\"#Collapse-fb0fc4569f1b67031360\" aria-expanded=\"false\" aria-controls=\"Collapse-fb0fc4569f1b67031360\">\n                            \n                            <span class=\"ekit-accordion-title\">Restricci\u00f3n del tr\u00e1nsito en los caminos rurales afectados por la lluvia: una soluci\u00f3n para su cuidado en la Provincia de Entre R\u00edos<\/span>\n\n                            \n                                <div class=\"ekit_accordion_icon_group\">\n                                    <div class=\"ekit_accordion_normal_icon\">\n                                        <!-- Normal Icon -->\n\t\t\t\t\t\t\t\t\t\t<i class=\"icon icon-plus\"><\/i>                                    <\/div>\n\n                                    <div class=\"ekit_accordion_active_icon\">\n                                        <!-- Active Icon -->\n\t\t\t\t\t\t\t\t\t\t<i class=\"icon icon-minus\"><\/i>                                    <\/div>\n                                <\/div>\n\n                            \n                                                    <\/a>\n                    <\/div>\n\n                    <div id=\"Collapse-fb0fc4569f1b67031360\" class=\" collapse\" aria-labelledby=\"primaryHeading-54-5d9826c3\" data-parent=\"#accordion-69f1b67031360\">\n\n                        <div class=\"elementskit-card-body ekit-accordion--content\">\n                            <p>Los caminos rurales son la \u00fanica v\u00eda de comunicaci\u00f3n entre los establecimientos agropecuarios y las rutas nacionales y provinciales. Su cuidado es esencial para que la producci\u00f3n de granos y ganado pueda llegar, en tiempo y forma, a los centros de acopio y faena y a las industrias que demandan tales insumos. En el presente trabajo se propone regular el tr\u00e1nsito por los caminos rurales entrerrianos cuando \u00e9stos se vieren afectados por la lluvia. A fin de efectivizar el cumplimiento de la norma, se propone adem\u00e1s la implementaci\u00f3n de las modernas tecnolog\u00edas disponibles por parte del Estado provincial.<\/p><p><a class=\"btn btn-danger btn-sm\" href=\"https:\/\/www.nuevasgeneraciones.com.ar\/sitio\/wp-content\/uploads\/documentos3\/_archivo\/03\/Restriccion-transito-caminos-rurales-lluvia.pdf\" target=\"_blank\" rel=\"noopener\">Descargar<\/a><\/p>                        <\/div>\n\n                    <\/div>\n\n                <\/div><!-- .elementskit-card END -->\n\n                \n                <div class=\"elementskit-card \">\n                    <div class=\"elementskit-card-header\" id=\"primaryHeading-55-5d9826c3\">\n                        <a href=\"#collapse-1bc1a4169f1b67031360\" class=\"ekit-accordion--toggler elementskit-btn-link collapsed\" data-ekit-toggle=\"collapse\" data-target=\"#Collapse-1bc1a4169f1b67031360\" aria-expanded=\"false\" aria-controls=\"Collapse-1bc1a4169f1b67031360\">\n                            \n                            <span class=\"ekit-accordion-title\">Modernizaci\u00f3n y principio de legalidad: desaf\u00edos para el r\u00e9gimen registral del automotor<\/span>\n\n                            \n                                <div class=\"ekit_accordion_icon_group\">\n                                    <div class=\"ekit_accordion_normal_icon\">\n                                        <!-- Normal Icon -->\n\t\t\t\t\t\t\t\t\t\t<i class=\"icon icon-plus\"><\/i>                                    <\/div>\n\n                                    <div class=\"ekit_accordion_active_icon\">\n                                        <!-- Active Icon -->\n\t\t\t\t\t\t\t\t\t\t<i class=\"icon icon-minus\"><\/i>                                    <\/div>\n                                <\/div>\n\n                            \n                                                    <\/a>\n                    <\/div>\n\n                    <div id=\"Collapse-1bc1a4169f1b67031360\" class=\" collapse\" aria-labelledby=\"primaryHeading-55-5d9826c3\" data-parent=\"#accordion-69f1b67031360\">\n\n                        <div class=\"elementskit-card-body ekit-accordion--content\">\n                            <p>Las herramientas con las que el Estado cuenta para transparentar y mejorar su gesti\u00f3n son aplicables tambi\u00e9n al sistema registral. Gracias a ello se puede brindar un mejor servicio a los contribuyentes y lograr un mayor control sobre los procesos que forman parte de la actividad de los registros de la propiedad automotor. No obstante las ventajas que acarrea la modernizaci\u00f3n, hay situaciones en las que se deben tomar ciertos recaudos para que no se vulnere el principio de legalidad, columna vertebral del derecho registral. En el presente trabajo se describen ciertas situaciones en las que las herramientas de la modernizaci\u00f3n, si no son utilizadas con cuidado, pueden afectar a dicho principio.<\/p><p><a class=\"btn btn-danger btn-sm\" href=\"https:\/\/www.nuevasgeneraciones.com.ar\/sitio\/wp-content\/uploads\/documentos3\/_archivo\/03\/03_Modernizacion_Registro_Automotor.pdf\" target=\"_blank\" rel=\"noopener\">Descargar<\/a><\/p>                        <\/div>\n\n                    <\/div>\n\n                <\/div><!-- .elementskit-card END -->\n\n                \n                <div class=\"elementskit-card \">\n                    <div class=\"elementskit-card-header\" id=\"primaryHeading-56-5d9826c3\">\n                        <a href=\"#collapse-cfc789069f1b67031360\" class=\"ekit-accordion--toggler elementskit-btn-link collapsed\" data-ekit-toggle=\"collapse\" data-target=\"#Collapse-cfc789069f1b67031360\" aria-expanded=\"false\" aria-controls=\"Collapse-cfc789069f1b67031360\">\n                            \n                            <span class=\"ekit-accordion-title\">Creaci\u00f3n de las oficinas de presupuesto en las legislaturas provinciales<\/span>\n\n                            \n                                <div class=\"ekit_accordion_icon_group\">\n                                    <div class=\"ekit_accordion_normal_icon\">\n                                        <!-- Normal Icon -->\n\t\t\t\t\t\t\t\t\t\t<i class=\"icon icon-plus\"><\/i>                                    <\/div>\n\n                                    <div class=\"ekit_accordion_active_icon\">\n                                        <!-- Active Icon -->\n\t\t\t\t\t\t\t\t\t\t<i class=\"icon icon-minus\"><\/i>                                    <\/div>\n                                <\/div>\n\n                            \n                                                    <\/a>\n                    <\/div>\n\n                    <div id=\"Collapse-cfc789069f1b67031360\" class=\" collapse\" aria-labelledby=\"primaryHeading-56-5d9826c3\" data-parent=\"#accordion-69f1b67031360\">\n\n                        <div class=\"elementskit-card-body ekit-accordion--content\">\n                            <p>La ley de presupuesto anual de un Estado, sea nacional, provincial o municipal, es esencial para su funcionamiento. Cuanto m\u00e1s profundo y detallado sea su an\u00e1lisis durante la etapa de discusi\u00f3n legislativa como durante su ejecuci\u00f3n, mejores ser\u00e1n los resultados de la administraci\u00f3n p\u00fablica. Para ello, resulta crucial contar con las herramientas de control y seguimiento necesarias. Las oficinas de presupuesto que funcionan dentro de la \u00f3rbita legislativa, son una de ellas. En el presente trabajo se desarrolla la creaci\u00f3n de una oficina de presupuesto a nivel legislativo provincial.<\/p><p><a class=\"btn btn-danger btn-sm\" href=\"https:\/\/www.nuevasgeneraciones.com.ar\/sitio\/wp-content\/uploads\/documentos3\/_archivo\/03\/03_Oficina_presupuesto_provincial.pdf\" target=\"_blank\" rel=\"noopener\">Descargar<\/a><\/p>                        <\/div>\n\n                    <\/div>\n\n                <\/div><!-- .elementskit-card END -->\n\n                \n                <div class=\"elementskit-card \">\n                    <div class=\"elementskit-card-header\" id=\"primaryHeading-57-5d9826c3\">\n                        <a href=\"#collapse-fb0f58969f1b67031360\" class=\"ekit-accordion--toggler elementskit-btn-link collapsed\" data-ekit-toggle=\"collapse\" data-target=\"#Collapse-fb0f58969f1b67031360\" aria-expanded=\"false\" aria-controls=\"Collapse-fb0f58969f1b67031360\">\n                            \n                            <span class=\"ekit-accordion-title\">Despapelizaci\u00f3n administrativa<\/span>\n\n                            \n                                <div class=\"ekit_accordion_icon_group\">\n                                    <div class=\"ekit_accordion_normal_icon\">\n                                        <!-- Normal Icon -->\n\t\t\t\t\t\t\t\t\t\t<i class=\"icon icon-plus\"><\/i>                                    <\/div>\n\n                                    <div class=\"ekit_accordion_active_icon\">\n                                        <!-- Active Icon -->\n\t\t\t\t\t\t\t\t\t\t<i class=\"icon icon-minus\"><\/i>                                    <\/div>\n                                <\/div>\n\n                            \n                                                    <\/a>\n                    <\/div>\n\n                    <div id=\"Collapse-fb0f58969f1b67031360\" class=\" collapse\" aria-labelledby=\"primaryHeading-57-5d9826c3\" data-parent=\"#accordion-69f1b67031360\">\n\n                        <div class=\"elementskit-card-body ekit-accordion--content\">\n                            <p>En el presente trabajo se propone modernizar la gesti\u00f3n estatal mediante la despapelizaci\u00f3n y la digitalizaci\u00f3n de los expedientes administrativos. Gracias a la implementaci\u00f3n de tales medidas, se podr\u00e1 eliminar la utilizaci\u00f3n del papel en el \u00e1mbito gubernamental y reemplazarlo por documentos y tr\u00e1mites electr\u00f3nicos contenidos en bases de datos magn\u00e9ticas. El registro digital de datos dar\u00e1 la posibilidad de generar, controlar, consultar y conservar los archivos y actuaciones administrativas remotamente, asegurando no solamente el mejor uso de los recursos, y consecuentemente la reducci\u00f3n de residuos, sino adem\u00e1s brindando mayor celeridad y transparencia a los actos de gobierno.<\/p><p><a class=\"btn btn-danger btn-sm\" href=\"https:\/\/www.nuevasgeneraciones.com.ar\/sitio\/wp-content\/uploads\/documentos3\/_archivo\/03\/03_Despapelizacion_administrativa.pdf\" target=\"_blank\" rel=\"noopener\">Descargar<\/a><\/p>                        <\/div>\n\n                    <\/div>\n\n                <\/div><!-- .elementskit-card END -->\n\n                \n                <div class=\"elementskit-card \">\n                    <div class=\"elementskit-card-header\" id=\"primaryHeading-58-5d9826c3\">\n                        <a href=\"#collapse-89007e469f1b67031360\" class=\"ekit-accordion--toggler elementskit-btn-link collapsed\" data-ekit-toggle=\"collapse\" data-target=\"#Collapse-89007e469f1b67031360\" aria-expanded=\"false\" aria-controls=\"Collapse-89007e469f1b67031360\">\n                            \n                            <span class=\"ekit-accordion-title\">Herramientas para la participaci\u00f3n ciudadana en los procesos legislativos<\/span>\n\n                            \n                                <div class=\"ekit_accordion_icon_group\">\n                                    <div class=\"ekit_accordion_normal_icon\">\n                                        <!-- Normal Icon -->\n\t\t\t\t\t\t\t\t\t\t<i class=\"icon icon-plus\"><\/i>                                    <\/div>\n\n                                    <div class=\"ekit_accordion_active_icon\">\n                                        <!-- Active Icon -->\n\t\t\t\t\t\t\t\t\t\t<i class=\"icon icon-minus\"><\/i>                                    <\/div>\n                                <\/div>\n\n                            \n                                                    <\/a>\n                    <\/div>\n\n                    <div id=\"Collapse-89007e469f1b67031360\" class=\" collapse\" aria-labelledby=\"primaryHeading-58-5d9826c3\" data-parent=\"#accordion-69f1b67031360\">\n\n                        <div class=\"elementskit-card-body ekit-accordion--content\">\n                            <p>La participaci\u00f3n ciudadana es uno de los pilares sobre los que se sustenta todo gobierno abierto. Su implementaci\u00f3n es esencial para el pleno ejercicio de los valores democr\u00e1ticos y republicanos. En el presente trabajo se hace un an\u00e1lisis de las buenas pr\u00e1cticas de la participaci\u00f3n ciudadana en el \u00e1mbito parlamentario a fin de enriquecer el debate durante el proceso de formaci\u00f3n de las leyes.<\/p><p><a class=\"btn btn-danger btn-sm\" href=\"https:\/\/www.nuevasgeneraciones.com.ar\/sitio\/wp-content\/uploads\/documentos3\/_archivo\/03\/03_Parlamento_participativo.pdf\" target=\"_blank\" rel=\"noopener\">Descargar<\/a><\/p>                        <\/div>\n\n                    <\/div>\n\n                <\/div><!-- .elementskit-card END -->\n\n                \n                <div class=\"elementskit-card \">\n                    <div class=\"elementskit-card-header\" id=\"primaryHeading-59-5d9826c3\">\n                        <a href=\"#collapse-394992a69f1b67031360\" class=\"ekit-accordion--toggler elementskit-btn-link collapsed\" data-ekit-toggle=\"collapse\" data-target=\"#Collapse-394992a69f1b67031360\" aria-expanded=\"false\" aria-controls=\"Collapse-394992a69f1b67031360\">\n                            \n                            <span class=\"ekit-accordion-title\">Adhesi\u00f3n provincial a la Ley 27.275 de acceso a la informaci\u00f3n p\u00fablica<\/span>\n\n                            \n                                <div class=\"ekit_accordion_icon_group\">\n                                    <div class=\"ekit_accordion_normal_icon\">\n                                        <!-- Normal Icon -->\n\t\t\t\t\t\t\t\t\t\t<i class=\"icon icon-plus\"><\/i>                                    <\/div>\n\n                                    <div class=\"ekit_accordion_active_icon\">\n                                        <!-- Active Icon -->\n\t\t\t\t\t\t\t\t\t\t<i class=\"icon icon-minus\"><\/i>                                    <\/div>\n                                <\/div>\n\n                            \n                                                    <\/a>\n                    <\/div>\n\n                    <div id=\"Collapse-394992a69f1b67031360\" class=\" collapse\" aria-labelledby=\"primaryHeading-59-5d9826c3\" data-parent=\"#accordion-69f1b67031360\">\n\n                        <div class=\"elementskit-card-body ekit-accordion--content\">\n                            <p>El Congreso Nacional sancion\u00f3 en 2016 la ley 27.275 que establece el derecho al acceso a la informaci\u00f3n p\u00fablica. Ello ser\u00e1 operativo para la ciudadan\u00eda en la medida en que las provincias y los municipios cuenten con normas similares. En el presente trabajo se enumeran las caracter\u00edsticas con las que deben contar las normas provinciales de acceso a la informaci\u00f3n p\u00fablica, y se propone un texto normativo para la adhesi\u00f3n local a la ley 27.275.<\/p><p><a class=\"btn btn-danger btn-sm\" href=\"https:\/\/www.nuevasgeneraciones.com.ar\/sitio\/wp-content\/uploads\/documentos3\/_archivo\/03\/03_AIP_provincial.pdf\" target=\"_blank\" rel=\"noopener\">Descargar<\/a><\/p>                        <\/div>\n\n                    <\/div>\n\n                <\/div><!-- .elementskit-card END -->\n\n                \n                <div class=\"elementskit-card \">\n                    <div class=\"elementskit-card-header\" id=\"primaryHeading-60-5d9826c3\">\n                        <a href=\"#collapse-9552e8e69f1b67031360\" class=\"ekit-accordion--toggler elementskit-btn-link collapsed\" data-ekit-toggle=\"collapse\" data-target=\"#Collapse-9552e8e69f1b67031360\" aria-expanded=\"false\" aria-controls=\"Collapse-9552e8e69f1b67031360\">\n                            \n                            <span class=\"ekit-accordion-title\">Implementaci\u00f3n del tablero de control a nivel provincial<\/span>\n\n                            \n                                <div class=\"ekit_accordion_icon_group\">\n                                    <div class=\"ekit_accordion_normal_icon\">\n                                        <!-- Normal Icon -->\n\t\t\t\t\t\t\t\t\t\t<i class=\"icon icon-plus\"><\/i>                                    <\/div>\n\n                                    <div class=\"ekit_accordion_active_icon\">\n                                        <!-- Active Icon -->\n\t\t\t\t\t\t\t\t\t\t<i class=\"icon icon-minus\"><\/i>                                    <\/div>\n                                <\/div>\n\n                            \n                                                    <\/a>\n                    <\/div>\n\n                    <div id=\"Collapse-9552e8e69f1b67031360\" class=\" collapse\" aria-labelledby=\"primaryHeading-60-5d9826c3\" data-parent=\"#accordion-69f1b67031360\">\n\n                        <div class=\"elementskit-card-body ekit-accordion--content\">\n                            <p>El avance de la tecnolog\u00eda brinda la posibilidad de contar con novedosas herramientas para el mejor desarrollo de las m\u00e1s variadas actividades. Dentro de dichas materias se incluye la gesti\u00f3n de la cosa p\u00fablica. Entre los instrumentos novedosos con los que cuentan los gobiernos para ejecutar las pol\u00edticas p\u00fablicas se encuentran los tableros de control. Gracias a ellos, la gesti\u00f3n gubernamental puede llevarse a cabo de manera efectiva, eficiente y transparente. En el presente trabajo se propone la implementaci\u00f3n de los tableros de control por las provincias.<\/p><p><a class=\"btn btn-danger btn-sm\" href=\"https:\/\/www.nuevasgeneraciones.com.ar\/sitio\/wp-content\/uploads\/documentos3\/_archivo\/03\/03_Tablero_control_provincial.pdf\" target=\"_blank\" rel=\"noopener\">Descargar<\/a><\/p>                        <\/div>\n\n                    <\/div>\n\n                <\/div><!-- .elementskit-card END -->\n\n                \n                <div class=\"elementskit-card \">\n                    <div class=\"elementskit-card-header\" id=\"primaryHeading-61-5d9826c3\">\n                        <a href=\"#collapse-8a32abb69f1b67031360\" class=\"ekit-accordion--toggler elementskit-btn-link collapsed\" data-ekit-toggle=\"collapse\" data-target=\"#Collapse-8a32abb69f1b67031360\" aria-expanded=\"false\" aria-controls=\"Collapse-8a32abb69f1b67031360\">\n                            \n                            <span class=\"ekit-accordion-title\">Creaci\u00f3n de la Agencia de Atracci\u00f3n de Inversiones de Entre R\u00edos<\/span>\n\n                            \n                                <div class=\"ekit_accordion_icon_group\">\n                                    <div class=\"ekit_accordion_normal_icon\">\n                                        <!-- Normal Icon -->\n\t\t\t\t\t\t\t\t\t\t<i class=\"icon icon-plus\"><\/i>                                    <\/div>\n\n                                    <div class=\"ekit_accordion_active_icon\">\n                                        <!-- Active Icon -->\n\t\t\t\t\t\t\t\t\t\t<i class=\"icon icon-minus\"><\/i>                                    <\/div>\n                                <\/div>\n\n                            \n                                                    <\/a>\n                    <\/div>\n\n                    <div id=\"Collapse-8a32abb69f1b67031360\" class=\" collapse\" aria-labelledby=\"primaryHeading-61-5d9826c3\" data-parent=\"#accordion-69f1b67031360\">\n\n                        <div class=\"elementskit-card-body ekit-accordion--content\">\n                            <p>Los organismos estatales de comercio exterior resultan esenciales para el desarrollo socioecon\u00f3mico de un Estado, sea este nacional o provincial. Son muchas las provincias argentinas que, al igual que la Naci\u00f3n, han creado sus propias agencias para la atracci\u00f3n de inversiones. En el presente trabajo se propone la creaci\u00f3n de la Agencia de Atracci\u00f3n de Inversiones de Entre R\u00edos.<\/p><p><a class=\"btn btn-danger btn-sm\" href=\"https:\/\/www.nuevasgeneraciones.com.ar\/sitio\/wp-content\/uploads\/documentos3\/_archivo\/03\/03_AAICEER.pdf\" target=\"_blank\" rel=\"noopener\">Descargar<\/a><\/p>                        <\/div>\n\n                    <\/div>\n\n                <\/div><!-- .elementskit-card END -->\n\n                \n                <div class=\"elementskit-card \">\n                    <div class=\"elementskit-card-header\" id=\"primaryHeading-62-5d9826c3\">\n                        <a href=\"#collapse-f3aefa269f1b67031360\" class=\"ekit-accordion--toggler elementskit-btn-link collapsed\" data-ekit-toggle=\"collapse\" data-target=\"#Collapse-f3aefa269f1b67031360\" aria-expanded=\"false\" aria-controls=\"Collapse-f3aefa269f1b67031360\">\n                            \n                            <span class=\"ekit-accordion-title\">Creaci\u00f3n del Defensor del Pueblo Municipal<\/span>\n\n                            \n                                <div class=\"ekit_accordion_icon_group\">\n                                    <div class=\"ekit_accordion_normal_icon\">\n                                        <!-- Normal Icon -->\n\t\t\t\t\t\t\t\t\t\t<i class=\"icon icon-plus\"><\/i>                                    <\/div>\n\n                                    <div class=\"ekit_accordion_active_icon\">\n                                        <!-- Active Icon -->\n\t\t\t\t\t\t\t\t\t\t<i class=\"icon icon-minus\"><\/i>                                    <\/div>\n                                <\/div>\n\n                            \n                                                    <\/a>\n                    <\/div>\n\n                    <div id=\"Collapse-f3aefa269f1b67031360\" class=\" collapse\" aria-labelledby=\"primaryHeading-62-5d9826c3\" data-parent=\"#accordion-69f1b67031360\">\n\n                        <div class=\"elementskit-card-body ekit-accordion--content\">\n                            <p>La figura del Defensor del Pueblo fue creada en Suecia a principios del siglo XIX. A lo largo de los a\u00f1os, gracias a su evidente eficacia, dicha figura ha sido adoptada por numerosos sistemas jur\u00eddicos del mundo. Los principales objetivos del Defensor del Pueblo comprenden tanto la defensa y protecci\u00f3n de los derechos humanos como el control de la actividad administrativa en su relaci\u00f3n con los ciudadanos. En el presente trabajo, se propone la creaci\u00f3n de esta figura a nivel local.<\/p><p><a class=\"btn btn-danger btn-sm\" href=\"https:\/\/www.nuevasgeneraciones.com.ar\/sitio\/wp-content\/uploads\/documentos3\/_archivo\/03\/03_Defensor_del_pueblo2.pdf\" target=\"_blank\" rel=\"noopener\">Descargar<\/a><\/p>                        <\/div>\n\n                    <\/div>\n\n                <\/div><!-- .elementskit-card END -->\n\n                \n                <div class=\"elementskit-card \">\n                    <div class=\"elementskit-card-header\" id=\"primaryHeading-63-5d9826c3\">\n                        <a href=\"#collapse-a3f1c3e69f1b67031360\" class=\"ekit-accordion--toggler elementskit-btn-link collapsed\" data-ekit-toggle=\"collapse\" data-target=\"#Collapse-a3f1c3e69f1b67031360\" aria-expanded=\"false\" aria-controls=\"Collapse-a3f1c3e69f1b67031360\">\n                            \n                            <span class=\"ekit-accordion-title\">Comisi\u00f3n Municipal para la Accesibilidad Local<\/span>\n\n                            \n                                <div class=\"ekit_accordion_icon_group\">\n                                    <div class=\"ekit_accordion_normal_icon\">\n                                        <!-- Normal Icon -->\n\t\t\t\t\t\t\t\t\t\t<i class=\"icon icon-plus\"><\/i>                                    <\/div>\n\n                                    <div class=\"ekit_accordion_active_icon\">\n                                        <!-- Active Icon -->\n\t\t\t\t\t\t\t\t\t\t<i class=\"icon icon-minus\"><\/i>                                    <\/div>\n                                <\/div>\n\n                            \n                                                    <\/a>\n                    <\/div>\n\n                    <div id=\"Collapse-a3f1c3e69f1b67031360\" class=\" collapse\" aria-labelledby=\"primaryHeading-63-5d9826c3\" data-parent=\"#accordion-69f1b67031360\">\n\n                        <div class=\"elementskit-card-body ekit-accordion--content\">\n                            <p>En el presente trabajo, con el fin de brindar herramientas a los legisladores y enriquecer el debate parlamentario, se hace un breve an\u00e1lisis del proyecto de reforma previsional presentado por el Poder Ejecutivo de la Naci\u00f3n y que ya cuenta con media sanci\u00f3n del Senado. Atendiendo el atraso que presentan los municipios argentinos en pol\u00edticas y acciones de accesibilidad universal, proponemos la creaci\u00f3n de comisiones multidisciplinarias, dentro del \u00e1mbito municipal, que se dediquen exclusivamente a mejorar la accesibilidad local. Para el an\u00e1lisis estudiamos lo desarrollado por dos ciudades espa\u00f1olas, Madrid y Barcelona. El ejemplo local lo encontramos en la Ciudad Aut\u00f3noma de Buenos Aires.<\/p><p><a class=\"btn btn-danger btn-sm\" href=\"https:\/\/www.nuevasgeneraciones.com.ar\/sitio\/wp-content\/uploads\/documentos3\/_archivo\/03\/03_Comision_Municipal_Accesibilidad_Local.pdf\" target=\"_blank\" rel=\"noopener\">Descargar<\/a><\/p>                        <\/div>\n\n                    <\/div>\n\n                <\/div><!-- .elementskit-card END -->\n\n                \n                <div class=\"elementskit-card \">\n                    <div class=\"elementskit-card-header\" id=\"primaryHeading-64-5d9826c3\">\n                        <a href=\"#collapse-0c662f369f1b67031360\" class=\"ekit-accordion--toggler elementskit-btn-link collapsed\" data-ekit-toggle=\"collapse\" data-target=\"#Collapse-0c662f369f1b67031360\" aria-expanded=\"false\" aria-controls=\"Collapse-0c662f369f1b67031360\">\n                            \n                            <span class=\"ekit-accordion-title\">Oficina Municipal de Empleo<\/span>\n\n                            \n                                <div class=\"ekit_accordion_icon_group\">\n                                    <div class=\"ekit_accordion_normal_icon\">\n                                        <!-- Normal Icon -->\n\t\t\t\t\t\t\t\t\t\t<i class=\"icon icon-plus\"><\/i>                                    <\/div>\n\n                                    <div class=\"ekit_accordion_active_icon\">\n                                        <!-- Active Icon -->\n\t\t\t\t\t\t\t\t\t\t<i class=\"icon icon-minus\"><\/i>                                    <\/div>\n                                <\/div>\n\n                            \n                                                    <\/a>\n                    <\/div>\n\n                    <div id=\"Collapse-0c662f369f1b67031360\" class=\" collapse\" aria-labelledby=\"primaryHeading-64-5d9826c3\" data-parent=\"#accordion-69f1b67031360\">\n\n                        <div class=\"elementskit-card-body ekit-accordion--content\">\n                            <p>En el presente trabajo, con el fin de brindar herramientas a los legisladores y enriquecer el debate parlamentario, se hace un breve an\u00e1lisis del proyecto de reforma previsional presentado por el Poder Ejecutivo de la Naci\u00f3n y que ya cuenta con media sanci\u00f3n del Senado. El presente informe propone una gu\u00eda para mejorar la empleabilidad en \u00e1mbito municipal. Para ello se propone la implementaci\u00f3n de pol\u00edticas y acciones concretas, que le permitir\u00e1n optimizar recursos propios y externos para la generaci\u00f3n de empleo y riqueza local. Asimismo, se repasan brevemente las acciones desarrolladas por el gobierno de Madrid, como tambi\u00e9n los programas y acciones que el MTEySS de la Naci\u00f3n Argentina desarrolla mediante la Red de Servicios de Empleo. Finalmente, se describen los pasos que consideramos necesarios para poner en marcha una Oficina Municipal de Empleo eficiente.<\/p><p><a class=\"btn btn-danger btn-sm\" href=\"https:\/\/www.nuevasgeneraciones.com.ar\/sitio\/wp-content\/uploads\/documentos3\/_archivo\/03\/03_Oficina_Municipal_Empleo.pdf\" target=\"_blank\" rel=\"noopener\">Descargar<\/a><\/p>                        <\/div>\n\n                    <\/div>\n\n                <\/div><!-- .elementskit-card END -->\n\n                \n                <div class=\"elementskit-card \">\n                    <div class=\"elementskit-card-header\" id=\"primaryHeading-65-5d9826c3\">\n                        <a href=\"#collapse-598e24369f1b67031360\" class=\"ekit-accordion--toggler elementskit-btn-link collapsed\" data-ekit-toggle=\"collapse\" data-target=\"#Collapse-598e24369f1b67031360\" aria-expanded=\"false\" aria-controls=\"Collapse-598e24369f1b67031360\">\n                            \n                            <span class=\"ekit-accordion-title\">Herramienta para la elaboraci\u00f3n legislativa: an\u00e1lisis del proyecto de reforma previsional<\/span>\n\n                            \n                                <div class=\"ekit_accordion_icon_group\">\n                                    <div class=\"ekit_accordion_normal_icon\">\n                                        <!-- Normal Icon -->\n\t\t\t\t\t\t\t\t\t\t<i class=\"icon icon-plus\"><\/i>                                    <\/div>\n\n                                    <div class=\"ekit_accordion_active_icon\">\n                                        <!-- Active Icon -->\n\t\t\t\t\t\t\t\t\t\t<i class=\"icon icon-minus\"><\/i>                                    <\/div>\n                                <\/div>\n\n                            \n                                                    <\/a>\n                    <\/div>\n\n                    <div id=\"Collapse-598e24369f1b67031360\" class=\" collapse\" aria-labelledby=\"primaryHeading-65-5d9826c3\" data-parent=\"#accordion-69f1b67031360\">\n\n                        <div class=\"elementskit-card-body ekit-accordion--content\">\n                            <p>En el presente trabajo, con el fin de brindar herramientas a los legisladores y enriquecer el debate parlamentario, se hace un breve an\u00e1lisis del proyecto de reforma previsional presentado por el Poder Ejecutivo de la Naci\u00f3n y que ya cuenta con media sanci\u00f3n del Senado. En primer lugar se determina el objetivo del proyecto. Posteriormente se analiza su impacto en la movilidad jubilatoria. Por \u00faltimo se repasan los deberes y derechos de los trabajadores y los empleadores ante las diferentes situaciones que se pueden plantear al respecto.<\/p><p><a class=\"btn btn-danger btn-sm\" href=\"https:\/\/www.nuevasgeneraciones.com.ar\/sitio\/wp-content\/uploads\/documentos3\/_archivo\/03\/03_Analisis_reforma_previsional.pdf\" target=\"_blank\" rel=\"noopener\">Descargar<\/a><\/p>                        <\/div>\n\n                    <\/div>\n\n                <\/div><!-- .elementskit-card END -->\n\n                \n                <div class=\"elementskit-card \">\n                    <div class=\"elementskit-card-header\" id=\"primaryHeading-66-5d9826c3\">\n                        <a href=\"#collapse-cd3503669f1b67031360\" class=\"ekit-accordion--toggler elementskit-btn-link collapsed\" data-ekit-toggle=\"collapse\" data-target=\"#Collapse-cd3503669f1b67031360\" aria-expanded=\"false\" aria-controls=\"Collapse-cd3503669f1b67031360\">\n                            \n                            <span class=\"ekit-accordion-title\">Estacionamiento inteligente<\/span>\n\n                            \n                                <div class=\"ekit_accordion_icon_group\">\n                                    <div class=\"ekit_accordion_normal_icon\">\n                                        <!-- Normal Icon -->\n\t\t\t\t\t\t\t\t\t\t<i class=\"icon icon-plus\"><\/i>                                    <\/div>\n\n                                    <div class=\"ekit_accordion_active_icon\">\n                                        <!-- Active Icon -->\n\t\t\t\t\t\t\t\t\t\t<i class=\"icon icon-minus\"><\/i>                                    <\/div>\n                                <\/div>\n\n                            \n                                                    <\/a>\n                    <\/div>\n\n                    <div id=\"Collapse-cd3503669f1b67031360\" class=\" collapse\" aria-labelledby=\"primaryHeading-66-5d9826c3\" data-parent=\"#accordion-69f1b67031360\">\n\n                        <div class=\"elementskit-card-body ekit-accordion--content\">\n                            <p>El caos vehicular se ha convertido en un fen\u00f3meno usual en la mayor\u00eda de las grandes ciudades de nuestro pa\u00eds. Dentro de dicho problema hay uno en particular que lo agrava: la falta de espacio para estacionar autom\u00f3viles. En el presente trabajo se propone la implementaci\u00f3n de un sistema para optimizar la gesti\u00f3n la oferta y la demanda de dichos espacios y paralelamente lograr una mejor utilizaci\u00f3n de los recursos y la reducci\u00f3n de la contaminaci\u00f3n urbana.<\/p><p><a class=\"btn btn-danger btn-sm\" href=\"https:\/\/www.nuevasgeneraciones.com.ar\/sitio\/wp-content\/uploads\/documentos3\/_archivo\/03\/03_estacionamiento_inteligente.pdf\" target=\"_blank\" rel=\"noopener\">Descargar<\/a><\/p>                        <\/div>\n\n                    <\/div>\n\n                <\/div><!-- .elementskit-card END -->\n\n                \n                <div class=\"elementskit-card \">\n                    <div class=\"elementskit-card-header\" id=\"primaryHeading-67-5d9826c3\">\n                        <a href=\"#collapse-c737a9c69f1b67031360\" class=\"ekit-accordion--toggler elementskit-btn-link collapsed\" data-ekit-toggle=\"collapse\" data-target=\"#Collapse-c737a9c69f1b67031360\" aria-expanded=\"false\" aria-controls=\"Collapse-c737a9c69f1b67031360\">\n                            \n                            <span class=\"ekit-accordion-title\">An\u00e1lisis de programas nacionales con alcance municipal<\/span>\n\n                            \n                                <div class=\"ekit_accordion_icon_group\">\n                                    <div class=\"ekit_accordion_normal_icon\">\n                                        <!-- Normal Icon -->\n\t\t\t\t\t\t\t\t\t\t<i class=\"icon icon-plus\"><\/i>                                    <\/div>\n\n                                    <div class=\"ekit_accordion_active_icon\">\n                                        <!-- Active Icon -->\n\t\t\t\t\t\t\t\t\t\t<i class=\"icon icon-minus\"><\/i>                                    <\/div>\n                                <\/div>\n\n                            \n                                                    <\/a>\n                    <\/div>\n\n                    <div id=\"Collapse-c737a9c69f1b67031360\" class=\" collapse\" aria-labelledby=\"primaryHeading-67-5d9826c3\" data-parent=\"#accordion-69f1b67031360\">\n\n                        <div class=\"elementskit-card-body ekit-accordion--content\">\n                            <p>Actualmente existen 115 programas de alcance municipal bajo la \u00f3rbita de los ministerios, institutos y agencias nacionales[1]. M\u00e1s all\u00e1 de las divisiones funcionales de las \u00e1reas del Estado de la cuales dependen los programas, en muchos casos se observa que sus pol\u00edticas y herramientas se superponen entre s\u00ed. El objetivo del presente trabajo es agrupar y reclasificar los programas de acuerdo a nuevos criterios, como por ejemplo la poblaci\u00f3n objetivo o el tipo de asistencia brindada. De esta forma, el acceso a ellos mismos podr\u00eda ser m\u00e1s r\u00e1pido y sencillo. Asimismo, ser\u00eda un punto de partida para que numerosos programas se fusionen para hacer m\u00e1s eficiente la asignaci\u00f3n de recursos materiales y humanos.<\/p><p><a class=\"btn btn-danger btn-sm\" href=\"https:\/\/www.nuevasgeneraciones.com.ar\/sitio\/wp-content\/uploads\/documentos3\/_archivo\/03\/03_Programas_nacionales_alcance_municipal.pdf\" target=\"_blank\" rel=\"noopener\">Descargar<\/a><\/p>                        <\/div>\n\n                    <\/div>\n\n                <\/div><!-- .elementskit-card END -->\n\n                \n                <div class=\"elementskit-card \">\n                    <div class=\"elementskit-card-header\" id=\"primaryHeading-68-5d9826c3\">\n                        <a href=\"#collapse-b001a2569f1b67031360\" class=\"ekit-accordion--toggler elementskit-btn-link collapsed\" data-ekit-toggle=\"collapse\" data-target=\"#Collapse-b001a2569f1b67031360\" aria-expanded=\"false\" aria-controls=\"Collapse-b001a2569f1b67031360\">\n                            \n                            <span class=\"ekit-accordion-title\">Propuesta para regular la gesti\u00f3n de intereses en la provincia de Entre R\u00edos<\/span>\n\n                            \n                                <div class=\"ekit_accordion_icon_group\">\n                                    <div class=\"ekit_accordion_normal_icon\">\n                                        <!-- Normal Icon -->\n\t\t\t\t\t\t\t\t\t\t<i class=\"icon icon-plus\"><\/i>                                    <\/div>\n\n                                    <div class=\"ekit_accordion_active_icon\">\n                                        <!-- Active Icon -->\n\t\t\t\t\t\t\t\t\t\t<i class=\"icon icon-minus\"><\/i>                                    <\/div>\n                                <\/div>\n\n                            \n                                                    <\/a>\n                    <\/div>\n\n                    <div id=\"Collapse-b001a2569f1b67031360\" class=\" collapse\" aria-labelledby=\"primaryHeading-68-5d9826c3\" data-parent=\"#accordion-69f1b67031360\">\n\n                        <div class=\"elementskit-card-body ekit-accordion--content\">\n                            <p>La gesti\u00f3n de intereses, com\u00fanmente llamada lobby o cabildeo, es una actividad que, para asegurar su licitud, debe ser reglamentada. El presente trabajo tiene como objetivo proponer reglas a la gesti\u00f3n de intereses que se desarrolle ante los diferentes organismos del Estado de la provincia de Entre R\u00edos. Para lograr el objetivo precedentemente citado, es necesario prever controles y est\u00e1ndares m\u00ednimos destinados a que dicha actividad se realice con el m\u00e1s alto grado de transparencia para garantizar la confianza social en las instituciones p\u00fablicas.<\/p><p><a class=\"btn btn-danger btn-sm\" href=\"https:\/\/www.nuevasgeneraciones.com.ar\/sitio\/wp-content\/uploads\/documentos3\/_archivo\/03\/03_gestion_intereses_ERR.pdf\" target=\"_blank\" rel=\"noopener\">Descargar<\/a><\/p>                        <\/div>\n\n                    <\/div>\n\n                <\/div><!-- .elementskit-card END -->\n\n                \n                <div class=\"elementskit-card \">\n                    <div class=\"elementskit-card-header\" id=\"primaryHeading-69-5d9826c3\">\n                        <a href=\"#collapse-902877869f1b67031360\" class=\"ekit-accordion--toggler elementskit-btn-link collapsed\" data-ekit-toggle=\"collapse\" data-target=\"#Collapse-902877869f1b67031360\" aria-expanded=\"false\" aria-controls=\"Collapse-902877869f1b67031360\">\n                            \n                            <span class=\"ekit-accordion-title\">Turismo: implementaci\u00f3n de sistemas municipales de audio gu\u00edas<\/span>\n\n                            \n                                <div class=\"ekit_accordion_icon_group\">\n                                    <div class=\"ekit_accordion_normal_icon\">\n                                        <!-- Normal Icon -->\n\t\t\t\t\t\t\t\t\t\t<i class=\"icon icon-plus\"><\/i>                                    <\/div>\n\n                                    <div class=\"ekit_accordion_active_icon\">\n                                        <!-- Active Icon -->\n\t\t\t\t\t\t\t\t\t\t<i class=\"icon icon-minus\"><\/i>                                    <\/div>\n                                <\/div>\n\n                            \n                                                    <\/a>\n                    <\/div>\n\n                    <div id=\"Collapse-902877869f1b67031360\" class=\" collapse\" aria-labelledby=\"primaryHeading-69-5d9826c3\" data-parent=\"#accordion-69f1b67031360\">\n\n                        <div class=\"elementskit-card-body ekit-accordion--content\">\n                            <p>Las audio gu\u00edas son sistemas electr\u00f3nicos que permiten realizar una asistencia personalizada en los lugares de atracci\u00f3n tur\u00edstica. A trav\u00e9s de ellas se provee informaci\u00f3n al turista, permiti\u00e9ndole visitar con total libertad de horarios y autonom\u00eda los destinos y puntos de inter\u00e9s mediante una explicaci\u00f3n detallada del sitio elegido. En el presente trabajo se propone la implementaci\u00f3n de las audio gu\u00edas dentro de los servicios que los municipios pueden ofrecerle al turista para mejorar su experiencia.<\/p><p><a class=\"btn btn-danger btn-sm\" href=\"https:\/\/www.nuevasgeneraciones.com.ar\/sitio\/wp-content\/uploads\/documentos3\/_archivo\/03\/03_Politica_Municipal_Audio_Guias.pdf\" target=\"_blank\" rel=\"noopener\">Descargar<\/a><\/p>                        <\/div>\n\n                    <\/div>\n\n                <\/div><!-- .elementskit-card END -->\n\n                \n                <div class=\"elementskit-card \">\n                    <div class=\"elementskit-card-header\" id=\"primaryHeading-70-5d9826c3\">\n                        <a href=\"#collapse-9e1cb9469f1b67031360\" class=\"ekit-accordion--toggler elementskit-btn-link collapsed\" data-ekit-toggle=\"collapse\" data-target=\"#Collapse-9e1cb9469f1b67031360\" aria-expanded=\"false\" aria-controls=\"Collapse-9e1cb9469f1b67031360\">\n                            \n                            <span class=\"ekit-accordion-title\">R\u00e9gimen de Asociaci\u00f3n P\u00fablico Privada para la ciudad de Rosario<\/span>\n\n                            \n                                <div class=\"ekit_accordion_icon_group\">\n                                    <div class=\"ekit_accordion_normal_icon\">\n                                        <!-- Normal Icon -->\n\t\t\t\t\t\t\t\t\t\t<i class=\"icon icon-plus\"><\/i>                                    <\/div>\n\n                                    <div class=\"ekit_accordion_active_icon\">\n                                        <!-- Active Icon -->\n\t\t\t\t\t\t\t\t\t\t<i class=\"icon icon-minus\"><\/i>                                    <\/div>\n                                <\/div>\n\n                            \n                                                    <\/a>\n                    <\/div>\n\n                    <div id=\"Collapse-9e1cb9469f1b67031360\" class=\" collapse\" aria-labelledby=\"primaryHeading-70-5d9826c3\" data-parent=\"#accordion-69f1b67031360\">\n\n                        <div class=\"elementskit-card-body ekit-accordion--content\">\n                            <p>Las asociaciones p\u00fablico-privadas (APP) constituyen una novedosa manera de contrataci\u00f3n del Estado. Su utilizaci\u00f3n implica una reducci\u00f3n de costos para la administraci\u00f3n p\u00fablica, la optimizaci\u00f3n de los resultados esperados, y mayor transparencia en la contrataci\u00f3n con el Estado. En el presente trabajo se detallan todas la ventajas que implica la adopci\u00f3n de las APP en la ciudad de Rosario.<\/p><p><a class=\"btn btn-danger btn-sm\" href=\"https:\/\/www.nuevasgeneraciones.com.ar\/sitio\/wp-content\/uploads\/documentos3\/_archivo\/03\/03_rosario.pdf\" target=\"_blank\" rel=\"noopener\">Descargar<\/a><\/p>                        <\/div>\n\n                    <\/div>\n\n                <\/div><!-- .elementskit-card END -->\n\n                \n                <div class=\"elementskit-card \">\n                    <div class=\"elementskit-card-header\" id=\"primaryHeading-71-5d9826c3\">\n                        <a href=\"#collapse-210249f69f1b67031360\" class=\"ekit-accordion--toggler elementskit-btn-link collapsed\" data-ekit-toggle=\"collapse\" data-target=\"#Collapse-210249f69f1b67031360\" aria-expanded=\"false\" aria-controls=\"Collapse-210249f69f1b67031360\">\n                            \n                            <span class=\"ekit-accordion-title\">Corporaci\u00f3n Rosario Sudoeste<\/span>\n\n                            \n                                <div class=\"ekit_accordion_icon_group\">\n                                    <div class=\"ekit_accordion_normal_icon\">\n                                        <!-- Normal Icon -->\n\t\t\t\t\t\t\t\t\t\t<i class=\"icon icon-plus\"><\/i>                                    <\/div>\n\n                                    <div class=\"ekit_accordion_active_icon\">\n                                        <!-- Active Icon -->\n\t\t\t\t\t\t\t\t\t\t<i class=\"icon icon-minus\"><\/i>                                    <\/div>\n                                <\/div>\n\n                            \n                                                    <\/a>\n                    <\/div>\n\n                    <div id=\"Collapse-210249f69f1b67031360\" class=\" collapse\" aria-labelledby=\"primaryHeading-71-5d9826c3\" data-parent=\"#accordion-69f1b67031360\">\n\n                        <div class=\"elementskit-card-body ekit-accordion--content\">\n                            <p>La Ciudad de Rosario ha experimentado en los \u00faltimos un desarrollo vertiginoso. No obstante ello, circunstancias hist\u00f3ricas, pol\u00edticas, econ\u00f3micas y sociales por las que han atravesado Argentina y la regi\u00f3n han influido en que dicho desarrollo diera lugar a enormes desigualdades entre los diferentes distritos de dicha ciudad santafesina, especialmente en su sector sudoeste. Con el objeto de revertir dicha realidad, en el presente trabajo se propone llevar adelante la creaci\u00f3n de la Corporaci\u00f3n Rosario Sudoeste.<\/p><p><a class=\"btn btn-danger btn-sm\" href=\"https:\/\/www.nuevasgeneraciones.com.ar\/sitio\/wp-content\/uploads\/documentos3\/_archivo\/03\/03_corporacion_Rosario_so.pdf\" target=\"_blank\" rel=\"noopener\">Descargar<\/a><\/p>                        <\/div>\n\n                    <\/div>\n\n                <\/div><!-- .elementskit-card END -->\n\n                \n                <div class=\"elementskit-card \">\n                    <div class=\"elementskit-card-header\" id=\"primaryHeading-72-5d9826c3\">\n                        <a href=\"#collapse-191492d69f1b67031360\" class=\"ekit-accordion--toggler elementskit-btn-link collapsed\" data-ekit-toggle=\"collapse\" data-target=\"#Collapse-191492d69f1b67031360\" aria-expanded=\"false\" aria-controls=\"Collapse-191492d69f1b67031360\">\n                            \n                            <span class=\"ekit-accordion-title\">Propuesta para la democratizaci\u00f3n de asociaciones civiles y sindicales<\/span>\n\n                            \n                                <div class=\"ekit_accordion_icon_group\">\n                                    <div class=\"ekit_accordion_normal_icon\">\n                                        <!-- Normal Icon -->\n\t\t\t\t\t\t\t\t\t\t<i class=\"icon icon-plus\"><\/i>                                    <\/div>\n\n                                    <div class=\"ekit_accordion_active_icon\">\n                                        <!-- Active Icon -->\n\t\t\t\t\t\t\t\t\t\t<i class=\"icon icon-minus\"><\/i>                                    <\/div>\n                                <\/div>\n\n                            \n                                                    <\/a>\n                    <\/div>\n\n                    <div id=\"Collapse-191492d69f1b67031360\" class=\" collapse\" aria-labelledby=\"primaryHeading-72-5d9826c3\" data-parent=\"#accordion-69f1b67031360\">\n\n                        <div class=\"elementskit-card-body ekit-accordion--content\">\n                            <p>En el presente trabajo se propone reforzar la vida democr\u00e1tica de aquellas organizaciones civiles y sindicales que reciben apoyo econ\u00f3mico estatal. A nuestro entender, esta iniciativa resulta fundamental para dotar de transparencia y alternancia a las organizaciones intermedias, situaci\u00f3n que sin dudas beneficiar\u00e1 a toda la sociedad<\/p><p><a class=\"btn btn-danger btn-sm\" href=\"https:\/\/www.nuevasgeneraciones.com.ar\/sitio\/wp-content\/uploads\/documentos3\/_archivo\/03\/03_democratizacion_Asoc_civiles_sindicales.pdf\" target=\"_blank\" rel=\"noopener\">Descargar<\/a><\/p>                        <\/div>\n\n                    <\/div>\n\n                <\/div><!-- .elementskit-card END -->\n\n                \n                <div class=\"elementskit-card \">\n                    <div class=\"elementskit-card-header\" id=\"primaryHeading-73-5d9826c3\">\n                        <a href=\"#collapse-163afb069f1b67031360\" class=\"ekit-accordion--toggler elementskit-btn-link collapsed\" data-ekit-toggle=\"collapse\" data-target=\"#Collapse-163afb069f1b67031360\" aria-expanded=\"false\" aria-controls=\"Collapse-163afb069f1b67031360\">\n                            \n                            <span class=\"ekit-accordion-title\">Plataforma para las operaciones de compra de los sistemas p\u00fablicos de salud<\/span>\n\n                            \n                                <div class=\"ekit_accordion_icon_group\">\n                                    <div class=\"ekit_accordion_normal_icon\">\n                                        <!-- Normal Icon -->\n\t\t\t\t\t\t\t\t\t\t<i class=\"icon icon-plus\"><\/i>                                    <\/div>\n\n                                    <div class=\"ekit_accordion_active_icon\">\n                                        <!-- Active Icon -->\n\t\t\t\t\t\t\t\t\t\t<i class=\"icon icon-minus\"><\/i>                                    <\/div>\n                                <\/div>\n\n                            \n                                                    <\/a>\n                    <\/div>\n\n                    <div id=\"Collapse-163afb069f1b67031360\" class=\" collapse\" aria-labelledby=\"primaryHeading-73-5d9826c3\" data-parent=\"#accordion-69f1b67031360\">\n\n                        <div class=\"elementskit-card-body ekit-accordion--content\">\n                            <p>Las compras del sistema de salud deben funcionar de manera eficiente, transparente y con bajos costos. Para ello, se propone la creaci\u00f3n de una plataforma a trav\u00e9s de la cual se impulse la creaci\u00f3n de una comunidad de compras virtual, promoviendo el asociativismo en una forma novedosa, flexible, donde se puedan ofertar medicamentos, insumos y servicios a los que puedan acceder todos los actores del sector, para una compra en escala, al agregar virtualmente todos los pedidos de la demanda.<\/p><p><a class=\"btn btn-danger btn-sm\" href=\"https:\/\/www.nuevasgeneraciones.com.ar\/sitio\/wp-content\/uploads\/documentos3\/_archivo\/03\/03_plataforma_transacciones_salud.pdf\" target=\"_blank\" rel=\"noopener\">Descargar<\/a><\/p>                        <\/div>\n\n                    <\/div>\n\n                <\/div><!-- .elementskit-card END -->\n\n                \n                <div class=\"elementskit-card \">\n                    <div class=\"elementskit-card-header\" id=\"primaryHeading-74-5d9826c3\">\n                        <a href=\"#collapse-a94d44169f1b67031360\" class=\"ekit-accordion--toggler elementskit-btn-link collapsed\" data-ekit-toggle=\"collapse\" data-target=\"#Collapse-a94d44169f1b67031360\" aria-expanded=\"false\" aria-controls=\"Collapse-a94d44169f1b67031360\">\n                            \n                            <span class=\"ekit-accordion-title\">Servicio de asistencia t\u00e9cnica al ciudadano para la constituci\u00f3n de personas jur\u00eddicas en la provincia de Entre R\u00edos<\/span>\n\n                            \n                                <div class=\"ekit_accordion_icon_group\">\n                                    <div class=\"ekit_accordion_normal_icon\">\n                                        <!-- Normal Icon -->\n\t\t\t\t\t\t\t\t\t\t<i class=\"icon icon-plus\"><\/i>                                    <\/div>\n\n                                    <div class=\"ekit_accordion_active_icon\">\n                                        <!-- Active Icon -->\n\t\t\t\t\t\t\t\t\t\t<i class=\"icon icon-minus\"><\/i>                                    <\/div>\n                                <\/div>\n\n                            \n                                                    <\/a>\n                    <\/div>\n\n                    <div id=\"Collapse-a94d44169f1b67031360\" class=\" collapse\" aria-labelledby=\"primaryHeading-74-5d9826c3\" data-parent=\"#accordion-69f1b67031360\">\n\n                        <div class=\"elementskit-card-body ekit-accordion--content\">\n                            <p>El presente trabajo propone que en las dependencias de la Direcci\u00f3n de Inspecci\u00f3n de Personas Jur\u00eddicas de Entre R\u00edos se brinde asistencia t\u00e9cnica a los ciudadanos. Dicha asistencia estar\u00e1 orientada a facilitar en la tramitaci\u00f3n del registro de las personas jur\u00eddicas en dicha provincia, acelerando tr\u00e1mites y evitando el dispendio de recursos.<\/p><p><a class=\"btn btn-danger btn-sm\" href=\"https:\/\/www.nuevasgeneraciones.com.ar\/sitio\/wp-content\/uploads\/documentos3\/_archivo\/03\/03asistencia_publico_DPJ_ER.pdf\" target=\"_blank\" rel=\"noopener\">Descargar<\/a><\/p>                        <\/div>\n\n                    <\/div>\n\n                <\/div><!-- .elementskit-card END -->\n\n                \n                <div class=\"elementskit-card \">\n                    <div class=\"elementskit-card-header\" id=\"primaryHeading-75-5d9826c3\">\n                        <a href=\"#collapse-6c5c6f669f1b67031360\" class=\"ekit-accordion--toggler elementskit-btn-link collapsed\" data-ekit-toggle=\"collapse\" data-target=\"#Collapse-6c5c6f669f1b67031360\" aria-expanded=\"false\" aria-controls=\"Collapse-6c5c6f669f1b67031360\">\n                            \n                            <span class=\"ekit-accordion-title\">Actividad parlamentaria a distancia y firma digital de documentos: un paso hacia la modernizaci\u00f3n del Estado<\/span>\n\n                            \n                                <div class=\"ekit_accordion_icon_group\">\n                                    <div class=\"ekit_accordion_normal_icon\">\n                                        <!-- Normal Icon -->\n\t\t\t\t\t\t\t\t\t\t<i class=\"icon icon-plus\"><\/i>                                    <\/div>\n\n                                    <div class=\"ekit_accordion_active_icon\">\n                                        <!-- Active Icon -->\n\t\t\t\t\t\t\t\t\t\t<i class=\"icon icon-minus\"><\/i>                                    <\/div>\n                                <\/div>\n\n                            \n                                                    <\/a>\n                    <\/div>\n\n                    <div id=\"Collapse-6c5c6f669f1b67031360\" class=\" collapse\" aria-labelledby=\"primaryHeading-75-5d9826c3\" data-parent=\"#accordion-69f1b67031360\">\n\n                        <div class=\"elementskit-card-body ekit-accordion--content\">\n                            <p>El reglamento de la Honorable C\u00e1mara de Diputados de la Naci\u00f3n establece que las reuniones de comisi\u00f3n de sus miembros deben hacerse de manera presencial. En el presente trabajo se propone que se pueda asistir a dichas reuniones en la modalidad de videoconferencia. Asimismo, se propone la posibilidad de firmar los proyectos de ley mediante r\u00fabrica digital. Entendemos que estas modificaciones redundar\u00e1n en la modernizaci\u00f3n del proceso legislativo y el ahorro de los recursos econ\u00f3micos que en la actualidad se destinan a movilidad.<\/p><p><a class=\"btn btn-danger btn-sm\" href=\"https:\/\/www.nuevasgeneraciones.com.ar\/sitio\/wp-content\/uploads\/documentos3\/_archivo\/03\/03video_conferencias.pdf\" target=\"_blank\" rel=\"noopener\">Descargar<\/a><\/p>                        <\/div>\n\n                    <\/div>\n\n                <\/div><!-- .elementskit-card END -->\n\n                \n                <div class=\"elementskit-card \">\n                    <div class=\"elementskit-card-header\" id=\"primaryHeading-76-5d9826c3\">\n                        <a href=\"#collapse-f3e850469f1b67031360\" class=\"ekit-accordion--toggler elementskit-btn-link collapsed\" data-ekit-toggle=\"collapse\" data-target=\"#Collapse-f3e850469f1b67031360\" aria-expanded=\"false\" aria-controls=\"Collapse-f3e850469f1b67031360\">\n                            \n                            <span class=\"ekit-accordion-title\">Gobierno Electr\u00f3nico Local<\/span>\n\n                            \n                                <div class=\"ekit_accordion_icon_group\">\n                                    <div class=\"ekit_accordion_normal_icon\">\n                                        <!-- Normal Icon -->\n\t\t\t\t\t\t\t\t\t\t<i class=\"icon icon-plus\"><\/i>                                    <\/div>\n\n                                    <div class=\"ekit_accordion_active_icon\">\n                                        <!-- Active Icon -->\n\t\t\t\t\t\t\t\t\t\t<i class=\"icon icon-minus\"><\/i>                                    <\/div>\n                                <\/div>\n\n                            \n                                                    <\/a>\n                    <\/div>\n\n                    <div id=\"Collapse-f3e850469f1b67031360\" class=\" collapse\" aria-labelledby=\"primaryHeading-76-5d9826c3\" data-parent=\"#accordion-69f1b67031360\">\n\n                        <div class=\"elementskit-card-body ekit-accordion--content\">\n                            <p>El presente trabajo expone los usos potenciales del denominado gobierno electr\u00f3nico y brinda conceptos claves para su dise\u00f1o y desarrollo, entendiendo que la implementaci\u00f3n de las TICs depende en gran medida de la permeabilidad que presenten las sociedades para su adopci\u00f3n. Asimismo tomamos experiencias exitosas locales en las que el uso de diversas herramientas, propias de un sistema de gobierno electr\u00f3nico, lograron mejorar la comunicaci\u00f3n y la calidad de vida ciudadana.<\/p><p><a class=\"btn btn-danger btn-sm\" href=\"https:\/\/www.nuevasgeneraciones.com.ar\/sitio\/wp-content\/uploads\/documentos3\/_archivo\/03\/03_Gobierno_Electronico_Local.pdf\" target=\"_blank\" rel=\"noopener\">Descargar<\/a><\/p>                        <\/div>\n\n                    <\/div>\n\n                <\/div><!-- .elementskit-card END -->\n\n                \n                <div class=\"elementskit-card \">\n                    <div class=\"elementskit-card-header\" id=\"primaryHeading-77-5d9826c3\">\n                        <a href=\"#collapse-2be779b69f1b67031360\" class=\"ekit-accordion--toggler elementskit-btn-link collapsed\" data-ekit-toggle=\"collapse\" data-target=\"#Collapse-2be779b69f1b67031360\" aria-expanded=\"false\" aria-controls=\"Collapse-2be779b69f1b67031360\">\n                            \n                            <span class=\"ekit-accordion-title\">Propuesta de modificaci\u00f3n al r\u00e9gimen administrativo y operativo registral de la Propiedad Automotor<\/span>\n\n                            \n                                <div class=\"ekit_accordion_icon_group\">\n                                    <div class=\"ekit_accordion_normal_icon\">\n                                        <!-- Normal Icon -->\n\t\t\t\t\t\t\t\t\t\t<i class=\"icon icon-plus\"><\/i>                                    <\/div>\n\n                                    <div class=\"ekit_accordion_active_icon\">\n                                        <!-- Active Icon -->\n\t\t\t\t\t\t\t\t\t\t<i class=\"icon icon-minus\"><\/i>                                    <\/div>\n                                <\/div>\n\n                            \n                                                    <\/a>\n                    <\/div>\n\n                    <div id=\"Collapse-2be779b69f1b67031360\" class=\" collapse\" aria-labelledby=\"primaryHeading-77-5d9826c3\" data-parent=\"#accordion-69f1b67031360\">\n\n                        <div class=\"elementskit-card-body ekit-accordion--content\">\n                            <p>En el presente documento se describe el funcionamiento del sistema registral de los automotores en Argentina, y se analizan las normas que lo regulan, tanto es su aspecto administrativo como organizacional. En ese marco se estudian determinados aspectos que deben ser particularmente atendidos y sometidos a revisi\u00f3n. Especialmente un conjunto de irregularidades detectadas en torno a los procedimientos de selecci\u00f3n y designaci\u00f3n de los Encargados de los Registros Seccionales y su reemplazo por interventores. Finalmente, se formulan un conjunto de soluciones conducentes a la normalizaci\u00f3n y regularizaci\u00f3n de la actividad de los organismos implicados.<\/p><p><a class=\"btn btn-danger btn-sm\" href=\"https:\/\/www.nuevasgeneraciones.com.ar\/sitio\/wp-content\/uploads\/documentos3\/_archivo\/03\/03_modificaciones_registro_automotor.pdf\" target=\"_blank\" rel=\"noopener\">Descargar<\/a><\/p>                        <\/div>\n\n                    <\/div>\n\n                <\/div><!-- .elementskit-card END -->\n\n                \n                <div class=\"elementskit-card \">\n                    <div class=\"elementskit-card-header\" id=\"primaryHeading-78-5d9826c3\">\n                        <a href=\"#collapse-3d225d069f1b67031360\" class=\"ekit-accordion--toggler elementskit-btn-link collapsed\" data-ekit-toggle=\"collapse\" data-target=\"#Collapse-3d225d069f1b67031360\" aria-expanded=\"false\" aria-controls=\"Collapse-3d225d069f1b67031360\">\n                            \n                            <span class=\"ekit-accordion-title\">An\u00e1lisis de la situaci\u00f3n de la Corporaci\u00f3n Interestadual Pulmar\u00ed<\/span>\n\n                            \n                                <div class=\"ekit_accordion_icon_group\">\n                                    <div class=\"ekit_accordion_normal_icon\">\n                                        <!-- Normal Icon -->\n\t\t\t\t\t\t\t\t\t\t<i class=\"icon icon-plus\"><\/i>                                    <\/div>\n\n                                    <div class=\"ekit_accordion_active_icon\">\n                                        <!-- Active Icon -->\n\t\t\t\t\t\t\t\t\t\t<i class=\"icon icon-minus\"><\/i>                                    <\/div>\n                                <\/div>\n\n                            \n                                                    <\/a>\n                    <\/div>\n\n                    <div id=\"Collapse-3d225d069f1b67031360\" class=\" collapse\" aria-labelledby=\"primaryHeading-78-5d9826c3\" data-parent=\"#accordion-69f1b67031360\">\n\n                        <div class=\"elementskit-card-body ekit-accordion--content\">\n                            <p>En el presente trabajo se ofrece un estudio de los antecedentes de la Corporaci\u00f3n Interestadual Pulmar\u00ed, de su marco jur\u00eddico, su objeto, su estructura, y de los actores que intervienen en su funcionamiento. Asimismo se estudian los proyectos de desarrollo que se han presentado respecto de ella, las actividades para las cu\u00e1les es apta, y los conflictos que presenta en su desarrollo. Finalmente, se presentan las recomendaciones concretas de actuaci\u00f3n respecto del Estado Nacional y Provincial.<\/p><p><a class=\"btn btn-danger btn-sm\" href=\"https:\/\/www.nuevasgeneraciones.com.ar\/sitio\/wp-content\/uploads\/documentos3\/_archivo\/03\/03_analisis_corporacion_pulmari.pdf \" target=\"_blank\" rel=\"noopener\">Descargar<\/a><\/p>                        <\/div>\n\n                    <\/div>\n\n                <\/div><!-- .elementskit-card END -->\n\n                \n                <div class=\"elementskit-card \">\n                    <div class=\"elementskit-card-header\" id=\"primaryHeading-79-5d9826c3\">\n                        <a href=\"#collapse-4ef6f5069f1b67031360\" class=\"ekit-accordion--toggler elementskit-btn-link collapsed\" data-ekit-toggle=\"collapse\" data-target=\"#Collapse-4ef6f5069f1b67031360\" aria-expanded=\"false\" aria-controls=\"Collapse-4ef6f5069f1b67031360\">\n                            \n                            <span class=\"ekit-accordion-title\">Creaci\u00f3n del Observatorio de Obra P\u00fablica de la Provincia de Entre R\u00edos<\/span>\n\n                            \n                                <div class=\"ekit_accordion_icon_group\">\n                                    <div class=\"ekit_accordion_normal_icon\">\n                                        <!-- Normal Icon -->\n\t\t\t\t\t\t\t\t\t\t<i class=\"icon icon-plus\"><\/i>                                    <\/div>\n\n                                    <div class=\"ekit_accordion_active_icon\">\n                                        <!-- Active Icon -->\n\t\t\t\t\t\t\t\t\t\t<i class=\"icon icon-minus\"><\/i>                                    <\/div>\n                                <\/div>\n\n                            \n                                                    <\/a>\n                    <\/div>\n\n                    <div id=\"Collapse-4ef6f5069f1b67031360\" class=\" collapse\" aria-labelledby=\"primaryHeading-79-5d9826c3\" data-parent=\"#accordion-69f1b67031360\">\n\n                        <div class=\"elementskit-card-body ekit-accordion--content\">\n                            <p>El presente trabajo propone la creaci\u00f3n de un sitio web en el \u00e1mbito del poder ejecutivo de la provincia de Entre R\u00edos, en el que consten todas las obras p\u00fablicas en curso y la informaci\u00f3n necesaria para cotejar sus avances y controlar la utilizaci\u00f3n de los fondos p\u00fablicos. De esta manera, todos los ciudadanos podr\u00e1n estar al tanto del progreso de las obras p\u00fablicas y la ejecuci\u00f3n de los recursos p\u00fablicos provinciales.<\/p><p><a class=\"btn btn-danger btn-sm\" href=\"https:\/\/www.nuevasgeneraciones.com.ar\/sitio\/wp-content\/uploads\/documentos3\/_archivo\/03\/03_observatorio_obra_publica_ER.pdf\" target=\"_blank\" rel=\"noopener\">Descargar<\/a><\/p>                        <\/div>\n\n                    <\/div>\n\n                <\/div><!-- .elementskit-card END -->\n\n                \n                <div class=\"elementskit-card \">\n                    <div class=\"elementskit-card-header\" id=\"primaryHeading-80-5d9826c3\">\n                        <a href=\"#collapse-ea625f469f1b67031360\" class=\"ekit-accordion--toggler elementskit-btn-link collapsed\" data-ekit-toggle=\"collapse\" data-target=\"#Collapse-ea625f469f1b67031360\" aria-expanded=\"false\" aria-controls=\"Collapse-ea625f469f1b67031360\">\n                            \n                            <span class=\"ekit-accordion-title\">Asociaciones p\u00fablico \u2013 privadas en Entre R\u00edos, una moderna forma de contrataci\u00f3n estatal<\/span>\n\n                            \n                                <div class=\"ekit_accordion_icon_group\">\n                                    <div class=\"ekit_accordion_normal_icon\">\n                                        <!-- Normal Icon -->\n\t\t\t\t\t\t\t\t\t\t<i class=\"icon icon-plus\"><\/i>                                    <\/div>\n\n                                    <div class=\"ekit_accordion_active_icon\">\n                                        <!-- Active Icon -->\n\t\t\t\t\t\t\t\t\t\t<i class=\"icon icon-minus\"><\/i>                                    <\/div>\n                                <\/div>\n\n                            \n                                                    <\/a>\n                    <\/div>\n\n                    <div id=\"Collapse-ea625f469f1b67031360\" class=\" collapse\" aria-labelledby=\"primaryHeading-80-5d9826c3\" data-parent=\"#accordion-69f1b67031360\">\n\n                        <div class=\"elementskit-card-body ekit-accordion--content\">\n                            <p>Las asociaciones p\u00fablico-privadas (APP) constituyen una novedosa manera de contrataci\u00f3n del Estado. Su utilizaci\u00f3n implica una reducci\u00f3n de costos para la administraci\u00f3n p\u00fablica, la optimizaci\u00f3n de los resultados esperados, la transparencia y el libre juego entre todos los interesados en contratar con el Estado. En el presente trabajo se detallan todas la ventajas que implica la adopci\u00f3n de las APP en Entre R\u00edos.<\/p><p><a class=\"btn btn-danger btn-sm\" href=\"https:\/\/www.nuevasgeneraciones.com.ar\/sitio\/wp-content\/uploads\/documentos3\/_archivo\/03\/03_app_entrerios.pdf\" target=\"_blank\" rel=\"noopener\">Descargar<\/a><\/p>                        <\/div>\n\n                    <\/div>\n\n                <\/div><!-- .elementskit-card END -->\n\n                \n                <div class=\"elementskit-card \">\n                    <div class=\"elementskit-card-header\" id=\"primaryHeading-81-5d9826c3\">\n                        <a href=\"#collapse-24b8bb769f1b67031360\" class=\"ekit-accordion--toggler elementskit-btn-link collapsed\" data-ekit-toggle=\"collapse\" data-target=\"#Collapse-24b8bb769f1b67031360\" aria-expanded=\"false\" aria-controls=\"Collapse-24b8bb769f1b67031360\">\n                            \n                            <span class=\"ekit-accordion-title\">Creaci\u00f3n del Instituto para la Econom\u00eda Social de la Ciudad de Buenos Aires<\/span>\n\n                            \n                                <div class=\"ekit_accordion_icon_group\">\n                                    <div class=\"ekit_accordion_normal_icon\">\n                                        <!-- Normal Icon -->\n\t\t\t\t\t\t\t\t\t\t<i class=\"icon icon-plus\"><\/i>                                    <\/div>\n\n                                    <div class=\"ekit_accordion_active_icon\">\n                                        <!-- Active Icon -->\n\t\t\t\t\t\t\t\t\t\t<i class=\"icon icon-minus\"><\/i>                                    <\/div>\n                                <\/div>\n\n                            \n                                                    <\/a>\n                    <\/div>\n\n                    <div id=\"Collapse-24b8bb769f1b67031360\" class=\" collapse\" aria-labelledby=\"primaryHeading-81-5d9826c3\" data-parent=\"#accordion-69f1b67031360\">\n\n                        <div class=\"elementskit-card-body ekit-accordion--content\">\n                            <p>La Ciudad Aut\u00f3noma de Buenos Aires no cuenta con un organismo local para la econom\u00eda social. Dicha falencia, implica un vac\u00edo administrativo que en la actualidad es suplido por el Estado Nacional a trav\u00e9s del INAES, menoscabando de este modo la autonom\u00eda metropolitana. Ante dicho panorama, en el presente trabajo se propone la creaci\u00f3n del Instituto Aut\u00e1rquico de Econom\u00eda Social de la Ciudad Aut\u00f3noma de Buenos Aires.<\/p><p><a class=\"btn btn-danger btn-sm\" href=\"https:\/\/www.nuevasgeneraciones.com.ar\/sitio\/wp-content\/uploads\/documentos3\/_archivo\/03\/03_Creacion_instituto_economia_social_CABA.pdf\" target=\"_blank\" rel=\"noopener\">Descargar<\/a><\/p>                        <\/div>\n\n                    <\/div>\n\n                <\/div><!-- .elementskit-card END -->\n\n                \n                <div class=\"elementskit-card \">\n                    <div class=\"elementskit-card-header\" id=\"primaryHeading-82-5d9826c3\">\n                        <a href=\"#collapse-eaa00a869f1b67031360\" class=\"ekit-accordion--toggler elementskit-btn-link collapsed\" data-ekit-toggle=\"collapse\" data-target=\"#Collapse-eaa00a869f1b67031360\" aria-expanded=\"false\" aria-controls=\"Collapse-eaa00a869f1b67031360\">\n                            \n                            <span class=\"ekit-accordion-title\">La asignaci\u00f3n obligatoria de los excedentes y modificaciones presupuestarias por ley del Congreso Nacional<\/span>\n\n                            \n                                <div class=\"ekit_accordion_icon_group\">\n                                    <div class=\"ekit_accordion_normal_icon\">\n                                        <!-- Normal Icon -->\n\t\t\t\t\t\t\t\t\t\t<i class=\"icon icon-plus\"><\/i>                                    <\/div>\n\n                                    <div class=\"ekit_accordion_active_icon\">\n                                        <!-- Active Icon -->\n\t\t\t\t\t\t\t\t\t\t<i class=\"icon icon-minus\"><\/i>                                    <\/div>\n                                <\/div>\n\n                            \n                                                    <\/a>\n                    <\/div>\n\n                    <div id=\"Collapse-eaa00a869f1b67031360\" class=\" collapse\" aria-labelledby=\"primaryHeading-82-5d9826c3\" data-parent=\"#accordion-69f1b67031360\">\n\n                        <div class=\"elementskit-card-body ekit-accordion--content\">\n                            <p>Desde hace d\u00e9cadas y, en particular, durante los \u00faltimos 12 a\u00f1os, el Poder Ejecutivo Nacional ha recurrido a diferentes mecanismos distorsivos en materia de proyecci\u00f3n macroecon\u00f3mica, al momento de remitir al Congreso Nacional la ley de presupuesto de cada a\u00f1o. En el presente trabajo buscamos realizar una propuesta a fin de evitar la discrecionalidad sin control del Poder Ejecutivo Nacional. Se propone que el Congreso Nacional deba establecer por ley y dentro de un plazo determinado, el destino de los excedentes presupuestarios que puedan surgir durante la ejecuci\u00f3n del presupuesto.<\/p><p><a class=\"btn btn-danger btn-sm\" href=\"https:\/\/www.nuevasgeneraciones.com.ar\/sitio\/wp-content\/uploads\/documentos3\/_archivo\/03\/03_ley_excedentes_presupuestarios.pdf\" target=\"_blank\" rel=\"noopener\">Descargar<\/a><\/p>                        <\/div>\n\n                    <\/div>\n\n                <\/div><!-- .elementskit-card END -->\n\n                \n                <div class=\"elementskit-card \">\n                    <div class=\"elementskit-card-header\" id=\"primaryHeading-83-5d9826c3\">\n                        <a href=\"#collapse-90e1fe369f1b67031360\" class=\"ekit-accordion--toggler elementskit-btn-link collapsed\" data-ekit-toggle=\"collapse\" data-target=\"#Collapse-90e1fe369f1b67031360\" aria-expanded=\"false\" aria-controls=\"Collapse-90e1fe369f1b67031360\">\n                            \n                            <span class=\"ekit-accordion-title\">Asociaciones p\u00fablico \u2013 privadas, la moderna forma de contrataci\u00f3n estatal<\/span>\n\n                            \n                                <div class=\"ekit_accordion_icon_group\">\n                                    <div class=\"ekit_accordion_normal_icon\">\n                                        <!-- Normal Icon -->\n\t\t\t\t\t\t\t\t\t\t<i class=\"icon icon-plus\"><\/i>                                    <\/div>\n\n                                    <div class=\"ekit_accordion_active_icon\">\n                                        <!-- Active Icon -->\n\t\t\t\t\t\t\t\t\t\t<i class=\"icon icon-minus\"><\/i>                                    <\/div>\n                                <\/div>\n\n                            \n                                                    <\/a>\n                    <\/div>\n\n                    <div id=\"Collapse-90e1fe369f1b67031360\" class=\" collapse\" aria-labelledby=\"primaryHeading-83-5d9826c3\" data-parent=\"#accordion-69f1b67031360\">\n\n                        <div class=\"elementskit-card-body ekit-accordion--content\">\n                            <p>Las asociaciones p\u00fablico-privadas (APP) constituyen una novedosa manera de contrataci\u00f3n del Estado. Su utilizaci\u00f3n implica una reducci\u00f3n de costos para la administraci\u00f3n p\u00fablica, la optimizaci\u00f3n de los resultados esperados, el libre juego entre todos los interesados en contratar con el Estado y la transparencia. En el presente trabajo se detallan todas la ventajas que implica la adopci\u00f3n de las APP en Argentina.<\/p><p><a class=\"btn btn-danger btn-sm\" href=\"https:\/\/www.nuevasgeneraciones.com.ar\/sitio\/wp-content\/uploads\/documentos3\/_archivo\/03\/03_Asociaciones_publico_privadas.pdf\" target=\"_blank\" rel=\"noopener\">Descargar<\/a><\/p>                        <\/div>\n\n                    <\/div>\n\n                <\/div><!-- .elementskit-card END -->\n\n                \n                <div class=\"elementskit-card \">\n                    <div class=\"elementskit-card-header\" id=\"primaryHeading-84-5d9826c3\">\n                        <a href=\"#collapse-398424469f1b67031360\" class=\"ekit-accordion--toggler elementskit-btn-link collapsed\" data-ekit-toggle=\"collapse\" data-target=\"#Collapse-398424469f1b67031360\" aria-expanded=\"false\" aria-controls=\"Collapse-398424469f1b67031360\">\n                            \n                            <span class=\"ekit-accordion-title\">Creaci\u00f3n de un ente administrativo para el Puerto de San Nicol\u00e1s<\/span>\n\n                            \n                                <div class=\"ekit_accordion_icon_group\">\n                                    <div class=\"ekit_accordion_normal_icon\">\n                                        <!-- Normal Icon -->\n\t\t\t\t\t\t\t\t\t\t<i class=\"icon icon-plus\"><\/i>                                    <\/div>\n\n                                    <div class=\"ekit_accordion_active_icon\">\n                                        <!-- Active Icon -->\n\t\t\t\t\t\t\t\t\t\t<i class=\"icon icon-minus\"><\/i>                                    <\/div>\n                                <\/div>\n\n                            \n                                                    <\/a>\n                    <\/div>\n\n                    <div id=\"Collapse-398424469f1b67031360\" class=\" collapse\" aria-labelledby=\"primaryHeading-84-5d9826c3\" data-parent=\"#accordion-69f1b67031360\">\n\n                        <div class=\"elementskit-card-body ekit-accordion--content\">\n                            <p>La descentralizaci\u00f3n administrativa es esencial para la lograr el funcionamiento eficiente de los \u00f3rganos que conforman la estructura estatal. En el presente trabajo se propone la creaci\u00f3n de un ente aut\u00e1rquico que responda a las necesidades que presenta la administraci\u00f3n del puerto de San Nicol\u00e1s de los Arroyos. Su creaci\u00f3n redundar\u00e1 en una mejora en el manejo de dicha relevante terminal fluvial.<\/p><p><a class=\"btn btn-danger btn-sm\" href=\"https:\/\/www.nuevasgeneraciones.com.ar\/sitio\/wp-content\/uploads\/documentos3\/_archivo\/03\/03_ente_autarquico_puerto_san_nicolas.pdf \" target=\"_blank\" rel=\"noopener\">Descargar<\/a><\/p>                        <\/div>\n\n                    <\/div>\n\n                <\/div><!-- .elementskit-card END -->\n\n                \n                <div class=\"elementskit-card \">\n                    <div class=\"elementskit-card-header\" id=\"primaryHeading-85-5d9826c3\">\n                        <a href=\"#collapse-8acab0669f1b67031360\" class=\"ekit-accordion--toggler elementskit-btn-link collapsed\" data-ekit-toggle=\"collapse\" data-target=\"#Collapse-8acab0669f1b67031360\" aria-expanded=\"false\" aria-controls=\"Collapse-8acab0669f1b67031360\">\n                            \n                            <span class=\"ekit-accordion-title\">Necesidad de dotar al silencio administrativo de su verdadero significado<\/span>\n\n                            \n                                <div class=\"ekit_accordion_icon_group\">\n                                    <div class=\"ekit_accordion_normal_icon\">\n                                        <!-- Normal Icon -->\n\t\t\t\t\t\t\t\t\t\t<i class=\"icon icon-plus\"><\/i>                                    <\/div>\n\n                                    <div class=\"ekit_accordion_active_icon\">\n                                        <!-- Active Icon -->\n\t\t\t\t\t\t\t\t\t\t<i class=\"icon icon-minus\"><\/i>                                    <\/div>\n                                <\/div>\n\n                            \n                                                    <\/a>\n                    <\/div>\n\n                    <div id=\"Collapse-8acab0669f1b67031360\" class=\" collapse\" aria-labelledby=\"primaryHeading-85-5d9826c3\" data-parent=\"#accordion-69f1b67031360\">\n\n                        <div class=\"elementskit-card-body ekit-accordion--content\">\n                            <p>En el presente trabajo se propone que las dependencias del Estado Nacional en las que se atiende al p\u00fablico en general, cuenten con personal id\u00f3neo en la comunicaci\u00f3n mediante la Lengua de Se\u00f1as Argentina como un paso m\u00e1s en la inclusi\u00f3n de las personas con alg\u00fan tipo de discapacidad auditiva.<\/p><p><a class=\"btn btn-danger btn-sm\" href=\"https:\/\/www.nuevasgeneraciones.com.ar\/sitio\/wp-content\/uploads\/documentos3\/_archivo\/03\/03_silencio_administrativo.pdf\" target=\"_blank\" rel=\"noopener\">Descargar<\/a><\/p>                        <\/div>\n\n                    <\/div>\n\n                <\/div><!-- .elementskit-card END -->\n\n                \n                <div class=\"elementskit-card \">\n                    <div class=\"elementskit-card-header\" id=\"primaryHeading-86-5d9826c3\">\n                        <a href=\"#collapse-1677c0a69f1b67031360\" class=\"ekit-accordion--toggler elementskit-btn-link collapsed\" data-ekit-toggle=\"collapse\" data-target=\"#Collapse-1677c0a69f1b67031360\" aria-expanded=\"false\" aria-controls=\"Collapse-1677c0a69f1b67031360\">\n                            \n                            <span class=\"ekit-accordion-title\">Lengua de Se\u00f1as Argentina en las oficinas p\u00fablicas del Estado Nacional<\/span>\n\n                            \n                                <div class=\"ekit_accordion_icon_group\">\n                                    <div class=\"ekit_accordion_normal_icon\">\n                                        <!-- Normal Icon -->\n\t\t\t\t\t\t\t\t\t\t<i class=\"icon icon-plus\"><\/i>                                    <\/div>\n\n                                    <div class=\"ekit_accordion_active_icon\">\n                                        <!-- Active Icon -->\n\t\t\t\t\t\t\t\t\t\t<i class=\"icon icon-minus\"><\/i>                                    <\/div>\n                                <\/div>\n\n                            \n                                                    <\/a>\n                    <\/div>\n\n                    <div id=\"Collapse-1677c0a69f1b67031360\" class=\" collapse\" aria-labelledby=\"primaryHeading-86-5d9826c3\" data-parent=\"#accordion-69f1b67031360\">\n\n                        <div class=\"elementskit-card-body ekit-accordion--content\">\n                            <p>En el presente trabajo se propone que las dependencias del Estado Nacional en las que se atiende al p\u00fablico en general, cuenten con personal id\u00f3neo en la comunicaci\u00f3n mediante la Lengua de Se\u00f1as Argentina como un paso m\u00e1s en la inclusi\u00f3n de las personas con alg\u00fan tipo de discapacidad auditiva.<\/p><p><a class=\"btn btn-danger btn-sm\" href=\"https:\/\/www.nuevasgeneraciones.com.ar\/sitio\/wp-content\/uploads\/documentos3\/_archivo\/03\/03lenguaje_senias_estado.pdf\" target=\"_blank\" rel=\"noopener\">Descargar<\/a><\/p>                        <\/div>\n\n                    <\/div>\n\n                <\/div><!-- .elementskit-card END -->\n\n                \n                <div class=\"elementskit-card \">\n                    <div class=\"elementskit-card-header\" id=\"primaryHeading-87-5d9826c3\">\n                        <a href=\"#collapse-a8e365a69f1b67031360\" class=\"ekit-accordion--toggler elementskit-btn-link collapsed\" data-ekit-toggle=\"collapse\" data-target=\"#Collapse-a8e365a69f1b67031360\" aria-expanded=\"false\" aria-controls=\"Collapse-a8e365a69f1b67031360\">\n                            \n                            <span class=\"ekit-accordion-title\">Creaci\u00f3n de una Agencia de Transparencia a nivel municipal<\/span>\n\n                            \n                                <div class=\"ekit_accordion_icon_group\">\n                                    <div class=\"ekit_accordion_normal_icon\">\n                                        <!-- Normal Icon -->\n\t\t\t\t\t\t\t\t\t\t<i class=\"icon icon-plus\"><\/i>                                    <\/div>\n\n                                    <div class=\"ekit_accordion_active_icon\">\n                                        <!-- Active Icon -->\n\t\t\t\t\t\t\t\t\t\t<i class=\"icon icon-minus\"><\/i>                                    <\/div>\n                                <\/div>\n\n                            \n                                                    <\/a>\n                    <\/div>\n\n                    <div id=\"Collapse-a8e365a69f1b67031360\" class=\" collapse\" aria-labelledby=\"primaryHeading-87-5d9826c3\" data-parent=\"#accordion-69f1b67031360\">\n\n                        <div class=\"elementskit-card-body ekit-accordion--content\">\n                            <p>La Constituci\u00f3n Nacional reconoce el derecho de todos los ciudadanos a acceder libremente a la informaci\u00f3n p\u00fablica. Pese a ello no contamos con legislaci\u00f3n en la materia. En el presente trabajo se propone la creaci\u00f3n, a nivel municipal, de una Agencia de Transparencia destinada a gestionar los pedidos de informaci\u00f3n p\u00fablica a la que deseen acceder los ciudadanos de cada localidad.<\/p><p><a class=\"btn btn-danger btn-sm\" href=\"https:\/\/www.nuevasgeneraciones.com.ar\/sitio\/wp-content\/uploads\/documentos3\/_archivo\/03\/Agencia_transparencia_municipal.pdf\" target=\"_blank\" rel=\"noopener\">Descargar<\/a><\/p>                        <\/div>\n\n                    <\/div>\n\n                <\/div><!-- .elementskit-card END -->\n\n                \n                <div class=\"elementskit-card \">\n                    <div class=\"elementskit-card-header\" id=\"primaryHeading-88-5d9826c3\">\n                        <a href=\"#collapse-a697dc469f1b67031360\" class=\"ekit-accordion--toggler elementskit-btn-link collapsed\" data-ekit-toggle=\"collapse\" data-target=\"#Collapse-a697dc469f1b67031360\" aria-expanded=\"false\" aria-controls=\"Collapse-a697dc469f1b67031360\">\n                            \n                            <span class=\"ekit-accordion-title\">Recomendaciones de la Uni\u00f3n Europea en materia de anticorrupci\u00f3n<\/span>\n\n                            \n                                <div class=\"ekit_accordion_icon_group\">\n                                    <div class=\"ekit_accordion_normal_icon\">\n                                        <!-- Normal Icon -->\n\t\t\t\t\t\t\t\t\t\t<i class=\"icon icon-plus\"><\/i>                                    <\/div>\n\n                                    <div class=\"ekit_accordion_active_icon\">\n                                        <!-- Active Icon -->\n\t\t\t\t\t\t\t\t\t\t<i class=\"icon icon-minus\"><\/i>                                    <\/div>\n                                <\/div>\n\n                            \n                                                    <\/a>\n                    <\/div>\n\n                    <div id=\"Collapse-a697dc469f1b67031360\" class=\" collapse\" aria-labelledby=\"primaryHeading-88-5d9826c3\" data-parent=\"#accordion-69f1b67031360\">\n\n                        <div class=\"elementskit-card-body ekit-accordion--content\">\n                            <p>El primer reporte de la Uni\u00f3n Europea (UE) sobre anticorrupci\u00f3n realiza un paneo de la situaci\u00f3n en los pa\u00edses miembros, para luego arribar a una serie de conclusiones en base a la informaci\u00f3n relevada. Este trabajo realiza un an\u00e1lisis de dicho reporte con miras a incorporar sus conclusiones a las acciones en la lucha contra la corrupci\u00f3n en Am\u00e9rica Latina.<\/p><p><a class=\"btn btn-danger btn-sm\" href=\"https:\/\/www.nuevasgeneraciones.com.ar\/sitio\/wp-content\/uploads\/documentos3\/_archivo\/03\/Recomendaciones_UE_anticorrupcion.pdf\" target=\"_blank\" rel=\"noopener\">Descargar<\/a><\/p>                        <\/div>\n\n                    <\/div>\n\n                <\/div><!-- .elementskit-card END -->\n\n                \n                <div class=\"elementskit-card \">\n                    <div class=\"elementskit-card-header\" id=\"primaryHeading-89-5d9826c3\">\n                        <a href=\"#collapse-a5199ce69f1b67031360\" class=\"ekit-accordion--toggler elementskit-btn-link collapsed\" data-ekit-toggle=\"collapse\" data-target=\"#Collapse-a5199ce69f1b67031360\" aria-expanded=\"false\" aria-controls=\"Collapse-a5199ce69f1b67031360\">\n                            \n                            <span class=\"ekit-accordion-title\">Herramientas para mejorar el control presupuestario en el Congreso<\/span>\n\n                            \n                                <div class=\"ekit_accordion_icon_group\">\n                                    <div class=\"ekit_accordion_normal_icon\">\n                                        <!-- Normal Icon -->\n\t\t\t\t\t\t\t\t\t\t<i class=\"icon icon-plus\"><\/i>                                    <\/div>\n\n                                    <div class=\"ekit_accordion_active_icon\">\n                                        <!-- Active Icon -->\n\t\t\t\t\t\t\t\t\t\t<i class=\"icon icon-minus\"><\/i>                                    <\/div>\n                                <\/div>\n\n                            \n                                                    <\/a>\n                    <\/div>\n\n                    <div id=\"Collapse-a5199ce69f1b67031360\" class=\" collapse\" aria-labelledby=\"primaryHeading-89-5d9826c3\" data-parent=\"#accordion-69f1b67031360\">\n\n                        <div class=\"elementskit-card-body ekit-accordion--content\">\n                            <p>El presente trabajo propone un mecanismo para dotar de mayor transparencia y control al presupuesto nacional. Para ello se establece que el Congreso de la Naci\u00f3n realice una revisi\u00f3n de medio t\u00e9rmino de los preceptos b\u00e1sicos del presupuesto nacional y su ejecuci\u00f3n parcial.<\/p><p><a class=\"btn btn-danger btn-sm\" href=\"https:\/\/www.nuevasgeneraciones.com.ar\/sitio\/wp-content\/uploads\/documentos3\/_archivo\/03\/201312_control%20presupuesto.pdf\" target=\"_blank\" rel=\"noopener\">Descargar<\/a><\/p>                        <\/div>\n\n                    <\/div>\n\n                <\/div><!-- .elementskit-card END -->\n\n                \n                <div class=\"elementskit-card \">\n                    <div class=\"elementskit-card-header\" id=\"primaryHeading-90-5d9826c3\">\n                        <a href=\"#collapse-0ee1c3269f1b67031360\" class=\"ekit-accordion--toggler elementskit-btn-link collapsed\" data-ekit-toggle=\"collapse\" data-target=\"#Collapse-0ee1c3269f1b67031360\" aria-expanded=\"false\" aria-controls=\"Collapse-0ee1c3269f1b67031360\">\n                            \n                            <span class=\"ekit-accordion-title\">Un Plan Nacional de Desarrollo para la Rep\u00fablica Argentina<\/span>\n\n                            \n                                <div class=\"ekit_accordion_icon_group\">\n                                    <div class=\"ekit_accordion_normal_icon\">\n                                        <!-- Normal Icon -->\n\t\t\t\t\t\t\t\t\t\t<i class=\"icon icon-plus\"><\/i>                                    <\/div>\n\n                                    <div class=\"ekit_accordion_active_icon\">\n                                        <!-- Active Icon -->\n\t\t\t\t\t\t\t\t\t\t<i class=\"icon icon-minus\"><\/i>                                    <\/div>\n                                <\/div>\n\n                            \n                                                    <\/a>\n                    <\/div>\n\n                    <div id=\"Collapse-0ee1c3269f1b67031360\" class=\" collapse\" aria-labelledby=\"primaryHeading-90-5d9826c3\" data-parent=\"#accordion-69f1b67031360\">\n\n                        <div class=\"elementskit-card-body ekit-accordion--content\">\n                            <p>Este informe propone la creaci\u00f3n de una norma que exija a cada presidente al comienzo de su mandato, la presentaci\u00f3n de un plan en el cual se establezcan de manera clara sus metas presidenciales. La existencia de este plan permitir\u00e1, por un lado, dar previsibilidad al accionar del gobierno y, por el otro, la evaluaci\u00f3n del rendimiento de cada mandatario por parte de la sociedad civil y los actores pol\u00edticos.<\/p><p><a class=\"btn btn-danger btn-sm\" href=\"https:\/\/www.nuevasgeneraciones.com.ar\/sitio\/wp-content\/uploads\/documentos3\/_archivo\/03\/201311_plan_nacional_desarrollo.pdf\" target=\"_blank\" rel=\"noopener\">Descargar<\/a><\/p>                        <\/div>\n\n                    <\/div>\n\n                <\/div><!-- .elementskit-card END -->\n\n                \n                <div class=\"elementskit-card \">\n                    <div class=\"elementskit-card-header\" id=\"primaryHeading-91-5d9826c3\">\n                        <a href=\"#collapse-63bf3ed69f1b67031360\" class=\"ekit-accordion--toggler elementskit-btn-link collapsed\" data-ekit-toggle=\"collapse\" data-target=\"#Collapse-63bf3ed69f1b67031360\" aria-expanded=\"false\" aria-controls=\"Collapse-63bf3ed69f1b67031360\">\n                            \n                            <span class=\"ekit-accordion-title\">Reglamentaci\u00f3n del uso de los fondos de la ANSES<\/span>\n\n                            \n                                <div class=\"ekit_accordion_icon_group\">\n                                    <div class=\"ekit_accordion_normal_icon\">\n                                        <!-- Normal Icon -->\n\t\t\t\t\t\t\t\t\t\t<i class=\"icon icon-plus\"><\/i>                                    <\/div>\n\n                                    <div class=\"ekit_accordion_active_icon\">\n                                        <!-- Active Icon -->\n\t\t\t\t\t\t\t\t\t\t<i class=\"icon icon-minus\"><\/i>                                    <\/div>\n                                <\/div>\n\n                            \n                                                    <\/a>\n                    <\/div>\n\n                    <div id=\"Collapse-63bf3ed69f1b67031360\" class=\" collapse\" aria-labelledby=\"primaryHeading-91-5d9826c3\" data-parent=\"#accordion-69f1b67031360\">\n\n                        <div class=\"elementskit-card-body ekit-accordion--content\">\n                            <p>Desde la estatizaci\u00f3n de las Administradoras de Fondos de Jubilaciones y Pensiones, la Administraci\u00f3n Nacional de Seguridad Social ha pasado a ser titular de las acciones que ellas ten\u00edan dentro de sus carteras de capital. En el presente trabajo se proponen los mecanismos necesarios para la reglamentaci\u00f3n del uso de dichos fondos.<\/p><p><a class=\"btn btn-danger btn-sm\" href=\"https:\/\/www.nuevasgeneraciones.com.ar\/sitio\/wp-content\/uploads\/documentos3\/_archivo\/03\/201311_uso_fondos.pdf\" target=\"_blank\" rel=\"noopener\">Descargar<\/a><\/p>                        <\/div>\n\n                    <\/div>\n\n                <\/div><!-- .elementskit-card END -->\n\n                \n                <div class=\"elementskit-card \">\n                    <div class=\"elementskit-card-header\" id=\"primaryHeading-92-5d9826c3\">\n                        <a href=\"#collapse-a4d8fd569f1b67031360\" class=\"ekit-accordion--toggler elementskit-btn-link collapsed\" data-ekit-toggle=\"collapse\" data-target=\"#Collapse-a4d8fd569f1b67031360\" aria-expanded=\"false\" aria-controls=\"Collapse-a4d8fd569f1b67031360\">\n                            \n                            <span class=\"ekit-accordion-title\">Propuesta de sustentabilidad en la Administraci\u00f3n P\u00fablica<\/span>\n\n                            \n                                <div class=\"ekit_accordion_icon_group\">\n                                    <div class=\"ekit_accordion_normal_icon\">\n                                        <!-- Normal Icon -->\n\t\t\t\t\t\t\t\t\t\t<i class=\"icon icon-plus\"><\/i>                                    <\/div>\n\n                                    <div class=\"ekit_accordion_active_icon\">\n                                        <!-- Active Icon -->\n\t\t\t\t\t\t\t\t\t\t<i class=\"icon icon-minus\"><\/i>                                    <\/div>\n                                <\/div>\n\n                            \n                                                    <\/a>\n                    <\/div>\n\n                    <div id=\"Collapse-a4d8fd569f1b67031360\" class=\" collapse\" aria-labelledby=\"primaryHeading-92-5d9826c3\" data-parent=\"#accordion-69f1b67031360\">\n\n                        <div class=\"elementskit-card-body ekit-accordion--content\">\n                            <p>La Administraci\u00f3n P\u00fablica Nacional ha incrementado la cantidad de empleados p\u00fablicos en la \u00faltima d\u00e9cada en un 35%, variaci\u00f3n que se ubica muy por encima de la variaci\u00f3n de la poblaci\u00f3n del pa\u00eds. La siguiente propuesta de sustentabilidad en la plantilla de empleados p\u00fablicos de la APN se basa en tres pilares: jubilaci\u00f3n voluntaria anticipada para todos aquellos empleados que tengan entre 25 y 35 a\u00f1os de antig\u00fcedad, retiro voluntario anticipado para aquellos que hayan cumplimentado entre 6 y 25 a\u00f1os de servicios, y el congelamiento de las vacantes. De esta manera, el objetivo del proyecto es realizar de manera paulatina una reestructuraci\u00f3n de los costos de la administraci\u00f3n p\u00fablica que permita llevar la cantidad de los recursos humanos a niveles sostenibles.<\/p><p><a class=\"btn btn-danger btn-sm\" href=\"https:\/\/www.nuevasgeneraciones.com.ar\/sitio\/wp-content\/uploads\/documentos3\/_archivo\/03\/201310%20retiro_voluntario.pdf\" target=\"_blank\" rel=\"noopener\">Descargar<\/a><\/p>                        <\/div>\n\n                    <\/div>\n\n                <\/div><!-- .elementskit-card END -->\n\n                \n                <div class=\"elementskit-card \">\n                    <div class=\"elementskit-card-header\" id=\"primaryHeading-93-5d9826c3\">\n                        <a href=\"#collapse-adcdd5569f1b67031360\" class=\"ekit-accordion--toggler elementskit-btn-link collapsed\" data-ekit-toggle=\"collapse\" data-target=\"#Collapse-adcdd5569f1b67031360\" aria-expanded=\"false\" aria-controls=\"Collapse-adcdd5569f1b67031360\">\n                            \n                            <span class=\"ekit-accordion-title\">Responsabilidad patrimonial de los agentes del Estado<\/span>\n\n                            \n                                <div class=\"ekit_accordion_icon_group\">\n                                    <div class=\"ekit_accordion_normal_icon\">\n                                        <!-- Normal Icon -->\n\t\t\t\t\t\t\t\t\t\t<i class=\"icon icon-plus\"><\/i>                                    <\/div>\n\n                                    <div class=\"ekit_accordion_active_icon\">\n                                        <!-- Active Icon -->\n\t\t\t\t\t\t\t\t\t\t<i class=\"icon icon-minus\"><\/i>                                    <\/div>\n                                <\/div>\n\n                            \n                                                    <\/a>\n                    <\/div>\n\n                    <div id=\"Collapse-adcdd5569f1b67031360\" class=\" collapse\" aria-labelledby=\"primaryHeading-93-5d9826c3\" data-parent=\"#accordion-69f1b67031360\">\n\n                        <div class=\"elementskit-card-body ekit-accordion--content\">\n                            <p>Los actos y hechos il\u00edcitos realizados por los funcionarios p\u00fablicos le generan responsabilidad patrimonial al Estado. En la mayor\u00eda de los casos el funcionario suele quedar indemne aunque haya actuado con dolo o culpa grave, quedando de esta manera desprotegido el erario p\u00fablico y consolidada la impunidad de los funcionarios. La intenci\u00f3n de este trabajo es brindar herramientas que sirvan para la reposici\u00f3n de los gastos efectuados por el erario y el castigo de actos il\u00edcitos de los funcionarios.<\/p><p><a class=\"btn btn-danger btn-sm\" href=\"https:\/\/www.nuevasgeneraciones.com.ar\/sitio\/wp-content\/uploads\/documentos3\/_archivo\/03\/201308%20Responsabilidad%20patrimonial%20de%20los%20agentes%20del%20Estado.pdf\" target=\"_blank\" rel=\"noopener\">Descargar<\/a><\/p>                        <\/div>\n\n                    <\/div>\n\n                <\/div><!-- .elementskit-card END -->\n\n                \n                <div class=\"elementskit-card \">\n                    <div class=\"elementskit-card-header\" id=\"primaryHeading-94-5d9826c3\">\n                        <a href=\"#collapse-5e2201b69f1b67031360\" class=\"ekit-accordion--toggler elementskit-btn-link collapsed\" data-ekit-toggle=\"collapse\" data-target=\"#Collapse-5e2201b69f1b67031360\" aria-expanded=\"false\" aria-controls=\"Collapse-5e2201b69f1b67031360\">\n                            \n                            <span class=\"ekit-accordion-title\">Derechos y obligaciones en la sociedad de consumo<\/span>\n\n                            \n                                <div class=\"ekit_accordion_icon_group\">\n                                    <div class=\"ekit_accordion_normal_icon\">\n                                        <!-- Normal Icon -->\n\t\t\t\t\t\t\t\t\t\t<i class=\"icon icon-plus\"><\/i>                                    <\/div>\n\n                                    <div class=\"ekit_accordion_active_icon\">\n                                        <!-- Active Icon -->\n\t\t\t\t\t\t\t\t\t\t<i class=\"icon icon-minus\"><\/i>                                    <\/div>\n                                <\/div>\n\n                            \n                                                    <\/a>\n                    <\/div>\n\n                    <div id=\"Collapse-5e2201b69f1b67031360\" class=\" collapse\" aria-labelledby=\"primaryHeading-94-5d9826c3\" data-parent=\"#accordion-69f1b67031360\">\n\n                        <div class=\"elementskit-card-body ekit-accordion--content\">\n                            <p>El consumo es un hecho cotidiano y constituye una caracter\u00edstica esencial de la sociedad capitalista moderna. Sea en forma colectiva o individual, a los usuarios y consumidores se les presentan problemas que requieren respuestas adecuadas y eficaces y tutela por parte del Estado.<\/p><p><a class=\"btn btn-danger btn-sm\" href=\"https:\/\/www.nuevasgeneraciones.com.ar\/sitio\/wp-content\/uploads\/documentos3\/_archivo\/03\/201305%20Derechos%20y%20obligaciones%20en%20la%20sociedad%20de%20consumo.pdf\" target=\"_blank\" rel=\"noopener\">Descargar<\/a><\/p>                        <\/div>\n\n                    <\/div>\n\n                <\/div><!-- .elementskit-card END -->\n\n                \n                <div class=\"elementskit-card \">\n                    <div class=\"elementskit-card-header\" id=\"primaryHeading-95-5d9826c3\">\n                        <a href=\"#collapse-487eb9c69f1b67031360\" class=\"ekit-accordion--toggler elementskit-btn-link collapsed\" data-ekit-toggle=\"collapse\" data-target=\"#Collapse-487eb9c69f1b67031360\" aria-expanded=\"false\" aria-controls=\"Collapse-487eb9c69f1b67031360\">\n                            \n                            <span class=\"ekit-accordion-title\">El Congreso de la Naci\u00f3n y la aprobaci\u00f3n de DNU<\/span>\n\n                            \n                                <div class=\"ekit_accordion_icon_group\">\n                                    <div class=\"ekit_accordion_normal_icon\">\n                                        <!-- Normal Icon -->\n\t\t\t\t\t\t\t\t\t\t<i class=\"icon icon-plus\"><\/i>                                    <\/div>\n\n                                    <div class=\"ekit_accordion_active_icon\">\n                                        <!-- Active Icon -->\n\t\t\t\t\t\t\t\t\t\t<i class=\"icon icon-minus\"><\/i>                                    <\/div>\n                                <\/div>\n\n                            \n                                                    <\/a>\n                    <\/div>\n\n                    <div id=\"Collapse-487eb9c69f1b67031360\" class=\" collapse\" aria-labelledby=\"primaryHeading-95-5d9826c3\" data-parent=\"#accordion-69f1b67031360\">\n\n                        <div class=\"elementskit-card-body ekit-accordion--content\">\n                            <p>Los Decretos de Necesidad y Urgencia son una herramienta de gobierno para facilitar en casos de apremio la labor del Presidente de la Rep\u00fablica Argentina. En el presente trabajo se plantean modificaciones al tr\u00e1mite que el Congreso de la Naci\u00f3n otorga a dichos decretos, con el objeto de mejorar el rol de control de \u00e9ste organismo.<\/p><p><a class=\"btn btn-danger btn-sm\" href=\"https:\/\/www.nuevasgeneraciones.com.ar\/sitio\/wp-content\/uploads\/documentos3\/_archivo\/03\/03_Congreso_aprobacion_DNU.pdf\" target=\"_blank\" rel=\"noopener\">Descargar<\/a><\/p>                        <\/div>\n\n                    <\/div>\n\n                <\/div><!-- .elementskit-card END -->\n\n                \n                <div class=\"elementskit-card \">\n                    <div class=\"elementskit-card-header\" id=\"primaryHeading-96-5d9826c3\">\n                        <a href=\"#collapse-c8652c169f1b67031360\" class=\"ekit-accordion--toggler elementskit-btn-link collapsed\" data-ekit-toggle=\"collapse\" data-target=\"#Collapse-c8652c169f1b67031360\" aria-expanded=\"false\" aria-controls=\"Collapse-c8652c169f1b67031360\">\n                            \n                            <span class=\"ekit-accordion-title\">Mecanismos alternativos de resoluci\u00f3n de conflictos<\/span>\n\n                            \n                                <div class=\"ekit_accordion_icon_group\">\n                                    <div class=\"ekit_accordion_normal_icon\">\n                                        <!-- Normal Icon -->\n\t\t\t\t\t\t\t\t\t\t<i class=\"icon icon-plus\"><\/i>                                    <\/div>\n\n                                    <div class=\"ekit_accordion_active_icon\">\n                                        <!-- Active Icon -->\n\t\t\t\t\t\t\t\t\t\t<i class=\"icon icon-minus\"><\/i>                                    <\/div>\n                                <\/div>\n\n                            \n                                                    <\/a>\n                    <\/div>\n\n                    <div id=\"Collapse-c8652c169f1b67031360\" class=\" collapse\" aria-labelledby=\"primaryHeading-96-5d9826c3\" data-parent=\"#accordion-69f1b67031360\">\n\n                        <div class=\"elementskit-card-body ekit-accordion--content\">\n                            <p>La incapacidad del sistema adversarial cl\u00e1sico con fuente en el litigio judicial para atender con eficiencia las demandas de los justiciables exige adoptar mecanismos alternativos de resoluci\u00f3n de conflictos que constituyan soluciones efectivas, r\u00e1pidas y menos onerosas, y que promuevan la participaci\u00f3n de la comunidad en la gesti\u00f3n de sus propios conflictos. En este trabajo proponemos un sistema alternativo de composici\u00f3n arbitral para los asuntos de vecindad y de menor cuant\u00eda por medio del cual los particulares participan en la soluci\u00f3n de sus conflictos sin las desventajas que supone el acceso a la jurisdicci\u00f3n.<\/p><p><a class=\"btn btn-danger btn-sm\" href=\"https:\/\/www.nuevasgeneraciones.com.ar\/sitio\/wp-content\/uploads\/documentos3\/_archivo\/03\/201311_uso_fondos.pdf\" target=\"_blank\" rel=\"noopener\">Descargar<\/a><\/p>                        <\/div>\n\n                    <\/div>\n\n                <\/div><!-- .elementskit-card END -->\n\n                \n                <div class=\"elementskit-card \">\n                    <div class=\"elementskit-card-header\" id=\"primaryHeading-97-5d9826c3\">\n                        <a href=\"#collapse-d46223369f1b67031360\" class=\"ekit-accordion--toggler elementskit-btn-link collapsed\" data-ekit-toggle=\"collapse\" data-target=\"#Collapse-d46223369f1b67031360\" aria-expanded=\"false\" aria-controls=\"Collapse-d46223369f1b67031360\">\n                            \n                            <span class=\"ekit-accordion-title\">Meritocracia en el reclutamiento de los recursos humanos<\/span>\n\n                            \n                                <div class=\"ekit_accordion_icon_group\">\n                                    <div class=\"ekit_accordion_normal_icon\">\n                                        <!-- Normal Icon -->\n\t\t\t\t\t\t\t\t\t\t<i class=\"icon icon-plus\"><\/i>                                    <\/div>\n\n                                    <div class=\"ekit_accordion_active_icon\">\n                                        <!-- Active Icon -->\n\t\t\t\t\t\t\t\t\t\t<i class=\"icon icon-minus\"><\/i>                                    <\/div>\n                                <\/div>\n\n                            \n                                                    <\/a>\n                    <\/div>\n\n                    <div id=\"Collapse-d46223369f1b67031360\" class=\" collapse\" aria-labelledby=\"primaryHeading-97-5d9826c3\" data-parent=\"#accordion-69f1b67031360\">\n\n                        <div class=\"elementskit-card-body ekit-accordion--content\">\n                            <p>El presente informe, toma como referencia la necesidad de modernizaci\u00f3n del Estado. En ese sentido, pone foco en ofrecer un marco general para la mejora en las pr\u00e1cticas que integran el proceso de selecci\u00f3n e ingreso de los recursos humanos a los organismos de la Administraci\u00f3n P\u00fablica Nacional.<\/p><p><a class=\"btn btn-danger btn-sm\" href=\"https:\/\/www.nuevasgeneraciones.com.ar\/sitio\/wp-content\/uploads\/documentos3\/_archivo\/03\/2012s1%20Meritocracia%20en%20el%20reclutamiento%20de%20los%20recursos%20humanos.pdf\" target=\"_blank\" rel=\"noopener\">Descargar<\/a><\/p>                        <\/div>\n\n                    <\/div>\n\n                <\/div><!-- .elementskit-card END -->\n\n                \n                <div class=\"elementskit-card \">\n                    <div class=\"elementskit-card-header\" id=\"primaryHeading-98-5d9826c3\">\n                        <a href=\"#collapse-ee831c269f1b67031360\" class=\"ekit-accordion--toggler elementskit-btn-link collapsed\" data-ekit-toggle=\"collapse\" data-target=\"#Collapse-ee831c269f1b67031360\" aria-expanded=\"false\" aria-controls=\"Collapse-ee831c269f1b67031360\">\n                            \n                            <span class=\"ekit-accordion-title\">Publicidad de Gastos y Avances en Obras P\u00fablicas Nacionales<\/span>\n\n                            \n                                <div class=\"ekit_accordion_icon_group\">\n                                    <div class=\"ekit_accordion_normal_icon\">\n                                        <!-- Normal Icon -->\n\t\t\t\t\t\t\t\t\t\t<i class=\"icon icon-plus\"><\/i>                                    <\/div>\n\n                                    <div class=\"ekit_accordion_active_icon\">\n                                        <!-- Active Icon -->\n\t\t\t\t\t\t\t\t\t\t<i class=\"icon icon-minus\"><\/i>                                    <\/div>\n                                <\/div>\n\n                            \n                                                    <\/a>\n                    <\/div>\n\n                    <div id=\"Collapse-ee831c269f1b67031360\" class=\" collapse\" aria-labelledby=\"primaryHeading-98-5d9826c3\" data-parent=\"#accordion-69f1b67031360\">\n\n                        <div class=\"elementskit-card-body ekit-accordion--content\">\n                            <p>Las mayor\u00eda de las veces, el conocimiento que la sociedad tiene respecto de una obra p\u00fablica determinada, se limita al anuncio realizado al momento de proyectarla o en el instante en que se coloca la piedra fundamental. Luego de publicitados los proyectos quedan dormidos, hasta que al cabo de algunos a\u00f1os, se anuncia la reanudaci\u00f3n de las obras como si se tratase de algo novedoso. En ese sentido, son pocas las herramientas con que cuenta el p\u00fablico para seguir el avance de las obras proyectadas o los fondos gastados en llevarlas a cabo. En el presente trabajo, se propone la creaci\u00f3n de un sitio web denominado Observatorio de Obra P\u00fablica. Esta herramienta de control, servir\u00e1 para que todo ciudadano pueda medir, en tiempo real, el grado de avance de las obras p\u00fablicas y sus costos.<\/p><p><a class=\"btn btn-danger btn-sm\" href=\"https:\/\/www.nuevasgeneraciones.com.ar\/sitio\/wp-content\/uploads\/documentos3\/_archivo\/03\/03_publicidad_obras_publicas.pdf\" target=\"_blank\" rel=\"noopener\">Descargar<\/a><\/p>                        <\/div>\n\n                    <\/div>\n\n                <\/div><!-- .elementskit-card END -->\n\n                \n                <div class=\"elementskit-card \">\n                    <div class=\"elementskit-card-header\" id=\"primaryHeading-99-5d9826c3\">\n                        <a href=\"#collapse-a57489669f1b67031360\" class=\"ekit-accordion--toggler elementskit-btn-link collapsed\" data-ekit-toggle=\"collapse\" data-target=\"#Collapse-a57489669f1b67031360\" aria-expanded=\"false\" aria-controls=\"Collapse-a57489669f1b67031360\">\n                            \n                            <span class=\"ekit-accordion-title\">Propuesta para la creaci\u00f3n de un registro de bienes inmuebles del Estado<\/span>\n\n                            \n                                <div class=\"ekit_accordion_icon_group\">\n                                    <div class=\"ekit_accordion_normal_icon\">\n                                        <!-- Normal Icon -->\n\t\t\t\t\t\t\t\t\t\t<i class=\"icon icon-plus\"><\/i>                                    <\/div>\n\n                                    <div class=\"ekit_accordion_active_icon\">\n                                        <!-- Active Icon -->\n\t\t\t\t\t\t\t\t\t\t<i class=\"icon icon-minus\"><\/i>                                    <\/div>\n                                <\/div>\n\n                            \n                                                    <\/a>\n                    <\/div>\n\n                    <div id=\"Collapse-a57489669f1b67031360\" class=\" collapse\" aria-labelledby=\"primaryHeading-99-5d9826c3\" data-parent=\"#accordion-69f1b67031360\">\n\n                        <div class=\"elementskit-card-body ekit-accordion--content\">\n                            <p>El presente trabajo legislativo tiene por objetivo proponer la creaci\u00f3n del Registro Nacional de Bienes Inmuebles del Estado, un registro nacional en el que se deber\u00e1n asentar todos los bienes inmuebles de dominio privado de propiedad del estado nacional y\/o aquellas personas jur\u00eddicas controladas mayoritariamente por \u00e9ste, incluyendo sus dimensiones, terrenos linderos y datos catastrales a los fines de poder (i) mantener un registro de todos los inmuebles de propiedad del estado, (ii) controlar el uso y administraci\u00f3n fiel de estos inmuebles por parte de las autoridades competentes y por toda la ciudadan\u00eda, ya que se prev\u00e9 que la informaci\u00f3n contenida en el registro se encuentra cargada en una p\u00e1gina web; (iii) evitar la afectaci\u00f3n o sustracci\u00f3n de estos bienes propiedad del erario p\u00fablico a favor de privados; (iv) posibilidad de identificar terrenos para el desarrollo de viviendas; (v) procurar la correcta administraci\u00f3n de estos inmuebles por parte de las autoridades competentes, evitando la usurpaci\u00f3n o intrusi\u00f3n de los mismos por particulares.<\/p><p><a class=\"btn btn-danger btn-sm\" href=\"https:\/\/www.nuevasgeneraciones.com.ar\/sitio\/wp-content\/uploads\/documentos3\/_archivo\/03\/03_registro_bienes_inmueble_estado.pdf\" target=\"_blank\" rel=\"noopener\">Descargar<\/a><\/p>                        <\/div>\n\n                    <\/div>\n\n                <\/div><!-- .elementskit-card END -->\n\n                                        <\/div>\n    <\/div>\t\t\t\t<\/div>\n\t\t\t\t<\/div>\n\t\t\t\t\t<\/div>\n\t\t<\/div>\n\t\t\t\t<div class=\"elementor-column elementor-col-33 elementor-top-column elementor-element elementor-element-7a927a3e\" data-id=\"7a927a3e\" data-element_type=\"column\" data-e-type=\"column\">\n\t\t\t<div class=\"elementor-widget-wrap\">\n\t\t\t\t\t\t\t<\/div>\n\t\t<\/div>\n\t\t\t\t\t<\/div>\n\t\t<\/section>\n\t\t\t\t<section class=\"elementor-section elementor-top-section elementor-element elementor-element-74d7e546 elementor-section-boxed elementor-section-height-default elementor-section-height-default\" data-id=\"74d7e546\" data-element_type=\"section\" data-e-type=\"section\">\n\t\t\t\t\t\t<div class=\"elementor-container elementor-column-gap-default\">\n\t\t\t\t\t<div class=\"elementor-column elementor-col-25 elementor-top-column elementor-element elementor-element-7c94cc81\" data-id=\"7c94cc81\" data-element_type=\"column\" data-e-type=\"column\">\n\t\t\t<div class=\"elementor-widget-wrap\">\n\t\t\t\t\t\t\t<\/div>\n\t\t<\/div>\n\t\t\t\t<div class=\"elementor-column elementor-col-50 elementor-top-column elementor-element elementor-element-1a656f53\" data-id=\"1a656f53\" data-element_type=\"column\" data-e-type=\"column\">\n\t\t\t<div class=\"elementor-widget-wrap\">\n\t\t\t\t\t\t\t<\/div>\n\t\t<\/div>\n\t\t\t\t<div class=\"elementor-column elementor-col-25 elementor-top-column elementor-element elementor-element-27ae1ee4\" data-id=\"27ae1ee4\" data-element_type=\"column\" data-e-type=\"column\">\n\t\t\t<div class=\"elementor-widget-wrap\">\n\t\t\t\t\t\t\t<\/div>\n\t\t<\/div>\n\t\t\t\t\t<\/div>\n\t\t<\/section>\n\t\t\t\t<section class=\"elementor-section elementor-top-section elementor-element elementor-element-6e85903b elementor-section-boxed elementor-section-height-default elementor-section-height-default\" data-id=\"6e85903b\" data-element_type=\"section\" data-e-type=\"section\">\n\t\t\t\t\t\t<div class=\"elementor-container elementor-column-gap-default\">\n\t\t\t\t\t<div class=\"elementor-column elementor-col-100 elementor-top-column elementor-element elementor-element-36f8a6eb\" data-id=\"36f8a6eb\" data-element_type=\"column\" data-e-type=\"column\">\n\t\t\t<div class=\"elementor-widget-wrap elementor-element-populated\">\n\t\t\t\t\t\t<div class=\"elementor-element elementor-element-58e3ddd1 elementor-widget elementor-widget-spacer\" data-id=\"58e3ddd1\" data-element_type=\"widget\" data-e-type=\"widget\" data-widget_type=\"spacer.default\">\n\t\t\t\t<div class=\"elementor-widget-container\">\n\t\t\t\t\t\t\t<div class=\"elementor-spacer\">\n\t\t\t<div class=\"elementor-spacer-inner\"><\/div>\n\t\t<\/div>\n\t\t\t\t\t\t<\/div>\n\t\t\t\t<\/div>\n\t\t\t\t\t<\/div>\n\t\t<\/div>\n\t\t\t\t\t<\/div>\n\t\t<\/section>\n\t\t\t\t<\/div>\n\t\t","protected":false},"excerpt":{"rendered":"<p>Calidad institucional, transparencia y modernizaci\u00f3n del Estado Eliminaci\u00f3n de las tasas municipales que no brindan una contraprestaci\u00f3n La presente pol\u00edtica p\u00fablica busca poner fin a la proliferaci\u00f3n de tasas municipales abusivas que, sin una contraprestaci\u00f3n real, perjudican la producci\u00f3n y la competitividad. Reconociendo la necesidad de financiamiento de los municipios, el plan propone un enfoque&hellip;&nbsp;<\/p>\n","protected":false},"author":1,"featured_media":0,"parent":0,"menu_order":0,"comment_status":"closed","ping_status":"closed","template":"page-templates\/template-pagebuilder-full-width.php","meta":{"neve_meta_sidebar":"","neve_meta_container":"","neve_meta_enable_content_width":"off","neve_meta_content_width":100,"neve_meta_title_alignment":"","neve_meta_author_avatar":"","neve_post_elements_order":"","neve_meta_disable_header":"","neve_meta_disable_footer":"","neve_meta_disable_title":"","footnotes":""},"class_list":["post-12404","page","type-page","status-publish","hentry"],"yoast_head":"<!-- This site is optimized with the Yoast SEO plugin v27.4 - https:\/\/yoast.com\/product\/yoast-seo-wordpress\/ -->\n<title>Calidad institucional, transparencia y modernizaci\u00f3n del Estado - Fundaci\u00f3n Nuevas Generaciones<\/title>\n<meta name=\"robots\" content=\"index, follow, max-snippet:-1, max-image-preview:large, max-video-preview:-1\" \/>\n<link rel=\"canonical\" href=\"https:\/\/nuevasgeneraciones.com.ar\/sitio\/calidad-institucional-transparencia-y-modernizacion-del-estado\/\" \/>\n<meta property=\"og:locale\" content=\"es_ES\" \/>\n<meta property=\"og:type\" content=\"article\" \/>\n<meta property=\"og:title\" content=\"Calidad institucional, transparencia y modernizaci\u00f3n del Estado - Fundaci\u00f3n Nuevas Generaciones\" \/>\n<meta property=\"og:description\" content=\"Calidad institucional, transparencia y modernizaci\u00f3n del Estado Eliminaci\u00f3n de las tasas municipales que no brindan una contraprestaci\u00f3n La presente pol\u00edtica p\u00fablica busca poner fin a la proliferaci\u00f3n de tasas municipales abusivas que, sin una contraprestaci\u00f3n real, perjudican la producci\u00f3n y la competitividad. Reconociendo la necesidad de financiamiento de los municipios, el plan propone un enfoque&hellip;&nbsp;\" \/>\n<meta property=\"og:url\" content=\"https:\/\/nuevasgeneraciones.com.ar\/sitio\/calidad-institucional-transparencia-y-modernizacion-del-estado\/\" \/>\n<meta property=\"og:site_name\" content=\"Fundaci\u00f3n Nuevas Generaciones\" \/>\n<meta property=\"article:modified_time\" content=\"2025-09-20T16:02:18+00:00\" \/>\n<meta name=\"twitter:card\" content=\"summary_large_image\" \/>\n<meta name=\"twitter:label1\" content=\"Tiempo de lectura\" \/>\n\t<meta name=\"twitter:data1\" content=\"45 minutos\" \/>\n<script type=\"application\/ld+json\" class=\"yoast-schema-graph\">{\"@context\":\"https:\\\/\\\/schema.org\",\"@graph\":[{\"@type\":\"WebPage\",\"@id\":\"https:\\\/\\\/nuevasgeneraciones.com.ar\\\/sitio\\\/calidad-institucional-transparencia-y-modernizacion-del-estado\\\/\",\"url\":\"https:\\\/\\\/nuevasgeneraciones.com.ar\\\/sitio\\\/calidad-institucional-transparencia-y-modernizacion-del-estado\\\/\",\"name\":\"Calidad institucional, transparencia y modernizaci\u00f3n del Estado - Fundaci\u00f3n Nuevas Generaciones\",\"isPartOf\":{\"@id\":\"https:\\\/\\\/nuevasgeneraciones.com.ar\\\/sitio\\\/#website\"},\"datePublished\":\"2018-11-09T21:47:59+00:00\",\"dateModified\":\"2025-09-20T16:02:18+00:00\",\"breadcrumb\":{\"@id\":\"https:\\\/\\\/nuevasgeneraciones.com.ar\\\/sitio\\\/calidad-institucional-transparencia-y-modernizacion-del-estado\\\/#breadcrumb\"},\"inLanguage\":\"es-AR\",\"potentialAction\":[{\"@type\":\"ReadAction\",\"target\":[\"https:\\\/\\\/nuevasgeneraciones.com.ar\\\/sitio\\\/calidad-institucional-transparencia-y-modernizacion-del-estado\\\/\"]}]},{\"@type\":\"BreadcrumbList\",\"@id\":\"https:\\\/\\\/nuevasgeneraciones.com.ar\\\/sitio\\\/calidad-institucional-transparencia-y-modernizacion-del-estado\\\/#breadcrumb\",\"itemListElement\":[{\"@type\":\"ListItem\",\"position\":1,\"name\":\"Inicio\",\"item\":\"https:\\\/\\\/nuevasgeneraciones.com.ar\\\/sitio\\\/\"},{\"@type\":\"ListItem\",\"position\":2,\"name\":\"Calidad institucional, transparencia y modernizaci\u00f3n del Estado\"}]},{\"@type\":\"WebSite\",\"@id\":\"https:\\\/\\\/nuevasgeneraciones.com.ar\\\/sitio\\\/#website\",\"url\":\"https:\\\/\\\/nuevasgeneraciones.com.ar\\\/sitio\\\/\",\"name\":\"Fundaci\u00f3n Nuevas Generaciones\",\"description\":\"\",\"publisher\":{\"@id\":\"https:\\\/\\\/nuevasgeneraciones.com.ar\\\/sitio\\\/#organization\"},\"potentialAction\":[{\"@type\":\"SearchAction\",\"target\":{\"@type\":\"EntryPoint\",\"urlTemplate\":\"https:\\\/\\\/nuevasgeneraciones.com.ar\\\/sitio\\\/?s={search_term_string}\"},\"query-input\":{\"@type\":\"PropertyValueSpecification\",\"valueRequired\":true,\"valueName\":\"search_term_string\"}}],\"inLanguage\":\"es-AR\"},{\"@type\":\"Organization\",\"@id\":\"https:\\\/\\\/nuevasgeneraciones.com.ar\\\/sitio\\\/#organization\",\"name\":\"Fundaci\u00f3n Nuevas Generaciones\",\"url\":\"https:\\\/\\\/nuevasgeneraciones.com.ar\\\/sitio\\\/\",\"logo\":{\"@type\":\"ImageObject\",\"inLanguage\":\"es-AR\",\"@id\":\"https:\\\/\\\/nuevasgeneraciones.com.ar\\\/sitio\\\/#\\\/schema\\\/logo\\\/image\\\/\",\"url\":\"https:\\\/\\\/nuevasgeneraciones.com.ar\\\/sitio\\\/wp-content\\\/uploads\\\/2023\\\/06\\\/logo-01.png\",\"contentUrl\":\"https:\\\/\\\/nuevasgeneraciones.com.ar\\\/sitio\\\/wp-content\\\/uploads\\\/2023\\\/06\\\/logo-01.png\",\"width\":593,\"height\":77,\"caption\":\"Fundaci\u00f3n Nuevas Generaciones\"},\"image\":{\"@id\":\"https:\\\/\\\/nuevasgeneraciones.com.ar\\\/sitio\\\/#\\\/schema\\\/logo\\\/image\\\/\"}}]}<\/script>\n<!-- \/ Yoast SEO plugin. -->","yoast_head_json":{"title":"Calidad institucional, transparencia y modernizaci\u00f3n del Estado - Fundaci\u00f3n Nuevas Generaciones","robots":{"index":"index","follow":"follow","max-snippet":"max-snippet:-1","max-image-preview":"max-image-preview:large","max-video-preview":"max-video-preview:-1"},"canonical":"https:\/\/nuevasgeneraciones.com.ar\/sitio\/calidad-institucional-transparencia-y-modernizacion-del-estado\/","og_locale":"es_ES","og_type":"article","og_title":"Calidad institucional, transparencia y modernizaci\u00f3n del Estado - Fundaci\u00f3n Nuevas Generaciones","og_description":"Calidad institucional, transparencia y modernizaci\u00f3n del Estado Eliminaci\u00f3n de las tasas municipales que no brindan una contraprestaci\u00f3n La presente pol\u00edtica p\u00fablica busca poner fin a la proliferaci\u00f3n de tasas municipales abusivas que, sin una contraprestaci\u00f3n real, perjudican la producci\u00f3n y la competitividad. Reconociendo la necesidad de financiamiento de los municipios, el plan propone un enfoque&hellip;&nbsp;","og_url":"https:\/\/nuevasgeneraciones.com.ar\/sitio\/calidad-institucional-transparencia-y-modernizacion-del-estado\/","og_site_name":"Fundaci\u00f3n Nuevas Generaciones","article_modified_time":"2025-09-20T16:02:18+00:00","twitter_card":"summary_large_image","twitter_misc":{"Tiempo de lectura":"45 minutos"},"schema":{"@context":"https:\/\/schema.org","@graph":[{"@type":"WebPage","@id":"https:\/\/nuevasgeneraciones.com.ar\/sitio\/calidad-institucional-transparencia-y-modernizacion-del-estado\/","url":"https:\/\/nuevasgeneraciones.com.ar\/sitio\/calidad-institucional-transparencia-y-modernizacion-del-estado\/","name":"Calidad institucional, transparencia y modernizaci\u00f3n del Estado - Fundaci\u00f3n Nuevas Generaciones","isPartOf":{"@id":"https:\/\/nuevasgeneraciones.com.ar\/sitio\/#website"},"datePublished":"2018-11-09T21:47:59+00:00","dateModified":"2025-09-20T16:02:18+00:00","breadcrumb":{"@id":"https:\/\/nuevasgeneraciones.com.ar\/sitio\/calidad-institucional-transparencia-y-modernizacion-del-estado\/#breadcrumb"},"inLanguage":"es-AR","potentialAction":[{"@type":"ReadAction","target":["https:\/\/nuevasgeneraciones.com.ar\/sitio\/calidad-institucional-transparencia-y-modernizacion-del-estado\/"]}]},{"@type":"BreadcrumbList","@id":"https:\/\/nuevasgeneraciones.com.ar\/sitio\/calidad-institucional-transparencia-y-modernizacion-del-estado\/#breadcrumb","itemListElement":[{"@type":"ListItem","position":1,"name":"Inicio","item":"https:\/\/nuevasgeneraciones.com.ar\/sitio\/"},{"@type":"ListItem","position":2,"name":"Calidad institucional, transparencia y modernizaci\u00f3n del Estado"}]},{"@type":"WebSite","@id":"https:\/\/nuevasgeneraciones.com.ar\/sitio\/#website","url":"https:\/\/nuevasgeneraciones.com.ar\/sitio\/","name":"Fundaci\u00f3n Nuevas Generaciones","description":"","publisher":{"@id":"https:\/\/nuevasgeneraciones.com.ar\/sitio\/#organization"},"potentialAction":[{"@type":"SearchAction","target":{"@type":"EntryPoint","urlTemplate":"https:\/\/nuevasgeneraciones.com.ar\/sitio\/?s={search_term_string}"},"query-input":{"@type":"PropertyValueSpecification","valueRequired":true,"valueName":"search_term_string"}}],"inLanguage":"es-AR"},{"@type":"Organization","@id":"https:\/\/nuevasgeneraciones.com.ar\/sitio\/#organization","name":"Fundaci\u00f3n Nuevas Generaciones","url":"https:\/\/nuevasgeneraciones.com.ar\/sitio\/","logo":{"@type":"ImageObject","inLanguage":"es-AR","@id":"https:\/\/nuevasgeneraciones.com.ar\/sitio\/#\/schema\/logo\/image\/","url":"https:\/\/nuevasgeneraciones.com.ar\/sitio\/wp-content\/uploads\/2023\/06\/logo-01.png","contentUrl":"https:\/\/nuevasgeneraciones.com.ar\/sitio\/wp-content\/uploads\/2023\/06\/logo-01.png","width":593,"height":77,"caption":"Fundaci\u00f3n Nuevas Generaciones"},"image":{"@id":"https:\/\/nuevasgeneraciones.com.ar\/sitio\/#\/schema\/logo\/image\/"}}]}},"_links":{"self":[{"href":"https:\/\/nuevasgeneraciones.com.ar\/sitio\/wp-json\/wp\/v2\/pages\/12404","targetHints":{"allow":["GET"]}}],"collection":[{"href":"https:\/\/nuevasgeneraciones.com.ar\/sitio\/wp-json\/wp\/v2\/pages"}],"about":[{"href":"https:\/\/nuevasgeneraciones.com.ar\/sitio\/wp-json\/wp\/v2\/types\/page"}],"author":[{"embeddable":true,"href":"https:\/\/nuevasgeneraciones.com.ar\/sitio\/wp-json\/wp\/v2\/users\/1"}],"replies":[{"embeddable":true,"href":"https:\/\/nuevasgeneraciones.com.ar\/sitio\/wp-json\/wp\/v2\/comments?post=12404"}],"version-history":[{"count":87,"href":"https:\/\/nuevasgeneraciones.com.ar\/sitio\/wp-json\/wp\/v2\/pages\/12404\/revisions"}],"predecessor-version":[{"id":20427,"href":"https:\/\/nuevasgeneraciones.com.ar\/sitio\/wp-json\/wp\/v2\/pages\/12404\/revisions\/20427"}],"wp:attachment":[{"href":"https:\/\/nuevasgeneraciones.com.ar\/sitio\/wp-json\/wp\/v2\/media?parent=12404"}],"curies":[{"name":"wp","href":"https:\/\/api.w.org\/{rel}","templated":true}]}}