{"id":12402,"date":"2018-11-09T18:35:09","date_gmt":"2018-11-09T21:35:09","guid":{"rendered":"http:\/\/nuevasgeneraciones.com.ar\/sitio\/?page_id=12402"},"modified":"2024-03-08T20:15:33","modified_gmt":"2024-03-08T20:15:33","slug":"relaciones-exteriores-y-asuntos-regionales","status":"publish","type":"page","link":"https:\/\/nuevasgeneraciones.com.ar\/sitio\/relaciones-exteriores-y-asuntos-regionales\/","title":{"rendered":"Relaciones exteriores y asuntos regionales"},"content":{"rendered":"\t\t<div data-elementor-type=\"wp-page\" data-elementor-id=\"12402\" class=\"elementor elementor-12402\" data-elementor-post-type=\"page\">\n\t\t\t\t\t\t<section class=\"elementor-section elementor-top-section elementor-element elementor-element-46113353 elementor-section-full_width elementor-section-height-default elementor-section-height-default\" data-id=\"46113353\" data-element_type=\"section\" data-e-type=\"section\" data-settings=\"{&quot;background_background&quot;:&quot;classic&quot;}\">\n\t\t\t\t\t\t<div class=\"elementor-container elementor-column-gap-default\">\n\t\t\t\t\t<div class=\"elementor-column elementor-col-33 elementor-top-column elementor-element elementor-element-1d73e950\" data-id=\"1d73e950\" data-element_type=\"column\" data-e-type=\"column\">\n\t\t\t<div class=\"elementor-widget-wrap\">\n\t\t\t\t\t\t\t<\/div>\n\t\t<\/div>\n\t\t\t\t<div class=\"elementor-column elementor-col-33 elementor-top-column elementor-element elementor-element-304e7a90\" data-id=\"304e7a90\" data-element_type=\"column\" data-e-type=\"column\">\n\t\t\t<div class=\"elementor-widget-wrap elementor-element-populated\">\n\t\t\t\t\t\t<div class=\"elementor-element elementor-element-16116c48 elementor-widget elementor-widget-text-editor\" data-id=\"16116c48\" data-element_type=\"widget\" data-e-type=\"widget\" data-widget_type=\"text-editor.default\">\n\t\t\t\t<div class=\"elementor-widget-container\">\n\t\t\t\t\t\t\t\t\t<h1>Relaciones exteriores y asuntos regionales<\/h1>\t\t\t\t\t\t\t\t<\/div>\n\t\t\t\t<\/div>\n\t\t\t\t\t<\/div>\n\t\t<\/div>\n\t\t\t\t<div class=\"elementor-column elementor-col-33 elementor-top-column elementor-element elementor-element-2b0c049d\" data-id=\"2b0c049d\" data-element_type=\"column\" data-e-type=\"column\">\n\t\t\t<div class=\"elementor-widget-wrap\">\n\t\t\t\t\t\t\t<\/div>\n\t\t<\/div>\n\t\t\t\t\t<\/div>\n\t\t<\/section>\n\t\t\t\t<section class=\"elementor-section elementor-top-section elementor-element elementor-element-2deb50fe elementor-section-boxed elementor-section-height-default elementor-section-height-default\" data-id=\"2deb50fe\" data-element_type=\"section\" data-e-type=\"section\">\n\t\t\t\t\t\t<div class=\"elementor-container elementor-column-gap-default\">\n\t\t\t\t\t<div class=\"elementor-column elementor-col-100 elementor-top-column elementor-element elementor-element-39dacc83\" data-id=\"39dacc83\" data-element_type=\"column\" data-e-type=\"column\">\n\t\t\t<div class=\"elementor-widget-wrap elementor-element-populated\">\n\t\t\t\t\t\t<div class=\"elementor-element elementor-element-40b6b23b elementor-widget elementor-widget-spacer\" data-id=\"40b6b23b\" data-element_type=\"widget\" data-e-type=\"widget\" data-widget_type=\"spacer.default\">\n\t\t\t\t<div class=\"elementor-widget-container\">\n\t\t\t\t\t\t\t<div class=\"elementor-spacer\">\n\t\t\t<div class=\"elementor-spacer-inner\"><\/div>\n\t\t<\/div>\n\t\t\t\t\t\t<\/div>\n\t\t\t\t<\/div>\n\t\t\t\t\t<\/div>\n\t\t<\/div>\n\t\t\t\t\t<\/div>\n\t\t<\/section>\n\t\t\t\t<section class=\"elementor-section elementor-top-section elementor-element elementor-element-12dfef87 elementor-section-boxed elementor-section-height-default elementor-section-height-default\" data-id=\"12dfef87\" data-element_type=\"section\" data-e-type=\"section\">\n\t\t\t\t\t\t<div class=\"elementor-container elementor-column-gap-default\">\n\t\t\t\t\t<div class=\"elementor-column elementor-col-33 elementor-top-column elementor-element elementor-element-7809ac8c\" data-id=\"7809ac8c\" data-element_type=\"column\" data-e-type=\"column\">\n\t\t\t<div class=\"elementor-widget-wrap\">\n\t\t\t\t\t\t\t<\/div>\n\t\t<\/div>\n\t\t\t\t<div class=\"elementor-column elementor-col-33 elementor-top-column elementor-element elementor-element-46933111\" data-id=\"46933111\" data-element_type=\"column\" data-e-type=\"column\">\n\t\t\t<div class=\"elementor-widget-wrap elementor-element-populated\">\n\t\t\t\t\t\t<div class=\"elementor-element elementor-element-2cee4f44 elementor-widget elementor-widget-elementskit-accordion\" data-id=\"2cee4f44\" data-element_type=\"widget\" data-e-type=\"widget\" data-widget_type=\"elementskit-accordion.default\">\n\t\t\t\t<div class=\"elementor-widget-container\">\n\t\t\t\t\t<div class=\"ekit-wid-con\" >\n        <div class=\"elementskit-accordion accoedion-primary\" id=\"accordion-69f1a53531a44\">\n\n            \n                <div class=\"elementskit-card \">\n                    <div class=\"elementskit-card-header\" id=\"primaryHeading-0-2cee4f44\">\n                        <a href=\"#collapse-35c8fe469f1a53531a44\" class=\"ekit-accordion--toggler elementskit-btn-link collapsed\" data-ekit-toggle=\"collapse\" data-target=\"#Collapse-35c8fe469f1a53531a44\" aria-expanded=\"false\" aria-controls=\"Collapse-35c8fe469f1a53531a44\">\n                            \n                            <span class=\"ekit-accordion-title\">Pol\u00edticas y acciones para modernizar y transparentar los controles fronterizos<\/span>\n\n                            \n                                <div class=\"ekit_accordion_icon_group\">\n                                    <div class=\"ekit_accordion_normal_icon\">\n                                        <!-- Normal Icon -->\n\t\t\t\t\t\t\t\t\t\t<i class=\"icon icon-plus\"><\/i>                                    <\/div>\n\n                                    <div class=\"ekit_accordion_active_icon\">\n                                        <!-- Active Icon -->\n\t\t\t\t\t\t\t\t\t\t<i class=\"icon icon-minus\"><\/i>                                    <\/div>\n                                <\/div>\n\n                            \n                                                    <\/a>\n                    <\/div>\n\n                    <div id=\"Collapse-35c8fe469f1a53531a44\" class=\" collapse\" aria-labelledby=\"primaryHeading-0-2cee4f44\" data-parent=\"#accordion-69f1a53531a44\">\n\n                        <div class=\"elementskit-card-body ekit-accordion--content\">\n                            La frontera argentina, producto de la enorme extensi\u00f3n territorial de nuestro pa\u00eds, recorre m\u00e1s de 9.000 km terrestres y fluviales, contando con diversos pasos internacionales. Esta gran extensi\u00f3n, hace que nuestro pa\u00eds enfrente constantemente diversos desaf\u00edos y problemas que lo colocan en una situaci\u00f3n de mayor vulnerabilidad y ponen en riesgo la defensa, la seguridad interior, y afectan a las econom\u00edas locales. En el presente trabajo se propone un modelo de fronteras integradas, que facilite el comercio y el tr\u00e1fico entre pa\u00edses, garantizando controles m\u00e1s eficientes a partir de una sinergia binacional.\n\n<p>&nbsp;<\/p>\n\n<a class=\"btn btn-danger btn-sm\" href=\"https:\/\/nuevasgeneraciones.com.ar\/sitio\/wp-content\/uploads\/documentos3\/_archivo\/2024\/NG-PP395-Fronteras-integradas-FEB2024.pdf?395\" target=\"_blank\" rel=\"noopener\">Descargar<\/a>                        <\/div>\n\n                    <\/div>\n\n                <\/div><!-- .elementskit-card END -->\n\n                \n                <div class=\"elementskit-card \">\n                    <div class=\"elementskit-card-header\" id=\"primaryHeading-1-2cee4f44\">\n                        <a href=\"#collapse-1e0bfdc69f1a53531a44\" class=\"ekit-accordion--toggler elementskit-btn-link collapsed\" data-ekit-toggle=\"collapse\" data-target=\"#Collapse-1e0bfdc69f1a53531a44\" aria-expanded=\"false\" aria-controls=\"Collapse-1e0bfdc69f1a53531a44\">\n                            \n                            <span class=\"ekit-accordion-title\">Presidencia de Paraguay en MERCOSUR: la posibilidad de impulsar nuevos proyectos de integraci\u00f3n<\/span>\n\n                            \n                                <div class=\"ekit_accordion_icon_group\">\n                                    <div class=\"ekit_accordion_normal_icon\">\n                                        <!-- Normal Icon -->\n\t\t\t\t\t\t\t\t\t\t<i class=\"icon icon-plus\"><\/i>                                    <\/div>\n\n                                    <div class=\"ekit_accordion_active_icon\">\n                                        <!-- Active Icon -->\n\t\t\t\t\t\t\t\t\t\t<i class=\"icon icon-minus\"><\/i>                                    <\/div>\n                                <\/div>\n\n                            \n                                                    <\/a>\n                    <\/div>\n\n                    <div id=\"Collapse-1e0bfdc69f1a53531a44\" class=\" collapse\" aria-labelledby=\"primaryHeading-1-2cee4f44\" data-parent=\"#accordion-69f1a53531a44\">\n\n                        <div class=\"elementskit-card-body ekit-accordion--content\">\n                            La presidencia pro tempore de Paraguay en el MERCOSUR anticipa una gran oportunidad para el bloque de reafirmar su compromiso con la cooperaci\u00f3n internacional e impulsar la gesti\u00f3n de nuevos socios comerciales que incentiven el crecimiento econ\u00f3mico, comercial, social y cultural de la regi\u00f3n. En este trabajo analizamos la frustrada negociaci\u00f3n con la Uni\u00f3n Europea, la posibilidad de revalorizar las pol\u00edticas de crecimiento hacia el interior de la regi\u00f3n y la b\u00fasqueda de nuevos socios comerciales.\n\n<p>&nbsp;<\/p>\n\n\n<a class=\"btn btn-danger btn-sm\" href=\"https:\/\/www.nuevasgeneraciones.com.ar\/sitio\/wp-content\/uploads\/documentos3\/_archivo\/2023\/NG-PP393-La-presidencia-de-Paraguay-en-Mercosur-DIC2023.pdf?393\" target=\"_blank\" rel=\"noopener\">Descargar<\/a>                        <\/div>\n\n                    <\/div>\n\n                <\/div><!-- .elementskit-card END -->\n\n                \n                <div class=\"elementskit-card \">\n                    <div class=\"elementskit-card-header\" id=\"primaryHeading-2-2cee4f44\">\n                        <a href=\"#collapse-e40db5869f1a53531a44\" class=\"ekit-accordion--toggler elementskit-btn-link collapsed\" data-ekit-toggle=\"collapse\" data-target=\"#Collapse-e40db5869f1a53531a44\" aria-expanded=\"false\" aria-controls=\"Collapse-e40db5869f1a53531a44\">\n                            \n                            <span class=\"ekit-accordion-title\">Alianza para el Desarrollo en Democracia (ADD): un nuevo modelo de integraci\u00f3n<\/span>\n\n                            \n                                <div class=\"ekit_accordion_icon_group\">\n                                    <div class=\"ekit_accordion_normal_icon\">\n                                        <!-- Normal Icon -->\n\t\t\t\t\t\t\t\t\t\t<i class=\"icon icon-plus\"><\/i>                                    <\/div>\n\n                                    <div class=\"ekit_accordion_active_icon\">\n                                        <!-- Active Icon -->\n\t\t\t\t\t\t\t\t\t\t<i class=\"icon icon-minus\"><\/i>                                    <\/div>\n                                <\/div>\n\n                            \n                                                    <\/a>\n                    <\/div>\n\n                    <div id=\"Collapse-e40db5869f1a53531a44\" class=\" collapse\" aria-labelledby=\"primaryHeading-2-2cee4f44\" data-parent=\"#accordion-69f1a53531a44\">\n\n                        <div class=\"elementskit-card-body ekit-accordion--content\">\n                            En un mundo globalizado, la cooperaci\u00f3n internacional juega un rol fundamental para los gobiernos. Afianzar relaciones con otros pa\u00edses, generar espacios de di\u00e1logo y coordinaci\u00f3n estrat\u00e9gica, y proyectar posiciones comunes, se ha vuelto necesario para el crecimiento. En este sentido, Costa Rica, Panam\u00e1, Rep\u00fablica Dominicana y Ecuador, han impulsado una alianza para fomentar el crecimiento econ\u00f3mico de sus pa\u00edses y de la regi\u00f3n, en el marco de la democracia, el desarrollo sostenible, y el respeto de los derechos humanos. En el presente trabajo analizamos este modelo de integraci\u00f3n y sus proyecciones de crecimiento internacional.\n\n\n<p>&nbsp;<\/p>\n\n<a class=\"btn btn-danger btn-sm\" href=\"https:\/\/www.nuevasgeneraciones.com.ar\/sitio\/wp-content\/uploads\/documentos3\/_archivo\/2023\/NG-PP392-Alianza-para-el-Desarrollo-en-Democracia-NOV2023.pdf?392\" target=\"_blank\" rel=\"noopener\">Descargar<\/a>                        <\/div>\n\n                    <\/div>\n\n                <\/div><!-- .elementskit-card END -->\n\n                \n                <div class=\"elementskit-card \">\n                    <div class=\"elementskit-card-header\" id=\"primaryHeading-3-2cee4f44\">\n                        <a href=\"#collapse-fdd9b5269f1a53531a44\" class=\"ekit-accordion--toggler elementskit-btn-link collapsed\" data-ekit-toggle=\"collapse\" data-target=\"#Collapse-fdd9b5269f1a53531a44\" aria-expanded=\"false\" aria-controls=\"Collapse-fdd9b5269f1a53531a44\">\n                            \n                            <span class=\"ekit-accordion-title\">Sistema interamericano de Derechos Humanos<\/span>\n\n                            \n                                <div class=\"ekit_accordion_icon_group\">\n                                    <div class=\"ekit_accordion_normal_icon\">\n                                        <!-- Normal Icon -->\n\t\t\t\t\t\t\t\t\t\t<i class=\"icon icon-plus\"><\/i>                                    <\/div>\n\n                                    <div class=\"ekit_accordion_active_icon\">\n                                        <!-- Active Icon -->\n\t\t\t\t\t\t\t\t\t\t<i class=\"icon icon-minus\"><\/i>                                    <\/div>\n                                <\/div>\n\n                            \n                                                    <\/a>\n                    <\/div>\n\n                    <div id=\"Collapse-fdd9b5269f1a53531a44\" class=\" collapse\" aria-labelledby=\"primaryHeading-3-2cee4f44\" data-parent=\"#accordion-69f1a53531a44\">\n\n                        <div class=\"elementskit-card-body ekit-accordion--content\">\n                            El presente trabajo describe el Sistema Interamericano de Derechos Humanos, analizando el conjunto de normas e instituciones encargadas de asegurar la promoci\u00f3n y protecci\u00f3n del derecho internacional de los derechos humanos en el continente americano, con especial foco en las funciones de la Comisi\u00f3n Interamericana y la Corte Interamericana de derechos humanos.\n<br><br>\n<a href=\"https:\/\/www.nuevasgeneraciones.com.ar\/sitio\/wp-content\/uploads\/documentos3\/_archivo\/2022\/NG-PP374-Sistema-interamericano-de-DDHH-SEP2022.pdf?374\" class=\"btn btn-danger btn-sm\" target=\"_blank\">Descargar<\/a>\n\n                        <\/div>\n\n                    <\/div>\n\n                <\/div><!-- .elementskit-card END -->\n\n                \n                <div class=\"elementskit-card \">\n                    <div class=\"elementskit-card-header\" id=\"primaryHeading-4-2cee4f44\">\n                        <a href=\"#collapse-fc62d4269f1a53531a44\" class=\"ekit-accordion--toggler elementskit-btn-link collapsed\" data-ekit-toggle=\"collapse\" data-target=\"#Collapse-fc62d4269f1a53531a44\" aria-expanded=\"false\" aria-controls=\"Collapse-fc62d4269f1a53531a44\">\n                            \n                            <span class=\"ekit-accordion-title\">Antecedentes que derivaron en la firma del acuerdo de asociaci\u00f3n estrat\u00e9gica birregional MERCOSUR - Uni\u00f3n Europea<\/span>\n\n                            \n                                <div class=\"ekit_accordion_icon_group\">\n                                    <div class=\"ekit_accordion_normal_icon\">\n                                        <!-- Normal Icon -->\n\t\t\t\t\t\t\t\t\t\t<i class=\"icon icon-plus\"><\/i>                                    <\/div>\n\n                                    <div class=\"ekit_accordion_active_icon\">\n                                        <!-- Active Icon -->\n\t\t\t\t\t\t\t\t\t\t<i class=\"icon icon-minus\"><\/i>                                    <\/div>\n                                <\/div>\n\n                            \n                                                    <\/a>\n                    <\/div>\n\n                    <div id=\"Collapse-fc62d4269f1a53531a44\" class=\" collapse\" aria-labelledby=\"primaryHeading-4-2cee4f44\" data-parent=\"#accordion-69f1a53531a44\">\n\n                        <div class=\"elementskit-card-body ekit-accordion--content\">\n                            Tras la reuni\u00f3n del G-20 en Osaka se anunci\u00f3 la conclusi\u00f3n de las negociaciones, y la consecuente formalizaci\u00f3n del Acuerdo de Asociaci\u00f3n Estrat\u00e9gica Birregional entre el MERCOSUR y la Uni\u00f3n Europea. En el presente trabajo se describen las caracter\u00edsticas de las distintas etapas que debi\u00f3 atravesar el proceso negociador durante m\u00e1s de 20 a\u00f1os, as\u00ed como tambi\u00e9n los factores que incidieron para su conclusi\u00f3n.\n<br><br>\n<a href=\"https:\/\/www.nuevasgeneraciones.com.ar\/sitio\/wp-content\/uploads\/documentos3\/_archivo\/2019\/Acuerdo-Mercosur-UE-1.pdf\" class=\"btn btn-danger btn-sm\" target=\"_blank\">Descargar<\/a>                        <\/div>\n\n                    <\/div>\n\n                <\/div><!-- .elementskit-card END -->\n\n                \n                <div class=\"elementskit-card \">\n                    <div class=\"elementskit-card-header\" id=\"primaryHeading-5-2cee4f44\">\n                        <a href=\"#collapse-51bf7ca69f1a53531a44\" class=\"ekit-accordion--toggler elementskit-btn-link collapsed\" data-ekit-toggle=\"collapse\" data-target=\"#Collapse-51bf7ca69f1a53531a44\" aria-expanded=\"false\" aria-controls=\"Collapse-51bf7ca69f1a53531a44\">\n                            \n                            <span class=\"ekit-accordion-title\">Nociones acerca del contexto internacional en el que se inserta el Acuerdo de asociaci\u00f3n estrat\u00e9gica birregional MERCOSUR - Uni\u00f3n Europea<\/span>\n\n                            \n                                <div class=\"ekit_accordion_icon_group\">\n                                    <div class=\"ekit_accordion_normal_icon\">\n                                        <!-- Normal Icon -->\n\t\t\t\t\t\t\t\t\t\t<i class=\"icon icon-plus\"><\/i>                                    <\/div>\n\n                                    <div class=\"ekit_accordion_active_icon\">\n                                        <!-- Active Icon -->\n\t\t\t\t\t\t\t\t\t\t<i class=\"icon icon-minus\"><\/i>                                    <\/div>\n                                <\/div>\n\n                            \n                                                    <\/a>\n                    <\/div>\n\n                    <div id=\"Collapse-51bf7ca69f1a53531a44\" class=\" collapse\" aria-labelledby=\"primaryHeading-5-2cee4f44\" data-parent=\"#accordion-69f1a53531a44\">\n\n                        <div class=\"elementskit-card-body ekit-accordion--content\">\n                            Durante el proceso que culmin\u00f3 con la firma del Acuerdo de Asociaci\u00f3n Estrat\u00e9gica Birregional Mercosur \u2013 Uni\u00f3n Europea (AMUE), el contexto internacional mut\u00f3 considerablemente desde varios puntos de vista. En el presente trabajo se describen los aspectos m\u00e1s importantes de la coyuntura internacional imperante en la que se inserta el acuerdo, marcada por un conjunto de elementos tales como la tensi\u00f3n comercial entre Estados Unidos y China, el ascenso del nacionalismo econ\u00f3mico, o el fen\u00f3meno del Brexit.\n<br><br>\n<a href=\"https:\/\/www.nuevasgeneraciones.com.ar\/sitio\/wp-content\/uploads\/documentos3\/_archivo\/2019\/Acuerdo-Mercosur-UE-2.pdf\" class=\"btn btn-danger btn-sm\" target=\"_blank\">Descargar<\/a>\n                        <\/div>\n\n                    <\/div>\n\n                <\/div><!-- .elementskit-card END -->\n\n                \n                <div class=\"elementskit-card \">\n                    <div class=\"elementskit-card-header\" id=\"primaryHeading-6-2cee4f44\">\n                        <a href=\"#collapse-3871f3269f1a53531a44\" class=\"ekit-accordion--toggler elementskit-btn-link collapsed\" data-ekit-toggle=\"collapse\" data-target=\"#Collapse-3871f3269f1a53531a44\" aria-expanded=\"false\" aria-controls=\"Collapse-3871f3269f1a53531a44\">\n                            \n                            <span class=\"ekit-accordion-title\">Acuerdo de asociaci\u00f3n estrat\u00e9gica birregional MERCOSUR - Uni\u00f3n Europea: Plazos y tr\u00e1mites para su aprobaci\u00f3n y ratificaci\u00f3n<\/span>\n\n                            \n                                <div class=\"ekit_accordion_icon_group\">\n                                    <div class=\"ekit_accordion_normal_icon\">\n                                        <!-- Normal Icon -->\n\t\t\t\t\t\t\t\t\t\t<i class=\"icon icon-plus\"><\/i>                                    <\/div>\n\n                                    <div class=\"ekit_accordion_active_icon\">\n                                        <!-- Active Icon -->\n\t\t\t\t\t\t\t\t\t\t<i class=\"icon icon-minus\"><\/i>                                    <\/div>\n                                <\/div>\n\n                            \n                                                    <\/a>\n                    <\/div>\n\n                    <div id=\"Collapse-3871f3269f1a53531a44\" class=\" collapse\" aria-labelledby=\"primaryHeading-6-2cee4f44\" data-parent=\"#accordion-69f1a53531a44\">\n\n                        <div class=\"elementskit-card-body ekit-accordion--content\">\n                            Una vez firmado el Acuerdo entre el MERCOSUR y la UE se abre el proceso durante el cual ambos bloques deben aprobarlo y ratificarlo hasta alcanzar su entrada en vigor. En el presente estudio se describen, cronol\u00f3gicamente, las distintas etapas que tanto la UE como el MERCOSUR deben cumplir para alcanzar dicho objetivo. Asimismo se apuntan las implicancias que se derivan del cumplimiento de cada una de estas fases y algunos datos destacables acerca del estado del proceso de aprobaci\u00f3n a la fecha.\n<br><br>\n<a href=\"https:\/\/www.nuevasgeneraciones.com.ar\/sitio\/wp-content\/uploads\/documentos3\/_archivo\/2019\/Acuerdo-Mercosur-UE-3.pdf\" class=\"btn btn-danger btn-sm\" target=\"_blank\">Descargar<\/a>                        <\/div>\n\n                    <\/div>\n\n                <\/div><!-- .elementskit-card END -->\n\n                \n                <div class=\"elementskit-card \">\n                    <div class=\"elementskit-card-header\" id=\"primaryHeading-7-2cee4f44\">\n                        <a href=\"#collapse-6be74a069f1a53531a44\" class=\"ekit-accordion--toggler elementskit-btn-link collapsed\" data-ekit-toggle=\"collapse\" data-target=\"#Collapse-6be74a069f1a53531a44\" aria-expanded=\"false\" aria-controls=\"Collapse-6be74a069f1a53531a44\">\n                            \n                            <span class=\"ekit-accordion-title\">An\u00e1lisis del contenido del Acuerdo de asociaci\u00f3n estrat\u00e9gica birregional MERCOSUR - Uni\u00f3n Europea<\/span>\n\n                            \n                                <div class=\"ekit_accordion_icon_group\">\n                                    <div class=\"ekit_accordion_normal_icon\">\n                                        <!-- Normal Icon -->\n\t\t\t\t\t\t\t\t\t\t<i class=\"icon icon-plus\"><\/i>                                    <\/div>\n\n                                    <div class=\"ekit_accordion_active_icon\">\n                                        <!-- Active Icon -->\n\t\t\t\t\t\t\t\t\t\t<i class=\"icon icon-minus\"><\/i>                                    <\/div>\n                                <\/div>\n\n                            \n                                                    <\/a>\n                    <\/div>\n\n                    <div id=\"Collapse-6be74a069f1a53531a44\" class=\" collapse\" aria-labelledby=\"primaryHeading-7-2cee4f44\" data-parent=\"#accordion-69f1a53531a44\">\n\n                        <div class=\"elementskit-card-body ekit-accordion--content\">\n                            El Acuerdo entre el MERCOSUR y la UE crea la zona de libre comercio m\u00e1s grande del mundo. En \u00e9l se prev\u00e9n disposiciones sobre liberalizaci\u00f3n de aranceles, como as\u00ed tambi\u00e9n sobre otros aspectos vinculados a servicios, compras p\u00fablicas, facilitaci\u00f3n de comercio, barreras t\u00e9cnicas no arancelarias, medidas sanitarias y fitosanitarias, y propiedad intelectual. En el presente informe se describen las condiciones generales inherentes al comercio de bienes y se hace el an\u00e1lisis sobre los plazos de desgravaci\u00f3n y de liberalizaci\u00f3n sectorial para determinados productos de especial trascendencia.\n<br><br>\n<a href=\"https:\/\/www.nuevasgeneraciones.com.ar\/sitio\/wp-content\/uploads\/documentos3\/_archivo\/2019\/Acuerdo-Mercosur-UE-4.pdf\" class=\"btn btn-danger btn-sm\" target=\"_blank\">Descargar<\/a>                        <\/div>\n\n                    <\/div>\n\n                <\/div><!-- .elementskit-card END -->\n\n                \n                <div class=\"elementskit-card \">\n                    <div class=\"elementskit-card-header\" id=\"primaryHeading-8-2cee4f44\">\n                        <a href=\"#collapse-46443a269f1a53531a44\" class=\"ekit-accordion--toggler elementskit-btn-link collapsed\" data-ekit-toggle=\"collapse\" data-target=\"#Collapse-46443a269f1a53531a44\" aria-expanded=\"false\" aria-controls=\"Collapse-46443a269f1a53531a44\">\n                            \n                            <span class=\"ekit-accordion-title\">Beneficios para las partes del Acuerdo de asociaci\u00f3n estrat\u00e9gica birregional MERCOSUR - Uni\u00f3n Europea<\/span>\n\n                            \n                                <div class=\"ekit_accordion_icon_group\">\n                                    <div class=\"ekit_accordion_normal_icon\">\n                                        <!-- Normal Icon -->\n\t\t\t\t\t\t\t\t\t\t<i class=\"icon icon-plus\"><\/i>                                    <\/div>\n\n                                    <div class=\"ekit_accordion_active_icon\">\n                                        <!-- Active Icon -->\n\t\t\t\t\t\t\t\t\t\t<i class=\"icon icon-minus\"><\/i>                                    <\/div>\n                                <\/div>\n\n                            \n                                                    <\/a>\n                    <\/div>\n\n                    <div id=\"Collapse-46443a269f1a53531a44\" class=\" collapse\" aria-labelledby=\"primaryHeading-8-2cee4f44\" data-parent=\"#accordion-69f1a53531a44\">\n\n                        <div class=\"elementskit-card-body ekit-accordion--content\">\n                            El impacto del Acuerdo de asociaci\u00f3n estrat\u00e9gica birregional MERCOSUR Uni\u00f3n Europea trasciende las fronteras de lo econ\u00f3mico y repercute en el orden institucional y pol\u00edtico de los Estados parte de ambos bloques, marcando una nueva era en las relaciones birregionales. En el presente informe se describen sus principales impactos y ventajas.\n<br><br>\n<a href=\"https:\/\/www.nuevasgeneraciones.com.ar\/sitio\/wp-content\/uploads\/documentos3\/_archivo\/2019\/Acuerdo-Mercosur-UE-5.pdf\" class=\"btn btn-danger btn-sm\" target=\"_blank\">Descargar<\/a>                        <\/div>\n\n                    <\/div>\n\n                <\/div><!-- .elementskit-card END -->\n\n                \n                <div class=\"elementskit-card \">\n                    <div class=\"elementskit-card-header\" id=\"primaryHeading-9-2cee4f44\">\n                        <a href=\"#collapse-dfec01e69f1a53531a44\" class=\"ekit-accordion--toggler elementskit-btn-link collapsed\" data-ekit-toggle=\"collapse\" data-target=\"#Collapse-dfec01e69f1a53531a44\" aria-expanded=\"false\" aria-controls=\"Collapse-dfec01e69f1a53531a44\">\n                            \n                            <span class=\"ekit-accordion-title\">Beneficios para la Rep\u00fablica Argentina del Acuerdo de asociaci\u00f3n estrat\u00e9gica birregional MERCOSUR - Uni\u00f3n Europea<\/span>\n\n                            \n                                <div class=\"ekit_accordion_icon_group\">\n                                    <div class=\"ekit_accordion_normal_icon\">\n                                        <!-- Normal Icon -->\n\t\t\t\t\t\t\t\t\t\t<i class=\"icon icon-plus\"><\/i>                                    <\/div>\n\n                                    <div class=\"ekit_accordion_active_icon\">\n                                        <!-- Active Icon -->\n\t\t\t\t\t\t\t\t\t\t<i class=\"icon icon-minus\"><\/i>                                    <\/div>\n                                <\/div>\n\n                            \n                                                    <\/a>\n                    <\/div>\n\n                    <div id=\"Collapse-dfec01e69f1a53531a44\" class=\" collapse\" aria-labelledby=\"primaryHeading-9-2cee4f44\" data-parent=\"#accordion-69f1a53531a44\">\n\n                        <div class=\"elementskit-card-body ekit-accordion--content\">\n                            El Acuerdo de asociaci\u00f3n estrat\u00e9gica birregional MERCOSUR &#8211; Uni\u00f3n Europea tendr\u00e1 un impacto global, regional y tambi\u00e9n a nivel local en Argentina. Ello implica un conjunto de desaf\u00edos a los cuales se deber\u00e1 adaptar nuestro pa\u00eds. En el presente trabajo se hace un breve repaso de aquellos aspectos que deber\u00e1n ser tenidos en cuenta en la b\u00fasqueda por maximizar y potenciar los efectos positivos del acuerdo.\n<br><br>\n<a href=\"https:\/\/www.nuevasgeneraciones.com.ar\/sitio\/wp-content\/uploads\/documentos3\/_archivo\/2019\/Acuerdo-Mercosur-UE-6.pdf\" class=\"btn btn-danger btn-sm\" target=\"_blank\">Descargar<\/a>\n                        <\/div>\n\n                    <\/div>\n\n                <\/div><!-- .elementskit-card END -->\n\n                \n                <div class=\"elementskit-card \">\n                    <div class=\"elementskit-card-header\" id=\"primaryHeading-10-2cee4f44\">\n                        <a href=\"#collapse-61d731f69f1a53531a44\" class=\"ekit-accordion--toggler elementskit-btn-link collapsed\" data-ekit-toggle=\"collapse\" data-target=\"#Collapse-61d731f69f1a53531a44\" aria-expanded=\"false\" aria-controls=\"Collapse-61d731f69f1a53531a44\">\n                            \n                            <span class=\"ekit-accordion-title\">Herramienta para la elaboraci\u00f3n legislativa: la OMC, su rol en el mundo y las oportunidades de Argentina como miembro<\/span>\n\n                            \n                                <div class=\"ekit_accordion_icon_group\">\n                                    <div class=\"ekit_accordion_normal_icon\">\n                                        <!-- Normal Icon -->\n\t\t\t\t\t\t\t\t\t\t<i class=\"icon icon-plus\"><\/i>                                    <\/div>\n\n                                    <div class=\"ekit_accordion_active_icon\">\n                                        <!-- Active Icon -->\n\t\t\t\t\t\t\t\t\t\t<i class=\"icon icon-minus\"><\/i>                                    <\/div>\n                                <\/div>\n\n                            \n                                                    <\/a>\n                    <\/div>\n\n                    <div id=\"Collapse-61d731f69f1a53531a44\" class=\" collapse\" aria-labelledby=\"primaryHeading-10-2cee4f44\" data-parent=\"#accordion-69f1a53531a44\">\n\n                        <div class=\"elementskit-card-body ekit-accordion--content\">\n                            En el presente informe, con el fin de brindar herramientas a los legisladores y enriquecer el debate parlamentario, se hace una breve descripci\u00f3n sobre el origen de la Organizaci\u00f3n Mundial del Comercio, su funcionamiento, los cuerpos que la integran y su importancia en el \u00e1mbito del comercio global. Se explican adem\u00e1s las ventajas que para la Rep\u00fablica Argentina implica su membres\u00eda y las oportunidades que brindar\u00e1 al pa\u00eds ser la sede de la pr\u00f3xima Conferencia Ministerial.\n<br><br>\n<a href=\"https:\/\/www.nuevasgeneraciones.com.ar\/sitio\/wp-content\/uploads\/documentos3\/_archivo\/09\/09_OMC.pdf\" class=\"btn btn-danger btn-sm\" target=\"_blank\">Descargar<\/a>                        <\/div>\n\n                    <\/div>\n\n                <\/div><!-- .elementskit-card END -->\n\n                \n                <div class=\"elementskit-card \">\n                    <div class=\"elementskit-card-header\" id=\"primaryHeading-11-2cee4f44\">\n                        <a href=\"#collapse-f602ac969f1a53531a44\" class=\"ekit-accordion--toggler elementskit-btn-link collapsed\" data-ekit-toggle=\"collapse\" data-target=\"#Collapse-f602ac969f1a53531a44\" aria-expanded=\"false\" aria-controls=\"Collapse-f602ac969f1a53531a44\">\n                            \n                            <span class=\"ekit-accordion-title\">Herramienta para la elaboraci\u00f3n legislativa: ingreso de Argentina a la OCDE<\/span>\n\n                            \n                                <div class=\"ekit_accordion_icon_group\">\n                                    <div class=\"ekit_accordion_normal_icon\">\n                                        <!-- Normal Icon -->\n\t\t\t\t\t\t\t\t\t\t<i class=\"icon icon-plus\"><\/i>                                    <\/div>\n\n                                    <div class=\"ekit_accordion_active_icon\">\n                                        <!-- Active Icon -->\n\t\t\t\t\t\t\t\t\t\t<i class=\"icon icon-minus\"><\/i>                                    <\/div>\n                                <\/div>\n\n                            \n                                                    <\/a>\n                    <\/div>\n\n                    <div id=\"Collapse-f602ac969f1a53531a44\" class=\" collapse\" aria-labelledby=\"primaryHeading-11-2cee4f44\" data-parent=\"#accordion-69f1a53531a44\">\n\n                        <div class=\"elementskit-card-body ekit-accordion--content\">\n                            En el presente informe, con el fin de brindar herramientas a los legisladores y enriquecer el debate parlamentario, se explica el origen de la Organizaci\u00f3n para la Cooperaci\u00f3n y Desarrollo Econ\u00f3mico. Asimismo, se hace una breve descripci\u00f3n de su funcionamiento, de los cuerpos que la integran y su importancia en el \u00e1mbito del comercio global. Se explican adem\u00e1s las ventajas que para la Rep\u00fablica Argentina implica formar parte de ella.\n<br><br>\n<a href=\"https:\/\/www.nuevasgeneraciones.com.ar\/sitio\/wp-content\/uploads\/documentos3\/_archivo\/09\/09_OCDE.pdf\" class=\"btn btn-danger btn-sm\" target=\"_blank\">Descargar<\/a>                        <\/div>\n\n                    <\/div>\n\n                <\/div><!-- .elementskit-card END -->\n\n                \n                <div class=\"elementskit-card \">\n                    <div class=\"elementskit-card-header\" id=\"primaryHeading-12-2cee4f44\">\n                        <a href=\"#collapse-5714eb869f1a53531a44\" class=\"ekit-accordion--toggler elementskit-btn-link collapsed\" data-ekit-toggle=\"collapse\" data-target=\"#Collapse-5714eb869f1a53531a44\" aria-expanded=\"false\" aria-controls=\"Collapse-5714eb869f1a53531a44\">\n                            \n                            <span class=\"ekit-accordion-title\">Acuerdo comercial entre el MERCOSUR y la UE: Oportunidades y desaf\u00edos para nuestra regi\u00f3n<\/span>\n\n                            \n                                <div class=\"ekit_accordion_icon_group\">\n                                    <div class=\"ekit_accordion_normal_icon\">\n                                        <!-- Normal Icon -->\n\t\t\t\t\t\t\t\t\t\t<i class=\"icon icon-plus\"><\/i>                                    <\/div>\n\n                                    <div class=\"ekit_accordion_active_icon\">\n                                        <!-- Active Icon -->\n\t\t\t\t\t\t\t\t\t\t<i class=\"icon icon-minus\"><\/i>                                    <\/div>\n                                <\/div>\n\n                            \n                                                    <\/a>\n                    <\/div>\n\n                    <div id=\"Collapse-5714eb869f1a53531a44\" class=\" collapse\" aria-labelledby=\"primaryHeading-12-2cee4f44\" data-parent=\"#accordion-69f1a53531a44\">\n\n                        <div class=\"elementskit-card-body ekit-accordion--content\">\n                            Las negociaciones entre el Mercosur y la Uni\u00f3n Europea se iniciaron en el a\u00f1o 1995 a trav\u00e9s del Acuerdo Marco Interregional de Cooperaci\u00f3n. Durante los 22 a\u00f1os transcurridos desde ese momento, el v\u00ednculo entre ambos bloques pas\u00f3 por diferentes estadios y se ha visto influenciado tanto por los acontecimientos dom\u00e9sticos como por los vaivenes de la coyuntura internacional. Recientemente se ha producido un acercamiento entre las parte y se han reiniciado las negociaciones birregionales. En el presente informe se describen los principales aspectos econ\u00f3micos y comerciales de dichas negociaciones, las caracter\u00edsticas actuales de los bloques intervinientes y los posibles efectos que tendr\u00eda la firma de un acuerdo entre ellos.\n<br><br>\n<a href=\"https:\/\/www.nuevasgeneraciones.com.ar\/sitio\/wp-content\/uploads\/documentos3\/_archivo\/09\/09_acuerdo_MERCOSUR_UE.pdf\" class=\"btn btn-danger btn-sm\" target=\"_blank\">Descargar<\/a>                        <\/div>\n\n                    <\/div>\n\n                <\/div><!-- .elementskit-card END -->\n\n                \n                <div class=\"elementskit-card \">\n                    <div class=\"elementskit-card-header\" id=\"primaryHeading-13-2cee4f44\">\n                        <a href=\"#collapse-62ab17869f1a53531a44\" class=\"ekit-accordion--toggler elementskit-btn-link collapsed\" data-ekit-toggle=\"collapse\" data-target=\"#Collapse-62ab17869f1a53531a44\" aria-expanded=\"false\" aria-controls=\"Collapse-62ab17869f1a53531a44\">\n                            \n                            <span class=\"ekit-accordion-title\">Centro de atenci\u00f3n al inversor - CAI<\/span>\n\n                            \n                                <div class=\"ekit_accordion_icon_group\">\n                                    <div class=\"ekit_accordion_normal_icon\">\n                                        <!-- Normal Icon -->\n\t\t\t\t\t\t\t\t\t\t<i class=\"icon icon-plus\"><\/i>                                    <\/div>\n\n                                    <div class=\"ekit_accordion_active_icon\">\n                                        <!-- Active Icon -->\n\t\t\t\t\t\t\t\t\t\t<i class=\"icon icon-minus\"><\/i>                                    <\/div>\n                                <\/div>\n\n                            \n                                                    <\/a>\n                    <\/div>\n\n                    <div id=\"Collapse-62ab17869f1a53531a44\" class=\" collapse\" aria-labelledby=\"primaryHeading-13-2cee4f44\" data-parent=\"#accordion-69f1a53531a44\">\n\n                        <div class=\"elementskit-card-body ekit-accordion--content\">\n                            El presente trabajo propone la creaci\u00f3n de centros municipales de atenci\u00f3n al inversor, que llamaremos CAI, y describe las principales pol\u00edticas activas que deber\u00edan llevar adelante para lograr su cometido: atraer inversiones al municipio. Tambi\u00e9n se describen casos exitosos en el \u00e1mbito local e internacional, buscando con ello entender la importancia de dicha pol\u00edtica y lo vers\u00e1til que puede ser una vez puesta en marcha.\n<br><br>\n<a>Descargar<\/a>                        <\/div>\n\n                    <\/div>\n\n                <\/div><!-- .elementskit-card END -->\n\n                \n                <div class=\"elementskit-card \">\n                    <div class=\"elementskit-card-header\" id=\"primaryHeading-14-2cee4f44\">\n                        <a href=\"#collapse-863389669f1a53531a44\" class=\"ekit-accordion--toggler elementskit-btn-link collapsed\" data-ekit-toggle=\"collapse\" data-target=\"#Collapse-863389669f1a53531a44\" aria-expanded=\"false\" aria-controls=\"Collapse-863389669f1a53531a44\">\n                            \n                            <span class=\"ekit-accordion-title\">Venezuela ingresa al MERCOSUR y sale de la Corte Interamericana de DD HH<\/span>\n\n                            \n                                <div class=\"ekit_accordion_icon_group\">\n                                    <div class=\"ekit_accordion_normal_icon\">\n                                        <!-- Normal Icon -->\n\t\t\t\t\t\t\t\t\t\t<i class=\"icon icon-plus\"><\/i>                                    <\/div>\n\n                                    <div class=\"ekit_accordion_active_icon\">\n                                        <!-- Active Icon -->\n\t\t\t\t\t\t\t\t\t\t<i class=\"icon icon-minus\"><\/i>                                    <\/div>\n                                <\/div>\n\n                            \n                                                    <\/a>\n                    <\/div>\n\n                    <div id=\"Collapse-863389669f1a53531a44\" class=\" collapse\" aria-labelledby=\"primaryHeading-14-2cee4f44\" data-parent=\"#accordion-69f1a53531a44\">\n\n                        <div class=\"elementskit-card-body ekit-accordion--content\">\n                            Este trabajo plantea que tras la salida de la Rep\u00fablica Bolivariana de Venezuela de la Corte Interamericana de Derechos Humanos se genera una incompatibilidad que invalidar\u00eda la participaci\u00f3n de dicho pa\u00eds en el MERCOSUR. Esta hip\u00f3tesis tiene dos ejes argumentativos: la existencia de una cl\u00e1usula democr\u00e1tica en el seno del MERCOSUR y la progresividad en la protecci\u00f3n de derechos humanos que ha caracterizado al bloque regional desde su creaci\u00f3n.\n<br><br>\n<a href=\"https:\/\/www.nuevasgeneraciones.com.ar\/sitio\/wp-content\/uploads\/documentos3\/_archivo\/09\/201310%20venezuela_mercosur_corte.pdf\" class=\"btn btn-danger btn-sm\" target=\"_blank\">Descargar<\/a>                        <\/div>\n\n                    <\/div>\n\n                <\/div><!-- .elementskit-card END -->\n\n                \n                <div class=\"elementskit-card \">\n                    <div class=\"elementskit-card-header\" id=\"primaryHeading-15-2cee4f44\">\n                        <a href=\"#collapse-505411669f1a53531a44\" class=\"ekit-accordion--toggler elementskit-btn-link collapsed\" data-ekit-toggle=\"collapse\" data-target=\"#Collapse-505411669f1a53531a44\" aria-expanded=\"false\" aria-controls=\"Collapse-505411669f1a53531a44\">\n                            \n                            <span class=\"ekit-accordion-title\">Cooperaci\u00f3n universitaria entre Argentina y Brasil en materia agropecuaria<\/span>\n\n                            \n                                <div class=\"ekit_accordion_icon_group\">\n                                    <div class=\"ekit_accordion_normal_icon\">\n                                        <!-- Normal Icon -->\n\t\t\t\t\t\t\t\t\t\t<i class=\"icon icon-plus\"><\/i>                                    <\/div>\n\n                                    <div class=\"ekit_accordion_active_icon\">\n                                        <!-- Active Icon -->\n\t\t\t\t\t\t\t\t\t\t<i class=\"icon icon-minus\"><\/i>                                    <\/div>\n                                <\/div>\n\n                            \n                                                    <\/a>\n                    <\/div>\n\n                    <div id=\"Collapse-505411669f1a53531a44\" class=\" collapse\" aria-labelledby=\"primaryHeading-15-2cee4f44\" data-parent=\"#accordion-69f1a53531a44\">\n\n                        <div class=\"elementskit-card-body ekit-accordion--content\">\n                            El mundo en que vivimos exige cada vez m\u00e1s que los pa\u00edses a\u00fanen sus esfuerzos con el compromiso de desarrollarse y perfeccionar sus capacidades. Es as\u00ed como el presente trabajo nos muestra un programa para favorecer la cooperaci\u00f3n universitaria entre Argentina y Brasil en materia agropecuaria.\n<br><br>\n<a>Descargar<\/a>                        <\/div>\n\n                    <\/div>\n\n                <\/div><!-- .elementskit-card END -->\n\n                \n                <div class=\"elementskit-card \">\n                    <div class=\"elementskit-card-header\" id=\"primaryHeading-16-2cee4f44\">\n                        <a href=\"#collapse-58a269169f1a53531a44\" class=\"ekit-accordion--toggler elementskit-btn-link collapsed\" data-ekit-toggle=\"collapse\" data-target=\"#Collapse-58a269169f1a53531a44\" aria-expanded=\"false\" aria-controls=\"Collapse-58a269169f1a53531a44\">\n                            \n                            <span class=\"ekit-accordion-title\">Distrito electoral en el exterior<\/span>\n\n                            \n                                <div class=\"ekit_accordion_icon_group\">\n                                    <div class=\"ekit_accordion_normal_icon\">\n                                        <!-- Normal Icon -->\n\t\t\t\t\t\t\t\t\t\t<i class=\"icon icon-plus\"><\/i>                                    <\/div>\n\n                                    <div class=\"ekit_accordion_active_icon\">\n                                        <!-- Active Icon -->\n\t\t\t\t\t\t\t\t\t\t<i class=\"icon icon-minus\"><\/i>                                    <\/div>\n                                <\/div>\n\n                            \n                                                    <\/a>\n                    <\/div>\n\n                    <div id=\"Collapse-58a269169f1a53531a44\" class=\" collapse\" aria-labelledby=\"primaryHeading-16-2cee4f44\" data-parent=\"#accordion-69f1a53531a44\">\n\n                        <div class=\"elementskit-card-body ekit-accordion--content\">\n                            Es considerable la cantidad de ciudadanos argentinos radicados en el extranjero. Siguiendo la figura que varios pa\u00edses han implementado, el presente trabajo propone atribuir mayor representatividad a dicho grupo de ciudadanos, mediante la creaci\u00f3n de un distrito electoral en el exterior para la elecci\u00f3n de sus propios Diputados Nacionales.\n<br><br>\n<a href=\"https:\/\/www.nuevasgeneraciones.com.ar\/sitio\/wp-content\/uploads\/documentos3\/_archivo\/09\/2012s2%20Distrito%20electoral%20en%20el%20exterior.pdf\" class=\"btn btn-danger btn-sm\" target=\"_blank\">Descargar<\/a>                        <\/div>\n\n                    <\/div>\n\n                <\/div><!-- .elementskit-card END -->\n\n                \n                <div class=\"elementskit-card \">\n                    <div class=\"elementskit-card-header\" id=\"primaryHeading-17-2cee4f44\">\n                        <a href=\"#collapse-5d5450a69f1a53531a44\" class=\"ekit-accordion--toggler elementskit-btn-link collapsed\" data-ekit-toggle=\"collapse\" data-target=\"#Collapse-5d5450a69f1a53531a44\" aria-expanded=\"false\" aria-controls=\"Collapse-5d5450a69f1a53531a44\">\n                            \n                            <span class=\"ekit-accordion-title\">Integraci\u00f3n de los controles fronterizos entre Argentina y Chile<\/span>\n\n                            \n                                <div class=\"ekit_accordion_icon_group\">\n                                    <div class=\"ekit_accordion_normal_icon\">\n                                        <!-- Normal Icon -->\n\t\t\t\t\t\t\t\t\t\t<i class=\"icon icon-plus\"><\/i>                                    <\/div>\n\n                                    <div class=\"ekit_accordion_active_icon\">\n                                        <!-- Active Icon -->\n\t\t\t\t\t\t\t\t\t\t<i class=\"icon icon-minus\"><\/i>                                    <\/div>\n                                <\/div>\n\n                            \n                                                    <\/a>\n                    <\/div>\n\n                    <div id=\"Collapse-5d5450a69f1a53531a44\" class=\" collapse\" aria-labelledby=\"primaryHeading-17-2cee4f44\" data-parent=\"#accordion-69f1a53531a44\">\n\n                        <div class=\"elementskit-card-body ekit-accordion--content\">\n                            El presente trabajo analiza el estado de la integraci\u00f3n de los controles fronterizos en los pasos que conectan a la Argentina y a Chile. Se eval\u00faa en una primera instancia las diferentes modalidades de integraci\u00f3n de controles fronterizos existentes, para luego establecer la situaci\u00f3n de los diferentes cruces de frontera argentino-chilenos en cuanto a la modalidad de control que se emplea en cada uno de ellos (sea integrada o no) y las diversas problem\u00e1ticas que presenta el sistema de controles aplicado actualmente. Finalmente, se analizan los tratados y acuerdos internacionales vigentes entre ambos pa\u00edses relacionados con este tema y su aplicaci\u00f3n, para concluir con algunas recomendaciones puntuales para mejorar y agilizar los controles fronterizos.\n<br><br>\n<a href=\"https:\/\/www.nuevasgeneraciones.com.ar\/sitio\/wp-content\/uploads\/documentos3\/_archivo\/09\/09_integracion_controles_fronterizos.pdf\" class=\"btn btn-danger btn-sm\" target=\"_blank\">Descargar<\/a>                        <\/div>\n\n                    <\/div>\n\n                <\/div><!-- .elementskit-card END -->\n\n                \n                <div class=\"elementskit-card \">\n                    <div class=\"elementskit-card-header\" id=\"primaryHeading-18-2cee4f44\">\n                        <a href=\"#collapse-b1a851669f1a53531a44\" class=\"ekit-accordion--toggler elementskit-btn-link collapsed\" data-ekit-toggle=\"collapse\" data-target=\"#Collapse-b1a851669f1a53531a44\" aria-expanded=\"false\" aria-controls=\"Collapse-b1a851669f1a53531a44\">\n                            \n                            <span class=\"ekit-accordion-title\">An\u00e1lisis de la pol\u00edtica actual de cielos abiertos<\/span>\n\n                            \n                                <div class=\"ekit_accordion_icon_group\">\n                                    <div class=\"ekit_accordion_normal_icon\">\n                                        <!-- Normal Icon -->\n\t\t\t\t\t\t\t\t\t\t<i class=\"icon icon-plus\"><\/i>                                    <\/div>\n\n                                    <div class=\"ekit_accordion_active_icon\">\n                                        <!-- Active Icon -->\n\t\t\t\t\t\t\t\t\t\t<i class=\"icon icon-minus\"><\/i>                                    <\/div>\n                                <\/div>\n\n                            \n                                                    <\/a>\n                    <\/div>\n\n                    <div id=\"Collapse-b1a851669f1a53531a44\" class=\" collapse\" aria-labelledby=\"primaryHeading-18-2cee4f44\" data-parent=\"#accordion-69f1a53531a44\">\n\n                        <div class=\"elementskit-card-body ekit-accordion--content\">\n                            La pol\u00edtica aerocomercial argentina viene sufriendo una franca decadencia desde el a\u00f1o 2000, las compa\u00f1\u00edas a\u00e9reas locales fueron desapareciendo hasta que en el a\u00f1o 2009 con la re-estatizaci\u00f3n de Aerol\u00edneas Argentinas la competencia se volvi\u00f3 monop\u00f3lica de nuestra aerol\u00ednea de bandera. La regulaci\u00f3n de la actividad y la falta de personal capacitado para resolver la ecuaci\u00f3n que dej\u00f3 la pesificaci\u00f3n, se traduce en millones de d\u00f3lares de d\u00e9ficit solventado por el Estado Argentino. Hoy el mundo se mueve en otra direcci\u00f3n, donde el mercado a\u00e9reo se maneja con m\u00e1s compa\u00f1\u00edas, m\u00e1s aviones, m\u00e1s vuelos, en definitiva con una Pol\u00edtica de Cielos Abiertos que elimina las regulaciones que hacen imposible la libre competencia.\n<br><br>\n<a href=\"https:\/\/www.nuevasgeneraciones.com.ar\/sitio\/wp-content\/uploads\/documentos3\/_archivo\/09\/09_cielos_abiertos.pdf\" class=\"btn btn-danger btn-sm\" target=\"_blank\">Descargar<\/a>                        <\/div>\n\n                    <\/div>\n\n                <\/div><!-- .elementskit-card END -->\n\n                \n                <div class=\"elementskit-card \">\n                    <div class=\"elementskit-card-header\" id=\"primaryHeading-19-2cee4f44\">\n                        <a href=\"#collapse-47b49f569f1a53531a44\" class=\"ekit-accordion--toggler elementskit-btn-link collapsed\" data-ekit-toggle=\"collapse\" data-target=\"#Collapse-47b49f569f1a53531a44\" aria-expanded=\"false\" aria-controls=\"Collapse-47b49f569f1a53531a44\">\n                            \n                            <span class=\"ekit-accordion-title\">Creaci\u00f3n de un Tribunal Ambiental en la \u00f3rbita del MERCOSUR<\/span>\n\n                            \n                                <div class=\"ekit_accordion_icon_group\">\n                                    <div class=\"ekit_accordion_normal_icon\">\n                                        <!-- Normal Icon -->\n\t\t\t\t\t\t\t\t\t\t<i class=\"icon icon-plus\"><\/i>                                    <\/div>\n\n                                    <div class=\"ekit_accordion_active_icon\">\n                                        <!-- Active Icon -->\n\t\t\t\t\t\t\t\t\t\t<i class=\"icon icon-minus\"><\/i>                                    <\/div>\n                                <\/div>\n\n                            \n                                                    <\/a>\n                    <\/div>\n\n                    <div id=\"Collapse-47b49f569f1a53531a44\" class=\" collapse\" aria-labelledby=\"primaryHeading-19-2cee4f44\" data-parent=\"#accordion-69f1a53531a44\">\n\n                        <div class=\"elementskit-card-body ekit-accordion--content\">\n                            Los conflictos originados por cuestiones ambientales originadas en un pa\u00eds pero capaces de trascender sus fronteras hacia los Estados vecinos es algo que en la actualidad se da con asiduidad. Por tal motivo En el presente trabajo propone la creaci\u00f3n de un tribunal de justicia con la capacidad dirimir los diferendos y conflictos de \u00edndole ambiental que pudieren suscitar en el \u00e1mbito del MERCOSUR.\n<br><br>\n<a href=\"https:\/\/www.nuevasgeneraciones.com.ar\/sitio\/wp-content\/uploads\/documentos3\/_archivo\/09\/09_tribunal_ambiental_MERCOSUR.pdf\" class=\"btn btn-danger btn-sm\" target=\"_blank\">Descargar<\/a>                        <\/div>\n\n                    <\/div>\n\n                <\/div><!-- .elementskit-card END -->\n\n                                        <\/div>\n    <\/div>\t\t\t\t<\/div>\n\t\t\t\t<\/div>\n\t\t\t\t\t<\/div>\n\t\t<\/div>\n\t\t\t\t<div class=\"elementor-column elementor-col-33 elementor-top-column elementor-element elementor-element-a0ec2a7\" data-id=\"a0ec2a7\" data-element_type=\"column\" data-e-type=\"column\">\n\t\t\t<div class=\"elementor-widget-wrap\">\n\t\t\t\t\t\t\t<\/div>\n\t\t<\/div>\n\t\t\t\t\t<\/div>\n\t\t<\/section>\n\t\t\t\t<section class=\"elementor-section elementor-top-section elementor-element elementor-element-6d8d9cc0 elementor-section-boxed elementor-section-height-default elementor-section-height-default\" data-id=\"6d8d9cc0\" data-element_type=\"section\" data-e-type=\"section\">\n\t\t\t\t\t\t<div class=\"elementor-container elementor-column-gap-default\">\n\t\t\t\t\t<div class=\"elementor-column elementor-col-25 elementor-top-column elementor-element elementor-element-1e50b495\" data-id=\"1e50b495\" data-element_type=\"column\" data-e-type=\"column\">\n\t\t\t<div class=\"elementor-widget-wrap\">\n\t\t\t\t\t\t\t<\/div>\n\t\t<\/div>\n\t\t\t\t<div class=\"elementor-column elementor-col-50 elementor-top-column elementor-element elementor-element-4080eb66\" data-id=\"4080eb66\" data-element_type=\"column\" data-e-type=\"column\">\n\t\t\t<div class=\"elementor-widget-wrap\">\n\t\t\t\t\t\t\t<\/div>\n\t\t<\/div>\n\t\t\t\t<div class=\"elementor-column elementor-col-25 elementor-top-column elementor-element elementor-element-6bc91ef2\" data-id=\"6bc91ef2\" data-element_type=\"column\" data-e-type=\"column\">\n\t\t\t<div class=\"elementor-widget-wrap\">\n\t\t\t\t\t\t\t<\/div>\n\t\t<\/div>\n\t\t\t\t\t<\/div>\n\t\t<\/section>\n\t\t\t\t<\/div>\n\t\t","protected":false},"excerpt":{"rendered":"<p>Relaciones exteriores y asuntos regionales Pol\u00edticas y acciones para modernizar y transparentar los controles fronterizos La frontera argentina, producto de la enorme extensi\u00f3n territorial de nuestro pa\u00eds, recorre m\u00e1s de 9.000 km terrestres y fluviales, contando con diversos pasos internacionales. Esta gran extensi\u00f3n, hace que nuestro pa\u00eds enfrente constantemente diversos desaf\u00edos y problemas que lo&hellip;&nbsp;<\/p>\n","protected":false},"author":1,"featured_media":0,"parent":0,"menu_order":0,"comment_status":"closed","ping_status":"closed","template":"page-templates\/template-pagebuilder-full-width.php","meta":{"neve_meta_sidebar":"","neve_meta_container":"","neve_meta_enable_content_width":"off","neve_meta_content_width":100,"neve_meta_title_alignment":"","neve_meta_author_avatar":"","neve_post_elements_order":"","neve_meta_disable_header":"","neve_meta_disable_footer":"","neve_meta_disable_title":"","footnotes":""},"class_list":["post-12402","page","type-page","status-publish","hentry"],"yoast_head":"<!-- This site is optimized with the Yoast SEO plugin v27.4 - https:\/\/yoast.com\/product\/yoast-seo-wordpress\/ -->\n<title>Relaciones exteriores y asuntos regionales - Fundaci\u00f3n Nuevas Generaciones<\/title>\n<meta name=\"robots\" content=\"index, follow, max-snippet:-1, max-image-preview:large, max-video-preview:-1\" \/>\n<link rel=\"canonical\" href=\"https:\/\/nuevasgeneraciones.com.ar\/sitio\/relaciones-exteriores-y-asuntos-regionales\/\" \/>\n<meta property=\"og:locale\" content=\"es_ES\" \/>\n<meta property=\"og:type\" content=\"article\" \/>\n<meta property=\"og:title\" content=\"Relaciones exteriores y asuntos regionales - Fundaci\u00f3n Nuevas Generaciones\" \/>\n<meta property=\"og:description\" content=\"Relaciones exteriores y asuntos regionales Pol\u00edticas y acciones para modernizar y transparentar los controles fronterizos La frontera argentina, producto de la enorme extensi\u00f3n territorial de nuestro pa\u00eds, recorre m\u00e1s de 9.000 km terrestres y fluviales, contando con diversos pasos internacionales. Esta gran extensi\u00f3n, hace que nuestro pa\u00eds enfrente constantemente diversos desaf\u00edos y problemas que lo&hellip;&nbsp;\" \/>\n<meta property=\"og:url\" content=\"https:\/\/nuevasgeneraciones.com.ar\/sitio\/relaciones-exteriores-y-asuntos-regionales\/\" \/>\n<meta property=\"og:site_name\" content=\"Fundaci\u00f3n Nuevas Generaciones\" \/>\n<meta property=\"article:modified_time\" content=\"2024-03-08T20:15:33+00:00\" \/>\n<meta name=\"twitter:card\" content=\"summary_large_image\" \/>\n<meta name=\"twitter:label1\" content=\"Tiempo de lectura\" \/>\n\t<meta name=\"twitter:data1\" content=\"9 minutos\" \/>\n<script type=\"application\/ld+json\" class=\"yoast-schema-graph\">{\"@context\":\"https:\\\/\\\/schema.org\",\"@graph\":[{\"@type\":\"WebPage\",\"@id\":\"https:\\\/\\\/nuevasgeneraciones.com.ar\\\/sitio\\\/relaciones-exteriores-y-asuntos-regionales\\\/\",\"url\":\"https:\\\/\\\/nuevasgeneraciones.com.ar\\\/sitio\\\/relaciones-exteriores-y-asuntos-regionales\\\/\",\"name\":\"Relaciones exteriores y asuntos regionales - Fundaci\u00f3n Nuevas Generaciones\",\"isPartOf\":{\"@id\":\"https:\\\/\\\/nuevasgeneraciones.com.ar\\\/sitio\\\/#website\"},\"datePublished\":\"2018-11-09T21:35:09+00:00\",\"dateModified\":\"2024-03-08T20:15:33+00:00\",\"breadcrumb\":{\"@id\":\"https:\\\/\\\/nuevasgeneraciones.com.ar\\\/sitio\\\/relaciones-exteriores-y-asuntos-regionales\\\/#breadcrumb\"},\"inLanguage\":\"es-AR\",\"potentialAction\":[{\"@type\":\"ReadAction\",\"target\":[\"https:\\\/\\\/nuevasgeneraciones.com.ar\\\/sitio\\\/relaciones-exteriores-y-asuntos-regionales\\\/\"]}]},{\"@type\":\"BreadcrumbList\",\"@id\":\"https:\\\/\\\/nuevasgeneraciones.com.ar\\\/sitio\\\/relaciones-exteriores-y-asuntos-regionales\\\/#breadcrumb\",\"itemListElement\":[{\"@type\":\"ListItem\",\"position\":1,\"name\":\"Inicio\",\"item\":\"https:\\\/\\\/nuevasgeneraciones.com.ar\\\/sitio\\\/\"},{\"@type\":\"ListItem\",\"position\":2,\"name\":\"Relaciones exteriores y asuntos regionales\"}]},{\"@type\":\"WebSite\",\"@id\":\"https:\\\/\\\/nuevasgeneraciones.com.ar\\\/sitio\\\/#website\",\"url\":\"https:\\\/\\\/nuevasgeneraciones.com.ar\\\/sitio\\\/\",\"name\":\"Fundaci\u00f3n Nuevas Generaciones\",\"description\":\"\",\"publisher\":{\"@id\":\"https:\\\/\\\/nuevasgeneraciones.com.ar\\\/sitio\\\/#organization\"},\"potentialAction\":[{\"@type\":\"SearchAction\",\"target\":{\"@type\":\"EntryPoint\",\"urlTemplate\":\"https:\\\/\\\/nuevasgeneraciones.com.ar\\\/sitio\\\/?s={search_term_string}\"},\"query-input\":{\"@type\":\"PropertyValueSpecification\",\"valueRequired\":true,\"valueName\":\"search_term_string\"}}],\"inLanguage\":\"es-AR\"},{\"@type\":\"Organization\",\"@id\":\"https:\\\/\\\/nuevasgeneraciones.com.ar\\\/sitio\\\/#organization\",\"name\":\"Fundaci\u00f3n Nuevas Generaciones\",\"url\":\"https:\\\/\\\/nuevasgeneraciones.com.ar\\\/sitio\\\/\",\"logo\":{\"@type\":\"ImageObject\",\"inLanguage\":\"es-AR\",\"@id\":\"https:\\\/\\\/nuevasgeneraciones.com.ar\\\/sitio\\\/#\\\/schema\\\/logo\\\/image\\\/\",\"url\":\"https:\\\/\\\/nuevasgeneraciones.com.ar\\\/sitio\\\/wp-content\\\/uploads\\\/2023\\\/06\\\/logo-01.png\",\"contentUrl\":\"https:\\\/\\\/nuevasgeneraciones.com.ar\\\/sitio\\\/wp-content\\\/uploads\\\/2023\\\/06\\\/logo-01.png\",\"width\":593,\"height\":77,\"caption\":\"Fundaci\u00f3n Nuevas Generaciones\"},\"image\":{\"@id\":\"https:\\\/\\\/nuevasgeneraciones.com.ar\\\/sitio\\\/#\\\/schema\\\/logo\\\/image\\\/\"}}]}<\/script>\n<!-- \/ Yoast SEO plugin. -->","yoast_head_json":{"title":"Relaciones exteriores y asuntos regionales - Fundaci\u00f3n Nuevas Generaciones","robots":{"index":"index","follow":"follow","max-snippet":"max-snippet:-1","max-image-preview":"max-image-preview:large","max-video-preview":"max-video-preview:-1"},"canonical":"https:\/\/nuevasgeneraciones.com.ar\/sitio\/relaciones-exteriores-y-asuntos-regionales\/","og_locale":"es_ES","og_type":"article","og_title":"Relaciones exteriores y asuntos regionales - Fundaci\u00f3n Nuevas Generaciones","og_description":"Relaciones exteriores y asuntos regionales Pol\u00edticas y acciones para modernizar y transparentar los controles fronterizos La frontera argentina, producto de la enorme extensi\u00f3n territorial de nuestro pa\u00eds, recorre m\u00e1s de 9.000 km terrestres y fluviales, contando con diversos pasos internacionales. Esta gran extensi\u00f3n, hace que nuestro pa\u00eds enfrente constantemente diversos desaf\u00edos y problemas que lo&hellip;&nbsp;","og_url":"https:\/\/nuevasgeneraciones.com.ar\/sitio\/relaciones-exteriores-y-asuntos-regionales\/","og_site_name":"Fundaci\u00f3n Nuevas Generaciones","article_modified_time":"2024-03-08T20:15:33+00:00","twitter_card":"summary_large_image","twitter_misc":{"Tiempo de lectura":"9 minutos"},"schema":{"@context":"https:\/\/schema.org","@graph":[{"@type":"WebPage","@id":"https:\/\/nuevasgeneraciones.com.ar\/sitio\/relaciones-exteriores-y-asuntos-regionales\/","url":"https:\/\/nuevasgeneraciones.com.ar\/sitio\/relaciones-exteriores-y-asuntos-regionales\/","name":"Relaciones exteriores y asuntos regionales - Fundaci\u00f3n Nuevas Generaciones","isPartOf":{"@id":"https:\/\/nuevasgeneraciones.com.ar\/sitio\/#website"},"datePublished":"2018-11-09T21:35:09+00:00","dateModified":"2024-03-08T20:15:33+00:00","breadcrumb":{"@id":"https:\/\/nuevasgeneraciones.com.ar\/sitio\/relaciones-exteriores-y-asuntos-regionales\/#breadcrumb"},"inLanguage":"es-AR","potentialAction":[{"@type":"ReadAction","target":["https:\/\/nuevasgeneraciones.com.ar\/sitio\/relaciones-exteriores-y-asuntos-regionales\/"]}]},{"@type":"BreadcrumbList","@id":"https:\/\/nuevasgeneraciones.com.ar\/sitio\/relaciones-exteriores-y-asuntos-regionales\/#breadcrumb","itemListElement":[{"@type":"ListItem","position":1,"name":"Inicio","item":"https:\/\/nuevasgeneraciones.com.ar\/sitio\/"},{"@type":"ListItem","position":2,"name":"Relaciones exteriores y asuntos regionales"}]},{"@type":"WebSite","@id":"https:\/\/nuevasgeneraciones.com.ar\/sitio\/#website","url":"https:\/\/nuevasgeneraciones.com.ar\/sitio\/","name":"Fundaci\u00f3n Nuevas Generaciones","description":"","publisher":{"@id":"https:\/\/nuevasgeneraciones.com.ar\/sitio\/#organization"},"potentialAction":[{"@type":"SearchAction","target":{"@type":"EntryPoint","urlTemplate":"https:\/\/nuevasgeneraciones.com.ar\/sitio\/?s={search_term_string}"},"query-input":{"@type":"PropertyValueSpecification","valueRequired":true,"valueName":"search_term_string"}}],"inLanguage":"es-AR"},{"@type":"Organization","@id":"https:\/\/nuevasgeneraciones.com.ar\/sitio\/#organization","name":"Fundaci\u00f3n Nuevas Generaciones","url":"https:\/\/nuevasgeneraciones.com.ar\/sitio\/","logo":{"@type":"ImageObject","inLanguage":"es-AR","@id":"https:\/\/nuevasgeneraciones.com.ar\/sitio\/#\/schema\/logo\/image\/","url":"https:\/\/nuevasgeneraciones.com.ar\/sitio\/wp-content\/uploads\/2023\/06\/logo-01.png","contentUrl":"https:\/\/nuevasgeneraciones.com.ar\/sitio\/wp-content\/uploads\/2023\/06\/logo-01.png","width":593,"height":77,"caption":"Fundaci\u00f3n Nuevas Generaciones"},"image":{"@id":"https:\/\/nuevasgeneraciones.com.ar\/sitio\/#\/schema\/logo\/image\/"}}]}},"_links":{"self":[{"href":"https:\/\/nuevasgeneraciones.com.ar\/sitio\/wp-json\/wp\/v2\/pages\/12402","targetHints":{"allow":["GET"]}}],"collection":[{"href":"https:\/\/nuevasgeneraciones.com.ar\/sitio\/wp-json\/wp\/v2\/pages"}],"about":[{"href":"https:\/\/nuevasgeneraciones.com.ar\/sitio\/wp-json\/wp\/v2\/types\/page"}],"author":[{"embeddable":true,"href":"https:\/\/nuevasgeneraciones.com.ar\/sitio\/wp-json\/wp\/v2\/users\/1"}],"replies":[{"embeddable":true,"href":"https:\/\/nuevasgeneraciones.com.ar\/sitio\/wp-json\/wp\/v2\/comments?post=12402"}],"version-history":[{"count":18,"href":"https:\/\/nuevasgeneraciones.com.ar\/sitio\/wp-json\/wp\/v2\/pages\/12402\/revisions"}],"predecessor-version":[{"id":19680,"href":"https:\/\/nuevasgeneraciones.com.ar\/sitio\/wp-json\/wp\/v2\/pages\/12402\/revisions\/19680"}],"wp:attachment":[{"href":"https:\/\/nuevasgeneraciones.com.ar\/sitio\/wp-json\/wp\/v2\/media?parent=12402"}],"curies":[{"name":"wp","href":"https:\/\/api.w.org\/{rel}","templated":true}]}}