{"id":12400,"date":"2018-11-09T18:31:12","date_gmt":"2018-11-09T21:31:12","guid":{"rendered":"http:\/\/nuevasgeneraciones.com.ar\/sitio\/?page_id=12400"},"modified":"2023-06-29T16:10:32","modified_gmt":"2023-06-29T16:10:32","slug":"infraestructura-y-obra-publica","status":"publish","type":"page","link":"https:\/\/nuevasgeneraciones.com.ar\/sitio\/infraestructura-y-obra-publica\/","title":{"rendered":"Infraestructura y obra p\u00fablica"},"content":{"rendered":"\t\t<div data-elementor-type=\"wp-page\" data-elementor-id=\"12400\" class=\"elementor elementor-12400\" data-elementor-post-type=\"page\">\n\t\t\t\t\t\t<section class=\"elementor-section elementor-top-section elementor-element elementor-element-5e9bea23 elementor-section-full_width elementor-section-height-default elementor-section-height-default\" data-id=\"5e9bea23\" data-element_type=\"section\" data-e-type=\"section\" data-settings=\"{&quot;background_background&quot;:&quot;classic&quot;}\">\n\t\t\t\t\t\t<div class=\"elementor-container elementor-column-gap-default\">\n\t\t\t\t\t<div class=\"elementor-column elementor-col-33 elementor-top-column elementor-element elementor-element-7b6b0d7c\" data-id=\"7b6b0d7c\" data-element_type=\"column\" data-e-type=\"column\">\n\t\t\t<div class=\"elementor-widget-wrap\">\n\t\t\t\t\t\t\t<\/div>\n\t\t<\/div>\n\t\t\t\t<div class=\"elementor-column elementor-col-33 elementor-top-column elementor-element elementor-element-bfcea94\" data-id=\"bfcea94\" data-element_type=\"column\" data-e-type=\"column\">\n\t\t\t<div class=\"elementor-widget-wrap elementor-element-populated\">\n\t\t\t\t\t\t<div class=\"elementor-element elementor-element-632d9bfb elementor-widget elementor-widget-text-editor\" data-id=\"632d9bfb\" data-element_type=\"widget\" data-e-type=\"widget\" data-widget_type=\"text-editor.default\">\n\t\t\t\t<div class=\"elementor-widget-container\">\n\t\t\t\t\t\t\t\t\t<h1>Infraestructura y obra p\u00fablica<\/h1>\t\t\t\t\t\t\t\t<\/div>\n\t\t\t\t<\/div>\n\t\t\t\t\t<\/div>\n\t\t<\/div>\n\t\t\t\t<div class=\"elementor-column elementor-col-33 elementor-top-column elementor-element elementor-element-140a8c58\" data-id=\"140a8c58\" data-element_type=\"column\" data-e-type=\"column\">\n\t\t\t<div class=\"elementor-widget-wrap\">\n\t\t\t\t\t\t\t<\/div>\n\t\t<\/div>\n\t\t\t\t\t<\/div>\n\t\t<\/section>\n\t\t\t\t<section class=\"elementor-section elementor-top-section elementor-element elementor-element-14b04f43 elementor-section-boxed elementor-section-height-default elementor-section-height-default\" data-id=\"14b04f43\" data-element_type=\"section\" data-e-type=\"section\">\n\t\t\t\t\t\t<div class=\"elementor-container elementor-column-gap-default\">\n\t\t\t\t\t<div class=\"elementor-column elementor-col-100 elementor-top-column elementor-element elementor-element-13fd11a\" data-id=\"13fd11a\" data-element_type=\"column\" data-e-type=\"column\">\n\t\t\t<div class=\"elementor-widget-wrap elementor-element-populated\">\n\t\t\t\t\t\t<div class=\"elementor-element elementor-element-72a1a943 elementor-widget elementor-widget-spacer\" data-id=\"72a1a943\" data-element_type=\"widget\" data-e-type=\"widget\" data-widget_type=\"spacer.default\">\n\t\t\t\t<div class=\"elementor-widget-container\">\n\t\t\t\t\t\t\t<div class=\"elementor-spacer\">\n\t\t\t<div class=\"elementor-spacer-inner\"><\/div>\n\t\t<\/div>\n\t\t\t\t\t\t<\/div>\n\t\t\t\t<\/div>\n\t\t\t\t\t<\/div>\n\t\t<\/div>\n\t\t\t\t\t<\/div>\n\t\t<\/section>\n\t\t\t\t<section class=\"elementor-section elementor-top-section elementor-element elementor-element-28f4ebc9 elementor-section-boxed elementor-section-height-default elementor-section-height-default\" data-id=\"28f4ebc9\" data-element_type=\"section\" data-e-type=\"section\">\n\t\t\t\t\t\t<div class=\"elementor-container elementor-column-gap-default\">\n\t\t\t\t\t<div class=\"elementor-column elementor-col-33 elementor-top-column elementor-element elementor-element-7c1e5977\" data-id=\"7c1e5977\" data-element_type=\"column\" data-e-type=\"column\">\n\t\t\t<div class=\"elementor-widget-wrap\">\n\t\t\t\t\t\t\t<\/div>\n\t\t<\/div>\n\t\t\t\t<div class=\"elementor-column elementor-col-33 elementor-top-column elementor-element elementor-element-e15c7b7\" data-id=\"e15c7b7\" data-element_type=\"column\" data-e-type=\"column\">\n\t\t\t<div class=\"elementor-widget-wrap elementor-element-populated\">\n\t\t\t\t\t\t<div class=\"elementor-element elementor-element-22157671 elementor-widget elementor-widget-elementskit-accordion\" data-id=\"22157671\" data-element_type=\"widget\" data-e-type=\"widget\" data-widget_type=\"elementskit-accordion.default\">\n\t\t\t\t<div class=\"elementor-widget-container\">\n\t\t\t\t\t<div class=\"ekit-wid-con\" >\n        <div class=\"elementskit-accordion accoedion-primary\" id=\"accordion-69f1a52d2192f\">\n\n            \n                <div class=\"elementskit-card \">\n                    <div class=\"elementskit-card-header\" id=\"primaryHeading-0-22157671\">\n                        <a href=\"#collapse-35c8fe469f1a52d2192f\" class=\"ekit-accordion--toggler elementskit-btn-link collapsed\" data-ekit-toggle=\"collapse\" data-target=\"#Collapse-35c8fe469f1a52d2192f\" aria-expanded=\"false\" aria-controls=\"Collapse-35c8fe469f1a52d2192f\">\n                            \n                            <span class=\"ekit-accordion-title\">Instalaci\u00f3n de sanitarios en espacios p\u00fablicos<\/span>\n\n                            \n                                <div class=\"ekit_accordion_icon_group\">\n                                    <div class=\"ekit_accordion_normal_icon\">\n                                        <!-- Normal Icon -->\n\t\t\t\t\t\t\t\t\t\t<i class=\"icon icon-plus\"><\/i>                                    <\/div>\n\n                                    <div class=\"ekit_accordion_active_icon\">\n                                        <!-- Active Icon -->\n\t\t\t\t\t\t\t\t\t\t<i class=\"icon icon-minus\"><\/i>                                    <\/div>\n                                <\/div>\n\n                            \n                                                    <\/a>\n                    <\/div>\n\n                    <div id=\"Collapse-35c8fe469f1a52d2192f\" class=\" collapse\" aria-labelledby=\"primaryHeading-0-22157671\" data-parent=\"#accordion-69f1a52d2192f\">\n\n                        <div class=\"elementskit-card-body ekit-accordion--content\">\n                            La instalaci\u00f3n de sanitarios para el uso p\u00fablico es una medida que ha sido tomada en muchas ciudades en raz\u00f3n de las ventajas que ello reporta. Gracias a ellos, no solamente se benefician quienes requieren utilizaros, sino tambi\u00e9n los vecinos que padecen el uso del espacio p\u00fablico por parte de quienes no tienen donde realizar sus necesidades. En el presente trabajo se analizan las medidas implementadas por varios municipios y se propone una serie de recomendaciones de suma utilidad para la instalaci\u00f3n de ba\u00f1os p\u00fablicos en determinados puntos estrat\u00e9gicos de las ciudades.\n<br><br>\n<a href=\"https:\/\/www.nuevasgeneraciones.com.ar\/sitio\/wp-content\/uploads\/documentos3\/_archivo\/06\/06_Banos_publicos.pdf\" class=\"btn btn-danger btn-sm\" target=\"_blank\">Descargar<\/a>                        <\/div>\n\n                    <\/div>\n\n                <\/div><!-- .elementskit-card END -->\n\n                \n                <div class=\"elementskit-card \">\n                    <div class=\"elementskit-card-header\" id=\"primaryHeading-1-22157671\">\n                        <a href=\"#collapse-26ee85b69f1a52d2192f\" class=\"ekit-accordion--toggler elementskit-btn-link collapsed\" data-ekit-toggle=\"collapse\" data-target=\"#Collapse-26ee85b69f1a52d2192f\" aria-expanded=\"false\" aria-controls=\"Collapse-26ee85b69f1a52d2192f\">\n                            \n                            <span class=\"ekit-accordion-title\">Los estacionamientos de bicicletas como herramientas para incentivar la movilidad sustentable en las ciudades<\/span>\n\n                            \n                                <div class=\"ekit_accordion_icon_group\">\n                                    <div class=\"ekit_accordion_normal_icon\">\n                                        <!-- Normal Icon -->\n\t\t\t\t\t\t\t\t\t\t<i class=\"icon icon-plus\"><\/i>                                    <\/div>\n\n                                    <div class=\"ekit_accordion_active_icon\">\n                                        <!-- Active Icon -->\n\t\t\t\t\t\t\t\t\t\t<i class=\"icon icon-minus\"><\/i>                                    <\/div>\n                                <\/div>\n\n                            \n                                                    <\/a>\n                    <\/div>\n\n                    <div id=\"Collapse-26ee85b69f1a52d2192f\" class=\" collapse\" aria-labelledby=\"primaryHeading-1-22157671\" data-parent=\"#accordion-69f1a52d2192f\">\n\n                        <div class=\"elementskit-card-body ekit-accordion--content\">\n                            El aumento del tr\u00e1fico vehicular en las ciudades, y la contaminaci\u00f3n que \u00e9sta genera, han motivado la adopci\u00f3n de pol\u00edticas p\u00fablicas de movilidad sustentable. Entre dichas pol\u00edticas se destacan, aquellas que promueven el uso de la bicicleta. Sin embargo, resulta necesario brindarle al ciudadano nuevas herramientas y servicios que se adapten a sus necesidades y conveniencias. A tal efecto, en el presente informe se analiza la conveniencia y viabilidad de instalar guarder\u00edas de bicicletas en lugares estrat\u00e9gicos de los centros urbanos incentivando el uso combinado de dicho medio de locomoci\u00f3n con las variantes que ofrece el transporte p\u00fablico.\n<br><br>\n<a href=\"https:\/\/www.nuevasgeneraciones.com.ar\/sitio\/wp-content\/uploads\/documentos3\/_archivo\/06\/06_Guarderia_Bicicletas.pdf\" class=\"btn btn-danger btn-sm\" target=\"_blank\">Descargar<\/a>                        <\/div>\n\n                    <\/div>\n\n                <\/div><!-- .elementskit-card END -->\n\n                \n                <div class=\"elementskit-card \">\n                    <div class=\"elementskit-card-header\" id=\"primaryHeading-2-22157671\">\n                        <a href=\"#collapse-80b907c69f1a52d2192f\" class=\"ekit-accordion--toggler elementskit-btn-link collapsed\" data-ekit-toggle=\"collapse\" data-target=\"#Collapse-80b907c69f1a52d2192f\" aria-expanded=\"false\" aria-controls=\"Collapse-80b907c69f1a52d2192f\">\n                            \n                            <span class=\"ekit-accordion-title\">Pol\u00edtica de peatonalizaci\u00f3n de centros urbanos<\/span>\n\n                            \n                                <div class=\"ekit_accordion_icon_group\">\n                                    <div class=\"ekit_accordion_normal_icon\">\n                                        <!-- Normal Icon -->\n\t\t\t\t\t\t\t\t\t\t<i class=\"icon icon-plus\"><\/i>                                    <\/div>\n\n                                    <div class=\"ekit_accordion_active_icon\">\n                                        <!-- Active Icon -->\n\t\t\t\t\t\t\t\t\t\t<i class=\"icon icon-minus\"><\/i>                                    <\/div>\n                                <\/div>\n\n                            \n                                                    <\/a>\n                    <\/div>\n\n                    <div id=\"Collapse-80b907c69f1a52d2192f\" class=\" collapse\" aria-labelledby=\"primaryHeading-2-22157671\" data-parent=\"#accordion-69f1a52d2192f\">\n\n                        <div class=\"elementskit-card-body ekit-accordion--content\">\n                            En la actualidad, tanto nacional como internacionalmente cada vez es m\u00e1s dificultoso para los peatones desplazarse por las calles de las grandes ciudades. Cabe destacar adem\u00e1s que la proliferaci\u00f3n del uso del autom\u00f3vil genera inconvenientes tales como la congesti\u00f3n de las zonas c\u00e9ntricas y un aumento de la contaminaci\u00f3n ambiental. Los problemas citados precedentemente pueden ser solucionados mediante el establecimiento de \u00e1reas para uso exclusivo de los peatones en los cuales la circulaci\u00f3n vehicular es nula o limitada exclusivamente a casos de excepci\u00f3n.\n<br><br>\n<a href=\"https:\/\/www.nuevasgeneraciones.com.ar\/sitio\/wp-content\/uploads\/documentos3\/_archivo\/06\/06_peatonalizacion_centros_urbanos.pdf\" class=\"btn btn-danger btn-sm\" target=\"_blank\">Descargar<\/a>                        <\/div>\n\n                    <\/div>\n\n                <\/div><!-- .elementskit-card END -->\n\n                \n                <div class=\"elementskit-card \">\n                    <div class=\"elementskit-card-header\" id=\"primaryHeading-3-22157671\">\n                        <a href=\"#collapse-f36f3aa69f1a52d2192f\" class=\"ekit-accordion--toggler elementskit-btn-link collapsed\" data-ekit-toggle=\"collapse\" data-target=\"#Collapse-f36f3aa69f1a52d2192f\" aria-expanded=\"false\" aria-controls=\"Collapse-f36f3aa69f1a52d2192f\">\n                            \n                            <span class=\"ekit-accordion-title\">Trochas de sobrepaso en rutas nacionales, obras que salvan vidas<\/span>\n\n                            \n                                <div class=\"ekit_accordion_icon_group\">\n                                    <div class=\"ekit_accordion_normal_icon\">\n                                        <!-- Normal Icon -->\n\t\t\t\t\t\t\t\t\t\t<i class=\"icon icon-plus\"><\/i>                                    <\/div>\n\n                                    <div class=\"ekit_accordion_active_icon\">\n                                        <!-- Active Icon -->\n\t\t\t\t\t\t\t\t\t\t<i class=\"icon icon-minus\"><\/i>                                    <\/div>\n                                <\/div>\n\n                            \n                                                    <\/a>\n                    <\/div>\n\n                    <div id=\"Collapse-f36f3aa69f1a52d2192f\" class=\" collapse\" aria-labelledby=\"primaryHeading-3-22157671\" data-parent=\"#accordion-69f1a52d2192f\">\n\n                        <div class=\"elementskit-card-body ekit-accordion--content\">\n                            Los accidentes de tr\u00e1nsito son una de las causas de mayores muertes en Argentina. En su mayor\u00eda, dichas muertes podr\u00edan ser evitadas. Ante la falta de autopistas, las trochas de sobrepaso son parte de la soluci\u00f3n para disminuir la siniestralidad en las rutas. En el presente trabajo se propone la construcci\u00f3n de este tipo de carriles especialmente en aquellas rutas con trazado sinuoso y desniveles.\n<br><br>\n<a href=\"https:\/\/www.nuevasgeneraciones.com.ar\/sitio\/wp-content\/uploads\/documentos3\/_archivo\/06\/06Trochas_de_sobrepaso.pdf\" class=\"btn btn-danger btn-sm\" target=\"_blank\">Descargar<\/a>                        <\/div>\n\n                    <\/div>\n\n                <\/div><!-- .elementskit-card END -->\n\n                \n                <div class=\"elementskit-card \">\n                    <div class=\"elementskit-card-header\" id=\"primaryHeading-4-22157671\">\n                        <a href=\"#collapse-1bbe3ad69f1a52d2192f\" class=\"ekit-accordion--toggler elementskit-btn-link collapsed\" data-ekit-toggle=\"collapse\" data-target=\"#Collapse-1bbe3ad69f1a52d2192f\" aria-expanded=\"false\" aria-controls=\"Collapse-1bbe3ad69f1a52d2192f\">\n                            \n                            <span class=\"ekit-accordion-title\">Banquinas pavimentadas en todas las rutas nacionales<\/span>\n\n                            \n                                <div class=\"ekit_accordion_icon_group\">\n                                    <div class=\"ekit_accordion_normal_icon\">\n                                        <!-- Normal Icon -->\n\t\t\t\t\t\t\t\t\t\t<i class=\"icon icon-plus\"><\/i>                                    <\/div>\n\n                                    <div class=\"ekit_accordion_active_icon\">\n                                        <!-- Active Icon -->\n\t\t\t\t\t\t\t\t\t\t<i class=\"icon icon-minus\"><\/i>                                    <\/div>\n                                <\/div>\n\n                            \n                                                    <\/a>\n                    <\/div>\n\n                    <div id=\"Collapse-1bbe3ad69f1a52d2192f\" class=\" collapse\" aria-labelledby=\"primaryHeading-4-22157671\" data-parent=\"#accordion-69f1a52d2192f\">\n\n                        <div class=\"elementskit-card-body ekit-accordion--content\">\n                            No hay en Argentina legislaci\u00f3n que exija que las banquinas de las rutas nacionales est\u00e9n pavimentadas. En el presente trabajo se analizan los beneficios que dicha pavimentaci\u00f3n traer\u00eda aparejado tanto para la seguridad vial como para la capacidad y el mantenimiento de las rutas y se propone su construcci\u00f3n en aquellos lugares en que fuere posible.\n<br><br>\n<a href=\"https:\/\/www.nuevasgeneraciones.com.ar\/sitio\/wp-content\/uploads\/documentos3\/_archivo\/06\/06banquinas_pavimentadas.pdf\" class=\"btn btn-danger btn-sm\" target=\"_blank\">Descargar<\/a>                        <\/div>\n\n                    <\/div>\n\n                <\/div><!-- .elementskit-card END -->\n\n                \n                <div class=\"elementskit-card \">\n                    <div class=\"elementskit-card-header\" id=\"primaryHeading-5-22157671\">\n                        <a href=\"#collapse-cc9ed9b69f1a52d2192f\" class=\"ekit-accordion--toggler elementskit-btn-link collapsed\" data-ekit-toggle=\"collapse\" data-target=\"#Collapse-cc9ed9b69f1a52d2192f\" aria-expanded=\"false\" aria-controls=\"Collapse-cc9ed9b69f1a52d2192f\">\n                            \n                            <span class=\"ekit-accordion-title\">Infraestructura ferroviaria de cargas<\/span>\n\n                            \n                                <div class=\"ekit_accordion_icon_group\">\n                                    <div class=\"ekit_accordion_normal_icon\">\n                                        <!-- Normal Icon -->\n\t\t\t\t\t\t\t\t\t\t<i class=\"icon icon-plus\"><\/i>                                    <\/div>\n\n                                    <div class=\"ekit_accordion_active_icon\">\n                                        <!-- Active Icon -->\n\t\t\t\t\t\t\t\t\t\t<i class=\"icon icon-minus\"><\/i>                                    <\/div>\n                                <\/div>\n\n                            \n                                                    <\/a>\n                    <\/div>\n\n                    <div id=\"Collapse-cc9ed9b69f1a52d2192f\" class=\" collapse\" aria-labelledby=\"primaryHeading-5-22157671\" data-parent=\"#accordion-69f1a52d2192f\">\n\n                        <div class=\"elementskit-card-body ekit-accordion--content\">\n                            El presente trabajo tiene por objeto exponer de manera sencilla y clara el entramado de la red ferroviaria de cargas en Argentina, desde sus or\u00edgenes, su evoluci\u00f3n, desarrollo, decadencia, resurgimiento y su estado actual. Se describir\u00e1 tambi\u00e9n lo que ocurre en pa\u00edses con redes ferroviarias desarrolladas, para concluir con las alternativas recomendables para la Argentina a fin de mejorar y explotar al m\u00e1ximo este medio de transporte vital para el desarrollo econ\u00f3mico, no solo del pa\u00eds, sino tambi\u00e9n de toda la regi\u00f3n.\n<br><br>\n<a href=\"https:\/\/www.nuevasgeneraciones.com.ar\/sitio\/wp-content\/uploads\/documentos3\/_archivo\/06\/20112%20Infraestructura%20ferroviaria%20de%20cargas.pdf\" class=\"btn btn-danger btn-sm\" target=\"_blank\">Descargar<\/a>                        <\/div>\n\n                    <\/div>\n\n                <\/div><!-- .elementskit-card END -->\n\n                \n                <div class=\"elementskit-card \">\n                    <div class=\"elementskit-card-header\" id=\"primaryHeading-6-22157671\">\n                        <a href=\"#collapse-0ebe23c69f1a52d2192f\" class=\"ekit-accordion--toggler elementskit-btn-link collapsed\" data-ekit-toggle=\"collapse\" data-target=\"#Collapse-0ebe23c69f1a52d2192f\" aria-expanded=\"false\" aria-controls=\"Collapse-0ebe23c69f1a52d2192f\">\n                            \n                            <span class=\"ekit-accordion-title\">Estudio sobre la red vial Argentina<\/span>\n\n                            \n                                <div class=\"ekit_accordion_icon_group\">\n                                    <div class=\"ekit_accordion_normal_icon\">\n                                        <!-- Normal Icon -->\n\t\t\t\t\t\t\t\t\t\t<i class=\"icon icon-plus\"><\/i>                                    <\/div>\n\n                                    <div class=\"ekit_accordion_active_icon\">\n                                        <!-- Active Icon -->\n\t\t\t\t\t\t\t\t\t\t<i class=\"icon icon-minus\"><\/i>                                    <\/div>\n                                <\/div>\n\n                            \n                                                    <\/a>\n                    <\/div>\n\n                    <div id=\"Collapse-0ebe23c69f1a52d2192f\" class=\" collapse\" aria-labelledby=\"primaryHeading-6-22157671\" data-parent=\"#accordion-69f1a52d2192f\">\n\n                        <div class=\"elementskit-card-body ekit-accordion--content\">\n                            El presente trabajo analiza la infraestructura de la red vial. Eval\u00faa el estado actual de la red troncal, las condiciones de mantenimiento y las pol\u00edticas actuales sobre el tema, a la vez que releva proyectos existentes de ampliaci\u00f3n y puesta en valor de la red. En el apartado final se incluyen recomendaciones que consideramos imprescindibles para abordar el problema desde las distintas \u00f3pticas involucradas.\n<br><br>\n<a href=\"https:\/\/www.nuevasgeneraciones.com.ar\/sitio\/wp-content\/uploads\/documentos3\/_archivo\/06\/2010s2%20Estudio%20sobre%20la%20red%20vial%20Argentina.pdf\" class=\"btn btn-danger btn-sm\" target=\"_blank\">Descargar<\/a>                        <\/div>\n\n                    <\/div>\n\n                <\/div><!-- .elementskit-card END -->\n\n                \n                <div class=\"elementskit-card \">\n                    <div class=\"elementskit-card-header\" id=\"primaryHeading-7-22157671\">\n                        <a href=\"#collapse-9c2c4ab69f1a52d2192f\" class=\"ekit-accordion--toggler elementskit-btn-link collapsed\" data-ekit-toggle=\"collapse\" data-target=\"#Collapse-9c2c4ab69f1a52d2192f\" aria-expanded=\"false\" aria-controls=\"Collapse-9c2c4ab69f1a52d2192f\">\n                            \n                            <span class=\"ekit-accordion-title\">El puerto de la Ciudad de Buenos Aires<\/span>\n\n                            \n                                <div class=\"ekit_accordion_icon_group\">\n                                    <div class=\"ekit_accordion_normal_icon\">\n                                        <!-- Normal Icon -->\n\t\t\t\t\t\t\t\t\t\t<i class=\"icon icon-plus\"><\/i>                                    <\/div>\n\n                                    <div class=\"ekit_accordion_active_icon\">\n                                        <!-- Active Icon -->\n\t\t\t\t\t\t\t\t\t\t<i class=\"icon icon-minus\"><\/i>                                    <\/div>\n                                <\/div>\n\n                            \n                                                    <\/a>\n                    <\/div>\n\n                    <div id=\"Collapse-9c2c4ab69f1a52d2192f\" class=\" collapse\" aria-labelledby=\"primaryHeading-7-22157671\" data-parent=\"#accordion-69f1a52d2192f\">\n\n                        <div class=\"elementskit-card-body ekit-accordion--content\">\n                            El presente trabajo tiene por objeto analizar la situaci\u00f3n actual del Puerto de la Ciudad de Buenos Aires, centr\u00e1ndose especialmente en el dominio y en la viabilidad futura de crecimiento y expansi\u00f3n operativa.\n<br><br>\n<a href=\"https:\/\/www.nuevasgeneraciones.com.ar\/sitio\/wp-content\/uploads\/documentos3\/_archivo\/06\/201312_El_Puerto_Buenos_Aires.pdf\" class=\"btn btn-danger btn-sm\" target=\"_blank\">Descargar<\/a>                        <\/div>\n\n                    <\/div>\n\n                <\/div><!-- .elementskit-card END -->\n\n                                        <\/div>\n    <\/div>\t\t\t\t<\/div>\n\t\t\t\t<\/div>\n\t\t\t\t\t<\/div>\n\t\t<\/div>\n\t\t\t\t<div class=\"elementor-column elementor-col-33 elementor-top-column elementor-element elementor-element-32bb8874\" data-id=\"32bb8874\" data-element_type=\"column\" data-e-type=\"column\">\n\t\t\t<div class=\"elementor-widget-wrap\">\n\t\t\t\t\t\t\t<\/div>\n\t\t<\/div>\n\t\t\t\t\t<\/div>\n\t\t<\/section>\n\t\t\t\t<section class=\"elementor-section elementor-top-section elementor-element elementor-element-230fca3 elementor-section-boxed elementor-section-height-default elementor-section-height-default\" data-id=\"230fca3\" data-element_type=\"section\" data-e-type=\"section\">\n\t\t\t\t\t\t<div class=\"elementor-container elementor-column-gap-default\">\n\t\t\t\t\t<div class=\"elementor-column elementor-col-25 elementor-top-column elementor-element elementor-element-42233d11\" data-id=\"42233d11\" data-element_type=\"column\" data-e-type=\"column\">\n\t\t\t<div class=\"elementor-widget-wrap\">\n\t\t\t\t\t\t\t<\/div>\n\t\t<\/div>\n\t\t\t\t<div class=\"elementor-column elementor-col-50 elementor-top-column elementor-element elementor-element-2772e0a4\" data-id=\"2772e0a4\" data-element_type=\"column\" data-e-type=\"column\">\n\t\t\t<div class=\"elementor-widget-wrap\">\n\t\t\t\t\t\t\t<\/div>\n\t\t<\/div>\n\t\t\t\t<div class=\"elementor-column elementor-col-25 elementor-top-column elementor-element elementor-element-47067096\" data-id=\"47067096\" data-element_type=\"column\" data-e-type=\"column\">\n\t\t\t<div class=\"elementor-widget-wrap\">\n\t\t\t\t\t\t\t<\/div>\n\t\t<\/div>\n\t\t\t\t\t<\/div>\n\t\t<\/section>\n\t\t\t\t<section class=\"elementor-section elementor-top-section elementor-element elementor-element-7f065c76 elementor-section-boxed elementor-section-height-default elementor-section-height-default\" data-id=\"7f065c76\" data-element_type=\"section\" data-e-type=\"section\">\n\t\t\t\t\t\t<div class=\"elementor-container elementor-column-gap-default\">\n\t\t\t\t\t<div class=\"elementor-column elementor-col-100 elementor-top-column elementor-element elementor-element-11c550a9\" data-id=\"11c550a9\" data-element_type=\"column\" data-e-type=\"column\">\n\t\t\t<div class=\"elementor-widget-wrap elementor-element-populated\">\n\t\t\t\t\t\t<div class=\"elementor-element elementor-element-1617f24f elementor-widget elementor-widget-spacer\" data-id=\"1617f24f\" data-element_type=\"widget\" data-e-type=\"widget\" data-widget_type=\"spacer.default\">\n\t\t\t\t<div class=\"elementor-widget-container\">\n\t\t\t\t\t\t\t<div class=\"elementor-spacer\">\n\t\t\t<div class=\"elementor-spacer-inner\"><\/div>\n\t\t<\/div>\n\t\t\t\t\t\t<\/div>\n\t\t\t\t<\/div>\n\t\t\t\t\t<\/div>\n\t\t<\/div>\n\t\t\t\t\t<\/div>\n\t\t<\/section>\n\t\t\t\t<\/div>\n\t\t","protected":false},"excerpt":{"rendered":"<p>Infraestructura y obra p\u00fablica Instalaci\u00f3n de sanitarios en espacios p\u00fablicos La instalaci\u00f3n de sanitarios para el uso p\u00fablico es una medida que ha sido tomada en muchas ciudades en raz\u00f3n de las ventajas que ello reporta. Gracias a ellos, no solamente se benefician quienes requieren utilizaros, sino tambi\u00e9n los vecinos que padecen el uso del&hellip;&nbsp;<\/p>\n","protected":false},"author":1,"featured_media":0,"parent":0,"menu_order":0,"comment_status":"closed","ping_status":"closed","template":"page-templates\/template-pagebuilder-full-width.php","meta":{"neve_meta_sidebar":"","neve_meta_container":"","neve_meta_enable_content_width":"off","neve_meta_content_width":100,"neve_meta_title_alignment":"","neve_meta_author_avatar":"","neve_post_elements_order":"","neve_meta_disable_header":"","neve_meta_disable_footer":"","neve_meta_disable_title":"","footnotes":""},"class_list":["post-12400","page","type-page","status-publish","hentry"],"yoast_head":"<!-- This site is optimized with the Yoast SEO plugin v27.4 - https:\/\/yoast.com\/product\/yoast-seo-wordpress\/ -->\n<title>Infraestructura y obra p\u00fablica - Fundaci\u00f3n Nuevas Generaciones<\/title>\n<meta name=\"robots\" content=\"index, follow, max-snippet:-1, max-image-preview:large, max-video-preview:-1\" \/>\n<link rel=\"canonical\" href=\"https:\/\/nuevasgeneraciones.com.ar\/sitio\/infraestructura-y-obra-publica\/\" \/>\n<meta property=\"og:locale\" content=\"es_ES\" \/>\n<meta property=\"og:type\" content=\"article\" \/>\n<meta property=\"og:title\" content=\"Infraestructura y obra p\u00fablica - Fundaci\u00f3n Nuevas Generaciones\" \/>\n<meta property=\"og:description\" content=\"Infraestructura y obra p\u00fablica Instalaci\u00f3n de sanitarios en espacios p\u00fablicos La instalaci\u00f3n de sanitarios para el uso p\u00fablico es una medida que ha sido tomada en muchas ciudades en raz\u00f3n de las ventajas que ello reporta. Gracias a ellos, no solamente se benefician quienes requieren utilizaros, sino tambi\u00e9n los vecinos que padecen el uso del&hellip;&nbsp;\" \/>\n<meta property=\"og:url\" content=\"https:\/\/nuevasgeneraciones.com.ar\/sitio\/infraestructura-y-obra-publica\/\" \/>\n<meta property=\"og:site_name\" content=\"Fundaci\u00f3n Nuevas Generaciones\" \/>\n<meta property=\"article:modified_time\" content=\"2023-06-29T16:10:32+00:00\" \/>\n<meta name=\"twitter:card\" content=\"summary_large_image\" \/>\n<meta name=\"twitter:label1\" content=\"Tiempo de lectura\" \/>\n\t<meta name=\"twitter:data1\" content=\"4 minutos\" \/>\n<script type=\"application\/ld+json\" class=\"yoast-schema-graph\">{\"@context\":\"https:\\\/\\\/schema.org\",\"@graph\":[{\"@type\":\"WebPage\",\"@id\":\"https:\\\/\\\/nuevasgeneraciones.com.ar\\\/sitio\\\/infraestructura-y-obra-publica\\\/\",\"url\":\"https:\\\/\\\/nuevasgeneraciones.com.ar\\\/sitio\\\/infraestructura-y-obra-publica\\\/\",\"name\":\"Infraestructura y obra p\u00fablica - Fundaci\u00f3n Nuevas Generaciones\",\"isPartOf\":{\"@id\":\"https:\\\/\\\/nuevasgeneraciones.com.ar\\\/sitio\\\/#website\"},\"datePublished\":\"2018-11-09T21:31:12+00:00\",\"dateModified\":\"2023-06-29T16:10:32+00:00\",\"breadcrumb\":{\"@id\":\"https:\\\/\\\/nuevasgeneraciones.com.ar\\\/sitio\\\/infraestructura-y-obra-publica\\\/#breadcrumb\"},\"inLanguage\":\"es-AR\",\"potentialAction\":[{\"@type\":\"ReadAction\",\"target\":[\"https:\\\/\\\/nuevasgeneraciones.com.ar\\\/sitio\\\/infraestructura-y-obra-publica\\\/\"]}]},{\"@type\":\"BreadcrumbList\",\"@id\":\"https:\\\/\\\/nuevasgeneraciones.com.ar\\\/sitio\\\/infraestructura-y-obra-publica\\\/#breadcrumb\",\"itemListElement\":[{\"@type\":\"ListItem\",\"position\":1,\"name\":\"Inicio\",\"item\":\"https:\\\/\\\/nuevasgeneraciones.com.ar\\\/sitio\\\/\"},{\"@type\":\"ListItem\",\"position\":2,\"name\":\"Infraestructura y obra p\u00fablica\"}]},{\"@type\":\"WebSite\",\"@id\":\"https:\\\/\\\/nuevasgeneraciones.com.ar\\\/sitio\\\/#website\",\"url\":\"https:\\\/\\\/nuevasgeneraciones.com.ar\\\/sitio\\\/\",\"name\":\"Fundaci\u00f3n Nuevas Generaciones\",\"description\":\"\",\"publisher\":{\"@id\":\"https:\\\/\\\/nuevasgeneraciones.com.ar\\\/sitio\\\/#organization\"},\"potentialAction\":[{\"@type\":\"SearchAction\",\"target\":{\"@type\":\"EntryPoint\",\"urlTemplate\":\"https:\\\/\\\/nuevasgeneraciones.com.ar\\\/sitio\\\/?s={search_term_string}\"},\"query-input\":{\"@type\":\"PropertyValueSpecification\",\"valueRequired\":true,\"valueName\":\"search_term_string\"}}],\"inLanguage\":\"es-AR\"},{\"@type\":\"Organization\",\"@id\":\"https:\\\/\\\/nuevasgeneraciones.com.ar\\\/sitio\\\/#organization\",\"name\":\"Fundaci\u00f3n Nuevas Generaciones\",\"url\":\"https:\\\/\\\/nuevasgeneraciones.com.ar\\\/sitio\\\/\",\"logo\":{\"@type\":\"ImageObject\",\"inLanguage\":\"es-AR\",\"@id\":\"https:\\\/\\\/nuevasgeneraciones.com.ar\\\/sitio\\\/#\\\/schema\\\/logo\\\/image\\\/\",\"url\":\"https:\\\/\\\/nuevasgeneraciones.com.ar\\\/sitio\\\/wp-content\\\/uploads\\\/2023\\\/06\\\/logo-01.png\",\"contentUrl\":\"https:\\\/\\\/nuevasgeneraciones.com.ar\\\/sitio\\\/wp-content\\\/uploads\\\/2023\\\/06\\\/logo-01.png\",\"width\":593,\"height\":77,\"caption\":\"Fundaci\u00f3n Nuevas Generaciones\"},\"image\":{\"@id\":\"https:\\\/\\\/nuevasgeneraciones.com.ar\\\/sitio\\\/#\\\/schema\\\/logo\\\/image\\\/\"}}]}<\/script>\n<!-- \/ Yoast SEO plugin. -->","yoast_head_json":{"title":"Infraestructura y obra p\u00fablica - Fundaci\u00f3n Nuevas Generaciones","robots":{"index":"index","follow":"follow","max-snippet":"max-snippet:-1","max-image-preview":"max-image-preview:large","max-video-preview":"max-video-preview:-1"},"canonical":"https:\/\/nuevasgeneraciones.com.ar\/sitio\/infraestructura-y-obra-publica\/","og_locale":"es_ES","og_type":"article","og_title":"Infraestructura y obra p\u00fablica - Fundaci\u00f3n Nuevas Generaciones","og_description":"Infraestructura y obra p\u00fablica Instalaci\u00f3n de sanitarios en espacios p\u00fablicos La instalaci\u00f3n de sanitarios para el uso p\u00fablico es una medida que ha sido tomada en muchas ciudades en raz\u00f3n de las ventajas que ello reporta. Gracias a ellos, no solamente se benefician quienes requieren utilizaros, sino tambi\u00e9n los vecinos que padecen el uso del&hellip;&nbsp;","og_url":"https:\/\/nuevasgeneraciones.com.ar\/sitio\/infraestructura-y-obra-publica\/","og_site_name":"Fundaci\u00f3n Nuevas Generaciones","article_modified_time":"2023-06-29T16:10:32+00:00","twitter_card":"summary_large_image","twitter_misc":{"Tiempo de lectura":"4 minutos"},"schema":{"@context":"https:\/\/schema.org","@graph":[{"@type":"WebPage","@id":"https:\/\/nuevasgeneraciones.com.ar\/sitio\/infraestructura-y-obra-publica\/","url":"https:\/\/nuevasgeneraciones.com.ar\/sitio\/infraestructura-y-obra-publica\/","name":"Infraestructura y obra p\u00fablica - Fundaci\u00f3n Nuevas Generaciones","isPartOf":{"@id":"https:\/\/nuevasgeneraciones.com.ar\/sitio\/#website"},"datePublished":"2018-11-09T21:31:12+00:00","dateModified":"2023-06-29T16:10:32+00:00","breadcrumb":{"@id":"https:\/\/nuevasgeneraciones.com.ar\/sitio\/infraestructura-y-obra-publica\/#breadcrumb"},"inLanguage":"es-AR","potentialAction":[{"@type":"ReadAction","target":["https:\/\/nuevasgeneraciones.com.ar\/sitio\/infraestructura-y-obra-publica\/"]}]},{"@type":"BreadcrumbList","@id":"https:\/\/nuevasgeneraciones.com.ar\/sitio\/infraestructura-y-obra-publica\/#breadcrumb","itemListElement":[{"@type":"ListItem","position":1,"name":"Inicio","item":"https:\/\/nuevasgeneraciones.com.ar\/sitio\/"},{"@type":"ListItem","position":2,"name":"Infraestructura y obra p\u00fablica"}]},{"@type":"WebSite","@id":"https:\/\/nuevasgeneraciones.com.ar\/sitio\/#website","url":"https:\/\/nuevasgeneraciones.com.ar\/sitio\/","name":"Fundaci\u00f3n Nuevas Generaciones","description":"","publisher":{"@id":"https:\/\/nuevasgeneraciones.com.ar\/sitio\/#organization"},"potentialAction":[{"@type":"SearchAction","target":{"@type":"EntryPoint","urlTemplate":"https:\/\/nuevasgeneraciones.com.ar\/sitio\/?s={search_term_string}"},"query-input":{"@type":"PropertyValueSpecification","valueRequired":true,"valueName":"search_term_string"}}],"inLanguage":"es-AR"},{"@type":"Organization","@id":"https:\/\/nuevasgeneraciones.com.ar\/sitio\/#organization","name":"Fundaci\u00f3n Nuevas Generaciones","url":"https:\/\/nuevasgeneraciones.com.ar\/sitio\/","logo":{"@type":"ImageObject","inLanguage":"es-AR","@id":"https:\/\/nuevasgeneraciones.com.ar\/sitio\/#\/schema\/logo\/image\/","url":"https:\/\/nuevasgeneraciones.com.ar\/sitio\/wp-content\/uploads\/2023\/06\/logo-01.png","contentUrl":"https:\/\/nuevasgeneraciones.com.ar\/sitio\/wp-content\/uploads\/2023\/06\/logo-01.png","width":593,"height":77,"caption":"Fundaci\u00f3n Nuevas Generaciones"},"image":{"@id":"https:\/\/nuevasgeneraciones.com.ar\/sitio\/#\/schema\/logo\/image\/"}}]}},"_links":{"self":[{"href":"https:\/\/nuevasgeneraciones.com.ar\/sitio\/wp-json\/wp\/v2\/pages\/12400","targetHints":{"allow":["GET"]}}],"collection":[{"href":"https:\/\/nuevasgeneraciones.com.ar\/sitio\/wp-json\/wp\/v2\/pages"}],"about":[{"href":"https:\/\/nuevasgeneraciones.com.ar\/sitio\/wp-json\/wp\/v2\/types\/page"}],"author":[{"embeddable":true,"href":"https:\/\/nuevasgeneraciones.com.ar\/sitio\/wp-json\/wp\/v2\/users\/1"}],"replies":[{"embeddable":true,"href":"https:\/\/nuevasgeneraciones.com.ar\/sitio\/wp-json\/wp\/v2\/comments?post=12400"}],"version-history":[{"count":3,"href":"https:\/\/nuevasgeneraciones.com.ar\/sitio\/wp-json\/wp\/v2\/pages\/12400\/revisions"}],"predecessor-version":[{"id":18541,"href":"https:\/\/nuevasgeneraciones.com.ar\/sitio\/wp-json\/wp\/v2\/pages\/12400\/revisions\/18541"}],"wp:attachment":[{"href":"https:\/\/nuevasgeneraciones.com.ar\/sitio\/wp-json\/wp\/v2\/media?parent=12400"}],"curies":[{"name":"wp","href":"https:\/\/api.w.org\/{rel}","templated":true}]}}