{"id":12398,"date":"2018-11-09T18:28:53","date_gmt":"2018-11-09T21:28:53","guid":{"rendered":"http:\/\/nuevasgeneraciones.com.ar\/sitio\/?page_id=12398"},"modified":"2023-06-29T16:08:22","modified_gmt":"2023-06-29T16:08:22","slug":"defensa-y-seguridad","status":"publish","type":"page","link":"https:\/\/nuevasgeneraciones.com.ar\/sitio\/defensa-y-seguridad\/","title":{"rendered":"Defensa y seguridad"},"content":{"rendered":"\t\t<div data-elementor-type=\"wp-page\" data-elementor-id=\"12398\" class=\"elementor elementor-12398\" data-elementor-post-type=\"page\">\n\t\t\t\t\t\t<section class=\"elementor-section elementor-top-section elementor-element elementor-element-23cd76dd elementor-section-full_width elementor-section-height-default elementor-section-height-default\" data-id=\"23cd76dd\" data-element_type=\"section\" data-e-type=\"section\" data-settings=\"{&quot;background_background&quot;:&quot;classic&quot;}\">\n\t\t\t\t\t\t<div class=\"elementor-container elementor-column-gap-default\">\n\t\t\t\t\t<div class=\"elementor-column elementor-col-33 elementor-top-column elementor-element elementor-element-1f966ebc\" data-id=\"1f966ebc\" data-element_type=\"column\" data-e-type=\"column\">\n\t\t\t<div class=\"elementor-widget-wrap\">\n\t\t\t\t\t\t\t<\/div>\n\t\t<\/div>\n\t\t\t\t<div class=\"elementor-column elementor-col-33 elementor-top-column elementor-element elementor-element-bd94954\" data-id=\"bd94954\" data-element_type=\"column\" data-e-type=\"column\">\n\t\t\t<div class=\"elementor-widget-wrap elementor-element-populated\">\n\t\t\t\t\t\t<div class=\"elementor-element elementor-element-786b3dd9 elementor-widget elementor-widget-text-editor\" data-id=\"786b3dd9\" data-element_type=\"widget\" data-e-type=\"widget\" data-widget_type=\"text-editor.default\">\n\t\t\t\t<div class=\"elementor-widget-container\">\n\t\t\t\t\t\t\t\t\t<h1>Defensa y seguridad<\/h1>\t\t\t\t\t\t\t\t<\/div>\n\t\t\t\t<\/div>\n\t\t\t\t\t<\/div>\n\t\t<\/div>\n\t\t\t\t<div class=\"elementor-column elementor-col-33 elementor-top-column elementor-element elementor-element-343b850c\" data-id=\"343b850c\" data-element_type=\"column\" data-e-type=\"column\">\n\t\t\t<div class=\"elementor-widget-wrap\">\n\t\t\t\t\t\t\t<\/div>\n\t\t<\/div>\n\t\t\t\t\t<\/div>\n\t\t<\/section>\n\t\t\t\t<section class=\"elementor-section elementor-top-section elementor-element elementor-element-7cc0653b elementor-section-boxed elementor-section-height-default elementor-section-height-default\" data-id=\"7cc0653b\" data-element_type=\"section\" data-e-type=\"section\">\n\t\t\t\t\t\t<div class=\"elementor-container elementor-column-gap-default\">\n\t\t\t\t\t<div class=\"elementor-column elementor-col-100 elementor-top-column elementor-element elementor-element-4682c897\" data-id=\"4682c897\" data-element_type=\"column\" data-e-type=\"column\">\n\t\t\t<div class=\"elementor-widget-wrap elementor-element-populated\">\n\t\t\t\t\t\t<div class=\"elementor-element elementor-element-21894fa0 elementor-widget elementor-widget-spacer\" data-id=\"21894fa0\" data-element_type=\"widget\" data-e-type=\"widget\" data-widget_type=\"spacer.default\">\n\t\t\t\t<div class=\"elementor-widget-container\">\n\t\t\t\t\t\t\t<div class=\"elementor-spacer\">\n\t\t\t<div class=\"elementor-spacer-inner\"><\/div>\n\t\t<\/div>\n\t\t\t\t\t\t<\/div>\n\t\t\t\t<\/div>\n\t\t\t\t\t<\/div>\n\t\t<\/div>\n\t\t\t\t\t<\/div>\n\t\t<\/section>\n\t\t\t\t<section class=\"elementor-section elementor-top-section elementor-element elementor-element-1f3c0545 elementor-section-boxed elementor-section-height-default elementor-section-height-default\" data-id=\"1f3c0545\" data-element_type=\"section\" data-e-type=\"section\">\n\t\t\t\t\t\t<div class=\"elementor-container elementor-column-gap-default\">\n\t\t\t\t\t<div class=\"elementor-column elementor-col-33 elementor-top-column elementor-element elementor-element-6d54ee17\" data-id=\"6d54ee17\" data-element_type=\"column\" data-e-type=\"column\">\n\t\t\t<div class=\"elementor-widget-wrap\">\n\t\t\t\t\t\t\t<\/div>\n\t\t<\/div>\n\t\t\t\t<div class=\"elementor-column elementor-col-33 elementor-top-column elementor-element elementor-element-433a8a14\" data-id=\"433a8a14\" data-element_type=\"column\" data-e-type=\"column\">\n\t\t\t<div class=\"elementor-widget-wrap elementor-element-populated\">\n\t\t\t\t\t\t<div class=\"elementor-element elementor-element-93b81a7 elementor-widget elementor-widget-elementskit-accordion\" data-id=\"93b81a7\" data-element_type=\"widget\" data-e-type=\"widget\" data-widget_type=\"elementskit-accordion.default\">\n\t\t\t\t<div class=\"elementor-widget-container\">\n\t\t\t\t\t<div class=\"ekit-wid-con\" >\n        <div class=\"elementskit-accordion accoedion-primary\" id=\"accordion-69f1a51f7a46c\">\n\n            \n                <div class=\"elementskit-card \">\n                    <div class=\"elementskit-card-header\" id=\"primaryHeading-0-93b81a7\">\n                        <a href=\"#collapse-35c8fe469f1a51f7a46c\" class=\"ekit-accordion--toggler elementskit-btn-link collapsed\" data-ekit-toggle=\"collapse\" data-target=\"#Collapse-35c8fe469f1a51f7a46c\" aria-expanded=\"false\" aria-controls=\"Collapse-35c8fe469f1a51f7a46c\">\n                            \n                            <span class=\"ekit-accordion-title\">C\u00e1maras corporales de videovigilancia: una herramienta de seguridad y de transparencia institucional<\/span>\n\n                            \n                                <div class=\"ekit_accordion_icon_group\">\n                                    <div class=\"ekit_accordion_normal_icon\">\n                                        <!-- Normal Icon -->\n\t\t\t\t\t\t\t\t\t\t<i class=\"icon icon-plus\"><\/i>                                    <\/div>\n\n                                    <div class=\"ekit_accordion_active_icon\">\n                                        <!-- Active Icon -->\n\t\t\t\t\t\t\t\t\t\t<i class=\"icon icon-minus\"><\/i>                                    <\/div>\n                                <\/div>\n\n                            \n                                                    <\/a>\n                    <\/div>\n\n                    <div id=\"Collapse-35c8fe469f1a51f7a46c\" class=\" collapse\" aria-labelledby=\"primaryHeading-0-93b81a7\" data-parent=\"#accordion-69f1a51f7a46c\">\n\n                        <div class=\"elementskit-card-body ekit-accordion--content\">\n                            C\u00e1maras corporales de videovigilancia: una herramienta de seguridad y de transparencia institucional\nLa inseguridad es una de las principales preocupaciones que tienen la mayor\u00eda de los argentinos y es un reclamo constante de la sociedad hacia los gobernantes. Si bien ocupa gran parte de la agenda pol\u00edtica es una problem\u00e1tica que se incrementa a\u00f1o tras a\u00f1o. En este contexto, los efectivos policiales muchas veces se ven limitados en su accionar por miedo a represalias fundadas en denuncias falsas o irrisorias. Asimismo, la complicidad que a veces se presenta entre las fuerzas de seguridad y los delincuentes, genera desconfianza en la ciudadan\u00eda. Por estos motivos, resulta conveniente la implementaci\u00f3n de nuevas tecnolog\u00edas, que brinden mayor seguridad y transparencia al accionar policial.\n<br><br>\n<a href=\"https:\/\/nuevasgeneraciones.com.ar\/sitio\/wp-content\/uploads\/documentos3\/_archivo\/2022\/NG-PP364-Camaras-corporales-de-seguridad.pdf?364\" class=\"btn btn-danger btn-sm\">Descargar<\/a>                        <\/div>\n\n                    <\/div>\n\n                <\/div><!-- .elementskit-card END -->\n\n                \n                <div class=\"elementskit-card \">\n                    <div class=\"elementskit-card-header\" id=\"primaryHeading-1-93b81a7\">\n                        <a href=\"#collapse-075da8a69f1a51f7a46c\" class=\"ekit-accordion--toggler elementskit-btn-link collapsed\" data-ekit-toggle=\"collapse\" data-target=\"#Collapse-075da8a69f1a51f7a46c\" aria-expanded=\"false\" aria-controls=\"Collapse-075da8a69f1a51f7a46c\">\n                            \n                            <span class=\"ekit-accordion-title\">Propuesta para uniformar la vestimenta de los internos en los establecimientos penitenciarios de la Provincia de Buenos Aires<\/span>\n\n                            \n                                <div class=\"ekit_accordion_icon_group\">\n                                    <div class=\"ekit_accordion_normal_icon\">\n                                        <!-- Normal Icon -->\n\t\t\t\t\t\t\t\t\t\t<i class=\"icon icon-plus\"><\/i>                                    <\/div>\n\n                                    <div class=\"ekit_accordion_active_icon\">\n                                        <!-- Active Icon -->\n\t\t\t\t\t\t\t\t\t\t<i class=\"icon icon-minus\"><\/i>                                    <\/div>\n                                <\/div>\n\n                            \n                                                    <\/a>\n                    <\/div>\n\n                    <div id=\"Collapse-075da8a69f1a51f7a46c\" class=\" collapse\" aria-labelledby=\"primaryHeading-1-93b81a7\" data-parent=\"#accordion-69f1a51f7a46c\">\n\n                        <div class=\"elementskit-card-body ekit-accordion--content\">\n                            En el presente trabajo se propone el uso el uso de uniformes como vestimenta obligatoria para los internos de los establecimientos penitenciarios de todos los reg\u00edmenes carcelarios de la provincia de Buenos Aires, asegurando al mismo tiempo que la dignidad de los reclusos no se vea afectada por la utilizaci\u00f3n de este tipo de ropa.\n\n<br><br>\n<a href=\"https:\/\/www.nuevasgeneraciones.com.ar\/sitio\/wp-content\/uploads\/documentos3\/_archivo\/04\/04_uniformes_para_presidiarios.pdf\" class=\"btn btn-danger btn-sm\">Descargar<\/a>                        <\/div>\n\n                    <\/div>\n\n                <\/div><!-- .elementskit-card END -->\n\n                \n                <div class=\"elementskit-card \">\n                    <div class=\"elementskit-card-header\" id=\"primaryHeading-2-93b81a7\">\n                        <a href=\"#collapse-c7253a269f1a51f7a46c\" class=\"ekit-accordion--toggler elementskit-btn-link collapsed\" data-ekit-toggle=\"collapse\" data-target=\"#Collapse-c7253a269f1a51f7a46c\" aria-expanded=\"false\" aria-controls=\"Collapse-c7253a269f1a51f7a46c\">\n                            \n                            <span class=\"ekit-accordion-title\">Reforma del art\u00edculo 72 del C\u00f3digo Penal: un paso necesario contra la violencia hacia las mujeres<\/span>\n\n                            \n                                <div class=\"ekit_accordion_icon_group\">\n                                    <div class=\"ekit_accordion_normal_icon\">\n                                        <!-- Normal Icon -->\n\t\t\t\t\t\t\t\t\t\t<i class=\"icon icon-plus\"><\/i>                                    <\/div>\n\n                                    <div class=\"ekit_accordion_active_icon\">\n                                        <!-- Active Icon -->\n\t\t\t\t\t\t\t\t\t\t<i class=\"icon icon-minus\"><\/i>                                    <\/div>\n                                <\/div>\n\n                            \n                                                    <\/a>\n                    <\/div>\n\n                    <div id=\"Collapse-c7253a269f1a51f7a46c\" class=\" collapse\" aria-labelledby=\"primaryHeading-2-93b81a7\" data-parent=\"#accordion-69f1a51f7a46c\">\n\n                        <div class=\"elementskit-card-body ekit-accordion--content\">\n                            El presente trabajo propone modificar el art\u00edculo 72 del C\u00f3digo Penal para que la denuncia de las lesiones leves producto de casos de violencia hacia las mujeres, dejen de pertenecer a la instancia privada de la v\u00edctima y puedan ser denunciados por cualquier persona que tome conocimiento de ellos. Entendemos que la presente iniciativa permitir\u00e1 reducir los futuros casos de violencia cuyas consecuencias revistan mayor gravedad.\n<br><br>\n<a href=\"https:\/\/www.nuevasgeneraciones.com.ar\/sitio\/wp-content\/uploads\/documentos3\/_archivo\/04\/04_reforma_codigo_penal.pdf\" target=\"_blank\" class=\"btn btn-danger btn-sm\">Descargar<\/a>\n                        <\/div>\n\n                    <\/div>\n\n                <\/div><!-- .elementskit-card END -->\n\n                \n                <div class=\"elementskit-card \">\n                    <div class=\"elementskit-card-header\" id=\"primaryHeading-3-93b81a7\">\n                        <a href=\"#collapse-483faa169f1a51f7a46c\" class=\"ekit-accordion--toggler elementskit-btn-link collapsed\" data-ekit-toggle=\"collapse\" data-target=\"#Collapse-483faa169f1a51f7a46c\" aria-expanded=\"false\" aria-controls=\"Collapse-483faa169f1a51f7a46c\">\n                            \n                            <span class=\"ekit-accordion-title\">Pautas m\u00ednimas de seguridad para el transporte vial de troncos<\/span>\n\n                            \n                                <div class=\"ekit_accordion_icon_group\">\n                                    <div class=\"ekit_accordion_normal_icon\">\n                                        <!-- Normal Icon -->\n\t\t\t\t\t\t\t\t\t\t<i class=\"icon icon-plus\"><\/i>                                    <\/div>\n\n                                    <div class=\"ekit_accordion_active_icon\">\n                                        <!-- Active Icon -->\n\t\t\t\t\t\t\t\t\t\t<i class=\"icon icon-minus\"><\/i>                                    <\/div>\n                                <\/div>\n\n                            \n                                                    <\/a>\n                    <\/div>\n\n                    <div id=\"Collapse-483faa169f1a51f7a46c\" class=\" collapse\" aria-labelledby=\"primaryHeading-3-93b81a7\" data-parent=\"#accordion-69f1a51f7a46c\">\n\n                        <div class=\"elementskit-card-body ekit-accordion--content\">\n                            Los troncos y rollizos, debido a su gran volumen, peso y tendencia intr\u00ednseca a rotar, constituyen una carga potencialmente peligrosa para transportar a trav\u00e9s de las rutas del pa\u00eds. En el presente trabajo se propone incluir dentro de la reglamentaci\u00f3n de la Ley Nacional de Tr\u00e1nsito la exigencia de que los automotores que transporten este tipo de carga cuenten con un acoplado equipado con atriles laterales y soportes anteriores y posteriores a fin de contener la carga dentro de ellos, incrementando as\u00ed la seguridad vial.\n<br><br>\n<a href=\"https:\/\/www.nuevasgeneraciones.com.ar\/sitio\/wp-content\/uploads\/documentos3\/_archivo\/04\/04transporte_troncos.pdf\" target=\"_blank\" class=\"btn btn-danger btn-sm\">Descargar<\/a>                        <\/div>\n\n                    <\/div>\n\n                <\/div><!-- .elementskit-card END -->\n\n                \n                <div class=\"elementskit-card \">\n                    <div class=\"elementskit-card-header\" id=\"primaryHeading-4-93b81a7\">\n                        <a href=\"#collapse-99336e269f1a51f7a46c\" class=\"ekit-accordion--toggler elementskit-btn-link collapsed\" data-ekit-toggle=\"collapse\" data-target=\"#Collapse-99336e269f1a51f7a46c\" aria-expanded=\"false\" aria-controls=\"Collapse-99336e269f1a51f7a46c\">\n                            \n                            <span class=\"ekit-accordion-title\">Creaci\u00f3n de la fuerza policial anti narc\u00f3ticos en la Provincia de Buenos Aires<\/span>\n\n                            \n                                <div class=\"ekit_accordion_icon_group\">\n                                    <div class=\"ekit_accordion_normal_icon\">\n                                        <!-- Normal Icon -->\n\t\t\t\t\t\t\t\t\t\t<i class=\"icon icon-plus\"><\/i>                                    <\/div>\n\n                                    <div class=\"ekit_accordion_active_icon\">\n                                        <!-- Active Icon -->\n\t\t\t\t\t\t\t\t\t\t<i class=\"icon icon-minus\"><\/i>                                    <\/div>\n                                <\/div>\n\n                            \n                                                    <\/a>\n                    <\/div>\n\n                    <div id=\"Collapse-99336e269f1a51f7a46c\" class=\" collapse\" aria-labelledby=\"primaryHeading-4-93b81a7\" data-parent=\"#accordion-69f1a51f7a46c\">\n\n                        <div class=\"elementskit-card-body ekit-accordion--content\">\n                            La lucha contra el narcotr\u00e1fico requiere de la actuaci\u00f3n estatal en todos sus niveles. Dentro del combate a dicho flagelo las fuerzas policiales resultan un eslab\u00f3n esencial. Dada la complejidad que el tr\u00e1fico de drogas implica, entendemos que para enfrentarlo se requiere de un cuerpo especializado. Para ello, en el presente trabajo se propone la creaci\u00f3n de una fuerza de seguridad antinarc\u00f3ticos en el \u00e1mbito de la provincia de Buenos Aires.\n<br><br>\n<a href=\"https:\/\/www.nuevasgeneraciones.com.ar\/sitio\/wp-content\/uploads\/documentos3\/_archivo\/04\/04_Creacion_Policia_Antinarcoticos_BA.pdf\" target=\"_blank\" class=\"btn btn-danger btn-sm\">Descargar<\/a>                        <\/div>\n\n                    <\/div>\n\n                <\/div><!-- .elementskit-card END -->\n\n                \n                <div class=\"elementskit-card \">\n                    <div class=\"elementskit-card-header\" id=\"primaryHeading-5-93b81a7\">\n                        <a href=\"#collapse-0076ada69f1a51f7a46c\" class=\"ekit-accordion--toggler elementskit-btn-link collapsed\" data-ekit-toggle=\"collapse\" data-target=\"#Collapse-0076ada69f1a51f7a46c\" aria-expanded=\"false\" aria-controls=\"Collapse-0076ada69f1a51f7a46c\">\n                            \n                            <span class=\"ekit-accordion-title\">Necesidad de regular los cercos el\u00e9ctricos de seguridad perimetral en la provincia de Buenos Aires<\/span>\n\n                            \n                                <div class=\"ekit_accordion_icon_group\">\n                                    <div class=\"ekit_accordion_normal_icon\">\n                                        <!-- Normal Icon -->\n\t\t\t\t\t\t\t\t\t\t<i class=\"icon icon-plus\"><\/i>                                    <\/div>\n\n                                    <div class=\"ekit_accordion_active_icon\">\n                                        <!-- Active Icon -->\n\t\t\t\t\t\t\t\t\t\t<i class=\"icon icon-minus\"><\/i>                                    <\/div>\n                                <\/div>\n\n                            \n                                                    <\/a>\n                    <\/div>\n\n                    <div id=\"Collapse-0076ada69f1a51f7a46c\" class=\" collapse\" aria-labelledby=\"primaryHeading-5-93b81a7\" data-parent=\"#accordion-69f1a51f7a46c\">\n\n                        <div class=\"elementskit-card-body ekit-accordion--content\">\n                            El presente trabajo propone llenar el vac\u00edo legal que hoy existe en la Provincia de Buenos Aires respecto de la utilizaci\u00f3n de los cercos el\u00e9ctricos. Para ello, proponemos que se establezcan los requisitos necesarios para que su instalaci\u00f3n, operaci\u00f3n, reparaci\u00f3n y mantenimiento, cumplan con los m\u00e1s altos est\u00e1ndares de seguridad, a fin de prevenir da\u00f1os y accidentes.\n\n\n<a href=\"https:\/\/www.nuevasgeneraciones.com.ar\/sitio\/wp-content\/uploads\/documentos3\/_archivo\/04\/04_cercos_electricos.pdf\" target=\"_blank\" class=\"btn btn-danger btn-sm\">Descargar<\/a>                        <\/div>\n\n                    <\/div>\n\n                <\/div><!-- .elementskit-card END -->\n\n                \n                <div class=\"elementskit-card \">\n                    <div class=\"elementskit-card-header\" id=\"primaryHeading-6-93b81a7\">\n                        <a href=\"#collapse-06b669369f1a51f7a46c\" class=\"ekit-accordion--toggler elementskit-btn-link collapsed\" data-ekit-toggle=\"collapse\" data-target=\"#Collapse-06b669369f1a51f7a46c\" aria-expanded=\"false\" aria-controls=\"Collapse-06b669369f1a51f7a46c\">\n                            \n                            <span class=\"ekit-accordion-title\">Enfoque de riesgo: la necesidad de cambiar la concepci\u00f3n de la lucha contra los desastres en la provincia de Buenos Aires<\/span>\n\n                            \n                                <div class=\"ekit_accordion_icon_group\">\n                                    <div class=\"ekit_accordion_normal_icon\">\n                                        <!-- Normal Icon -->\n\t\t\t\t\t\t\t\t\t\t<i class=\"icon icon-plus\"><\/i>                                    <\/div>\n\n                                    <div class=\"ekit_accordion_active_icon\">\n                                        <!-- Active Icon -->\n\t\t\t\t\t\t\t\t\t\t<i class=\"icon icon-minus\"><\/i>                                    <\/div>\n                                <\/div>\n\n                            \n                                                    <\/a>\n                    <\/div>\n\n                    <div id=\"Collapse-06b669369f1a51f7a46c\" class=\" collapse\" aria-labelledby=\"primaryHeading-6-93b81a7\" data-parent=\"#accordion-69f1a51f7a46c\">\n\n                        <div class=\"elementskit-card-body ekit-accordion--content\">\n                            En el presente trabajo se propone impulsar una pol\u00edtica eficiente de gesti\u00f3n del riesgo frente a los desastres en el \u00e1mbito territorial de la provincia de Buenos Aires. Para lograr dicho cometido hace falta un cambio de eje en la organizaci\u00f3n de las estrategias de protecci\u00f3n civil, pasando de la focalizaci\u00f3n de la pol\u00edtica sobre las consecuencias del desastre y los da\u00f1os emergentes de su producci\u00f3n, al de la idea de gesti\u00f3n de riesgos y la evaluaci\u00f3n de la potencialidad de generaci\u00f3n de un da\u00f1o.\n<br><br>\n<a href=\"https:\/\/www.nuevasgeneraciones.com.ar\/sitio\/wp-content\/uploads\/documentos3\/_archivo\/04\/04_enfoque_de_riesgo.pdf\" target=\"_blank\" class=\"btn btn-danger btn-sm\">Descargar<\/a>                        <\/div>\n\n                    <\/div>\n\n                <\/div><!-- .elementskit-card END -->\n\n                \n                <div class=\"elementskit-card \">\n                    <div class=\"elementskit-card-header\" id=\"primaryHeading-7-93b81a7\">\n                        <a href=\"#collapse-63c852c69f1a51f7a46c\" class=\"ekit-accordion--toggler elementskit-btn-link collapsed\" data-ekit-toggle=\"collapse\" data-target=\"#Collapse-63c852c69f1a51f7a46c\" aria-expanded=\"false\" aria-controls=\"Collapse-63c852c69f1a51f7a46c\">\n                            \n                            <span class=\"ekit-accordion-title\">Instalaci\u00f3n de sistemas inhibidores de descargas el\u00e9ctricas de origen meteorol\u00f3gico en los balnearios del litoral mar\u00edtimo bonaerense<\/span>\n\n                            \n                                <div class=\"ekit_accordion_icon_group\">\n                                    <div class=\"ekit_accordion_normal_icon\">\n                                        <!-- Normal Icon -->\n\t\t\t\t\t\t\t\t\t\t<i class=\"icon icon-plus\"><\/i>                                    <\/div>\n\n                                    <div class=\"ekit_accordion_active_icon\">\n                                        <!-- Active Icon -->\n\t\t\t\t\t\t\t\t\t\t<i class=\"icon icon-minus\"><\/i>                                    <\/div>\n                                <\/div>\n\n                            \n                                                    <\/a>\n                    <\/div>\n\n                    <div id=\"Collapse-63c852c69f1a51f7a46c\" class=\" collapse\" aria-labelledby=\"primaryHeading-7-93b81a7\" data-parent=\"#accordion-69f1a51f7a46c\">\n\n                        <div class=\"elementskit-card-body ekit-accordion--content\">\n                            Nuestro pa\u00eds se encuentra dentro de una de las regiones con mayor densidad de tormentas el\u00e9ctricas del planeta. Anualmente se producen 50 muertes de personas por a\u00f1o por la ca\u00edda de rayos. Se advierte adem\u00e1s que en la costa bonaerense se registran anualmente unos 30 d\u00edas de tormentas el\u00e9ctricas. Frente a este escenario, consideramos esencial impulsar pol\u00edticas p\u00fablicas que incentiven la prevenci\u00f3n de los efectos de la actividad el\u00e9ctrica sobre las poblaciones. El presente busca reducir el creciente n\u00famero de muertes ocasionadas por las descargas el\u00e9ctricas durante las tormentas mediante la instalaci\u00f3n de inhibidores de rayos en los balnearios p\u00fablicos de la Provincia de Buenos Aires.\n<br><br>\n<a href=\"https:\/\/www.nuevasgeneraciones.com.ar\/sitio\/wp-content\/uploads\/documentos3\/_archivo\/04\/04_inhibidores_de_rayos.pdf\" target=\"_blank\" class=\"btn btn-danger btn-sm\">Descargar<\/a>                        <\/div>\n\n                    <\/div>\n\n                <\/div><!-- .elementskit-card END -->\n\n                \n                <div class=\"elementskit-card \">\n                    <div class=\"elementskit-card-header\" id=\"primaryHeading-8-93b81a7\">\n                        <a href=\"#collapse-327f64a69f1a51f7a46c\" class=\"ekit-accordion--toggler elementskit-btn-link collapsed\" data-ekit-toggle=\"collapse\" data-target=\"#Collapse-327f64a69f1a51f7a46c\" aria-expanded=\"false\" aria-controls=\"Collapse-327f64a69f1a51f7a46c\">\n                            \n                            <span class=\"ekit-accordion-title\">Creaci\u00f3n de la flota nacional de aeronaves hidrantes<\/span>\n\n                            \n                                <div class=\"ekit_accordion_icon_group\">\n                                    <div class=\"ekit_accordion_normal_icon\">\n                                        <!-- Normal Icon -->\n\t\t\t\t\t\t\t\t\t\t<i class=\"icon icon-plus\"><\/i>                                    <\/div>\n\n                                    <div class=\"ekit_accordion_active_icon\">\n                                        <!-- Active Icon -->\n\t\t\t\t\t\t\t\t\t\t<i class=\"icon icon-minus\"><\/i>                                    <\/div>\n                                <\/div>\n\n                            \n                                                    <\/a>\n                    <\/div>\n\n                    <div id=\"Collapse-327f64a69f1a51f7a46c\" class=\" collapse\" aria-labelledby=\"primaryHeading-8-93b81a7\" data-parent=\"#accordion-69f1a51f7a46c\">\n\n                        <div class=\"elementskit-card-body ekit-accordion--content\">\n                            Los aviones hidrantes constituyen una de las herramientas fundamentales para combatir eficientemente los incendios forestales. En el presente trabajo se propone la creaci\u00f3n de una flota nacional de aeronaves hidrantes, estrat\u00e9gicamente distribuida, con el fin de mitigar el impacto que los incendios forestales generan en t\u00e9rminos ambientales, sanitarios, sociales y econ\u00f3micos.\n<br><br>\n<a href=\"https:\/\/www.nuevasgeneraciones.com.ar\/sitio\/wp-content\/uploads\/documentos3\/_archivo\/04\/04_flota_nacional_aeronaves_hidrantes.pdf\" target=\"_blank\" class=\"btn btn-danger btn-sm\">Descargar<\/a>                        <\/div>\n\n                    <\/div>\n\n                <\/div><!-- .elementskit-card END -->\n\n                \n                <div class=\"elementskit-card \">\n                    <div class=\"elementskit-card-header\" id=\"primaryHeading-9-93b81a7\">\n                        <a href=\"#collapse-47dfa6269f1a51f7a46c\" class=\"ekit-accordion--toggler elementskit-btn-link collapsed\" data-ekit-toggle=\"collapse\" data-target=\"#Collapse-47dfa6269f1a51f7a46c\" aria-expanded=\"false\" aria-controls=\"Collapse-47dfa6269f1a51f7a46c\">\n                            \n                            <span class=\"ekit-accordion-title\">Propuesta de reconocimiento y reparaci\u00f3n durante el ataque subversivo al RI 3 MEC de La Tablada<\/span>\n\n                            \n                                <div class=\"ekit_accordion_icon_group\">\n                                    <div class=\"ekit_accordion_normal_icon\">\n                                        <!-- Normal Icon -->\n\t\t\t\t\t\t\t\t\t\t<i class=\"icon icon-plus\"><\/i>                                    <\/div>\n\n                                    <div class=\"ekit_accordion_active_icon\">\n                                        <!-- Active Icon -->\n\t\t\t\t\t\t\t\t\t\t<i class=\"icon icon-minus\"><\/i>                                    <\/div>\n                                <\/div>\n\n                            \n                                                    <\/a>\n                    <\/div>\n\n                    <div id=\"Collapse-47dfa6269f1a51f7a46c\" class=\" collapse\" aria-labelledby=\"primaryHeading-9-93b81a7\" data-parent=\"#accordion-69f1a51f7a46c\">\n\n                        <div class=\"elementskit-card-body ekit-accordion--content\">\n                            El presente trabajo propone la colocaci\u00f3n de una placa conmemorativa con los nombres de los militares, soldados y polic\u00edas que entregaron la vida o fueron heridos durante los combates llevados a cabo en el Regimiento de Infanter\u00eda 3 de La Tablada entre el 23 y 24 de enero de 1989. Asimismo, se propone una reparaci\u00f3n pecuniaria a los herederos de quienes fallecieron repeliendo el ataque y de quienes fueron heridos en dicha oportunidad.\n<br><br>\n<a href=\"https:\/\/www.nuevasgeneraciones.com.ar\/sitio\/wp-content\/uploads\/documentos3\/_archivo\/04\/04_ataque_RI3_tablada.pdf\" target=\"_blank\" class=\"btn btn-danger btn-sm\">Descargar<\/a>                        <\/div>\n\n                    <\/div>\n\n                <\/div><!-- .elementskit-card END -->\n\n                \n                <div class=\"elementskit-card \">\n                    <div class=\"elementskit-card-header\" id=\"primaryHeading-10-93b81a7\">\n                        <a href=\"#collapse-ec25c9369f1a51f7a46c\" class=\"ekit-accordion--toggler elementskit-btn-link collapsed\" data-ekit-toggle=\"collapse\" data-target=\"#Collapse-ec25c9369f1a51f7a46c\" aria-expanded=\"false\" aria-controls=\"Collapse-ec25c9369f1a51f7a46c\">\n                            \n                            <span class=\"ekit-accordion-title\">Creaci\u00f3n de un protocolo de acci\u00f3n e investigaci\u00f3n aplicable en casos de desaparici\u00f3n de personas<\/span>\n\n                            \n                                <div class=\"ekit_accordion_icon_group\">\n                                    <div class=\"ekit_accordion_normal_icon\">\n                                        <!-- Normal Icon -->\n\t\t\t\t\t\t\t\t\t\t<i class=\"icon icon-plus\"><\/i>                                    <\/div>\n\n                                    <div class=\"ekit_accordion_active_icon\">\n                                        <!-- Active Icon -->\n\t\t\t\t\t\t\t\t\t\t<i class=\"icon icon-minus\"><\/i>                                    <\/div>\n                                <\/div>\n\n                            \n                                                    <\/a>\n                    <\/div>\n\n                    <div id=\"Collapse-ec25c9369f1a51f7a46c\" class=\" collapse\" aria-labelledby=\"primaryHeading-10-93b81a7\" data-parent=\"#accordion-69f1a51f7a46c\">\n\n                        <div class=\"elementskit-card-body ekit-accordion--content\">\n                            Ante casos de desaparici\u00f3n de personas, son cruciales los pasos que se den en las primeras horas desde que se toma noticia de dicha desaparici\u00f3n. La coordinaci\u00f3n entre los investigadores y las fuerzas policiales y la cooperaci\u00f3n entre diferentes distritos son la clave para el pronto esclarecimiento de estos casos.\n<br><br>\n<a href=\"https:\/\/www.nuevasgeneraciones.com.ar\/sitio\/wp-content\/uploads\/documentos3\/_archivo\/04\/04_protocolo_desaparicion_personas.pdf\" target=\"_blank\" class=\"btn btn-danger btn-sm\">Descargar<\/a>                        <\/div>\n\n                    <\/div>\n\n                <\/div><!-- .elementskit-card END -->\n\n                \n                <div class=\"elementskit-card \">\n                    <div class=\"elementskit-card-header\" id=\"primaryHeading-11-93b81a7\">\n                        <a href=\"#collapse-9a0cbc669f1a51f7a46c\" class=\"ekit-accordion--toggler elementskit-btn-link collapsed\" data-ekit-toggle=\"collapse\" data-target=\"#Collapse-9a0cbc669f1a51f7a46c\" aria-expanded=\"false\" aria-controls=\"Collapse-9a0cbc669f1a51f7a46c\">\n                            \n                            <span class=\"ekit-accordion-title\">Protocolo para protestas sociales<\/span>\n\n                            \n                                <div class=\"ekit_accordion_icon_group\">\n                                    <div class=\"ekit_accordion_normal_icon\">\n                                        <!-- Normal Icon -->\n\t\t\t\t\t\t\t\t\t\t<i class=\"icon icon-plus\"><\/i>                                    <\/div>\n\n                                    <div class=\"ekit_accordion_active_icon\">\n                                        <!-- Active Icon -->\n\t\t\t\t\t\t\t\t\t\t<i class=\"icon icon-minus\"><\/i>                                    <\/div>\n                                <\/div>\n\n                            \n                                                    <\/a>\n                    <\/div>\n\n                    <div id=\"Collapse-9a0cbc669f1a51f7a46c\" class=\" collapse\" aria-labelledby=\"primaryHeading-11-93b81a7\" data-parent=\"#accordion-69f1a51f7a46c\">\n\n                        <div class=\"elementskit-card-body ekit-accordion--content\">\n                            Este trabajo legislativo tiene como principal objeto establecer un conjunto de requisitos y condiciones que deben cumplir los manifestantes y las fuerzas de seguridad intervinientes en cualquier manifestaci\u00f3n p\u00fablica. Actualmente, las manifestaciones p\u00fablicas se materializan de formas muy variadas, pudiendo consistir en cortes de v\u00edas de tr\u00e1nsito, toma de edificios y\/o establecimientos p\u00fablicos y\/o privados, todas ellas contrarias al orden p\u00fablico. El presente trabajo toma especial relevancia teniendo en cuenta la proliferaci\u00f3n de las manifestaciones p\u00fablicas como instrumento de reclamo y protagonismo de diversos sectores de la sociedad que, con fundamento en el ejercicio del derecho de huelga amparado en la Constituci\u00f3n Nacional, vulneran otros derechos constitucionales de terceros.\n<br><br>\n<a href=\"https:\/\/www.nuevasgeneraciones.com.ar\/sitio\/wp-content\/uploads\/documentos3\/_archivo\/04\/2011s1%20Protocolo%20para%20protestas%20sociales.pdf\" target=\"_blank\" class=\"btn btn-danger btn-sm\">Descargar<\/a>\n                        <\/div>\n\n                    <\/div>\n\n                <\/div><!-- .elementskit-card END -->\n\n                \n                <div class=\"elementskit-card \">\n                    <div class=\"elementskit-card-header\" id=\"primaryHeading-12-93b81a7\">\n                        <a href=\"#collapse-3c2036969f1a51f7a46c\" class=\"ekit-accordion--toggler elementskit-btn-link collapsed\" data-ekit-toggle=\"collapse\" data-target=\"#Collapse-3c2036969f1a51f7a46c\" aria-expanded=\"false\" aria-controls=\"Collapse-3c2036969f1a51f7a46c\">\n                            \n                            <span class=\"ekit-accordion-title\">Reglamentaci\u00f3n de las Protestas Sociales en inmediaciones de Edificios de la Administraci\u00f3n Nacional<\/span>\n\n                            \n                                <div class=\"ekit_accordion_icon_group\">\n                                    <div class=\"ekit_accordion_normal_icon\">\n                                        <!-- Normal Icon -->\n\t\t\t\t\t\t\t\t\t\t<i class=\"icon icon-plus\"><\/i>                                    <\/div>\n\n                                    <div class=\"ekit_accordion_active_icon\">\n                                        <!-- Active Icon -->\n\t\t\t\t\t\t\t\t\t\t<i class=\"icon icon-minus\"><\/i>                                    <\/div>\n                                <\/div>\n\n                            \n                                                    <\/a>\n                    <\/div>\n\n                    <div id=\"Collapse-3c2036969f1a51f7a46c\" class=\" collapse\" aria-labelledby=\"primaryHeading-12-93b81a7\" data-parent=\"#accordion-69f1a51f7a46c\">\n\n                        <div class=\"elementskit-card-body ekit-accordion--content\">\n                            M\u00e1s all\u00e1 del derecho que por mandato constitucional gozan todos los habitantes de la Naci\u00f3n de reunirse, manifestarse p\u00fablicamente y de peticionar ante las autoridades, no es admisible que se ponga en riesgo la integridad de las principales sedes de la Administraci\u00f3n Nacional y de las delegaciones y representaciones extranjeras, y sus funcionarios acreditados en el pa\u00eds, ni de los m\u00e1ximos representantes de los poderes de la Naci\u00f3n. En el presente trabajo presentamos un proyecto de ley que reglamente las protestas sociales en las inmediaciones de los lugares arriba mencionados.\n<br><br>\n<a href=\"https:\/\/www.nuevasgeneraciones.com.ar\/sitio\/wp-content\/uploads\/documentos3\/_archivo\/04\/04_protocolo_protestas_sociales.pdf\" target=\"_blank\" class=\"btn btn-danger btn-sm\">Descargar<\/a>                        <\/div>\n\n                    <\/div>\n\n                <\/div><!-- .elementskit-card END -->\n\n                \n                <div class=\"elementskit-card \">\n                    <div class=\"elementskit-card-header\" id=\"primaryHeading-13-93b81a7\">\n                        <a href=\"#collapse-cd395ad69f1a51f7a46c\" class=\"ekit-accordion--toggler elementskit-btn-link collapsed\" data-ekit-toggle=\"collapse\" data-target=\"#Collapse-cd395ad69f1a51f7a46c\" aria-expanded=\"false\" aria-controls=\"Collapse-cd395ad69f1a51f7a46c\">\n                            \n                            <span class=\"ekit-accordion-title\">Programa de Registro Gratuito de Armas de Fuego<\/span>\n\n                            \n                                <div class=\"ekit_accordion_icon_group\">\n                                    <div class=\"ekit_accordion_normal_icon\">\n                                        <!-- Normal Icon -->\n\t\t\t\t\t\t\t\t\t\t<i class=\"icon icon-plus\"><\/i>                                    <\/div>\n\n                                    <div class=\"ekit_accordion_active_icon\">\n                                        <!-- Active Icon -->\n\t\t\t\t\t\t\t\t\t\t<i class=\"icon icon-minus\"><\/i>                                    <\/div>\n                                <\/div>\n\n                            \n                                                    <\/a>\n                    <\/div>\n\n                    <div id=\"Collapse-cd395ad69f1a51f7a46c\" class=\" collapse\" aria-labelledby=\"primaryHeading-13-93b81a7\" data-parent=\"#accordion-69f1a51f7a46c\">\n\n                        <div class=\"elementskit-card-body ekit-accordion--content\">\n                            En el presente trabajo se proponen las bases para una legislaci\u00f3n que promueva la registraci\u00f3n gratuita y voluntaria de las armas de fuego en manos de la ciudadan\u00eda. Con esta iniciativa se busca aportar positivamente en el combate a la inseguridad y el delito.\n<br><br>\n<a href=\"https:\/\/www.nuevasgeneraciones.com.ar\/sitio\/wp-content\/uploads\/documentos3\/_archivo\/04\/2010s2%20Programa%20de%20Registro%20Gratuito%20de%20Armas%20de%20Fuego.pdf\" target=\"_blank\" class=\"btn btn-danger btn-sm\">Descargar<\/a>                        <\/div>\n\n                    <\/div>\n\n                <\/div><!-- .elementskit-card END -->\n\n                \n                <div class=\"elementskit-card \">\n                    <div class=\"elementskit-card-header\" id=\"primaryHeading-14-93b81a7\">\n                        <a href=\"#collapse-7a0e7b169f1a51f7a46c\" class=\"ekit-accordion--toggler elementskit-btn-link collapsed\" data-ekit-toggle=\"collapse\" data-target=\"#Collapse-7a0e7b169f1a51f7a46c\" aria-expanded=\"false\" aria-controls=\"Collapse-7a0e7b169f1a51f7a46c\">\n                            \n                            <span class=\"ekit-accordion-title\">Lineamientos para una efectiva seguridad fronteriza a\u00e9rea<\/span>\n\n                            \n                                <div class=\"ekit_accordion_icon_group\">\n                                    <div class=\"ekit_accordion_normal_icon\">\n                                        <!-- Normal Icon -->\n\t\t\t\t\t\t\t\t\t\t<i class=\"icon icon-plus\"><\/i>                                    <\/div>\n\n                                    <div class=\"ekit_accordion_active_icon\">\n                                        <!-- Active Icon -->\n\t\t\t\t\t\t\t\t\t\t<i class=\"icon icon-minus\"><\/i>                                    <\/div>\n                                <\/div>\n\n                            \n                                                    <\/a>\n                    <\/div>\n\n                    <div id=\"Collapse-7a0e7b169f1a51f7a46c\" class=\" collapse\" aria-labelledby=\"primaryHeading-14-93b81a7\" data-parent=\"#accordion-69f1a51f7a46c\">\n\n                        <div class=\"elementskit-card-body ekit-accordion--content\">\n                            En el presente trabajo se propone un plan integral para fortalecer el combate al tr\u00e1fico de drogas que ingresa vulnerando la frontera norte de la Argentina. Asimismo, se recomienda la instalaci\u00f3n de un entramado de radares 3D y la implementaci\u00f3n de un protocolo de intercepci\u00f3n de aeronaves desconocidas similar al que han adoptado otros pa\u00edses de la regi\u00f3n.\n<br><br>\n<a href=\"https:\/\/www.nuevasgeneraciones.com.ar\/sitio\/wp-content\/uploads\/documentos3\/_archivo\/04\/04_radarizacion_frontera_norte.pdf\" target=\"_blank\" class=\"btn btn-danger btn-sm\">Descargar<\/a>                        <\/div>\n\n                    <\/div>\n\n                <\/div><!-- .elementskit-card END -->\n\n                                        <\/div>\n    <\/div>\t\t\t\t<\/div>\n\t\t\t\t<\/div>\n\t\t\t\t\t<\/div>\n\t\t<\/div>\n\t\t\t\t<div class=\"elementor-column elementor-col-33 elementor-top-column elementor-element elementor-element-7a4d46b9\" data-id=\"7a4d46b9\" data-element_type=\"column\" data-e-type=\"column\">\n\t\t\t<div class=\"elementor-widget-wrap\">\n\t\t\t\t\t\t\t<\/div>\n\t\t<\/div>\n\t\t\t\t\t<\/div>\n\t\t<\/section>\n\t\t\t\t<section class=\"elementor-section elementor-top-section elementor-element elementor-element-6517adef elementor-section-boxed elementor-section-height-default elementor-section-height-default\" data-id=\"6517adef\" data-element_type=\"section\" data-e-type=\"section\">\n\t\t\t\t\t\t<div class=\"elementor-container elementor-column-gap-default\">\n\t\t\t\t\t<div class=\"elementor-column elementor-col-25 elementor-top-column elementor-element elementor-element-4d720df2\" data-id=\"4d720df2\" data-element_type=\"column\" data-e-type=\"column\">\n\t\t\t<div class=\"elementor-widget-wrap\">\n\t\t\t\t\t\t\t<\/div>\n\t\t<\/div>\n\t\t\t\t<div class=\"elementor-column elementor-col-50 elementor-top-column elementor-element elementor-element-7a8eba8c\" data-id=\"7a8eba8c\" data-element_type=\"column\" data-e-type=\"column\">\n\t\t\t<div class=\"elementor-widget-wrap\">\n\t\t\t\t\t\t\t<\/div>\n\t\t<\/div>\n\t\t\t\t<div class=\"elementor-column elementor-col-25 elementor-top-column elementor-element elementor-element-568f1ad3\" data-id=\"568f1ad3\" data-element_type=\"column\" data-e-type=\"column\">\n\t\t\t<div class=\"elementor-widget-wrap\">\n\t\t\t\t\t\t\t<\/div>\n\t\t<\/div>\n\t\t\t\t\t<\/div>\n\t\t<\/section>\n\t\t\t\t<section class=\"elementor-section elementor-top-section elementor-element elementor-element-43c9acc2 elementor-section-boxed elementor-section-height-default elementor-section-height-default\" data-id=\"43c9acc2\" data-element_type=\"section\" data-e-type=\"section\">\n\t\t\t\t\t\t<div class=\"elementor-container elementor-column-gap-default\">\n\t\t\t\t\t<div class=\"elementor-column elementor-col-100 elementor-top-column elementor-element elementor-element-7e442c7\" data-id=\"7e442c7\" data-element_type=\"column\" data-e-type=\"column\">\n\t\t\t<div class=\"elementor-widget-wrap elementor-element-populated\">\n\t\t\t\t\t\t<div class=\"elementor-element elementor-element-5defbc elementor-widget elementor-widget-spacer\" data-id=\"5defbc\" data-element_type=\"widget\" data-e-type=\"widget\" data-widget_type=\"spacer.default\">\n\t\t\t\t<div class=\"elementor-widget-container\">\n\t\t\t\t\t\t\t<div class=\"elementor-spacer\">\n\t\t\t<div class=\"elementor-spacer-inner\"><\/div>\n\t\t<\/div>\n\t\t\t\t\t\t<\/div>\n\t\t\t\t<\/div>\n\t\t\t\t\t<\/div>\n\t\t<\/div>\n\t\t\t\t\t<\/div>\n\t\t<\/section>\n\t\t\t\t<\/div>\n\t\t","protected":false},"excerpt":{"rendered":"<p>Defensa y seguridad C\u00e1maras corporales de videovigilancia: una herramienta de seguridad y de transparencia institucional C\u00e1maras corporales de videovigilancia: una herramienta de seguridad y de transparencia institucional La inseguridad es una de las principales preocupaciones que tienen la mayor\u00eda de los argentinos y es un reclamo constante de la sociedad hacia los gobernantes. Si bien&hellip;&nbsp;<\/p>\n","protected":false},"author":1,"featured_media":0,"parent":0,"menu_order":0,"comment_status":"closed","ping_status":"closed","template":"page-templates\/template-pagebuilder-full-width.php","meta":{"neve_meta_sidebar":"","neve_meta_container":"","neve_meta_enable_content_width":"off","neve_meta_content_width":100,"neve_meta_title_alignment":"","neve_meta_author_avatar":"","neve_post_elements_order":"","neve_meta_disable_header":"","neve_meta_disable_footer":"","neve_meta_disable_title":"","footnotes":""},"class_list":["post-12398","page","type-page","status-publish","hentry"],"yoast_head":"<!-- This site is optimized with the Yoast SEO plugin v27.4 - https:\/\/yoast.com\/product\/yoast-seo-wordpress\/ -->\n<title>Defensa y seguridad - Fundaci\u00f3n Nuevas Generaciones<\/title>\n<meta name=\"robots\" content=\"index, follow, max-snippet:-1, max-image-preview:large, max-video-preview:-1\" \/>\n<link rel=\"canonical\" href=\"https:\/\/nuevasgeneraciones.com.ar\/sitio\/defensa-y-seguridad\/\" \/>\n<meta property=\"og:locale\" content=\"es_ES\" \/>\n<meta property=\"og:type\" content=\"article\" \/>\n<meta property=\"og:title\" content=\"Defensa y seguridad - Fundaci\u00f3n Nuevas Generaciones\" \/>\n<meta property=\"og:description\" content=\"Defensa y seguridad C\u00e1maras corporales de videovigilancia: una herramienta de seguridad y de transparencia institucional C\u00e1maras corporales de videovigilancia: una herramienta de seguridad y de transparencia institucional La inseguridad es una de las principales preocupaciones que tienen la mayor\u00eda de los argentinos y es un reclamo constante de la sociedad hacia los gobernantes. Si bien&hellip;&nbsp;\" \/>\n<meta property=\"og:url\" content=\"https:\/\/nuevasgeneraciones.com.ar\/sitio\/defensa-y-seguridad\/\" \/>\n<meta property=\"og:site_name\" content=\"Fundaci\u00f3n Nuevas Generaciones\" \/>\n<meta property=\"article:modified_time\" content=\"2023-06-29T16:08:22+00:00\" \/>\n<meta name=\"twitter:card\" content=\"summary_large_image\" \/>\n<meta name=\"twitter:label1\" content=\"Tiempo de lectura\" \/>\n\t<meta name=\"twitter:data1\" content=\"7 minutos\" \/>\n<script type=\"application\/ld+json\" class=\"yoast-schema-graph\">{\"@context\":\"https:\\\/\\\/schema.org\",\"@graph\":[{\"@type\":\"WebPage\",\"@id\":\"https:\\\/\\\/nuevasgeneraciones.com.ar\\\/sitio\\\/defensa-y-seguridad\\\/\",\"url\":\"https:\\\/\\\/nuevasgeneraciones.com.ar\\\/sitio\\\/defensa-y-seguridad\\\/\",\"name\":\"Defensa y seguridad - Fundaci\u00f3n Nuevas Generaciones\",\"isPartOf\":{\"@id\":\"https:\\\/\\\/nuevasgeneraciones.com.ar\\\/sitio\\\/#website\"},\"datePublished\":\"2018-11-09T21:28:53+00:00\",\"dateModified\":\"2023-06-29T16:08:22+00:00\",\"breadcrumb\":{\"@id\":\"https:\\\/\\\/nuevasgeneraciones.com.ar\\\/sitio\\\/defensa-y-seguridad\\\/#breadcrumb\"},\"inLanguage\":\"es-AR\",\"potentialAction\":[{\"@type\":\"ReadAction\",\"target\":[\"https:\\\/\\\/nuevasgeneraciones.com.ar\\\/sitio\\\/defensa-y-seguridad\\\/\"]}]},{\"@type\":\"BreadcrumbList\",\"@id\":\"https:\\\/\\\/nuevasgeneraciones.com.ar\\\/sitio\\\/defensa-y-seguridad\\\/#breadcrumb\",\"itemListElement\":[{\"@type\":\"ListItem\",\"position\":1,\"name\":\"Inicio\",\"item\":\"https:\\\/\\\/nuevasgeneraciones.com.ar\\\/sitio\\\/\"},{\"@type\":\"ListItem\",\"position\":2,\"name\":\"Defensa y seguridad\"}]},{\"@type\":\"WebSite\",\"@id\":\"https:\\\/\\\/nuevasgeneraciones.com.ar\\\/sitio\\\/#website\",\"url\":\"https:\\\/\\\/nuevasgeneraciones.com.ar\\\/sitio\\\/\",\"name\":\"Fundaci\u00f3n Nuevas Generaciones\",\"description\":\"\",\"publisher\":{\"@id\":\"https:\\\/\\\/nuevasgeneraciones.com.ar\\\/sitio\\\/#organization\"},\"potentialAction\":[{\"@type\":\"SearchAction\",\"target\":{\"@type\":\"EntryPoint\",\"urlTemplate\":\"https:\\\/\\\/nuevasgeneraciones.com.ar\\\/sitio\\\/?s={search_term_string}\"},\"query-input\":{\"@type\":\"PropertyValueSpecification\",\"valueRequired\":true,\"valueName\":\"search_term_string\"}}],\"inLanguage\":\"es-AR\"},{\"@type\":\"Organization\",\"@id\":\"https:\\\/\\\/nuevasgeneraciones.com.ar\\\/sitio\\\/#organization\",\"name\":\"Fundaci\u00f3n Nuevas Generaciones\",\"url\":\"https:\\\/\\\/nuevasgeneraciones.com.ar\\\/sitio\\\/\",\"logo\":{\"@type\":\"ImageObject\",\"inLanguage\":\"es-AR\",\"@id\":\"https:\\\/\\\/nuevasgeneraciones.com.ar\\\/sitio\\\/#\\\/schema\\\/logo\\\/image\\\/\",\"url\":\"https:\\\/\\\/nuevasgeneraciones.com.ar\\\/sitio\\\/wp-content\\\/uploads\\\/2023\\\/06\\\/logo-01.png\",\"contentUrl\":\"https:\\\/\\\/nuevasgeneraciones.com.ar\\\/sitio\\\/wp-content\\\/uploads\\\/2023\\\/06\\\/logo-01.png\",\"width\":593,\"height\":77,\"caption\":\"Fundaci\u00f3n Nuevas Generaciones\"},\"image\":{\"@id\":\"https:\\\/\\\/nuevasgeneraciones.com.ar\\\/sitio\\\/#\\\/schema\\\/logo\\\/image\\\/\"}}]}<\/script>\n<!-- \/ Yoast SEO plugin. -->","yoast_head_json":{"title":"Defensa y seguridad - Fundaci\u00f3n Nuevas Generaciones","robots":{"index":"index","follow":"follow","max-snippet":"max-snippet:-1","max-image-preview":"max-image-preview:large","max-video-preview":"max-video-preview:-1"},"canonical":"https:\/\/nuevasgeneraciones.com.ar\/sitio\/defensa-y-seguridad\/","og_locale":"es_ES","og_type":"article","og_title":"Defensa y seguridad - Fundaci\u00f3n Nuevas Generaciones","og_description":"Defensa y seguridad C\u00e1maras corporales de videovigilancia: una herramienta de seguridad y de transparencia institucional C\u00e1maras corporales de videovigilancia: una herramienta de seguridad y de transparencia institucional La inseguridad es una de las principales preocupaciones que tienen la mayor\u00eda de los argentinos y es un reclamo constante de la sociedad hacia los gobernantes. Si bien&hellip;&nbsp;","og_url":"https:\/\/nuevasgeneraciones.com.ar\/sitio\/defensa-y-seguridad\/","og_site_name":"Fundaci\u00f3n Nuevas Generaciones","article_modified_time":"2023-06-29T16:08:22+00:00","twitter_card":"summary_large_image","twitter_misc":{"Tiempo de lectura":"7 minutos"},"schema":{"@context":"https:\/\/schema.org","@graph":[{"@type":"WebPage","@id":"https:\/\/nuevasgeneraciones.com.ar\/sitio\/defensa-y-seguridad\/","url":"https:\/\/nuevasgeneraciones.com.ar\/sitio\/defensa-y-seguridad\/","name":"Defensa y seguridad - Fundaci\u00f3n Nuevas Generaciones","isPartOf":{"@id":"https:\/\/nuevasgeneraciones.com.ar\/sitio\/#website"},"datePublished":"2018-11-09T21:28:53+00:00","dateModified":"2023-06-29T16:08:22+00:00","breadcrumb":{"@id":"https:\/\/nuevasgeneraciones.com.ar\/sitio\/defensa-y-seguridad\/#breadcrumb"},"inLanguage":"es-AR","potentialAction":[{"@type":"ReadAction","target":["https:\/\/nuevasgeneraciones.com.ar\/sitio\/defensa-y-seguridad\/"]}]},{"@type":"BreadcrumbList","@id":"https:\/\/nuevasgeneraciones.com.ar\/sitio\/defensa-y-seguridad\/#breadcrumb","itemListElement":[{"@type":"ListItem","position":1,"name":"Inicio","item":"https:\/\/nuevasgeneraciones.com.ar\/sitio\/"},{"@type":"ListItem","position":2,"name":"Defensa y seguridad"}]},{"@type":"WebSite","@id":"https:\/\/nuevasgeneraciones.com.ar\/sitio\/#website","url":"https:\/\/nuevasgeneraciones.com.ar\/sitio\/","name":"Fundaci\u00f3n Nuevas Generaciones","description":"","publisher":{"@id":"https:\/\/nuevasgeneraciones.com.ar\/sitio\/#organization"},"potentialAction":[{"@type":"SearchAction","target":{"@type":"EntryPoint","urlTemplate":"https:\/\/nuevasgeneraciones.com.ar\/sitio\/?s={search_term_string}"},"query-input":{"@type":"PropertyValueSpecification","valueRequired":true,"valueName":"search_term_string"}}],"inLanguage":"es-AR"},{"@type":"Organization","@id":"https:\/\/nuevasgeneraciones.com.ar\/sitio\/#organization","name":"Fundaci\u00f3n Nuevas Generaciones","url":"https:\/\/nuevasgeneraciones.com.ar\/sitio\/","logo":{"@type":"ImageObject","inLanguage":"es-AR","@id":"https:\/\/nuevasgeneraciones.com.ar\/sitio\/#\/schema\/logo\/image\/","url":"https:\/\/nuevasgeneraciones.com.ar\/sitio\/wp-content\/uploads\/2023\/06\/logo-01.png","contentUrl":"https:\/\/nuevasgeneraciones.com.ar\/sitio\/wp-content\/uploads\/2023\/06\/logo-01.png","width":593,"height":77,"caption":"Fundaci\u00f3n Nuevas Generaciones"},"image":{"@id":"https:\/\/nuevasgeneraciones.com.ar\/sitio\/#\/schema\/logo\/image\/"}}]}},"_links":{"self":[{"href":"https:\/\/nuevasgeneraciones.com.ar\/sitio\/wp-json\/wp\/v2\/pages\/12398","targetHints":{"allow":["GET"]}}],"collection":[{"href":"https:\/\/nuevasgeneraciones.com.ar\/sitio\/wp-json\/wp\/v2\/pages"}],"about":[{"href":"https:\/\/nuevasgeneraciones.com.ar\/sitio\/wp-json\/wp\/v2\/types\/page"}],"author":[{"embeddable":true,"href":"https:\/\/nuevasgeneraciones.com.ar\/sitio\/wp-json\/wp\/v2\/users\/1"}],"replies":[{"embeddable":true,"href":"https:\/\/nuevasgeneraciones.com.ar\/sitio\/wp-json\/wp\/v2\/comments?post=12398"}],"version-history":[{"count":4,"href":"https:\/\/nuevasgeneraciones.com.ar\/sitio\/wp-json\/wp\/v2\/pages\/12398\/revisions"}],"predecessor-version":[{"id":20405,"href":"https:\/\/nuevasgeneraciones.com.ar\/sitio\/wp-json\/wp\/v2\/pages\/12398\/revisions\/20405"}],"wp:attachment":[{"href":"https:\/\/nuevasgeneraciones.com.ar\/sitio\/wp-json\/wp\/v2\/media?parent=12398"}],"curies":[{"name":"wp","href":"https:\/\/api.w.org\/{rel}","templated":true}]}}