{"id":12396,"date":"2018-11-09T18:22:59","date_gmt":"2018-11-09T21:22:59","guid":{"rendered":"http:\/\/nuevasgeneraciones.com.ar\/sitio\/?page_id=12396"},"modified":"2025-12-30T17:19:37","modified_gmt":"2025-12-30T17:19:37","slug":"politica-economica","status":"publish","type":"page","link":"https:\/\/nuevasgeneraciones.com.ar\/sitio\/politica-economica\/","title":{"rendered":"Pol\u00edtica econ\u00f3mica"},"content":{"rendered":"\t\t<div data-elementor-type=\"wp-page\" data-elementor-id=\"12396\" class=\"elementor elementor-12396\" data-elementor-post-type=\"page\">\n\t\t\t\t\t\t<section class=\"elementor-section elementor-top-section elementor-element elementor-element-af2025c elementor-section-full_width elementor-section-height-default elementor-section-height-default\" data-id=\"af2025c\" data-element_type=\"section\" data-e-type=\"section\" data-settings=\"{&quot;background_background&quot;:&quot;classic&quot;}\">\n\t\t\t\t\t\t<div class=\"elementor-container elementor-column-gap-default\">\n\t\t\t\t\t<div class=\"elementor-column elementor-col-33 elementor-top-column elementor-element elementor-element-bcdb6a6\" data-id=\"bcdb6a6\" data-element_type=\"column\" data-e-type=\"column\">\n\t\t\t<div class=\"elementor-widget-wrap\">\n\t\t\t\t\t\t\t<\/div>\n\t\t<\/div>\n\t\t\t\t<div class=\"elementor-column elementor-col-33 elementor-top-column elementor-element elementor-element-1b4b55a7\" data-id=\"1b4b55a7\" data-element_type=\"column\" data-e-type=\"column\">\n\t\t\t<div class=\"elementor-widget-wrap elementor-element-populated\">\n\t\t\t\t\t\t<div class=\"elementor-element elementor-element-df4412e elementor-widget elementor-widget-text-editor\" data-id=\"df4412e\" data-element_type=\"widget\" data-e-type=\"widget\" data-widget_type=\"text-editor.default\">\n\t\t\t\t<div class=\"elementor-widget-container\">\n\t\t\t\t\t\t\t\t\t<h1>Pol\u00edtica econ\u00f3mica<\/h1>\t\t\t\t\t\t\t\t<\/div>\n\t\t\t\t<\/div>\n\t\t\t\t\t<\/div>\n\t\t<\/div>\n\t\t\t\t<div class=\"elementor-column elementor-col-33 elementor-top-column elementor-element elementor-element-155b5bd8\" data-id=\"155b5bd8\" data-element_type=\"column\" data-e-type=\"column\">\n\t\t\t<div class=\"elementor-widget-wrap\">\n\t\t\t\t\t\t\t<\/div>\n\t\t<\/div>\n\t\t\t\t\t<\/div>\n\t\t<\/section>\n\t\t\t\t<section class=\"elementor-section elementor-top-section elementor-element elementor-element-292ecf6c elementor-section-boxed elementor-section-height-default elementor-section-height-default\" data-id=\"292ecf6c\" data-element_type=\"section\" data-e-type=\"section\">\n\t\t\t\t\t\t<div class=\"elementor-container elementor-column-gap-default\">\n\t\t\t\t\t<div class=\"elementor-column elementor-col-100 elementor-top-column elementor-element elementor-element-43193c80\" data-id=\"43193c80\" data-element_type=\"column\" data-e-type=\"column\">\n\t\t\t<div class=\"elementor-widget-wrap elementor-element-populated\">\n\t\t\t\t\t\t<div class=\"elementor-element elementor-element-5982327c elementor-widget elementor-widget-spacer\" data-id=\"5982327c\" data-element_type=\"widget\" data-e-type=\"widget\" data-widget_type=\"spacer.default\">\n\t\t\t\t<div class=\"elementor-widget-container\">\n\t\t\t\t\t\t\t<div class=\"elementor-spacer\">\n\t\t\t<div class=\"elementor-spacer-inner\"><\/div>\n\t\t<\/div>\n\t\t\t\t\t\t<\/div>\n\t\t\t\t<\/div>\n\t\t\t\t\t<\/div>\n\t\t<\/div>\n\t\t\t\t\t<\/div>\n\t\t<\/section>\n\t\t\t\t<section class=\"elementor-section elementor-top-section elementor-element elementor-element-69dd981e elementor-section-boxed elementor-section-height-default elementor-section-height-default\" data-id=\"69dd981e\" data-element_type=\"section\" data-e-type=\"section\">\n\t\t\t\t\t\t<div class=\"elementor-container elementor-column-gap-default\">\n\t\t\t\t\t<div class=\"elementor-column elementor-col-33 elementor-top-column elementor-element elementor-element-7190b822\" data-id=\"7190b822\" data-element_type=\"column\" data-e-type=\"column\">\n\t\t\t<div class=\"elementor-widget-wrap\">\n\t\t\t\t\t\t\t<\/div>\n\t\t<\/div>\n\t\t\t\t<div class=\"elementor-column elementor-col-33 elementor-top-column elementor-element elementor-element-6dd9a4df\" data-id=\"6dd9a4df\" data-element_type=\"column\" data-e-type=\"column\">\n\t\t\t<div class=\"elementor-widget-wrap elementor-element-populated\">\n\t\t\t\t\t\t<div class=\"elementor-element elementor-element-2276742f elementor-widget elementor-widget-elementskit-accordion\" data-id=\"2276742f\" data-element_type=\"widget\" data-e-type=\"widget\" data-widget_type=\"elementskit-accordion.default\">\n\t\t\t\t<div class=\"elementor-widget-container\">\n\t\t\t\t\t<div class=\"ekit-wid-con\" >\n        <div class=\"elementskit-accordion accoedion-primary\" id=\"accordion-69f1a4c5d4707\">\n\n            \n                <div class=\"elementskit-card \">\n                    <div class=\"elementskit-card-header\" id=\"primaryHeading-0-2276742f\">\n                        <a href=\"#collapse-35c8fe469f1a4c5d4707\" class=\"ekit-accordion--toggler elementskit-btn-link collapsed\" data-ekit-toggle=\"collapse\" data-target=\"#Collapse-35c8fe469f1a4c5d4707\" aria-expanded=\"false\" aria-controls=\"Collapse-35c8fe469f1a4c5d4707\">\n                            \n                            <span class=\"ekit-accordion-title\">Equidad fiscal y servicios p\u00fablicos: Deducci\u00f3n \u00edntegra de gastos privados sustitutivos en el impuesto a las ganancias<\/span>\n\n                            \n                                <div class=\"ekit_accordion_icon_group\">\n                                    <div class=\"ekit_accordion_normal_icon\">\n                                        <!-- Normal Icon -->\n\t\t\t\t\t\t\t\t\t\t<i class=\"icon icon-plus\"><\/i>                                    <\/div>\n\n                                    <div class=\"ekit_accordion_active_icon\">\n                                        <!-- Active Icon -->\n\t\t\t\t\t\t\t\t\t\t<i class=\"icon icon-minus\"><\/i>                                    <\/div>\n                                <\/div>\n\n                            \n                                                    <\/a>\n                    <\/div>\n\n                    <div id=\"Collapse-35c8fe469f1a4c5d4707\" class=\" collapse\" aria-labelledby=\"primaryHeading-0-2276742f\" data-parent=\"#accordion-69f1a4c5d4707\">\n\n                        <div class=\"elementskit-card-body ekit-accordion--content\">\n                            Esta propuesta de reforma del Impuesto a las Ganancias plantea permitir la deducci\u00f3n total de los gastos en salud y educaci\u00f3n privada que las familias asumen para suplir falencias de los servicios p\u00fablicos, eliminando la actual doble carga econ\u00f3mica y promoviendo un esquema tributario m\u00e1s justo y equitativo.\n\n<p>&nbsp;<\/p>\n\n<a class=\"btn btn-danger btn-sm\" href=\"https:\/\/nuevasgeneraciones.com.ar\/sitio\/wp-content\/uploads\/documentos3\/_archivo\/2025\/NG-PP417-Equidad-fiscal-DIC2025.pdf?2025\" target=\"_blank\" rel=\"noopener\">Descargar<\/a>                        <\/div>\n\n                    <\/div>\n\n                <\/div><!-- .elementskit-card END -->\n\n                \n                <div class=\"elementskit-card \">\n                    <div class=\"elementskit-card-header\" id=\"primaryHeading-1-2276742f\">\n                        <a href=\"#collapse-fcf65e169f1a4c5d4707\" class=\"ekit-accordion--toggler elementskit-btn-link collapsed\" data-ekit-toggle=\"collapse\" data-target=\"#Collapse-fcf65e169f1a4c5d4707\" aria-expanded=\"false\" aria-controls=\"Collapse-fcf65e169f1a4c5d4707\">\n                            \n                            <span class=\"ekit-accordion-title\">Acceso a veh\u00edculos cero kil\u00f3metro y reactivaci\u00f3n automotriz <\/span>\n\n                            \n                                <div class=\"ekit_accordion_icon_group\">\n                                    <div class=\"ekit_accordion_normal_icon\">\n                                        <!-- Normal Icon -->\n\t\t\t\t\t\t\t\t\t\t<i class=\"icon icon-plus\"><\/i>                                    <\/div>\n\n                                    <div class=\"ekit_accordion_active_icon\">\n                                        <!-- Active Icon -->\n\t\t\t\t\t\t\t\t\t\t<i class=\"icon icon-minus\"><\/i>                                    <\/div>\n                                <\/div>\n\n                            \n                                                    <\/a>\n                    <\/div>\n\n                    <div id=\"Collapse-fcf65e169f1a4c5d4707\" class=\" collapse\" aria-labelledby=\"primaryHeading-1-2276742f\" data-parent=\"#accordion-69f1a4c5d4707\">\n\n                        <div class=\"elementskit-card-body ekit-accordion--content\">\n                            <p>Argentina presenta un parque automotor obsoleto que incrementa la contaminaci\u00f3n, el consumo de combustible y los accidentes viales. Este trabajo propone una pol\u00edtica integral para incentivar la compra de veh\u00edculos 0 km mediante una reducci\u00f3n selectiva de cargas impositivas, financiamiento accesible y el retiro gradual de unidades antiguas, generando beneficios ambientales, mayor seguridad vial, ahorro energ\u00e9tico y fortalecimiento de la industria nacional, sin comprometer la responsabilidad fiscal del estado.<\/p><p>\u00a0<\/p><p><a class=\"btn btn-danger btn-sm\" href=\"https:\/\/nuevasgeneraciones.com.ar\/sitio\/wp-content\/uploads\/documentos3\/_archivo\/2025\/NG-PP416-Promocion-vehiculos-0km-NOV2025.pdf?2025\" target=\"_blank\" rel=\"noopener\">Descargar<\/a><\/p>                        <\/div>\n\n                    <\/div>\n\n                <\/div><!-- .elementskit-card END -->\n\n                \n                <div class=\"elementskit-card \">\n                    <div class=\"elementskit-card-header\" id=\"primaryHeading-2-2276742f\">\n                        <a href=\"#collapse-4f0cca869f1a4c5d4707\" class=\"ekit-accordion--toggler elementskit-btn-link collapsed\" data-ekit-toggle=\"collapse\" data-target=\"#Collapse-4f0cca869f1a4c5d4707\" aria-expanded=\"false\" aria-controls=\"Collapse-4f0cca869f1a4c5d4707\">\n                            \n                            <span class=\"ekit-accordion-title\">Reducci\u00f3n de la carga fiscal y est\u00edmulos al transporte a\u00e9reo en Argentina<\/span>\n\n                            \n                                <div class=\"ekit_accordion_icon_group\">\n                                    <div class=\"ekit_accordion_normal_icon\">\n                                        <!-- Normal Icon -->\n\t\t\t\t\t\t\t\t\t\t<i class=\"icon icon-plus\"><\/i>                                    <\/div>\n\n                                    <div class=\"ekit_accordion_active_icon\">\n                                        <!-- Active Icon -->\n\t\t\t\t\t\t\t\t\t\t<i class=\"icon icon-minus\"><\/i>                                    <\/div>\n                                <\/div>\n\n                            \n                                                    <\/a>\n                    <\/div>\n\n                    <div id=\"Collapse-4f0cca869f1a4c5d4707\" class=\" collapse\" aria-labelledby=\"primaryHeading-2-2276742f\" data-parent=\"#accordion-69f1a4c5d4707\">\n\n                        <div class=\"elementskit-card-body ekit-accordion--content\">\n                            <p>En pleno siglo XXI las oportunidades y obligaciones laborales y comerciales, como as\u00ed tambi\u00e9n la mayor\u00eda de los v\u00ednculos personales han pasado a estar distribuidos en distintas ciudades y pa\u00edses. Por lo tanto, volar ya no es un lujo, sino una necesidad. En este trabajo se propone reducir impuestos y tasas sobre los pasajes a\u00e9reos, a fin de bajar los costos para los usuarios, aumentar la competencia y ampliar las rutas, logrando mejorar la conectividad interna e internacional, procurando alcanzar los niveles y la oferta que presentan pa\u00edses m\u00e1s exitosos en esta materia.<\/p><p><a class=\"btn btn-danger btn-sm\" href=\"https:\/\/nuevasgeneraciones.com.ar\/sitio\/wp-content\/uploads\/documentos3\/_archivo\/2025\/NG-PP415-Reduccion-carga-fiscal-transporte aereo-OCT2025.pdf?2025\" target=\"_blank\" rel=\"noopener\">Descargar<\/a><\/p>                        <\/div>\n\n                    <\/div>\n\n                <\/div><!-- .elementskit-card END -->\n\n                \n                <div class=\"elementskit-card \">\n                    <div class=\"elementskit-card-header\" id=\"primaryHeading-3-2276742f\">\n                        <a href=\"#collapse-c60012869f1a4c5d4707\" class=\"ekit-accordion--toggler elementskit-btn-link collapsed\" data-ekit-toggle=\"collapse\" data-target=\"#Collapse-c60012869f1a4c5d4707\" aria-expanded=\"false\" aria-controls=\"Collapse-c60012869f1a4c5d4707\">\n                            \n                            <span class=\"ekit-accordion-title\">Fortalecimiento del control legislativo en la ejecuci\u00f3n de presupuestos reconducidos<\/span>\n\n                            \n                                <div class=\"ekit_accordion_icon_group\">\n                                    <div class=\"ekit_accordion_normal_icon\">\n                                        <!-- Normal Icon -->\n\t\t\t\t\t\t\t\t\t\t<i class=\"icon icon-plus\"><\/i>                                    <\/div>\n\n                                    <div class=\"ekit_accordion_active_icon\">\n                                        <!-- Active Icon -->\n\t\t\t\t\t\t\t\t\t\t<i class=\"icon icon-minus\"><\/i>                                    <\/div>\n                                <\/div>\n\n                            \n                                                    <\/a>\n                    <\/div>\n\n                    <div id=\"Collapse-c60012869f1a4c5d4707\" class=\" collapse\" aria-labelledby=\"primaryHeading-3-2276742f\" data-parent=\"#accordion-69f1a4c5d4707\">\n\n                        <div class=\"elementskit-card-body ekit-accordion--content\">\n                            <p>La reconducci\u00f3n presupuestaria cr\u00f3nica en Argentina es una patolog\u00eda institucional que anula el control legislativo y concentra en el Ejecutivo un poder fiscal excesivo y discrecional. Esta pol\u00edtica p\u00fablica propone restablecer el equilibrio republicano mediante una reforma legal que establezca un control concurrente y permanente en los casos de reconducci\u00f3n presupuestaria. Dicha reforma exigir\u00e1 rendici\u00f3n de cuentas sistem\u00e1tica y otorgar\u00e1 a los \u00f3rganos parlamentarios facultades de supervisi\u00f3n efectiva y vinculante sobre la ejecuci\u00f3n y reasignaci\u00f3n de partidas. El objetivo es limitar la discrecionalidad ejecutiva y asegurar que la administraci\u00f3n de los fondos p\u00fablicos se mantenga bajo escrutinio democr\u00e1tico constante.<\/p><p><a class=\"btn btn-danger btn-sm\" href=\"https:\/\/nuevasgeneraciones.com.ar\/sitio\/wp-content\/uploads\/documentos3\/_archivo\/2025\/NG-PP414-Fortalecimiento-control-legislativo-ejecucion-presupuestaria-SEP2025.pdf?2025\" target=\"_blank\" rel=\"noopener\">Descargar<\/a><\/p>                        <\/div>\n\n                    <\/div>\n\n                <\/div><!-- .elementskit-card END -->\n\n                \n                <div class=\"elementskit-card \">\n                    <div class=\"elementskit-card-header\" id=\"primaryHeading-4-2276742f\">\n                        <a href=\"#collapse-213922f69f1a4c5d4707\" class=\"ekit-accordion--toggler elementskit-btn-link collapsed\" data-ekit-toggle=\"collapse\" data-target=\"#Collapse-213922f69f1a4c5d4707\" aria-expanded=\"false\" aria-controls=\"Collapse-213922f69f1a4c5d4707\">\n                            \n                            <span class=\"ekit-accordion-title\">Diagn\u00f3stico econ\u00f3mico y productivo de la provincia de Santa Fe<\/span>\n\n                            \n                                <div class=\"ekit_accordion_icon_group\">\n                                    <div class=\"ekit_accordion_normal_icon\">\n                                        <!-- Normal Icon -->\n\t\t\t\t\t\t\t\t\t\t<i class=\"icon icon-plus\"><\/i>                                    <\/div>\n\n                                    <div class=\"ekit_accordion_active_icon\">\n                                        <!-- Active Icon -->\n\t\t\t\t\t\t\t\t\t\t<i class=\"icon icon-minus\"><\/i>                                    <\/div>\n                                <\/div>\n\n                            \n                                                    <\/a>\n                    <\/div>\n\n                    <div id=\"Collapse-213922f69f1a4c5d4707\" class=\" collapse\" aria-labelledby=\"primaryHeading-4-2276742f\" data-parent=\"#accordion-69f1a4c5d4707\">\n\n                        <div class=\"elementskit-card-body ekit-accordion--content\">\n                            <p>El presente trabajo realiza un diagn\u00f3stico econ\u00f3mico y productivo de la provincia de Santa Fe, que luego permitir\u00e1 desarrollar un plan productivo integral para la segunda econom\u00eda m\u00e1s importante de Argentina. Se analiza aqu\u00ed su producto bruto geogr\u00e1fico (PBG), su incidencia en la econom\u00eda a nivel nacional, las distintas actividades productivas que componen la provincia, como as\u00ed tambi\u00e9n, los diferentes pa\u00edses del mundo a los que se destinan sus productos. Asimismo, se estudia la necesidad de implementar pol\u00edticas p\u00fablicas que permitan optimizar los recursos de los distintos sectores productivos, potenciando tanto la econom\u00eda provincial como la nacional.<\/p><p><a class=\"btn btn-danger btn-sm\" href=\"https:\/\/nuevasgeneraciones.com.ar\/sitio\/wp-content\/uploads\/documentos3\/_archivo\/2022\/NG-PP357-Diagnostico-economico-y-productivo-de-SantaFe-ENE2022.pdf?2022\" target=\"_blank\" rel=\"noopener\">Descargar<\/a><\/p>                        <\/div>\n\n                    <\/div>\n\n                <\/div><!-- .elementskit-card END -->\n\n                \n                <div class=\"elementskit-card \">\n                    <div class=\"elementskit-card-header\" id=\"primaryHeading-5-2276742f\">\n                        <a href=\"#collapse-b0efae869f1a4c5d4707\" class=\"ekit-accordion--toggler elementskit-btn-link collapsed\" data-ekit-toggle=\"collapse\" data-target=\"#Collapse-b0efae869f1a4c5d4707\" aria-expanded=\"false\" aria-controls=\"Collapse-b0efae869f1a4c5d4707\">\n                            \n                            <span class=\"ekit-accordion-title\">Sostenibilidad de los Sistemas de la Seguridad Social<\/span>\n\n                            \n                                <div class=\"ekit_accordion_icon_group\">\n                                    <div class=\"ekit_accordion_normal_icon\">\n                                        <!-- Normal Icon -->\n\t\t\t\t\t\t\t\t\t\t<i class=\"icon icon-plus\"><\/i>                                    <\/div>\n\n                                    <div class=\"ekit_accordion_active_icon\">\n                                        <!-- Active Icon -->\n\t\t\t\t\t\t\t\t\t\t<i class=\"icon icon-minus\"><\/i>                                    <\/div>\n                                <\/div>\n\n                            \n                                                    <\/a>\n                    <\/div>\n\n                    <div id=\"Collapse-b0efae869f1a4c5d4707\" class=\" collapse\" aria-labelledby=\"primaryHeading-5-2276742f\" data-parent=\"#accordion-69f1a4c5d4707\">\n\n                        <div class=\"elementskit-card-body ekit-accordion--content\">\n                            <p>El presente trabajo tiene como objeto abordar la problem\u00e1tica de la sostenibilidad de la seguridad social en nuestro pa\u00eds. Para ello, se han sintetizado en \u00e9l los aspectos m\u00e1s importantes de la seguridad social y de su sustentabilidad. Asimismo, se realiza una breve descripci\u00f3n de los factores que afectan dicha sustentabilidad. Finalmente se describen, a modo de ejemplo, las caracter\u00edsticas de los sistemas de seguridad social de otros pa\u00edses del continente.<\/p><p><a class=\"btn btn-danger btn-sm\" href=\"https:\/\/www.nuevasgeneraciones.com.ar\/sitio\/wp-content\/uploads\/documentos3\/_archivo\/08\/08_Sostenibilidad_seguridad_social.pdf\" target=\"_blank\" rel=\"noopener\">Descargar<\/a><\/p>                        <\/div>\n\n                    <\/div>\n\n                <\/div><!-- .elementskit-card END -->\n\n                \n                <div class=\"elementskit-card \">\n                    <div class=\"elementskit-card-header\" id=\"primaryHeading-6-2276742f\">\n                        <a href=\"#collapse-914614f69f1a4c5d4707\" class=\"ekit-accordion--toggler elementskit-btn-link collapsed\" data-ekit-toggle=\"collapse\" data-target=\"#Collapse-914614f69f1a4c5d4707\" aria-expanded=\"false\" aria-controls=\"Collapse-914614f69f1a4c5d4707\">\n                            \n                            <span class=\"ekit-accordion-title\">Adhesi\u00f3n de Entre R\u00edos a la ley nacional 27.440 de financiamiento productivo<\/span>\n\n                            \n                                <div class=\"ekit_accordion_icon_group\">\n                                    <div class=\"ekit_accordion_normal_icon\">\n                                        <!-- Normal Icon -->\n\t\t\t\t\t\t\t\t\t\t<i class=\"icon icon-plus\"><\/i>                                    <\/div>\n\n                                    <div class=\"ekit_accordion_active_icon\">\n                                        <!-- Active Icon -->\n\t\t\t\t\t\t\t\t\t\t<i class=\"icon icon-minus\"><\/i>                                    <\/div>\n                                <\/div>\n\n                            \n                                                    <\/a>\n                    <\/div>\n\n                    <div id=\"Collapse-914614f69f1a4c5d4707\" class=\" collapse\" aria-labelledby=\"primaryHeading-6-2276742f\" data-parent=\"#accordion-69f1a4c5d4707\">\n\n                        <div class=\"elementskit-card-body ekit-accordion--content\">\n                            <p>La sanci\u00f3n de la ley 27.440, com\u00fanmente conocida como la \u201cLey de Financiamiento Productivo\u201d, introdujo una serie de modificaciones en la ley 26.831 de \u201cMercado de Capitales\u201d. Los principales cambios introducidos benefician a las peque\u00f1as y medianas empresas (PyMEs) ya que promueve su capitalizaci\u00f3n y les quita presi\u00f3n fiscal. M\u00e1s all\u00e1 de las ventajas que esta ley incorpora su potencialidad se reduce en la medida en que las provincias no recepten sus postulados en la parte que a ellas les compete. Por tal motivo, en el presente trabajo se propone la adhesi\u00f3n de la provincia de Entre R\u00edos a dicha ley.<\/p><p><a class=\"btn btn-danger btn-sm\" href=\"https:\/\/www.nuevasgeneraciones.com.ar\/sitio\/wp-content\/uploads\/documentos3\/_archivo\/08\/08_Adhesion_ley%2027440_ERR.pdf\" target=\"_blank\" rel=\"noopener\">Descargar<\/a><\/p>                        <\/div>\n\n                    <\/div>\n\n                <\/div><!-- .elementskit-card END -->\n\n                \n                <div class=\"elementskit-card \">\n                    <div class=\"elementskit-card-header\" id=\"primaryHeading-7-2276742f\">\n                        <a href=\"#collapse-b9dc49d69f1a4c5d4707\" class=\"ekit-accordion--toggler elementskit-btn-link collapsed\" data-ekit-toggle=\"collapse\" data-target=\"#Collapse-b9dc49d69f1a4c5d4707\" aria-expanded=\"false\" aria-controls=\"Collapse-b9dc49d69f1a4c5d4707\">\n                            \n                            <span class=\"ekit-accordion-title\">Incentivos para emprendedores<\/span>\n\n                            \n                                <div class=\"ekit_accordion_icon_group\">\n                                    <div class=\"ekit_accordion_normal_icon\">\n                                        <!-- Normal Icon -->\n\t\t\t\t\t\t\t\t\t\t<i class=\"icon icon-plus\"><\/i>                                    <\/div>\n\n                                    <div class=\"ekit_accordion_active_icon\">\n                                        <!-- Active Icon -->\n\t\t\t\t\t\t\t\t\t\t<i class=\"icon icon-minus\"><\/i>                                    <\/div>\n                                <\/div>\n\n                            \n                                                    <\/a>\n                    <\/div>\n\n                    <div id=\"Collapse-b9dc49d69f1a4c5d4707\" class=\" collapse\" aria-labelledby=\"primaryHeading-7-2276742f\" data-parent=\"#accordion-69f1a4c5d4707\">\n\n                        <div class=\"elementskit-card-body ekit-accordion--content\">\n                            <p>El sector emprendedor y las peque\u00f1as y medianas empresas (PyMES) son de suma importancia para la econom\u00eda argentina. Por un lado, las PyMES argentinas emplean m\u00e1s del 70 por ciento de la mano de obra nacional y son un actor crucial para el desarrollo de las provincias y las econom\u00edas regionales. Por otro lado, los emprendedores argentinos se destacan por su ingenio y capacidad de innovar obteniendo resultados exitosos en condiciones que no suelen ser las ideales. En base a ello, en el presente trabajo se identificaran herramientas que se puedan utilizar a nivel local para que tanto PyMES como emprendedores desarrollen su m\u00e1ximo potencial.<\/p><p><a class=\"btn btn-danger btn-sm\" href=\"https:\/\/www.nuevasgeneraciones.com.ar\/sitio\/wp-content\/uploads\/documentos3\/_archivo\/08\/08_Incentivo_emprendedores.pdf\" target=\"_blank\" rel=\"noopener\">Descargar<\/a><\/p>                        <\/div>\n\n                    <\/div>\n\n                <\/div><!-- .elementskit-card END -->\n\n                \n                <div class=\"elementskit-card \">\n                    <div class=\"elementskit-card-header\" id=\"primaryHeading-8-2276742f\">\n                        <a href=\"#collapse-497dd0c69f1a4c5d4707\" class=\"ekit-accordion--toggler elementskit-btn-link collapsed\" data-ekit-toggle=\"collapse\" data-target=\"#Collapse-497dd0c69f1a4c5d4707\" aria-expanded=\"false\" aria-controls=\"Collapse-497dd0c69f1a4c5d4707\">\n                            \n                            <span class=\"ekit-accordion-title\">Informe de acuerdos del Poder Ejecutivo Nacional con sectores productivos relevantes de la econom\u00eda argentina<\/span>\n\n                            \n                                <div class=\"ekit_accordion_icon_group\">\n                                    <div class=\"ekit_accordion_normal_icon\">\n                                        <!-- Normal Icon -->\n\t\t\t\t\t\t\t\t\t\t<i class=\"icon icon-plus\"><\/i>                                    <\/div>\n\n                                    <div class=\"ekit_accordion_active_icon\">\n                                        <!-- Active Icon -->\n\t\t\t\t\t\t\t\t\t\t<i class=\"icon icon-minus\"><\/i>                                    <\/div>\n                                <\/div>\n\n                            \n                                                    <\/a>\n                    <\/div>\n\n                    <div id=\"Collapse-497dd0c69f1a4c5d4707\" class=\" collapse\" aria-labelledby=\"primaryHeading-8-2276742f\" data-parent=\"#accordion-69f1a4c5d4707\">\n\n                        <div class=\"elementskit-card-body ekit-accordion--content\">\n                            <p>En los \u00faltimos meses, el gobierno nacional ha logrado impulsar acuerdos con diferentes sectores para alcanzar el m\u00e1s relevante de los objetivos planteados durante la campa\u00f1a electoral: \u201cPobreza cero\u201d. Si bien se trata de una meta a largo plazo, la atracci\u00f3n de inversiones extranjeras y la creaci\u00f3n de puestos de trabajo, especialmente en el \u00e1mbito privado, resulta esencial para garantizar un nivel de vida digno. En el presente informe se detallan someramente los acuerdos consensuados entre el gobierno nacional y las provincias con los referentes empresarios y sindicales de determinados sectores productivos. Dichos acuerdos son cruciales para reducir los niveles de pobreza y desempleo actuales.<\/p><p><a class=\"btn btn-danger btn-sm\" href=\"https:\/\/www.nuevasgeneraciones.com.ar\/sitio\/wp-content\/uploads\/documentos3\/_archivo\/08\/08_acuerdos_sectoriales.pdf\" target=\"_blank\" rel=\"noopener\">Descargar<\/a><\/p>                        <\/div>\n\n                    <\/div>\n\n                <\/div><!-- .elementskit-card END -->\n\n                \n                <div class=\"elementskit-card \">\n                    <div class=\"elementskit-card-header\" id=\"primaryHeading-9-2276742f\">\n                        <a href=\"#collapse-19bff1d69f1a4c5d4707\" class=\"ekit-accordion--toggler elementskit-btn-link collapsed\" data-ekit-toggle=\"collapse\" data-target=\"#Collapse-19bff1d69f1a4c5d4707\" aria-expanded=\"false\" aria-controls=\"Collapse-19bff1d69f1a4c5d4707\">\n                            \n                            <span class=\"ekit-accordion-title\">Propuesta para la creaci\u00f3n de un Concejo Federal de Econom\u00edas Regionales.<\/span>\n\n                            \n                                <div class=\"ekit_accordion_icon_group\">\n                                    <div class=\"ekit_accordion_normal_icon\">\n                                        <!-- Normal Icon -->\n\t\t\t\t\t\t\t\t\t\t<i class=\"icon icon-plus\"><\/i>                                    <\/div>\n\n                                    <div class=\"ekit_accordion_active_icon\">\n                                        <!-- Active Icon -->\n\t\t\t\t\t\t\t\t\t\t<i class=\"icon icon-minus\"><\/i>                                    <\/div>\n                                <\/div>\n\n                            \n                                                    <\/a>\n                    <\/div>\n\n                    <div id=\"Collapse-19bff1d69f1a4c5d4707\" class=\" collapse\" aria-labelledby=\"primaryHeading-9-2276742f\" data-parent=\"#accordion-69f1a4c5d4707\">\n\n                        <div class=\"elementskit-card-body ekit-accordion--content\">\n                            <p>Las econom\u00edas regionales de nuestro pa\u00eds se encuentran desde hace tiempo atravesando una situaci\u00f3n l\u00edmite. Dicha situaci\u00f3n encuentra parte de sus problemas en la escasez de recursos, la falta de acceso al cr\u00e9dito y a las dificultades que tiene el gobierno federal para brindar el apoyo necesario. A fin de solucionar parte de dichas falencias, en el presente trabajo se propone la creaci\u00f3n de un concejo federal cuyo objetivo sea el de potenciar la competitividad de las econom\u00edas regionales.<\/p><p><a class=\"btn btn-danger btn-sm\" href=\"https:\/\/www.nuevasgeneraciones.com.ar\/sitio\/wp-content\/uploads\/documentos3\/_archivo\/08\/08_concejo_federal_economias_regionales.pdf\" target=\"_blank\" rel=\"noopener\">Descargar<\/a><\/p>                        <\/div>\n\n                    <\/div>\n\n                <\/div><!-- .elementskit-card END -->\n\n                \n                <div class=\"elementskit-card \">\n                    <div class=\"elementskit-card-header\" id=\"primaryHeading-10-2276742f\">\n                        <a href=\"#collapse-a6af23e69f1a4c5d4707\" class=\"ekit-accordion--toggler elementskit-btn-link collapsed\" data-ekit-toggle=\"collapse\" data-target=\"#Collapse-a6af23e69f1a4c5d4707\" aria-expanded=\"false\" aria-controls=\"Collapse-a6af23e69f1a4c5d4707\">\n                            \n                            <span class=\"ekit-accordion-title\">Propuesta de reglas macro fiscales para la Administraci\u00f3n Publica de la Provincia de Buenos Aires<\/span>\n\n                            \n                                <div class=\"ekit_accordion_icon_group\">\n                                    <div class=\"ekit_accordion_normal_icon\">\n                                        <!-- Normal Icon -->\n\t\t\t\t\t\t\t\t\t\t<i class=\"icon icon-plus\"><\/i>                                    <\/div>\n\n                                    <div class=\"ekit_accordion_active_icon\">\n                                        <!-- Active Icon -->\n\t\t\t\t\t\t\t\t\t\t<i class=\"icon icon-minus\"><\/i>                                    <\/div>\n                                <\/div>\n\n                            \n                                                    <\/a>\n                    <\/div>\n\n                    <div id=\"Collapse-a6af23e69f1a4c5d4707\" class=\" collapse\" aria-labelledby=\"primaryHeading-10-2276742f\" data-parent=\"#accordion-69f1a4c5d4707\">\n\n                        <div class=\"elementskit-card-body ekit-accordion--content\">\n                            <p>En el presente trabajo se muestra la necesidad que tiene el sector p\u00fablico de la Provincia de Buenos Aires de adoptar un conjunto de reglas macrofiscales. Dichas reglas son esenciales para mejorar la situaci\u00f3n de las cuentas fiscales de la provincia. Mediante ellas se imponen l\u00edmites precisos sobre el gasto p\u00fablico, la presi\u00f3n tributaria y el nivel de endeudamiento. Adem\u00e1s establece la conformaci\u00f3n de un fondo de emergencia con los recursos tributarios excedentes y la aplicaci\u00f3n de sanciones a las autoridades provinciales de las \u00e1reas de econom\u00eda y finanzas en caso de no cumplir con las normas fiscales mencionadas.<\/p><p><a class=\"btn btn-danger btn-sm\" href=\"https:\/\/www.nuevasgeneraciones.com.ar\/sitio\/wp-content\/uploads\/documentos3\/_archivo\/08\/08reglas_fiscales_BA.pdf\" target=\"_blank\" rel=\"noopener\">Descargar<\/a><\/p>                        <\/div>\n\n                    <\/div>\n\n                <\/div><!-- .elementskit-card END -->\n\n                \n                <div class=\"elementskit-card \">\n                    <div class=\"elementskit-card-header\" id=\"primaryHeading-11-2276742f\">\n                        <a href=\"#collapse-a24274369f1a4c5d4707\" class=\"ekit-accordion--toggler elementskit-btn-link collapsed\" data-ekit-toggle=\"collapse\" data-target=\"#Collapse-a24274369f1a4c5d4707\" aria-expanded=\"false\" aria-controls=\"Collapse-a24274369f1a4c5d4707\">\n                            \n                            <span class=\"ekit-accordion-title\"> Aspectos centrales de la econom\u00eda de la provincia de Entre R\u00edos<\/span>\n\n                            \n                                <div class=\"ekit_accordion_icon_group\">\n                                    <div class=\"ekit_accordion_normal_icon\">\n                                        <!-- Normal Icon -->\n\t\t\t\t\t\t\t\t\t\t<i class=\"icon icon-plus\"><\/i>                                    <\/div>\n\n                                    <div class=\"ekit_accordion_active_icon\">\n                                        <!-- Active Icon -->\n\t\t\t\t\t\t\t\t\t\t<i class=\"icon icon-minus\"><\/i>                                    <\/div>\n                                <\/div>\n\n                            \n                                                    <\/a>\n                    <\/div>\n\n                    <div id=\"Collapse-a24274369f1a4c5d4707\" class=\" collapse\" aria-labelledby=\"primaryHeading-11-2276742f\" data-parent=\"#accordion-69f1a4c5d4707\">\n\n                        <div class=\"elementskit-card-body ekit-accordion--content\">\n                            <p><br \/>En el presente trabajo se realiza una descripci\u00f3n de la econom\u00eda de la provincia de Entre R\u00edos, poniendo \u00e9nfasis en aquellos aspectos m\u00e1s salientes como la evoluci\u00f3n del Producto Bruto Geogr\u00e1fico local, las exportaciones, el mercado laboral y sus principales actividades productivas. Adem\u00e1s, se analizan las cadenas productivas m\u00e1s importantes de la provincia, bajo un enfoque FODA, sugiriendo las principales acciones a seguir para constituir una mejora en los niveles de competitividad en aquellas.<\/p><p><a class=\"btn btn-danger btn-sm\" href=\"https:\/\/www.nuevasgeneraciones.com.ar\/sitio\/wp-content\/uploads\/documentos3\/_archivo\/08\/08Principales_aspectos_economicos_productivos_entrerios.pdf\" target=\"_blank\" rel=\"noopener\">Descargar<\/a><\/p>                        <\/div>\n\n                    <\/div>\n\n                <\/div><!-- .elementskit-card END -->\n\n                \n                <div class=\"elementskit-card \">\n                    <div class=\"elementskit-card-header\" id=\"primaryHeading-12-2276742f\">\n                        <a href=\"#collapse-142c6a269f1a4c5d4707\" class=\"ekit-accordion--toggler elementskit-btn-link collapsed\" data-ekit-toggle=\"collapse\" data-target=\"#Collapse-142c6a269f1a4c5d4707\" aria-expanded=\"false\" aria-controls=\"Collapse-142c6a269f1a4c5d4707\">\n                            \n                            <span class=\"ekit-accordion-title\">Aspectos centrales de la econom\u00eda de la provincia de Santa Fe<\/span>\n\n                            \n                                <div class=\"ekit_accordion_icon_group\">\n                                    <div class=\"ekit_accordion_normal_icon\">\n                                        <!-- Normal Icon -->\n\t\t\t\t\t\t\t\t\t\t<i class=\"icon icon-plus\"><\/i>                                    <\/div>\n\n                                    <div class=\"ekit_accordion_active_icon\">\n                                        <!-- Active Icon -->\n\t\t\t\t\t\t\t\t\t\t<i class=\"icon icon-minus\"><\/i>                                    <\/div>\n                                <\/div>\n\n                            \n                                                    <\/a>\n                    <\/div>\n\n                    <div id=\"Collapse-142c6a269f1a4c5d4707\" class=\" collapse\" aria-labelledby=\"primaryHeading-12-2276742f\" data-parent=\"#accordion-69f1a4c5d4707\">\n\n                        <div class=\"elementskit-card-body ekit-accordion--content\">\n                            <p>En el presente trabajo se realiza una descripci\u00f3n de la econom\u00eda de la provincia de Santa Fe, poniendo \u00e9nfasis en aquellos aspectos m\u00e1s salientes como la evoluci\u00f3n del Producto Bruto Geogr\u00e1fico local, las exportaciones, el mercado laboral y sus principales actividades productivas. Adem\u00e1s, se analizan las cadenas productivas m\u00e1s importantes de la provincia, bajo un enfoque FODA, sugiriendo las principales acciones a seguir para constituir una mejora en los niveles de competitividad en aquellas.<\/p><p><a class=\"btn btn-danger btn-sm\" href=\"https:\/\/www.nuevasgeneraciones.com.ar\/sitio\/wp-content\/uploads\/documentos3\/_archivo\/08\/relevamiento_aspectos_economia_SantaFe.pdf\" target=\"_blank\" rel=\"noopener\">Descargar<\/a><\/p>                        <\/div>\n\n                    <\/div>\n\n                <\/div><!-- .elementskit-card END -->\n\n                \n                <div class=\"elementskit-card \">\n                    <div class=\"elementskit-card-header\" id=\"primaryHeading-13-2276742f\">\n                        <a href=\"#collapse-a70584269f1a4c5d4707\" class=\"ekit-accordion--toggler elementskit-btn-link collapsed\" data-ekit-toggle=\"collapse\" data-target=\"#Collapse-a70584269f1a4c5d4707\" aria-expanded=\"false\" aria-controls=\"Collapse-a70584269f1a4c5d4707\">\n                            \n                            <span class=\"ekit-accordion-title\"> Aspectos centrales de la econom\u00eda de la provincia de San Juan<\/span>\n\n                            \n                                <div class=\"ekit_accordion_icon_group\">\n                                    <div class=\"ekit_accordion_normal_icon\">\n                                        <!-- Normal Icon -->\n\t\t\t\t\t\t\t\t\t\t<i class=\"icon icon-plus\"><\/i>                                    <\/div>\n\n                                    <div class=\"ekit_accordion_active_icon\">\n                                        <!-- Active Icon -->\n\t\t\t\t\t\t\t\t\t\t<i class=\"icon icon-minus\"><\/i>                                    <\/div>\n                                <\/div>\n\n                            \n                                                    <\/a>\n                    <\/div>\n\n                    <div id=\"Collapse-a70584269f1a4c5d4707\" class=\" collapse\" aria-labelledby=\"primaryHeading-13-2276742f\" data-parent=\"#accordion-69f1a4c5d4707\">\n\n                        <div class=\"elementskit-card-body ekit-accordion--content\">\n                            <p>En el presente trabajo se realiza una descripci\u00f3n de la econom\u00eda de la provincia de San Juan, poniendo \u00e9nfasis en aquellos aspectos m\u00e1s salientes como la evoluci\u00f3n del Producto Bruto Geogr\u00e1fico local, las exportaciones, el mercado laboral y sus principales actividades productivas. Adem\u00e1s, se analizan las cadenas productivas m\u00e1s importantes de la provincia, bajo un enfoque FODA, sugiriendo las principales acciones a seguir para constituir una mejora en los niveles de competitividad en aquellas.<\/p><p><a class=\"btn btn-danger btn-sm\" href=\"https:\/\/www.nuevasgeneraciones.com.ar\/sitio\/wp-content\/uploads\/documentos3\/_archivo\/08\/052014_08_relevamiento_economia_SanJuan2.pdf\" target=\"_blank\" rel=\"noopener\">Descargar<\/a><\/p>                        <\/div>\n\n                    <\/div>\n\n                <\/div><!-- .elementskit-card END -->\n\n                \n                <div class=\"elementskit-card \">\n                    <div class=\"elementskit-card-header\" id=\"primaryHeading-14-2276742f\">\n                        <a href=\"#collapse-b6c416069f1a4c5d4707\" class=\"ekit-accordion--toggler elementskit-btn-link collapsed\" data-ekit-toggle=\"collapse\" data-target=\"#Collapse-b6c416069f1a4c5d4707\" aria-expanded=\"false\" aria-controls=\"Collapse-b6c416069f1a4c5d4707\">\n                            \n                            <span class=\"ekit-accordion-title\">Beneficios tributarios para j\u00f3venes emprendedores<\/span>\n\n                            \n                                <div class=\"ekit_accordion_icon_group\">\n                                    <div class=\"ekit_accordion_normal_icon\">\n                                        <!-- Normal Icon -->\n\t\t\t\t\t\t\t\t\t\t<i class=\"icon icon-plus\"><\/i>                                    <\/div>\n\n                                    <div class=\"ekit_accordion_active_icon\">\n                                        <!-- Active Icon -->\n\t\t\t\t\t\t\t\t\t\t<i class=\"icon icon-minus\"><\/i>                                    <\/div>\n                                <\/div>\n\n                            \n                                                    <\/a>\n                    <\/div>\n\n                    <div id=\"Collapse-b6c416069f1a4c5d4707\" class=\" collapse\" aria-labelledby=\"primaryHeading-14-2276742f\" data-parent=\"#accordion-69f1a4c5d4707\">\n\n                        <div class=\"elementskit-card-body ekit-accordion--content\">\n                            <p>En el presente trabajo se propone el otorgamiento de un beneficio fiscal a j\u00f3venes emprendedores consistente en la creaci\u00f3n de un R\u00e9gimen tributario especial. Dicho beneficio tiene como objetivo ayudar al joven emprendedor durante la etapa inicial de la hasta los primeros 24 meses de operatoria.<\/p><p><a class=\"btn btn-danger btn-sm\" href=\"https:\/\/www.nuevasgeneraciones.com.ar\/sitio\/wp-content\/uploads\/documentos3\/_archivo\/08\/201403_beneficios_para_jovenes_emprendedores.pdf\" target=\"_blank\" rel=\"noopener\">Descargar<\/a><\/p>                        <\/div>\n\n                    <\/div>\n\n                <\/div><!-- .elementskit-card END -->\n\n                \n                <div class=\"elementskit-card \">\n                    <div class=\"elementskit-card-header\" id=\"primaryHeading-15-2276742f\">\n                        <a href=\"#collapse-7b8733469f1a4c5d4707\" class=\"ekit-accordion--toggler elementskit-btn-link collapsed\" data-ekit-toggle=\"collapse\" data-target=\"#Collapse-7b8733469f1a4c5d4707\" aria-expanded=\"false\" aria-controls=\"Collapse-7b8733469f1a4c5d4707\">\n                            \n                            <span class=\"ekit-accordion-title\">Reforma a la Carta Org\u00e1nica del Banco Central de la Rep\u00fablica Argentina<\/span>\n\n                            \n                                <div class=\"ekit_accordion_icon_group\">\n                                    <div class=\"ekit_accordion_normal_icon\">\n                                        <!-- Normal Icon -->\n\t\t\t\t\t\t\t\t\t\t<i class=\"icon icon-plus\"><\/i>                                    <\/div>\n\n                                    <div class=\"ekit_accordion_active_icon\">\n                                        <!-- Active Icon -->\n\t\t\t\t\t\t\t\t\t\t<i class=\"icon icon-minus\"><\/i>                                    <\/div>\n                                <\/div>\n\n                            \n                                                    <\/a>\n                    <\/div>\n\n                    <div id=\"Collapse-7b8733469f1a4c5d4707\" class=\" collapse\" aria-labelledby=\"primaryHeading-15-2276742f\" data-parent=\"#accordion-69f1a4c5d4707\">\n\n                        <div class=\"elementskit-card-body ekit-accordion--content\">\n                            <p>El presente informe propone limitar el financiamiento que el Banco Central de la Rep\u00fablica Argentina realiza mediante la emisi\u00f3n monetaria. De esta manera, se plantea la necesidad de eliminar, en un plazo no mayor a cuatro a\u00f1os, este tipo de financiamiento monetario a fin de disminuir significativamente la inflaci\u00f3n.<\/p><p><a class=\"btn btn-danger btn-sm\" href=\"https:\/\/www.nuevasgeneraciones.com.ar\/sitio\/wp-content\/uploads\/documentos3\/_archivo\/08\/201312_Reforma%20Carta%20Organica%20BCRA.pdf\" target=\"_blank\" rel=\"noopener\">Descargar<\/a><\/p>                        <\/div>\n\n                    <\/div>\n\n                <\/div><!-- .elementskit-card END -->\n\n                \n                <div class=\"elementskit-card \">\n                    <div class=\"elementskit-card-header\" id=\"primaryHeading-16-2276742f\">\n                        <a href=\"#collapse-7484fc769f1a4c5d4707\" class=\"ekit-accordion--toggler elementskit-btn-link collapsed\" data-ekit-toggle=\"collapse\" data-target=\"#Collapse-7484fc769f1a4c5d4707\" aria-expanded=\"false\" aria-controls=\"Collapse-7484fc769f1a4c5d4707\">\n                            \n                            <span class=\"ekit-accordion-title\">Impuesto a la Renta financiera<\/span>\n\n                            \n                                <div class=\"ekit_accordion_icon_group\">\n                                    <div class=\"ekit_accordion_normal_icon\">\n                                        <!-- Normal Icon -->\n\t\t\t\t\t\t\t\t\t\t<i class=\"icon icon-plus\"><\/i>                                    <\/div>\n\n                                    <div class=\"ekit_accordion_active_icon\">\n                                        <!-- Active Icon -->\n\t\t\t\t\t\t\t\t\t\t<i class=\"icon icon-minus\"><\/i>                                    <\/div>\n                                <\/div>\n\n                            \n                                                    <\/a>\n                    <\/div>\n\n                    <div id=\"Collapse-7484fc769f1a4c5d4707\" class=\" collapse\" aria-labelledby=\"primaryHeading-16-2276742f\" data-parent=\"#accordion-69f1a4c5d4707\">\n\n                        <div class=\"elementskit-card-body ekit-accordion--content\">\n                            <p>El presente trabajo describe la situaci\u00f3n actual respecto de la imposici\u00f3n tributaria a los activos financieros m\u00e1s utilizados por la poblaci\u00f3n residente en Argentina. Asimismo se realiza un an\u00e1lisis de las implicancias econ\u00f3micas que generar\u00eda la creaci\u00f3n de un nuevo tributo a la renta financiera y se efect\u00faa una breve propuesta para ser considerada en un posible debate legislativo a nivel nacional. Publicado en septiembre de 2013.<\/p><p><a class=\"btn btn-danger btn-sm\" href=\"https:\/\/www.nuevasgeneraciones.com.ar\/sitio\/wp-content\/uploads\/documentos3\/_archivo\/08\/2013082Impuesto%20a%20la%20Renta%20financiera.pdf\" target=\"_blank\" rel=\"noopener\">Descargar<\/a><\/p>                        <\/div>\n\n                    <\/div>\n\n                <\/div><!-- .elementskit-card END -->\n\n                \n                <div class=\"elementskit-card \">\n                    <div class=\"elementskit-card-header\" id=\"primaryHeading-17-2276742f\">\n                        <a href=\"#collapse-58a97aa69f1a4c5d4707\" class=\"ekit-accordion--toggler elementskit-btn-link collapsed\" data-ekit-toggle=\"collapse\" data-target=\"#Collapse-58a97aa69f1a4c5d4707\" aria-expanded=\"false\" aria-controls=\"Collapse-58a97aa69f1a4c5d4707\">\n                            \n                            <span class=\"ekit-accordion-title\">Banca de inversi\u00f3n en Argentina<\/span>\n\n                            \n                                <div class=\"ekit_accordion_icon_group\">\n                                    <div class=\"ekit_accordion_normal_icon\">\n                                        <!-- Normal Icon -->\n\t\t\t\t\t\t\t\t\t\t<i class=\"icon icon-plus\"><\/i>                                    <\/div>\n\n                                    <div class=\"ekit_accordion_active_icon\">\n                                        <!-- Active Icon -->\n\t\t\t\t\t\t\t\t\t\t<i class=\"icon icon-minus\"><\/i>                                    <\/div>\n                                <\/div>\n\n                            \n                                                    <\/a>\n                    <\/div>\n\n                    <div id=\"Collapse-58a97aa69f1a4c5d4707\" class=\" collapse\" aria-labelledby=\"primaryHeading-17-2276742f\" data-parent=\"#accordion-69f1a4c5d4707\">\n\n                        <div class=\"elementskit-card-body ekit-accordion--content\">\n                            <p>El presente trabajo propone modificar el concepto y la regulaci\u00f3n del banco de inversi\u00f3n hoy vigente en la ley de entidades financieras argentina, para adecuarlo a la definici\u00f3n internacional, y hacerlo m\u00e1s eficiente en la canalizaci\u00f3n de inversiones en el pa\u00eds. Publicado en septiembre de 2013.<\/p><p><a class=\"btn btn-danger btn-sm\" href=\"https:\/\/www.nuevasgeneraciones.com.ar\/sitio\/wp-content\/uploads\/documentos3\/_archivo\/08\/08_banca_inversion_argentina.pdf\" target=\"_blank\" rel=\"noopener\">Descargar<\/a><\/p>                        <\/div>\n\n                    <\/div>\n\n                <\/div><!-- .elementskit-card END -->\n\n                \n                <div class=\"elementskit-card \">\n                    <div class=\"elementskit-card-header\" id=\"primaryHeading-18-2276742f\">\n                        <a href=\"#collapse-d55839f69f1a4c5d4707\" class=\"ekit-accordion--toggler elementskit-btn-link collapsed\" data-ekit-toggle=\"collapse\" data-target=\"#Collapse-d55839f69f1a4c5d4707\" aria-expanded=\"false\" aria-controls=\"Collapse-d55839f69f1a4c5d4707\">\n                            \n                            <span class=\"ekit-accordion-title\">R\u00e9gimen de capitalizaci\u00f3n de las PyME<\/span>\n\n                            \n                                <div class=\"ekit_accordion_icon_group\">\n                                    <div class=\"ekit_accordion_normal_icon\">\n                                        <!-- Normal Icon -->\n\t\t\t\t\t\t\t\t\t\t<i class=\"icon icon-plus\"><\/i>                                    <\/div>\n\n                                    <div class=\"ekit_accordion_active_icon\">\n                                        <!-- Active Icon -->\n\t\t\t\t\t\t\t\t\t\t<i class=\"icon icon-minus\"><\/i>                                    <\/div>\n                                <\/div>\n\n                            \n                                                    <\/a>\n                    <\/div>\n\n                    <div id=\"Collapse-d55839f69f1a4c5d4707\" class=\" collapse\" aria-labelledby=\"primaryHeading-18-2276742f\" data-parent=\"#accordion-69f1a4c5d4707\">\n\n                        <div class=\"elementskit-card-body ekit-accordion--content\">\n                            <p>La presente propuesta tiene como objetivo facilitar el financiamiento de las peque\u00f1as y medianas empresas mediante la desgravaci\u00f3n de las utilidades que sean reinvertidas en ellas. Esta propuesta toma como base dos proyectos de ley que no tuvieron debate parlamentario y recoge las normativas italiana y chilena que se aplican a la desgravaci\u00f3n de utilidades reinvertidas o de inversiones en general.<\/p><p><a class=\"btn btn-danger btn-sm\" href=\"https:\/\/www.nuevasgeneraciones.com.ar\/sitio\/wp-content\/uploads\/documentos3\/_archivo\/08\/08_regimen_capitalizacion.pdf\" target=\"_blank\" rel=\"noopener\">Descargar<\/a><\/p>                        <\/div>\n\n                    <\/div>\n\n                <\/div><!-- .elementskit-card END -->\n\n                \n                <div class=\"elementskit-card \">\n                    <div class=\"elementskit-card-header\" id=\"primaryHeading-19-2276742f\">\n                        <a href=\"#collapse-418d3d969f1a4c5d4707\" class=\"ekit-accordion--toggler elementskit-btn-link collapsed\" data-ekit-toggle=\"collapse\" data-target=\"#Collapse-418d3d969f1a4c5d4707\" aria-expanded=\"false\" aria-controls=\"Collapse-418d3d969f1a4c5d4707\">\n                            \n                            <span class=\"ekit-accordion-title\">Monotributo para microempresas<\/span>\n\n                            \n                                <div class=\"ekit_accordion_icon_group\">\n                                    <div class=\"ekit_accordion_normal_icon\">\n                                        <!-- Normal Icon -->\n\t\t\t\t\t\t\t\t\t\t<i class=\"icon icon-plus\"><\/i>                                    <\/div>\n\n                                    <div class=\"ekit_accordion_active_icon\">\n                                        <!-- Active Icon -->\n\t\t\t\t\t\t\t\t\t\t<i class=\"icon icon-minus\"><\/i>                                    <\/div>\n                                <\/div>\n\n                            \n                                                    <\/a>\n                    <\/div>\n\n                    <div id=\"Collapse-418d3d969f1a4c5d4707\" class=\" collapse\" aria-labelledby=\"primaryHeading-19-2276742f\" data-parent=\"#accordion-69f1a4c5d4707\">\n\n                        <div class=\"elementskit-card-body ekit-accordion--content\">\n                            <p>La propuesta legislativa que se presenta est\u00e1 orientada a simplificar y reducir los costos administrativos y tributarios en el pago de impuestos. A lo largo de la \u00faltima d\u00e9cada la carga tributaria que soportan tanto los individuos como las empresas locales se ha visto incrementada significativamente. De esa manera la Argentina ha alcanzado el primer puesto regional en t\u00e9rminos de presi\u00f3n tributaria. Adem\u00e1s, los costos administrativos vinculados al pago de impuestos se ubican entre los m\u00e1s altos del planeta.<\/p><p><a class=\"btn btn-danger btn-sm\" href=\"https:\/\/www.nuevasgeneraciones.com.ar\/sitio\/wp-content\/uploads\/documentos3\/_archivo\/08\/201304%20Monotributo%20para%20microempresas.pdf\" target=\"_blank\" rel=\"noopener\">Descargar<\/a><\/p>                        <\/div>\n\n                    <\/div>\n\n                <\/div><!-- .elementskit-card END -->\n\n                \n                <div class=\"elementskit-card \">\n                    <div class=\"elementskit-card-header\" id=\"primaryHeading-20-2276742f\">\n                        <a href=\"#collapse-bd6de0669f1a4c5d4707\" class=\"ekit-accordion--toggler elementskit-btn-link collapsed\" data-ekit-toggle=\"collapse\" data-target=\"#Collapse-bd6de0669f1a4c5d4707\" aria-expanded=\"false\" aria-controls=\"Collapse-bd6de0669f1a4c5d4707\">\n                            \n                            <span class=\"ekit-accordion-title\">Modificaci\u00f3n del monotributo<\/span>\n\n                            \n                                <div class=\"ekit_accordion_icon_group\">\n                                    <div class=\"ekit_accordion_normal_icon\">\n                                        <!-- Normal Icon -->\n\t\t\t\t\t\t\t\t\t\t<i class=\"icon icon-plus\"><\/i>                                    <\/div>\n\n                                    <div class=\"ekit_accordion_active_icon\">\n                                        <!-- Active Icon -->\n\t\t\t\t\t\t\t\t\t\t<i class=\"icon icon-minus\"><\/i>                                    <\/div>\n                                <\/div>\n\n                            \n                                                    <\/a>\n                    <\/div>\n\n                    <div id=\"Collapse-bd6de0669f1a4c5d4707\" class=\" collapse\" aria-labelledby=\"primaryHeading-20-2276742f\" data-parent=\"#accordion-69f1a4c5d4707\">\n\n                        <div class=\"elementskit-card-body ekit-accordion--content\">\n                            <p>La propuesta legislativa que presentamos en el presente trabajo est\u00e1 orientada a mejorar el R\u00e9gimen Simplificado para Peque\u00f1os Contribuyentes, conocido popularmente como Monotributo. Desde la creaci\u00f3n de este impuesto han habido cambios en la normativa que contrariaron el esp\u00edritu y los objetivos con los cuales el mismo fue creado. Adem\u00e1s, en un contexto inflacionario como el actual resulta imperativo realizar actualizaciones de la base impositiva del Monotributo de manera autom\u00e1tica, que no dependan de decisiones discrecionales del poder de turno.<\/p><p><a class=\"btn btn-danger btn-sm\" href=\"https:\/\/www.nuevasgeneraciones.com.ar\/sitio\/wp-content\/uploads\/documentos3\/_archivo\/08\/08_modificacion_monotributo.pdf\" target=\"_blank\" rel=\"noopener\">Descargar<\/a><\/p>                        <\/div>\n\n                    <\/div>\n\n                <\/div><!-- .elementskit-card END -->\n\n                \n                <div class=\"elementskit-card \">\n                    <div class=\"elementskit-card-header\" id=\"primaryHeading-21-2276742f\">\n                        <a href=\"#collapse-ce2cfcb69f1a4c5d4707\" class=\"ekit-accordion--toggler elementskit-btn-link collapsed\" data-ekit-toggle=\"collapse\" data-target=\"#Collapse-ce2cfcb69f1a4c5d4707\" aria-expanded=\"false\" aria-controls=\"Collapse-ce2cfcb69f1a4c5d4707\">\n                            \n                            <span class=\"ekit-accordion-title\">Econom\u00eda Social de Mercado y le experiencia alemana de posguerra<\/span>\n\n                            \n                                <div class=\"ekit_accordion_icon_group\">\n                                    <div class=\"ekit_accordion_normal_icon\">\n                                        <!-- Normal Icon -->\n\t\t\t\t\t\t\t\t\t\t<i class=\"icon icon-plus\"><\/i>                                    <\/div>\n\n                                    <div class=\"ekit_accordion_active_icon\">\n                                        <!-- Active Icon -->\n\t\t\t\t\t\t\t\t\t\t<i class=\"icon icon-minus\"><\/i>                                    <\/div>\n                                <\/div>\n\n                            \n                                                    <\/a>\n                    <\/div>\n\n                    <div id=\"Collapse-ce2cfcb69f1a4c5d4707\" class=\" collapse\" aria-labelledby=\"primaryHeading-21-2276742f\" data-parent=\"#accordion-69f1a4c5d4707\">\n\n                        <div class=\"elementskit-card-body ekit-accordion--content\">\n                            <p>Los principios fundamentales de la llamada Econom\u00eda Social de Mercado, que fueron adoptados en la pol\u00edtica econ\u00f3mica alemana que dio paso a la recuperaci\u00f3n en la segunda posguerra, pueden servir de gu\u00eda para las fuerzas pol\u00edticas que quieran estructurar un programa de gobierno atractivo para el electorado, consistente t\u00e9cnicamente y alineado con nuestra Constituci\u00f3n Nacional. Este trabajo describe los elementos principales de aquellas ideas econ\u00f3micas implementadas en Alemania, sus resultados y, por \u00faltimo, una primera aproximaci\u00f3n a las pol\u00edticas p\u00fablicas b\u00e1sicas que deber\u00edan aplicarse en la Argentina durante los pr\u00f3ximos gobiernos.<\/p><p><a class=\"btn btn-danger btn-sm\" href=\"https:\/\/www.nuevasgeneraciones.com.ar\/sitio\/wp-content\/uploads\/documentos3\/_archivo\/08\/08_economia_social_mercado.pdf\" target=\"_blank\" rel=\"noopener\">Descargar<\/a><\/p>                        <\/div>\n\n                    <\/div>\n\n                <\/div><!-- .elementskit-card END -->\n\n                \n                <div class=\"elementskit-card \">\n                    <div class=\"elementskit-card-header\" id=\"primaryHeading-22-2276742f\">\n                        <a href=\"#collapse-29f99ab69f1a4c5d4707\" class=\"ekit-accordion--toggler elementskit-btn-link collapsed\" data-ekit-toggle=\"collapse\" data-target=\"#Collapse-29f99ab69f1a4c5d4707\" aria-expanded=\"false\" aria-controls=\"Collapse-29f99ab69f1a4c5d4707\">\n                            \n                            <span class=\"ekit-accordion-title\">Mecanismos de actualizaci\u00f3n autom\u00e1tica de la base imponible<\/span>\n\n                            \n                                <div class=\"ekit_accordion_icon_group\">\n                                    <div class=\"ekit_accordion_normal_icon\">\n                                        <!-- Normal Icon -->\n\t\t\t\t\t\t\t\t\t\t<i class=\"icon icon-plus\"><\/i>                                    <\/div>\n\n                                    <div class=\"ekit_accordion_active_icon\">\n                                        <!-- Active Icon -->\n\t\t\t\t\t\t\t\t\t\t<i class=\"icon icon-minus\"><\/i>                                    <\/div>\n                                <\/div>\n\n                            \n                                                    <\/a>\n                    <\/div>\n\n                    <div id=\"Collapse-29f99ab69f1a4c5d4707\" class=\" collapse\" aria-labelledby=\"primaryHeading-22-2276742f\" data-parent=\"#accordion-69f1a4c5d4707\">\n\n                        <div class=\"elementskit-card-body ekit-accordion--content\">\n                            <p>En el informe se proponle mecanismo para implementar un sistema autom\u00e1tico de ajuste en la base imponible sobre la que se calculan los pagos de los impuestos a las rentas y patrimonios de las personas f\u00edsicas.<\/p><p><a class=\"btn btn-danger btn-sm\" href=\"https:\/\/www.nuevasgeneraciones.com.ar\/sitio\/wp-content\/uploads\/documentos3\/_archivo\/08\/08_actualizacion_base_imponible.pdf\" target=\"_blank\" rel=\"noopener\">Descargar<\/a><\/p>                        <\/div>\n\n                    <\/div>\n\n                <\/div><!-- .elementskit-card END -->\n\n                \n                <div class=\"elementskit-card \">\n                    <div class=\"elementskit-card-header\" id=\"primaryHeading-23-2276742f\">\n                        <a href=\"#collapse-498c47969f1a4c5d4707\" class=\"ekit-accordion--toggler elementskit-btn-link collapsed\" data-ekit-toggle=\"collapse\" data-target=\"#Collapse-498c47969f1a4c5d4707\" aria-expanded=\"false\" aria-controls=\"Collapse-498c47969f1a4c5d4707\">\n                            \n                            <span class=\"ekit-accordion-title\">Informe de competitividad<\/span>\n\n                            \n                                <div class=\"ekit_accordion_icon_group\">\n                                    <div class=\"ekit_accordion_normal_icon\">\n                                        <!-- Normal Icon -->\n\t\t\t\t\t\t\t\t\t\t<i class=\"icon icon-plus\"><\/i>                                    <\/div>\n\n                                    <div class=\"ekit_accordion_active_icon\">\n                                        <!-- Active Icon -->\n\t\t\t\t\t\t\t\t\t\t<i class=\"icon icon-minus\"><\/i>                                    <\/div>\n                                <\/div>\n\n                            \n                                                    <\/a>\n                    <\/div>\n\n                    <div id=\"Collapse-498c47969f1a4c5d4707\" class=\" collapse\" aria-labelledby=\"primaryHeading-23-2276742f\" data-parent=\"#accordion-69f1a4c5d4707\">\n\n                        <div class=\"elementskit-card-body ekit-accordion--content\">\n                            <p>Mejorar la competitividad de la Argentina es sin\u00f3nimo de incrementar los niveles de productividad en las empresas del pa\u00eds. Los niveles de bienestar de la poblaci\u00f3n est\u00e1n directamente relacionados con la productividad que logran las unidades econ\u00f3micas. El Estado contribuye en este proceso de mejora de la competitividad mediante el equilibrio macroecon\u00f3mico (fiscal, monetario y cambiario) y tambi\u00e9n con la reducci\u00f3n de las barreras legales que incrementan los costos operativos y financieros de las empresas. Se propone, entonces, la creaci\u00f3n de una Agencia nacional que implemente un programa de mejora de competitividad.<\/p><p><a class=\"btn btn-danger btn-sm\" href=\"https:\/\/www.nuevasgeneraciones.com.ar\/sitio\/wp-content\/uploads\/documentos3\/_archivo\/08\/2011s2%20Informe%20de%20competitividad.pdf\" target=\"_blank\" rel=\"noopener\">Descargar<\/a><\/p>                        <\/div>\n\n                    <\/div>\n\n                <\/div><!-- .elementskit-card END -->\n\n                \n                <div class=\"elementskit-card \">\n                    <div class=\"elementskit-card-header\" id=\"primaryHeading-24-2276742f\">\n                        <a href=\"#collapse-129ac1d69f1a4c5d4707\" class=\"ekit-accordion--toggler elementskit-btn-link collapsed\" data-ekit-toggle=\"collapse\" data-target=\"#Collapse-129ac1d69f1a4c5d4707\" aria-expanded=\"false\" aria-controls=\"Collapse-129ac1d69f1a4c5d4707\">\n                            \n                            <span class=\"ekit-accordion-title\">Impuesto sobre la renta de base \u00fanica<\/span>\n\n                            \n                                <div class=\"ekit_accordion_icon_group\">\n                                    <div class=\"ekit_accordion_normal_icon\">\n                                        <!-- Normal Icon -->\n\t\t\t\t\t\t\t\t\t\t<i class=\"icon icon-plus\"><\/i>                                    <\/div>\n\n                                    <div class=\"ekit_accordion_active_icon\">\n                                        <!-- Active Icon -->\n\t\t\t\t\t\t\t\t\t\t<i class=\"icon icon-minus\"><\/i>                                    <\/div>\n                                <\/div>\n\n                            \n                                                    <\/a>\n                    <\/div>\n\n                    <div id=\"Collapse-129ac1d69f1a4c5d4707\" class=\" collapse\" aria-labelledby=\"primaryHeading-24-2276742f\" data-parent=\"#accordion-69f1a4c5d4707\">\n\n                        <div class=\"elementskit-card-body ekit-accordion--content\">\n                            <p>Los tributos progresivos tienen efectos redistributivos que impactan negativamente sobre el ahorro, la asignaci\u00f3n de recursos y la productividad de la econom\u00eda. Se propone entonces la adopci\u00f3n de un impuesto a la renta de tasa \u00fanica para lograr avances en varios aspectos: simplificar el sistema impositivo; reducir la carga tributaria; estimular el crecimiento econ\u00f3mico mediante la mejora de los incentivos al trabajo, el ahorro y la inversi\u00f3n; lograr un trato m\u00e1s equitativo entre los contribuyentes; y reducir el tratamiento desigual mediante los privilegios otorgados en materia tributaria. Adem\u00e1s, el establecimiento de un impuesto de tasa \u00fanica ampl\u00eda las libertades de los ciudadanos del pa\u00eds al reducir los conflictos entre el Estado y los contribuyentes.<\/p><p><a class=\"btn btn-danger btn-sm\" href=\"https:\/\/www.nuevasgeneraciones.com.ar\/sitio\/wp-content\/uploads\/documentos3\/_archivo\/08\/08_impuesto_renta_base_unica.pdf\" target=\"_blank\" rel=\"noopener\">Descargar<\/a><\/p>                        <\/div>\n\n                    <\/div>\n\n                <\/div><!-- .elementskit-card END -->\n\n                \n                <div class=\"elementskit-card \">\n                    <div class=\"elementskit-card-header\" id=\"primaryHeading-25-2276742f\">\n                        <a href=\"#collapse-8628f5b69f1a4c5d4707\" class=\"ekit-accordion--toggler elementskit-btn-link collapsed\" data-ekit-toggle=\"collapse\" data-target=\"#Collapse-8628f5b69f1a4c5d4707\" aria-expanded=\"false\" aria-controls=\"Collapse-8628f5b69f1a4c5d4707\">\n                            \n                            <span class=\"ekit-accordion-title\">Propuesta de responsabilidad fiscal<\/span>\n\n                            \n                                <div class=\"ekit_accordion_icon_group\">\n                                    <div class=\"ekit_accordion_normal_icon\">\n                                        <!-- Normal Icon -->\n\t\t\t\t\t\t\t\t\t\t<i class=\"icon icon-plus\"><\/i>                                    <\/div>\n\n                                    <div class=\"ekit_accordion_active_icon\">\n                                        <!-- Active Icon -->\n\t\t\t\t\t\t\t\t\t\t<i class=\"icon icon-minus\"><\/i>                                    <\/div>\n                                <\/div>\n\n                            \n                                                    <\/a>\n                    <\/div>\n\n                    <div id=\"Collapse-8628f5b69f1a4c5d4707\" class=\" collapse\" aria-labelledby=\"primaryHeading-25-2276742f\" data-parent=\"#accordion-69f1a4c5d4707\">\n\n                        <div class=\"elementskit-card-body ekit-accordion--content\">\n                            <p><br \/>La propuesta de Responsabilidad fiscal para el gobierno nacional consiste en la implementaci\u00f3n de un conjunto de l\u00edmites o restricciones de car\u00e1cter legal tanto al gasto p\u00fablico como a las principales fuentes de financiamiento del mismo. Se establecen topes de gastos y deuda en relaci\u00f3n al Producto Bruto Interno, la prohibici\u00f3n de financiar las erogaciones estatales mediante emisi\u00f3n monetaria del Banco Central y tambi\u00e9n criterios objetivos para la variaci\u00f3n anual tanto del gasto p\u00fablico como de los ingresos tributarios. Adem\u00e1s se establece un Fondo de emergencia compuesto por ingresos p\u00fablicos para ser utilizado en casos excepcionales. La modificaci\u00f3n de los topes y criterios de evoluci\u00f3n del gasto e ingresos fiscales s\u00f3lo podr\u00e1 realizarse de manera transitoria y con la aprobaci\u00f3n de una mayor\u00eda especial de las dos c\u00e1maras del Congreso de la Naci\u00f3n. Asimismo se crea un organismo de supervisi\u00f3n y control de la norma, el cual estar\u00e1 integrado por representantes de diversos \u00e1mbitos de la sociedad. Dicho organismo tendr\u00e1 la potestad de establecer sanciones para los responsables de diversas \u00e1reas del gobierno involucrados en el proceso presupuestario, ya sea en su etapa de elaboraci\u00f3n, aprobaci\u00f3n y ejecuci\u00f3n. El objetivo de la ley de Responsabilidad fiscal est\u00e1 orientado a establecer l\u00edmites estrictos y objetivos al comportamiento gubernamental en lo que respecta al nivel y evoluci\u00f3n del gasto p\u00fablico, los ingresos tributarios y la deuda p\u00fablica.<\/p><p><a class=\"btn btn-danger btn-sm\" href=\"https:\/\/www.nuevasgeneraciones.com.ar\/sitio\/wp-content\/uploads\/documentos3\/_archivo\/08\/2011s1%20Propuesta%20de%20responsabilidad%20fiscal.pdf\" target=\"_blank\" rel=\"noopener\">Descargar<\/a><\/p>                        <\/div>\n\n                    <\/div>\n\n                <\/div><!-- .elementskit-card END -->\n\n                \n                <div class=\"elementskit-card \">\n                    <div class=\"elementskit-card-header\" id=\"primaryHeading-26-2276742f\">\n                        <a href=\"#collapse-8ea2ee369f1a4c5d4707\" class=\"ekit-accordion--toggler elementskit-btn-link collapsed\" data-ekit-toggle=\"collapse\" data-target=\"#Collapse-8ea2ee369f1a4c5d4707\" aria-expanded=\"false\" aria-controls=\"Collapse-8ea2ee369f1a4c5d4707\">\n                            \n                            <span class=\"ekit-accordion-title\">Detalle y evoluci\u00f3n de los subsidios<\/span>\n\n                            \n                                <div class=\"ekit_accordion_icon_group\">\n                                    <div class=\"ekit_accordion_normal_icon\">\n                                        <!-- Normal Icon -->\n\t\t\t\t\t\t\t\t\t\t<i class=\"icon icon-plus\"><\/i>                                    <\/div>\n\n                                    <div class=\"ekit_accordion_active_icon\">\n                                        <!-- Active Icon -->\n\t\t\t\t\t\t\t\t\t\t<i class=\"icon icon-minus\"><\/i>                                    <\/div>\n                                <\/div>\n\n                            \n                                                    <\/a>\n                    <\/div>\n\n                    <div id=\"Collapse-8ea2ee369f1a4c5d4707\" class=\" collapse\" aria-labelledby=\"primaryHeading-26-2276742f\" data-parent=\"#accordion-69f1a4c5d4707\">\n\n                        <div class=\"elementskit-card-body ekit-accordion--content\">\n                            <p>En el presente trabajo se describe el grado de evoluci\u00f3n y la situaci\u00f3n actual de los subsidios que otorga el Gobierno Nacional a diferentes actores y sujetos de la sociedad. Se muestra adem\u00e1s, como estos subsidios se concentran en muy pocos jugadores dejando de lado a varios sectores del arco productivo argentino.<\/p><p><a class=\"btn btn-danger btn-sm\" href=\"https:\/\/www.nuevasgeneraciones.com.ar\/sitio\/wp-content\/uploads\/documentos3\/_archivo\/08\/08_detalle_evolucion_subsidios.pdf\" target=\"_blank\" rel=\"noopener\">Descargar<\/a><\/p>                        <\/div>\n\n                    <\/div>\n\n                <\/div><!-- .elementskit-card END -->\n\n                \n                <div class=\"elementskit-card \">\n                    <div class=\"elementskit-card-header\" id=\"primaryHeading-27-2276742f\">\n                        <a href=\"#collapse-2b23f6469f1a4c5d4707\" class=\"ekit-accordion--toggler elementskit-btn-link collapsed\" data-ekit-toggle=\"collapse\" data-target=\"#Collapse-2b23f6469f1a4c5d4707\" aria-expanded=\"false\" aria-controls=\"Collapse-2b23f6469f1a4c5d4707\">\n                            \n                            <span class=\"ekit-accordion-title\">Ley de entidades financieras<\/span>\n\n                            \n                                <div class=\"ekit_accordion_icon_group\">\n                                    <div class=\"ekit_accordion_normal_icon\">\n                                        <!-- Normal Icon -->\n\t\t\t\t\t\t\t\t\t\t<i class=\"icon icon-plus\"><\/i>                                    <\/div>\n\n                                    <div class=\"ekit_accordion_active_icon\">\n                                        <!-- Active Icon -->\n\t\t\t\t\t\t\t\t\t\t<i class=\"icon icon-minus\"><\/i>                                    <\/div>\n                                <\/div>\n\n                            \n                                                    <\/a>\n                    <\/div>\n\n                    <div id=\"Collapse-2b23f6469f1a4c5d4707\" class=\" collapse\" aria-labelledby=\"primaryHeading-27-2276742f\" data-parent=\"#accordion-69f1a4c5d4707\">\n\n                        <div class=\"elementskit-card-body ekit-accordion--content\">\n                            <p>El presente trabajo tiene por objeto analizar someramente los proyectos de reforma de la ley 21.526 de Entidades Financieras m\u00e1s representativos y que ser\u00e1n objeto de tratamiento en las Comisi\u00f3n de Finanzas y en la Comisi\u00f3n de Presupuesto y Hacienda de la Honorable C\u00e1mara de Diputados de la Naci\u00f3n. Asimismo, se ofrecer\u00e1n ciertas propuestas. A tal fin, se analizan los siguientes puntos: (I) Proyecto de ley \u2013 Reforma Ley 21.526 \u2013 Diputado Nacional Carlos Heller; (II) An\u00e1lisis de Riesgos; (III) Proyecto de ley \u2013 Reforma Ley 21.526 \u2013 Diputados Nacionales Federico Pinedo, Gustavo Ferrari, Walter Agosto, Marcelo L\u00f3pez Arias, Eduardo Amadeo, Jorge Triaca y Paula Bertol; y, por \u00faltimo, (IV) Propuesta para perfeccionar el proyecto de los Diputados Nacionales de Pro y Peronismo Federal.<\/p><p><a class=\"btn btn-danger btn-sm\" href=\"https:\/\/www.nuevasgeneraciones.com.ar\/sitio\/wp-content\/uploads\/documentos3\/_archivo\/08\/2010s2%20Ley%20de%20entidades%20fiancieras.pdf\" target=\"_blank\" rel=\"noopener\">Descargar<\/a><\/p>                        <\/div>\n\n                    <\/div>\n\n                <\/div><!-- .elementskit-card END -->\n\n                \n                <div class=\"elementskit-card \">\n                    <div class=\"elementskit-card-header\" id=\"primaryHeading-28-2276742f\">\n                        <a href=\"#collapse-7f07e3b69f1a4c5d4707\" class=\"ekit-accordion--toggler elementskit-btn-link collapsed\" data-ekit-toggle=\"collapse\" data-target=\"#Collapse-7f07e3b69f1a4c5d4707\" aria-expanded=\"false\" aria-controls=\"Collapse-7f07e3b69f1a4c5d4707\">\n                            \n                            <span class=\"ekit-accordion-title\">Coparticipaci\u00f3n Federal de impuestos y distribuci\u00f3n secundaria<\/span>\n\n                            \n                                <div class=\"ekit_accordion_icon_group\">\n                                    <div class=\"ekit_accordion_normal_icon\">\n                                        <!-- Normal Icon -->\n\t\t\t\t\t\t\t\t\t\t<i class=\"icon icon-plus\"><\/i>                                    <\/div>\n\n                                    <div class=\"ekit_accordion_active_icon\">\n                                        <!-- Active Icon -->\n\t\t\t\t\t\t\t\t\t\t<i class=\"icon icon-minus\"><\/i>                                    <\/div>\n                                <\/div>\n\n                            \n                                                    <\/a>\n                    <\/div>\n\n                    <div id=\"Collapse-7f07e3b69f1a4c5d4707\" class=\" collapse\" aria-labelledby=\"primaryHeading-28-2276742f\" data-parent=\"#accordion-69f1a4c5d4707\">\n\n                        <div class=\"elementskit-card-body ekit-accordion--content\">\n                            <p>El presente trabajo describe las variables que deber\u00edan contemplarse para asignar recursos fiscales a las provincias teniendo en cuenta par\u00e1metros objetivos de educaci\u00f3n, salud, seguridad, etc, y establece incentivos para la distribuci\u00f3n de los fondos p\u00fablicos.<\/p><p><a class=\"btn btn-danger btn-sm\" href=\"https:\/\/www.nuevasgeneraciones.com.ar\/sitio\/wp-content\/uploads\/documentos3\/_archivo\/08\/08_coparticipacion_secundaria.pdf\" target=\"_blank\" rel=\"noopener\">Descargar<\/a><\/p>                        <\/div>\n\n                    <\/div>\n\n                <\/div><!-- .elementskit-card END -->\n\n                \n                <div class=\"elementskit-card \">\n                    <div class=\"elementskit-card-header\" id=\"primaryHeading-29-2276742f\">\n                        <a href=\"#collapse-3179fcc69f1a4c5d4707\" class=\"ekit-accordion--toggler elementskit-btn-link collapsed\" data-ekit-toggle=\"collapse\" data-target=\"#Collapse-3179fcc69f1a4c5d4707\" aria-expanded=\"false\" aria-controls=\"Collapse-3179fcc69f1a4c5d4707\">\n                            \n                            <span class=\"ekit-accordion-title\">Acciones y razones para que Argentina alcance el grado de inversi\u00f3n<\/span>\n\n                            \n                                <div class=\"ekit_accordion_icon_group\">\n                                    <div class=\"ekit_accordion_normal_icon\">\n                                        <!-- Normal Icon -->\n\t\t\t\t\t\t\t\t\t\t<i class=\"icon icon-plus\"><\/i>                                    <\/div>\n\n                                    <div class=\"ekit_accordion_active_icon\">\n                                        <!-- Active Icon -->\n\t\t\t\t\t\t\t\t\t\t<i class=\"icon icon-minus\"><\/i>                                    <\/div>\n                                <\/div>\n\n                            \n                                                    <\/a>\n                    <\/div>\n\n                    <div id=\"Collapse-3179fcc69f1a4c5d4707\" class=\" collapse\" aria-labelledby=\"primaryHeading-29-2276742f\" data-parent=\"#accordion-69f1a4c5d4707\">\n\n                        <div class=\"elementskit-card-body ekit-accordion--content\">\n                            <p>En el presente informe se detallan las acciones que deben ser llevadas adelante por la Argentina para alcanzar la categor\u00eda de grado de inversi\u00f3n. Asimismo se indican los beneficios que ello representar\u00e1 para nuestro pa\u00eds.<\/p><p><a class=\"btn btn-danger btn-sm\" href=\"https:\/\/www.nuevasgeneraciones.com.ar\/sitio\/wp-content\/uploads\/documentos3\/_archivo\/08\/08_acciones_razones_inversion.pdf\" target=\"_blank\" rel=\"noopener\">Descargar<\/a><\/p>                        <\/div>\n\n                    <\/div>\n\n                <\/div><!-- .elementskit-card END -->\n\n                \n                <div class=\"elementskit-card \">\n                    <div class=\"elementskit-card-header\" id=\"primaryHeading-30-2276742f\">\n                        <a href=\"#collapse-26aafed69f1a4c5d4707\" class=\"ekit-accordion--toggler elementskit-btn-link collapsed\" data-ekit-toggle=\"collapse\" data-target=\"#Collapse-26aafed69f1a4c5d4707\" aria-expanded=\"false\" aria-controls=\"Collapse-26aafed69f1a4c5d4707\">\n                            \n                            <span class=\"ekit-accordion-title\">Modificaci\u00f3n a la ley de defensa de la competencia<\/span>\n\n                            \n                                <div class=\"ekit_accordion_icon_group\">\n                                    <div class=\"ekit_accordion_normal_icon\">\n                                        <!-- Normal Icon -->\n\t\t\t\t\t\t\t\t\t\t<i class=\"icon icon-plus\"><\/i>                                    <\/div>\n\n                                    <div class=\"ekit_accordion_active_icon\">\n                                        <!-- Active Icon -->\n\t\t\t\t\t\t\t\t\t\t<i class=\"icon icon-minus\"><\/i>                                    <\/div>\n                                <\/div>\n\n                            \n                                                    <\/a>\n                    <\/div>\n\n                    <div id=\"Collapse-26aafed69f1a4c5d4707\" class=\" collapse\" aria-labelledby=\"primaryHeading-30-2276742f\" data-parent=\"#accordion-69f1a4c5d4707\">\n\n                        <div class=\"elementskit-card-body ekit-accordion--content\">\n                            <p>El presente trabajo tiene por objeto actualizar los montos establecidos en la Ley de Defensa de la Competencia para las operaciones de concentraci\u00f3n econ\u00f3mica. Asimismo propone la actualizaci\u00f3n de los valores de las multas y establece un mecanismo de ajuste autom\u00e1tico v\u00eda IPC.<\/p><p><a class=\"btn btn-danger btn-sm\" href=\"https:\/\/www.nuevasgeneraciones.com.ar\/sitio\/wp-content\/uploads\/documentos3\/_archivo\/08\/2013_modificacion_ley_defensa_competencia.pdf\" target=\"_blank\" rel=\"noopener\">Descargar<\/a><\/p>                        <\/div>\n\n                    <\/div>\n\n                <\/div><!-- .elementskit-card END -->\n\n                                        <\/div>\n    <\/div>\t\t\t\t<\/div>\n\t\t\t\t<\/div>\n\t\t\t\t\t<\/div>\n\t\t<\/div>\n\t\t\t\t<div class=\"elementor-column elementor-col-33 elementor-top-column elementor-element elementor-element-156f3344\" data-id=\"156f3344\" data-element_type=\"column\" data-e-type=\"column\">\n\t\t\t<div class=\"elementor-widget-wrap\">\n\t\t\t\t\t\t\t<\/div>\n\t\t<\/div>\n\t\t\t\t\t<\/div>\n\t\t<\/section>\n\t\t\t\t<section class=\"elementor-section elementor-top-section elementor-element elementor-element-102c6d87 elementor-section-boxed elementor-section-height-default elementor-section-height-default\" data-id=\"102c6d87\" data-element_type=\"section\" data-e-type=\"section\">\n\t\t\t\t\t\t<div class=\"elementor-container elementor-column-gap-default\">\n\t\t\t\t\t<div class=\"elementor-column elementor-col-25 elementor-top-column elementor-element elementor-element-4019199\" data-id=\"4019199\" data-element_type=\"column\" data-e-type=\"column\">\n\t\t\t<div class=\"elementor-widget-wrap\">\n\t\t\t\t\t\t\t<\/div>\n\t\t<\/div>\n\t\t\t\t<div class=\"elementor-column elementor-col-50 elementor-top-column elementor-element elementor-element-6c4f0ecd\" data-id=\"6c4f0ecd\" data-element_type=\"column\" data-e-type=\"column\">\n\t\t\t<div class=\"elementor-widget-wrap\">\n\t\t\t\t\t\t\t<\/div>\n\t\t<\/div>\n\t\t\t\t<div class=\"elementor-column elementor-col-25 elementor-top-column elementor-element elementor-element-4510aab0\" data-id=\"4510aab0\" data-element_type=\"column\" data-e-type=\"column\">\n\t\t\t<div class=\"elementor-widget-wrap\">\n\t\t\t\t\t\t\t<\/div>\n\t\t<\/div>\n\t\t\t\t\t<\/div>\n\t\t<\/section>\n\t\t\t\t<section class=\"elementor-section elementor-top-section elementor-element elementor-element-3c46c9e3 elementor-section-boxed elementor-section-height-default elementor-section-height-default\" data-id=\"3c46c9e3\" data-element_type=\"section\" data-e-type=\"section\">\n\t\t\t\t\t\t<div class=\"elementor-container elementor-column-gap-default\">\n\t\t\t\t\t<div class=\"elementor-column elementor-col-100 elementor-top-column elementor-element elementor-element-858ad94\" data-id=\"858ad94\" data-element_type=\"column\" data-e-type=\"column\">\n\t\t\t<div class=\"elementor-widget-wrap elementor-element-populated\">\n\t\t\t\t\t\t<div class=\"elementor-element elementor-element-3307b54c elementor-widget elementor-widget-spacer\" data-id=\"3307b54c\" data-element_type=\"widget\" data-e-type=\"widget\" data-widget_type=\"spacer.default\">\n\t\t\t\t<div class=\"elementor-widget-container\">\n\t\t\t\t\t\t\t<div class=\"elementor-spacer\">\n\t\t\t<div class=\"elementor-spacer-inner\"><\/div>\n\t\t<\/div>\n\t\t\t\t\t\t<\/div>\n\t\t\t\t<\/div>\n\t\t\t\t\t<\/div>\n\t\t<\/div>\n\t\t\t\t\t<\/div>\n\t\t<\/section>\n\t\t\t\t<\/div>\n\t\t","protected":false},"excerpt":{"rendered":"<p>Pol\u00edtica econ\u00f3mica Equidad fiscal y servicios p\u00fablicos: Deducci\u00f3n \u00edntegra de gastos privados sustitutivos en el impuesto a las ganancias Esta propuesta de reforma del Impuesto a las Ganancias plantea permitir la deducci\u00f3n total de los gastos en salud y educaci\u00f3n privada que las familias asumen para suplir falencias de los servicios p\u00fablicos, eliminando la actual&hellip;&nbsp;<\/p>\n","protected":false},"author":1,"featured_media":0,"parent":0,"menu_order":0,"comment_status":"closed","ping_status":"closed","template":"page-templates\/template-pagebuilder-full-width.php","meta":{"neve_meta_sidebar":"","neve_meta_container":"","neve_meta_enable_content_width":"off","neve_meta_content_width":100,"neve_meta_title_alignment":"","neve_meta_author_avatar":"","neve_post_elements_order":"","neve_meta_disable_header":"","neve_meta_disable_footer":"","neve_meta_disable_title":"","footnotes":""},"class_list":["post-12396","page","type-page","status-publish","hentry"],"yoast_head":"<!-- This site is optimized with the Yoast SEO plugin v27.4 - https:\/\/yoast.com\/product\/yoast-seo-wordpress\/ -->\n<title>Pol\u00edtica econ\u00f3mica - Fundaci\u00f3n Nuevas Generaciones<\/title>\n<meta name=\"robots\" content=\"index, follow, max-snippet:-1, max-image-preview:large, max-video-preview:-1\" \/>\n<link rel=\"canonical\" href=\"https:\/\/nuevasgeneraciones.com.ar\/sitio\/politica-economica\/\" \/>\n<meta property=\"og:locale\" content=\"es_ES\" \/>\n<meta property=\"og:type\" content=\"article\" \/>\n<meta property=\"og:title\" content=\"Pol\u00edtica econ\u00f3mica - Fundaci\u00f3n Nuevas Generaciones\" \/>\n<meta property=\"og:description\" content=\"Pol\u00edtica econ\u00f3mica Equidad fiscal y servicios p\u00fablicos: Deducci\u00f3n \u00edntegra de gastos privados sustitutivos en el impuesto a las ganancias Esta propuesta de reforma del Impuesto a las Ganancias plantea permitir la deducci\u00f3n total de los gastos en salud y educaci\u00f3n privada que las familias asumen para suplir falencias de los servicios p\u00fablicos, eliminando la actual&hellip;&nbsp;\" \/>\n<meta property=\"og:url\" content=\"https:\/\/nuevasgeneraciones.com.ar\/sitio\/politica-economica\/\" \/>\n<meta property=\"og:site_name\" content=\"Fundaci\u00f3n Nuevas Generaciones\" \/>\n<meta property=\"article:modified_time\" content=\"2025-12-30T17:19:37+00:00\" \/>\n<meta name=\"twitter:card\" content=\"summary_large_image\" \/>\n<meta name=\"twitter:label1\" content=\"Tiempo de lectura\" \/>\n\t<meta name=\"twitter:data1\" content=\"13 minutos\" \/>\n<script type=\"application\/ld+json\" class=\"yoast-schema-graph\">{\"@context\":\"https:\\\/\\\/schema.org\",\"@graph\":[{\"@type\":\"WebPage\",\"@id\":\"https:\\\/\\\/nuevasgeneraciones.com.ar\\\/sitio\\\/politica-economica\\\/\",\"url\":\"https:\\\/\\\/nuevasgeneraciones.com.ar\\\/sitio\\\/politica-economica\\\/\",\"name\":\"Pol\u00edtica econ\u00f3mica - Fundaci\u00f3n Nuevas Generaciones\",\"isPartOf\":{\"@id\":\"https:\\\/\\\/nuevasgeneraciones.com.ar\\\/sitio\\\/#website\"},\"datePublished\":\"2018-11-09T21:22:59+00:00\",\"dateModified\":\"2025-12-30T17:19:37+00:00\",\"breadcrumb\":{\"@id\":\"https:\\\/\\\/nuevasgeneraciones.com.ar\\\/sitio\\\/politica-economica\\\/#breadcrumb\"},\"inLanguage\":\"es-AR\",\"potentialAction\":[{\"@type\":\"ReadAction\",\"target\":[\"https:\\\/\\\/nuevasgeneraciones.com.ar\\\/sitio\\\/politica-economica\\\/\"]}]},{\"@type\":\"BreadcrumbList\",\"@id\":\"https:\\\/\\\/nuevasgeneraciones.com.ar\\\/sitio\\\/politica-economica\\\/#breadcrumb\",\"itemListElement\":[{\"@type\":\"ListItem\",\"position\":1,\"name\":\"Inicio\",\"item\":\"https:\\\/\\\/nuevasgeneraciones.com.ar\\\/sitio\\\/\"},{\"@type\":\"ListItem\",\"position\":2,\"name\":\"Pol\u00edtica econ\u00f3mica\"}]},{\"@type\":\"WebSite\",\"@id\":\"https:\\\/\\\/nuevasgeneraciones.com.ar\\\/sitio\\\/#website\",\"url\":\"https:\\\/\\\/nuevasgeneraciones.com.ar\\\/sitio\\\/\",\"name\":\"Fundaci\u00f3n Nuevas Generaciones\",\"description\":\"\",\"publisher\":{\"@id\":\"https:\\\/\\\/nuevasgeneraciones.com.ar\\\/sitio\\\/#organization\"},\"potentialAction\":[{\"@type\":\"SearchAction\",\"target\":{\"@type\":\"EntryPoint\",\"urlTemplate\":\"https:\\\/\\\/nuevasgeneraciones.com.ar\\\/sitio\\\/?s={search_term_string}\"},\"query-input\":{\"@type\":\"PropertyValueSpecification\",\"valueRequired\":true,\"valueName\":\"search_term_string\"}}],\"inLanguage\":\"es-AR\"},{\"@type\":\"Organization\",\"@id\":\"https:\\\/\\\/nuevasgeneraciones.com.ar\\\/sitio\\\/#organization\",\"name\":\"Fundaci\u00f3n Nuevas Generaciones\",\"url\":\"https:\\\/\\\/nuevasgeneraciones.com.ar\\\/sitio\\\/\",\"logo\":{\"@type\":\"ImageObject\",\"inLanguage\":\"es-AR\",\"@id\":\"https:\\\/\\\/nuevasgeneraciones.com.ar\\\/sitio\\\/#\\\/schema\\\/logo\\\/image\\\/\",\"url\":\"https:\\\/\\\/nuevasgeneraciones.com.ar\\\/sitio\\\/wp-content\\\/uploads\\\/2023\\\/06\\\/logo-01.png\",\"contentUrl\":\"https:\\\/\\\/nuevasgeneraciones.com.ar\\\/sitio\\\/wp-content\\\/uploads\\\/2023\\\/06\\\/logo-01.png\",\"width\":593,\"height\":77,\"caption\":\"Fundaci\u00f3n Nuevas Generaciones\"},\"image\":{\"@id\":\"https:\\\/\\\/nuevasgeneraciones.com.ar\\\/sitio\\\/#\\\/schema\\\/logo\\\/image\\\/\"}}]}<\/script>\n<!-- \/ Yoast SEO plugin. -->","yoast_head_json":{"title":"Pol\u00edtica econ\u00f3mica - Fundaci\u00f3n Nuevas Generaciones","robots":{"index":"index","follow":"follow","max-snippet":"max-snippet:-1","max-image-preview":"max-image-preview:large","max-video-preview":"max-video-preview:-1"},"canonical":"https:\/\/nuevasgeneraciones.com.ar\/sitio\/politica-economica\/","og_locale":"es_ES","og_type":"article","og_title":"Pol\u00edtica econ\u00f3mica - Fundaci\u00f3n Nuevas Generaciones","og_description":"Pol\u00edtica econ\u00f3mica Equidad fiscal y servicios p\u00fablicos: Deducci\u00f3n \u00edntegra de gastos privados sustitutivos en el impuesto a las ganancias Esta propuesta de reforma del Impuesto a las Ganancias plantea permitir la deducci\u00f3n total de los gastos en salud y educaci\u00f3n privada que las familias asumen para suplir falencias de los servicios p\u00fablicos, eliminando la actual&hellip;&nbsp;","og_url":"https:\/\/nuevasgeneraciones.com.ar\/sitio\/politica-economica\/","og_site_name":"Fundaci\u00f3n Nuevas Generaciones","article_modified_time":"2025-12-30T17:19:37+00:00","twitter_card":"summary_large_image","twitter_misc":{"Tiempo de lectura":"13 minutos"},"schema":{"@context":"https:\/\/schema.org","@graph":[{"@type":"WebPage","@id":"https:\/\/nuevasgeneraciones.com.ar\/sitio\/politica-economica\/","url":"https:\/\/nuevasgeneraciones.com.ar\/sitio\/politica-economica\/","name":"Pol\u00edtica econ\u00f3mica - Fundaci\u00f3n Nuevas Generaciones","isPartOf":{"@id":"https:\/\/nuevasgeneraciones.com.ar\/sitio\/#website"},"datePublished":"2018-11-09T21:22:59+00:00","dateModified":"2025-12-30T17:19:37+00:00","breadcrumb":{"@id":"https:\/\/nuevasgeneraciones.com.ar\/sitio\/politica-economica\/#breadcrumb"},"inLanguage":"es-AR","potentialAction":[{"@type":"ReadAction","target":["https:\/\/nuevasgeneraciones.com.ar\/sitio\/politica-economica\/"]}]},{"@type":"BreadcrumbList","@id":"https:\/\/nuevasgeneraciones.com.ar\/sitio\/politica-economica\/#breadcrumb","itemListElement":[{"@type":"ListItem","position":1,"name":"Inicio","item":"https:\/\/nuevasgeneraciones.com.ar\/sitio\/"},{"@type":"ListItem","position":2,"name":"Pol\u00edtica econ\u00f3mica"}]},{"@type":"WebSite","@id":"https:\/\/nuevasgeneraciones.com.ar\/sitio\/#website","url":"https:\/\/nuevasgeneraciones.com.ar\/sitio\/","name":"Fundaci\u00f3n Nuevas Generaciones","description":"","publisher":{"@id":"https:\/\/nuevasgeneraciones.com.ar\/sitio\/#organization"},"potentialAction":[{"@type":"SearchAction","target":{"@type":"EntryPoint","urlTemplate":"https:\/\/nuevasgeneraciones.com.ar\/sitio\/?s={search_term_string}"},"query-input":{"@type":"PropertyValueSpecification","valueRequired":true,"valueName":"search_term_string"}}],"inLanguage":"es-AR"},{"@type":"Organization","@id":"https:\/\/nuevasgeneraciones.com.ar\/sitio\/#organization","name":"Fundaci\u00f3n Nuevas Generaciones","url":"https:\/\/nuevasgeneraciones.com.ar\/sitio\/","logo":{"@type":"ImageObject","inLanguage":"es-AR","@id":"https:\/\/nuevasgeneraciones.com.ar\/sitio\/#\/schema\/logo\/image\/","url":"https:\/\/nuevasgeneraciones.com.ar\/sitio\/wp-content\/uploads\/2023\/06\/logo-01.png","contentUrl":"https:\/\/nuevasgeneraciones.com.ar\/sitio\/wp-content\/uploads\/2023\/06\/logo-01.png","width":593,"height":77,"caption":"Fundaci\u00f3n Nuevas Generaciones"},"image":{"@id":"https:\/\/nuevasgeneraciones.com.ar\/sitio\/#\/schema\/logo\/image\/"}}]}},"_links":{"self":[{"href":"https:\/\/nuevasgeneraciones.com.ar\/sitio\/wp-json\/wp\/v2\/pages\/12396","targetHints":{"allow":["GET"]}}],"collection":[{"href":"https:\/\/nuevasgeneraciones.com.ar\/sitio\/wp-json\/wp\/v2\/pages"}],"about":[{"href":"https:\/\/nuevasgeneraciones.com.ar\/sitio\/wp-json\/wp\/v2\/types\/page"}],"author":[{"embeddable":true,"href":"https:\/\/nuevasgeneraciones.com.ar\/sitio\/wp-json\/wp\/v2\/users\/1"}],"replies":[{"embeddable":true,"href":"https:\/\/nuevasgeneraciones.com.ar\/sitio\/wp-json\/wp\/v2\/comments?post=12396"}],"version-history":[{"count":18,"href":"https:\/\/nuevasgeneraciones.com.ar\/sitio\/wp-json\/wp\/v2\/pages\/12396\/revisions"}],"predecessor-version":[{"id":20465,"href":"https:\/\/nuevasgeneraciones.com.ar\/sitio\/wp-json\/wp\/v2\/pages\/12396\/revisions\/20465"}],"wp:attachment":[{"href":"https:\/\/nuevasgeneraciones.com.ar\/sitio\/wp-json\/wp\/v2\/media?parent=12396"}],"curies":[{"name":"wp","href":"https:\/\/api.w.org\/{rel}","templated":true}]}}