{"id":12393,"date":"2018-11-09T18:13:47","date_gmt":"2018-11-09T21:13:47","guid":{"rendered":"http:\/\/nuevasgeneraciones.com.ar\/sitio\/?page_id=12393"},"modified":"2026-02-12T11:37:20","modified_gmt":"2026-02-12T11:37:20","slug":"ambiente-recursos-naturales-y-energia","status":"publish","type":"page","link":"https:\/\/nuevasgeneraciones.com.ar\/sitio\/ambiente-recursos-naturales-y-energia\/","title":{"rendered":"Ambiente, recursos naturales y energ\u00eda"},"content":{"rendered":"\t\t<div data-elementor-type=\"wp-page\" data-elementor-id=\"12393\" class=\"elementor elementor-12393\" data-elementor-post-type=\"page\">\n\t\t\t\t\t\t<section class=\"elementor-section elementor-top-section elementor-element elementor-element-38b67a1d elementor-section-full_width elementor-section-height-default elementor-section-height-default\" data-id=\"38b67a1d\" data-element_type=\"section\" data-e-type=\"section\" data-settings=\"{&quot;background_background&quot;:&quot;classic&quot;}\">\n\t\t\t\t\t\t<div class=\"elementor-container elementor-column-gap-default\">\n\t\t\t\t\t<div class=\"elementor-column elementor-col-33 elementor-top-column elementor-element elementor-element-308e7ab5\" data-id=\"308e7ab5\" data-element_type=\"column\" data-e-type=\"column\">\n\t\t\t<div class=\"elementor-widget-wrap\">\n\t\t\t\t\t\t\t<\/div>\n\t\t<\/div>\n\t\t\t\t<div class=\"elementor-column elementor-col-33 elementor-top-column elementor-element elementor-element-2eab9f12\" data-id=\"2eab9f12\" data-element_type=\"column\" data-e-type=\"column\">\n\t\t\t<div class=\"elementor-widget-wrap elementor-element-populated\">\n\t\t\t\t\t\t<div class=\"elementor-element elementor-element-16810a63 elementor-widget elementor-widget-text-editor\" data-id=\"16810a63\" data-element_type=\"widget\" data-e-type=\"widget\" data-widget_type=\"text-editor.default\">\n\t\t\t\t<div class=\"elementor-widget-container\">\n\t\t\t\t\t\t\t\t\t<h1>Ambiente, recursos naturales y energ\u00eda<\/h1>\t\t\t\t\t\t\t\t<\/div>\n\t\t\t\t<\/div>\n\t\t\t\t\t<\/div>\n\t\t<\/div>\n\t\t\t\t<div class=\"elementor-column elementor-col-33 elementor-top-column elementor-element elementor-element-95b9dda\" data-id=\"95b9dda\" data-element_type=\"column\" data-e-type=\"column\">\n\t\t\t<div class=\"elementor-widget-wrap\">\n\t\t\t\t\t\t\t<\/div>\n\t\t<\/div>\n\t\t\t\t\t<\/div>\n\t\t<\/section>\n\t\t\t\t<section class=\"elementor-section elementor-top-section elementor-element elementor-element-7e03d5e5 elementor-section-boxed elementor-section-height-default elementor-section-height-default\" data-id=\"7e03d5e5\" data-element_type=\"section\" data-e-type=\"section\">\n\t\t\t\t\t\t<div class=\"elementor-container elementor-column-gap-default\">\n\t\t\t\t\t<div class=\"elementor-column elementor-col-100 elementor-top-column elementor-element elementor-element-6110b9a6\" data-id=\"6110b9a6\" data-element_type=\"column\" data-e-type=\"column\">\n\t\t\t<div class=\"elementor-widget-wrap elementor-element-populated\">\n\t\t\t\t\t\t<div class=\"elementor-element elementor-element-41cf2483 elementor-widget elementor-widget-spacer\" data-id=\"41cf2483\" data-element_type=\"widget\" data-e-type=\"widget\" data-widget_type=\"spacer.default\">\n\t\t\t\t<div class=\"elementor-widget-container\">\n\t\t\t\t\t\t\t<div class=\"elementor-spacer\">\n\t\t\t<div class=\"elementor-spacer-inner\"><\/div>\n\t\t<\/div>\n\t\t\t\t\t\t<\/div>\n\t\t\t\t<\/div>\n\t\t\t\t\t<\/div>\n\t\t<\/div>\n\t\t\t\t\t<\/div>\n\t\t<\/section>\n\t\t\t\t<section class=\"elementor-section elementor-top-section elementor-element elementor-element-399da318 elementor-section-boxed elementor-section-height-default elementor-section-height-default\" data-id=\"399da318\" data-element_type=\"section\" data-e-type=\"section\">\n\t\t\t\t\t\t<div class=\"elementor-container elementor-column-gap-default\">\n\t\t\t\t\t<div class=\"elementor-column elementor-col-33 elementor-top-column elementor-element elementor-element-7e33ff4b\" data-id=\"7e33ff4b\" data-element_type=\"column\" data-e-type=\"column\">\n\t\t\t<div class=\"elementor-widget-wrap\">\n\t\t\t\t\t\t\t<\/div>\n\t\t<\/div>\n\t\t\t\t<div class=\"elementor-column elementor-col-33 elementor-top-column elementor-element elementor-element-13187160\" data-id=\"13187160\" data-element_type=\"column\" data-e-type=\"column\">\n\t\t\t<div class=\"elementor-widget-wrap elementor-element-populated\">\n\t\t\t\t\t\t<div class=\"elementor-element elementor-element-5f8ab2f7 elementor-widget elementor-widget-elementskit-accordion\" data-id=\"5f8ab2f7\" data-element_type=\"widget\" data-e-type=\"widget\" data-widget_type=\"elementskit-accordion.default\">\n\t\t\t\t<div class=\"elementor-widget-container\">\n\t\t\t\t\t<div class=\"ekit-wid-con\" >\n        <div class=\"elementskit-accordion accoedion-primary\" id=\"accordion-69f1b81e4204a\">\n\n            \n                <div class=\"elementskit-card \">\n                    <div class=\"elementskit-card-header\" id=\"primaryHeading-0-5f8ab2f7\">\n                        <a href=\"#collapse-35c8fe469f1b81e4204a\" class=\"ekit-accordion--toggler elementskit-btn-link collapsed\" data-ekit-toggle=\"collapse\" data-target=\"#Collapse-35c8fe469f1b81e4204a\" aria-expanded=\"false\" aria-controls=\"Collapse-35c8fe469f1b81e4204a\">\n                            \n                            <span class=\"ekit-accordion-title\">Hacia un sistema nacional de gesti\u00f3n de riesgos clim\u00e1ticos<\/span>\n\n                            \n                                <div class=\"ekit_accordion_icon_group\">\n                                    <div class=\"ekit_accordion_normal_icon\">\n                                        <!-- Normal Icon -->\n\t\t\t\t\t\t\t\t\t\t<i class=\"icon icon-plus\"><\/i>                                    <\/div>\n\n                                    <div class=\"ekit_accordion_active_icon\">\n                                        <!-- Active Icon -->\n\t\t\t\t\t\t\t\t\t\t<i class=\"icon icon-minus\"><\/i>                                    <\/div>\n                                <\/div>\n\n                            \n                                                    <\/a>\n                    <\/div>\n\n                    <div id=\"Collapse-35c8fe469f1b81e4204a\" class=\" collapse\" aria-labelledby=\"primaryHeading-0-5f8ab2f7\" data-parent=\"#accordion-69f1b81e4204a\">\n\n                        <div class=\"elementskit-card-body ekit-accordion--content\">\n                            <p>Ante el aumento de incendios forestales en Argentina, este trabajo propone la creaci\u00f3n de un Sistema Nacional de Gesti\u00f3n de Riesgos Clim\u00e1ticos como pol\u00edtica p\u00fablica federal para prevenir y responder eficazmente a eventos clim\u00e1ticos extremos, cada vez m\u00e1s recurrentes. El sistema integra monitoreo satelital, alertas tempranas automatizadas, brigadas de despliegue r\u00e1pido y un fondo de emergencia de activaci\u00f3n autom\u00e1tica que elimina demoras pol\u00edticas, fortaleciendo la prevenci\u00f3n local y la coordinaci\u00f3n interjurisdiccional. Su objetivo es reducir p\u00e9rdidas humanas, econ\u00f3micas y ambientales mediante una respuesta t\u00e9cnica, r\u00e1pida y basada en evidencia.<\/p><p>\u00a0<\/p><p><a class=\"btn btn-danger btn-sm\" href=\"https:\/\/nuevasgeneraciones.com.ar\/sitio\/wp-content\/uploads\/documentos3\/_archivo\/2025\/NG-PP418-Sistema-nacional-gestion-riesgos-climaticos-ENE2026.pdf?418\" target=\"_blank\" rel=\"noopener\">Descargar<\/a><\/p>                        <\/div>\n\n                    <\/div>\n\n                <\/div><!-- .elementskit-card END -->\n\n                \n                <div class=\"elementskit-card \">\n                    <div class=\"elementskit-card-header\" id=\"primaryHeading-1-5f8ab2f7\">\n                        <a href=\"#collapse-867c25b69f1b81e4204a\" class=\"ekit-accordion--toggler elementskit-btn-link collapsed\" data-ekit-toggle=\"collapse\" data-target=\"#Collapse-867c25b69f1b81e4204a\" aria-expanded=\"false\" aria-controls=\"Collapse-867c25b69f1b81e4204a\">\n                            \n                            <span class=\"ekit-accordion-title\">An\u00e1lisis y reforma del r\u00e9gimen de biocombustibles en Argentina<\/span>\n\n                            \n                                <div class=\"ekit_accordion_icon_group\">\n                                    <div class=\"ekit_accordion_normal_icon\">\n                                        <!-- Normal Icon -->\n\t\t\t\t\t\t\t\t\t\t<i class=\"icon icon-plus\"><\/i>                                    <\/div>\n\n                                    <div class=\"ekit_accordion_active_icon\">\n                                        <!-- Active Icon -->\n\t\t\t\t\t\t\t\t\t\t<i class=\"icon icon-minus\"><\/i>                                    <\/div>\n                                <\/div>\n\n                            \n                                                    <\/a>\n                    <\/div>\n\n                    <div id=\"Collapse-867c25b69f1b81e4204a\" class=\" collapse\" aria-labelledby=\"primaryHeading-1-5f8ab2f7\" data-parent=\"#accordion-69f1b81e4204a\">\n\n                        <div class=\"elementskit-card-body ekit-accordion--content\">\n                            <p>En este trabajo presentamos un an\u00e1lisis sobre el actual sistema de biocombustibles en Argentina y la normativa que lo regula. En \u00e9l se analiza la actual ley 27.640 y la propuesta de reforma recientemente impulsada por la \u201cLiga de Provincias Bioenerg\u00e9ticas\u201d, y se realizan una serie de recomendaciones para desregular los precios, aumentar el uso de biocombustibles y fomentar un mercado libre que promueva la inversi\u00f3n y el desarrollo de este tipo de combustibles en nuestra regi\u00f3n.<\/p><p>\u00a0<\/p><p><a class=\"btn btn-danger btn-sm\" href=\"https:\/\/nuevasgeneraciones.com.ar\/sitio\/wp-content\/uploads\/documentos3\/_archivo\/2024\/NG-PP402-Biocombustibles-SEP2024.pdf?402\" target=\"_blank\" rel=\"noopener\">Descargar<\/a><\/p>                        <\/div>\n\n                    <\/div>\n\n                <\/div><!-- .elementskit-card END -->\n\n                \n                <div class=\"elementskit-card \">\n                    <div class=\"elementskit-card-header\" id=\"primaryHeading-2-5f8ab2f7\">\n                        <a href=\"#collapse-b2f0df569f1b81e4204a\" class=\"ekit-accordion--toggler elementskit-btn-link collapsed\" data-ekit-toggle=\"collapse\" data-target=\"#Collapse-b2f0df569f1b81e4204a\" aria-expanded=\"false\" aria-controls=\"Collapse-b2f0df569f1b81e4204a\">\n                            \n                            <span class=\"ekit-accordion-title\">El cambio clim\u00e1tico y el sector agroindustrial<\/span>\n\n                            \n                                <div class=\"ekit_accordion_icon_group\">\n                                    <div class=\"ekit_accordion_normal_icon\">\n                                        <!-- Normal Icon -->\n\t\t\t\t\t\t\t\t\t\t<i class=\"icon icon-plus\"><\/i>                                    <\/div>\n\n                                    <div class=\"ekit_accordion_active_icon\">\n                                        <!-- Active Icon -->\n\t\t\t\t\t\t\t\t\t\t<i class=\"icon icon-minus\"><\/i>                                    <\/div>\n                                <\/div>\n\n                            \n                                                    <\/a>\n                    <\/div>\n\n                    <div id=\"Collapse-b2f0df569f1b81e4204a\" class=\" collapse\" aria-labelledby=\"primaryHeading-2-5f8ab2f7\" data-parent=\"#accordion-69f1b81e4204a\">\n\n                        <div class=\"elementskit-card-body ekit-accordion--content\">\n                            <p>En Argentina, aproximadamente el 37% de las emisiones de GEI est\u00e1n vinculadas a la actividad agropecuaria y ganadera. No obstante, la importancia econ\u00f3mica que tiene el sector agroindustrial en un pa\u00eds como el nuestro se refleja en el dinamismo que le imprime a la econom\u00eda nacional en general. En la presente pol\u00edtica p\u00fablica proponemos un plan de acci\u00f3n basado en tres propuestas que incentiven al sector productivo a producir de manera m\u00e1s sustentable, aumentando sus vol\u00famenes de rendimiento.<\/p><p>\u00a0<\/p><p><a class=\"btn btn-danger btn-sm\" href=\"https:\/\/nuevasgeneraciones.com.ar\/sitio\/wp-content\/uploads\/documentos3\/_archivo\/2023\/NG-PP391-el-cambio-climatico-sector-agroindustrial-NOV2023.pdf?391\" target=\"_blank\" rel=\"noopener\">Descargar<\/a><\/p>                        <\/div>\n\n                    <\/div>\n\n                <\/div><!-- .elementskit-card END -->\n\n                \n                <div class=\"elementskit-card \">\n                    <div class=\"elementskit-card-header\" id=\"primaryHeading-3-5f8ab2f7\">\n                        <a href=\"#collapse-da6988a69f1b81e4204a\" class=\"ekit-accordion--toggler elementskit-btn-link collapsed\" data-ekit-toggle=\"collapse\" data-target=\"#Collapse-da6988a69f1b81e4204a\" aria-expanded=\"false\" aria-controls=\"Collapse-da6988a69f1b81e4204a\">\n                            \n                            <span class=\"ekit-accordion-title\">Uso sostenible de los recursos h\u00eddricos en la agricultura argentina<\/span>\n\n                            \n                                <div class=\"ekit_accordion_icon_group\">\n                                    <div class=\"ekit_accordion_normal_icon\">\n                                        <!-- Normal Icon -->\n\t\t\t\t\t\t\t\t\t\t<i class=\"icon icon-plus\"><\/i>                                    <\/div>\n\n                                    <div class=\"ekit_accordion_active_icon\">\n                                        <!-- Active Icon -->\n\t\t\t\t\t\t\t\t\t\t<i class=\"icon icon-minus\"><\/i>                                    <\/div>\n                                <\/div>\n\n                            \n                                                    <\/a>\n                    <\/div>\n\n                    <div id=\"Collapse-da6988a69f1b81e4204a\" class=\" collapse\" aria-labelledby=\"primaryHeading-3-5f8ab2f7\" data-parent=\"#accordion-69f1b81e4204a\">\n\n                        <div class=\"elementskit-card-body ekit-accordion--content\">\n                            <p>Solamente el 3% del agua en el mundo es dulce, y de ese escaso volumen, el 70% es destinado a la agricultura. Por lo tanto, nos encontramos frente a un recurso escaso, pero que a su vez es necesario para el desarrollo econ\u00f3mico y social. Por lo tanto, pa\u00edses agropecuarios como el nuestro deben incrementar sus esfuerzos en la gesti\u00f3n de los recursos h\u00eddricos, procurando mayor eficiencia en la producci\u00f3n, utilizando menos agua, y cuidando toda la que sea necesario utilizar. Frente a esta realidad, en el presente trabajo proponemos la implementaci\u00f3n de un plan para el uso sostenible de los recursos h\u00eddricos en nuestro pa\u00eds, que re\u00fane diversas propuestas y recomendaciones de acci\u00f3n en la materia.<\/p><p>\u00a0<\/p><p><a class=\"btn btn-danger btn-sm\" href=\"https:\/\/nuevasgeneraciones.com.ar\/sitio\/wp-content\/uploads\/documentos3\/_archivo\/2023\/NG-PP390-Uso-sostenible-recursos-hidricos-agricultura-argentina-SEP2023.pdf?390\" target=\"_blank\" rel=\"noopener\">Descargar<\/a><\/p>                        <\/div>\n\n                    <\/div>\n\n                <\/div><!-- .elementskit-card END -->\n\n                \n                <div class=\"elementskit-card \">\n                    <div class=\"elementskit-card-header\" id=\"primaryHeading-4-5f8ab2f7\">\n                        <a href=\"#collapse-72c615269f1b81e4204a\" class=\"ekit-accordion--toggler elementskit-btn-link collapsed\" data-ekit-toggle=\"collapse\" data-target=\"#Collapse-72c615269f1b81e4204a\" aria-expanded=\"false\" aria-controls=\"Collapse-72c615269f1b81e4204a\">\n                            \n                            <span class=\"ekit-accordion-title\">Deforestaci\u00f3n: el etiquetado como freno a la degradaci\u00f3n<\/span>\n\n                            \n                                <div class=\"ekit_accordion_icon_group\">\n                                    <div class=\"ekit_accordion_normal_icon\">\n                                        <!-- Normal Icon -->\n\t\t\t\t\t\t\t\t\t\t<i class=\"icon icon-plus\"><\/i>                                    <\/div>\n\n                                    <div class=\"ekit_accordion_active_icon\">\n                                        <!-- Active Icon -->\n\t\t\t\t\t\t\t\t\t\t<i class=\"icon icon-minus\"><\/i>                                    <\/div>\n                                <\/div>\n\n                            \n                                                    <\/a>\n                    <\/div>\n\n                    <div id=\"Collapse-72c615269f1b81e4204a\" class=\" collapse\" aria-labelledby=\"primaryHeading-4-5f8ab2f7\" data-parent=\"#accordion-69f1b81e4204a\">\n\n                        <div class=\"elementskit-card-body ekit-accordion--content\">\n                            <p>La degradaci\u00f3n de nuestros suelos producto de la deforestaci\u00f3n trae aparejado enormes consecuencias sobre el ambiente. Parte de dicha problem\u00e1tica proviene de la ausencia de pol\u00edticas p\u00fablicas que permitan generar los incentivos correctos para modificar la tendencia y proteger los suelos y bosques. A fin de brindar una herramienta que vaya en dicha l\u00ednea, en el presente trabajo proponemos una ley de etiquetado de productos libres de deforestaci\u00f3n, que permita brindar m\u00e1s informaci\u00f3n al consumidor e incentivar al productor a llevar adelantes buenas pr\u00e1cticas, que le permitan alcanzar un mejor posicionamiento en el mercado.<br \/><br \/><br \/><a class=\"btn btn-danger btn-sm\" href=\"https:\/\/nuevasgeneraciones.com.ar\/sitio\/wp-content\/uploads\/documentos3\/_archivo\/2023\/NG-PP383-Deforestacion-FEB2023.pdf?PP383\" target=\"_blank\" rel=\"noopener\">Descargar<\/a><\/p>                        <\/div>\n\n                    <\/div>\n\n                <\/div><!-- .elementskit-card END -->\n\n                \n                <div class=\"elementskit-card \">\n                    <div class=\"elementskit-card-header\" id=\"primaryHeading-5-5f8ab2f7\">\n                        <a href=\"#collapse-55a777669f1b81e4204a\" class=\"ekit-accordion--toggler elementskit-btn-link collapsed\" data-ekit-toggle=\"collapse\" data-target=\"#Collapse-55a777669f1b81e4204a\" aria-expanded=\"false\" aria-controls=\"Collapse-55a777669f1b81e4204a\">\n                            \n                            <span class=\"ekit-accordion-title\">Biomasa: el potencial energ\u00e9tico de los pellets<\/span>\n\n                            \n                                <div class=\"ekit_accordion_icon_group\">\n                                    <div class=\"ekit_accordion_normal_icon\">\n                                        <!-- Normal Icon -->\n\t\t\t\t\t\t\t\t\t\t<i class=\"icon icon-plus\"><\/i>                                    <\/div>\n\n                                    <div class=\"ekit_accordion_active_icon\">\n                                        <!-- Active Icon -->\n\t\t\t\t\t\t\t\t\t\t<i class=\"icon icon-minus\"><\/i>                                    <\/div>\n                                <\/div>\n\n                            \n                                                    <\/a>\n                    <\/div>\n\n                    <div id=\"Collapse-55a777669f1b81e4204a\" class=\" collapse\" aria-labelledby=\"primaryHeading-5-5f8ab2f7\" data-parent=\"#accordion-69f1b81e4204a\">\n\n                        <div class=\"elementskit-card-body ekit-accordion--content\">\n                            <p>La guerra en Ucrania ha dificultado el suministro y elevado sensiblemente los precios de dos activos, a\u00fan claves, para la producci\u00f3n de energ\u00eda: el gas y el petr\u00f3leo. Esta crisis ha llevado al mundo a profundizar la puesta en pr\u00e1ctica de alternativas para el adecuado abastecimiento energ\u00e9tico. En este sentido, es v\u00e1lido pensar en energ\u00edas verdes en las que, afortunadamente, Argentina tiene un gran potencial para la producci\u00f3n de energ\u00eda (electricidad y calor). En este caso, nos referiremos a los pellets, sus procesos, sus oportunidades, y sus beneficios.<br \/><br \/><br \/><a class=\"btn btn-danger btn-sm\" href=\"https:\/\/nuevasgeneraciones.com.ar\/sitio\/wp-content\/uploads\/documentos3\/_archivo\/2022\/NG-PP380-Potencial-energetico-pellets-DIC2022.pdf?PP378\" target=\"_blank\" rel=\"noopener\">Descargar<\/a><\/p>                        <\/div>\n\n                    <\/div>\n\n                <\/div><!-- .elementskit-card END -->\n\n                \n                <div class=\"elementskit-card \">\n                    <div class=\"elementskit-card-header\" id=\"primaryHeading-6-5f8ab2f7\">\n                        <a href=\"#collapse-97ed3f069f1b81e4204a\" class=\"ekit-accordion--toggler elementskit-btn-link collapsed\" data-ekit-toggle=\"collapse\" data-target=\"#Collapse-97ed3f069f1b81e4204a\" aria-expanded=\"false\" aria-controls=\"Collapse-97ed3f069f1b81e4204a\">\n                            \n                            <span class=\"ekit-accordion-title\">Recursos h\u00eddricos en peligro: \u00bfqu\u00e9 sucede en Argentina?<\/span>\n\n                            \n                                <div class=\"ekit_accordion_icon_group\">\n                                    <div class=\"ekit_accordion_normal_icon\">\n                                        <!-- Normal Icon -->\n\t\t\t\t\t\t\t\t\t\t<i class=\"icon icon-plus\"><\/i>                                    <\/div>\n\n                                    <div class=\"ekit_accordion_active_icon\">\n                                        <!-- Active Icon -->\n\t\t\t\t\t\t\t\t\t\t<i class=\"icon icon-minus\"><\/i>                                    <\/div>\n                                <\/div>\n\n                            \n                                                    <\/a>\n                    <\/div>\n\n                    <div id=\"Collapse-97ed3f069f1b81e4204a\" class=\" collapse\" aria-labelledby=\"primaryHeading-6-5f8ab2f7\" data-parent=\"#accordion-69f1b81e4204a\">\n\n                        <div class=\"elementskit-card-body ekit-accordion--content\">\n                            <p>Los recursos h\u00eddricos representan un recurso de vital importancia para la supervivencia humana y la de todo el ecosistema vigente, es por ello que su preservaci\u00f3n y cuidado deben ser una pol\u00edtica de Estado. Dentro de nuestro territorio existen varios cuerpos de agua que son fundamentales para la sociedad que vive aleda\u00f1a a dicho lugar. Sin embargo, faltan determinadas pol\u00edticas p\u00fablicas que promuevan su cuidado o un saneamiento efectivo. Aqu\u00ed desarrollaremos algunas de ellas.<br \/><br \/><br \/><a class=\"btn btn-danger btn-sm\" href=\"https:\/\/nuevasgeneraciones.com.ar\/sitio\/wp-content\/uploads\/documentos3\/_archivo\/2022\/NG-PP378-Recursos-hidricos-en-peligro-NOV2022.pdf?PP378\" target=\"_blank\" rel=\"noopener\">Descargar<\/a><\/p>                        <\/div>\n\n                    <\/div>\n\n                <\/div><!-- .elementskit-card END -->\n\n                \n                <div class=\"elementskit-card \">\n                    <div class=\"elementskit-card-header\" id=\"primaryHeading-7-5f8ab2f7\">\n                        <a href=\"#collapse-4b4e96669f1b81e4204a\" class=\"ekit-accordion--toggler elementskit-btn-link collapsed\" data-ekit-toggle=\"collapse\" data-target=\"#Collapse-4b4e96669f1b81e4204a\" aria-expanded=\"false\" aria-controls=\"Collapse-4b4e96669f1b81e4204a\">\n                            \n                            <span class=\"ekit-accordion-title\">Energ\u00eda solar: Una herramienta vital para la generaci\u00f3n de energ\u00eda limpia<\/span>\n\n                            \n                                <div class=\"ekit_accordion_icon_group\">\n                                    <div class=\"ekit_accordion_normal_icon\">\n                                        <!-- Normal Icon -->\n\t\t\t\t\t\t\t\t\t\t<i class=\"icon icon-plus\"><\/i>                                    <\/div>\n\n                                    <div class=\"ekit_accordion_active_icon\">\n                                        <!-- Active Icon -->\n\t\t\t\t\t\t\t\t\t\t<i class=\"icon icon-minus\"><\/i>                                    <\/div>\n                                <\/div>\n\n                            \n                                                    <\/a>\n                    <\/div>\n\n                    <div id=\"Collapse-4b4e96669f1b81e4204a\" class=\" collapse\" aria-labelledby=\"primaryHeading-7-5f8ab2f7\" data-parent=\"#accordion-69f1b81e4204a\">\n\n                        <div class=\"elementskit-card-body ekit-accordion--content\">\n                            <p>El cambio clim\u00e1tico ha llevado a buscar nuevas alternativas para la producci\u00f3n de energ\u00eda limpia. La energ\u00eda solar captada a trav\u00e9s de paneles solares representa una gran oportunidad para llevar a cabo una transici\u00f3n energ\u00e9tica limpia. El presente trabajo tiene como objetivo analizar el funcionamiento de la energ\u00eda solar como producci\u00f3n limpia, como as\u00ed tambi\u00e9n conocer las ventajas y desventajas que tiene su implementaci\u00f3n como nueva forma de generaci\u00f3n. Asimismo, se analizar\u00e1 la aplicaci\u00f3n de energ\u00eda solar en los servicios p\u00fablicos y su impacto en las ciudades que tengan como objetivo reducir su huella de carbono en sus jurisdicciones.<br \/><br \/><br \/><a class=\"btn btn-danger btn-sm\" href=\"https:\/\/nuevasgeneraciones.com.ar\/sitio\/wp-content\/uploads\/documentos3\/_archivo\/2022\/NG-PP376-Energia-solar-OCT2022.pdf?PP376\" target=\"_blank\" rel=\"noopener\">Descargar<\/a><\/p>                        <\/div>\n\n                    <\/div>\n\n                <\/div><!-- .elementskit-card END -->\n\n                \n                <div class=\"elementskit-card \">\n                    <div class=\"elementskit-card-header\" id=\"primaryHeading-8-5f8ab2f7\">\n                        <a href=\"#collapse-74eab5069f1b81e4204a\" class=\"ekit-accordion--toggler elementskit-btn-link collapsed\" data-ekit-toggle=\"collapse\" data-target=\"#Collapse-74eab5069f1b81e4204a\" aria-expanded=\"false\" aria-controls=\"Collapse-74eab5069f1b81e4204a\">\n                            \n                            <span class=\"ekit-accordion-title\">Seguridad alimentaria: desde una mirada medioambiental<\/span>\n\n                            \n                                <div class=\"ekit_accordion_icon_group\">\n                                    <div class=\"ekit_accordion_normal_icon\">\n                                        <!-- Normal Icon -->\n\t\t\t\t\t\t\t\t\t\t<i class=\"icon icon-plus\"><\/i>                                    <\/div>\n\n                                    <div class=\"ekit_accordion_active_icon\">\n                                        <!-- Active Icon -->\n\t\t\t\t\t\t\t\t\t\t<i class=\"icon icon-minus\"><\/i>                                    <\/div>\n                                <\/div>\n\n                            \n                                                    <\/a>\n                    <\/div>\n\n                    <div id=\"Collapse-74eab5069f1b81e4204a\" class=\" collapse\" aria-labelledby=\"primaryHeading-8-5f8ab2f7\" data-parent=\"#accordion-69f1b81e4204a\">\n\n                        <div class=\"elementskit-card-body ekit-accordion--content\">\n                            <p>La seguridad alimentaria se ha convertido en una de las metas m\u00e1s importante que los Estados pretenden lograr para alcanzar el objetivo de \u201cHambre Cero\u201d en 2030. Sin embargo, se presenta el desaf\u00edo de abordar esta problem\u00e1tica desde una perspectiva que tenga en cuenta el cuidado del medio ambiente, a fin de buscar soluciones que no solamente satisfagan necesidades de la poblaci\u00f3n, sino que tambi\u00e9n sean saludables para el organismo, y cuidadosas con el ambiente. Aqu\u00ed se desarrollan las principales problem\u00e1ticas y pol\u00edticas que hoy se est\u00e1n discutiendo e implementando a nivel global.<br \/><br \/><br \/><a class=\"btn btn-danger btn-sm\" href=\"https:\/\/nuevasgeneraciones.com.ar\/sitio\/wp-content\/uploads\/documentos3\/_archivo\/2022\/NG-PP373-Seguridad-alimentaria-SEP2022.pdf?PP373\" target=\"_blank\" rel=\"noopener\">Descargar<\/a><\/p>                        <\/div>\n\n                    <\/div>\n\n                <\/div><!-- .elementskit-card END -->\n\n                \n                <div class=\"elementskit-card \">\n                    <div class=\"elementskit-card-header\" id=\"primaryHeading-9-5f8ab2f7\">\n                        <a href=\"#collapse-673e70b69f1b81e4204a\" class=\"ekit-accordion--toggler elementskit-btn-link collapsed\" data-ekit-toggle=\"collapse\" data-target=\"#Collapse-673e70b69f1b81e4204a\" aria-expanded=\"false\" aria-controls=\"Collapse-673e70b69f1b81e4204a\">\n                            \n                            <span class=\"ekit-accordion-title\">Conferencia de las Partes (COP): una oportunidad para la cooperaci\u00f3n global<\/span>\n\n                            \n                                <div class=\"ekit_accordion_icon_group\">\n                                    <div class=\"ekit_accordion_normal_icon\">\n                                        <!-- Normal Icon -->\n\t\t\t\t\t\t\t\t\t\t<i class=\"icon icon-plus\"><\/i>                                    <\/div>\n\n                                    <div class=\"ekit_accordion_active_icon\">\n                                        <!-- Active Icon -->\n\t\t\t\t\t\t\t\t\t\t<i class=\"icon icon-minus\"><\/i>                                    <\/div>\n                                <\/div>\n\n                            \n                                                    <\/a>\n                    <\/div>\n\n                    <div id=\"Collapse-673e70b69f1b81e4204a\" class=\" collapse\" aria-labelledby=\"primaryHeading-9-5f8ab2f7\" data-parent=\"#accordion-69f1b81e4204a\">\n\n                        <div class=\"elementskit-card-body ekit-accordion--content\">\n                            <p>El presente trabajo tiene como objetivo explicar la funci\u00f3n que cumple la Conferencia de las Partes, en el marco de la lucha contra el cambio clim\u00e1tico. Como as\u00ed tambi\u00e9n explicar su importancia a nivel mundial y lo que representan las tem\u00e1ticas abordadas en la agenda de cada pa\u00eds, puesto que las recomendaciones y compromisos que se asumen, forman parte de pol\u00edticas p\u00fablicas implementadas en cada uno de los Estados Partes.<br \/><br \/><br \/><a class=\"btn btn-danger btn-sm\" href=\"https:\/\/nuevasgeneraciones.com.ar\/sitio\/wp-content\/uploads\/documentos3\/_archivo\/2022\/NG-PP372-COP-Conferencia-de-las-Partes-AGO2022.pdf?PP372\" target=\"_blank\" rel=\"noopener\">Descargar<\/a><\/p>                        <\/div>\n\n                    <\/div>\n\n                <\/div><!-- .elementskit-card END -->\n\n                \n                <div class=\"elementskit-card \">\n                    <div class=\"elementskit-card-header\" id=\"primaryHeading-10-5f8ab2f7\">\n                        <a href=\"#collapse-c621c3a69f1b81e4204a\" class=\"ekit-accordion--toggler elementskit-btn-link collapsed\" data-ekit-toggle=\"collapse\" data-target=\"#Collapse-c621c3a69f1b81e4204a\" aria-expanded=\"false\" aria-controls=\"Collapse-c621c3a69f1b81e4204a\">\n                            \n                            <span class=\"ekit-accordion-title\">Oasis t\u00e9rmicos: adaptaci\u00f3n paras las ciudades del futuro<\/span>\n\n                            \n                                <div class=\"ekit_accordion_icon_group\">\n                                    <div class=\"ekit_accordion_normal_icon\">\n                                        <!-- Normal Icon -->\n\t\t\t\t\t\t\t\t\t\t<i class=\"icon icon-plus\"><\/i>                                    <\/div>\n\n                                    <div class=\"ekit_accordion_active_icon\">\n                                        <!-- Active Icon -->\n\t\t\t\t\t\t\t\t\t\t<i class=\"icon icon-minus\"><\/i>                                    <\/div>\n                                <\/div>\n\n                            \n                                                    <\/a>\n                    <\/div>\n\n                    <div id=\"Collapse-c621c3a69f1b81e4204a\" class=\" collapse\" aria-labelledby=\"primaryHeading-10-5f8ab2f7\" data-parent=\"#accordion-69f1b81e4204a\">\n\n                        <div class=\"elementskit-card-body ekit-accordion--content\">\n                            <p>El calentamiento global, como producto de las actividades del hombre, deja sus huellas en cada rinc\u00f3n de tierra, pero su impacto ha comenzado a sentirse con mayor fuerza en las grandes urbes. Es por ello que, los dise\u00f1os de las ciudades, tal como hoy los conocemos, deben modificarse y adaptarse a estas nuevas temperaturas, a fin de lograr \u00e1mbitos m\u00e1s amigables con la vida al aire libre. Aqu\u00ed revisamos cu\u00e1les son las pol\u00edticas que pueden implementarse para llevar adelante dicha transformaci\u00f3n.<br \/><br \/><br \/><a class=\"btn btn-danger btn-sm\" href=\"https:\/\/nuevasgeneraciones.com.ar\/sitio\/wp-content\/uploads\/documentos3\/_archivo\/2022\/NG-PP371-Oasis-termicos-para-las-ciudades-del-futuro-AGO2022.pdf?PP371\" target=\"_blank\" rel=\"noopener\">Descargar<\/a><\/p>                        <\/div>\n\n                    <\/div>\n\n                <\/div><!-- .elementskit-card END -->\n\n                \n                <div class=\"elementskit-card \">\n                    <div class=\"elementskit-card-header\" id=\"primaryHeading-11-5f8ab2f7\">\n                        <a href=\"#collapse-27f671069f1b81e4204a\" class=\"ekit-accordion--toggler elementskit-btn-link collapsed\" data-ekit-toggle=\"collapse\" data-target=\"#Collapse-27f671069f1b81e4204a\" aria-expanded=\"false\" aria-controls=\"Collapse-27f671069f1b81e4204a\">\n                            \n                            <span class=\"ekit-accordion-title\">Energ\u00eda hidroel\u00e9ctrica: impacto ambiental de su implementaci\u00f3n<\/span>\n\n                            \n                                <div class=\"ekit_accordion_icon_group\">\n                                    <div class=\"ekit_accordion_normal_icon\">\n                                        <!-- Normal Icon -->\n\t\t\t\t\t\t\t\t\t\t<i class=\"icon icon-plus\"><\/i>                                    <\/div>\n\n                                    <div class=\"ekit_accordion_active_icon\">\n                                        <!-- Active Icon -->\n\t\t\t\t\t\t\t\t\t\t<i class=\"icon icon-minus\"><\/i>                                    <\/div>\n                                <\/div>\n\n                            \n                                                    <\/a>\n                    <\/div>\n\n                    <div id=\"Collapse-27f671069f1b81e4204a\" class=\" collapse\" aria-labelledby=\"primaryHeading-11-5f8ab2f7\" data-parent=\"#accordion-69f1b81e4204a\">\n\n                        <div class=\"elementskit-card-body ekit-accordion--content\">\n                            <p>El cambio clim\u00e1tico ha llevado a los pa\u00edses a buscar nuevas alternativas para la producci\u00f3n de energ\u00eda, y las hidroel\u00e9ctricas constituyen una oportunidad sostenible para ello. Sin embargo, uno de los factores que impide impulsar una transici\u00f3n energ\u00e9tica equitativa y sustentable, es la falta de informaci\u00f3n sobre el impacto ambiental de las grandes hidroel\u00e9ctricas.<br \/>Argentina enfrenta el gran desaf\u00edo de la transici\u00f3n energ\u00e9tica, pero para que este proceso resulte viable y equitativo, deber\u00e1 contemplar el costo ambiental y el social. Por ello aqu\u00ed se desarrollan los principales par\u00e1metros a tener en cuenta para dicha transici\u00f3n.<br \/><br \/><br \/><a class=\"btn btn-danger btn-sm\" href=\"https:\/\/nuevasgeneraciones.com.ar\/sitio\/wp-content\/uploads\/documentos3\/_archivo\/2022\/NG-PP370-Hidroelectricas-JUL2022.pdf?PP370\" target=\"_blank\" rel=\"noopener\">Descargar<\/a><\/p>                        <\/div>\n\n                    <\/div>\n\n                <\/div><!-- .elementskit-card END -->\n\n                \n                <div class=\"elementskit-card \">\n                    <div class=\"elementskit-card-header\" id=\"primaryHeading-12-5f8ab2f7\">\n                        <a href=\"#collapse-f56540269f1b81e4204a\" class=\"ekit-accordion--toggler elementskit-btn-link collapsed\" data-ekit-toggle=\"collapse\" data-target=\"#Collapse-f56540269f1b81e4204a\" aria-expanded=\"false\" aria-controls=\"Collapse-f56540269f1b81e4204a\">\n                            \n                            <span class=\"ekit-accordion-title\">Hidr\u00f3geno verde: transici\u00f3n energ\u00e9tica como estrategia nacional<\/span>\n\n                            \n                                <div class=\"ekit_accordion_icon_group\">\n                                    <div class=\"ekit_accordion_normal_icon\">\n                                        <!-- Normal Icon -->\n\t\t\t\t\t\t\t\t\t\t<i class=\"icon icon-plus\"><\/i>                                    <\/div>\n\n                                    <div class=\"ekit_accordion_active_icon\">\n                                        <!-- Active Icon -->\n\t\t\t\t\t\t\t\t\t\t<i class=\"icon icon-minus\"><\/i>                                    <\/div>\n                                <\/div>\n\n                            \n                                                    <\/a>\n                    <\/div>\n\n                    <div id=\"Collapse-f56540269f1b81e4204a\" class=\" collapse\" aria-labelledby=\"primaryHeading-12-5f8ab2f7\" data-parent=\"#accordion-69f1b81e4204a\">\n\n                        <div class=\"elementskit-card-body ekit-accordion--content\">\n                            <p>La lucha contra el cambio clim\u00e1tico ha permitido a los pa\u00edses rever sus pol\u00edticas energ\u00e9ticas para que resulten sustentables. En el marco de esta transici\u00f3n, el hidr\u00f3geno verde (H2V) representa una alternativa para producir energ\u00eda no contaminante, de modo altamente sustentable y rentable.<br \/>Nuestro pa\u00eds posee los recursos naturales necesarios para llevar adelante dicha empresa. No obstante, para posicionarse como productor y exportador de energ\u00edas limpias requiere en forma urgente de un marco normativo de amplio espectro que regule la producci\u00f3n de hidr\u00f3geno verde, la inversi\u00f3n de capitales extranjeros y el empleo de los recursos naturales que conllevan su elaboraci\u00f3n.<br \/><br \/><br \/><a class=\"btn btn-danger btn-sm\" href=\"https:\/\/nuevasgeneraciones.com.ar\/sitio\/wp-content\/uploads\/documentos3\/_archivo\/2022\/NG-PP368-Hidrogeno-Verde-JUN2022.pdf?PP368\" target=\"_blank\" rel=\"noopener\">Descargar<\/a><\/p>                        <\/div>\n\n                    <\/div>\n\n                <\/div><!-- .elementskit-card END -->\n\n                \n                <div class=\"elementskit-card \">\n                    <div class=\"elementskit-card-header\" id=\"primaryHeading-13-5f8ab2f7\">\n                        <a href=\"#collapse-9255f4869f1b81e4204a\" class=\"ekit-accordion--toggler elementskit-btn-link collapsed\" data-ekit-toggle=\"collapse\" data-target=\"#Collapse-9255f4869f1b81e4204a\" aria-expanded=\"false\" aria-controls=\"Collapse-9255f4869f1b81e4204a\">\n                            \n                            <span class=\"ekit-accordion-title\">Construcciones sustentables: un camino hacia una urbanizaci\u00f3n sostenible<\/span>\n\n                            \n                                <div class=\"ekit_accordion_icon_group\">\n                                    <div class=\"ekit_accordion_normal_icon\">\n                                        <!-- Normal Icon -->\n\t\t\t\t\t\t\t\t\t\t<i class=\"icon icon-plus\"><\/i>                                    <\/div>\n\n                                    <div class=\"ekit_accordion_active_icon\">\n                                        <!-- Active Icon -->\n\t\t\t\t\t\t\t\t\t\t<i class=\"icon icon-minus\"><\/i>                                    <\/div>\n                                <\/div>\n\n                            \n                                                    <\/a>\n                    <\/div>\n\n                    <div id=\"Collapse-9255f4869f1b81e4204a\" class=\" collapse\" aria-labelledby=\"primaryHeading-13-5f8ab2f7\" data-parent=\"#accordion-69f1b81e4204a\">\n\n                        <div class=\"elementskit-card-body ekit-accordion--content\">\n                            <p>La construcci\u00f3n de viviendas constituye uno de los rubros que genera emisiones de gases de efecto invernadero, que es una de las principales causas del calentamiento global. Dado que los Estados juegan un rol esencial en la lucha contra el cambio clim\u00e1tico, deben incluir en sus agendas la promoci\u00f3n de construcciones sostenibles para lograr, a futuro, que las ciudades sean sustentables. En este sentido, las construcciones sostenibles ofrecen sistemas de reutilizaci\u00f3n de materiales, ahorro de energ\u00eda y un uso eficiente de los recursos naturales.<br \/><br \/><br \/><a class=\"btn btn-danger btn-sm\" href=\"https:\/\/nuevasgeneraciones.com.ar\/sitio\/wp-content\/uploads\/documentos3\/_archivo\/2022\/NG-PP366-Construcciones-sustentables-MAY2022.pdf?PP366\" target=\"_blank\" rel=\"noopener\">Descargar<\/a><\/p>                        <\/div>\n\n                    <\/div>\n\n                <\/div><!-- .elementskit-card END -->\n\n                \n                <div class=\"elementskit-card \">\n                    <div class=\"elementskit-card-header\" id=\"primaryHeading-14-5f8ab2f7\">\n                        <a href=\"#collapse-7ca512369f1b81e4204a\" class=\"ekit-accordion--toggler elementskit-btn-link collapsed\" data-ekit-toggle=\"collapse\" data-target=\"#Collapse-7ca512369f1b81e4204a\" aria-expanded=\"false\" aria-controls=\"Collapse-7ca512369f1b81e4204a\">\n                            \n                            <span class=\"ekit-accordion-title\">Electromovilidad: oportunidad o desaf\u00edo para Argentina<\/span>\n\n                            \n                                <div class=\"ekit_accordion_icon_group\">\n                                    <div class=\"ekit_accordion_normal_icon\">\n                                        <!-- Normal Icon -->\n\t\t\t\t\t\t\t\t\t\t<i class=\"icon icon-plus\"><\/i>                                    <\/div>\n\n                                    <div class=\"ekit_accordion_active_icon\">\n                                        <!-- Active Icon -->\n\t\t\t\t\t\t\t\t\t\t<i class=\"icon icon-minus\"><\/i>                                    <\/div>\n                                <\/div>\n\n                            \n                                                    <\/a>\n                    <\/div>\n\n                    <div id=\"Collapse-7ca512369f1b81e4204a\" class=\" collapse\" aria-labelledby=\"primaryHeading-14-5f8ab2f7\" data-parent=\"#accordion-69f1b81e4204a\">\n\n                        <div class=\"elementskit-card-body ekit-accordion--content\">\n                            <p>La electromovilidad se caracteriza por ofrecer a los usuarios un modo alternativo de circulaci\u00f3n que no emite di\u00f3xido de carbono en el ambiente y, por ende, reduce la contaminaci\u00f3n. La promoci\u00f3n de los veh\u00edculos el\u00e9ctricos es una oportunidad, pero tambi\u00e9n, un desaf\u00edo, ya que se requerir\u00e1 que la energ\u00eda el\u00e9ctrica por ellos utilizada, provenga de fuentes de energ\u00edas renovables. De esta manera, el uso de veh\u00edculos el\u00e9ctricos efectivamente contribuir\u00e1 a la disminuci\u00f3n de la contaminaci\u00f3n ambiental.<br \/><br \/><br \/><a class=\"btn btn-danger btn-sm\" href=\"https:\/\/nuevasgeneraciones.com.ar\/sitio\/wp-content\/uploads\/documentos3\/_archivo\/2022\/NG-PP363-Electromovilidad-ABR2022.pdf?PP363\" target=\"_blank\" rel=\"noopener\">Descargar<\/a><\/p>                        <\/div>\n\n                    <\/div>\n\n                <\/div><!-- .elementskit-card END -->\n\n                \n                <div class=\"elementskit-card \">\n                    <div class=\"elementskit-card-header\" id=\"primaryHeading-15-5f8ab2f7\">\n                        <a href=\"#collapse-e4f7fe169f1b81e4204a\" class=\"ekit-accordion--toggler elementskit-btn-link collapsed\" data-ekit-toggle=\"collapse\" data-target=\"#Collapse-e4f7fe169f1b81e4204a\" aria-expanded=\"false\" aria-controls=\"Collapse-e4f7fe169f1b81e4204a\">\n                            \n                            <span class=\"ekit-accordion-title\">Huella de carbono: los desaf\u00edos en la lucha contra el cambio clim\u00e1tico<\/span>\n\n                            \n                                <div class=\"ekit_accordion_icon_group\">\n                                    <div class=\"ekit_accordion_normal_icon\">\n                                        <!-- Normal Icon -->\n\t\t\t\t\t\t\t\t\t\t<i class=\"icon icon-plus\"><\/i>                                    <\/div>\n\n                                    <div class=\"ekit_accordion_active_icon\">\n                                        <!-- Active Icon -->\n\t\t\t\t\t\t\t\t\t\t<i class=\"icon icon-minus\"><\/i>                                    <\/div>\n                                <\/div>\n\n                            \n                                                    <\/a>\n                    <\/div>\n\n                    <div id=\"Collapse-e4f7fe169f1b81e4204a\" class=\" collapse\" aria-labelledby=\"primaryHeading-15-5f8ab2f7\" data-parent=\"#accordion-69f1b81e4204a\">\n\n                        <div class=\"elementskit-card-body ekit-accordion--content\">\n                            <p>El presente trabajo analiza el desaf\u00edo de mitigar el impacto del cambio clim\u00e1tico y las consecuencias que podr\u00eda ocasionar la falta de actuaci\u00f3n de los distintos gobiernos. Asimismo, analiza las metas para la reducci\u00f3n de emisi\u00f3n de gases, y las pol\u00edticas p\u00fablicas que deben ser llevadas adelante para lograr recabar informaci\u00f3n y poder medir la huella de carbono.<br \/><br \/><br \/><a class=\"btn btn-danger btn-sm\" href=\"https:\/\/nuevasgeneraciones.com.ar\/sitio\/wp-content\/uploads\/documentos3\/_archivo\/2022\/NG-PP361-Huella-de-carbono-MAR2022.pdf?PP361\" target=\"_blank\" rel=\"noopener\">Descargar<\/a><\/p>                        <\/div>\n\n                    <\/div>\n\n                <\/div><!-- .elementskit-card END -->\n\n                \n                <div class=\"elementskit-card \">\n                    <div class=\"elementskit-card-header\" id=\"primaryHeading-16-5f8ab2f7\">\n                        <a href=\"#collapse-7ada69c69f1b81e4204a\" class=\"ekit-accordion--toggler elementskit-btn-link collapsed\" data-ekit-toggle=\"collapse\" data-target=\"#Collapse-7ada69c69f1b81e4204a\" aria-expanded=\"false\" aria-controls=\"Collapse-7ada69c69f1b81e4204a\">\n                            \n                            <span class=\"ekit-accordion-title\">Econom\u00eda circular: programa de eco- canje<\/span>\n\n                            \n                                <div class=\"ekit_accordion_icon_group\">\n                                    <div class=\"ekit_accordion_normal_icon\">\n                                        <!-- Normal Icon -->\n\t\t\t\t\t\t\t\t\t\t<i class=\"icon icon-plus\"><\/i>                                    <\/div>\n\n                                    <div class=\"ekit_accordion_active_icon\">\n                                        <!-- Active Icon -->\n\t\t\t\t\t\t\t\t\t\t<i class=\"icon icon-minus\"><\/i>                                    <\/div>\n                                <\/div>\n\n                            \n                                                    <\/a>\n                    <\/div>\n\n                    <div id=\"Collapse-7ada69c69f1b81e4204a\" class=\" collapse\" aria-labelledby=\"primaryHeading-16-5f8ab2f7\" data-parent=\"#accordion-69f1b81e4204a\">\n\n                        <div class=\"elementskit-card-body ekit-accordion--content\">\n                            <p>El presente trabajo analiza las diferentes formas de implementaci\u00f3n del eco-canje, que consiste en una pol\u00edtica en la cual el ciudadano transporta sus residuos secos (botellas pl\u00e1sticas, cart\u00f3n, papel y vidrio, entre otros) hacia un punto establecido por las autoridades administrativas, para luego recibir a cambio un determinado elemento o beneficio. De esta manera se reduce la cantidad de residuos producidos por los habitantes y se brinda la posibilidad de que los materiales sean reutilizados.<br \/>Parte de las bases principales de la econom\u00eda circular, que son la reutilizaci\u00f3n, reparaci\u00f3n, renovaci\u00f3n y reciclaje de los materiales, y tiene como objetivo la reducci\u00f3n de residuos, protegiendo la biodiversidad y el medioambiente.<br \/><br \/><br \/><a class=\"btn btn-danger btn-sm\" href=\"https:\/\/nuevasgeneraciones.com.ar\/sitio\/wp-content\/uploads\/documentos3\/_archivo\/2022\/NG-PP359-Eco-canje-FEB2022.pdf?359\" target=\"_blank\" rel=\"noopener\">Descargar<\/a><\/p>                        <\/div>\n\n                    <\/div>\n\n                <\/div><!-- .elementskit-card END -->\n\n                \n                <div class=\"elementskit-card \">\n                    <div class=\"elementskit-card-header\" id=\"primaryHeading-17-5f8ab2f7\">\n                        <a href=\"#collapse-5fa105869f1b81e4204a\" class=\"ekit-accordion--toggler elementskit-btn-link collapsed\" data-ekit-toggle=\"collapse\" data-target=\"#Collapse-5fa105869f1b81e4204a\" aria-expanded=\"false\" aria-controls=\"Collapse-5fa105869f1b81e4204a\">\n                            \n                            <span class=\"ekit-accordion-title\">Lineamientos para una industria textil sostenible<\/span>\n\n                            \n                                <div class=\"ekit_accordion_icon_group\">\n                                    <div class=\"ekit_accordion_normal_icon\">\n                                        <!-- Normal Icon -->\n\t\t\t\t\t\t\t\t\t\t<i class=\"icon icon-plus\"><\/i>                                    <\/div>\n\n                                    <div class=\"ekit_accordion_active_icon\">\n                                        <!-- Active Icon -->\n\t\t\t\t\t\t\t\t\t\t<i class=\"icon icon-minus\"><\/i>                                    <\/div>\n                                <\/div>\n\n                            \n                                                    <\/a>\n                    <\/div>\n\n                    <div id=\"Collapse-5fa105869f1b81e4204a\" class=\" collapse\" aria-labelledby=\"primaryHeading-17-5f8ab2f7\" data-parent=\"#accordion-69f1b81e4204a\">\n\n                        <div class=\"elementskit-card-body ekit-accordion--content\">\n                            <p>La industria textil es una de las actividades m\u00e1s contaminantes que desarrolla el ser humano. Ello se debe no s\u00f3lo a los procesos industriales que se llevan a la pr\u00e1ctica, sino adem\u00e1s, por las tendencias de la moda y la conducta del consumidor.<br \/>En el presente trabajo se propone reducir el impacto ambiental de dicha actividad industrial desde la perspectiva de la econom\u00eda circular para, de ese modo, reducir los residuos generados y reincorporarlos como materiales a nuevos procesos manufactureros.<br \/><br \/><br \/><a class=\"btn btn-danger btn-sm\" href=\"https:\/\/nuevasgeneraciones.com.ar\/sitio\/wp-content\/uploads\/documentos3\/_archivo\/2021\/NG-PP355-Economia-circular-industria-textil-DIC2021.pdf?355\" target=\"_blank\" rel=\"noopener\">Descargar<\/a><\/p>                        <\/div>\n\n                    <\/div>\n\n                <\/div><!-- .elementskit-card END -->\n\n                \n                <div class=\"elementskit-card \">\n                    <div class=\"elementskit-card-header\" id=\"primaryHeading-18-5f8ab2f7\">\n                        <a href=\"#collapse-a5901c569f1b81e4204a\" class=\"ekit-accordion--toggler elementskit-btn-link collapsed\" data-ekit-toggle=\"collapse\" data-target=\"#Collapse-a5901c569f1b81e4204a\" aria-expanded=\"false\" aria-controls=\"Collapse-a5901c569f1b81e4204a\">\n                            \n                            <span class=\"ekit-accordion-title\">Conectividad rural y desarrollo sostenible<\/span>\n\n                            \n                                <div class=\"ekit_accordion_icon_group\">\n                                    <div class=\"ekit_accordion_normal_icon\">\n                                        <!-- Normal Icon -->\n\t\t\t\t\t\t\t\t\t\t<i class=\"icon icon-plus\"><\/i>                                    <\/div>\n\n                                    <div class=\"ekit_accordion_active_icon\">\n                                        <!-- Active Icon -->\n\t\t\t\t\t\t\t\t\t\t<i class=\"icon icon-minus\"><\/i>                                    <\/div>\n                                <\/div>\n\n                            \n                                                    <\/a>\n                    <\/div>\n\n                    <div id=\"Collapse-a5901c569f1b81e4204a\" class=\" collapse\" aria-labelledby=\"primaryHeading-18-5f8ab2f7\" data-parent=\"#accordion-69f1b81e4204a\">\n\n                        <div class=\"elementskit-card-body ekit-accordion--content\">\n                            <p>Internet es una herramienta indispensable para el desarrollo econ\u00f3mico, cultural, social, educativo y sanitario de la humanidad. El \u00e1mbito rural no es ajeno a tal realidad. No obstante ello, en Argentina la conectividad rural para fines productivos es sumamente deficiente.<br \/>En el presente trabajo se hace una serie de recomendaciones destinadas a ampliar la conectividad rural a trav\u00e9s de la cooperaci\u00f3n p\u00fablica \u2013 privada y, de ese modo, lograr que la producci\u00f3n agroindustrial tenga un impacto ambiental, econ\u00f3mico y social positivo.<br \/><br \/><br \/><a class=\"btn btn-danger btn-sm\" href=\"https:\/\/nuevasgeneraciones.com.ar\/sitio\/wp-content\/uploads\/documentos3\/_archivo\/2021\/NG-PP354-Conectividad-rural-sostenibilidad-DIC2021.pdf?354\" target=\"_blank\" rel=\"noopener\">Descargar<\/a><\/p>                        <\/div>\n\n                    <\/div>\n\n                <\/div><!-- .elementskit-card END -->\n\n                \n                <div class=\"elementskit-card \">\n                    <div class=\"elementskit-card-header\" id=\"primaryHeading-19-5f8ab2f7\">\n                        <a href=\"#collapse-d68471e69f1b81e4204a\" class=\"ekit-accordion--toggler elementskit-btn-link collapsed\" data-ekit-toggle=\"collapse\" data-target=\"#Collapse-d68471e69f1b81e4204a\" aria-expanded=\"false\" aria-controls=\"Collapse-d68471e69f1b81e4204a\">\n                            \n                            <span class=\"ekit-accordion-title\">Lineamientos para una agroindustria sostenible<\/span>\n\n                            \n                                <div class=\"ekit_accordion_icon_group\">\n                                    <div class=\"ekit_accordion_normal_icon\">\n                                        <!-- Normal Icon -->\n\t\t\t\t\t\t\t\t\t\t<i class=\"icon icon-plus\"><\/i>                                    <\/div>\n\n                                    <div class=\"ekit_accordion_active_icon\">\n                                        <!-- Active Icon -->\n\t\t\t\t\t\t\t\t\t\t<i class=\"icon icon-minus\"><\/i>                                    <\/div>\n                                <\/div>\n\n                            \n                                                    <\/a>\n                    <\/div>\n\n                    <div id=\"Collapse-d68471e69f1b81e4204a\" class=\" collapse\" aria-labelledby=\"primaryHeading-19-5f8ab2f7\" data-parent=\"#accordion-69f1b81e4204a\">\n\n                        <div class=\"elementskit-card-body ekit-accordion--content\">\n                            <p>En un planeta poblado por m\u00e1s de 7 mil millones de personas, la demanda de alimentos es creciente. Para que dicha demanda pueda ser satisfecha de manera sostenible, la agroindustria basada en las buenas pr\u00e1cticas agropecuarias es crucial.<br \/>En el presente trabajo se analizan aquellos aspectos en los que la agricultura resulta un actor clave, no s\u00f3lo como creador de riqueza, sino adem\u00e1s como pieza esencial en el cuidado ambiental, a trav\u00e9s de modelos productivos sustentables, modernos e innovadores. Asimismo, se realizan una serie de recomendaciones que, a nuestro criterio, deben ser tenidas en cuenta al momento de dise\u00f1ar las pol\u00edticas p\u00fablicas destinadas a impulsar dichos modelos productivos.<br \/><br \/><br \/><a class=\"btn btn-danger btn-sm\" href=\"https:\/\/nuevasgeneraciones.com.ar\/sitio\/wp-content\/uploads\/documentos3\/_archivo\/2021\/NG-PP353-Agroindustria-sostenible-NOV2021.pdf?353\" target=\"_blank\" rel=\"noopener\">Descargar<\/a><\/p>                        <\/div>\n\n                    <\/div>\n\n                <\/div><!-- .elementskit-card END -->\n\n                \n                <div class=\"elementskit-card \">\n                    <div class=\"elementskit-card-header\" id=\"primaryHeading-20-5f8ab2f7\">\n                        <a href=\"#collapse-83e5e0969f1b81e4204a\" class=\"ekit-accordion--toggler elementskit-btn-link collapsed\" data-ekit-toggle=\"collapse\" data-target=\"#Collapse-83e5e0969f1b81e4204a\" aria-expanded=\"false\" aria-controls=\"Collapse-83e5e0969f1b81e4204a\">\n                            \n                            <span class=\"ekit-accordion-title\">Pol\u00edticas p\u00fablicas para incentivar la econom\u00eda circular<\/span>\n\n                            \n                                <div class=\"ekit_accordion_icon_group\">\n                                    <div class=\"ekit_accordion_normal_icon\">\n                                        <!-- Normal Icon -->\n\t\t\t\t\t\t\t\t\t\t<i class=\"icon icon-plus\"><\/i>                                    <\/div>\n\n                                    <div class=\"ekit_accordion_active_icon\">\n                                        <!-- Active Icon -->\n\t\t\t\t\t\t\t\t\t\t<i class=\"icon icon-minus\"><\/i>                                    <\/div>\n                                <\/div>\n\n                            \n                                                    <\/a>\n                    <\/div>\n\n                    <div id=\"Collapse-83e5e0969f1b81e4204a\" class=\" collapse\" aria-labelledby=\"primaryHeading-20-5f8ab2f7\" data-parent=\"#accordion-69f1b81e4204a\">\n\n                        <div class=\"elementskit-card-body ekit-accordion--content\">\n                            <p>El modelo productivo basado en la extracci\u00f3n de recursos naturales, su transformaci\u00f3n en forma de bienes, su consumo y posterior descarte de los desechos, ha demostrado ser diametralmente opuesto al concepto de desarrollo sostenible. En contraposici\u00f3n, se nos presenta la llamada econom\u00eda circular basada, entre otras cosas, en la utilizaci\u00f3n de los residuos como materiales con valor econ\u00f3mico en el esquema productivo.<br \/>Para la implementaci\u00f3n de la econom\u00eda circular, la participaci\u00f3n p\u00fablica privada juega un rol esencial.<br \/>En el presente trabajo se presentan una serie de propuestas orientadas a promover e incentivar este nuevo sistema productivo, con foco en el rol del Estado para el dise\u00f1o de las pol\u00edticas p\u00fablicas.<br \/><br \/><br \/><a class=\"btn btn-danger btn-sm\" href=\"https:\/\/nuevasgeneraciones.com.ar\/sitio\/wp-content\/uploads\/documentos3\/_archivo\/2021\/NG-PP352-Incentivos-Economia-Circular-NOV2021.pdf?352\" target=\"_blank\" rel=\"noopener\">Descargar<\/a><\/p>                        <\/div>\n\n                    <\/div>\n\n                <\/div><!-- .elementskit-card END -->\n\n                \n                <div class=\"elementskit-card \">\n                    <div class=\"elementskit-card-header\" id=\"primaryHeading-21-5f8ab2f7\">\n                        <a href=\"#collapse-352842a69f1b81e4204a\" class=\"ekit-accordion--toggler elementskit-btn-link collapsed\" data-ekit-toggle=\"collapse\" data-target=\"#Collapse-352842a69f1b81e4204a\" aria-expanded=\"false\" aria-controls=\"Collapse-352842a69f1b81e4204a\">\n                            \n                            <span class=\"ekit-accordion-title\">Recomendaciones para potenciar al sector biotecnol\u00f3gico argentino<\/span>\n\n                            \n                                <div class=\"ekit_accordion_icon_group\">\n                                    <div class=\"ekit_accordion_normal_icon\">\n                                        <!-- Normal Icon -->\n\t\t\t\t\t\t\t\t\t\t<i class=\"icon icon-plus\"><\/i>                                    <\/div>\n\n                                    <div class=\"ekit_accordion_active_icon\">\n                                        <!-- Active Icon -->\n\t\t\t\t\t\t\t\t\t\t<i class=\"icon icon-minus\"><\/i>                                    <\/div>\n                                <\/div>\n\n                            \n                                                    <\/a>\n                    <\/div>\n\n                    <div id=\"Collapse-352842a69f1b81e4204a\" class=\" collapse\" aria-labelledby=\"primaryHeading-21-5f8ab2f7\" data-parent=\"#accordion-69f1b81e4204a\">\n\n                        <div class=\"elementskit-card-body ekit-accordion--content\">\n                            <p>Argentina forma parte del grupo de pa\u00edses pioneros en materia de investigaci\u00f3n biotecnol\u00f3gica. En tal sentido las normas que regulan dicha actividad est\u00e1n consideradas entre las m\u00e1s avanzadas al nivel global. Sin embargo, a pesar de las excelentes perspectivas que tiene el pa\u00eds para ser un l\u00edder mundial en dicho campo cient\u00edfico, los actores del sector se encuentran con grandes obst\u00e1culos para desarrollar normalmente su actividad.<br \/>En el presente trabajo se realiza una descripci\u00f3n de la regulaci\u00f3n vigente y de los aspectos centrales de la legislaci\u00f3n comparada, con el objeto de trazar una serie de recomendaciones destinadas a potenciar al sector biotecnol\u00f3gico argentino<br \/><br \/><br \/><a class=\"btn btn-danger btn-sm\" href=\"https:\/\/nuevasgeneraciones.com.ar\/sitio\/wp-content\/uploads\/documentos3\/_archivo\/2021\/NG-PP349-Recomendaciones-biotecnologIa-SEPT2021.pdf?349\" target=\"_blank\" rel=\"noopener\">Descargar<\/a><\/p>                        <\/div>\n\n                    <\/div>\n\n                <\/div><!-- .elementskit-card END -->\n\n                \n                <div class=\"elementskit-card \">\n                    <div class=\"elementskit-card-header\" id=\"primaryHeading-22-5f8ab2f7\">\n                        <a href=\"#collapse-502433c69f1b81e4204a\" class=\"ekit-accordion--toggler elementskit-btn-link collapsed\" data-ekit-toggle=\"collapse\" data-target=\"#Collapse-502433c69f1b81e4204a\" aria-expanded=\"false\" aria-controls=\"Collapse-502433c69f1b81e4204a\">\n                            \n                            <span class=\"ekit-accordion-title\">Obsolescencia programada y residuos<\/span>\n\n                            \n                                <div class=\"ekit_accordion_icon_group\">\n                                    <div class=\"ekit_accordion_normal_icon\">\n                                        <!-- Normal Icon -->\n\t\t\t\t\t\t\t\t\t\t<i class=\"icon icon-plus\"><\/i>                                    <\/div>\n\n                                    <div class=\"ekit_accordion_active_icon\">\n                                        <!-- Active Icon -->\n\t\t\t\t\t\t\t\t\t\t<i class=\"icon icon-minus\"><\/i>                                    <\/div>\n                                <\/div>\n\n                            \n                                                    <\/a>\n                    <\/div>\n\n                    <div id=\"Collapse-502433c69f1b81e4204a\" class=\" collapse\" aria-labelledby=\"primaryHeading-22-5f8ab2f7\" data-parent=\"#accordion-69f1b81e4204a\">\n\n                        <div class=\"elementskit-card-body ekit-accordion--content\">\n                            <p>La obsolescencia de determinados bienes, especialmente cuando est\u00e1n compuestos por materiales no degradables, como por ejemplo los artefactos el\u00e9ctricos y electr\u00f3nicos, genera una gran cantidad de residuos. Por dicho motivo, las pol\u00edticas p\u00fablicas deben incentivar que la vida \u00fatil de dichos bienes sea lo m\u00e1s extensa posible y estimular su reacondicionamiento sin necesidad de que sean descartados.<br \/>En el presente trabajo se hace un an\u00e1lisis de la legislaci\u00f3n comparada referida a la problem\u00e1tica precedentemente descripta y se propone un modelo de pol\u00edtica p\u00fablica destinada a desalentar el descarte de aquellos bienes que pueden ser reparados de manera sencilla y a bajo costo para el consumidor.<br \/><br \/><br \/><a class=\"btn btn-danger btn-sm\" href=\"https:\/\/nuevasgeneraciones.com.ar\/sitio\/wp-content\/uploads\/documentos3\/_archivo\/2021\/NG-PP348-Obsolescencia-y-residuos-SEPT2021.pdf?348\" target=\"_blank\" rel=\"noopener\">Descargar<\/a><\/p>                        <\/div>\n\n                    <\/div>\n\n                <\/div><!-- .elementskit-card END -->\n\n                \n                <div class=\"elementskit-card \">\n                    <div class=\"elementskit-card-header\" id=\"primaryHeading-23-5f8ab2f7\">\n                        <a href=\"#collapse-94187de69f1b81e4204a\" class=\"ekit-accordion--toggler elementskit-btn-link collapsed\" data-ekit-toggle=\"collapse\" data-target=\"#Collapse-94187de69f1b81e4204a\" aria-expanded=\"false\" aria-controls=\"Collapse-94187de69f1b81e4204a\">\n                            \n                            <span class=\"ekit-accordion-title\">Leasing: una herramienta contractual para la econom\u00eda circular<\/span>\n\n                            \n                                <div class=\"ekit_accordion_icon_group\">\n                                    <div class=\"ekit_accordion_normal_icon\">\n                                        <!-- Normal Icon -->\n\t\t\t\t\t\t\t\t\t\t<i class=\"icon icon-plus\"><\/i>                                    <\/div>\n\n                                    <div class=\"ekit_accordion_active_icon\">\n                                        <!-- Active Icon -->\n\t\t\t\t\t\t\t\t\t\t<i class=\"icon icon-minus\"><\/i>                                    <\/div>\n                                <\/div>\n\n                            \n                                                    <\/a>\n                    <\/div>\n\n                    <div id=\"Collapse-94187de69f1b81e4204a\" class=\" collapse\" aria-labelledby=\"primaryHeading-23-5f8ab2f7\" data-parent=\"#accordion-69f1b81e4204a\">\n\n                        <div class=\"elementskit-card-body ekit-accordion--content\">\n                            <p>Los aparatos el\u00e9ctricos y electr\u00f3nicos de r\u00e1pida obsolescencia generan una gran cantidad de residuos que, en la mayor\u00eda de los casos, no son tratados adecuadamente. El modelo de propiedad parece no ser el m\u00e1s adecuado para el consumo de aquellos bienes caracterizados por su corta vida \u00fatil. Tal realidad hace necesaria la innovaci\u00f3n contractual para adoptar modelos circulares de consumo que ofrecen ventajas econ\u00f3micas, ambientales y sociales.<br \/>En el presente trabajo se propone al contrato de leasing como una de las herramientas m\u00e1s adecuadas para contrarrestar los efectos negativos de la r\u00e1pida obsolescencia de determinados bienes de consumo.<br \/><br \/><br \/><a class=\"btn btn-danger btn-sm\" href=\"https:\/\/nuevasgeneraciones.com.ar\/sitio\/wp-content\/uploads\/documentos3\/_archivo\/2021\/NG-PP347-Leasing-economia-circular-AGO2021.pdf?347\" target=\"_blank\" rel=\"noopener\">Descargar<\/a><\/p>                        <\/div>\n\n                    <\/div>\n\n                <\/div><!-- .elementskit-card END -->\n\n                \n                <div class=\"elementskit-card \">\n                    <div class=\"elementskit-card-header\" id=\"primaryHeading-24-5f8ab2f7\">\n                        <a href=\"#collapse-ceab12169f1b81e4204a\" class=\"ekit-accordion--toggler elementskit-btn-link collapsed\" data-ekit-toggle=\"collapse\" data-target=\"#Collapse-ceab12169f1b81e4204a\" aria-expanded=\"false\" aria-controls=\"Collapse-ceab12169f1b81e4204a\">\n                            \n                            <span class=\"ekit-accordion-title\">Lineamientos para la formaci\u00f3n gerencial de los recuperadores urbanos<\/span>\n\n                            \n                                <div class=\"ekit_accordion_icon_group\">\n                                    <div class=\"ekit_accordion_normal_icon\">\n                                        <!-- Normal Icon -->\n\t\t\t\t\t\t\t\t\t\t<i class=\"icon icon-plus\"><\/i>                                    <\/div>\n\n                                    <div class=\"ekit_accordion_active_icon\">\n                                        <!-- Active Icon -->\n\t\t\t\t\t\t\t\t\t\t<i class=\"icon icon-minus\"><\/i>                                    <\/div>\n                                <\/div>\n\n                            \n                                                    <\/a>\n                    <\/div>\n\n                    <div id=\"Collapse-ceab12169f1b81e4204a\" class=\" collapse\" aria-labelledby=\"primaryHeading-24-5f8ab2f7\" data-parent=\"#accordion-69f1b81e4204a\">\n\n                        <div class=\"elementskit-card-body ekit-accordion--content\">\n                            <p>La econom\u00eda circular necesita, entre otras cosas, de una adecuada gesti\u00f3n de los residuos para su posterior aprovechamiento en los procesos industriales. Las labores de recolecci\u00f3n y clasificaci\u00f3n de residuos que realizan los recuperadores urbanos son cruciales para dicho fin. A tal efecto, resulta esencial que dichos trabajadores est\u00e9n altamente capacitados.<br \/>En el presente trabajo se propone la formaci\u00f3n de los recuperadores urbanos en aquellos aspectos tendientes a optimizar la gesti\u00f3n de sus cooperativas.<br \/><br \/><br \/><a class=\"btn btn-danger btn-sm\" href=\"https:\/\/nuevasgeneraciones.com.ar\/sitio\/wp-content\/uploads\/documentos3\/_archivo\/2021\/NG-PP346-Formacion-de-recuperadores-AGO2021.pdf?PP346\" target=\"_blank\" rel=\"noopener\">Descargar<\/a><\/p>                        <\/div>\n\n                    <\/div>\n\n                <\/div><!-- .elementskit-card END -->\n\n                \n                <div class=\"elementskit-card \">\n                    <div class=\"elementskit-card-header\" id=\"primaryHeading-25-5f8ab2f7\">\n                        <a href=\"#collapse-751385069f1b81e4204a\" class=\"ekit-accordion--toggler elementskit-btn-link collapsed\" data-ekit-toggle=\"collapse\" data-target=\"#Collapse-751385069f1b81e4204a\" aria-expanded=\"false\" aria-controls=\"Collapse-751385069f1b81e4204a\">\n                            \n                            <span class=\"ekit-accordion-title\">Herramientas para el control de animales callejeros<\/span>\n\n                            \n                                <div class=\"ekit_accordion_icon_group\">\n                                    <div class=\"ekit_accordion_normal_icon\">\n                                        <!-- Normal Icon -->\n\t\t\t\t\t\t\t\t\t\t<i class=\"icon icon-plus\"><\/i>                                    <\/div>\n\n                                    <div class=\"ekit_accordion_active_icon\">\n                                        <!-- Active Icon -->\n\t\t\t\t\t\t\t\t\t\t<i class=\"icon icon-minus\"><\/i>                                    <\/div>\n                                <\/div>\n\n                            \n                                                    <\/a>\n                    <\/div>\n\n                    <div id=\"Collapse-751385069f1b81e4204a\" class=\" collapse\" aria-labelledby=\"primaryHeading-25-5f8ab2f7\" data-parent=\"#accordion-69f1b81e4204a\">\n\n                        <div class=\"elementskit-card-body ekit-accordion--content\">\n                            <p>La coexistencia entre humanos y animales en los centros urbanos no siempre est\u00e1 exenta de problemas, especialmente cuando se trata de aquellos que no tienen due\u00f1o o revisten conductas agresivas ya que generan impactos negativos a nivel sanitario, econ\u00f3mico, social y ambiental.<br \/>A fin de dar una soluci\u00f3n a tales problemas, deben adoptarse medidas realistas y pasibles de ser llevadas a la pr\u00e1ctica de manera eficaz, veloz y con el menor costo econ\u00f3mico posible para el Estado.<br \/>En el presente trabajo se plantea la adopci\u00f3n de una serie de herramientas destinadas a llevar adelante, a nivel municipal, el control de las poblaciones de los animales vagabundos y sin due\u00f1o.<br \/><br \/><br \/><a class=\"btn btn-danger btn-sm\" href=\"https:\/\/nuevasgeneraciones.com.ar\/sitio\/wp-content\/uploads\/documentos3\/_archivo\/2021\/NG-PP343-Control-de-animales-callejeros-JUN2021.pdf?PP343\" target=\"_blank\" rel=\"noopener\">Descargar<\/a><\/p>                        <\/div>\n\n                    <\/div>\n\n                <\/div><!-- .elementskit-card END -->\n\n                \n                <div class=\"elementskit-card \">\n                    <div class=\"elementskit-card-header\" id=\"primaryHeading-26-5f8ab2f7\">\n                        <a href=\"#collapse-e68530469f1b81e4204a\" class=\"ekit-accordion--toggler elementskit-btn-link collapsed\" data-ekit-toggle=\"collapse\" data-target=\"#Collapse-e68530469f1b81e4204a\" aria-expanded=\"false\" aria-controls=\"Collapse-e68530469f1b81e4204a\">\n                            \n                            <span class=\"ekit-accordion-title\">Incentivos al consumo de alimentos pr\u00f3ximos a vencer<\/span>\n\n                            \n                                <div class=\"ekit_accordion_icon_group\">\n                                    <div class=\"ekit_accordion_normal_icon\">\n                                        <!-- Normal Icon -->\n\t\t\t\t\t\t\t\t\t\t<i class=\"icon icon-plus\"><\/i>                                    <\/div>\n\n                                    <div class=\"ekit_accordion_active_icon\">\n                                        <!-- Active Icon -->\n\t\t\t\t\t\t\t\t\t\t<i class=\"icon icon-minus\"><\/i>                                    <\/div>\n                                <\/div>\n\n                            \n                                                    <\/a>\n                    <\/div>\n\n                    <div id=\"Collapse-e68530469f1b81e4204a\" class=\" collapse\" aria-labelledby=\"primaryHeading-26-5f8ab2f7\" data-parent=\"#accordion-69f1b81e4204a\">\n\n                        <div class=\"elementskit-card-body ekit-accordion--content\">\n                            <p>El 14% de los alimentos producidos en el mundo se pierde a lo largo de la cadena que va desde su producci\u00f3n hasta el consumo. Tal realidad representa un problema de triple impacto negativo ya que su alcance es ambiental, econ\u00f3mico y social. Argentina no es ajena a dicho problema, algo particularmente inaceptable cuando el 44% de su poblaci\u00f3n se encuentra bajo la l\u00ednea de pobreza. Es por ello que resulta necesario implementar soluciones que eviten esta p\u00e9rdida de alimentos.<br \/>En el presente trabajo se proponen pol\u00edticas de incentivos para la comercializaci\u00f3n de los alimentos pr\u00f3ximos a vencer, con un precio diferenciado.<br \/><br \/><br \/><a class=\"btn btn-danger btn-sm\" href=\"https:\/\/nuevasgeneraciones.com.ar\/sitio\/wp-content\/uploads\/documentos3\/_archivo\/2021\/NG-PP341-Alimentos-cercanos-a-vencer-MAY2021.pdf?PP341\" target=\"_blank\" rel=\"noopener\">Descargar<\/a><\/p>                        <\/div>\n\n                    <\/div>\n\n                <\/div><!-- .elementskit-card END -->\n\n                \n                <div class=\"elementskit-card \">\n                    <div class=\"elementskit-card-header\" id=\"primaryHeading-27-5f8ab2f7\">\n                        <a href=\"#collapse-3550a5469f1b81e4204a\" class=\"ekit-accordion--toggler elementskit-btn-link collapsed\" data-ekit-toggle=\"collapse\" data-target=\"#Collapse-3550a5469f1b81e4204a\" aria-expanded=\"false\" aria-controls=\"Collapse-3550a5469f1b81e4204a\">\n                            \n                            <span class=\"ekit-accordion-title\">El fomento de la nanotecnolog\u00eda para una agroindustria sustentable<\/span>\n\n                            \n                                <div class=\"ekit_accordion_icon_group\">\n                                    <div class=\"ekit_accordion_normal_icon\">\n                                        <!-- Normal Icon -->\n\t\t\t\t\t\t\t\t\t\t<i class=\"icon icon-plus\"><\/i>                                    <\/div>\n\n                                    <div class=\"ekit_accordion_active_icon\">\n                                        <!-- Active Icon -->\n\t\t\t\t\t\t\t\t\t\t<i class=\"icon icon-minus\"><\/i>                                    <\/div>\n                                <\/div>\n\n                            \n                                                    <\/a>\n                    <\/div>\n\n                    <div id=\"Collapse-3550a5469f1b81e4204a\" class=\" collapse\" aria-labelledby=\"primaryHeading-27-5f8ab2f7\" data-parent=\"#accordion-69f1b81e4204a\">\n\n                        <div class=\"elementskit-card-body ekit-accordion--content\">\n                            <p>Argentina es uno de los principales productores de alimentos a nivel global. En ello contribuyen la geograf\u00eda, el clima y la aplicaci\u00f3n constante de las nuevas herramientas tecnol\u00f3gicas. Entre ellas, la nanotecnolog\u00eda se destaca por su eficacia en el mejor uso de los insumos y el cuidado del ambiente. Sin embargo, ella no se encuentra regulada y no cuenta con incentivos suficientes para su desarrollo y aplicaci\u00f3n.<br \/>En el presente trabajo se propone la creaci\u00f3n de un programa destinado a fomentar las nanotencolog\u00edas para su aprovechamiento por parte del sector agroindustrial argentino en sus productos exportables.<br \/><br \/><br \/><a class=\"btn btn-danger btn-sm\" href=\"https:\/\/nuevasgeneraciones.com.ar\/sitio\/wp-content\/uploads\/documentos3\/_archivo\/2021\/NG-PP338-Incentivo-nanotecnologia-ABR2021.pdf?PP338\" target=\"_blank\" rel=\"noopener\">Descargar<\/a><\/p>                        <\/div>\n\n                    <\/div>\n\n                <\/div><!-- .elementskit-card END -->\n\n                \n                <div class=\"elementskit-card \">\n                    <div class=\"elementskit-card-header\" id=\"primaryHeading-28-5f8ab2f7\">\n                        <a href=\"#collapse-ce1624369f1b81e4204a\" class=\"ekit-accordion--toggler elementskit-btn-link collapsed\" data-ekit-toggle=\"collapse\" data-target=\"#Collapse-ce1624369f1b81e4204a\" aria-expanded=\"false\" aria-controls=\"Collapse-ce1624369f1b81e4204a\">\n                            \n                            <span class=\"ekit-accordion-title\">Caza control de especies animales perjudiciales<\/span>\n\n                            \n                                <div class=\"ekit_accordion_icon_group\">\n                                    <div class=\"ekit_accordion_normal_icon\">\n                                        <!-- Normal Icon -->\n\t\t\t\t\t\t\t\t\t\t<i class=\"icon icon-plus\"><\/i>                                    <\/div>\n\n                                    <div class=\"ekit_accordion_active_icon\">\n                                        <!-- Active Icon -->\n\t\t\t\t\t\t\t\t\t\t<i class=\"icon icon-minus\"><\/i>                                    <\/div>\n                                <\/div>\n\n                            \n                                                    <\/a>\n                    <\/div>\n\n                    <div id=\"Collapse-ce1624369f1b81e4204a\" class=\" collapse\" aria-labelledby=\"primaryHeading-28-5f8ab2f7\" data-parent=\"#accordion-69f1b81e4204a\">\n\n                        <div class=\"elementskit-card-body ekit-accordion--content\">\n                            <p>La introducci\u00f3n de especies salvajes en un entorno al cual no pertenecen puede causar grandes da\u00f1os ambientales y econ\u00f3micos, especialmente cuando sus poblaciones crecen en forma desmedida. Ante tal situaci\u00f3n, se impone la necesidad de llevar a cabo acciones tendientes a reducir su presencia dentro de par\u00e1metros tolerables. Entre dichas acciones se destaca la caza control llevada a cabo mediante la cooperaci\u00f3n p\u00fablico \u2013 privada. En el presente trabajo se describen los mecanismos y protocolos en que esa actividad de control ambiental deber\u00eda ser puesta en pr\u00e1ctica de manera sostenible.<br \/><br \/><br \/><a class=\"btn btn-danger btn-sm\" href=\"https:\/\/nuevasgeneraciones.com.ar\/sitio\/wp-content\/uploads\/documentos3\/_archivo\/2021\/NG-PP336-Caza-control-especies-perjudiciales-MAR2021.pdf?PP336\" target=\"_blank\" rel=\"noopener\">Descargar<\/a><\/p>                        <\/div>\n\n                    <\/div>\n\n                <\/div><!-- .elementskit-card END -->\n\n                \n                <div class=\"elementskit-card \">\n                    <div class=\"elementskit-card-header\" id=\"primaryHeading-29-5f8ab2f7\">\n                        <a href=\"#collapse-81b900f69f1b81e4204a\" class=\"ekit-accordion--toggler elementskit-btn-link collapsed\" data-ekit-toggle=\"collapse\" data-target=\"#Collapse-81b900f69f1b81e4204a\" aria-expanded=\"false\" aria-controls=\"Collapse-81b900f69f1b81e4204a\">\n                            \n                            <span class=\"ekit-accordion-title\">Micro movilidad urbana y educaci\u00f3n vial<\/span>\n\n                            \n                                <div class=\"ekit_accordion_icon_group\">\n                                    <div class=\"ekit_accordion_normal_icon\">\n                                        <!-- Normal Icon -->\n\t\t\t\t\t\t\t\t\t\t<i class=\"icon icon-plus\"><\/i>                                    <\/div>\n\n                                    <div class=\"ekit_accordion_active_icon\">\n                                        <!-- Active Icon -->\n\t\t\t\t\t\t\t\t\t\t<i class=\"icon icon-minus\"><\/i>                                    <\/div>\n                                <\/div>\n\n                            \n                                                    <\/a>\n                    <\/div>\n\n                    <div id=\"Collapse-81b900f69f1b81e4204a\" class=\" collapse\" aria-labelledby=\"primaryHeading-29-5f8ab2f7\" data-parent=\"#accordion-69f1b81e4204a\">\n\n                        <div class=\"elementskit-card-body ekit-accordion--content\">\n                            <p>El uso de la bicicleta y de otros medios de la micro movilidad en las ciudades se ha incrementado durante los \u00faltimos a\u00f1os debido a que resultan \u00e1giles, saludables y amigables con el medio ambiente. Tales caracter\u00edsticas los han convertido en una opci\u00f3n muy vers\u00e1til para quienes prestan servicios de mensajer\u00eda y reparto de mercader\u00edas a domicilio en los entornos urbanos. Dicha realidad trajo aparejado un incremento de la siniestralidad vial en la que son protagonistas los usuarios de esos medios de transporte.<br \/>Por ese motivo, en el presente trabajo se propone la capacitaci\u00f3n en temas vinculados a la seguridad vial, destinada a quienes utilizan los medios de la micro movilidad urbana como elementos esenciales para llevar a cabo sus actividades laborales.<br \/><br \/><br \/><a class=\"btn btn-danger btn-sm\" href=\"https:\/\/nuevasgeneraciones.com.ar\/sitio\/wp-content\/uploads\/documentos3\/_archivo\/2021\/NG-335-Micromovilidad-educacion-vial-FEB2021.pdf?PP335\" target=\"_blank\" rel=\"noopener\">Descargar<\/a><\/p>                        <\/div>\n\n                    <\/div>\n\n                <\/div><!-- .elementskit-card END -->\n\n                \n                <div class=\"elementskit-card \">\n                    <div class=\"elementskit-card-header\" id=\"primaryHeading-30-5f8ab2f7\">\n                        <a href=\"#collapse-8a3749869f1b81e4204a\" class=\"ekit-accordion--toggler elementskit-btn-link collapsed\" data-ekit-toggle=\"collapse\" data-target=\"#Collapse-8a3749869f1b81e4204a\" aria-expanded=\"false\" aria-controls=\"Collapse-8a3749869f1b81e4204a\">\n                            \n                            <span class=\"ekit-accordion-title\">Lineamientos para la modernizaci\u00f3n de edificios obsoletos<\/span>\n\n                            \n                                <div class=\"ekit_accordion_icon_group\">\n                                    <div class=\"ekit_accordion_normal_icon\">\n                                        <!-- Normal Icon -->\n\t\t\t\t\t\t\t\t\t\t<i class=\"icon icon-plus\"><\/i>                                    <\/div>\n\n                                    <div class=\"ekit_accordion_active_icon\">\n                                        <!-- Active Icon -->\n\t\t\t\t\t\t\t\t\t\t<i class=\"icon icon-minus\"><\/i>                                    <\/div>\n                                <\/div>\n\n                            \n                                                    <\/a>\n                    <\/div>\n\n                    <div id=\"Collapse-8a3749869f1b81e4204a\" class=\" collapse\" aria-labelledby=\"primaryHeading-30-5f8ab2f7\" data-parent=\"#accordion-69f1b81e4204a\">\n\n                        <div class=\"elementskit-card-body ekit-accordion--content\">\n                            <p>La escasez de espacio en las grandes ciudades demanda que los gobiernos extremen su creatividad al momento de elaborar aquellas pol\u00edticas p\u00fablicas destinadas a brindar las soluciones de habitabilidad que requieren quienes viven y trabajan en ellas. Entre dichas soluciones se destaca la puesta en valor de las edificaciones obsoletas.<br \/>En el presente trabajo se trazan los lineamientos para promover la modernizaci\u00f3n y la renovaci\u00f3n edilicia como alternativa a su demolici\u00f3n y posterior construcci\u00f3n de nuevos edificios sobre el mismo terreno, con las ventajas ambientales, econ\u00f3micas y sociales que ello trae aparejado consigo.<br \/><br \/><br \/><a class=\"btn btn-danger btn-sm\" href=\"https:\/\/nuevasgeneraciones.com.ar\/sitio\/wp-content\/uploads\/documentos3\/_archivo\/2021\/NG-PP333-Lineamientos-modernizacion-edificios-ENE2021.pdf?PP333\" target=\"_blank\" rel=\"noopener\">Descargar<\/a><\/p>                        <\/div>\n\n                    <\/div>\n\n                <\/div><!-- .elementskit-card END -->\n\n                \n                <div class=\"elementskit-card \">\n                    <div class=\"elementskit-card-header\" id=\"primaryHeading-31-5f8ab2f7\">\n                        <a href=\"#collapse-e2c575d69f1b81e4204a\" class=\"ekit-accordion--toggler elementskit-btn-link collapsed\" data-ekit-toggle=\"collapse\" data-target=\"#Collapse-e2c575d69f1b81e4204a\" aria-expanded=\"false\" aria-controls=\"Collapse-e2c575d69f1b81e4204a\">\n                            \n                            <span class=\"ekit-accordion-title\">Est\u00edmulos para la floricultura en Argentina<\/span>\n\n                            \n                                <div class=\"ekit_accordion_icon_group\">\n                                    <div class=\"ekit_accordion_normal_icon\">\n                                        <!-- Normal Icon -->\n\t\t\t\t\t\t\t\t\t\t<i class=\"icon icon-plus\"><\/i>                                    <\/div>\n\n                                    <div class=\"ekit_accordion_active_icon\">\n                                        <!-- Active Icon -->\n\t\t\t\t\t\t\t\t\t\t<i class=\"icon icon-minus\"><\/i>                                    <\/div>\n                                <\/div>\n\n                            \n                                                    <\/a>\n                    <\/div>\n\n                    <div id=\"Collapse-e2c575d69f1b81e4204a\" class=\" collapse\" aria-labelledby=\"primaryHeading-31-5f8ab2f7\" data-parent=\"#accordion-69f1b81e4204a\">\n\n                        <div class=\"elementskit-card-body ekit-accordion--content\">\n                            <p>La floricultura es una actividad productiva que presenta un gran potencial de expansi\u00f3n, tanto en el mercado interno como en el internacional. No obstante ello, y pese a que Argentina presenta un importante desarrollo de dicha industria, la producci\u00f3n de flores y plantas ornamentales no ha logrado vol\u00famenes comparables al de otros pa\u00edses.<br \/>En el presente trabajo se proponen las l\u00edneas orientativas para que Argentina ocupe un lugar clave en el comercio internacional de especies vegetales decorativas, y se indican los beneficios que la floricultura produce en preservaci\u00f3n de la biodiversidad de los ecosistemas.<br \/><br \/><br \/><a class=\"btn btn-danger btn-sm\" href=\"https:\/\/nuevasgeneraciones.com.ar\/sitio\/wp-content\/uploads\/documentos3\/_archivo\/2021\/NG-PP332-Estimulo-floricultura-ENE2021.pdf?PP332\" target=\"_blank\" rel=\"noopener\">Descargar<\/a><\/p>                        <\/div>\n\n                    <\/div>\n\n                <\/div><!-- .elementskit-card END -->\n\n                \n                <div class=\"elementskit-card \">\n                    <div class=\"elementskit-card-header\" id=\"primaryHeading-32-5f8ab2f7\">\n                        <a href=\"#collapse-c60e93569f1b81e4204a\" class=\"ekit-accordion--toggler elementskit-btn-link collapsed\" data-ekit-toggle=\"collapse\" data-target=\"#Collapse-c60e93569f1b81e4204a\" aria-expanded=\"false\" aria-controls=\"Collapse-c60e93569f1b81e4204a\">\n                            \n                            <span class=\"ekit-accordion-title\">Eliminaci\u00f3n del impuesto al valor agregado (IVA) sobre los materiales destinados a la construcci\u00f3n sustentable<\/span>\n\n                            \n                                <div class=\"ekit_accordion_icon_group\">\n                                    <div class=\"ekit_accordion_normal_icon\">\n                                        <!-- Normal Icon -->\n\t\t\t\t\t\t\t\t\t\t<i class=\"icon icon-plus\"><\/i>                                    <\/div>\n\n                                    <div class=\"ekit_accordion_active_icon\">\n                                        <!-- Active Icon -->\n\t\t\t\t\t\t\t\t\t\t<i class=\"icon icon-minus\"><\/i>                                    <\/div>\n                                <\/div>\n\n                            \n                                                    <\/a>\n                    <\/div>\n\n                    <div id=\"Collapse-c60e93569f1b81e4204a\" class=\" collapse\" aria-labelledby=\"primaryHeading-32-5f8ab2f7\" data-parent=\"#accordion-69f1b81e4204a\">\n\n                        <div class=\"elementskit-card-body ekit-accordion--content\">\n                            <p>Los materiales utilizados en la construcci\u00f3n tradicional, contienen elementos que producen a lo largo de su vida \u00fatil, un impacto importante en la emisi\u00f3n de gases de efecto invernadero. Y un porcentaje relevante de dicho impacto es provocado por la baja eficiencia energ\u00e9tica de aquellos.<br \/>En el presente trabajo se propone la eliminaci\u00f3n del impuesto al valor agregado sobre los materiales destinados a la construcci\u00f3n sustentable y, de ese modo, incentivar su utilizaci\u00f3n.<br \/><br \/><br \/><a class=\"btn btn-danger btn-sm\" href=\"https:\/\/nuevasgeneraciones.com.ar\/sitio\/wp-content\/uploads\/documentos3\/_archivo\/2020\/NG-PP331-Incentivo-construccion-sustentable-DIC2020.pdf?PP331\" target=\"_blank\" rel=\"noopener\">Descargar<\/a><\/p>                        <\/div>\n\n                    <\/div>\n\n                <\/div><!-- .elementskit-card END -->\n\n                \n                <div class=\"elementskit-card \">\n                    <div class=\"elementskit-card-header\" id=\"primaryHeading-33-5f8ab2f7\">\n                        <a href=\"#collapse-1842b2769f1b81e4204a\" class=\"ekit-accordion--toggler elementskit-btn-link collapsed\" data-ekit-toggle=\"collapse\" data-target=\"#Collapse-1842b2769f1b81e4204a\" aria-expanded=\"false\" aria-controls=\"Collapse-1842b2769f1b81e4204a\">\n                            \n                            <span class=\"ekit-accordion-title\">S\u00faper manzanas: su implementaci\u00f3n en la ciudad moderna<\/span>\n\n                            \n                                <div class=\"ekit_accordion_icon_group\">\n                                    <div class=\"ekit_accordion_normal_icon\">\n                                        <!-- Normal Icon -->\n\t\t\t\t\t\t\t\t\t\t<i class=\"icon icon-plus\"><\/i>                                    <\/div>\n\n                                    <div class=\"ekit_accordion_active_icon\">\n                                        <!-- Active Icon -->\n\t\t\t\t\t\t\t\t\t\t<i class=\"icon icon-minus\"><\/i>                                    <\/div>\n                                <\/div>\n\n                            \n                                                    <\/a>\n                    <\/div>\n\n                    <div id=\"Collapse-1842b2769f1b81e4204a\" class=\" collapse\" aria-labelledby=\"primaryHeading-33-5f8ab2f7\" data-parent=\"#accordion-69f1b81e4204a\">\n\n                        <div class=\"elementskit-card-body ekit-accordion--content\">\n                            <p>La mayor parte de la poblaci\u00f3n mundial vive en ciudades. Ello ha provocado la concentraci\u00f3n de una enorme cantidad de personas en espacios geogr\u00e1ficos de reducidas dimensiones. Tal realidad impacta en la calidad de vida de quienes habitan all\u00ed. Es por ello que se requiere la toma de medidas destinadas a revertir dicha situaci\u00f3n. En el presente trabajo se propone, como una forma de paliar los problemas que la concentraci\u00f3n urbana genera, la creaci\u00f3n de las llamadas \u201cs\u00faper manzanas\u201d.<br \/><br \/><br \/><a class=\"btn btn-danger btn-sm\" href=\"https:\/\/nuevasgeneraciones.com.ar\/sitio\/wp-content\/uploads\/documentos3\/_archivo\/2020\/NG-PP328-Supermanzanas-NOV2020.pdf?PP328\" target=\"_blank\" rel=\"noopener\">Descargar<\/a><\/p>                        <\/div>\n\n                    <\/div>\n\n                <\/div><!-- .elementskit-card END -->\n\n                \n                <div class=\"elementskit-card \">\n                    <div class=\"elementskit-card-header\" id=\"primaryHeading-34-5f8ab2f7\">\n                        <a href=\"#collapse-381d70969f1b81e4204a\" class=\"ekit-accordion--toggler elementskit-btn-link collapsed\" data-ekit-toggle=\"collapse\" data-target=\"#Collapse-381d70969f1b81e4204a\" aria-expanded=\"false\" aria-controls=\"Collapse-381d70969f1b81e4204a\">\n                            \n                            <span class=\"ekit-accordion-title\">Agravantes de la pena aplicable a la caza furtiva<\/span>\n\n                            \n                                <div class=\"ekit_accordion_icon_group\">\n                                    <div class=\"ekit_accordion_normal_icon\">\n                                        <!-- Normal Icon -->\n\t\t\t\t\t\t\t\t\t\t<i class=\"icon icon-plus\"><\/i>                                    <\/div>\n\n                                    <div class=\"ekit_accordion_active_icon\">\n                                        <!-- Active Icon -->\n\t\t\t\t\t\t\t\t\t\t<i class=\"icon icon-minus\"><\/i>                                    <\/div>\n                                <\/div>\n\n                            \n                                                    <\/a>\n                    <\/div>\n\n                    <div id=\"Collapse-381d70969f1b81e4204a\" class=\" collapse\" aria-labelledby=\"primaryHeading-34-5f8ab2f7\" data-parent=\"#accordion-69f1b81e4204a\">\n\n                        <div class=\"elementskit-card-body ekit-accordion--content\">\n                            <p>La ley 22.421 establece el ordenamiento legal destinado a resolver los problemas derivados de la depredaci\u00f3n que sufre la fauna silvestre en Argentina. En ella tambi\u00e9n se establecen las penas y los agravantes aplicables al delito de \u201ccaza furtiva\u201d. Toda vez que hay situaciones que no se encuentran contempladas en dicha norma, que ameritar\u00edan un aumento de la pena por la comisi\u00f3n del mencionado delito, en el presente trabajo realizamos su an\u00e1lisis y proponemos un texto normativo destinado a completar el marco sancionatorio que le deber\u00eda corresponder a la caza furtiva.<br \/><br \/><br \/><a class=\"btn btn-danger btn-sm\" href=\"https:\/\/nuevasgeneraciones.com.ar\/sitio\/wp-content\/uploads\/documentos3\/_archivo\/2020\/NG-PP323-Agravantes-pena-caza-furtiva.pdf?PP323\" target=\"_blank\" rel=\"noopener\">Descargar<\/a><\/p>                        <\/div>\n\n                    <\/div>\n\n                <\/div><!-- .elementskit-card END -->\n\n                \n                <div class=\"elementskit-card \">\n                    <div class=\"elementskit-card-header\" id=\"primaryHeading-35-5f8ab2f7\">\n                        <a href=\"#collapse-1ac8db369f1b81e4204a\" class=\"ekit-accordion--toggler elementskit-btn-link collapsed\" data-ekit-toggle=\"collapse\" data-target=\"#Collapse-1ac8db369f1b81e4204a\" aria-expanded=\"false\" aria-controls=\"Collapse-1ac8db369f1b81e4204a\">\n                            \n                            <span class=\"ekit-accordion-title\">Sistemas de cobro diferenciado para la recolecci\u00f3n de residuos de grandes generadores<\/span>\n\n                            \n                                <div class=\"ekit_accordion_icon_group\">\n                                    <div class=\"ekit_accordion_normal_icon\">\n                                        <!-- Normal Icon -->\n\t\t\t\t\t\t\t\t\t\t<i class=\"icon icon-plus\"><\/i>                                    <\/div>\n\n                                    <div class=\"ekit_accordion_active_icon\">\n                                        <!-- Active Icon -->\n\t\t\t\t\t\t\t\t\t\t<i class=\"icon icon-minus\"><\/i>                                    <\/div>\n                                <\/div>\n\n                            \n                                                    <\/a>\n                    <\/div>\n\n                    <div id=\"Collapse-1ac8db369f1b81e4204a\" class=\" collapse\" aria-labelledby=\"primaryHeading-35-5f8ab2f7\" data-parent=\"#accordion-69f1b81e4204a\">\n\n                        <div class=\"elementskit-card-body ekit-accordion--content\">\n                            <p>La gesti\u00f3n de los residuos urbanos implica una de las principales preocupaciones de los gobiernos municipales. En gran medida, ello se debe a los grandes vol\u00famenes de basura que se generan y su disposici\u00f3n final, que debe realizarse en espacios cada vez m\u00e1s escasos. Por tales motivos, los gobiernos locales deben dise\u00f1ar herramientas destinadas a incentivar el consumo responsable y la separaci\u00f3n en origen de los residuos valorizables. Una de ellas es el cobro de una tarifa diferenciada y variable de las tasas de recolecci\u00f3n de residuos en base al volumen y al peso generado. En el presente trabajo se proponen las condiciones esenciales para su implementaci\u00f3n.<br \/><br \/><br \/><a class=\"btn btn-danger btn-sm\" href=\"https:\/\/nuevasgeneraciones.com.ar\/sitio\/wp-content\/uploads\/documentos3\/_archivo\/2020\/NG-PP322-Sistemas-pago-diferenciado-residuos -SEP2020.pdf?PP322\" target=\"_blank\" rel=\"noopener\">Descargar<\/a><\/p>                        <\/div>\n\n                    <\/div>\n\n                <\/div><!-- .elementskit-card END -->\n\n                \n                <div class=\"elementskit-card \">\n                    <div class=\"elementskit-card-header\" id=\"primaryHeading-36-5f8ab2f7\">\n                        <a href=\"#collapse-5bd9a5769f1b81e4204a\" class=\"ekit-accordion--toggler elementskit-btn-link collapsed\" data-ekit-toggle=\"collapse\" data-target=\"#Collapse-5bd9a5769f1b81e4204a\" aria-expanded=\"false\" aria-controls=\"Collapse-5bd9a5769f1b81e4204a\">\n                            \n                            <span class=\"ekit-accordion-title\">Gesti\u00f3n de residuos de la construcci\u00f3n y demolici\u00f3n<\/span>\n\n                            \n                                <div class=\"ekit_accordion_icon_group\">\n                                    <div class=\"ekit_accordion_normal_icon\">\n                                        <!-- Normal Icon -->\n\t\t\t\t\t\t\t\t\t\t<i class=\"icon icon-plus\"><\/i>                                    <\/div>\n\n                                    <div class=\"ekit_accordion_active_icon\">\n                                        <!-- Active Icon -->\n\t\t\t\t\t\t\t\t\t\t<i class=\"icon icon-minus\"><\/i>                                    <\/div>\n                                <\/div>\n\n                            \n                                                    <\/a>\n                    <\/div>\n\n                    <div id=\"Collapse-5bd9a5769f1b81e4204a\" class=\" collapse\" aria-labelledby=\"primaryHeading-36-5f8ab2f7\" data-parent=\"#accordion-69f1b81e4204a\">\n\n                        <div class=\"elementskit-card-body ekit-accordion--content\">\n                            <p>Entre los residuos s\u00f3lidos urbanos, aquellos provenientes de los escombros representan cerca del 30% del volumen total que debe ser gestionado. A tal magnitud se suma el peso y el volumen que ocupan en los rellenos sanitarios. Ello dificulta el proceso para su valorizaci\u00f3n y reinserci\u00f3n en el mercado como materiales aptos para la construcci\u00f3n y la realizaci\u00f3n de obras civiles. En el presente trabajo se proponen las principales pol\u00edticas a implementar para el dise\u00f1o de los planes municipales destinados a gestionar los escombros y los residuos generados en la construcci\u00f3n y la demolici\u00f3n.<br \/><br \/><br \/><a class=\"btn btn-danger btn-sm\" href=\"https:\/\/nuevasgeneraciones.com.ar\/sitio\/wp-content\/uploads\/documentos3\/_archivo\/2020\/NG-PP320-Gestion-residuos-demolicion-AGO2020.pdf?PP320\" target=\"_blank\" rel=\"noopener\">Descargar<\/a><\/p>                        <\/div>\n\n                    <\/div>\n\n                <\/div><!-- .elementskit-card END -->\n\n                \n                <div class=\"elementskit-card \">\n                    <div class=\"elementskit-card-header\" id=\"primaryHeading-37-5f8ab2f7\">\n                        <a href=\"#collapse-64af0bb69f1b81e4204a\" class=\"ekit-accordion--toggler elementskit-btn-link collapsed\" data-ekit-toggle=\"collapse\" data-target=\"#Collapse-64af0bb69f1b81e4204a\" aria-expanded=\"false\" aria-controls=\"Collapse-64af0bb69f1b81e4204a\">\n                            \n                            <span class=\"ekit-accordion-title\">Gesti\u00f3n de residuos de vidrio<\/span>\n\n                            \n                                <div class=\"ekit_accordion_icon_group\">\n                                    <div class=\"ekit_accordion_normal_icon\">\n                                        <!-- Normal Icon -->\n\t\t\t\t\t\t\t\t\t\t<i class=\"icon icon-plus\"><\/i>                                    <\/div>\n\n                                    <div class=\"ekit_accordion_active_icon\">\n                                        <!-- Active Icon -->\n\t\t\t\t\t\t\t\t\t\t<i class=\"icon icon-minus\"><\/i>                                    <\/div>\n                                <\/div>\n\n                            \n                                                    <\/a>\n                    <\/div>\n\n                    <div id=\"Collapse-64af0bb69f1b81e4204a\" class=\" collapse\" aria-labelledby=\"primaryHeading-37-5f8ab2f7\" data-parent=\"#accordion-69f1b81e4204a\">\n\n                        <div class=\"elementskit-card-body ekit-accordion--content\">\n                            <p>Entre los residuos s\u00f3lidos urbanos, aquellos provenientes del vidrio son los que representan mayores retos al momento de dise\u00f1ar los planes de gesti\u00f3n para su valorizaci\u00f3n y aprovechamiento en nuevos procesos industriales. El principal problema que representan est\u00e1 dado en el volumen que ocupan y su peso. No obstante ello, el reciclado del vidrio es crucial no s\u00f3lo por los beneficios que implica reducir su disposici\u00f3n final en los sumideros, sino adem\u00e1s, porque reduce la energ\u00eda necesaria para la fabricaci\u00f3n de nuevos objetos de dicho material. En el presente trabajo se describen las principales pol\u00edticas a implementar para el dise\u00f1o de los planes municipales destinados a gestionar los residuos de vidrio.<br \/><br \/><br \/><a class=\"btn btn-danger btn-sm\" href=\"https:\/\/nuevasgeneraciones.com.ar\/sitio\/wp-content\/uploads\/documentos3\/_archivo\/2020\/NG-PP319-Gestion-residuos-vidrio-AGO2020.pdf?PP319\" target=\"_blank\" rel=\"noopener\">Descargar<\/a><\/p>                        <\/div>\n\n                    <\/div>\n\n                <\/div><!-- .elementskit-card END -->\n\n                \n                <div class=\"elementskit-card \">\n                    <div class=\"elementskit-card-header\" id=\"primaryHeading-38-5f8ab2f7\">\n                        <a href=\"#collapse-b5cdb7f69f1b81e4204a\" class=\"ekit-accordion--toggler elementskit-btn-link collapsed\" data-ekit-toggle=\"collapse\" data-target=\"#Collapse-b5cdb7f69f1b81e4204a\" aria-expanded=\"false\" aria-controls=\"Collapse-b5cdb7f69f1b81e4204a\">\n                            \n                            <span class=\"ekit-accordion-title\">Gesti\u00f3n de residuos urbanos: neum\u00e1ticos fuera de uso<\/span>\n\n                            \n                                <div class=\"ekit_accordion_icon_group\">\n                                    <div class=\"ekit_accordion_normal_icon\">\n                                        <!-- Normal Icon -->\n\t\t\t\t\t\t\t\t\t\t<i class=\"icon icon-plus\"><\/i>                                    <\/div>\n\n                                    <div class=\"ekit_accordion_active_icon\">\n                                        <!-- Active Icon -->\n\t\t\t\t\t\t\t\t\t\t<i class=\"icon icon-minus\"><\/i>                                    <\/div>\n                                <\/div>\n\n                            \n                                                    <\/a>\n                    <\/div>\n\n                    <div id=\"Collapse-b5cdb7f69f1b81e4204a\" class=\" collapse\" aria-labelledby=\"primaryHeading-38-5f8ab2f7\" data-parent=\"#accordion-69f1b81e4204a\">\n\n                        <div class=\"elementskit-card-body ekit-accordion--content\">\n                            <p>El manejo de residuos s\u00f3lidos se convirti\u00f3 en un problema socio ambiental de grandes magnitudes que todas las ciudades, sin importar su tama\u00f1o, deben resolver. Entre los residuos que mayores desaf\u00edos presentan para su descarte y reciclado, se destacan los neum\u00e1ticos. Por tal motivo, en el presente trabajo se proponen diversas acciones destinadas a solucionar, al menos en parte, la gesti\u00f3n a nivel municipal de dichos residuos.<br \/><br \/><br \/><a class=\"btn btn-danger btn-sm\" href=\"https:\/\/nuevasgeneraciones.com.ar\/sitio\/wp-content\/uploads\/documentos3\/_archivo\/2020\/Gestion-neumaticos-usados-NG-JUL2020-PP318.pdf?318\" target=\"_blank\" rel=\"noopener\">Descargar<\/a><\/p>                        <\/div>\n\n                    <\/div>\n\n                <\/div><!-- .elementskit-card END -->\n\n                \n                <div class=\"elementskit-card \">\n                    <div class=\"elementskit-card-header\" id=\"primaryHeading-39-5f8ab2f7\">\n                        <a href=\"#collapse-e4c21a669f1b81e4204a\" class=\"ekit-accordion--toggler elementskit-btn-link collapsed\" data-ekit-toggle=\"collapse\" data-target=\"#Collapse-e4c21a669f1b81e4204a\" aria-expanded=\"false\" aria-controls=\"Collapse-e4c21a669f1b81e4204a\">\n                            \n                            <span class=\"ekit-accordion-title\">Apuntes para la micro movilidad urbana<\/span>\n\n                            \n                                <div class=\"ekit_accordion_icon_group\">\n                                    <div class=\"ekit_accordion_normal_icon\">\n                                        <!-- Normal Icon -->\n\t\t\t\t\t\t\t\t\t\t<i class=\"icon icon-plus\"><\/i>                                    <\/div>\n\n                                    <div class=\"ekit_accordion_active_icon\">\n                                        <!-- Active Icon -->\n\t\t\t\t\t\t\t\t\t\t<i class=\"icon icon-minus\"><\/i>                                    <\/div>\n                                <\/div>\n\n                            \n                                                    <\/a>\n                    <\/div>\n\n                    <div id=\"Collapse-e4c21a669f1b81e4204a\" class=\" collapse\" aria-labelledby=\"primaryHeading-39-5f8ab2f7\" data-parent=\"#accordion-69f1b81e4204a\">\n\n                        <div class=\"elementskit-card-body ekit-accordion--content\">\n                            <p>El tr\u00e1fico vehicular se encuentra entre los mayores problemas que experimentan las ciudades modernas. Sus consecuencias, adem\u00e1s de la consabida p\u00e9rdida de tiempo en los traslados, se ven reflejadas en el medio ambiente, la salud humana, la siniestralidad vial y, en definitiva, en la calidad de vida de los vecinos. Una de las formas desarrolladas por los gobiernos locales para solucionar este problema es mediante el dise\u00f1o de programas de micro movilidad para los cuales se pone el foco en los medios de locomoci\u00f3n individuales, de peque\u00f1as dimensiones y con impacto positivo sobre el medio ambiente.<br \/>En el presente trabajo se presentan una serie de lineamientos tendientes a orientar la adopci\u00f3n de la micro movilidad urbana.<br \/><br \/><br \/><a class=\"btn btn-danger btn-sm\" href=\"https:\/\/nuevasgeneraciones.com.ar\/sitio\/wp-content\/uploads\/documentos3\/_archivo\/2020\/Apuntes-micro-movilidad-urbana-NG-JUN2020-PP317.pdf?317\" target=\"_blank\" rel=\"noopener\">Descargar<\/a><\/p>                        <\/div>\n\n                    <\/div>\n\n                <\/div><!-- .elementskit-card END -->\n\n                \n                <div class=\"elementskit-card \">\n                    <div class=\"elementskit-card-header\" id=\"primaryHeading-40-5f8ab2f7\">\n                        <a href=\"#collapse-52b3d6069f1b81e4204a\" class=\"ekit-accordion--toggler elementskit-btn-link collapsed\" data-ekit-toggle=\"collapse\" data-target=\"#Collapse-52b3d6069f1b81e4204a\" aria-expanded=\"false\" aria-controls=\"Collapse-52b3d6069f1b81e4204a\">\n                            \n                            <span class=\"ekit-accordion-title\">Gesti\u00f3n de las inundaciones urbanas<\/span>\n\n                            \n                                <div class=\"ekit_accordion_icon_group\">\n                                    <div class=\"ekit_accordion_normal_icon\">\n                                        <!-- Normal Icon -->\n\t\t\t\t\t\t\t\t\t\t<i class=\"icon icon-plus\"><\/i>                                    <\/div>\n\n                                    <div class=\"ekit_accordion_active_icon\">\n                                        <!-- Active Icon -->\n\t\t\t\t\t\t\t\t\t\t<i class=\"icon icon-minus\"><\/i>                                    <\/div>\n                                <\/div>\n\n                            \n                                                    <\/a>\n                    <\/div>\n\n                    <div id=\"Collapse-52b3d6069f1b81e4204a\" class=\" collapse\" aria-labelledby=\"primaryHeading-40-5f8ab2f7\" data-parent=\"#accordion-69f1b81e4204a\">\n\n                        <div class=\"elementskit-card-body ekit-accordion--content\">\n                            <p>Las inundaciones son un problema que experimenta la mayor\u00eda de las ciudades, cobrando vidas humanas y causando grandes costos econ\u00f3micos, sociales, ambientales y sanitarios. En algunos casos suceden de manera recurrente y su mitigaci\u00f3n es estructuralmente imposible. No obstante ello, la respuesta anticipada ante sus efectos es posible. En el presente trabajo se proponen una serie de medidas concretas destinadas a que las ciudades puedan gestionar de manera adecuada sus respuestas ante los eventos clim\u00e1ticos extremos.<br \/><br \/><br \/><a class=\"btn btn-danger btn-sm\" href=\"https:\/\/nuevasgeneraciones.com.ar\/sitio\/wp-content\/uploads\/documentos3\/_archivo\/2020\/Gestion-inundaciones-urbanas-NG-JUN2020-PP316.pdf\" target=\"_blank\" rel=\"noopener\">Descargar<\/a><\/p>                        <\/div>\n\n                    <\/div>\n\n                <\/div><!-- .elementskit-card END -->\n\n                \n                <div class=\"elementskit-card \">\n                    <div class=\"elementskit-card-header\" id=\"primaryHeading-41-5f8ab2f7\">\n                        <a href=\"#collapse-b66620069f1b81e4204a\" class=\"ekit-accordion--toggler elementskit-btn-link collapsed\" data-ekit-toggle=\"collapse\" data-target=\"#Collapse-b66620069f1b81e4204a\" aria-expanded=\"false\" aria-controls=\"Collapse-b66620069f1b81e4204a\">\n                            \n                            <span class=\"ekit-accordion-title\">Promoci\u00f3n y aprovechamiento de \u00e1rboles frutales en la v\u00eda p\u00fablica<\/span>\n\n                            \n                                <div class=\"ekit_accordion_icon_group\">\n                                    <div class=\"ekit_accordion_normal_icon\">\n                                        <!-- Normal Icon -->\n\t\t\t\t\t\t\t\t\t\t<i class=\"icon icon-plus\"><\/i>                                    <\/div>\n\n                                    <div class=\"ekit_accordion_active_icon\">\n                                        <!-- Active Icon -->\n\t\t\t\t\t\t\t\t\t\t<i class=\"icon icon-minus\"><\/i>                                    <\/div>\n                                <\/div>\n\n                            \n                                                    <\/a>\n                    <\/div>\n\n                    <div id=\"Collapse-b66620069f1b81e4204a\" class=\" collapse\" aria-labelledby=\"primaryHeading-41-5f8ab2f7\" data-parent=\"#accordion-69f1b81e4204a\">\n\n                        <div class=\"elementskit-card-body ekit-accordion--content\">\n                            <p>Los espacios arbolados de las ciudades cumplen m\u00faltiples roles. Entre otros, impactan positivamente en el ambiente, previenen la erosi\u00f3n del suelo, moderan los vientos y mejoran la calidad de vida de quienes habitan en ellas. Asimismo, cuando dichos \u00e1rboles dan frutos comestibles, pueden ser aprovechados por los vecinos para complementar sus dietas de manera saludable. En el presente trabajo, se proponen una serie de iniciativas destinadas a promover el consumo de la fruta que produce el arbolado urbano de manera inclusiva y segura para la salud.<br \/><br \/><br \/><a class=\"btn btn-danger btn-sm\" href=\"https:\/\/nuevasgeneraciones.com.ar\/sitio\/wp-content\/uploads\/documentos3\/_archivo\/2020\/arboles-frutales-via-publica.pdf\" target=\"_blank\" rel=\"noopener\">Descargar<\/a><\/p>                        <\/div>\n\n                    <\/div>\n\n                <\/div><!-- .elementskit-card END -->\n\n                \n                <div class=\"elementskit-card \">\n                    <div class=\"elementskit-card-header\" id=\"primaryHeading-42-5f8ab2f7\">\n                        <a href=\"#collapse-f23e34269f1b81e4204a\" class=\"ekit-accordion--toggler elementskit-btn-link collapsed\" data-ekit-toggle=\"collapse\" data-target=\"#Collapse-f23e34269f1b81e4204a\" aria-expanded=\"false\" aria-controls=\"Collapse-f23e34269f1b81e4204a\">\n                            \n                            <span class=\"ekit-accordion-title\">Aprovechamiento de los restos de poda para la generaci\u00f3n de energ\u00eda<\/span>\n\n                            \n                                <div class=\"ekit_accordion_icon_group\">\n                                    <div class=\"ekit_accordion_normal_icon\">\n                                        <!-- Normal Icon -->\n\t\t\t\t\t\t\t\t\t\t<i class=\"icon icon-plus\"><\/i>                                    <\/div>\n\n                                    <div class=\"ekit_accordion_active_icon\">\n                                        <!-- Active Icon -->\n\t\t\t\t\t\t\t\t\t\t<i class=\"icon icon-minus\"><\/i>                                    <\/div>\n                                <\/div>\n\n                            \n                                                    <\/a>\n                    <\/div>\n\n                    <div id=\"Collapse-f23e34269f1b81e4204a\" class=\" collapse\" aria-labelledby=\"primaryHeading-42-5f8ab2f7\" data-parent=\"#accordion-69f1b81e4204a\">\n\n                        <div class=\"elementskit-card-body ekit-accordion--content\">\n                            <p>Las podas urbanas realizadas por los municipios generan cada a\u00f1o miles de toneladas de biomasa. Lejos de ser siempre aprovechada, esta biomasa muchas veces es depositaba en rellenos sanitarios o usada en forma de chips en las plazas o parque p\u00fablicos. Estos restos de poda tienen un potencial energ\u00e9tico poco conocido y que, al aprovecharse, podr\u00eda generar energ\u00eda el\u00e9ctrica o t\u00e9rmica para edificios p\u00fablicos. En este trabajo se plantean los mecanismos para su mejor aprovechamiento.<br \/><br \/><br \/><a class=\"btn btn-danger btn-sm\" href=\"https:\/\/nuevasgeneraciones.com.ar\/sitio\/wp-content\/uploads\/documentos3\/_archivo\/2020\/Aprovechamiento-energetico-restos-poda.pdf\" target=\"_blank\" rel=\"noopener\">Descargar<\/a><\/p>                        <\/div>\n\n                    <\/div>\n\n                <\/div><!-- .elementskit-card END -->\n\n                \n                <div class=\"elementskit-card \">\n                    <div class=\"elementskit-card-header\" id=\"primaryHeading-43-5f8ab2f7\">\n                        <a href=\"#collapse-2375b8c69f1b81e4204a\" class=\"ekit-accordion--toggler elementskit-btn-link collapsed\" data-ekit-toggle=\"collapse\" data-target=\"#Collapse-2375b8c69f1b81e4204a\" aria-expanded=\"false\" aria-controls=\"Collapse-2375b8c69f1b81e4204a\">\n                            \n                            <span class=\"ekit-accordion-title\">Est\u00edmulo para la construcci\u00f3n de biodigestores rurales de bajo costo<\/span>\n\n                            \n                                <div class=\"ekit_accordion_icon_group\">\n                                    <div class=\"ekit_accordion_normal_icon\">\n                                        <!-- Normal Icon -->\n\t\t\t\t\t\t\t\t\t\t<i class=\"icon icon-plus\"><\/i>                                    <\/div>\n\n                                    <div class=\"ekit_accordion_active_icon\">\n                                        <!-- Active Icon -->\n\t\t\t\t\t\t\t\t\t\t<i class=\"icon icon-minus\"><\/i>                                    <\/div>\n                                <\/div>\n\n                            \n                                                    <\/a>\n                    <\/div>\n\n                    <div id=\"Collapse-2375b8c69f1b81e4204a\" class=\" collapse\" aria-labelledby=\"primaryHeading-43-5f8ab2f7\" data-parent=\"#accordion-69f1b81e4204a\">\n\n                        <div class=\"elementskit-card-body ekit-accordion--content\">\n                            <p>La actividad agropecuaria genera una serie de residuos org\u00e1nicos que pueden ocasionar problemas ambientales y sanitarios. No obstante ello, tales residuos pueden ser aprovechados para generar biog\u00e1s en aquellas zonas alejadas donde resulta econ\u00f3micamente inviable extender la infraestructura para el suministro de gas de red, como lo es el \u00e1mbito rural.En el presente trabajo se propone paliar dicha situaci\u00f3n mediante el estimulo de la construcci\u00f3n de biodigestores destinados a beneficiar a los peque\u00f1os productores encuadrados dentro de lo que se conoce como la agricultura familiar para mejorar, de ese modo, su calidad de vida.<br \/><br \/><br \/><a class=\"btn btn-danger btn-sm\" href=\"https:\/\/nuevasgeneraciones.com.ar\/sitio\/wp-content\/uploads\/documentos3\/_archivo\/2020\/Estimulo-construccion-biodigestores-rurales-bajo-costo.pdf \" target=\"_blank\" rel=\"noopener\">Descargar<\/a><\/p>                        <\/div>\n\n                    <\/div>\n\n                <\/div><!-- .elementskit-card END -->\n\n                \n                <div class=\"elementskit-card \">\n                    <div class=\"elementskit-card-header\" id=\"primaryHeading-44-5f8ab2f7\">\n                        <a href=\"#collapse-e1ef3e669f1b81e4204a\" class=\"ekit-accordion--toggler elementskit-btn-link collapsed\" data-ekit-toggle=\"collapse\" data-target=\"#Collapse-e1ef3e669f1b81e4204a\" aria-expanded=\"false\" aria-controls=\"Collapse-e1ef3e669f1b81e4204a\">\n                            \n                            <span class=\"ekit-accordion-title\">Utilizaci\u00f3n del agua de lluvia para abastecer a los edificios p\u00fablicos<\/span>\n\n                            \n                                <div class=\"ekit_accordion_icon_group\">\n                                    <div class=\"ekit_accordion_normal_icon\">\n                                        <!-- Normal Icon -->\n\t\t\t\t\t\t\t\t\t\t<i class=\"icon icon-plus\"><\/i>                                    <\/div>\n\n                                    <div class=\"ekit_accordion_active_icon\">\n                                        <!-- Active Icon -->\n\t\t\t\t\t\t\t\t\t\t<i class=\"icon icon-minus\"><\/i>                                    <\/div>\n                                <\/div>\n\n                            \n                                                    <\/a>\n                    <\/div>\n\n                    <div id=\"Collapse-e1ef3e669f1b81e4204a\" class=\" collapse\" aria-labelledby=\"primaryHeading-44-5f8ab2f7\" data-parent=\"#accordion-69f1b81e4204a\">\n\n                        <div class=\"elementskit-card-body ekit-accordion--content\">\n                            <p>El servicio p\u00fablico de suministro de agua potable es sumamente costoso. No obstante ello, el 50% del agua de red que se consume en los centros urbanos de nuestro pa\u00eds se destina a usos para los cuales no es necesaria su pureza, como el riego, la limpieza de aceras o la descarga de sanitarios. En el presente trabajo se propone la instalaci\u00f3n de sistemas para la recolecci\u00f3n y el almacenamiento del agua de lluvia en los edificios estatales a fin de reducir el despilfarro del agua potable de red.<br \/><br \/><br \/><a class=\"btn btn-danger btn-sm\" href=\"https:\/\/nuevasgeneraciones.com.ar\/sitio\/wp-content\/uploads\/documentos3\/_archivo\/2020\/agua-de-lluvia.pdf\" target=\"_blank\" rel=\"noopener\">Descargar<\/a><\/p>                        <\/div>\n\n                    <\/div>\n\n                <\/div><!-- .elementskit-card END -->\n\n                \n                <div class=\"elementskit-card \">\n                    <div class=\"elementskit-card-header\" id=\"primaryHeading-45-5f8ab2f7\">\n                        <a href=\"#collapse-e4bce2469f1b81e4204a\" class=\"ekit-accordion--toggler elementskit-btn-link collapsed\" data-ekit-toggle=\"collapse\" data-target=\"#Collapse-e4bce2469f1b81e4204a\" aria-expanded=\"false\" aria-controls=\"Collapse-e4bce2469f1b81e4204a\">\n                            \n                            <span class=\"ekit-accordion-title\">Miner\u00eda urbana: una herramienta de cuidado ambiental y desarrollo econ\u00f3mico<\/span>\n\n                            \n                                <div class=\"ekit_accordion_icon_group\">\n                                    <div class=\"ekit_accordion_normal_icon\">\n                                        <!-- Normal Icon -->\n\t\t\t\t\t\t\t\t\t\t<i class=\"icon icon-plus\"><\/i>                                    <\/div>\n\n                                    <div class=\"ekit_accordion_active_icon\">\n                                        <!-- Active Icon -->\n\t\t\t\t\t\t\t\t\t\t<i class=\"icon icon-minus\"><\/i>                                    <\/div>\n                                <\/div>\n\n                            \n                                                    <\/a>\n                    <\/div>\n\n                    <div id=\"Collapse-e4bce2469f1b81e4204a\" class=\" collapse\" aria-labelledby=\"primaryHeading-45-5f8ab2f7\" data-parent=\"#accordion-69f1b81e4204a\">\n\n                        <div class=\"elementskit-card-body ekit-accordion--content\">\n                            <p>Todos los bienes que consumimos generan residuos que deben ser debidamente gestionados, en especial cuando contienen compuestos t\u00f3xicos que afectan al medio ambiente y a la salud humana.Tales residuos pueden ser aprovechados gracias a la llamada \u201cminer\u00eda urbana\u201d mediante la cual no s\u00f3lo se pueden evitar los da\u00f1os precedentemente mencionados, sino que adem\u00e1s, permite generar recursos que son aprovechados en nuevos procesos industriales.En el presente trabajo se ofrecen los lineamientos b\u00e1sicos que deber\u00edan orientar el dise\u00f1o de las pol\u00edticas p\u00fablicas destinadas a promocionar la miner\u00eda urbana.<br \/><br \/><br \/><a class=\"btn btn-danger btn-sm\" href=\"https:\/\/nuevasgeneraciones.com.ar\/sitio\/wp-content\/uploads\/documentos3\/_archivo\/2020\/mineria-urbana.pdf\" target=\"_blank\" rel=\"noopener\">Descargar<\/a><\/p>                        <\/div>\n\n                    <\/div>\n\n                <\/div><!-- .elementskit-card END -->\n\n                \n                <div class=\"elementskit-card \">\n                    <div class=\"elementskit-card-header\" id=\"primaryHeading-46-5f8ab2f7\">\n                        <a href=\"#collapse-1b10f2369f1b81e4204a\" class=\"ekit-accordion--toggler elementskit-btn-link collapsed\" data-ekit-toggle=\"collapse\" data-target=\"#Collapse-1b10f2369f1b81e4204a\" aria-expanded=\"false\" aria-controls=\"Collapse-1b10f2369f1b81e4204a\">\n                            \n                            <span class=\"ekit-accordion-title\">Generaci\u00f3n de energ\u00eda a partir de residuos pl\u00e1sticos no reciclables <\/span>\n\n                            \n                                <div class=\"ekit_accordion_icon_group\">\n                                    <div class=\"ekit_accordion_normal_icon\">\n                                        <!-- Normal Icon -->\n\t\t\t\t\t\t\t\t\t\t<i class=\"icon icon-plus\"><\/i>                                    <\/div>\n\n                                    <div class=\"ekit_accordion_active_icon\">\n                                        <!-- Active Icon -->\n\t\t\t\t\t\t\t\t\t\t<i class=\"icon icon-minus\"><\/i>                                    <\/div>\n                                <\/div>\n\n                            \n                                                    <\/a>\n                    <\/div>\n\n                    <div id=\"Collapse-1b10f2369f1b81e4204a\" class=\" collapse\" aria-labelledby=\"primaryHeading-46-5f8ab2f7\" data-parent=\"#accordion-69f1b81e4204a\">\n\n                        <div class=\"elementskit-card-body ekit-accordion--content\">\n                            <p>Los pl\u00e1sticos son materiales que durante el \u00faltimo siglo han hecho m\u00e1s llevadera la vida de los seres humanos. Sus ventajas son muchas y sus aplicaciones muy diversas. No obstante ello, como residuos, los pl\u00e1sticos representan un grave problema para la salud. Por tal motivo en el presente trabajo se proponen algunos lineamientos para pol\u00edticas p\u00fablicas destinadas a regular su tratamiento y reutilizaci\u00f3n, y para su aplicaci\u00f3n a la generaci\u00f3n de energ\u00eda.<br \/><br \/><br \/><a class=\"btn btn-danger btn-sm\" href=\"https:\/\/nuevasgeneraciones.com.ar\/sitio\/wp-content\/uploads\/documentos3\/_archivo\/2020\/Generacion-energia-residuos-plasticos.pdf\" target=\"_blank\" rel=\"noopener\">Descargar<\/a><\/p>                        <\/div>\n\n                    <\/div>\n\n                <\/div><!-- .elementskit-card END -->\n\n                \n                <div class=\"elementskit-card \">\n                    <div class=\"elementskit-card-header\" id=\"primaryHeading-47-5f8ab2f7\">\n                        <a href=\"#collapse-80c5b0f69f1b81e4204a\" class=\"ekit-accordion--toggler elementskit-btn-link collapsed\" data-ekit-toggle=\"collapse\" data-target=\"#Collapse-80c5b0f69f1b81e4204a\" aria-expanded=\"false\" aria-controls=\"Collapse-80c5b0f69f1b81e4204a\">\n                            \n                            <span class=\"ekit-accordion-title\">Pol\u00edticas p\u00fablicas para el ahorro de energ\u00eda<\/span>\n\n                            \n                                <div class=\"ekit_accordion_icon_group\">\n                                    <div class=\"ekit_accordion_normal_icon\">\n                                        <!-- Normal Icon -->\n\t\t\t\t\t\t\t\t\t\t<i class=\"icon icon-plus\"><\/i>                                    <\/div>\n\n                                    <div class=\"ekit_accordion_active_icon\">\n                                        <!-- Active Icon -->\n\t\t\t\t\t\t\t\t\t\t<i class=\"icon icon-minus\"><\/i>                                    <\/div>\n                                <\/div>\n\n                            \n                                                    <\/a>\n                    <\/div>\n\n                    <div id=\"Collapse-80c5b0f69f1b81e4204a\" class=\" collapse\" aria-labelledby=\"primaryHeading-47-5f8ab2f7\" data-parent=\"#accordion-69f1b81e4204a\">\n\n                        <div class=\"elementskit-card-body ekit-accordion--content\">\n                            <p>La generaci\u00f3n de energ\u00eda es muy costosa y siempre tiene un impacto en el medioambiente. Por tal motivo, es crucial poner en pr\u00e1ctica todas aquellas herramientas disponibles para maximizar su ahorro. En el presente trabajo se proponen diversas pol\u00edticas p\u00fablicas que se pueden adoptar en los distintos niveles del Estado para reducir el derroche y aumentar la eficiencia energ\u00e9tica, logrando un adecuado desarrollo social, compatible con un desarrollo ambiental sustentable.<br \/><br \/><br \/><a class=\"btn btn-danger btn-sm\" href=\"https:\/\/nuevasgeneraciones.com.ar\/sitio\/wp-content\/uploads\/documentos3\/_archivo\/2020\/Ahorro-Energia.pdf\" target=\"_blank\" rel=\"noopener\">Descargar<\/a><\/p>                        <\/div>\n\n                    <\/div>\n\n                <\/div><!-- .elementskit-card END -->\n\n                \n                <div class=\"elementskit-card \">\n                    <div class=\"elementskit-card-header\" id=\"primaryHeading-48-5f8ab2f7\">\n                        <a href=\"#collapse-e3fc88f69f1b81e4204a\" class=\"ekit-accordion--toggler elementskit-btn-link collapsed\" data-ekit-toggle=\"collapse\" data-target=\"#Collapse-e3fc88f69f1b81e4204a\" aria-expanded=\"false\" aria-controls=\"Collapse-e3fc88f69f1b81e4204a\">\n                            \n                            <span class=\"ekit-accordion-title\">El agua como factor de inclusi\u00f3n social<\/span>\n\n                            \n                                <div class=\"ekit_accordion_icon_group\">\n                                    <div class=\"ekit_accordion_normal_icon\">\n                                        <!-- Normal Icon -->\n\t\t\t\t\t\t\t\t\t\t<i class=\"icon icon-plus\"><\/i>                                    <\/div>\n\n                                    <div class=\"ekit_accordion_active_icon\">\n                                        <!-- Active Icon -->\n\t\t\t\t\t\t\t\t\t\t<i class=\"icon icon-minus\"><\/i>                                    <\/div>\n                                <\/div>\n\n                            \n                                                    <\/a>\n                    <\/div>\n\n                    <div id=\"Collapse-e3fc88f69f1b81e4204a\" class=\" collapse\" aria-labelledby=\"primaryHeading-48-5f8ab2f7\" data-parent=\"#accordion-69f1b81e4204a\">\n\n                        <div class=\"elementskit-card-body ekit-accordion--content\">\n                            <p>El agua es un elemento b\u00e1sico sin el cual la vida no es posible. Por tal motivo, el acceso universal a ella, de manera segura y asequible, es un derecho humano. No obstante ello, los sectores con menos recursos de la sociedad se encuentran imposibilitados de ejercer eficazmente tal derecho, lo que dificulta su salida de la marginalidad y la exclusi\u00f3n. En el presente trabajo se proponen las bases de consideraci\u00f3n esenciales, sobre las cuales deber\u00e1n desarrollarse las normativas y pol\u00edticas p\u00fablicas, con un enfoque ambiental ambiental, para lograr el acceso de las distintas capas sociales al ejercicio pleno de su derecho de acceso al agua.<br \/><br \/><br \/><a class=\"btn btn-danger btn-sm\" href=\"https:\/\/nuevasgeneraciones.com.ar\/sitio\/wp-content\/uploads\/documentos3\/_archivo\/2019\/Agua-factor-inclusion-social.pdf\" target=\"_blank\" rel=\"noopener\">Descargar<\/a><\/p>                        <\/div>\n\n                    <\/div>\n\n                <\/div><!-- .elementskit-card END -->\n\n                \n                <div class=\"elementskit-card \">\n                    <div class=\"elementskit-card-header\" id=\"primaryHeading-49-5f8ab2f7\">\n                        <a href=\"#collapse-35046aa69f1b81e4204a\" class=\"ekit-accordion--toggler elementskit-btn-link collapsed\" data-ekit-toggle=\"collapse\" data-target=\"#Collapse-35046aa69f1b81e4204a\" aria-expanded=\"false\" aria-controls=\"Collapse-35046aa69f1b81e4204a\">\n                            \n                            <span class=\"ekit-accordion-title\">Nociones sobre el transporte urbano inteligente<\/span>\n\n                            \n                                <div class=\"ekit_accordion_icon_group\">\n                                    <div class=\"ekit_accordion_normal_icon\">\n                                        <!-- Normal Icon -->\n\t\t\t\t\t\t\t\t\t\t<i class=\"icon icon-plus\"><\/i>                                    <\/div>\n\n                                    <div class=\"ekit_accordion_active_icon\">\n                                        <!-- Active Icon -->\n\t\t\t\t\t\t\t\t\t\t<i class=\"icon icon-minus\"><\/i>                                    <\/div>\n                                <\/div>\n\n                            \n                                                    <\/a>\n                    <\/div>\n\n                    <div id=\"Collapse-35046aa69f1b81e4204a\" class=\" collapse\" aria-labelledby=\"primaryHeading-49-5f8ab2f7\" data-parent=\"#accordion-69f1b81e4204a\">\n\n                        <div class=\"elementskit-card-body ekit-accordion--content\">\n                            <p>La gesti\u00f3n adecuada del transporte urbano de pasajeros y de mercader\u00edas es un desaf\u00edo al que se enfrentan, desde hace tiempo, los gobiernos locales. La agilidad en el traslado de personas y bienes se ve constantemente jaqueada por embotellamientos, fallas en los servicios, anegamientos, accidentes y un sinn\u00famero de eventualidades que generan p\u00e9rdidas de tiempo y recursos econ\u00f3micos e, indirectamente, un impacto negativo en el medioambiente.En el presente trabajo se explica la forma en que las modernas tecnolog\u00edas pueden ser utilizadas como herramientas eficaces para dise\u00f1ar pol\u00edticas p\u00fablicas de trasporte inteligente.<br \/><br \/><br \/><a class=\"btn btn-danger btn-sm\" href=\"https:\/\/nuevasgeneraciones.com.ar\/sitio\/wp-content\/uploads\/documentos3\/_archivo\/2019\/Transporte-inteligente.pdf\" target=\"_blank\" rel=\"noopener\">Descargar<\/a><\/p>                        <\/div>\n\n                    <\/div>\n\n                <\/div><!-- .elementskit-card END -->\n\n                \n                <div class=\"elementskit-card \">\n                    <div class=\"elementskit-card-header\" id=\"primaryHeading-50-5f8ab2f7\">\n                        <a href=\"#collapse-30396bc69f1b81e4204a\" class=\"ekit-accordion--toggler elementskit-btn-link collapsed\" data-ekit-toggle=\"collapse\" data-target=\"#Collapse-30396bc69f1b81e4204a\" aria-expanded=\"false\" aria-controls=\"Collapse-30396bc69f1b81e4204a\">\n                            \n                            <span class=\"ekit-accordion-title\">La erosi\u00f3n e\u00f3lica del suelo: causas, efectos y medidas para limitarla<\/span>\n\n                            \n                                <div class=\"ekit_accordion_icon_group\">\n                                    <div class=\"ekit_accordion_normal_icon\">\n                                        <!-- Normal Icon -->\n\t\t\t\t\t\t\t\t\t\t<i class=\"icon icon-plus\"><\/i>                                    <\/div>\n\n                                    <div class=\"ekit_accordion_active_icon\">\n                                        <!-- Active Icon -->\n\t\t\t\t\t\t\t\t\t\t<i class=\"icon icon-minus\"><\/i>                                    <\/div>\n                                <\/div>\n\n                            \n                                                    <\/a>\n                    <\/div>\n\n                    <div id=\"Collapse-30396bc69f1b81e4204a\" class=\" collapse\" aria-labelledby=\"primaryHeading-50-5f8ab2f7\" data-parent=\"#accordion-69f1b81e4204a\">\n\n                        <div class=\"elementskit-card-body ekit-accordion--content\">\n                            <p>La erosi\u00f3n del suelo provocada por la acci\u00f3n del viento es una de las principales causas que atentan contra la productividad rural. Tal realidad se ve reflejada a\u00fan m\u00e1s en las zonas productivas, que por su aridez, se convierten en marginales. En el presente trabajo se realiza un an\u00e1lisis de los factores que facilitan la erosi\u00f3n e\u00f3lica y las medidas que pueden adoptar los gobiernos, conjuntamente con los productores, las ONG y el sector acad\u00e9mico, para revertir sus efectos.<br \/><br \/><br \/><a class=\"btn btn-danger btn-sm\" href=\"https:\/\/nuevasgeneraciones.com.ar\/sitio\/wp-content\/uploads\/documentos3\/_archivo\/2019\/Medidas-contra-erosion-eolica.pdf\" target=\"_blank\" rel=\"noopener\">Descargar<\/a><\/p>                        <\/div>\n\n                    <\/div>\n\n                <\/div><!-- .elementskit-card END -->\n\n                \n                <div class=\"elementskit-card \">\n                    <div class=\"elementskit-card-header\" id=\"primaryHeading-51-5f8ab2f7\">\n                        <a href=\"#collapse-dd9d53b69f1b81e4204a\" class=\"ekit-accordion--toggler elementskit-btn-link collapsed\" data-ekit-toggle=\"collapse\" data-target=\"#Collapse-dd9d53b69f1b81e4204a\" aria-expanded=\"false\" aria-controls=\"Collapse-dd9d53b69f1b81e4204a\">\n                            \n                            <span class=\"ekit-accordion-title\">Decreto 591\/19: una herramienta efectiva para regular la importaci\u00f3n de insumos industriales obtenidos a partir de residuos valorizados <\/span>\n\n                            \n                                <div class=\"ekit_accordion_icon_group\">\n                                    <div class=\"ekit_accordion_normal_icon\">\n                                        <!-- Normal Icon -->\n\t\t\t\t\t\t\t\t\t\t<i class=\"icon icon-plus\"><\/i>                                    <\/div>\n\n                                    <div class=\"ekit_accordion_active_icon\">\n                                        <!-- Active Icon -->\n\t\t\t\t\t\t\t\t\t\t<i class=\"icon icon-minus\"><\/i>                                    <\/div>\n                                <\/div>\n\n                            \n                                                    <\/a>\n                    <\/div>\n\n                    <div id=\"Collapse-dd9d53b69f1b81e4204a\" class=\" collapse\" aria-labelledby=\"primaryHeading-51-5f8ab2f7\" data-parent=\"#accordion-69f1b81e4204a\">\n\n                        <div class=\"elementskit-card-body ekit-accordion--content\">\n                            <p>Los residuos representan un gran problema ambiental, sanitario y social para los gobiernos, especialmente para los municipales. Su costosa gesti\u00f3n y el aumento constante del volumen de los desechos hacen que el espacio para su disposici\u00f3n final de manera sustentable sea cada vez menor. No obstante ello, gracias a la valorizaci\u00f3n de los residuos se pueden obtener bienes que son utilizados como insumos en la industria, muchos de los cuales deben ser importados debido a su ausencia en nuestro pa\u00eds. En el presente trabajo se hace un an\u00e1lisis de las normas vigentes en Argentina que regulan la importaci\u00f3n de tales insumos.<br \/><br \/><br \/><a class=\"btn btn-danger btn-sm\" href=\"https:\/\/www.nuevasgeneraciones.com.ar\/sitio\/wp-content\/uploads\/documentos3\/_archivo\/2019\/Importacion-residuos-valorizados.pdf \" target=\"_blank\" rel=\"noopener\">Descargar<\/a><\/p>                        <\/div>\n\n                    <\/div>\n\n                <\/div><!-- .elementskit-card END -->\n\n                \n                <div class=\"elementskit-card \">\n                    <div class=\"elementskit-card-header\" id=\"primaryHeading-52-5f8ab2f7\">\n                        <a href=\"#collapse-fb52b0269f1b81e4204a\" class=\"ekit-accordion--toggler elementskit-btn-link collapsed\" data-ekit-toggle=\"collapse\" data-target=\"#Collapse-fb52b0269f1b81e4204a\" aria-expanded=\"false\" aria-controls=\"Collapse-fb52b0269f1b81e4204a\">\n                            \n                            <span class=\"ekit-accordion-title\">  La escasez de agua y la importancia del saneamiento para su cuidado y la protecci\u00f3n del medio ambiente y la salud humana<\/span>\n\n                            \n                                <div class=\"ekit_accordion_icon_group\">\n                                    <div class=\"ekit_accordion_normal_icon\">\n                                        <!-- Normal Icon -->\n\t\t\t\t\t\t\t\t\t\t<i class=\"icon icon-plus\"><\/i>                                    <\/div>\n\n                                    <div class=\"ekit_accordion_active_icon\">\n                                        <!-- Active Icon -->\n\t\t\t\t\t\t\t\t\t\t<i class=\"icon icon-minus\"><\/i>                                    <\/div>\n                                <\/div>\n\n                            \n                                                    <\/a>\n                    <\/div>\n\n                    <div id=\"Collapse-fb52b0269f1b81e4204a\" class=\" collapse\" aria-labelledby=\"primaryHeading-52-5f8ab2f7\" data-parent=\"#accordion-69f1b81e4204a\">\n\n                        <div class=\"elementskit-card-body ekit-accordion--content\">\n                            <p>La escasez de agua potable en el mundo demanda la aplicaci\u00f3n de pol\u00edticas p\u00fablicas destinadas a su cuidado, de manera tal que se asegure su suministro y el cuidado de la salud p\u00fablica y el medioambiente. Entre dichas pol\u00edticas p\u00fablicas se destacan aquellas orientadas a su distribuci\u00f3n de manera equitativa y a su saneamiento. En el presente trabajo se proponen una serie de lineamientos tendientes a promover tales iniciativas con especial foco en los gobiernos locales.<br \/><br \/><br \/><a class=\"btn btn-danger btn-sm\" href=\"https:\/\/www.nuevasgeneraciones.com.ar\/sitio\/wp-content\/uploads\/documentos3\/_archivo\/2019\/escasez-agua-importancia-saneamiento.pdf\" target=\"_blank\" rel=\"noopener\">Descargar<\/a><\/p>                        <\/div>\n\n                    <\/div>\n\n                <\/div><!-- .elementskit-card END -->\n\n                \n                <div class=\"elementskit-card \">\n                    <div class=\"elementskit-card-header\" id=\"primaryHeading-53-5f8ab2f7\">\n                        <a href=\"#collapse-8dcff9569f1b81e4204a\" class=\"ekit-accordion--toggler elementskit-btn-link collapsed\" data-ekit-toggle=\"collapse\" data-target=\"#Collapse-8dcff9569f1b81e4204a\" aria-expanded=\"false\" aria-controls=\"Collapse-8dcff9569f1b81e4204a\">\n                            \n                            <span class=\"ekit-accordion-title\">Las \u00e1reas naturales protegidas privadas y su importancia para la biodiversidad<\/span>\n\n                            \n                                <div class=\"ekit_accordion_icon_group\">\n                                    <div class=\"ekit_accordion_normal_icon\">\n                                        <!-- Normal Icon -->\n\t\t\t\t\t\t\t\t\t\t<i class=\"icon icon-plus\"><\/i>                                    <\/div>\n\n                                    <div class=\"ekit_accordion_active_icon\">\n                                        <!-- Active Icon -->\n\t\t\t\t\t\t\t\t\t\t<i class=\"icon icon-minus\"><\/i>                                    <\/div>\n                                <\/div>\n\n                            \n                                                    <\/a>\n                    <\/div>\n\n                    <div id=\"Collapse-8dcff9569f1b81e4204a\" class=\" collapse\" aria-labelledby=\"primaryHeading-53-5f8ab2f7\" data-parent=\"#accordion-69f1b81e4204a\">\n\n                        <div class=\"elementskit-card-body ekit-accordion--content\">\n                            <p>El cuidado de la biodiversidad puede ser llevado a cabo mediante la aplicaci\u00f3n conjunta de una serie de medidas por parte del Estado, los particulares y las organizaciones de la sociedad civil. Entre dichas medidas, se destaca la creaci\u00f3n de \u00e1reas naturales protegidas privadas que, dentro de una red conformada tambi\u00e9n por las reservas p\u00fablicas, permiten la explotaci\u00f3n agropecuaria bajo determinadas condiciones, al tiempo que se salvaguardan los recursos biol\u00f3gicos de la zona.<br \/>En el presente trabajo se explican las particularidades que deben tenerse en cuenta al momento de promover la creaci\u00f3n de \u00e1reas naturales protegidas privadas.<br \/><br \/><br \/><a class=\"btn btn-danger btn-sm\" href=\"https:\/\/www.nuevasgeneraciones.com.ar\/sitio\/wp-content\/uploads\/documentos3\/_archivo\/2019\/areas_naturales_protegidas_privadas_.pdf\" target=\"_blank\" rel=\"noopener\">Descargar<\/a><\/p>                        <\/div>\n\n                    <\/div>\n\n                <\/div><!-- .elementskit-card END -->\n\n                \n                <div class=\"elementskit-card \">\n                    <div class=\"elementskit-card-header\" id=\"primaryHeading-54-5f8ab2f7\">\n                        <a href=\"#collapse-bffa3f969f1b81e4204a\" class=\"ekit-accordion--toggler elementskit-btn-link collapsed\" data-ekit-toggle=\"collapse\" data-target=\"#Collapse-bffa3f969f1b81e4204a\" aria-expanded=\"false\" aria-controls=\"Collapse-bffa3f969f1b81e4204a\">\n                            \n                            <span class=\"ekit-accordion-title\">La construcci\u00f3n con madera para la mitigaci\u00f3n del cambio clim\u00e1tico<\/span>\n\n                            \n                                <div class=\"ekit_accordion_icon_group\">\n                                    <div class=\"ekit_accordion_normal_icon\">\n                                        <!-- Normal Icon -->\n\t\t\t\t\t\t\t\t\t\t<i class=\"icon icon-plus\"><\/i>                                    <\/div>\n\n                                    <div class=\"ekit_accordion_active_icon\">\n                                        <!-- Active Icon -->\n\t\t\t\t\t\t\t\t\t\t<i class=\"icon icon-minus\"><\/i>                                    <\/div>\n                                <\/div>\n\n                            \n                                                    <\/a>\n                    <\/div>\n\n                    <div id=\"Collapse-bffa3f969f1b81e4204a\" class=\" collapse\" aria-labelledby=\"primaryHeading-54-5f8ab2f7\" data-parent=\"#accordion-69f1b81e4204a\">\n\n                        <div class=\"elementskit-card-body ekit-accordion--content\">\n                            <p>La lucha contra el cambio clim\u00e1tico requiere de la conjunci\u00f3n de m\u00faltiples medidas que deben ser adoptadas por el ser humano. Entre ellas se destacan aquellas tendientes a reducir las emisiones de los gases de efecto invernadero que generan dicho fen\u00f3meno. Una herramienta para lograr tal cometido es la utilizaci\u00f3n de materiales sustentables en la construcci\u00f3n. En el presente trabajo se hace una rese\u00f1a de las ventajas que tiene la madera como material destinado a la construcci\u00f3n de edificios y a su potencial para reducir las emisiones de gases de efecto invernadero en la atm\u00f3sfera<br \/><br \/><br \/><a class=\"btn btn-danger btn-sm\" href=\"https:\/\/www.nuevasgeneraciones.com.ar\/sitio\/wp-content\/uploads\/documentos3\/_archivo\/2019\/construccion_madera_cambio_climatico_.pdf\" target=\"_blank\" rel=\"noopener\">Descargar<\/a><\/p>                        <\/div>\n\n                    <\/div>\n\n                <\/div><!-- .elementskit-card END -->\n\n                \n                <div class=\"elementskit-card \">\n                    <div class=\"elementskit-card-header\" id=\"primaryHeading-55-5f8ab2f7\">\n                        <a href=\"#collapse-03bd20669f1b81e4204a\" class=\"ekit-accordion--toggler elementskit-btn-link collapsed\" data-ekit-toggle=\"collapse\" data-target=\"#Collapse-03bd20669f1b81e4204a\" aria-expanded=\"false\" aria-controls=\"Collapse-03bd20669f1b81e4204a\">\n                            \n                            <span class=\"ekit-accordion-title\">Control de fauna invasora, una herramienta para el cuidado de la biodiversidad<\/span>\n\n                            \n                                <div class=\"ekit_accordion_icon_group\">\n                                    <div class=\"ekit_accordion_normal_icon\">\n                                        <!-- Normal Icon -->\n\t\t\t\t\t\t\t\t\t\t<i class=\"icon icon-plus\"><\/i>                                    <\/div>\n\n                                    <div class=\"ekit_accordion_active_icon\">\n                                        <!-- Active Icon -->\n\t\t\t\t\t\t\t\t\t\t<i class=\"icon icon-minus\"><\/i>                                    <\/div>\n                                <\/div>\n\n                            \n                                                    <\/a>\n                    <\/div>\n\n                    <div id=\"Collapse-03bd20669f1b81e4204a\" class=\" collapse\" aria-labelledby=\"primaryHeading-55-5f8ab2f7\" data-parent=\"#accordion-69f1b81e4204a\">\n\n                        <div class=\"elementskit-card-body ekit-accordion--content\">\n                            <p>Cuando la poblaci\u00f3n de las especies ex\u00f3ticas sobrepasa ciertos l\u00edmites, comienza a competir con la biodiversidad local. Para limitar los efectos negativos que aquella genera, se suelen implementar diversas acciones tendientes a erradicarlas. En el presente trabajo se propone una serie de medias que pueden ser adoptadas para reducir al m\u00e1ximo el impacto de la fauna invasora sobre la local y mantener el equilibrio del ecosistema.<br \/><br \/><br \/><a class=\"btn btn-danger btn-sm\" href=\"https:\/\/www.nuevasgeneraciones.com.ar\/sitio\/wp-content\/uploads\/documentos3\/_archivo\/2019\/Control_especies_invasoras.pdf\" target=\"_blank\" rel=\"noopener\">Descargar<\/a><\/p>                        <\/div>\n\n                    <\/div>\n\n                <\/div><!-- .elementskit-card END -->\n\n                \n                <div class=\"elementskit-card \">\n                    <div class=\"elementskit-card-header\" id=\"primaryHeading-56-5f8ab2f7\">\n                        <a href=\"#collapse-0a3563669f1b81e4204a\" class=\"ekit-accordion--toggler elementskit-btn-link collapsed\" data-ekit-toggle=\"collapse\" data-target=\"#Collapse-0a3563669f1b81e4204a\" aria-expanded=\"false\" aria-controls=\"Collapse-0a3563669f1b81e4204a\">\n                            \n                            <span class=\"ekit-accordion-title\">Lineamientos para lograr la eficiencia energ\u00e9tica<\/span>\n\n                            \n                                <div class=\"ekit_accordion_icon_group\">\n                                    <div class=\"ekit_accordion_normal_icon\">\n                                        <!-- Normal Icon -->\n\t\t\t\t\t\t\t\t\t\t<i class=\"icon icon-plus\"><\/i>                                    <\/div>\n\n                                    <div class=\"ekit_accordion_active_icon\">\n                                        <!-- Active Icon -->\n\t\t\t\t\t\t\t\t\t\t<i class=\"icon icon-minus\"><\/i>                                    <\/div>\n                                <\/div>\n\n                            \n                                                    <\/a>\n                    <\/div>\n\n                    <div id=\"Collapse-0a3563669f1b81e4204a\" class=\" collapse\" aria-labelledby=\"primaryHeading-56-5f8ab2f7\" data-parent=\"#accordion-69f1b81e4204a\">\n\n                        <div class=\"elementskit-card-body ekit-accordion--content\">\n                            <p>El uso eficiente del recurso energ\u00e9tico es un desaf\u00edo que los pa\u00edses deben enfrentar para su desarrollo. Por tal motivo, resulta de suma importancia que se lleven a cabo pol\u00edticas p\u00fablicas destinadas a administrar dicho recurso de la mejor manera. En el presente trabajo se proponen una serie de lineamientos que los gobiernos deben observar para hacer una utilizaci\u00f3n racional de la energ\u00eda y, de ese modo, contribuir con la protecci\u00f3n del medio ambiente.<br \/><br \/><br \/><a class=\"btn btn-danger btn-sm\" href=\"https:\/\/nuevasgeneraciones.com.ar\/sitio\/wp-content\/uploads\/documentos3\/_archivo\/2019\/Eficiencia_energetica.pdf\" target=\"_blank\" rel=\"noopener\">Descargar<\/a><\/p>                        <\/div>\n\n                    <\/div>\n\n                <\/div><!-- .elementskit-card END -->\n\n                \n                <div class=\"elementskit-card \">\n                    <div class=\"elementskit-card-header\" id=\"primaryHeading-57-5f8ab2f7\">\n                        <a href=\"#collapse-66d604d69f1b81e4204a\" class=\"ekit-accordion--toggler elementskit-btn-link collapsed\" data-ekit-toggle=\"collapse\" data-target=\"#Collapse-66d604d69f1b81e4204a\" aria-expanded=\"false\" aria-controls=\"Collapse-66d604d69f1b81e4204a\">\n                            \n                            <span class=\"ekit-accordion-title\">Lineamientos para la revalorizaci\u00f3n del patrimonio cultural arquitect\u00f3nico<\/span>\n\n                            \n                                <div class=\"ekit_accordion_icon_group\">\n                                    <div class=\"ekit_accordion_normal_icon\">\n                                        <!-- Normal Icon -->\n\t\t\t\t\t\t\t\t\t\t<i class=\"icon icon-plus\"><\/i>                                    <\/div>\n\n                                    <div class=\"ekit_accordion_active_icon\">\n                                        <!-- Active Icon -->\n\t\t\t\t\t\t\t\t\t\t<i class=\"icon icon-minus\"><\/i>                                    <\/div>\n                                <\/div>\n\n                            \n                                                    <\/a>\n                    <\/div>\n\n                    <div id=\"Collapse-66d604d69f1b81e4204a\" class=\" collapse\" aria-labelledby=\"primaryHeading-57-5f8ab2f7\" data-parent=\"#accordion-69f1b81e4204a\">\n\n                        <div class=\"elementskit-card-body ekit-accordion--content\">\n                            <p>El patrimonio cultural, tal como surge de la Constituci\u00f3n Nacional, forma parte del ambiente humano, motivo por el cual debe ser cuidado y protegido. Ante la falta de recursos para la puesta en valor de los bienes arquitect\u00f3nicos que conforman el patrimonio cultural, en el presente trabajo se proponen una serie de recomendaciones tendientes a lograr que ello sea realizado.<br \/><br \/><br \/><a class=\"btn btn-danger btn-sm\" href=\"https:\/\/www.nuevasgeneraciones.com.ar\/sitio\/wp-content\/uploads\/documentos3\/_archivo\/2019\/Revalorizacion_patrimonio_cultural.pdf\" target=\"_blank\" rel=\"noopener\">Descargar<\/a><\/p>                        <\/div>\n\n                    <\/div>\n\n                <\/div><!-- .elementskit-card END -->\n\n                \n                <div class=\"elementskit-card \">\n                    <div class=\"elementskit-card-header\" id=\"primaryHeading-58-5f8ab2f7\">\n                        <a href=\"#collapse-f7ff21469f1b81e4204a\" class=\"ekit-accordion--toggler elementskit-btn-link collapsed\" data-ekit-toggle=\"collapse\" data-target=\"#Collapse-f7ff21469f1b81e4204a\" aria-expanded=\"false\" aria-controls=\"Collapse-f7ff21469f1b81e4204a\">\n                            \n                            <span class=\"ekit-accordion-title\">Generaci\u00f3n de energ\u00eda a partir de biomasa<\/span>\n\n                            \n                                <div class=\"ekit_accordion_icon_group\">\n                                    <div class=\"ekit_accordion_normal_icon\">\n                                        <!-- Normal Icon -->\n\t\t\t\t\t\t\t\t\t\t<i class=\"icon icon-plus\"><\/i>                                    <\/div>\n\n                                    <div class=\"ekit_accordion_active_icon\">\n                                        <!-- Active Icon -->\n\t\t\t\t\t\t\t\t\t\t<i class=\"icon icon-minus\"><\/i>                                    <\/div>\n                                <\/div>\n\n                            \n                                                    <\/a>\n                    <\/div>\n\n                    <div id=\"Collapse-f7ff21469f1b81e4204a\" class=\" collapse\" aria-labelledby=\"primaryHeading-58-5f8ab2f7\" data-parent=\"#accordion-69f1b81e4204a\">\n\n                        <div class=\"elementskit-card-body ekit-accordion--content\">\n                            <p>La gesti\u00f3n de los residuos urbanos es un problema al que se enfrentan todas las ciudades del mundo. Entre dichos residuos, los de origen org\u00e1nico tienen gran potencial como fuente para generar energ\u00eda y, por lo tanto, su gesti\u00f3n tiene que ser regulada. En el presente trabajo se explican diversos ejemplos de gesti\u00f3n exitosa de este tipo de residuos y su posterior aprovechamiento para generar energ\u00eda.<br \/><br \/><br \/><a class=\"btn btn-danger btn-sm\" href=\"https:\/\/www.nuevasgeneraciones.com.ar\/sitio\/wp-content\/uploads\/documentos3\/_archivo\/02\/02_Generacion_energia_biomasa.pdf\" target=\"_blank\" rel=\"noopener\">Descargar<\/a><\/p>                        <\/div>\n\n                    <\/div>\n\n                <\/div><!-- .elementskit-card END -->\n\n                \n                <div class=\"elementskit-card \">\n                    <div class=\"elementskit-card-header\" id=\"primaryHeading-59-5f8ab2f7\">\n                        <a href=\"#collapse-1d90b6b69f1b81e4204a\" class=\"ekit-accordion--toggler elementskit-btn-link collapsed\" data-ekit-toggle=\"collapse\" data-target=\"#Collapse-1d90b6b69f1b81e4204a\" aria-expanded=\"false\" aria-controls=\"Collapse-1d90b6b69f1b81e4204a\">\n                            \n                            <span class=\"ekit-accordion-title\">Programas de voluntariado ambiental inclusivo<\/span>\n\n                            \n                                <div class=\"ekit_accordion_icon_group\">\n                                    <div class=\"ekit_accordion_normal_icon\">\n                                        <!-- Normal Icon -->\n\t\t\t\t\t\t\t\t\t\t<i class=\"icon icon-plus\"><\/i>                                    <\/div>\n\n                                    <div class=\"ekit_accordion_active_icon\">\n                                        <!-- Active Icon -->\n\t\t\t\t\t\t\t\t\t\t<i class=\"icon icon-minus\"><\/i>                                    <\/div>\n                                <\/div>\n\n                            \n                                                    <\/a>\n                    <\/div>\n\n                    <div id=\"Collapse-1d90b6b69f1b81e4204a\" class=\" collapse\" aria-labelledby=\"primaryHeading-59-5f8ab2f7\" data-parent=\"#accordion-69f1b81e4204a\">\n\n                        <div class=\"elementskit-card-body ekit-accordion--content\">\n                            <p>La marginaci\u00f3n a la que, en mayor o menor medida, son expuestas las personas con discapacidad es un problema a resolver en todo el mundo. Por otro lado, la problem\u00e1tica ambiental demanda de continuos esfuerzos para lograr un desarrollo sostenible. Con el objetivo de encarar ambos desaf\u00edos, en el presente trabajo se propone la creaci\u00f3n de programas de voluntariado ambiental en los que adem\u00e1s se les d\u00e9 un rol preponderante de participaci\u00f3n a las personas con discapacidad.<br \/><br \/><br \/><a class=\"btn btn-danger btn-sm\" href=\"https:\/\/www.nuevasgeneraciones.com.ar\/sitio\/wp-content\/uploads\/documentos3\/_archivo\/02\/02_Jovenes_voluntariado_ambiental.pdf\" target=\"_blank\" rel=\"noopener\">Descargar<\/a><\/p>                        <\/div>\n\n                    <\/div>\n\n                <\/div><!-- .elementskit-card END -->\n\n                \n                <div class=\"elementskit-card \">\n                    <div class=\"elementskit-card-header\" id=\"primaryHeading-60-5f8ab2f7\">\n                        <a href=\"#collapse-b91ddca69f1b81e4204a\" class=\"ekit-accordion--toggler elementskit-btn-link collapsed\" data-ekit-toggle=\"collapse\" data-target=\"#Collapse-b91ddca69f1b81e4204a\" aria-expanded=\"false\" aria-controls=\"Collapse-b91ddca69f1b81e4204a\">\n                            \n                            <span class=\"ekit-accordion-title\">Viveros municipales: una herramienta para la forestaci\u00f3n urbana<\/span>\n\n                            \n                                <div class=\"ekit_accordion_icon_group\">\n                                    <div class=\"ekit_accordion_normal_icon\">\n                                        <!-- Normal Icon -->\n\t\t\t\t\t\t\t\t\t\t<i class=\"icon icon-plus\"><\/i>                                    <\/div>\n\n                                    <div class=\"ekit_accordion_active_icon\">\n                                        <!-- Active Icon -->\n\t\t\t\t\t\t\t\t\t\t<i class=\"icon icon-minus\"><\/i>                                    <\/div>\n                                <\/div>\n\n                            \n                                                    <\/a>\n                    <\/div>\n\n                    <div id=\"Collapse-b91ddca69f1b81e4204a\" class=\" collapse\" aria-labelledby=\"primaryHeading-60-5f8ab2f7\" data-parent=\"#accordion-69f1b81e4204a\">\n\n                        <div class=\"elementskit-card-body ekit-accordion--content\">\n                            <p>El desarrollo de espacios verdes en las ciudades tiene un impacto positivo en el ambiente y la calidad de vida de sus habitantes. Por tal motivo, son cada vez m\u00e1s las ciudades que desarrollan viveros municipales en los cuales se producen especies ornamentales, forestales y arom\u00e1ticas que luego son trasplantadas en los espacios verdes. En el presente trabajo se propone la creaci\u00f3n de viveros municipales para a producci\u00f3n de plantas y \u00e1rboles mediante la utilizaci\u00f3n de diferentes m\u00e9todos y recursos locales.<br \/><br \/><br \/><a class=\"btn btn-danger btn-sm\" href=\"https:\/\/www.nuevasgeneraciones.com.ar\/sitio\/wp-content\/uploads\/documentos3\/_archivo\/02\/02_Viveros_Municipales.pdf\" target=\"_blank\" rel=\"noopener\">Descargar<\/a><\/p>                        <\/div>\n\n                    <\/div>\n\n                <\/div><!-- .elementskit-card END -->\n\n                \n                <div class=\"elementskit-card \">\n                    <div class=\"elementskit-card-header\" id=\"primaryHeading-61-5f8ab2f7\">\n                        <a href=\"#collapse-e64b90869f1b81e4204a\" class=\"ekit-accordion--toggler elementskit-btn-link collapsed\" data-ekit-toggle=\"collapse\" data-target=\"#Collapse-e64b90869f1b81e4204a\" aria-expanded=\"false\" aria-controls=\"Collapse-e64b90869f1b81e4204a\">\n                            \n                            <span class=\"ekit-accordion-title\">Gesti\u00f3n de residuos de artefactos el\u00e9ctricos y electr\u00f3nicos en Entre R\u00edos<\/span>\n\n                            \n                                <div class=\"ekit_accordion_icon_group\">\n                                    <div class=\"ekit_accordion_normal_icon\">\n                                        <!-- Normal Icon -->\n\t\t\t\t\t\t\t\t\t\t<i class=\"icon icon-plus\"><\/i>                                    <\/div>\n\n                                    <div class=\"ekit_accordion_active_icon\">\n                                        <!-- Active Icon -->\n\t\t\t\t\t\t\t\t\t\t<i class=\"icon icon-minus\"><\/i>                                    <\/div>\n                                <\/div>\n\n                            \n                                                    <\/a>\n                    <\/div>\n\n                    <div id=\"Collapse-e64b90869f1b81e4204a\" class=\" collapse\" aria-labelledby=\"primaryHeading-61-5f8ab2f7\" data-parent=\"#accordion-69f1b81e4204a\">\n\n                        <div class=\"elementskit-card-body ekit-accordion--content\">\n                            <p>Los residuos de los aparatos o artefactos el\u00e9ctricos y electr\u00f3nicos son un problema a resolver en todo el mundo. Por tal motivo resulta crucial que su gesti\u00f3n sea llevada a cabo de manera adecuada. En el presente trabajo se propone reglamentar todos los pasos que a nivel provincial conducen a la reutilizaci\u00f3n de los componentes, su reciclado y, finalmente, su disposici\u00f3n garantizando que no generen da\u00f1os en la salud ni en el medio ambiente.<br \/><br \/><br \/><a class=\"btn btn-danger btn-sm\" href=\"https:\/\/www.nuevasgeneraciones.com.ar\/sitio\/wp-content\/uploads\/documentos3\/_archivo\/02\/02_residuos_electricos.pdf\" target=\"_blank\" rel=\"noopener\">Descargar<\/a><\/p>                        <\/div>\n\n                    <\/div>\n\n                <\/div><!-- .elementskit-card END -->\n\n                \n                <div class=\"elementskit-card \">\n                    <div class=\"elementskit-card-header\" id=\"primaryHeading-62-5f8ab2f7\">\n                        <a href=\"#collapse-f8142b469f1b81e4204a\" class=\"ekit-accordion--toggler elementskit-btn-link collapsed\" data-ekit-toggle=\"collapse\" data-target=\"#Collapse-f8142b469f1b81e4204a\" aria-expanded=\"false\" aria-controls=\"Collapse-f8142b469f1b81e4204a\">\n                            \n                            <span class=\"ekit-accordion-title\">Gesti\u00f3n municipal de los aceites vegetales usados<\/span>\n\n                            \n                                <div class=\"ekit_accordion_icon_group\">\n                                    <div class=\"ekit_accordion_normal_icon\">\n                                        <!-- Normal Icon -->\n\t\t\t\t\t\t\t\t\t\t<i class=\"icon icon-plus\"><\/i>                                    <\/div>\n\n                                    <div class=\"ekit_accordion_active_icon\">\n                                        <!-- Active Icon -->\n\t\t\t\t\t\t\t\t\t\t<i class=\"icon icon-minus\"><\/i>                                    <\/div>\n                                <\/div>\n\n                            \n                                                    <\/a>\n                    <\/div>\n\n                    <div id=\"Collapse-f8142b469f1b81e4204a\" class=\" collapse\" aria-labelledby=\"primaryHeading-62-5f8ab2f7\" data-parent=\"#accordion-69f1b81e4204a\">\n\n                        <div class=\"elementskit-card-body ekit-accordion--content\">\n                            <p>Los aceites vegetales forman parte de la dieta humana desde hace milenios, y su utilizaci\u00f3n para la cocci\u00f3n de alimentos mediante la fritura est\u00e1 muy extendida a nivel global. Luego de ser usados, dichos aceites se convierten en un residuo que debe ser tratado apropiadamente ya que, no hacerlo de ese modo, genera da\u00f1os en la infraestructura de saneamiento urbana y contaminaci\u00f3n en el suelo y el agua. Por tal motivo, muchas ciudades han desarrollado programas para la gesti\u00f3n adecuada de los aceites vegetales usados y su posterior valorizaci\u00f3n. En base a lo precedentemente citado, en el presente trabajo se proponen ideas para que los municipios adopten medidas tendientes a regular la correcta gesti\u00f3n de este tipo de residuos urbanos.<br \/><br \/><br \/><a class=\"btn btn-danger btn-sm\" href=\"https:\/\/www.nuevasgeneraciones.com.ar\/sitio\/wp-content\/uploads\/documentos3\/_archivo\/02\/02_Gestion_AVUS_PDM.pdf\" target=\"_blank\" rel=\"noopener\">Descargar<\/a><\/p>                        <\/div>\n\n                    <\/div>\n\n                <\/div><!-- .elementskit-card END -->\n\n                \n                <div class=\"elementskit-card \">\n                    <div class=\"elementskit-card-header\" id=\"primaryHeading-63-5f8ab2f7\">\n                        <a href=\"#collapse-9d2aa7069f1b81e4204a\" class=\"ekit-accordion--toggler elementskit-btn-link collapsed\" data-ekit-toggle=\"collapse\" data-target=\"#Collapse-9d2aa7069f1b81e4204a\" aria-expanded=\"false\" aria-controls=\"Collapse-9d2aa7069f1b81e4204a\">\n                            \n                            <span class=\"ekit-accordion-title\">Producci\u00f3n de compost a nivel municipal<\/span>\n\n                            \n                                <div class=\"ekit_accordion_icon_group\">\n                                    <div class=\"ekit_accordion_normal_icon\">\n                                        <!-- Normal Icon -->\n\t\t\t\t\t\t\t\t\t\t<i class=\"icon icon-plus\"><\/i>                                    <\/div>\n\n                                    <div class=\"ekit_accordion_active_icon\">\n                                        <!-- Active Icon -->\n\t\t\t\t\t\t\t\t\t\t<i class=\"icon icon-minus\"><\/i>                                    <\/div>\n                                <\/div>\n\n                            \n                                                    <\/a>\n                    <\/div>\n\n                    <div id=\"Collapse-9d2aa7069f1b81e4204a\" class=\" collapse\" aria-labelledby=\"primaryHeading-63-5f8ab2f7\" data-parent=\"#accordion-69f1b81e4204a\">\n\n                        <div class=\"elementskit-card-body ekit-accordion--content\">\n                            <p>En los \u00faltimos tiempos, las principales ciudades del mundo han dado una especial importancia a la reducci\u00f3n de los residuos que en ellas se generan. Ello se debe a los beneficios econ\u00f3micos, medioambientales y sociales que ello conlleva. Por dicho motivo, se han desarrollado pol\u00edticas p\u00fablicas que no solo ayudan a reducir la cantidad basura que se genera y se dispone, sino que adem\u00e1s se han dado pasos para transformarla en algo \u00fatil, sea mediante su reutilizaci\u00f3n o su transformaci\u00f3n. En base a lo precedentemente citado, en el presente trabajo se propone que los municipios adopten medidas tendientes a obtener compost a partir de los residuos org\u00e1nicos.<br \/><br \/><br \/><a class=\"btn btn-danger btn-sm\" href=\"https:\/\/www.nuevasgeneraciones.com.ar\/sitio\/wp-content\/uploads\/documentos3\/_archivo\/02\/02_CentroCompostaje.pdf\" target=\"_blank\" rel=\"noopener\">Descargar<\/a><\/p>                        <\/div>\n\n                    <\/div>\n\n                <\/div><!-- .elementskit-card END -->\n\n                \n                <div class=\"elementskit-card \">\n                    <div class=\"elementskit-card-header\" id=\"primaryHeading-64-5f8ab2f7\">\n                        <a href=\"#collapse-f3b84d269f1b81e4204a\" class=\"ekit-accordion--toggler elementskit-btn-link collapsed\" data-ekit-toggle=\"collapse\" data-target=\"#Collapse-f3b84d269f1b81e4204a\" aria-expanded=\"false\" aria-controls=\"Collapse-f3b84d269f1b81e4204a\">\n                            \n                            <span class=\"ekit-accordion-title\">Fomento del Turismo Sustentable<\/span>\n\n                            \n                                <div class=\"ekit_accordion_icon_group\">\n                                    <div class=\"ekit_accordion_normal_icon\">\n                                        <!-- Normal Icon -->\n\t\t\t\t\t\t\t\t\t\t<i class=\"icon icon-plus\"><\/i>                                    <\/div>\n\n                                    <div class=\"ekit_accordion_active_icon\">\n                                        <!-- Active Icon -->\n\t\t\t\t\t\t\t\t\t\t<i class=\"icon icon-minus\"><\/i>                                    <\/div>\n                                <\/div>\n\n                            \n                                                    <\/a>\n                    <\/div>\n\n                    <div id=\"Collapse-f3b84d269f1b81e4204a\" class=\" collapse\" aria-labelledby=\"primaryHeading-64-5f8ab2f7\" data-parent=\"#accordion-69f1b81e4204a\">\n\n                        <div class=\"elementskit-card-body ekit-accordion--content\">\n                            <p>El turismo es una gran fuente de ingresos y generaci\u00f3n de empleo. Sin embargo, dado el impacto que dicha actividad genera en el medioambiente, es necesario desarrollar pol\u00edticas municipales enfocadas en su sustentabilidad. En el presente trabajo se exponen diferentes estrategias tendientes a desarrollar la industria tur\u00edstica a nivel local que permita el crecimiento econ\u00f3mico, la inclusi\u00f3n social y la protecci\u00f3n del medio ambiente.<br \/><br \/><br \/><a class=\"btn btn-danger btn-sm\" href=\"https:\/\/www.nuevasgeneraciones.com.ar\/sitio\/wp-content\/uploads\/documentos3\/_archivo\/02\/02_fomento_turismo_sustentable.pdf\" target=\"_blank\" rel=\"noopener\">Descargar<\/a><\/p>                        <\/div>\n\n                    <\/div>\n\n                <\/div><!-- .elementskit-card END -->\n\n                \n                <div class=\"elementskit-card \">\n                    <div class=\"elementskit-card-header\" id=\"primaryHeading-65-5f8ab2f7\">\n                        <a href=\"#collapse-df3b23669f1b81e4204a\" class=\"ekit-accordion--toggler elementskit-btn-link collapsed\" data-ekit-toggle=\"collapse\" data-target=\"#Collapse-df3b23669f1b81e4204a\" aria-expanded=\"false\" aria-controls=\"Collapse-df3b23669f1b81e4204a\">\n                            \n                            <span class=\"ekit-accordion-title\">Adhesi\u00f3n de la provincia de Entre R\u00edos a la ley nacional 27.424 sobre generaci\u00f3n distribuida de energ\u00eda<\/span>\n\n                            \n                                <div class=\"ekit_accordion_icon_group\">\n                                    <div class=\"ekit_accordion_normal_icon\">\n                                        <!-- Normal Icon -->\n\t\t\t\t\t\t\t\t\t\t<i class=\"icon icon-plus\"><\/i>                                    <\/div>\n\n                                    <div class=\"ekit_accordion_active_icon\">\n                                        <!-- Active Icon -->\n\t\t\t\t\t\t\t\t\t\t<i class=\"icon icon-minus\"><\/i>                                    <\/div>\n                                <\/div>\n\n                            \n                                                    <\/a>\n                    <\/div>\n\n                    <div id=\"Collapse-df3b23669f1b81e4204a\" class=\" collapse\" aria-labelledby=\"primaryHeading-65-5f8ab2f7\" data-parent=\"#accordion-69f1b81e4204a\">\n\n                        <div class=\"elementskit-card-body ekit-accordion--content\">\n                            <p>La generaci\u00f3n distribuida es una eficaz herramienta para diversificar la matriz energ\u00e9tica nacional. Para que ello sea posible es crucial contar con una perfecta armonizaci\u00f3n entre la ley nacional vigente y la legislaci\u00f3n de cada provincia en particular. En el presente trabajo se desarrollan los pasos que se deben cumplir para que la Provincia de Entre R\u00edos adhiera al nuevo r\u00e9gimen recientemente aprobado por el Congreso Nacional.<br \/><br \/><br \/><a class=\"btn btn-danger btn-sm\" href=\"https:\/\/www.nuevasgeneraciones.com.ar\/sitio\/wp-content\/uploads\/documentos3\/_archivo\/02\/02_generacion_distribuida_ERR.pdf\" target=\"_blank\" rel=\"noopener\">Descargar<\/a><\/p>                        <\/div>\n\n                    <\/div>\n\n                <\/div><!-- .elementskit-card END -->\n\n                \n                <div class=\"elementskit-card \">\n                    <div class=\"elementskit-card-header\" id=\"primaryHeading-66-5f8ab2f7\">\n                        <a href=\"#collapse-f318dfb69f1b81e4204a\" class=\"ekit-accordion--toggler elementskit-btn-link collapsed\" data-ekit-toggle=\"collapse\" data-target=\"#Collapse-f318dfb69f1b81e4204a\" aria-expanded=\"false\" aria-controls=\"Collapse-f318dfb69f1b81e4204a\">\n                            \n                            <span class=\"ekit-accordion-title\">Provincializaci\u00f3n de la represa de Salto Grande: argumentos a favor de mantener su estatus actual<\/span>\n\n                            \n                                <div class=\"ekit_accordion_icon_group\">\n                                    <div class=\"ekit_accordion_normal_icon\">\n                                        <!-- Normal Icon -->\n\t\t\t\t\t\t\t\t\t\t<i class=\"icon icon-plus\"><\/i>                                    <\/div>\n\n                                    <div class=\"ekit_accordion_active_icon\">\n                                        <!-- Active Icon -->\n\t\t\t\t\t\t\t\t\t\t<i class=\"icon icon-minus\"><\/i>                                    <\/div>\n                                <\/div>\n\n                            \n                                                    <\/a>\n                    <\/div>\n\n                    <div id=\"Collapse-f318dfb69f1b81e4204a\" class=\" collapse\" aria-labelledby=\"primaryHeading-66-5f8ab2f7\" data-parent=\"#accordion-69f1b81e4204a\">\n\n                        <div class=\"elementskit-card-body ekit-accordion--content\">\n                            <p>El Honorable Senado de la Provincia de Entre R\u00edos dio media sanci\u00f3n a un proyecto de ley que, bajo el argumento de la soberan\u00eda energ\u00e9tica local, propone la provincializaci\u00f3n de la represa hidroel\u00e9ctrica binacional de Salto Grande. Entendemos que dicha medida resulta re\u00f1ida con la legislaci\u00f3n nacional vigente, comenzando por la Constituci\u00f3n Nacional. En el presente informe se exponen los motivos que contradicen dicha iniciativa para que sirvan de argumentos durante el debate legislativo que resta completar.<br \/><br \/><br \/><a class=\"btn btn-danger btn-sm\" href=\"https:\/\/www.nuevasgeneraciones.com.ar\/sitio\/wp-content\/uploads\/documentos3\/_archivo\/02\/02_argumentos_contra_provincializacion_salto.pdf\" target=\"_blank\" rel=\"noopener\">Descargar<\/a><\/p>                        <\/div>\n\n                    <\/div>\n\n                <\/div><!-- .elementskit-card END -->\n\n                \n                <div class=\"elementskit-card \">\n                    <div class=\"elementskit-card-header\" id=\"primaryHeading-67-5f8ab2f7\">\n                        <a href=\"#collapse-589354e69f1b81e4204a\" class=\"ekit-accordion--toggler elementskit-btn-link collapsed\" data-ekit-toggle=\"collapse\" data-target=\"#Collapse-589354e69f1b81e4204a\" aria-expanded=\"false\" aria-controls=\"Collapse-589354e69f1b81e4204a\">\n                            \n                            <span class=\"ekit-accordion-title\">Incentivos para reducir el flujo vehicular<\/span>\n\n                            \n                                <div class=\"ekit_accordion_icon_group\">\n                                    <div class=\"ekit_accordion_normal_icon\">\n                                        <!-- Normal Icon -->\n\t\t\t\t\t\t\t\t\t\t<i class=\"icon icon-plus\"><\/i>                                    <\/div>\n\n                                    <div class=\"ekit_accordion_active_icon\">\n                                        <!-- Active Icon -->\n\t\t\t\t\t\t\t\t\t\t<i class=\"icon icon-minus\"><\/i>                                    <\/div>\n                                <\/div>\n\n                            \n                                                    <\/a>\n                    <\/div>\n\n                    <div id=\"Collapse-589354e69f1b81e4204a\" class=\" collapse\" aria-labelledby=\"primaryHeading-67-5f8ab2f7\" data-parent=\"#accordion-69f1b81e4204a\">\n\n                        <div class=\"elementskit-card-body ekit-accordion--content\">\n                            <p>En la actualidad, la mayor\u00eda de las ciudades del mundo enfrentan un serio problema de tr\u00e1fico vehicular. Dicho problema tambi\u00e9n se vincula con problemas ambientales de contaminaci\u00f3n sonora y poluci\u00f3n. Parte de la soluci\u00f3n al problema se vincula a la mejora de los servicios de transporte p\u00fablico de pasajeros, la instalaci\u00f3n de ciclov\u00edas y la adaptaci\u00f3n del espacio para mejorar la circulaci\u00f3n del peat\u00f3n. Por dicho motivo, se propone la implementaci\u00f3n de sistemas para incentivar la reducci\u00f3n del flujo vehicular.<br \/><br \/><br \/><a class=\"btn btn-danger btn-sm\" href=\"https:\/\/www.nuevasgeneraciones.com.ar\/sitio\/wp-content\/uploads\/documentos3\/_archivo\/02\/02_incentivos_reducir_flujo_vehicular.pdf\" target=\"_blank\" rel=\"noopener\">Descargar<\/a><\/p>                        <\/div>\n\n                    <\/div>\n\n                <\/div><!-- .elementskit-card END -->\n\n                \n                <div class=\"elementskit-card \">\n                    <div class=\"elementskit-card-header\" id=\"primaryHeading-68-5f8ab2f7\">\n                        <a href=\"#collapse-dbf10ce69f1b81e4204a\" class=\"ekit-accordion--toggler elementskit-btn-link collapsed\" data-ekit-toggle=\"collapse\" data-target=\"#Collapse-dbf10ce69f1b81e4204a\" aria-expanded=\"false\" aria-controls=\"Collapse-dbf10ce69f1b81e4204a\">\n                            \n                            <span class=\"ekit-accordion-title\">Soterramiento de cableado el\u00e9ctrico<\/span>\n\n                            \n                                <div class=\"ekit_accordion_icon_group\">\n                                    <div class=\"ekit_accordion_normal_icon\">\n                                        <!-- Normal Icon -->\n\t\t\t\t\t\t\t\t\t\t<i class=\"icon icon-plus\"><\/i>                                    <\/div>\n\n                                    <div class=\"ekit_accordion_active_icon\">\n                                        <!-- Active Icon -->\n\t\t\t\t\t\t\t\t\t\t<i class=\"icon icon-minus\"><\/i>                                    <\/div>\n                                <\/div>\n\n                            \n                                                    <\/a>\n                    <\/div>\n\n                    <div id=\"Collapse-dbf10ce69f1b81e4204a\" class=\" collapse\" aria-labelledby=\"primaryHeading-68-5f8ab2f7\" data-parent=\"#accordion-69f1b81e4204a\">\n\n                        <div class=\"elementskit-card-body ekit-accordion--content\">\n                            <p>El desarrollo urban\u00edstico de las ciudades, en la mayor\u00eda de los casos, carece del planeamiento necesario para enfrentar determinadas situaciones entre la que se encuentra la mayor demande de servicios por parte de la poblaci\u00f3n. Dicha falencia se ve reflejada, entre otros factores, en el cableado para el suministro de los servicios de telecomunicaciones y de energ\u00eda el\u00e9ctrica. Es notorio a simple vista que las calles de muchas nuestras ciudades se encuentran atestadas de postes y cables. Una manera de solucionar dicho problema es mediante la implementaci\u00f3n del sistema de cableado soterrado. Es decir, retirar los postes de madera o metal y colocar el cableado debajo la tierra. En el presente informe se muestran ejemplos exitosos de esta pr\u00e1ctica y las ventajas en materia de seguridad, buen servicio e impacto ambiental que trae aparejada.<br \/><br \/><br \/><a class=\"btn btn-danger btn-sm\" href=\"https:\/\/www.nuevasgeneraciones.com.ar\/sitio\/wp-content\/uploads\/documentos3\/_archivo\/02\/02_Soterramiento_cableado_electrico.pdf\" target=\"_blank\" rel=\"noopener\">Descargar<\/a><\/p>                        <\/div>\n\n                    <\/div>\n\n                <\/div><!-- .elementskit-card END -->\n\n                \n                <div class=\"elementskit-card \">\n                    <div class=\"elementskit-card-header\" id=\"primaryHeading-69-5f8ab2f7\">\n                        <a href=\"#collapse-787bb7f69f1b81e4204a\" class=\"ekit-accordion--toggler elementskit-btn-link collapsed\" data-ekit-toggle=\"collapse\" data-target=\"#Collapse-787bb7f69f1b81e4204a\" aria-expanded=\"false\" aria-controls=\"Collapse-787bb7f69f1b81e4204a\">\n                            \n                            <span class=\"ekit-accordion-title\">Creaci\u00f3n de un centro de monitoreo satelital de camiones recolectores de residuos<\/span>\n\n                            \n                                <div class=\"ekit_accordion_icon_group\">\n                                    <div class=\"ekit_accordion_normal_icon\">\n                                        <!-- Normal Icon -->\n\t\t\t\t\t\t\t\t\t\t<i class=\"icon icon-plus\"><\/i>                                    <\/div>\n\n                                    <div class=\"ekit_accordion_active_icon\">\n                                        <!-- Active Icon -->\n\t\t\t\t\t\t\t\t\t\t<i class=\"icon icon-minus\"><\/i>                                    <\/div>\n                                <\/div>\n\n                            \n                                                    <\/a>\n                    <\/div>\n\n                    <div id=\"Collapse-787bb7f69f1b81e4204a\" class=\" collapse\" aria-labelledby=\"primaryHeading-69-5f8ab2f7\" data-parent=\"#accordion-69f1b81e4204a\">\n\n                        <div class=\"elementskit-card-body ekit-accordion--content\">\n                            <p>La gesti\u00f3n integral de residuos urbanos es un proceso en el cual intervienen variables econ\u00f3micas, sociales, tecnol\u00f3gicas y ambientales. Una de las etapas fundamentales del servicio es la recolecci\u00f3n y traslado de los residuos a espacios de tratamiento y disposici\u00f3n final. Se estima que la recolecci\u00f3n absorbe entre el 40 y 80 por ciento de los costos totales del proceso. En el presente informe se analizan las ventajas que brinda el seguimiento en tiempo real a trav\u00e9s del monitoreo satelital y la geo-localizaci\u00f3n de las unidades de recolecci\u00f3n. En base a la utilizaci\u00f3n de dicha tecnolog\u00eda se puede potenciar el uso eficiente de los recursos municipales y elevar los niveles de calidad en la prestaci\u00f3n del servicio.<br \/><br \/><br \/><a class=\"btn btn-danger btn-sm\" href=\"https:\/\/www.nuevasgeneraciones.com.ar\/sitio\/wp-content\/uploads\/documentos3\/_archivo\/02\/02_monitoreo_camiones_basura.pdf\" target=\"_blank\" rel=\"noopener\">Descargar<\/a><\/p>                        <\/div>\n\n                    <\/div>\n\n                <\/div><!-- .elementskit-card END -->\n\n                \n                <div class=\"elementskit-card \">\n                    <div class=\"elementskit-card-header\" id=\"primaryHeading-70-5f8ab2f7\">\n                        <a href=\"#collapse-9e6dd8d69f1b81e4204a\" class=\"ekit-accordion--toggler elementskit-btn-link collapsed\" data-ekit-toggle=\"collapse\" data-target=\"#Collapse-9e6dd8d69f1b81e4204a\" aria-expanded=\"false\" aria-controls=\"Collapse-9e6dd8d69f1b81e4204a\">\n                            \n                            <span class=\"ekit-accordion-title\">Eco etiquetado de automotores. Una herramienta amigable con el ambiente al servicio del consumidor<\/span>\n\n                            \n                                <div class=\"ekit_accordion_icon_group\">\n                                    <div class=\"ekit_accordion_normal_icon\">\n                                        <!-- Normal Icon -->\n\t\t\t\t\t\t\t\t\t\t<i class=\"icon icon-plus\"><\/i>                                    <\/div>\n\n                                    <div class=\"ekit_accordion_active_icon\">\n                                        <!-- Active Icon -->\n\t\t\t\t\t\t\t\t\t\t<i class=\"icon icon-minus\"><\/i>                                    <\/div>\n                                <\/div>\n\n                            \n                                                    <\/a>\n                    <\/div>\n\n                    <div id=\"Collapse-9e6dd8d69f1b81e4204a\" class=\" collapse\" aria-labelledby=\"primaryHeading-70-5f8ab2f7\" data-parent=\"#accordion-69f1b81e4204a\">\n\n                        <div class=\"elementskit-card-body ekit-accordion--content\">\n                            <p>En el presente informe se propone la obligatoriedad de que todos los veh\u00edculos automotores que se comercialicen en la Rep\u00fablica Argentina cuenten con etiquetas que ilustren acerca de su eficiencia en el consumo de combustible. Dicha obligatoriedad trae aparejados dos ventajas: en primer lugar le brinda al consumidor la informaci\u00f3n necesaria para comparar entre dos o m\u00e1s productos; en segunda instancia permite conocer el impacto ambiental que cada veh\u00edculo causa debido a su nivel de eficiencia energ\u00e9tica.<br \/><br \/><br \/><a class=\"btn btn-danger btn-sm\" href=\"https:\/\/www.nuevasgeneraciones.com.ar\/sitio\/wp-content\/uploads\/documentos3\/_archivo\/02\/02_ecoetiquetas_automoviles.pdf\" target=\"_blank\" rel=\"noopener\">Descargar<\/a><\/p>                        <\/div>\n\n                    <\/div>\n\n                <\/div><!-- .elementskit-card END -->\n\n                \n                <div class=\"elementskit-card \">\n                    <div class=\"elementskit-card-header\" id=\"primaryHeading-71-5f8ab2f7\">\n                        <a href=\"#collapse-108c78369f1b81e4204a\" class=\"ekit-accordion--toggler elementskit-btn-link collapsed\" data-ekit-toggle=\"collapse\" data-target=\"#Collapse-108c78369f1b81e4204a\" aria-expanded=\"false\" aria-controls=\"Collapse-108c78369f1b81e4204a\">\n                            \n                            <span class=\"ekit-accordion-title\">Eco-driving<\/span>\n\n                            \n                                <div class=\"ekit_accordion_icon_group\">\n                                    <div class=\"ekit_accordion_normal_icon\">\n                                        <!-- Normal Icon -->\n\t\t\t\t\t\t\t\t\t\t<i class=\"icon icon-plus\"><\/i>                                    <\/div>\n\n                                    <div class=\"ekit_accordion_active_icon\">\n                                        <!-- Active Icon -->\n\t\t\t\t\t\t\t\t\t\t<i class=\"icon icon-minus\"><\/i>                                    <\/div>\n                                <\/div>\n\n                            \n                                                    <\/a>\n                    <\/div>\n\n                    <div id=\"Collapse-108c78369f1b81e4204a\" class=\" collapse\" aria-labelledby=\"primaryHeading-71-5f8ab2f7\" data-parent=\"#accordion-69f1b81e4204a\">\n\n                        <div class=\"elementskit-card-body ekit-accordion--content\">\n                            <p>Si bien las industrias del sector automotriz introducen en el mercado unidades cada vez m\u00e1s eficientes en lo que al consumo de energ\u00eda respecta, la reducci\u00f3n de emisiones provenientes de la combusti\u00f3n de los motores tambi\u00e9n puede lograrse mediante la modificaci\u00f3n en el estilo de manejo. Sobre este punto en particular se basa la conducci\u00f3n eco amigable, conocida tambi\u00e9n como eco-driving, mediante la cual se aplican t\u00e9cnicas de manejo tendientes reducir el consumo de combustible y consecuentemente sus emisiones.<br \/><br \/><br \/><a class=\"btn btn-danger btn-sm\" href=\"https:\/\/www.nuevasgeneraciones.com.ar\/sitio\/wp-content\/uploads\/documentos3\/_archivo\/02\/02_Eco_driving.pdf\" target=\"_blank\" rel=\"noopener\">Descargar<\/a><\/p>                        <\/div>\n\n                    <\/div>\n\n                <\/div><!-- .elementskit-card END -->\n\n                \n                <div class=\"elementskit-card \">\n                    <div class=\"elementskit-card-header\" id=\"primaryHeading-72-5f8ab2f7\">\n                        <a href=\"#collapse-dab320a69f1b81e4204a\" class=\"ekit-accordion--toggler elementskit-btn-link collapsed\" data-ekit-toggle=\"collapse\" data-target=\"#Collapse-dab320a69f1b81e4204a\" aria-expanded=\"false\" aria-controls=\"Collapse-dab320a69f1b81e4204a\">\n                            \n                            <span class=\"ekit-accordion-title\">Eficiencia energ\u00e9tica en la construcci\u00f3n de viviendas sociales<\/span>\n\n                            \n                                <div class=\"ekit_accordion_icon_group\">\n                                    <div class=\"ekit_accordion_normal_icon\">\n                                        <!-- Normal Icon -->\n\t\t\t\t\t\t\t\t\t\t<i class=\"icon icon-plus\"><\/i>                                    <\/div>\n\n                                    <div class=\"ekit_accordion_active_icon\">\n                                        <!-- Active Icon -->\n\t\t\t\t\t\t\t\t\t\t<i class=\"icon icon-minus\"><\/i>                                    <\/div>\n                                <\/div>\n\n                            \n                                                    <\/a>\n                    <\/div>\n\n                    <div id=\"Collapse-dab320a69f1b81e4204a\" class=\" collapse\" aria-labelledby=\"primaryHeading-72-5f8ab2f7\" data-parent=\"#accordion-69f1b81e4204a\">\n\n                        <div class=\"elementskit-card-body ekit-accordion--content\">\n                            <p>El consumo dom\u00e9stico de energ\u00eda es nuestro pa\u00eds es muy elevado. Ante dicha realidad, en el presente trabajo se propone que el Estado Nacional adopte medidas de construcci\u00f3n y el empleo de materiales adecuados para minimizar en consumo energ\u00e9tico de las viviendas que se construyan con fines sociales.<br \/><br \/><br \/><a class=\"btn btn-danger btn-sm\" href=\"https:\/\/www.nuevasgeneraciones.com.ar\/sitio\/wp-content\/uploads\/documentos3\/_archivo\/02\/02_eficiencia_energetica_viviendas_sociales.pdf\" target=\"_blank\" rel=\"noopener\">Descargar<\/a><\/p>                        <\/div>\n\n                    <\/div>\n\n                <\/div><!-- .elementskit-card END -->\n\n                \n                <div class=\"elementskit-card \">\n                    <div class=\"elementskit-card-header\" id=\"primaryHeading-73-5f8ab2f7\">\n                        <a href=\"#collapse-18b103a69f1b81e4204a\" class=\"ekit-accordion--toggler elementskit-btn-link collapsed\" data-ekit-toggle=\"collapse\" data-target=\"#Collapse-18b103a69f1b81e4204a\" aria-expanded=\"false\" aria-controls=\"Collapse-18b103a69f1b81e4204a\">\n                            \n                            <span class=\"ekit-accordion-title\">Contaminaci\u00f3n de las colillas del cigarrillo<\/span>\n\n                            \n                                <div class=\"ekit_accordion_icon_group\">\n                                    <div class=\"ekit_accordion_normal_icon\">\n                                        <!-- Normal Icon -->\n\t\t\t\t\t\t\t\t\t\t<i class=\"icon icon-plus\"><\/i>                                    <\/div>\n\n                                    <div class=\"ekit_accordion_active_icon\">\n                                        <!-- Active Icon -->\n\t\t\t\t\t\t\t\t\t\t<i class=\"icon icon-minus\"><\/i>                                    <\/div>\n                                <\/div>\n\n                            \n                                                    <\/a>\n                    <\/div>\n\n                    <div id=\"Collapse-18b103a69f1b81e4204a\" class=\" collapse\" aria-labelledby=\"primaryHeading-73-5f8ab2f7\" data-parent=\"#accordion-69f1b81e4204a\">\n\n                        <div class=\"elementskit-card-body ekit-accordion--content\">\n                            <p>Si bien sabemos lo perjudicial que es el cigarrillo para la salud humana, a\u00fan no somos conscientes del mal que representan sus desechos para el medioambiente. Las colillas de los cigarrillos forman gran parte de la basura urbana que no es recogida ni tratada. En el presente informe se indican algunas soluciones que pueden ser aplicadas en las ciudades para disminuir el impacto negativo que estos residuos generan.<br \/><br \/><br \/><a class=\"btn btn-danger btn-sm\" href=\"https:\/\/www.nuevasgeneraciones.com.ar\/sitio\/wp-content\/uploads\/documentos3\/_archivo\/02\/02_Contaminacion_colillas_cigarrillo.pdf\" target=\"_blank\" rel=\"noopener\">Descargar<\/a><\/p>                        <\/div>\n\n                    <\/div>\n\n                <\/div><!-- .elementskit-card END -->\n\n                \n                <div class=\"elementskit-card \">\n                    <div class=\"elementskit-card-header\" id=\"primaryHeading-74-5f8ab2f7\">\n                        <a href=\"#collapse-3aca19f69f1b81e4204a\" class=\"ekit-accordion--toggler elementskit-btn-link collapsed\" data-ekit-toggle=\"collapse\" data-target=\"#Collapse-3aca19f69f1b81e4204a\" aria-expanded=\"false\" aria-controls=\"Collapse-3aca19f69f1b81e4204a\">\n                            \n                            <span class=\"ekit-accordion-title\">Goma de mascar e higiene urbana<\/span>\n\n                            \n                                <div class=\"ekit_accordion_icon_group\">\n                                    <div class=\"ekit_accordion_normal_icon\">\n                                        <!-- Normal Icon -->\n\t\t\t\t\t\t\t\t\t\t<i class=\"icon icon-plus\"><\/i>                                    <\/div>\n\n                                    <div class=\"ekit_accordion_active_icon\">\n                                        <!-- Active Icon -->\n\t\t\t\t\t\t\t\t\t\t<i class=\"icon icon-minus\"><\/i>                                    <\/div>\n                                <\/div>\n\n                            \n                                                    <\/a>\n                    <\/div>\n\n                    <div id=\"Collapse-3aca19f69f1b81e4204a\" class=\" collapse\" aria-labelledby=\"primaryHeading-74-5f8ab2f7\" data-parent=\"#accordion-69f1b81e4204a\">\n\n                        <div class=\"elementskit-card-body ekit-accordion--content\">\n                            <p>Entre las innumerables fuentes de suciedad de las ciudades, el chicle ocupa un lugar de importancia. Los chicles ensucian nuestro entorno cuando son arrojados al suelo o pegados en el mobiliario p\u00fablico. Ello no s\u00f3lo implica un perjuicio est\u00e9tico sino que adem\u00e1s pueden generar un potencial perjuicio en la salud de los habitantes. El siguiente informe abarca algunos de los mecanismos que pueden ser utilizados para disminuir y concientizar acerca de este tipo de contaminaci\u00f3n que afecta, principalmente, a las ciudades.<br \/><br \/><br \/><a class=\"btn btn-danger btn-sm\" href=\"https:\/\/www.nuevasgeneraciones.com.ar\/sitio\/wp-content\/uploads\/documentos3\/_archivo\/02\/02_goma_mascar_higiene_urbana.pdf\" target=\"_blank\" rel=\"noopener\">Descargar<\/a><\/p>                        <\/div>\n\n                    <\/div>\n\n                <\/div><!-- .elementskit-card END -->\n\n                \n                <div class=\"elementskit-card \">\n                    <div class=\"elementskit-card-header\" id=\"primaryHeading-75-5f8ab2f7\">\n                        <a href=\"#collapse-0cdf74569f1b81e4204a\" class=\"ekit-accordion--toggler elementskit-btn-link collapsed\" data-ekit-toggle=\"collapse\" data-target=\"#Collapse-0cdf74569f1b81e4204a\" aria-expanded=\"false\" aria-controls=\"Collapse-0cdf74569f1b81e4204a\">\n                            \n                            <span class=\"ekit-accordion-title\">Extraterritorialidad del transporte de residuos en zona Comahue<\/span>\n\n                            \n                                <div class=\"ekit_accordion_icon_group\">\n                                    <div class=\"ekit_accordion_normal_icon\">\n                                        <!-- Normal Icon -->\n\t\t\t\t\t\t\t\t\t\t<i class=\"icon icon-plus\"><\/i>                                    <\/div>\n\n                                    <div class=\"ekit_accordion_active_icon\">\n                                        <!-- Active Icon -->\n\t\t\t\t\t\t\t\t\t\t<i class=\"icon icon-minus\"><\/i>                                    <\/div>\n                                <\/div>\n\n                            \n                                                    <\/a>\n                    <\/div>\n\n                    <div id=\"Collapse-0cdf74569f1b81e4204a\" class=\" collapse\" aria-labelledby=\"primaryHeading-75-5f8ab2f7\" data-parent=\"#accordion-69f1b81e4204a\">\n\n                        <div class=\"elementskit-card-body ekit-accordion--content\">\n                            <p>El transporte transfronterizos de residuos debe ser analizado bajo el principio de la extraterritorialidad. No obstante ello, previo al desarrollo de cualquier pol\u00edtica p\u00fablica al respecto, deben analizarse las distintas normas que rigen localmente. En el presente trabajo en particular se toman las leyes de las provincias de R\u00edo Negro y Neuqu\u00e9n referidas a la disposici\u00f3n final de residuos con el fin de saber si su transporte transfronterizo no vulnera las legislaciones locales.<br \/><br \/><br \/><a class=\"btn btn-danger btn-sm\" href=\"https:\/\/www.nuevasgeneraciones.com.ar\/sitio\/wp-content\/uploads\/documentos3\/_archivo\/02\/02_Transporte_residuos_Comahue.pdf\" target=\"_blank\" rel=\"noopener\">Descargar<\/a><\/p>                        <\/div>\n\n                    <\/div>\n\n                <\/div><!-- .elementskit-card END -->\n\n                \n                <div class=\"elementskit-card \">\n                    <div class=\"elementskit-card-header\" id=\"primaryHeading-76-5f8ab2f7\">\n                        <a href=\"#collapse-eb18d5b69f1b81e4204a\" class=\"ekit-accordion--toggler elementskit-btn-link collapsed\" data-ekit-toggle=\"collapse\" data-target=\"#Collapse-eb18d5b69f1b81e4204a\" aria-expanded=\"false\" aria-controls=\"Collapse-eb18d5b69f1b81e4204a\">\n                            \n                            <span class=\"ekit-accordion-title\">Pa\u00f1ales ecol\u00f3gicos: una opci\u00f3n amigable con el ambiente para los programas de entrega gratuita llevados a cabo por el Estado Nacional<\/span>\n\n                            \n                                <div class=\"ekit_accordion_icon_group\">\n                                    <div class=\"ekit_accordion_normal_icon\">\n                                        <!-- Normal Icon -->\n\t\t\t\t\t\t\t\t\t\t<i class=\"icon icon-plus\"><\/i>                                    <\/div>\n\n                                    <div class=\"ekit_accordion_active_icon\">\n                                        <!-- Active Icon -->\n\t\t\t\t\t\t\t\t\t\t<i class=\"icon icon-minus\"><\/i>                                    <\/div>\n                                <\/div>\n\n                            \n                                                    <\/a>\n                    <\/div>\n\n                    <div id=\"Collapse-eb18d5b69f1b81e4204a\" class=\" collapse\" aria-labelledby=\"primaryHeading-76-5f8ab2f7\" data-parent=\"#accordion-69f1b81e4204a\">\n\n                        <div class=\"elementskit-card-body ekit-accordion--content\">\n                            <p>Los pa\u00f1ales convencionales desechables son los m\u00e1s difundidos desde hace d\u00e9cadas. Son livianos y pr\u00e1cticos, pero muchas veces los materiales con que est\u00e1n fabricados causan afecciones a quienes los usan. Asimismo, dichos materiales generan un impacto ambiental negativo al momento de su disposici\u00f3n final. En el presente trabajo se propone que el Estado Nacional reemplace gradualmente los pa\u00f1ales convencionales descartables por pa\u00f1ales reutilizables de tela en los planes de entrega gratuita a ni\u00f1os y adultos.<br \/><br \/><br \/><a class=\"btn btn-danger btn-sm\" href=\"https:\/\/www.nuevasgeneraciones.com.ar\/sitio\/wp-content\/uploads\/documentos3\/_archivo\/02\/02_panales_ecologicos.pdf\" target=\"_blank\" rel=\"noopener\">Descargar<\/a><\/p>                        <\/div>\n\n                    <\/div>\n\n                <\/div><!-- .elementskit-card END -->\n\n                \n                <div class=\"elementskit-card \">\n                    <div class=\"elementskit-card-header\" id=\"primaryHeading-77-5f8ab2f7\">\n                        <a href=\"#collapse-7e141b369f1b81e4204a\" class=\"ekit-accordion--toggler elementskit-btn-link collapsed\" data-ekit-toggle=\"collapse\" data-target=\"#Collapse-7e141b369f1b81e4204a\" aria-expanded=\"false\" aria-controls=\"Collapse-7e141b369f1b81e4204a\">\n                            \n                            <span class=\"ekit-accordion-title\">Plan Municipal de Gesti\u00f3n Integral de Residuos S\u00f3lidos Urbanos<\/span>\n\n                            \n                                <div class=\"ekit_accordion_icon_group\">\n                                    <div class=\"ekit_accordion_normal_icon\">\n                                        <!-- Normal Icon -->\n\t\t\t\t\t\t\t\t\t\t<i class=\"icon icon-plus\"><\/i>                                    <\/div>\n\n                                    <div class=\"ekit_accordion_active_icon\">\n                                        <!-- Active Icon -->\n\t\t\t\t\t\t\t\t\t\t<i class=\"icon icon-minus\"><\/i>                                    <\/div>\n                                <\/div>\n\n                            \n                                                    <\/a>\n                    <\/div>\n\n                    <div id=\"Collapse-7e141b369f1b81e4204a\" class=\" collapse\" aria-labelledby=\"primaryHeading-77-5f8ab2f7\" data-parent=\"#accordion-69f1b81e4204a\">\n\n                        <div class=\"elementskit-card-body ekit-accordion--content\">\n                            <p>El presente informe aborda los principales lineamientos que, a nuestro entender, debe considerar todo Gobierno local, al momento de dise\u00f1ar un Plan Municipal de Gesti\u00f3n Integral de Residuos S\u00f3lidos Urbanos (GIRSU). A modo de ilustrar la mejor manera para elaborar un plan GIRSU se hace un an\u00e1lisis de determinadas medidas adoptadas en otros pa\u00edses para luego puedan ser adaptados de manera gen\u00e9rica por los municipios que deseen encarar este tema.<\/p><p><br \/><br \/><a class=\"btn btn-danger btn-sm\" href=\"https:\/\/www.nuevasgeneraciones.com.ar\/sitio\/wp-content\/uploads\/documentos3\/_archivo\/02\/02_Plan_GIRSU.pdf\" target=\"_blank\" rel=\"noopener\">Descargar<\/a><\/p>                        <\/div>\n\n                    <\/div>\n\n                <\/div><!-- .elementskit-card END -->\n\n                \n                <div class=\"elementskit-card \">\n                    <div class=\"elementskit-card-header\" id=\"primaryHeading-78-5f8ab2f7\">\n                        <a href=\"#collapse-283a29769f1b81e4204a\" class=\"ekit-accordion--toggler elementskit-btn-link collapsed\" data-ekit-toggle=\"collapse\" data-target=\"#Collapse-283a29769f1b81e4204a\" aria-expanded=\"false\" aria-controls=\"Collapse-283a29769f1b81e4204a\">\n                            \n                            <span class=\"ekit-accordion-title\">Programas locales de saneamiento y puesta en valor de predios contaminados<\/span>\n\n                            \n                                <div class=\"ekit_accordion_icon_group\">\n                                    <div class=\"ekit_accordion_normal_icon\">\n                                        <!-- Normal Icon -->\n\t\t\t\t\t\t\t\t\t\t<i class=\"icon icon-plus\"><\/i>                                    <\/div>\n\n                                    <div class=\"ekit_accordion_active_icon\">\n                                        <!-- Active Icon -->\n\t\t\t\t\t\t\t\t\t\t<i class=\"icon icon-minus\"><\/i>                                    <\/div>\n                                <\/div>\n\n                            \n                                                    <\/a>\n                    <\/div>\n\n                    <div id=\"Collapse-283a29769f1b81e4204a\" class=\" collapse\" aria-labelledby=\"primaryHeading-78-5f8ab2f7\" data-parent=\"#accordion-69f1b81e4204a\">\n\n                        <div class=\"elementskit-card-body ekit-accordion--content\">\n                            <p>Es palpable la situaci\u00f3n disvaliosa que para un municipio significa tener dentro de su ejido urbano sitios contaminados. Estos sitios, adem\u00e1s de implicar casos de contaminaci\u00f3n y resultar ser focos de enfermedades, traen aparejadas situaciones de marginalidad y vulnerabilidad para los vecinos. En el presente trabajo se presenta la forma en que dicha situaci\u00f3n puede ser solucionada llevando la presencia del Estado a lugares donde hoy no est\u00e1 y revalorizando la propiedad inmueble de los vecinos.<br \/><br \/><br \/><a class=\"btn btn-danger btn-sm\" href=\"https:\/\/www.nuevasgeneraciones.com.ar\/sitio\/wp-content\/uploads\/documentos3\/_archivo\/02\/02_Programas_remediacion_sitios_contaminados.pdf\" target=\"_blank\" rel=\"noopener\">Descargar<\/a><\/p>                        <\/div>\n\n                    <\/div>\n\n                <\/div><!-- .elementskit-card END -->\n\n                \n                <div class=\"elementskit-card \">\n                    <div class=\"elementskit-card-header\" id=\"primaryHeading-79-5f8ab2f7\">\n                        <a href=\"#collapse-c1176d269f1b81e4204a\" class=\"ekit-accordion--toggler elementskit-btn-link collapsed\" data-ekit-toggle=\"collapse\" data-target=\"#Collapse-c1176d269f1b81e4204a\" aria-expanded=\"false\" aria-controls=\"Collapse-c1176d269f1b81e4204a\">\n                            \n                            <span class=\"ekit-accordion-title\">Incentivo a la adopci\u00f3n de sistemas de calentamiento de agua en base a la energ\u00eda solar en la Provincia de Entre R\u00edos<\/span>\n\n                            \n                                <div class=\"ekit_accordion_icon_group\">\n                                    <div class=\"ekit_accordion_normal_icon\">\n                                        <!-- Normal Icon -->\n\t\t\t\t\t\t\t\t\t\t<i class=\"icon icon-plus\"><\/i>                                    <\/div>\n\n                                    <div class=\"ekit_accordion_active_icon\">\n                                        <!-- Active Icon -->\n\t\t\t\t\t\t\t\t\t\t<i class=\"icon icon-minus\"><\/i>                                    <\/div>\n                                <\/div>\n\n                            \n                                                    <\/a>\n                    <\/div>\n\n                    <div id=\"Collapse-c1176d269f1b81e4204a\" class=\" collapse\" aria-labelledby=\"primaryHeading-79-5f8ab2f7\" data-parent=\"#accordion-69f1b81e4204a\">\n\n                        <div class=\"elementskit-card-body ekit-accordion--content\">\n                            <p>El presente trabajo propone establecer directrices m\u00ednimas de incentivo a la instalaci\u00f3n de sistemas de colecci\u00f3n solar para el calentamiento de agua de uso dom\u00e9stico en la Provincia de Entre R\u00edos. La presente propuesta no s\u00f3lo redundar\u00e1 en un menor gasto y en el ahorro de combustibles f\u00f3siles como el gas natural y el fuel oil, sino que adem\u00e1s, contribuir\u00e1 a reducir las emanaciones de gases de efecto invernadero.<br \/><br \/><br \/><a class=\"btn btn-danger btn-sm\" href=\"https:\/\/www.nuevasgeneraciones.com.ar\/sitio\/wp-content\/uploads\/documentos3\/_archivo\/02\/02_fomento_colectores_solares_ERR.pdf\" target=\"_blank\" rel=\"noopener\">Descargar<\/a><\/p>                        <\/div>\n\n                    <\/div>\n\n                <\/div><!-- .elementskit-card END -->\n\n                \n                <div class=\"elementskit-card \">\n                    <div class=\"elementskit-card-header\" id=\"primaryHeading-80-5f8ab2f7\">\n                        <a href=\"#collapse-92bf78f69f1b81e4204a\" class=\"ekit-accordion--toggler elementskit-btn-link collapsed\" data-ekit-toggle=\"collapse\" data-target=\"#Collapse-92bf78f69f1b81e4204a\" aria-expanded=\"false\" aria-controls=\"Collapse-92bf78f69f1b81e4204a\">\n                            \n                            <span class=\"ekit-accordion-title\">Adhesi\u00f3n de la provincia de Entre R\u00edos a las leyes 26.190 y 27.191 de energ\u00edas renovables<\/span>\n\n                            \n                                <div class=\"ekit_accordion_icon_group\">\n                                    <div class=\"ekit_accordion_normal_icon\">\n                                        <!-- Normal Icon -->\n\t\t\t\t\t\t\t\t\t\t<i class=\"icon icon-plus\"><\/i>                                    <\/div>\n\n                                    <div class=\"ekit_accordion_active_icon\">\n                                        <!-- Active Icon -->\n\t\t\t\t\t\t\t\t\t\t<i class=\"icon icon-minus\"><\/i>                                    <\/div>\n                                <\/div>\n\n                            \n                                                    <\/a>\n                    <\/div>\n\n                    <div id=\"Collapse-92bf78f69f1b81e4204a\" class=\" collapse\" aria-labelledby=\"primaryHeading-80-5f8ab2f7\" data-parent=\"#accordion-69f1b81e4204a\">\n\n                        <div class=\"elementskit-card-body ekit-accordion--content\">\n                            <p>La ley 26.190 en su art\u00edculo 15 invita a las provincias argentinas y la Ciudad Aut\u00f3noma de Buenos Aires a adherir a ella y a dictar en sus respectivas jurisdicciones su propia legislaci\u00f3n destinada a promover la producci\u00f3n de energ\u00eda el\u00e9ctrica a partir de fuentes de energ\u00eda renovables. En dicho sentido, la presente propuesta legislativa propone que la provincia de Entre R\u00edos en lo particular, se d\u00e9 sus propias leyes destinadas a promover las pol\u00edticas p\u00fablicas para el desarrollo de aquella infraestructura necesaria para que dentro de su territorio se pueda generar electricidad en base a fuentes renovables.<br \/><br \/><br \/><a class=\"btn btn-danger btn-sm\" href=\"https:\/\/www.nuevasgeneraciones.com.ar\/sitio\/wp-content\/uploads\/documentos3\/_archivo\/02\/02_Adhesion_ERR_ley_energias_renovables.pdf\" target=\"_blank\" rel=\"noopener\">Descargar<\/a><\/p>                        <\/div>\n\n                    <\/div>\n\n                <\/div><!-- .elementskit-card END -->\n\n                \n                <div class=\"elementskit-card \">\n                    <div class=\"elementskit-card-header\" id=\"primaryHeading-81-5f8ab2f7\">\n                        <a href=\"#collapse-cb71a5369f1b81e4204a\" class=\"ekit-accordion--toggler elementskit-btn-link collapsed\" data-ekit-toggle=\"collapse\" data-target=\"#Collapse-cb71a5369f1b81e4204a\" aria-expanded=\"false\" aria-controls=\"Collapse-cb71a5369f1b81e4204a\">\n                            \n                            <span class=\"ekit-accordion-title\">Propuesta para mejorar el cumplimiento del C\u00f3digo de Tr\u00e1nsito de la Ciudad de Buenos Aires para reducir la contaminaci\u00f3n ambiental<\/span>\n\n                            \n                                <div class=\"ekit_accordion_icon_group\">\n                                    <div class=\"ekit_accordion_normal_icon\">\n                                        <!-- Normal Icon -->\n\t\t\t\t\t\t\t\t\t\t<i class=\"icon icon-plus\"><\/i>                                    <\/div>\n\n                                    <div class=\"ekit_accordion_active_icon\">\n                                        <!-- Active Icon -->\n\t\t\t\t\t\t\t\t\t\t<i class=\"icon icon-minus\"><\/i>                                    <\/div>\n                                <\/div>\n\n                            \n                                                    <\/a>\n                    <\/div>\n\n                    <div id=\"Collapse-cb71a5369f1b81e4204a\" class=\" collapse\" aria-labelledby=\"primaryHeading-81-5f8ab2f7\" data-parent=\"#accordion-69f1b81e4204a\">\n\n                        <div class=\"elementskit-card-body ekit-accordion--content\">\n                            <p>El presente trabajo propone reducir la contaminaci\u00f3n ambiental y el derroche de recursos no renovables que conlleva la pr\u00e1ctica de no apagar los motores de los veh\u00edculos de trasporte p\u00fablico de pasajeros cuando se encuentren en espera o fuera de servicio, vulnerando el C\u00f3digo de Tr\u00e1nsito y Transporte de la Ciudad Aut\u00f3noma de Buenos Aires. Para lograr dichos objetivos es necesario crear una sanci\u00f3n espec\u00edfica para dichos casos y mejorar los mecanismos de control en los playones y terminales de recorrido de las l\u00edneas de colectivos.<br \/><br \/><br \/><a class=\"btn btn-danger btn-sm\" href=\"https:\/\/www.nuevasgeneraciones.com.ar\/sitio\/wp-content\/uploads\/documentos3\/_archivo\/02\/02_Control_sanciones_codigo_transito_CABA.pdf\" target=\"_blank\" rel=\"noopener\">Descargar<\/a><\/p>                        <\/div>\n\n                    <\/div>\n\n                <\/div><!-- .elementskit-card END -->\n\n                \n                <div class=\"elementskit-card \">\n                    <div class=\"elementskit-card-header\" id=\"primaryHeading-82-5f8ab2f7\">\n                        <a href=\"#collapse-6bfd10669f1b81e4204a\" class=\"ekit-accordion--toggler elementskit-btn-link collapsed\" data-ekit-toggle=\"collapse\" data-target=\"#Collapse-6bfd10669f1b81e4204a\" aria-expanded=\"false\" aria-controls=\"Collapse-6bfd10669f1b81e4204a\">\n                            \n                            <span class=\"ekit-accordion-title\">Eliminaci\u00f3n del pago de los derechos de exportaci\u00f3n de las rocas de aplicaci\u00f3n y minerales no metal\u00edferos<\/span>\n\n                            \n                                <div class=\"ekit_accordion_icon_group\">\n                                    <div class=\"ekit_accordion_normal_icon\">\n                                        <!-- Normal Icon -->\n\t\t\t\t\t\t\t\t\t\t<i class=\"icon icon-plus\"><\/i>                                    <\/div>\n\n                                    <div class=\"ekit_accordion_active_icon\">\n                                        <!-- Active Icon -->\n\t\t\t\t\t\t\t\t\t\t<i class=\"icon icon-minus\"><\/i>                                    <\/div>\n                                <\/div>\n\n                            \n                                                    <\/a>\n                    <\/div>\n\n                    <div id=\"Collapse-6bfd10669f1b81e4204a\" class=\" collapse\" aria-labelledby=\"primaryHeading-82-5f8ab2f7\" data-parent=\"#accordion-69f1b81e4204a\">\n\n                        <div class=\"elementskit-card-body ekit-accordion--content\">\n                            <p>Trabajo mediante el cual se propone la eliminaci\u00f3n de las retenciones a las exportaciones de los productos obtenidos de la actividad minera de rocas de aplicaci\u00f3n y minerales no metal\u00edferos, para impulsar la \u201cpeque\u00f1a miner\u00eda\u201d en nuestro pa\u00eds.<br \/><br \/><br \/><a class=\"btn btn-danger btn-sm\" href=\"https:\/\/www.nuevasgeneraciones.com.ar\/sitio\/wp-content\/uploads\/documentos3\/_archivo\/02\/02_eliminacion_retenciones_mineria_no_metalifera.pdf\" target=\"_blank\" rel=\"noopener\">Descargar<\/a><\/p>                        <\/div>\n\n                    <\/div>\n\n                <\/div><!-- .elementskit-card END -->\n\n                \n                <div class=\"elementskit-card \">\n                    <div class=\"elementskit-card-header\" id=\"primaryHeading-83-5f8ab2f7\">\n                        <a href=\"#collapse-3ec03d369f1b81e4204a\" class=\"ekit-accordion--toggler elementskit-btn-link collapsed\" data-ekit-toggle=\"collapse\" data-target=\"#Collapse-3ec03d369f1b81e4204a\" aria-expanded=\"false\" aria-controls=\"Collapse-3ec03d369f1b81e4204a\">\n                            \n                            <span class=\"ekit-accordion-title\">Saneamiento del R\u00edo Uruguay<\/span>\n\n                            \n                                <div class=\"ekit_accordion_icon_group\">\n                                    <div class=\"ekit_accordion_normal_icon\">\n                                        <!-- Normal Icon -->\n\t\t\t\t\t\t\t\t\t\t<i class=\"icon icon-plus\"><\/i>                                    <\/div>\n\n                                    <div class=\"ekit_accordion_active_icon\">\n                                        <!-- Active Icon -->\n\t\t\t\t\t\t\t\t\t\t<i class=\"icon icon-minus\"><\/i>                                    <\/div>\n                                <\/div>\n\n                            \n                                                    <\/a>\n                    <\/div>\n\n                    <div id=\"Collapse-3ec03d369f1b81e4204a\" class=\" collapse\" aria-labelledby=\"primaryHeading-83-5f8ab2f7\" data-parent=\"#accordion-69f1b81e4204a\">\n\n                        <div class=\"elementskit-card-body ekit-accordion--content\">\n                            <p>Los niveles de contaminaci\u00f3n detectados a lo largo de la cuenca del R\u00edo Uruguay, hacen necesario que se tomen medidas conducentes a revertir dicha situaci\u00f3n. Por ese motivo, en el presente trabajo se propone que desde el Congreso de la Naci\u00f3n se requiera al Poder Ejecutivo de la Naci\u00f3n el saneamiento de la margen argentina del R\u00edo Uruguay y que solicite a los gobiernos uruguayo y brasilero actuar en consecuencia.<br \/><br \/><br \/><a class=\"btn btn-danger btn-sm\" href=\"https:\/\/www.nuevasgeneraciones.com.ar\/sitio\/wp-content\/uploads\/documentos3\/_archivo\/02\/02saneamiento_rio_uruguay.pdf\" target=\"_blank\" rel=\"noopener\">Descargar<\/a><\/p>                        <\/div>\n\n                    <\/div>\n\n                <\/div><!-- .elementskit-card END -->\n\n                \n                <div class=\"elementskit-card \">\n                    <div class=\"elementskit-card-header\" id=\"primaryHeading-84-5f8ab2f7\">\n                        <a href=\"#collapse-faeb4b569f1b81e4204a\" class=\"ekit-accordion--toggler elementskit-btn-link collapsed\" data-ekit-toggle=\"collapse\" data-target=\"#Collapse-faeb4b569f1b81e4204a\" aria-expanded=\"false\" aria-controls=\"Collapse-faeb4b569f1b81e4204a\">\n                            \n                            <span class=\"ekit-accordion-title\">Incentivos para la fabricaci\u00f3n de bater\u00edas de litio<\/span>\n\n                            \n                                <div class=\"ekit_accordion_icon_group\">\n                                    <div class=\"ekit_accordion_normal_icon\">\n                                        <!-- Normal Icon -->\n\t\t\t\t\t\t\t\t\t\t<i class=\"icon icon-plus\"><\/i>                                    <\/div>\n\n                                    <div class=\"ekit_accordion_active_icon\">\n                                        <!-- Active Icon -->\n\t\t\t\t\t\t\t\t\t\t<i class=\"icon icon-minus\"><\/i>                                    <\/div>\n                                <\/div>\n\n                            \n                                                    <\/a>\n                    <\/div>\n\n                    <div id=\"Collapse-faeb4b569f1b81e4204a\" class=\" collapse\" aria-labelledby=\"primaryHeading-84-5f8ab2f7\" data-parent=\"#accordion-69f1b81e4204a\">\n\n                        <div class=\"elementskit-card-body ekit-accordion--content\">\n                            <p>El progresivo abandono de los hidrocarburos y el desarrollo de nuevas tecnolog\u00edas para la generaci\u00f3n de energ\u00eda convierten al litio en un elemento esencial para la fabricaci\u00f3n de bater\u00edas. En el presente trabajo se propone una serie de incentivos para el est\u00edmulo a la fabricaci\u00f3n local de dichas bater\u00edas teniendo en cuenta la importancia de las reservas de litio que hay en Argentina.<br \/><br \/><br \/><a class=\"btn btn-danger btn-sm\" href=\"https:\/\/www.nuevasgeneraciones.com.ar\/sitio\/wp-content\/uploads\/documentos3\/_archivo\/02\/02fomento_baterias_litio.pdf\" target=\"_blank\" rel=\"noopener\">Descargar<\/a><\/p>                        <\/div>\n\n                    <\/div>\n\n                <\/div><!-- .elementskit-card END -->\n\n                \n                <div class=\"elementskit-card \">\n                    <div class=\"elementskit-card-header\" id=\"primaryHeading-85-5f8ab2f7\">\n                        <a href=\"#collapse-d697d6569f1b81e4204a\" class=\"ekit-accordion--toggler elementskit-btn-link collapsed\" data-ekit-toggle=\"collapse\" data-target=\"#Collapse-d697d6569f1b81e4204a\" aria-expanded=\"false\" aria-controls=\"Collapse-d697d6569f1b81e4204a\">\n                            \n                            <span class=\"ekit-accordion-title\">Propuesta para la libre circulaci\u00f3n de veh\u00edculos el\u00e9ctricos<\/span>\n\n                            \n                                <div class=\"ekit_accordion_icon_group\">\n                                    <div class=\"ekit_accordion_normal_icon\">\n                                        <!-- Normal Icon -->\n\t\t\t\t\t\t\t\t\t\t<i class=\"icon icon-plus\"><\/i>                                    <\/div>\n\n                                    <div class=\"ekit_accordion_active_icon\">\n                                        <!-- Active Icon -->\n\t\t\t\t\t\t\t\t\t\t<i class=\"icon icon-minus\"><\/i>                                    <\/div>\n                                <\/div>\n\n                            \n                                                    <\/a>\n                    <\/div>\n\n                    <div id=\"Collapse-d697d6569f1b81e4204a\" class=\" collapse\" aria-labelledby=\"primaryHeading-85-5f8ab2f7\" data-parent=\"#accordion-69f1b81e4204a\">\n\n                        <div class=\"elementskit-card-body ekit-accordion--content\">\n                            <p>En el presente trabajo se exponen las ventajas y la eficiencia de los veh\u00edculos propulsados con motores el\u00e9ctricos. Asimismo se proponen las modificaciones normativas necesarias para que este tipo de veh\u00edculos, cumpliendo los requerimientos de seguridad necesarios, puedan circular libremente por la v\u00eda p\u00fablica.<br \/><br \/><br \/><a class=\"btn btn-danger btn-sm\" href=\"https:\/\/www.nuevasgeneraciones.com.ar\/sitio\/wp-content\/uploads\/documentos3\/_archivo\/02\/02libre_circulacion_vehiculos_electricos.pdf \" target=\"_blank\" rel=\"noopener\">Descargar<\/a><\/p>                        <\/div>\n\n                    <\/div>\n\n                <\/div><!-- .elementskit-card END -->\n\n                \n                <div class=\"elementskit-card \">\n                    <div class=\"elementskit-card-header\" id=\"primaryHeading-86-5f8ab2f7\">\n                        <a href=\"#collapse-04b83b869f1b81e4204a\" class=\"ekit-accordion--toggler elementskit-btn-link collapsed\" data-ekit-toggle=\"collapse\" data-target=\"#Collapse-04b83b869f1b81e4204a\" aria-expanded=\"false\" aria-controls=\"Collapse-04b83b869f1b81e4204a\">\n                            \n                            <span class=\"ekit-accordion-title\">Incentivo la generaci\u00f3n de energ\u00eda el\u00e9ctrica a partir de fuentes renovables<\/span>\n\n                            \n                                <div class=\"ekit_accordion_icon_group\">\n                                    <div class=\"ekit_accordion_normal_icon\">\n                                        <!-- Normal Icon -->\n\t\t\t\t\t\t\t\t\t\t<i class=\"icon icon-plus\"><\/i>                                    <\/div>\n\n                                    <div class=\"ekit_accordion_active_icon\">\n                                        <!-- Active Icon -->\n\t\t\t\t\t\t\t\t\t\t<i class=\"icon icon-minus\"><\/i>                                    <\/div>\n                                <\/div>\n\n                            \n                                                    <\/a>\n                    <\/div>\n\n                    <div id=\"Collapse-04b83b869f1b81e4204a\" class=\" collapse\" aria-labelledby=\"primaryHeading-86-5f8ab2f7\" data-parent=\"#accordion-69f1b81e4204a\">\n\n                        <div class=\"elementskit-card-body ekit-accordion--content\">\n                            <p>En el presente trabajo se describen los obst\u00e1culos pol\u00edticos para la adopci\u00f3n de fuentes renovables de energ\u00eda. Asimismo se propone la modificaci\u00f3n de la normativa vigente para adaptarla a las necesidades actuales que Argentina tiene al respecto.<br \/><br \/><br \/><a class=\"btn btn-danger btn-sm\" href=\"https:\/\/www.nuevasgeneraciones.com.ar\/sitio\/wp-content\/uploads\/documentos3\/_archivo\/02\/02incentivo_energias_renovables.pdf\" target=\"_blank\" rel=\"noopener\">Descargar<\/a><\/p>                        <\/div>\n\n                    <\/div>\n\n                <\/div><!-- .elementskit-card END -->\n\n                \n                <div class=\"elementskit-card \">\n                    <div class=\"elementskit-card-header\" id=\"primaryHeading-87-5f8ab2f7\">\n                        <a href=\"#collapse-a01bb4e69f1b81e4204a\" class=\"ekit-accordion--toggler elementskit-btn-link collapsed\" data-ekit-toggle=\"collapse\" data-target=\"#Collapse-a01bb4e69f1b81e4204a\" aria-expanded=\"false\" aria-controls=\"Collapse-a01bb4e69f1b81e4204a\">\n                            \n                            <span class=\"ekit-accordion-title\"> Creaci\u00f3n del Instituto Nacional de Hidroelectricidad<\/span>\n\n                            \n                                <div class=\"ekit_accordion_icon_group\">\n                                    <div class=\"ekit_accordion_normal_icon\">\n                                        <!-- Normal Icon -->\n\t\t\t\t\t\t\t\t\t\t<i class=\"icon icon-plus\"><\/i>                                    <\/div>\n\n                                    <div class=\"ekit_accordion_active_icon\">\n                                        <!-- Active Icon -->\n\t\t\t\t\t\t\t\t\t\t<i class=\"icon icon-minus\"><\/i>                                    <\/div>\n                                <\/div>\n\n                            \n                                                    <\/a>\n                    <\/div>\n\n                    <div id=\"Collapse-a01bb4e69f1b81e4204a\" class=\" collapse\" aria-labelledby=\"primaryHeading-87-5f8ab2f7\" data-parent=\"#accordion-69f1b81e4204a\">\n\n                        <div class=\"elementskit-card-body ekit-accordion--content\">\n                            <p>En el presente trabajo se propone la creaci\u00f3n de un organismo que brinde asistencia t\u00e9cnica orientada a la factibilidad para la instalaci\u00f3n de centrales hidroel\u00e9ctricas y a la b\u00fasqueda de financiamiento para su construcci\u00f3n.<br \/><br \/><br \/><a class=\"btn btn-danger btn-sm\" href=\"https:\/\/www.nuevasgeneraciones.com.ar\/sitio\/wp-content\/uploads\/documentos3\/_archivo\/02\/052014_02_Instituto_hidroelectricidad.pdf\" target=\"_blank\" rel=\"noopener\">Descargar<\/a><\/p>                        <\/div>\n\n                    <\/div>\n\n                <\/div><!-- .elementskit-card END -->\n\n                \n                <div class=\"elementskit-card \">\n                    <div class=\"elementskit-card-header\" id=\"primaryHeading-88-5f8ab2f7\">\n                        <a href=\"#collapse-74d030069f1b81e4204a\" class=\"ekit-accordion--toggler elementskit-btn-link collapsed\" data-ekit-toggle=\"collapse\" data-target=\"#Collapse-74d030069f1b81e4204a\" aria-expanded=\"false\" aria-controls=\"Collapse-74d030069f1b81e4204a\">\n                            \n                            <span class=\"ekit-accordion-title\">Ejes para una adecuada agenda ambiental nacional<\/span>\n\n                            \n                                <div class=\"ekit_accordion_icon_group\">\n                                    <div class=\"ekit_accordion_normal_icon\">\n                                        <!-- Normal Icon -->\n\t\t\t\t\t\t\t\t\t\t<i class=\"icon icon-plus\"><\/i>                                    <\/div>\n\n                                    <div class=\"ekit_accordion_active_icon\">\n                                        <!-- Active Icon -->\n\t\t\t\t\t\t\t\t\t\t<i class=\"icon icon-minus\"><\/i>                                    <\/div>\n                                <\/div>\n\n                            \n                                                    <\/a>\n                    <\/div>\n\n                    <div id=\"Collapse-74d030069f1b81e4204a\" class=\" collapse\" aria-labelledby=\"primaryHeading-88-5f8ab2f7\" data-parent=\"#accordion-69f1b81e4204a\">\n\n                        <div class=\"elementskit-card-body ekit-accordion--content\">\n                            <p>En el presente documento se exponen los diez ejes principales en torno a los cuales debe girar la agenda de pol\u00edticas p\u00fablicas ambientales de la Rep\u00fablica Argentina. Dichos ejes permiten poner el foco en los diversos aspectos que deben ser considerados al momento de regular las actividades humanas pasibles de generar impacto en el medio ambiente para que los recursos naturales puedan ser aprovechados por los argentinos de hoy y los de las generaciones venideras.<br \/><br \/><br \/><a class=\"btn btn-danger btn-sm\" href=\"https:\/\/www.nuevasgeneraciones.com.ar\/sitio\/wp-content\/uploads\/documentos3\/_archivo\/02\/201404_agenda_ambiental.pdf\" target=\"_blank\" rel=\"noopener\">Descargar<\/a><\/p>                        <\/div>\n\n                    <\/div>\n\n                <\/div><!-- .elementskit-card END -->\n\n                \n                <div class=\"elementskit-card \">\n                    <div class=\"elementskit-card-header\" id=\"primaryHeading-89-5f8ab2f7\">\n                        <a href=\"#collapse-7e1e57569f1b81e4204a\" class=\"ekit-accordion--toggler elementskit-btn-link collapsed\" data-ekit-toggle=\"collapse\" data-target=\"#Collapse-7e1e57569f1b81e4204a\" aria-expanded=\"false\" aria-controls=\"Collapse-7e1e57569f1b81e4204a\">\n                            \n                            <span class=\"ekit-accordion-title\">Presupuestos m\u00ednimos para una explotaci\u00f3n minera sustentable<\/span>\n\n                            \n                                <div class=\"ekit_accordion_icon_group\">\n                                    <div class=\"ekit_accordion_normal_icon\">\n                                        <!-- Normal Icon -->\n\t\t\t\t\t\t\t\t\t\t<i class=\"icon icon-plus\"><\/i>                                    <\/div>\n\n                                    <div class=\"ekit_accordion_active_icon\">\n                                        <!-- Active Icon -->\n\t\t\t\t\t\t\t\t\t\t<i class=\"icon icon-minus\"><\/i>                                    <\/div>\n                                <\/div>\n\n                            \n                                                    <\/a>\n                    <\/div>\n\n                    <div id=\"Collapse-7e1e57569f1b81e4204a\" class=\" collapse\" aria-labelledby=\"primaryHeading-89-5f8ab2f7\" data-parent=\"#accordion-69f1b81e4204a\">\n\n                        <div class=\"elementskit-card-body ekit-accordion--content\">\n                            <p>La extracci\u00f3n de mineral en grandes cantidades no debe ser incompatible con el cuidado del medio ambiente, la protecci\u00f3n de los valores culturales sociales, el desarrollo local y el crecimiento econ\u00f3mico. Por ello en el presente trabajo se proponen ciertos aspectos sobre los cuales la moderna actividad minera debe enfocarse para llevar a cabo sus tareas de manera responsable.<br \/><br \/><br \/><a class=\"btn btn-danger btn-sm\" href=\"https:\/\/www.nuevasgeneraciones.com.ar\/sitio\/wp-content\/uploads\/documentos3\/_archivo\/02\/02_presupuestos_minimos_minera_sustentable.pdf\" target=\"_blank\" rel=\"noopener\">Descargar<\/a><\/p>                        <\/div>\n\n                    <\/div>\n\n                <\/div><!-- .elementskit-card END -->\n\n                \n                <div class=\"elementskit-card \">\n                    <div class=\"elementskit-card-header\" id=\"primaryHeading-90-5f8ab2f7\">\n                        <a href=\"#collapse-5687b2b69f1b81e4204a\" class=\"ekit-accordion--toggler elementskit-btn-link collapsed\" data-ekit-toggle=\"collapse\" data-target=\"#Collapse-5687b2b69f1b81e4204a\" aria-expanded=\"false\" aria-controls=\"Collapse-5687b2b69f1b81e4204a\">\n                            \n                            <span class=\"ekit-accordion-title\">Educaci\u00f3n y cuidado del medio ambiente<\/span>\n\n                            \n                                <div class=\"ekit_accordion_icon_group\">\n                                    <div class=\"ekit_accordion_normal_icon\">\n                                        <!-- Normal Icon -->\n\t\t\t\t\t\t\t\t\t\t<i class=\"icon icon-plus\"><\/i>                                    <\/div>\n\n                                    <div class=\"ekit_accordion_active_icon\">\n                                        <!-- Active Icon -->\n\t\t\t\t\t\t\t\t\t\t<i class=\"icon icon-minus\"><\/i>                                    <\/div>\n                                <\/div>\n\n                            \n                                                    <\/a>\n                    <\/div>\n\n                    <div id=\"Collapse-5687b2b69f1b81e4204a\" class=\" collapse\" aria-labelledby=\"primaryHeading-90-5f8ab2f7\" data-parent=\"#accordion-69f1b81e4204a\">\n\n                        <div class=\"elementskit-card-body ekit-accordion--content\">\n                            <p>La educaci\u00f3n ambiental es un proceso pedag\u00f3gico mediante el cual se busca generar una cultura de desarrollo sustentable. El presente trabajo propone los lineamientos b\u00e1sicos para que la problem\u00e1tica ambiental ocupe un lugar de importancia dentro del \u00e1mbito educativo nacional.<br \/><br \/><br \/><a class=\"btn btn-danger btn-sm\" href=\"https:\/\/www.nuevasgeneraciones.com.ar\/sitio\/wp-content\/uploads\/documentos3\/_archivo\/02\/02_eduacion_medio_ambiente.pdf\" target=\"_blank\" rel=\"noopener\">Descargar<\/a><\/p>                        <\/div>\n\n                    <\/div>\n\n                <\/div><!-- .elementskit-card END -->\n\n                \n                <div class=\"elementskit-card \">\n                    <div class=\"elementskit-card-header\" id=\"primaryHeading-91-5f8ab2f7\">\n                        <a href=\"#collapse-fb5b83a69f1b81e4204a\" class=\"ekit-accordion--toggler elementskit-btn-link collapsed\" data-ekit-toggle=\"collapse\" data-target=\"#Collapse-fb5b83a69f1b81e4204a\" aria-expanded=\"false\" aria-controls=\"Collapse-fb5b83a69f1b81e4204a\">\n                            \n                            <span class=\"ekit-accordion-title\">Tarifas de alimentaci\u00f3n de energ\u00eda el\u00e9ctrica mediante fuentes renovables<\/span>\n\n                            \n                                <div class=\"ekit_accordion_icon_group\">\n                                    <div class=\"ekit_accordion_normal_icon\">\n                                        <!-- Normal Icon -->\n\t\t\t\t\t\t\t\t\t\t<i class=\"icon icon-plus\"><\/i>                                    <\/div>\n\n                                    <div class=\"ekit_accordion_active_icon\">\n                                        <!-- Active Icon -->\n\t\t\t\t\t\t\t\t\t\t<i class=\"icon icon-minus\"><\/i>                                    <\/div>\n                                <\/div>\n\n                            \n                                                    <\/a>\n                    <\/div>\n\n                    <div id=\"Collapse-fb5b83a69f1b81e4204a\" class=\" collapse\" aria-labelledby=\"primaryHeading-91-5f8ab2f7\" data-parent=\"#accordion-69f1b81e4204a\">\n\n                        <div class=\"elementskit-card-body ekit-accordion--content\">\n                            <p>El presente trabajo propone que en Argentina comience a utilizarse un sistema de tarifas de alimentaci\u00f3n variable o \u201cfeed-in tariff\u201d para la inyecci\u00f3n de energ\u00eda el\u00e9ctrica generada por peque\u00f1os y medianos productores mediante fuentes renovables convencionales y no convencionales.<br \/><br \/><br \/><a class=\"btn btn-danger btn-sm\" href=\"https:\/\/www.nuevasgeneraciones.com.ar\/sitio\/wp-content\/uploads\/documentos3\/_archivo\/02\/02_tarifas_electricas_renovables.pdf\" target=\"_blank\" rel=\"noopener\">Descargar<\/a><\/p>                        <\/div>\n\n                    <\/div>\n\n                <\/div><!-- .elementskit-card END -->\n\n                \n                <div class=\"elementskit-card \">\n                    <div class=\"elementskit-card-header\" id=\"primaryHeading-92-5f8ab2f7\">\n                        <a href=\"#collapse-2b6f0f869f1b81e4204a\" class=\"ekit-accordion--toggler elementskit-btn-link collapsed\" data-ekit-toggle=\"collapse\" data-target=\"#Collapse-2b6f0f869f1b81e4204a\" aria-expanded=\"false\" aria-controls=\"Collapse-2b6f0f869f1b81e4204a\">\n                            \n                            <span class=\"ekit-accordion-title\">An\u00e1lisis del mercado el\u00e9ctrico argentino<\/span>\n\n                            \n                                <div class=\"ekit_accordion_icon_group\">\n                                    <div class=\"ekit_accordion_normal_icon\">\n                                        <!-- Normal Icon -->\n\t\t\t\t\t\t\t\t\t\t<i class=\"icon icon-plus\"><\/i>                                    <\/div>\n\n                                    <div class=\"ekit_accordion_active_icon\">\n                                        <!-- Active Icon -->\n\t\t\t\t\t\t\t\t\t\t<i class=\"icon icon-minus\"><\/i>                                    <\/div>\n                                <\/div>\n\n                            \n                                                    <\/a>\n                    <\/div>\n\n                    <div id=\"Collapse-2b6f0f869f1b81e4204a\" class=\" collapse\" aria-labelledby=\"primaryHeading-92-5f8ab2f7\" data-parent=\"#accordion-69f1b81e4204a\">\n\n                        <div class=\"elementskit-card-body ekit-accordion--content\">\n                            <p>La actual crisis energ\u00e9tica Nacional requiere de muy inteligentes decisiones de pol\u00edtica p\u00fablica para los pr\u00f3ximos a\u00f1os, de ello depender\u00e1 en gran medida el desarrollo econ\u00f3mico futuro. Por esta raz\u00f3n, aqu\u00ed se analizan los aspectos fundamentales del mercado el\u00e9ctrico argentino y se presentan algunos aportes que creemos que no deber\u00edan dejarse de lado en la discusi\u00f3n legislativa y regulatoria.<br \/><br \/><br \/><a class=\"btn btn-danger btn-sm\" href=\"https:\/\/www.nuevasgeneraciones.com.ar\/sitio\/wp-content\/uploads\/documentos3\/_archivo\/02\/02_mercado_electrico_argentino.pdf\" target=\"_blank\" rel=\"noopener\">Descargar<\/a><\/p>                        <\/div>\n\n                    <\/div>\n\n                <\/div><!-- .elementskit-card END -->\n\n                \n                <div class=\"elementskit-card \">\n                    <div class=\"elementskit-card-header\" id=\"primaryHeading-93-5f8ab2f7\">\n                        <a href=\"#collapse-e1066b469f1b81e4204a\" class=\"ekit-accordion--toggler elementskit-btn-link collapsed\" data-ekit-toggle=\"collapse\" data-target=\"#Collapse-e1066b469f1b81e4204a\" aria-expanded=\"false\" aria-controls=\"Collapse-e1066b469f1b81e4204a\">\n                            \n                            <span class=\"ekit-accordion-title\"> R\u00e9gimen Nacional de hidrocarburos<\/span>\n\n                            \n                                <div class=\"ekit_accordion_icon_group\">\n                                    <div class=\"ekit_accordion_normal_icon\">\n                                        <!-- Normal Icon -->\n\t\t\t\t\t\t\t\t\t\t<i class=\"icon icon-plus\"><\/i>                                    <\/div>\n\n                                    <div class=\"ekit_accordion_active_icon\">\n                                        <!-- Active Icon -->\n\t\t\t\t\t\t\t\t\t\t<i class=\"icon icon-minus\"><\/i>                                    <\/div>\n                                <\/div>\n\n                            \n                                                    <\/a>\n                    <\/div>\n\n                    <div id=\"Collapse-e1066b469f1b81e4204a\" class=\" collapse\" aria-labelledby=\"primaryHeading-93-5f8ab2f7\" data-parent=\"#accordion-69f1b81e4204a\">\n\n                        <div class=\"elementskit-card-body ekit-accordion--content\">\n                            <p>El presente trabajo analiza la cr\u00edtica situaci\u00f3n del sector de los hidrocarburos en Argentina durante la \u00faltima d\u00e9cada y como ello deriva en la sanci\u00f3n de la Ley 26.741 de Soberan\u00eda Hidrocarbur\u00edfera y su reglamentaci\u00f3n mediante el Decreto 1277\/2012, constituyendo el hecho regulatorio m\u00e1s importante para el sector en los \u00faltimos tiempos, profundizando la intervenci\u00f3n estatal y dejando abierta la posibilidad para una total discrecionalidad por parte de los funcionarios del Poder Ejecutivo Nacional.<br \/><br \/><br \/><a class=\"btn btn-danger btn-sm\" href=\"https:\/\/www.nuevasgeneraciones.com.ar\/sitio\/wp-content\/uploads\/documentos3\/_archivo\/02\/02_regimen_hidrocarburos.pdf\" target=\"_blank\" rel=\"noopener\">Descargar<\/a><\/p>                        <\/div>\n\n                    <\/div>\n\n                <\/div><!-- .elementskit-card END -->\n\n                \n                <div class=\"elementskit-card \">\n                    <div class=\"elementskit-card-header\" id=\"primaryHeading-94-5f8ab2f7\">\n                        <a href=\"#collapse-5bf9b5269f1b81e4204a\" class=\"ekit-accordion--toggler elementskit-btn-link collapsed\" data-ekit-toggle=\"collapse\" data-target=\"#Collapse-5bf9b5269f1b81e4204a\" aria-expanded=\"false\" aria-controls=\"Collapse-5bf9b5269f1b81e4204a\">\n                            \n                            <span class=\"ekit-accordion-title\">La nueva frontera del gas en Argentina<\/span>\n\n                            \n                                <div class=\"ekit_accordion_icon_group\">\n                                    <div class=\"ekit_accordion_normal_icon\">\n                                        <!-- Normal Icon -->\n\t\t\t\t\t\t\t\t\t\t<i class=\"icon icon-plus\"><\/i>                                    <\/div>\n\n                                    <div class=\"ekit_accordion_active_icon\">\n                                        <!-- Active Icon -->\n\t\t\t\t\t\t\t\t\t\t<i class=\"icon icon-minus\"><\/i>                                    <\/div>\n                                <\/div>\n\n                            \n                                                    <\/a>\n                    <\/div>\n\n                    <div id=\"Collapse-5bf9b5269f1b81e4204a\" class=\" collapse\" aria-labelledby=\"primaryHeading-94-5f8ab2f7\" data-parent=\"#accordion-69f1b81e4204a\">\n\n                        <div class=\"elementskit-card-body ekit-accordion--content\">\n                            <p>El objetivo del presente trabajo, es describir, aunque sea someramente, las particularidades que entra\u00f1a, la explotaci\u00f3n de los reservorios no convencionales de hidrocarburos, com\u00fanmente conocidos como gas y petr\u00f3leo de esquistos, o shale oil and gas.<br \/><br \/><br \/><a class=\"btn btn-danger btn-sm\" href=\"https:\/\/www.nuevasgeneraciones.com.ar\/sitio\/wp-content\/uploads\/documentos3\/_archivo\/02\/2012s1%20La%20nueva%20frontera%20del%20gas%20en%20Argentina.pdf\" target=\"_blank\" rel=\"noopener\">Descargar<\/a><\/p>                        <\/div>\n\n                    <\/div>\n\n                <\/div><!-- .elementskit-card END -->\n\n                \n                <div class=\"elementskit-card \">\n                    <div class=\"elementskit-card-header\" id=\"primaryHeading-95-5f8ab2f7\">\n                        <a href=\"#collapse-b42a3c169f1b81e4204a\" class=\"ekit-accordion--toggler elementskit-btn-link collapsed\" data-ekit-toggle=\"collapse\" data-target=\"#Collapse-b42a3c169f1b81e4204a\" aria-expanded=\"false\" aria-controls=\"Collapse-b42a3c169f1b81e4204a\">\n                            \n                            <span class=\"ekit-accordion-title\">Proyecto de Ley para la Implementaci\u00f3n de Pistolas de Corte de Agua para la Limpieza de Veredas<\/span>\n\n                            \n                                <div class=\"ekit_accordion_icon_group\">\n                                    <div class=\"ekit_accordion_normal_icon\">\n                                        <!-- Normal Icon -->\n\t\t\t\t\t\t\t\t\t\t<i class=\"icon icon-plus\"><\/i>                                    <\/div>\n\n                                    <div class=\"ekit_accordion_active_icon\">\n                                        <!-- Active Icon -->\n\t\t\t\t\t\t\t\t\t\t<i class=\"icon icon-minus\"><\/i>                                    <\/div>\n                                <\/div>\n\n                            \n                                                    <\/a>\n                    <\/div>\n\n                    <div id=\"Collapse-b42a3c169f1b81e4204a\" class=\" collapse\" aria-labelledby=\"primaryHeading-95-5f8ab2f7\" data-parent=\"#accordion-69f1b81e4204a\">\n\n                        <div class=\"elementskit-card-body ekit-accordion--content\">\n                            <p>El presente trabajo propone ciertas medidas para que los edificios de la Ciudad de Buenos Aires consuman menos agua potable en la limpieza de veredas. Se encuentra inspirado en normativas internacionales que ya se encuentran en uso en otras ciudades del pa\u00eds.<br \/><br \/><br \/><a class=\"btn btn-danger btn-sm\" href=\"https:\/\/www.nuevasgeneraciones.com.ar\/sitio\/wp-content\/uploads\/documentos3\/_archivo\/02\/02_pistolas_corte_agua.pdf\" target=\"_blank\" rel=\"noopener\">Descargar<\/a><\/p>                        <\/div>\n\n                    <\/div>\n\n                <\/div><!-- .elementskit-card END -->\n\n                \n                <div class=\"elementskit-card \">\n                    <div class=\"elementskit-card-header\" id=\"primaryHeading-96-5f8ab2f7\">\n                        <a href=\"#collapse-e56c0c169f1b81e4204a\" class=\"ekit-accordion--toggler elementskit-btn-link collapsed\" data-ekit-toggle=\"collapse\" data-target=\"#Collapse-e56c0c169f1b81e4204a\" aria-expanded=\"false\" aria-controls=\"Collapse-e56c0c169f1b81e4204a\">\n                            \n                            <span class=\"ekit-accordion-title\">Erradicaci\u00f3n de los animales salvajes del \u00e1mbito circense<\/span>\n\n                            \n                                <div class=\"ekit_accordion_icon_group\">\n                                    <div class=\"ekit_accordion_normal_icon\">\n                                        <!-- Normal Icon -->\n\t\t\t\t\t\t\t\t\t\t<i class=\"icon icon-plus\"><\/i>                                    <\/div>\n\n                                    <div class=\"ekit_accordion_active_icon\">\n                                        <!-- Active Icon -->\n\t\t\t\t\t\t\t\t\t\t<i class=\"icon icon-minus\"><\/i>                                    <\/div>\n                                <\/div>\n\n                            \n                                                    <\/a>\n                    <\/div>\n\n                    <div id=\"Collapse-e56c0c169f1b81e4204a\" class=\" collapse\" aria-labelledby=\"primaryHeading-96-5f8ab2f7\" data-parent=\"#accordion-69f1b81e4204a\">\n\n                        <div class=\"elementskit-card-body ekit-accordion--content\">\n                            <p>En el presente trabajo se presenta la erradicaci\u00f3n de los animales salvajes de los circos como una manera de evitar el sufrimiento innecesario de los mismos y se explican los motivos y ventajas de ello.<br \/><br \/><br \/><a class=\"btn btn-danger btn-sm\" href=\"https:\/\/www.nuevasgeneraciones.com.ar\/sitio\/wp-content\/uploads\/documentos3\/_archivo\/02\/02_erradicacion_animales_circos.pdf\" target=\"_blank\" rel=\"noopener\">Descargar<\/a><\/p>                        <\/div>\n\n                    <\/div>\n\n                <\/div><!-- .elementskit-card END -->\n\n                \n                <div class=\"elementskit-card \">\n                    <div class=\"elementskit-card-header\" id=\"primaryHeading-97-5f8ab2f7\">\n                        <a href=\"#collapse-758ab0469f1b81e4204a\" class=\"ekit-accordion--toggler elementskit-btn-link collapsed\" data-ekit-toggle=\"collapse\" data-target=\"#Collapse-758ab0469f1b81e4204a\" aria-expanded=\"false\" aria-controls=\"Collapse-758ab0469f1b81e4204a\">\n                            \n                            <span class=\"ekit-accordion-title\">An\u00e1lisis del marco normativo aplicable sobre biocombustibles en la Rep\u00fablica Argentina<\/span>\n\n                            \n                                <div class=\"ekit_accordion_icon_group\">\n                                    <div class=\"ekit_accordion_normal_icon\">\n                                        <!-- Normal Icon -->\n\t\t\t\t\t\t\t\t\t\t<i class=\"icon icon-plus\"><\/i>                                    <\/div>\n\n                                    <div class=\"ekit_accordion_active_icon\">\n                                        <!-- Active Icon -->\n\t\t\t\t\t\t\t\t\t\t<i class=\"icon icon-minus\"><\/i>                                    <\/div>\n                                <\/div>\n\n                            \n                                                    <\/a>\n                    <\/div>\n\n                    <div id=\"Collapse-758ab0469f1b81e4204a\" class=\" collapse\" aria-labelledby=\"primaryHeading-97-5f8ab2f7\" data-parent=\"#accordion-69f1b81e4204a\">\n\n                        <div class=\"elementskit-card-body ekit-accordion--content\">\n                            <p>El presente trabajo tiene por objeto explicar el marco normativo sobre biocombustibles aplicable en la Rep\u00fablica Argentina y el r\u00e9gimen de promoci\u00f3n establecido por la normativa actual, a los fines de impulsar y fomentar el desarrollo y empleo de este tipo de combustibles renovables.<br \/><br \/><br \/><a class=\"btn btn-danger btn-sm\" href=\"https:\/\/www.nuevasgeneraciones.com.ar\/sitio\/wp-content\/uploads\/documentos3\/_archivo\/02\/02_marco_normativo_biocombustibles.pdf\" target=\"_blank\" rel=\"noopener\">Descargar<\/a><\/p>                        <\/div>\n\n                    <\/div>\n\n                <\/div><!-- .elementskit-card END -->\n\n                \n                <div class=\"elementskit-card \">\n                    <div class=\"elementskit-card-header\" id=\"primaryHeading-98-5f8ab2f7\">\n                        <a href=\"#collapse-c8cd34b69f1b81e4204a\" class=\"ekit-accordion--toggler elementskit-btn-link collapsed\" data-ekit-toggle=\"collapse\" data-target=\"#Collapse-c8cd34b69f1b81e4204a\" aria-expanded=\"false\" aria-controls=\"Collapse-c8cd34b69f1b81e4204a\">\n                            \n                            <span class=\"ekit-accordion-title\">Observaciones al Proyecto de Ley para la Gesti\u00f3n de Residuos de Artefactos El\u00e9ctricos y Electr\u00f3nicos<\/span>\n\n                            \n                                <div class=\"ekit_accordion_icon_group\">\n                                    <div class=\"ekit_accordion_normal_icon\">\n                                        <!-- Normal Icon -->\n\t\t\t\t\t\t\t\t\t\t<i class=\"icon icon-plus\"><\/i>                                    <\/div>\n\n                                    <div class=\"ekit_accordion_active_icon\">\n                                        <!-- Active Icon -->\n\t\t\t\t\t\t\t\t\t\t<i class=\"icon icon-minus\"><\/i>                                    <\/div>\n                                <\/div>\n\n                            \n                                                    <\/a>\n                    <\/div>\n\n                    <div id=\"Collapse-c8cd34b69f1b81e4204a\" class=\" collapse\" aria-labelledby=\"primaryHeading-98-5f8ab2f7\" data-parent=\"#accordion-69f1b81e4204a\">\n\n                        <div class=\"elementskit-card-body ekit-accordion--content\">\n                            <p>El presente trabajo analiza el proyecto de ley presentado por el Senador Filmus para la gesti\u00f3n de los residuos de artefactos el\u00e9ctricos y electr\u00f3nicos y realiza una comparaci\u00f3n con la directiva europea que legisla respecto de la misma materia. Finalmente se proponen los cambios m\u00e1s convenientes para la realidad argentina.<br \/><br \/><br \/><a class=\"btn btn-danger btn-sm\" href=\"https:\/\/www.nuevasgeneraciones.com.ar\/sitio\/wp-content\/uploads\/documentos3\/_archivo\/02\/02_residuos_electricos_electronicos.pdf\" target=\"_blank\" rel=\"noopener\">Descargar<\/a><\/p>                        <\/div>\n\n                    <\/div>\n\n                <\/div><!-- .elementskit-card END -->\n\n                                        <\/div>\n    <\/div>\t\t\t\t<\/div>\n\t\t\t\t<\/div>\n\t\t\t\t\t<\/div>\n\t\t<\/div>\n\t\t\t\t<div class=\"elementor-column elementor-col-33 elementor-top-column elementor-element elementor-element-5a7175b6\" data-id=\"5a7175b6\" data-element_type=\"column\" data-e-type=\"column\">\n\t\t\t<div class=\"elementor-widget-wrap\">\n\t\t\t\t\t\t\t<\/div>\n\t\t<\/div>\n\t\t\t\t\t<\/div>\n\t\t<\/section>\n\t\t\t\t<section class=\"elementor-section elementor-top-section elementor-element elementor-element-22a0ce85 elementor-section-boxed elementor-section-height-default elementor-section-height-default\" data-id=\"22a0ce85\" data-element_type=\"section\" data-e-type=\"section\">\n\t\t\t\t\t\t<div class=\"elementor-container elementor-column-gap-default\">\n\t\t\t\t\t<div class=\"elementor-column elementor-col-25 elementor-top-column elementor-element elementor-element-25e9645f\" data-id=\"25e9645f\" data-element_type=\"column\" data-e-type=\"column\">\n\t\t\t<div class=\"elementor-widget-wrap\">\n\t\t\t\t\t\t\t<\/div>\n\t\t<\/div>\n\t\t\t\t<div class=\"elementor-column elementor-col-50 elementor-top-column elementor-element elementor-element-124ca8d7\" data-id=\"124ca8d7\" data-element_type=\"column\" data-e-type=\"column\">\n\t\t\t<div class=\"elementor-widget-wrap\">\n\t\t\t\t\t\t\t<\/div>\n\t\t<\/div>\n\t\t\t\t<div class=\"elementor-column elementor-col-25 elementor-top-column elementor-element elementor-element-159d9db4\" data-id=\"159d9db4\" data-element_type=\"column\" data-e-type=\"column\">\n\t\t\t<div class=\"elementor-widget-wrap\">\n\t\t\t\t\t\t\t<\/div>\n\t\t<\/div>\n\t\t\t\t\t<\/div>\n\t\t<\/section>\n\t\t\t\t<\/div>\n\t\t","protected":false},"excerpt":{"rendered":"<p>Ambiente, recursos naturales y energ\u00eda Hacia un sistema nacional de gesti\u00f3n de riesgos clim\u00e1ticos Ante el aumento de incendios forestales en Argentina, este trabajo propone la creaci\u00f3n de un Sistema Nacional de Gesti\u00f3n de Riesgos Clim\u00e1ticos como pol\u00edtica p\u00fablica federal para prevenir y responder eficazmente a eventos clim\u00e1ticos extremos, cada vez m\u00e1s recurrentes. El sistema&hellip;&nbsp;<\/p>\n","protected":false},"author":1,"featured_media":0,"parent":0,"menu_order":0,"comment_status":"closed","ping_status":"closed","template":"page-templates\/template-pagebuilder-full-width.php","meta":{"neve_meta_sidebar":"","neve_meta_container":"","neve_meta_enable_content_width":"off","neve_meta_content_width":100,"neve_meta_title_alignment":"","neve_meta_author_avatar":"","neve_post_elements_order":"","neve_meta_disable_header":"","neve_meta_disable_footer":"","neve_meta_disable_title":"","footnotes":""},"class_list":["post-12393","page","type-page","status-publish","hentry"],"yoast_head":"<!-- This site is optimized with the Yoast SEO plugin v27.4 - https:\/\/yoast.com\/product\/yoast-seo-wordpress\/ -->\n<title>Ambiente, recursos naturales y energ\u00eda - Fundaci\u00f3n Nuevas Generaciones<\/title>\n<meta name=\"robots\" content=\"index, follow, max-snippet:-1, max-image-preview:large, max-video-preview:-1\" \/>\n<link rel=\"canonical\" href=\"https:\/\/nuevasgeneraciones.com.ar\/sitio\/ambiente-recursos-naturales-y-energia\/\" \/>\n<meta property=\"og:locale\" content=\"es_ES\" \/>\n<meta property=\"og:type\" content=\"article\" \/>\n<meta property=\"og:title\" content=\"Ambiente, recursos naturales y energ\u00eda - Fundaci\u00f3n Nuevas Generaciones\" \/>\n<meta property=\"og:description\" content=\"Ambiente, recursos naturales y energ\u00eda Hacia un sistema nacional de gesti\u00f3n de riesgos clim\u00e1ticos Ante el aumento de incendios forestales en Argentina, este trabajo propone la creaci\u00f3n de un Sistema Nacional de Gesti\u00f3n de Riesgos Clim\u00e1ticos como pol\u00edtica p\u00fablica federal para prevenir y responder eficazmente a eventos clim\u00e1ticos extremos, cada vez m\u00e1s recurrentes. El sistema&hellip;&nbsp;\" \/>\n<meta property=\"og:url\" content=\"https:\/\/nuevasgeneraciones.com.ar\/sitio\/ambiente-recursos-naturales-y-energia\/\" \/>\n<meta property=\"og:site_name\" content=\"Fundaci\u00f3n Nuevas Generaciones\" \/>\n<meta property=\"article:modified_time\" content=\"2026-02-12T11:37:20+00:00\" \/>\n<meta name=\"twitter:card\" content=\"summary_large_image\" \/>\n<meta name=\"twitter:label1\" content=\"Tiempo de lectura\" \/>\n\t<meta name=\"twitter:data1\" content=\"42 minutos\" \/>\n<script type=\"application\/ld+json\" class=\"yoast-schema-graph\">{\"@context\":\"https:\\\/\\\/schema.org\",\"@graph\":[{\"@type\":\"WebPage\",\"@id\":\"https:\\\/\\\/nuevasgeneraciones.com.ar\\\/sitio\\\/ambiente-recursos-naturales-y-energia\\\/\",\"url\":\"https:\\\/\\\/nuevasgeneraciones.com.ar\\\/sitio\\\/ambiente-recursos-naturales-y-energia\\\/\",\"name\":\"Ambiente, recursos naturales y energ\u00eda - Fundaci\u00f3n Nuevas Generaciones\",\"isPartOf\":{\"@id\":\"https:\\\/\\\/nuevasgeneraciones.com.ar\\\/sitio\\\/#website\"},\"datePublished\":\"2018-11-09T21:13:47+00:00\",\"dateModified\":\"2026-02-12T11:37:20+00:00\",\"breadcrumb\":{\"@id\":\"https:\\\/\\\/nuevasgeneraciones.com.ar\\\/sitio\\\/ambiente-recursos-naturales-y-energia\\\/#breadcrumb\"},\"inLanguage\":\"es-AR\",\"potentialAction\":[{\"@type\":\"ReadAction\",\"target\":[\"https:\\\/\\\/nuevasgeneraciones.com.ar\\\/sitio\\\/ambiente-recursos-naturales-y-energia\\\/\"]}]},{\"@type\":\"BreadcrumbList\",\"@id\":\"https:\\\/\\\/nuevasgeneraciones.com.ar\\\/sitio\\\/ambiente-recursos-naturales-y-energia\\\/#breadcrumb\",\"itemListElement\":[{\"@type\":\"ListItem\",\"position\":1,\"name\":\"Inicio\",\"item\":\"https:\\\/\\\/nuevasgeneraciones.com.ar\\\/sitio\\\/\"},{\"@type\":\"ListItem\",\"position\":2,\"name\":\"Ambiente, recursos naturales y energ\u00eda\"}]},{\"@type\":\"WebSite\",\"@id\":\"https:\\\/\\\/nuevasgeneraciones.com.ar\\\/sitio\\\/#website\",\"url\":\"https:\\\/\\\/nuevasgeneraciones.com.ar\\\/sitio\\\/\",\"name\":\"Fundaci\u00f3n Nuevas Generaciones\",\"description\":\"\",\"publisher\":{\"@id\":\"https:\\\/\\\/nuevasgeneraciones.com.ar\\\/sitio\\\/#organization\"},\"potentialAction\":[{\"@type\":\"SearchAction\",\"target\":{\"@type\":\"EntryPoint\",\"urlTemplate\":\"https:\\\/\\\/nuevasgeneraciones.com.ar\\\/sitio\\\/?s={search_term_string}\"},\"query-input\":{\"@type\":\"PropertyValueSpecification\",\"valueRequired\":true,\"valueName\":\"search_term_string\"}}],\"inLanguage\":\"es-AR\"},{\"@type\":\"Organization\",\"@id\":\"https:\\\/\\\/nuevasgeneraciones.com.ar\\\/sitio\\\/#organization\",\"name\":\"Fundaci\u00f3n Nuevas Generaciones\",\"url\":\"https:\\\/\\\/nuevasgeneraciones.com.ar\\\/sitio\\\/\",\"logo\":{\"@type\":\"ImageObject\",\"inLanguage\":\"es-AR\",\"@id\":\"https:\\\/\\\/nuevasgeneraciones.com.ar\\\/sitio\\\/#\\\/schema\\\/logo\\\/image\\\/\",\"url\":\"https:\\\/\\\/nuevasgeneraciones.com.ar\\\/sitio\\\/wp-content\\\/uploads\\\/2023\\\/06\\\/logo-01.png\",\"contentUrl\":\"https:\\\/\\\/nuevasgeneraciones.com.ar\\\/sitio\\\/wp-content\\\/uploads\\\/2023\\\/06\\\/logo-01.png\",\"width\":593,\"height\":77,\"caption\":\"Fundaci\u00f3n Nuevas Generaciones\"},\"image\":{\"@id\":\"https:\\\/\\\/nuevasgeneraciones.com.ar\\\/sitio\\\/#\\\/schema\\\/logo\\\/image\\\/\"}}]}<\/script>\n<!-- \/ Yoast SEO plugin. -->","yoast_head_json":{"title":"Ambiente, recursos naturales y energ\u00eda - Fundaci\u00f3n Nuevas Generaciones","robots":{"index":"index","follow":"follow","max-snippet":"max-snippet:-1","max-image-preview":"max-image-preview:large","max-video-preview":"max-video-preview:-1"},"canonical":"https:\/\/nuevasgeneraciones.com.ar\/sitio\/ambiente-recursos-naturales-y-energia\/","og_locale":"es_ES","og_type":"article","og_title":"Ambiente, recursos naturales y energ\u00eda - Fundaci\u00f3n Nuevas Generaciones","og_description":"Ambiente, recursos naturales y energ\u00eda Hacia un sistema nacional de gesti\u00f3n de riesgos clim\u00e1ticos Ante el aumento de incendios forestales en Argentina, este trabajo propone la creaci\u00f3n de un Sistema Nacional de Gesti\u00f3n de Riesgos Clim\u00e1ticos como pol\u00edtica p\u00fablica federal para prevenir y responder eficazmente a eventos clim\u00e1ticos extremos, cada vez m\u00e1s recurrentes. El sistema&hellip;&nbsp;","og_url":"https:\/\/nuevasgeneraciones.com.ar\/sitio\/ambiente-recursos-naturales-y-energia\/","og_site_name":"Fundaci\u00f3n Nuevas Generaciones","article_modified_time":"2026-02-12T11:37:20+00:00","twitter_card":"summary_large_image","twitter_misc":{"Tiempo de lectura":"42 minutos"},"schema":{"@context":"https:\/\/schema.org","@graph":[{"@type":"WebPage","@id":"https:\/\/nuevasgeneraciones.com.ar\/sitio\/ambiente-recursos-naturales-y-energia\/","url":"https:\/\/nuevasgeneraciones.com.ar\/sitio\/ambiente-recursos-naturales-y-energia\/","name":"Ambiente, recursos naturales y energ\u00eda - Fundaci\u00f3n Nuevas Generaciones","isPartOf":{"@id":"https:\/\/nuevasgeneraciones.com.ar\/sitio\/#website"},"datePublished":"2018-11-09T21:13:47+00:00","dateModified":"2026-02-12T11:37:20+00:00","breadcrumb":{"@id":"https:\/\/nuevasgeneraciones.com.ar\/sitio\/ambiente-recursos-naturales-y-energia\/#breadcrumb"},"inLanguage":"es-AR","potentialAction":[{"@type":"ReadAction","target":["https:\/\/nuevasgeneraciones.com.ar\/sitio\/ambiente-recursos-naturales-y-energia\/"]}]},{"@type":"BreadcrumbList","@id":"https:\/\/nuevasgeneraciones.com.ar\/sitio\/ambiente-recursos-naturales-y-energia\/#breadcrumb","itemListElement":[{"@type":"ListItem","position":1,"name":"Inicio","item":"https:\/\/nuevasgeneraciones.com.ar\/sitio\/"},{"@type":"ListItem","position":2,"name":"Ambiente, recursos naturales y energ\u00eda"}]},{"@type":"WebSite","@id":"https:\/\/nuevasgeneraciones.com.ar\/sitio\/#website","url":"https:\/\/nuevasgeneraciones.com.ar\/sitio\/","name":"Fundaci\u00f3n Nuevas Generaciones","description":"","publisher":{"@id":"https:\/\/nuevasgeneraciones.com.ar\/sitio\/#organization"},"potentialAction":[{"@type":"SearchAction","target":{"@type":"EntryPoint","urlTemplate":"https:\/\/nuevasgeneraciones.com.ar\/sitio\/?s={search_term_string}"},"query-input":{"@type":"PropertyValueSpecification","valueRequired":true,"valueName":"search_term_string"}}],"inLanguage":"es-AR"},{"@type":"Organization","@id":"https:\/\/nuevasgeneraciones.com.ar\/sitio\/#organization","name":"Fundaci\u00f3n Nuevas Generaciones","url":"https:\/\/nuevasgeneraciones.com.ar\/sitio\/","logo":{"@type":"ImageObject","inLanguage":"es-AR","@id":"https:\/\/nuevasgeneraciones.com.ar\/sitio\/#\/schema\/logo\/image\/","url":"https:\/\/nuevasgeneraciones.com.ar\/sitio\/wp-content\/uploads\/2023\/06\/logo-01.png","contentUrl":"https:\/\/nuevasgeneraciones.com.ar\/sitio\/wp-content\/uploads\/2023\/06\/logo-01.png","width":593,"height":77,"caption":"Fundaci\u00f3n Nuevas Generaciones"},"image":{"@id":"https:\/\/nuevasgeneraciones.com.ar\/sitio\/#\/schema\/logo\/image\/"}}]}},"_links":{"self":[{"href":"https:\/\/nuevasgeneraciones.com.ar\/sitio\/wp-json\/wp\/v2\/pages\/12393","targetHints":{"allow":["GET"]}}],"collection":[{"href":"https:\/\/nuevasgeneraciones.com.ar\/sitio\/wp-json\/wp\/v2\/pages"}],"about":[{"href":"https:\/\/nuevasgeneraciones.com.ar\/sitio\/wp-json\/wp\/v2\/types\/page"}],"author":[{"embeddable":true,"href":"https:\/\/nuevasgeneraciones.com.ar\/sitio\/wp-json\/wp\/v2\/users\/1"}],"replies":[{"embeddable":true,"href":"https:\/\/nuevasgeneraciones.com.ar\/sitio\/wp-json\/wp\/v2\/comments?post=12393"}],"version-history":[{"count":21,"href":"https:\/\/nuevasgeneraciones.com.ar\/sitio\/wp-json\/wp\/v2\/pages\/12393\/revisions"}],"predecessor-version":[{"id":20590,"href":"https:\/\/nuevasgeneraciones.com.ar\/sitio\/wp-json\/wp\/v2\/pages\/12393\/revisions\/20590"}],"wp:attachment":[{"href":"https:\/\/nuevasgeneraciones.com.ar\/sitio\/wp-json\/wp\/v2\/media?parent=12393"}],"curies":[{"name":"wp","href":"https:\/\/api.w.org\/{rel}","templated":true}]}}