{"id":12387,"date":"2018-11-09T15:36:49","date_gmt":"2018-11-09T18:36:49","guid":{"rendered":"http:\/\/nuevasgeneraciones.com.ar\/sitio\/?page_id=12387"},"modified":"2023-06-29T16:09:53","modified_gmt":"2023-06-29T16:09:53","slug":"agropecuario-industria-y-servicios","status":"publish","type":"page","link":"https:\/\/nuevasgeneraciones.com.ar\/sitio\/agropecuario-industria-y-servicios\/","title":{"rendered":"Agropecuario, industria y servicios"},"content":{"rendered":"\t\t<div data-elementor-type=\"wp-page\" data-elementor-id=\"12387\" class=\"elementor elementor-12387\" data-elementor-post-type=\"page\">\n\t\t\t\t\t\t<section class=\"elementor-section elementor-top-section elementor-element elementor-element-794b653d elementor-section-full_width elementor-section-height-default elementor-section-height-default\" data-id=\"794b653d\" data-element_type=\"section\" data-e-type=\"section\" data-settings=\"{&quot;background_background&quot;:&quot;classic&quot;}\">\n\t\t\t\t\t\t<div class=\"elementor-container elementor-column-gap-default\">\n\t\t\t\t\t<div class=\"elementor-column elementor-col-33 elementor-top-column elementor-element elementor-element-51e64f86\" data-id=\"51e64f86\" data-element_type=\"column\" data-e-type=\"column\">\n\t\t\t<div class=\"elementor-widget-wrap\">\n\t\t\t\t\t\t\t<\/div>\n\t\t<\/div>\n\t\t\t\t<div class=\"elementor-column elementor-col-33 elementor-top-column elementor-element elementor-element-2394a959\" data-id=\"2394a959\" data-element_type=\"column\" data-e-type=\"column\">\n\t\t\t<div class=\"elementor-widget-wrap elementor-element-populated\">\n\t\t\t\t\t\t<div class=\"elementor-element elementor-element-550841e4 elementor-widget elementor-widget-text-editor\" data-id=\"550841e4\" data-element_type=\"widget\" data-e-type=\"widget\" data-widget_type=\"text-editor.default\">\n\t\t\t\t<div class=\"elementor-widget-container\">\n\t\t\t\t\t\t\t\t\t<h1>Agropecuario, industria y servicios<\/h1>\t\t\t\t\t\t\t\t<\/div>\n\t\t\t\t<\/div>\n\t\t\t\t\t<\/div>\n\t\t<\/div>\n\t\t\t\t<div class=\"elementor-column elementor-col-33 elementor-top-column elementor-element elementor-element-53c7ef8b\" data-id=\"53c7ef8b\" data-element_type=\"column\" data-e-type=\"column\">\n\t\t\t<div class=\"elementor-widget-wrap\">\n\t\t\t\t\t\t\t<\/div>\n\t\t<\/div>\n\t\t\t\t\t<\/div>\n\t\t<\/section>\n\t\t\t\t<section class=\"elementor-section elementor-top-section elementor-element elementor-element-3a6177d6 elementor-section-boxed elementor-section-height-default elementor-section-height-default\" data-id=\"3a6177d6\" data-element_type=\"section\" data-e-type=\"section\">\n\t\t\t\t\t\t<div class=\"elementor-container elementor-column-gap-default\">\n\t\t\t\t\t<div class=\"elementor-column elementor-col-100 elementor-top-column elementor-element elementor-element-75809204\" data-id=\"75809204\" data-element_type=\"column\" data-e-type=\"column\">\n\t\t\t<div class=\"elementor-widget-wrap elementor-element-populated\">\n\t\t\t\t\t\t<div class=\"elementor-element elementor-element-7276fc9d elementor-widget elementor-widget-spacer\" data-id=\"7276fc9d\" data-element_type=\"widget\" data-e-type=\"widget\" data-widget_type=\"spacer.default\">\n\t\t\t\t<div class=\"elementor-widget-container\">\n\t\t\t\t\t\t\t<div class=\"elementor-spacer\">\n\t\t\t<div class=\"elementor-spacer-inner\"><\/div>\n\t\t<\/div>\n\t\t\t\t\t\t<\/div>\n\t\t\t\t<\/div>\n\t\t\t\t\t<\/div>\n\t\t<\/div>\n\t\t\t\t\t<\/div>\n\t\t<\/section>\n\t\t\t\t<section class=\"elementor-section elementor-top-section elementor-element elementor-element-4bcbdc13 elementor-section-boxed elementor-section-height-default elementor-section-height-default\" data-id=\"4bcbdc13\" data-element_type=\"section\" data-e-type=\"section\">\n\t\t\t\t\t\t<div class=\"elementor-container elementor-column-gap-default\">\n\t\t\t\t\t<div class=\"elementor-column elementor-col-33 elementor-top-column elementor-element elementor-element-2fedee30\" data-id=\"2fedee30\" data-element_type=\"column\" data-e-type=\"column\">\n\t\t\t<div class=\"elementor-widget-wrap\">\n\t\t\t\t\t\t\t<\/div>\n\t\t<\/div>\n\t\t\t\t<div class=\"elementor-column elementor-col-33 elementor-top-column elementor-element elementor-element-653b458\" data-id=\"653b458\" data-element_type=\"column\" data-e-type=\"column\">\n\t\t\t<div class=\"elementor-widget-wrap elementor-element-populated\">\n\t\t\t\t\t\t<div class=\"elementor-element elementor-element-4c4cb209 elementor-widget elementor-widget-elementskit-accordion\" data-id=\"4c4cb209\" data-element_type=\"widget\" data-e-type=\"widget\" data-widget_type=\"elementskit-accordion.default\">\n\t\t\t\t<div class=\"elementor-widget-container\">\n\t\t\t\t\t<div class=\"ekit-wid-con\" >\n        <div class=\"elementskit-accordion accoedion-primary\" id=\"accordion-69f1b6f729edc\">\n\n            \n                <div class=\"elementskit-card \">\n                    <div class=\"elementskit-card-header\" id=\"primaryHeading-0-4c4cb209\">\n                        <a href=\"#collapse-35c8fe469f1b6f729edc\" class=\"ekit-accordion--toggler elementskit-btn-link collapsed\" data-ekit-toggle=\"collapse\" data-target=\"#Collapse-35c8fe469f1b6f729edc\" aria-expanded=\"false\" aria-controls=\"Collapse-35c8fe469f1b6f729edc\">\n                            \n                            <span class=\"ekit-accordion-title\">Semillas y recursos fitogen\u00e9ticos: estudios y propuestas para un cumplimiento efectivo del rol estatal<\/span>\n\n                            \n                                <div class=\"ekit_accordion_icon_group\">\n                                    <div class=\"ekit_accordion_normal_icon\">\n                                        <!-- Normal Icon -->\n\t\t\t\t\t\t\t\t\t\t<i class=\"icon icon-plus\"><\/i>                                    <\/div>\n\n                                    <div class=\"ekit_accordion_active_icon\">\n                                        <!-- Active Icon -->\n\t\t\t\t\t\t\t\t\t\t<i class=\"icon icon-minus\"><\/i>                                    <\/div>\n                                <\/div>\n\n                            \n                                                    <\/a>\n                    <\/div>\n\n                    <div id=\"Collapse-35c8fe469f1b6f729edc\" class=\" collapse\" aria-labelledby=\"primaryHeading-0-4c4cb209\" data-parent=\"#accordion-69f1b6f729edc\">\n\n                        <div class=\"elementskit-card-body ekit-accordion--content\">\n                            En el presente documento se propone un texto normativo que establezca una equilibrada y realista protecci\u00f3n de la propiedad de las semillas y los recursos fitogen\u00e9ticos, como as\u00ed tambi\u00e9n un uso adecuado y leg\u00edtimo por parte de aquellos que tengan derecho a hacerlo.\n<br><br>\n<a href=\"https:\/\/www.nuevasgeneraciones.com.ar\/sitio\/wp-content\/uploads\/documentos3\/_archivo\/01\/01_fiscalizacion_semillas.pdf\" class=\"btn btn-danger btn-sm\" target=\"_blank\">Descargar<\/a>                        <\/div>\n\n                    <\/div>\n\n                <\/div><!-- .elementskit-card END -->\n\n                \n                <div class=\"elementskit-card \">\n                    <div class=\"elementskit-card-header\" id=\"primaryHeading-1-4c4cb209\">\n                        <a href=\"#collapse-c498f2169f1b6f729edc\" class=\"ekit-accordion--toggler elementskit-btn-link collapsed\" data-ekit-toggle=\"collapse\" data-target=\"#Collapse-c498f2169f1b6f729edc\" aria-expanded=\"false\" aria-controls=\"Collapse-c498f2169f1b6f729edc\">\n                            \n                            <span class=\"ekit-accordion-title\">Alquiler temporario de inmuebles y su regulaci\u00f3n a nivel local<\/span>\n\n                            \n                                <div class=\"ekit_accordion_icon_group\">\n                                    <div class=\"ekit_accordion_normal_icon\">\n                                        <!-- Normal Icon -->\n\t\t\t\t\t\t\t\t\t\t<i class=\"icon icon-plus\"><\/i>                                    <\/div>\n\n                                    <div class=\"ekit_accordion_active_icon\">\n                                        <!-- Active Icon -->\n\t\t\t\t\t\t\t\t\t\t<i class=\"icon icon-minus\"><\/i>                                    <\/div>\n                                <\/div>\n\n                            \n                                                    <\/a>\n                    <\/div>\n\n                    <div id=\"Collapse-c498f2169f1b6f729edc\" class=\" collapse\" aria-labelledby=\"primaryHeading-1-4c4cb209\" data-parent=\"#accordion-69f1b6f729edc\">\n\n                        <div class=\"elementskit-card-body ekit-accordion--content\">\n                            En los \u00faltimos tiempos ha habido un cambio en el desarrollo de actividades tur\u00edsticas y hoteleras de todo el mundo a causa de un aumento en la comercializaci\u00f3n de las casas o departamento de alquiler temporario. Debido a ello han surgido diversos conflictos, ya que el sector del alquiler vacacional, por lo general, no se encuentra regulado. Ello, puede derivar en una mala prestaci\u00f3n del servicio a los turistas o en competencia desleal con otros actores del sector tur\u00edstico. En base a lo antedicho, en el presente trabajo se propone que los municipios adopten medidas tendientes a regular el alquiler temporario y se analizan alternativas para ello.\n<br><br>\n<a href=\"https:\/\/www.nuevasgeneraciones.com.ar\/sitio\/wp-content\/uploads\/documentos3\/_archivo\/01\/01_Control_municipal_alquileres_turisticos.pdf\"> class=\"btn btn-danger btn-sm\"  target=\"_blank\" &gt;Descargar<\/a>                        <\/div>\n\n                    <\/div>\n\n                <\/div><!-- .elementskit-card END -->\n\n                \n                <div class=\"elementskit-card \">\n                    <div class=\"elementskit-card-header\" id=\"primaryHeading-2-4c4cb209\">\n                        <a href=\"#collapse-b3bd44a69f1b6f729edc\" class=\"ekit-accordion--toggler elementskit-btn-link collapsed\" data-ekit-toggle=\"collapse\" data-target=\"#Collapse-b3bd44a69f1b6f729edc\" aria-expanded=\"false\" aria-controls=\"Collapse-b3bd44a69f1b6f729edc\">\n                            \n                            <span class=\"ekit-accordion-title\">Informe para la elaboraci\u00f3n legislativa: actualizaci\u00f3n normativa para potenciar la industria hotelera en Argentina<\/span>\n\n                            \n                                <div class=\"ekit_accordion_icon_group\">\n                                    <div class=\"ekit_accordion_normal_icon\">\n                                        <!-- Normal Icon -->\n\t\t\t\t\t\t\t\t\t\t<i class=\"icon icon-plus\"><\/i>                                    <\/div>\n\n                                    <div class=\"ekit_accordion_active_icon\">\n                                        <!-- Active Icon -->\n\t\t\t\t\t\t\t\t\t\t<i class=\"icon icon-minus\"><\/i>                                    <\/div>\n                                <\/div>\n\n                            \n                                                    <\/a>\n                    <\/div>\n\n                    <div id=\"Collapse-b3bd44a69f1b6f729edc\" class=\" collapse\" aria-labelledby=\"primaryHeading-2-4c4cb209\" data-parent=\"#accordion-69f1b6f729edc\">\n\n                        <div class=\"elementskit-card-body ekit-accordion--content\">\n                            Argentina es un destino tur\u00edstico de relevancia dada la variedad de opciones que le ofrece al mercado. No obstante ello, su potencial no se encuentra debidamente desarrollado. Entre las barreras a superar se encuentran aquellas que afectan a la hoteler\u00eda. Por tal motivo hace falta implementar aquellas pol\u00edticas p\u00fablicas destinadas lograr que en el mediano plazo se alcance dicho desarrollo. En el presente trabajo se hace un an\u00e1lisis de la situaci\u00f3n en la que se encuentra la industria hotelera, argentina y, asimismo, se propone una serie de medidas necesarias para superar las falencias existentes.\n<br><br>\n<a href=\"https:\/\/www.nuevasgeneraciones.com.ar\/sitio\/wp-content\/uploads\/documentos3\/_archivo\/01\/01Herramientas_legislativas_hoteleria.pdf\" class=\"btn btn-danger btn-sm\" target=\"_blank\">Descargar<\/a>                        <\/div>\n\n                    <\/div>\n\n                <\/div><!-- .elementskit-card END -->\n\n                \n                <div class=\"elementskit-card \">\n                    <div class=\"elementskit-card-header\" id=\"primaryHeading-3-4c4cb209\">\n                        <a href=\"#collapse-084470469f1b6f729edc\" class=\"ekit-accordion--toggler elementskit-btn-link collapsed\" data-ekit-toggle=\"collapse\" data-target=\"#Collapse-084470469f1b6f729edc\" aria-expanded=\"false\" aria-controls=\"Collapse-084470469f1b6f729edc\">\n                            \n                            <span class=\"ekit-accordion-title\">Suspensi\u00f3n de la carta de porte por errores formales: una medida antiecon\u00f3mica y contraria al desarrollo nacional<\/span>\n\n                            \n                                <div class=\"ekit_accordion_icon_group\">\n                                    <div class=\"ekit_accordion_normal_icon\">\n                                        <!-- Normal Icon -->\n\t\t\t\t\t\t\t\t\t\t<i class=\"icon icon-plus\"><\/i>                                    <\/div>\n\n                                    <div class=\"ekit_accordion_active_icon\">\n                                        <!-- Active Icon -->\n\t\t\t\t\t\t\t\t\t\t<i class=\"icon icon-minus\"><\/i>                                    <\/div>\n                                <\/div>\n\n                            \n                                                    <\/a>\n                    <\/div>\n\n                    <div id=\"Collapse-084470469f1b6f729edc\" class=\" collapse\" aria-labelledby=\"primaryHeading-3-4c4cb209\" data-parent=\"#accordion-69f1b6f729edc\">\n\n                        <div class=\"elementskit-card-body ekit-accordion--content\">\n                            La carta de porte es una herramienta esencial con que cuenta el Estado Nacional para el control interno del comercio de granos. Son varios los motivos por los cuales su emisi\u00f3n le puede ser impedida al productor. Una de dichas causales tiene origen en la comisi\u00f3n de errores formales al momento de completarla previo al transporte del grano. Entendemos que dicha suspensi\u00f3n por parte del Estado es antiecon\u00f3mica y disvaliosa para la econom\u00eda nacional. En el presente trabajo se exponen los argumentos por los cuales la suspensi\u00f3n de la carta de porte por cuestiones meramente formales debe ser eliminada.\n<br><br>\n<a href=\"https:\/\/www.nuevasgeneraciones.com.ar\/sitio\/wp-content\/uploads\/documentos3\/_archivo\/01\/01_carta_de_porte.pdf\" class=\"btn btn-danger btn-sm\" target=\"_blank\">Descargar<\/a>\n                        <\/div>\n\n                    <\/div>\n\n                <\/div><!-- .elementskit-card END -->\n\n                \n                <div class=\"elementskit-card \">\n                    <div class=\"elementskit-card-header\" id=\"primaryHeading-4-4c4cb209\">\n                        <a href=\"#collapse-98bbbe469f1b6f729edc\" class=\"ekit-accordion--toggler elementskit-btn-link collapsed\" data-ekit-toggle=\"collapse\" data-target=\"#Collapse-98bbbe469f1b6f729edc\" aria-expanded=\"false\" aria-controls=\"Collapse-98bbbe469f1b6f729edc\">\n                            \n                            <span class=\"ekit-accordion-title\">Incremento del Fondo Nacional para la Prevenci\u00f3n y Mitigaci\u00f3n de Emergencias y Desastres Agropecuarios<\/span>\n\n                            \n                                <div class=\"ekit_accordion_icon_group\">\n                                    <div class=\"ekit_accordion_normal_icon\">\n                                        <!-- Normal Icon -->\n\t\t\t\t\t\t\t\t\t\t<i class=\"icon icon-plus\"><\/i>                                    <\/div>\n\n                                    <div class=\"ekit_accordion_active_icon\">\n                                        <!-- Active Icon -->\n\t\t\t\t\t\t\t\t\t\t<i class=\"icon icon-minus\"><\/i>                                    <\/div>\n                                <\/div>\n\n                            \n                                                    <\/a>\n                    <\/div>\n\n                    <div id=\"Collapse-98bbbe469f1b6f729edc\" class=\" collapse\" aria-labelledby=\"primaryHeading-4-4c4cb209\" data-parent=\"#accordion-69f1b6f729edc\">\n\n                        <div class=\"elementskit-card-body ekit-accordion--content\">\n                            En la actualidad muchas provincias argentinas se encuentran atravesando una situaci\u00f3n de emergencia agropecuaria a ra\u00edz de los desastres ocurridos como consecuencia de determinados factores clim\u00e1ticos. En el presente trabajo se propone elevar el monto m\u00ednimo anual del Fondo Nacional para la Mitigaci\u00f3n de Emergencias y Desastres Agropecuarios a $2.500 millones y de esa manera poder mejorar la ayuda estatal a un sector econ\u00f3mico tan importante para el desarrollo de nuestro pa\u00eds.\n<br><br>\n<a href=\"https:\/\/www.nuevasgeneraciones.com.ar\/sitio\/wp-content\/uploads\/documentos3\/_archivo\/01\/01_fondo_emergencia_agropecuaria.pdf\" class=\"btn btn-danger btn-sm\" target=\"_blank\">Descargar<\/a>                        <\/div>\n\n                    <\/div>\n\n                <\/div><!-- .elementskit-card END -->\n\n                \n                <div class=\"elementskit-card \">\n                    <div class=\"elementskit-card-header\" id=\"primaryHeading-5-4c4cb209\">\n                        <a href=\"#collapse-083ad3369f1b6f729edc\" class=\"ekit-accordion--toggler elementskit-btn-link collapsed\" data-ekit-toggle=\"collapse\" data-target=\"#Collapse-083ad3369f1b6f729edc\" aria-expanded=\"false\" aria-controls=\"Collapse-083ad3369f1b6f729edc\">\n                            \n                            <span class=\"ekit-accordion-title\">Propuesta para la reducci\u00f3n del peso de las bolsas de cemento<\/span>\n\n                            \n                                <div class=\"ekit_accordion_icon_group\">\n                                    <div class=\"ekit_accordion_normal_icon\">\n                                        <!-- Normal Icon -->\n\t\t\t\t\t\t\t\t\t\t<i class=\"icon icon-plus\"><\/i>                                    <\/div>\n\n                                    <div class=\"ekit_accordion_active_icon\">\n                                        <!-- Active Icon -->\n\t\t\t\t\t\t\t\t\t\t<i class=\"icon icon-minus\"><\/i>                                    <\/div>\n                                <\/div>\n\n                            \n                                                    <\/a>\n                    <\/div>\n\n                    <div id=\"Collapse-083ad3369f1b6f729edc\" class=\" collapse\" aria-labelledby=\"primaryHeading-5-4c4cb209\" data-parent=\"#accordion-69f1b6f729edc\">\n\n                        <div class=\"elementskit-card-body ekit-accordion--content\">\n                            A diferencia de lo que ocurre con los dem\u00e1s productos para la construcci\u00f3n, el peso m\u00ednimo de embalaje de las bolsas de cemento es de 50 kilogramos. La situaci\u00f3n descripta precedentemente es causal de una serie de afecciones profesionales en los operarios que deben manipular dichas bolsas por resultar estas excesivamente pesadas. Por tales motivos en el presente trabajo se propone reducir a 25 kilogramos el peso de las bolsas de cemento que se comercializan en nuestro pa\u00eds.\n<br><br>\n<a href=\"https:\/\/www.nuevasgeneraciones.com.ar\/sitio\/wp-content\/uploads\/documentos3\/_archivo\/01\/01_reduccion_peso_bolsas_cemento.pdf\" class=\"btn btn-danger btn-sm\" target=\"_blank\">Descargar<\/a>                        <\/div>\n\n                    <\/div>\n\n                <\/div><!-- .elementskit-card END -->\n\n                \n                <div class=\"elementskit-card \">\n                    <div class=\"elementskit-card-header\" id=\"primaryHeading-6-4c4cb209\">\n                        <a href=\"#collapse-9698b0069f1b6f729edc\" class=\"ekit-accordion--toggler elementskit-btn-link collapsed\" data-ekit-toggle=\"collapse\" data-target=\"#Collapse-9698b0069f1b6f729edc\" aria-expanded=\"false\" aria-controls=\"Collapse-9698b0069f1b6f729edc\">\n                            \n                            <span class=\"ekit-accordion-title\">Incentivo al turismo local mediante la creaci\u00f3n de mesas de trabajo<\/span>\n\n                            \n                                <div class=\"ekit_accordion_icon_group\">\n                                    <div class=\"ekit_accordion_normal_icon\">\n                                        <!-- Normal Icon -->\n\t\t\t\t\t\t\t\t\t\t<i class=\"icon icon-plus\"><\/i>                                    <\/div>\n\n                                    <div class=\"ekit_accordion_active_icon\">\n                                        <!-- Active Icon -->\n\t\t\t\t\t\t\t\t\t\t<i class=\"icon icon-minus\"><\/i>                                    <\/div>\n                                <\/div>\n\n                            \n                                                    <\/a>\n                    <\/div>\n\n                    <div id=\"Collapse-9698b0069f1b6f729edc\" class=\" collapse\" aria-labelledby=\"primaryHeading-6-4c4cb209\" data-parent=\"#accordion-69f1b6f729edc\">\n\n                        <div class=\"elementskit-card-body ekit-accordion--content\">\n                            El turismo es una industria m\u00e1s, por tal motivo es aconsejable que el Estado delinee aquellas pol\u00edticas p\u00fablicas necesarias para crear un escenario propicio para su desarrollo. Dicha realidad requiere de una interacci\u00f3n entre los distintos niveles del Estado y el sector privado. Ello es tan evidente que la Organizaci\u00f3n Mundial del Turismo es la \u00fanica agencia del sistema de la ONU donde el sector privado participa y cuenta con voto en casi todos los temas. El turismo, tanto en Argentina como el resto del mundo, es una actividad principalmente desarrollada por el sector pyme. En el presente informe se detalla un posible plan de acci\u00f3n que puede ser de gran utilidad para promover la creaci\u00f3n de Mesas de Trabajo para el Turismo en los municipios.\n<br><br>\n<a href=\"https:\/\/www.nuevasgeneraciones.com.ar\/sitio\/wp-content\/uploads\/documentos3\/_archivo\/01\/01_mesas_turismo.pdf\" class=\"btn btn-danger btn-sm\" target=\"_blank\">Descargar<\/a>                        <\/div>\n\n                    <\/div>\n\n                <\/div><!-- .elementskit-card END -->\n\n                \n                <div class=\"elementskit-card \">\n                    <div class=\"elementskit-card-header\" id=\"primaryHeading-7-4c4cb209\">\n                        <a href=\"#collapse-b78ce8569f1b6f729edc\" class=\"ekit-accordion--toggler elementskit-btn-link collapsed\" data-ekit-toggle=\"collapse\" data-target=\"#Collapse-b78ce8569f1b6f729edc\" aria-expanded=\"false\" aria-controls=\"Collapse-b78ce8569f1b6f729edc\">\n                            \n                            <span class=\"ekit-accordion-title\">Plan municipal para el Impulso local al desarrollo emprendedor<\/span>\n\n                            \n                                <div class=\"ekit_accordion_icon_group\">\n                                    <div class=\"ekit_accordion_normal_icon\">\n                                        <!-- Normal Icon -->\n\t\t\t\t\t\t\t\t\t\t<i class=\"icon icon-plus\"><\/i>                                    <\/div>\n\n                                    <div class=\"ekit_accordion_active_icon\">\n                                        <!-- Active Icon -->\n\t\t\t\t\t\t\t\t\t\t<i class=\"icon icon-minus\"><\/i>                                    <\/div>\n                                <\/div>\n\n                            \n                                                    <\/a>\n                    <\/div>\n\n                    <div id=\"Collapse-b78ce8569f1b6f729edc\" class=\" collapse\" aria-labelledby=\"primaryHeading-7-4c4cb209\" data-parent=\"#accordion-69f1b6f729edc\">\n\n                        <div class=\"elementskit-card-body ekit-accordion--content\">\n                            El presente informe propone herramientas a todo gobierno municipal que busque el fomento de los emprendedores. Repasa brevemente las acciones desarrolladas acerca del ecosistema emprendedor, tanto por el gobierno de Madrid como por la Ciudad Aut\u00f3noma de Buenos Aires, para luego describir de manera m\u00e1s precisa, conceptos, acciones y herramientas \u00fatiles que todo gobierno local debe tener presente al momento de abordar el dise\u00f1o de estrategias para el desarrollo emprendedor.\n<br><br>\n<a href=\"https:\/\/www.nuevasgeneraciones.com.ar\/sitio\/wp-content\/uploads\/documentos3\/_archivo\/01\/01_Impulso_local_Desarrollo_Emprendedor.pdf\" class=\"btn btn-danger btn-sm\" target=\"_blank\">Descargar<\/a>                        <\/div>\n\n                    <\/div>\n\n                <\/div><!-- .elementskit-card END -->\n\n                \n                <div class=\"elementskit-card \">\n                    <div class=\"elementskit-card-header\" id=\"primaryHeading-8-4c4cb209\">\n                        <a href=\"#collapse-7ca3fab69f1b6f729edc\" class=\"ekit-accordion--toggler elementskit-btn-link collapsed\" data-ekit-toggle=\"collapse\" data-target=\"#Collapse-7ca3fab69f1b6f729edc\" aria-expanded=\"false\" aria-controls=\"Collapse-7ca3fab69f1b6f729edc\">\n                            \n                            <span class=\"ekit-accordion-title\">Volver a una pol\u00edtica de protecci\u00f3n de suelos en la Provincia de Entre R\u00edos<\/span>\n\n                            \n                                <div class=\"ekit_accordion_icon_group\">\n                                    <div class=\"ekit_accordion_normal_icon\">\n                                        <!-- Normal Icon -->\n\t\t\t\t\t\t\t\t\t\t<i class=\"icon icon-plus\"><\/i>                                    <\/div>\n\n                                    <div class=\"ekit_accordion_active_icon\">\n                                        <!-- Active Icon -->\n\t\t\t\t\t\t\t\t\t\t<i class=\"icon icon-minus\"><\/i>                                    <\/div>\n                                <\/div>\n\n                            \n                                                    <\/a>\n                    <\/div>\n\n                    <div id=\"Collapse-7ca3fab69f1b6f729edc\" class=\" collapse\" aria-labelledby=\"primaryHeading-8-4c4cb209\" data-parent=\"#accordion-69f1b6f729edc\">\n\n                        <div class=\"elementskit-card-body ekit-accordion--content\">\n                            La ley provincial 8.318 planteaba una pol\u00edtica sustentable para la protecci\u00f3n del recurso suelo. A trav\u00e9s de dicha norma se ofrec\u00edan determinados incentivos fiscales para la adopci\u00f3n de las denominadas \u201cbuenas pr\u00e1cticas agr\u00edcolas\u201d. Con la posterior sanci\u00f3n de la ley 10.183, Entre R\u00edos dio un paso atr\u00e1s. En el presente trabajo se propone regresar a la vieja legislaci\u00f3n para continuar la lucha contra la p\u00e9rdida de suelos.\n<br><br>\n<a href=\"https:\/\/www.nuevasgeneraciones.com.ar\/sitio\/wp-content\/uploads\/documentos3\/_archivo\/01\/01_proteccion_suelos_entrerios.pdf\" class=\"btn btn-danger btn-sm\" target=\"_blank\">Descargar<\/a>                        <\/div>\n\n                    <\/div>\n\n                <\/div><!-- .elementskit-card END -->\n\n                \n                <div class=\"elementskit-card \">\n                    <div class=\"elementskit-card-header\" id=\"primaryHeading-9-4c4cb209\">\n                        <a href=\"#collapse-c8b466069f1b6f729edc\" class=\"ekit-accordion--toggler elementskit-btn-link collapsed\" data-ekit-toggle=\"collapse\" data-target=\"#Collapse-c8b466069f1b6f729edc\" aria-expanded=\"false\" aria-controls=\"Collapse-c8b466069f1b6f729edc\">\n                            \n                            <span class=\"ekit-accordion-title\">Fomento a la producci\u00f3n de biopl\u00e1sticos biobasados biodegradables<\/span>\n\n                            \n                                <div class=\"ekit_accordion_icon_group\">\n                                    <div class=\"ekit_accordion_normal_icon\">\n                                        <!-- Normal Icon -->\n\t\t\t\t\t\t\t\t\t\t<i class=\"icon icon-plus\"><\/i>                                    <\/div>\n\n                                    <div class=\"ekit_accordion_active_icon\">\n                                        <!-- Active Icon -->\n\t\t\t\t\t\t\t\t\t\t<i class=\"icon icon-minus\"><\/i>                                    <\/div>\n                                <\/div>\n\n                            \n                                                    <\/a>\n                    <\/div>\n\n                    <div id=\"Collapse-c8b466069f1b6f729edc\" class=\" collapse\" aria-labelledby=\"primaryHeading-9-4c4cb209\" data-parent=\"#accordion-69f1b6f729edc\">\n\n                        <div class=\"elementskit-card-body ekit-accordion--content\">\n                            Los biopl\u00e1sticos biobasados biodegradables son una tecnolog\u00eda creciente en el \u00e1mbito de la ingenier\u00eda de los materiales que promete una alternativa al uso de los pl\u00e1sticos convencionales fabricados a partir de petr\u00f3leo. La conveniencia de estos biopl\u00e1sticos estriba en su menor impacto contaminante sobre el medio ambiente. En el presente trabajo se propone el fomento de su producci\u00f3n y utilizaci\u00f3n con fines industriales.\n<br><br>\n<a href=\"https:\/\/www.nuevasgeneraciones.com.ar\/sitio\/wp-content\/uploads\/documentos3\/_archivo\/01\/01_bioplasticos.pdf\" class=\"btn btn-danger btn-sm\" target=\"_blank\">Descargar<\/a>                        <\/div>\n\n                    <\/div>\n\n                <\/div><!-- .elementskit-card END -->\n\n                \n                <div class=\"elementskit-card \">\n                    <div class=\"elementskit-card-header\" id=\"primaryHeading-10-4c4cb209\">\n                        <a href=\"#collapse-b66408069f1b6f729edc\" class=\"ekit-accordion--toggler elementskit-btn-link collapsed\" data-ekit-toggle=\"collapse\" data-target=\"#Collapse-b66408069f1b6f729edc\" aria-expanded=\"false\" aria-controls=\"Collapse-b66408069f1b6f729edc\">\n                            \n                            <span class=\"ekit-accordion-title\"> Locaciones industriales: necesidad de adaptar el C\u00f3digo Civil y Comercial de la Naci\u00f3n a la realidad actual<\/span>\n\n                            \n                                <div class=\"ekit_accordion_icon_group\">\n                                    <div class=\"ekit_accordion_normal_icon\">\n                                        <!-- Normal Icon -->\n\t\t\t\t\t\t\t\t\t\t<i class=\"icon icon-plus\"><\/i>                                    <\/div>\n\n                                    <div class=\"ekit_accordion_active_icon\">\n                                        <!-- Active Icon -->\n\t\t\t\t\t\t\t\t\t\t<i class=\"icon icon-minus\"><\/i>                                    <\/div>\n                                <\/div>\n\n                            \n                                                    <\/a>\n                    <\/div>\n\n                    <div id=\"Collapse-b66408069f1b6f729edc\" class=\" collapse\" aria-labelledby=\"primaryHeading-10-4c4cb209\" data-parent=\"#accordion-69f1b6f729edc\">\n\n                        <div class=\"elementskit-card-body ekit-accordion--content\">\n                            El C\u00f3digo Civil y Comercial de la Naci\u00f3n otorga el mismo tratamiento a las locaciones urbanas sin diferenciar el destino que se d\u00e9 al inmueble al momento de tratar su rescisi\u00f3n unilateral. En el presente trabajo se propone que la locaci\u00f3n con fines industriales y\/o log\u00edsticos merezca un tratamiento distinto que el de aquellas con objeto comercial o de vivienda.\n<br><br>\n<a href=\"https:\/\/www.nuevasgeneraciones.com.ar\/sitio\/wp-content\/uploads\/documentos3\/_archivo\/01\/01_Locaciones_industriales.pdf\" class=\"btn btn-danger btn-sm\" target=\"_blank\">Descargar<\/a>                        <\/div>\n\n                    <\/div>\n\n                <\/div><!-- .elementskit-card END -->\n\n                \n                <div class=\"elementskit-card \">\n                    <div class=\"elementskit-card-header\" id=\"primaryHeading-11-4c4cb209\">\n                        <a href=\"#collapse-a6ee1c669f1b6f729edc\" class=\"ekit-accordion--toggler elementskit-btn-link collapsed\" data-ekit-toggle=\"collapse\" data-target=\"#Collapse-a6ee1c669f1b6f729edc\" aria-expanded=\"false\" aria-controls=\"Collapse-a6ee1c669f1b6f729edc\">\n                            \n                            <span class=\"ekit-accordion-title\">Programa de incentivo fiscal a las MiPyMEs mineras<\/span>\n\n                            \n                                <div class=\"ekit_accordion_icon_group\">\n                                    <div class=\"ekit_accordion_normal_icon\">\n                                        <!-- Normal Icon -->\n\t\t\t\t\t\t\t\t\t\t<i class=\"icon icon-plus\"><\/i>                                    <\/div>\n\n                                    <div class=\"ekit_accordion_active_icon\">\n                                        <!-- Active Icon -->\n\t\t\t\t\t\t\t\t\t\t<i class=\"icon icon-minus\"><\/i>                                    <\/div>\n                                <\/div>\n\n                            \n                                                    <\/a>\n                    <\/div>\n\n                    <div id=\"Collapse-a6ee1c669f1b6f729edc\" class=\" collapse\" aria-labelledby=\"primaryHeading-11-4c4cb209\" data-parent=\"#accordion-69f1b6f729edc\">\n\n                        <div class=\"elementskit-card-body ekit-accordion--content\">\n                            En el presente trabajo se propone el incentivo de las micro, peque\u00f1as y medianas empresas dedicadas a la miner\u00eda con el fin de facilitar su financiamiento para la adquisici\u00f3n de bienes de capital y capacitaci\u00f3n de su personal mediante la desgravaci\u00f3n de las utilidades que sean reinvertidas en ellas.\n\n\n<a class=\"btn btn-danger btn-sm\" href=\"https:\/\/www.nuevasgeneraciones.com.ar\/sitio\/wp-content\/uploads\/documentos3\/_archivo\/01\/01_Incentivos_PyMes_mineras.pdf\" target=\"_blank\" rel=\"noopener\">Descargar<\/a>                        <\/div>\n\n                    <\/div>\n\n                <\/div><!-- .elementskit-card END -->\n\n                \n                <div class=\"elementskit-card \">\n                    <div class=\"elementskit-card-header\" id=\"primaryHeading-12-4c4cb209\">\n                        <a href=\"#collapse-dad5b8169f1b6f729edc\" class=\"ekit-accordion--toggler elementskit-btn-link collapsed\" data-ekit-toggle=\"collapse\" data-target=\"#Collapse-dad5b8169f1b6f729edc\" aria-expanded=\"false\" aria-controls=\"Collapse-dad5b8169f1b6f729edc\">\n                            \n                            <span class=\"ekit-accordion-title\">Promoci\u00f3n del uso de bicicletas mediante la rebaja en el IVA<\/span>\n\n                            \n                                <div class=\"ekit_accordion_icon_group\">\n                                    <div class=\"ekit_accordion_normal_icon\">\n                                        <!-- Normal Icon -->\n\t\t\t\t\t\t\t\t\t\t<i class=\"icon icon-plus\"><\/i>                                    <\/div>\n\n                                    <div class=\"ekit_accordion_active_icon\">\n                                        <!-- Active Icon -->\n\t\t\t\t\t\t\t\t\t\t<i class=\"icon icon-minus\"><\/i>                                    <\/div>\n                                <\/div>\n\n                            \n                                                    <\/a>\n                    <\/div>\n\n                    <div id=\"Collapse-dad5b8169f1b6f729edc\" class=\" collapse\" aria-labelledby=\"primaryHeading-12-4c4cb209\" data-parent=\"#accordion-69f1b6f729edc\">\n\n                        <div class=\"elementskit-card-body ekit-accordion--content\">\n                            La bicicleta es un medio de movilidad urbana de impacto positivo en la salud humana y amigable con el medioambiente. En el presente trabajo se propone la rebaja del IVA sobre el precio de las bicicletas con el fin de impulsar su venta y promocionar su uso y, al mismo tiempo, fortalecer la industria nacional de este tipo de rodados\n<br><br>\n<a href=\"https:\/\/www.nuevasgeneraciones.com.ar\/sitio\/wp-content\/uploads\/documentos3\/_archivo\/01\/01_reduccion_IVA_bicicletas.pdf\" class=\"btn btn-danger btn-sm\" target=\"_blank\">Descargar<\/a>\n                        <\/div>\n\n                    <\/div>\n\n                <\/div><!-- .elementskit-card END -->\n\n                \n                <div class=\"elementskit-card \">\n                    <div class=\"elementskit-card-header\" id=\"primaryHeading-13-4c4cb209\">\n                        <a href=\"#collapse-4a8113e69f1b6f729edc\" class=\"ekit-accordion--toggler elementskit-btn-link collapsed\" data-ekit-toggle=\"collapse\" data-target=\"#Collapse-4a8113e69f1b6f729edc\" aria-expanded=\"false\" aria-controls=\"Collapse-4a8113e69f1b6f729edc\">\n                            \n                            <span class=\"ekit-accordion-title\">Modernizaci\u00f3n del r\u00e9gimen jur\u00eddico de los Certificados de Dep\u00f3sito y Warrants<\/span>\n\n                            \n                                <div class=\"ekit_accordion_icon_group\">\n                                    <div class=\"ekit_accordion_normal_icon\">\n                                        <!-- Normal Icon -->\n\t\t\t\t\t\t\t\t\t\t<i class=\"icon icon-plus\"><\/i>                                    <\/div>\n\n                                    <div class=\"ekit_accordion_active_icon\">\n                                        <!-- Active Icon -->\n\t\t\t\t\t\t\t\t\t\t<i class=\"icon icon-minus\"><\/i>                                    <\/div>\n                                <\/div>\n\n                            \n                                                    <\/a>\n                    <\/div>\n\n                    <div id=\"Collapse-4a8113e69f1b6f729edc\" class=\" collapse\" aria-labelledby=\"primaryHeading-13-4c4cb209\" data-parent=\"#accordion-69f1b6f729edc\">\n\n                        <div class=\"elementskit-card-body ekit-accordion--content\">\n                            En el presente trabajo se propone actualizar el r\u00e9gimen establecido por la ley 9.643 y volver a convertir al Warrant en una garant\u00eda privilegiada. Su modernizaci\u00f3n permitir\u00e1 una mayor expansi\u00f3n de esta herramienta, para que pueda expresar todo su potencial y afianzarse como instrumento de cr\u00e9dito\n<br><br>\n<a href=\"https:\/\/www.nuevasgeneraciones.com.ar\/sitio\/wp-content\/uploads\/documentos3\/_archivo\/01\/01Modernizacion_Regimen_Warrant.pdf\" class=\"btn btn-danger btn-sm\" target=\"_blank\">Descargar<\/a>                        <\/div>\n\n                    <\/div>\n\n                <\/div><!-- .elementskit-card END -->\n\n                \n                <div class=\"elementskit-card \">\n                    <div class=\"elementskit-card-header\" id=\"primaryHeading-14-4c4cb209\">\n                        <a href=\"#collapse-021fc9d69f1b6f729edc\" class=\"ekit-accordion--toggler elementskit-btn-link collapsed\" data-ekit-toggle=\"collapse\" data-target=\"#Collapse-021fc9d69f1b6f729edc\" aria-expanded=\"false\" aria-controls=\"Collapse-021fc9d69f1b6f729edc\">\n                            \n                            <span class=\"ekit-accordion-title\">Reglas para la aplicaci\u00f3n de fitosanitarios en la provincia de Buenos Aires<\/span>\n\n                            \n                                <div class=\"ekit_accordion_icon_group\">\n                                    <div class=\"ekit_accordion_normal_icon\">\n                                        <!-- Normal Icon -->\n\t\t\t\t\t\t\t\t\t\t<i class=\"icon icon-plus\"><\/i>                                    <\/div>\n\n                                    <div class=\"ekit_accordion_active_icon\">\n                                        <!-- Active Icon -->\n\t\t\t\t\t\t\t\t\t\t<i class=\"icon icon-minus\"><\/i>                                    <\/div>\n                                <\/div>\n\n                            \n                                                    <\/a>\n                    <\/div>\n\n                    <div id=\"Collapse-021fc9d69f1b6f729edc\" class=\" collapse\" aria-labelledby=\"primaryHeading-14-4c4cb209\" data-parent=\"#accordion-69f1b6f729edc\">\n\n                        <div class=\"elementskit-card-body ekit-accordion--content\">\n                            Los productos fitosanitarios son esenciales para la producci\u00f3n de los alimentos que la creciente poblaci\u00f3n humana demanda. No obstante ello, el contacto con dichos productos puede causar determinados efectos negativos en la salud de las personas y en el medioambiente. El presente trabajo propone determinada extensi\u00f3n de espacio que deber\u00eda respetarse durante la aplicaci\u00f3n de fitosanitarios en las proximidades de \u00e1reas pobladas para evitar el da\u00f1o en la salud de las personas.\n<br><br>\n<a href=\"https:\/\/www.nuevasgeneraciones.com.ar\/sitio\/wp-content\/uploads\/documentos3\/_archivo\/01\/01aplicacion_agroquimicos_ba.pdf\" class=\"btn btn-danger btn-sm\" target=\"_blank\">Descargar<\/a>                        <\/div>\n\n                    <\/div>\n\n                <\/div><!-- .elementskit-card END -->\n\n                \n                <div class=\"elementskit-card \">\n                    <div class=\"elementskit-card-header\" id=\"primaryHeading-15-4c4cb209\">\n                        <a href=\"#collapse-143283669f1b6f729edc\" class=\"ekit-accordion--toggler elementskit-btn-link collapsed\" data-ekit-toggle=\"collapse\" data-target=\"#Collapse-143283669f1b6f729edc\" aria-expanded=\"false\" aria-controls=\"Collapse-143283669f1b6f729edc\">\n                            \n                            <span class=\"ekit-accordion-title\">Terrazas rurales: innovaci\u00f3n para prevenir la erosi\u00f3n h\u00eddrica del suelo<\/span>\n\n                            \n                                <div class=\"ekit_accordion_icon_group\">\n                                    <div class=\"ekit_accordion_normal_icon\">\n                                        <!-- Normal Icon -->\n\t\t\t\t\t\t\t\t\t\t<i class=\"icon icon-plus\"><\/i>                                    <\/div>\n\n                                    <div class=\"ekit_accordion_active_icon\">\n                                        <!-- Active Icon -->\n\t\t\t\t\t\t\t\t\t\t<i class=\"icon icon-minus\"><\/i>                                    <\/div>\n                                <\/div>\n\n                            \n                                                    <\/a>\n                    <\/div>\n\n                    <div id=\"Collapse-143283669f1b6f729edc\" class=\" collapse\" aria-labelledby=\"primaryHeading-15-4c4cb209\" data-parent=\"#accordion-69f1b6f729edc\">\n\n                        <div class=\"elementskit-card-body ekit-accordion--content\">\n                            El presente trabajo describe las ventajas que representa la construcci\u00f3n de terrazas rurales para la prevenci\u00f3n de la erosi\u00f3n h\u00eddrica de los suelos. Asimismo, se propone la creaci\u00f3n de un fondo de garant\u00eda para los cr\u00e9ditos que se tomen para la construcci\u00f3n y el mantenimiento de dichas terrazas.\n<br><br>\n<a href=\"https:\/\/www.nuevasgeneraciones.com.ar\/sitio\/wp-content\/uploads\/documentos3\/_archivo\/01\/01estimulo_construccion_terrazas_rurales.pdf\" class=\"btn btn-danger btn-sm\" target=\"_blank\">Descargar<\/a>                        <\/div>\n\n                    <\/div>\n\n                <\/div><!-- .elementskit-card END -->\n\n                \n                <div class=\"elementskit-card \">\n                    <div class=\"elementskit-card-header\" id=\"primaryHeading-16-4c4cb209\">\n                        <a href=\"#collapse-5fdb4e969f1b6f729edc\" class=\"ekit-accordion--toggler elementskit-btn-link collapsed\" data-ekit-toggle=\"collapse\" data-target=\"#Collapse-5fdb4e969f1b6f729edc\" aria-expanded=\"false\" aria-controls=\"Collapse-5fdb4e969f1b6f729edc\">\n                            \n                            <span class=\"ekit-accordion-title\">Capacitaci\u00f3n de mano de obra para la industria de maquinaria agr\u00edcola<\/span>\n\n                            \n                                <div class=\"ekit_accordion_icon_group\">\n                                    <div class=\"ekit_accordion_normal_icon\">\n                                        <!-- Normal Icon -->\n\t\t\t\t\t\t\t\t\t\t<i class=\"icon icon-plus\"><\/i>                                    <\/div>\n\n                                    <div class=\"ekit_accordion_active_icon\">\n                                        <!-- Active Icon -->\n\t\t\t\t\t\t\t\t\t\t<i class=\"icon icon-minus\"><\/i>                                    <\/div>\n                                <\/div>\n\n                            \n                                                    <\/a>\n                    <\/div>\n\n                    <div id=\"Collapse-5fdb4e969f1b6f729edc\" class=\" collapse\" aria-labelledby=\"primaryHeading-16-4c4cb209\" data-parent=\"#accordion-69f1b6f729edc\">\n\n                        <div class=\"elementskit-card-body ekit-accordion--content\">\n                            En Argentina falta mano de obra calificada que atienda en forma adecuada la industria de maquinaria agr\u00edcola. Ante dicho panorama, en el presente trabajo se dise\u00f1a una herramienta de pol\u00edtica p\u00fablica que busca contrarrestar aquella problem\u00e1tica y potenciar una industria muy importante para nuestro pa\u00eds.\n<br><br>\n<a href=\"https:\/\/www.nuevasgeneraciones.com.ar\/sitio\/wp-content\/uploads\/documentos3\/_archivo\/01\/01_Capacitacion_industria_maquinaria_agricola.pdf\" class=\"btn btn-danger btn-sm\" target=\"_blank\">Descargar<\/a>                        <\/div>\n\n                    <\/div>\n\n                <\/div><!-- .elementskit-card END -->\n\n                \n                <div class=\"elementskit-card \">\n                    <div class=\"elementskit-card-header\" id=\"primaryHeading-17-4c4cb209\">\n                        <a href=\"#collapse-b9927a469f1b6f729edc\" class=\"ekit-accordion--toggler elementskit-btn-link collapsed\" data-ekit-toggle=\"collapse\" data-target=\"#Collapse-b9927a469f1b6f729edc\" aria-expanded=\"false\" aria-controls=\"Collapse-b9927a469f1b6f729edc\">\n                            \n                            <span class=\"ekit-accordion-title\">Programa de formaci\u00f3n gerencial para PyMEs mineras<\/span>\n\n                            \n                                <div class=\"ekit_accordion_icon_group\">\n                                    <div class=\"ekit_accordion_normal_icon\">\n                                        <!-- Normal Icon -->\n\t\t\t\t\t\t\t\t\t\t<i class=\"icon icon-plus\"><\/i>                                    <\/div>\n\n                                    <div class=\"ekit_accordion_active_icon\">\n                                        <!-- Active Icon -->\n\t\t\t\t\t\t\t\t\t\t<i class=\"icon icon-minus\"><\/i>                                    <\/div>\n                                <\/div>\n\n                            \n                                                    <\/a>\n                    <\/div>\n\n                    <div id=\"Collapse-b9927a469f1b6f729edc\" class=\" collapse\" aria-labelledby=\"primaryHeading-17-4c4cb209\" data-parent=\"#accordion-69f1b6f729edc\">\n\n                        <div class=\"elementskit-card-body ekit-accordion--content\">\n                            Adem\u00e1s de la miner\u00eda a gran escala, existen emprendimientos extractivos llevados a cabo por micro, peque\u00f1as y medianas empresas. Esas PyMEs mineras, en muchos casos, cuentan con una muy baja capacidad de gerenciamiento. Dichas falencias se traducen generalmente en problemas vinculados al da\u00f1o ambiental, los conflictos sociales, la marginalidad, condiciones laborales precarias, pobres condiciones de salubridad, etc. Para paliar dichas situaciones, en el presente trabajo proponemos la forma de brindar capacidad gerencial a este sector de la miner\u00eda para, de ese modo, convertirla en un negocio competitivo y sustentable y promotor de las econom\u00edas regionales.\n<br><br>\n<a href=\"https:\/\/www.nuevasgeneraciones.com.ar\/sitio\/wp-content\/uploads\/documentos3\/_archivo\/01\/01_formacion_pymes_mineras.pdf\" class=\"btn btn-danger btn-sm\" target=\"_blank\">Descargar<\/a>\n                        <\/div>\n\n                    <\/div>\n\n                <\/div><!-- .elementskit-card END -->\n\n                \n                <div class=\"elementskit-card \">\n                    <div class=\"elementskit-card-header\" id=\"primaryHeading-18-4c4cb209\">\n                        <a href=\"#collapse-ad080df69f1b6f729edc\" class=\"ekit-accordion--toggler elementskit-btn-link collapsed\" data-ekit-toggle=\"collapse\" data-target=\"#Collapse-ad080df69f1b6f729edc\" aria-expanded=\"false\" aria-controls=\"Collapse-ad080df69f1b6f729edc\">\n                            \n                            <span class=\"ekit-accordion-title\">Eliminaci\u00f3n de impuestos a las exportaciones de olivo y derivados<\/span>\n\n                            \n                                <div class=\"ekit_accordion_icon_group\">\n                                    <div class=\"ekit_accordion_normal_icon\">\n                                        <!-- Normal Icon -->\n\t\t\t\t\t\t\t\t\t\t<i class=\"icon icon-plus\"><\/i>                                    <\/div>\n\n                                    <div class=\"ekit_accordion_active_icon\">\n                                        <!-- Active Icon -->\n\t\t\t\t\t\t\t\t\t\t<i class=\"icon icon-minus\"><\/i>                                    <\/div>\n                                <\/div>\n\n                            \n                                                    <\/a>\n                    <\/div>\n\n                    <div id=\"Collapse-ad080df69f1b6f729edc\" class=\" collapse\" aria-labelledby=\"primaryHeading-18-4c4cb209\" data-parent=\"#accordion-69f1b6f729edc\">\n\n                        <div class=\"elementskit-card-body ekit-accordion--content\">\n                            El retraso cambiario que aqueja nuestra econom\u00eda provoca problemas de competitividad crecientes en vastos sectores de las producciones regionales. No escapa a este problema el sector oliv\u00edcola. En el presente trabajo proponemos, como una manera de paliar dichos problemas, la eliminaci\u00f3n de los derechos que gravan las exportaciones de los productos manufacturados por este sector como son las aceitunas en conserva y el aceite de oliva.\n<br><br>\n<a href=\"https:\/\/www.nuevasgeneraciones.com.ar\/sitio\/wp-content\/uploads\/documentos3\/_archivo\/01\/201405_eliminacion_retenciones_olivo.pdf\" class=\"btn btn-danger btn-sm\" target=\"_blank\">Descargar<\/a>                        <\/div>\n\n                    <\/div>\n\n                <\/div><!-- .elementskit-card END -->\n\n                \n                <div class=\"elementskit-card \">\n                    <div class=\"elementskit-card-header\" id=\"primaryHeading-19-4c4cb209\">\n                        <a href=\"#collapse-574a34869f1b6f729edc\" class=\"ekit-accordion--toggler elementskit-btn-link collapsed\" data-ekit-toggle=\"collapse\" data-target=\"#Collapse-574a34869f1b6f729edc\" aria-expanded=\"false\" aria-controls=\"Collapse-574a34869f1b6f729edc\">\n                            \n                            <span class=\"ekit-accordion-title\"> Fomento a la molienda seca del ma\u00edz<\/span>\n\n                            \n                                <div class=\"ekit_accordion_icon_group\">\n                                    <div class=\"ekit_accordion_normal_icon\">\n                                        <!-- Normal Icon -->\n\t\t\t\t\t\t\t\t\t\t<i class=\"icon icon-plus\"><\/i>                                    <\/div>\n\n                                    <div class=\"ekit_accordion_active_icon\">\n                                        <!-- Active Icon -->\n\t\t\t\t\t\t\t\t\t\t<i class=\"icon icon-minus\"><\/i>                                    <\/div>\n                                <\/div>\n\n                            \n                                                    <\/a>\n                    <\/div>\n\n                    <div id=\"Collapse-574a34869f1b6f729edc\" class=\" collapse\" aria-labelledby=\"primaryHeading-19-4c4cb209\" data-parent=\"#accordion-69f1b6f729edc\">\n\n                        <div class=\"elementskit-card-body ekit-accordion--content\">\n                            En el presente trabajo se propone la reducci\u00f3n de las retenciones a las exportaciones de los productos y subproductos de la molienda seca del ma\u00edz, como instrumento para fomentar su producci\u00f3n.\n<br><br>\n<a href=\"https:\/\/www.nuevasgeneraciones.com.ar\/sitio\/wp-content\/uploads\/documentos3\/_archivo\/01\/201404_fomento_molienda_seca_maiz.pdf\" class=\"btn btn-danger btn-sm\" target=\"_blank\">Descargar<\/a>                        <\/div>\n\n                    <\/div>\n\n                <\/div><!-- .elementskit-card END -->\n\n                \n                <div class=\"elementskit-card \">\n                    <div class=\"elementskit-card-header\" id=\"primaryHeading-20-4c4cb209\">\n                        <a href=\"#collapse-0d722fe69f1b6f729edc\" class=\"ekit-accordion--toggler elementskit-btn-link collapsed\" data-ekit-toggle=\"collapse\" data-target=\"#Collapse-0d722fe69f1b6f729edc\" aria-expanded=\"false\" aria-controls=\"Collapse-0d722fe69f1b6f729edc\">\n                            \n                            <span class=\"ekit-accordion-title\">Eliminaci\u00f3n de las retenciones a la exportaci\u00f3n del lino<\/span>\n\n                            \n                                <div class=\"ekit_accordion_icon_group\">\n                                    <div class=\"ekit_accordion_normal_icon\">\n                                        <!-- Normal Icon -->\n\t\t\t\t\t\t\t\t\t\t<i class=\"icon icon-plus\"><\/i>                                    <\/div>\n\n                                    <div class=\"ekit_accordion_active_icon\">\n                                        <!-- Active Icon -->\n\t\t\t\t\t\t\t\t\t\t<i class=\"icon icon-minus\"><\/i>                                    <\/div>\n                                <\/div>\n\n                            \n                                                    <\/a>\n                    <\/div>\n\n                    <div id=\"Collapse-0d722fe69f1b6f729edc\" class=\" collapse\" aria-labelledby=\"primaryHeading-20-4c4cb209\" data-parent=\"#accordion-69f1b6f729edc\">\n\n                        <div class=\"elementskit-card-body ekit-accordion--content\">\n                            En el presente trabajo se propone la eliminaci\u00f3n de las retenciones a las exportaciones de la semilla del lino y sus derivados, como instrumento para fomentar su producci\u00f3n y retornar a los niveles de mitad de siglo pasado \u00e9poca en que Argentina lideraba el mercado mundial.\n<br><br>\n<a href=\"https:\/\/www.nuevasgeneraciones.com.ar\/sitio\/wp-content\/uploads\/documentos3\/_archivo\/01\/201403_eliminacion_retenciones_lino.pdf\" class=\"btn btn-danger btn-sm\" target=\"_blank\">Descargar<\/a>                        <\/div>\n\n                    <\/div>\n\n                <\/div><!-- .elementskit-card END -->\n\n                \n                <div class=\"elementskit-card \">\n                    <div class=\"elementskit-card-header\" id=\"primaryHeading-21-4c4cb209\">\n                        <a href=\"#collapse-37948cd69f1b6f729edc\" class=\"ekit-accordion--toggler elementskit-btn-link collapsed\" data-ekit-toggle=\"collapse\" data-target=\"#Collapse-37948cd69f1b6f729edc\" aria-expanded=\"false\" aria-controls=\"Collapse-37948cd69f1b6f729edc\">\n                            \n                            <span class=\"ekit-accordion-title\">La problem\u00e1tica del sector azucarero en el norte argentino<\/span>\n\n                            \n                                <div class=\"ekit_accordion_icon_group\">\n                                    <div class=\"ekit_accordion_normal_icon\">\n                                        <!-- Normal Icon -->\n\t\t\t\t\t\t\t\t\t\t<i class=\"icon icon-plus\"><\/i>                                    <\/div>\n\n                                    <div class=\"ekit_accordion_active_icon\">\n                                        <!-- Active Icon -->\n\t\t\t\t\t\t\t\t\t\t<i class=\"icon icon-minus\"><\/i>                                    <\/div>\n                                <\/div>\n\n                            \n                                                    <\/a>\n                    <\/div>\n\n                    <div id=\"Collapse-37948cd69f1b6f729edc\" class=\" collapse\" aria-labelledby=\"primaryHeading-21-4c4cb209\" data-parent=\"#accordion-69f1b6f729edc\">\n\n                        <div class=\"elementskit-card-body ekit-accordion--content\">\n                            Las econom\u00edas regionales son el motor para el desarrollo de las provincias argentinas. Desafortunadamente en la actualidad muchas de ellas atraviesan serias dificultades econ\u00f3micas. El presente informe nos acerca al estado de situaci\u00f3n actual del noroeste argentino y la problem\u00e1tica particular del sector azucarero. Publicado en septiembre de 2013.\n<br><br>\n<a href=\"https:\/\/www.nuevasgeneraciones.com.ar\/sitio\/wp-content\/uploads\/documentos3\/_archivo\/01\/01_problematica_sector_azucarero.pdf\" class=\"btn btn-danger btn-sm\" target=\"_blank\">Descargar<\/a>                        <\/div>\n\n                    <\/div>\n\n                <\/div><!-- .elementskit-card END -->\n\n                \n                <div class=\"elementskit-card \">\n                    <div class=\"elementskit-card-header\" id=\"primaryHeading-22-4c4cb209\">\n                        <a href=\"#collapse-26d62c369f1b6f729edc\" class=\"ekit-accordion--toggler elementskit-btn-link collapsed\" data-ekit-toggle=\"collapse\" data-target=\"#Collapse-26d62c369f1b6f729edc\" aria-expanded=\"false\" aria-controls=\"Collapse-26d62c369f1b6f729edc\">\n                            \n                            <span class=\"ekit-accordion-title\">Proyecto de baja de impuestos a los autom\u00f3viles 0km<\/span>\n\n                            \n                                <div class=\"ekit_accordion_icon_group\">\n                                    <div class=\"ekit_accordion_normal_icon\">\n                                        <!-- Normal Icon -->\n\t\t\t\t\t\t\t\t\t\t<i class=\"icon icon-plus\"><\/i>                                    <\/div>\n\n                                    <div class=\"ekit_accordion_active_icon\">\n                                        <!-- Active Icon -->\n\t\t\t\t\t\t\t\t\t\t<i class=\"icon icon-minus\"><\/i>                                    <\/div>\n                                <\/div>\n\n                            \n                                                    <\/a>\n                    <\/div>\n\n                    <div id=\"Collapse-26d62c369f1b6f729edc\" class=\" collapse\" aria-labelledby=\"primaryHeading-22-4c4cb209\" data-parent=\"#accordion-69f1b6f729edc\">\n\n                        <div class=\"elementskit-card-body ekit-accordion--content\">\n                            El presente trabajo tiene como objetivo generar incentivos a la industria automotriz. Como efectos derivados del mismo, se obtiene la estimulaci\u00f3n de la econom\u00eda nacional, la renovaci\u00f3n del parque automotor, y las consiguientes mejoras a las condiciones de seguridad y cuidado ambiental.\n<br><br>\n<a href=\"https:\/\/www.nuevasgeneraciones.com.ar\/sitio\/wp-content\/uploads\/documentos3\/_archivo\/01\/01_baja_impuestos_0km.pdf\" class=\"btn btn-danger btn-sm\" target=\"_blank\">Descargar<\/a>                        <\/div>\n\n                    <\/div>\n\n                <\/div><!-- .elementskit-card END -->\n\n                \n                <div class=\"elementskit-card \">\n                    <div class=\"elementskit-card-header\" id=\"primaryHeading-23-4c4cb209\">\n                        <a href=\"#collapse-e30997e69f1b6f729edc\" class=\"ekit-accordion--toggler elementskit-btn-link collapsed\" data-ekit-toggle=\"collapse\" data-target=\"#Collapse-e30997e69f1b6f729edc\" aria-expanded=\"false\" aria-controls=\"Collapse-e30997e69f1b6f729edc\">\n                            \n                            <span class=\"ekit-accordion-title\">Creaci\u00f3n de un fondo de garant\u00eda para la modernizaci\u00f3n del sector citr\u00edcola en la Regi\u00f3n de Salto Grande<\/span>\n\n                            \n                                <div class=\"ekit_accordion_icon_group\">\n                                    <div class=\"ekit_accordion_normal_icon\">\n                                        <!-- Normal Icon -->\n\t\t\t\t\t\t\t\t\t\t<i class=\"icon icon-plus\"><\/i>                                    <\/div>\n\n                                    <div class=\"ekit_accordion_active_icon\">\n                                        <!-- Active Icon -->\n\t\t\t\t\t\t\t\t\t\t<i class=\"icon icon-minus\"><\/i>                                    <\/div>\n                                <\/div>\n\n                            \n                                                    <\/a>\n                    <\/div>\n\n                    <div id=\"Collapse-e30997e69f1b6f729edc\" class=\" collapse\" aria-labelledby=\"primaryHeading-23-4c4cb209\" data-parent=\"#accordion-69f1b6f729edc\">\n\n                        <div class=\"elementskit-card-body ekit-accordion--content\">\n                            El presente trabajo analiza la cr\u00edtica situaci\u00f3n del sector citr\u00edcola en la regi\u00f3n de Salto Grande en la provincia de Entre R\u00edos, tanto a ra\u00edz de las inclemencias clim\u00e1ticas ocurridas durante el a\u00f1o 2012, como por los vaivenes en los mercados nacionales e internacionales; asimismo se elabora una propuesta legislativa mediante la cual se crea un fondo de garant\u00eda que permita avalar operaciones de cr\u00e9dito para la modernizaci\u00f3n de las peque\u00f1as y medianas estructuras productivas.\n<br><br>\n<a href=\"https:\/\/www.nuevasgeneraciones.com.ar\/sitio\/wp-content\/uploads\/documentos3\/_archivo\/01\/01_creacion_fondo_citricola_saltogrande.pdf\" class=\"btn btn-danger btn-sm\" target=\"_blank\">Descargar<\/a>                        <\/div>\n\n                    <\/div>\n\n                <\/div><!-- .elementskit-card END -->\n\n                \n                <div class=\"elementskit-card \">\n                    <div class=\"elementskit-card-header\" id=\"primaryHeading-24-4c4cb209\">\n                        <a href=\"#collapse-ab1b84d69f1b6f729edc\" class=\"ekit-accordion--toggler elementskit-btn-link collapsed\" data-ekit-toggle=\"collapse\" data-target=\"#Collapse-ab1b84d69f1b6f729edc\" aria-expanded=\"false\" aria-controls=\"Collapse-ab1b84d69f1b6f729edc\">\n                            \n                            <span class=\"ekit-accordion-title\">Colonos en Argentina. Una alternativa de desarrollo y crecimiento<\/span>\n\n                            \n                                <div class=\"ekit_accordion_icon_group\">\n                                    <div class=\"ekit_accordion_normal_icon\">\n                                        <!-- Normal Icon -->\n\t\t\t\t\t\t\t\t\t\t<i class=\"icon icon-plus\"><\/i>                                    <\/div>\n\n                                    <div class=\"ekit_accordion_active_icon\">\n                                        <!-- Active Icon -->\n\t\t\t\t\t\t\t\t\t\t<i class=\"icon icon-minus\"><\/i>                                    <\/div>\n                                <\/div>\n\n                            \n                                                    <\/a>\n                    <\/div>\n\n                    <div id=\"Collapse-ab1b84d69f1b6f729edc\" class=\" collapse\" aria-labelledby=\"primaryHeading-24-4c4cb209\" data-parent=\"#accordion-69f1b6f729edc\">\n\n                        <div class=\"elementskit-card-body ekit-accordion--content\">\n                            La Rep\u00fablica Argentina es un pa\u00eds de grandes oportunidades. Las malas gestiones de los diferentes gobiernos de turno lamentablemente han demostrado ineficacia a la hora de elaborar una pol\u00edtica de estado a largo plazo basada principalmente en poblar y aumentar la producci\u00f3n de todo el territorio nacional. El presente trabajo plantea los puntos principales para instalar un sistema de colonos con el fin de brindar oportunidades por igual a todos los habitantes del pa\u00eds.\n<br><br>\n<a href=\"https:\/\/www.nuevasgeneraciones.com.ar\/sitio\/wp-content\/uploads\/documentos3\/_archivo\/01\/2012s2%20Colonos%20en%20Argentina.%20Una%20alternativa%20de%20desarrollo%20y%20crecimiento.pdf\" class=\"btn btn-danger btn-sm\" target=\"_blank\">Descargar<\/a>                        <\/div>\n\n                    <\/div>\n\n                <\/div><!-- .elementskit-card END -->\n\n                \n                <div class=\"elementskit-card \">\n                    <div class=\"elementskit-card-header\" id=\"primaryHeading-25-4c4cb209\">\n                        <a href=\"#collapse-ec5123469f1b6f729edc\" class=\"ekit-accordion--toggler elementskit-btn-link collapsed\" data-ekit-toggle=\"collapse\" data-target=\"#Collapse-ec5123469f1b6f729edc\" aria-expanded=\"false\" aria-controls=\"Collapse-ec5123469f1b6f729edc\">\n                            \n                            <span class=\"ekit-accordion-title\">La producci\u00f3n de carne equina en Argentina. Su trazabilidad<\/span>\n\n                            \n                                <div class=\"ekit_accordion_icon_group\">\n                                    <div class=\"ekit_accordion_normal_icon\">\n                                        <!-- Normal Icon -->\n\t\t\t\t\t\t\t\t\t\t<i class=\"icon icon-plus\"><\/i>                                    <\/div>\n\n                                    <div class=\"ekit_accordion_active_icon\">\n                                        <!-- Active Icon -->\n\t\t\t\t\t\t\t\t\t\t<i class=\"icon icon-minus\"><\/i>                                    <\/div>\n                                <\/div>\n\n                            \n                                                    <\/a>\n                    <\/div>\n\n                    <div id=\"Collapse-ec5123469f1b6f729edc\" class=\" collapse\" aria-labelledby=\"primaryHeading-25-4c4cb209\" data-parent=\"#accordion-69f1b6f729edc\">\n\n                        <div class=\"elementskit-card-body ekit-accordion--content\">\n                            En el presente informe, nos proponemos elaborar un an\u00e1lisis de la situaci\u00f3n actual del mercado para la carne equina argentina; cifras relacionadas a su producci\u00f3n; el problema de la trazabilidad; la legislaci\u00f3n vigente en el pa\u00eds y en el mundo, para culminar finalmente un proyecto normativo en el cual se establezcan los puntos principales que, desde nuestro punto de vista, debe tener una ley con el objeto de mejorar la situaci\u00f3n de la producci\u00f3n de carne equina.\n<br><br>\n<a href=\"https:\/\/www.nuevasgeneraciones.com.ar\/sitio\/wp-content\/uploads\/documentos3\/_archivo\/01\/01_promocion_trazabilidad_carne_equina.pdf\" class=\"btn btn-danger btn-sm\" target=\"_blank\">Descargar<\/a>                        <\/div>\n\n                    <\/div>\n\n                <\/div><!-- .elementskit-card END -->\n\n                \n                <div class=\"elementskit-card \">\n                    <div class=\"elementskit-card-header\" id=\"primaryHeading-26-4c4cb209\">\n                        <a href=\"#collapse-df7f2b369f1b6f729edc\" class=\"ekit-accordion--toggler elementskit-btn-link collapsed\" data-ekit-toggle=\"collapse\" data-target=\"#Collapse-df7f2b369f1b6f729edc\" aria-expanded=\"false\" aria-controls=\"Collapse-df7f2b369f1b6f729edc\">\n                            \n                            <span class=\"ekit-accordion-title\">Desarrollo de la industria naval argentina<\/span>\n\n                            \n                                <div class=\"ekit_accordion_icon_group\">\n                                    <div class=\"ekit_accordion_normal_icon\">\n                                        <!-- Normal Icon -->\n\t\t\t\t\t\t\t\t\t\t<i class=\"icon icon-plus\"><\/i>                                    <\/div>\n\n                                    <div class=\"ekit_accordion_active_icon\">\n                                        <!-- Active Icon -->\n\t\t\t\t\t\t\t\t\t\t<i class=\"icon icon-minus\"><\/i>                                    <\/div>\n                                <\/div>\n\n                            \n                                                    <\/a>\n                    <\/div>\n\n                    <div id=\"Collapse-df7f2b369f1b6f729edc\" class=\" collapse\" aria-labelledby=\"primaryHeading-26-4c4cb209\" data-parent=\"#accordion-69f1b6f729edc\">\n\n                        <div class=\"elementskit-card-body ekit-accordion--content\">\n                            El presente trabajo describe la evoluci\u00f3n de la industria naval en nuestro pa\u00eds y su situaci\u00f3n actual. Asimismo, se proponen los lineamientos para darle impulso a este sector estrat\u00e9gico para el desarrollo nacional.\n<br><br>\n<a href=\"https:\/\/www.nuevasgeneraciones.com.ar\/sitio\/wp-content\/uploads\/documentos3\/_archivo\/01\/2011s2%20Desarrollo%20de%20la%20industria%20naval%20argentina.pdf\" class=\"btn btn-danger btn-sm\" target=\"_blank\">Descargar<\/a>                        <\/div>\n\n                    <\/div>\n\n                <\/div><!-- .elementskit-card END -->\n\n                \n                <div class=\"elementskit-card \">\n                    <div class=\"elementskit-card-header\" id=\"primaryHeading-27-4c4cb209\">\n                        <a href=\"#collapse-dfc4b9d69f1b6f729edc\" class=\"ekit-accordion--toggler elementskit-btn-link collapsed\" data-ekit-toggle=\"collapse\" data-target=\"#Collapse-dfc4b9d69f1b6f729edc\" aria-expanded=\"false\" aria-controls=\"Collapse-dfc4b9d69f1b6f729edc\">\n                            \n                            <span class=\"ekit-accordion-title\">R\u00e9gimen de adquisici\u00f3n dominial de tierras rurales por personas extranjeras<\/span>\n\n                            \n                                <div class=\"ekit_accordion_icon_group\">\n                                    <div class=\"ekit_accordion_normal_icon\">\n                                        <!-- Normal Icon -->\n\t\t\t\t\t\t\t\t\t\t<i class=\"icon icon-plus\"><\/i>                                    <\/div>\n\n                                    <div class=\"ekit_accordion_active_icon\">\n                                        <!-- Active Icon -->\n\t\t\t\t\t\t\t\t\t\t<i class=\"icon icon-minus\"><\/i>                                    <\/div>\n                                <\/div>\n\n                            \n                                                    <\/a>\n                    <\/div>\n\n                    <div id=\"Collapse-dfc4b9d69f1b6f729edc\" class=\" collapse\" aria-labelledby=\"primaryHeading-27-4c4cb209\" data-parent=\"#accordion-69f1b6f729edc\">\n\n                        <div class=\"elementskit-card-body ekit-accordion--content\">\n                            El presente trabajo propone un r\u00e9gimen aplicable a la adquisici\u00f3n de tierras de uso agr\u00edcola y ganadero por parte de personas extranjeras.\n<br><br>\n<a href=\"https:\/\/www.nuevasgeneraciones.com.ar\/sitio\/wp-content\/uploads\/documentos3\/_archivo\/01\/01_regimen_tierras_extranjeros.pdf\" class=\"btn btn-danger btn-sm\" target=\"_blank\">Descargar<\/a>\n                        <\/div>\n\n                    <\/div>\n\n                <\/div><!-- .elementskit-card END -->\n\n                                        <\/div>\n    <\/div>\t\t\t\t<\/div>\n\t\t\t\t<\/div>\n\t\t\t\t\t<\/div>\n\t\t<\/div>\n\t\t\t\t<div class=\"elementor-column elementor-col-33 elementor-top-column elementor-element elementor-element-15b748fb\" data-id=\"15b748fb\" data-element_type=\"column\" data-e-type=\"column\">\n\t\t\t<div class=\"elementor-widget-wrap\">\n\t\t\t\t\t\t\t<\/div>\n\t\t<\/div>\n\t\t\t\t\t<\/div>\n\t\t<\/section>\n\t\t\t\t<section class=\"elementor-section elementor-top-section elementor-element elementor-element-1117922 elementor-section-boxed elementor-section-height-default elementor-section-height-default\" data-id=\"1117922\" data-element_type=\"section\" data-e-type=\"section\">\n\t\t\t\t\t\t<div class=\"elementor-container elementor-column-gap-default\">\n\t\t\t\t\t<div class=\"elementor-column elementor-col-25 elementor-top-column elementor-element elementor-element-e09decd\" data-id=\"e09decd\" data-element_type=\"column\" data-e-type=\"column\">\n\t\t\t<div class=\"elementor-widget-wrap\">\n\t\t\t\t\t\t\t<\/div>\n\t\t<\/div>\n\t\t\t\t<div class=\"elementor-column elementor-col-50 elementor-top-column elementor-element elementor-element-7063b797\" data-id=\"7063b797\" data-element_type=\"column\" data-e-type=\"column\">\n\t\t\t<div class=\"elementor-widget-wrap\">\n\t\t\t\t\t\t\t<\/div>\n\t\t<\/div>\n\t\t\t\t<div class=\"elementor-column elementor-col-25 elementor-top-column elementor-element elementor-element-54dac13b\" data-id=\"54dac13b\" data-element_type=\"column\" data-e-type=\"column\">\n\t\t\t<div class=\"elementor-widget-wrap\">\n\t\t\t\t\t\t\t<\/div>\n\t\t<\/div>\n\t\t\t\t\t<\/div>\n\t\t<\/section>\n\t\t\t\t<section class=\"elementor-section elementor-top-section elementor-element elementor-element-1ec37466 elementor-section-boxed elementor-section-height-default elementor-section-height-default\" data-id=\"1ec37466\" data-element_type=\"section\" data-e-type=\"section\">\n\t\t\t\t\t\t<div class=\"elementor-container elementor-column-gap-default\">\n\t\t\t\t\t<div class=\"elementor-column elementor-col-100 elementor-top-column elementor-element elementor-element-7da45635\" data-id=\"7da45635\" data-element_type=\"column\" data-e-type=\"column\">\n\t\t\t<div class=\"elementor-widget-wrap elementor-element-populated\">\n\t\t\t\t\t\t<div class=\"elementor-element elementor-element-642f642b elementor-widget elementor-widget-spacer\" data-id=\"642f642b\" data-element_type=\"widget\" data-e-type=\"widget\" data-widget_type=\"spacer.default\">\n\t\t\t\t<div class=\"elementor-widget-container\">\n\t\t\t\t\t\t\t<div class=\"elementor-spacer\">\n\t\t\t<div class=\"elementor-spacer-inner\"><\/div>\n\t\t<\/div>\n\t\t\t\t\t\t<\/div>\n\t\t\t\t<\/div>\n\t\t\t\t\t<\/div>\n\t\t<\/div>\n\t\t\t\t\t<\/div>\n\t\t<\/section>\n\t\t\t\t<\/div>\n\t\t","protected":false},"excerpt":{"rendered":"<p>Agropecuario, industria y servicios Semillas y recursos fitogen\u00e9ticos: estudios y propuestas para un cumplimiento efectivo del rol estatal En el presente documento se propone un texto normativo que establezca una equilibrada y realista protecci\u00f3n de la propiedad de las semillas y los recursos fitogen\u00e9ticos, como as\u00ed tambi\u00e9n un uso adecuado y leg\u00edtimo por parte de&hellip;&nbsp;<\/p>\n","protected":false},"author":1,"featured_media":0,"parent":0,"menu_order":0,"comment_status":"closed","ping_status":"closed","template":"page-templates\/template-pagebuilder-full-width.php","meta":{"neve_meta_sidebar":"","neve_meta_container":"","neve_meta_enable_content_width":"off","neve_meta_content_width":100,"neve_meta_title_alignment":"","neve_meta_author_avatar":"","neve_post_elements_order":"","neve_meta_disable_header":"","neve_meta_disable_footer":"","neve_meta_disable_title":"","footnotes":""},"class_list":["post-12387","page","type-page","status-publish","hentry"],"yoast_head":"<!-- This site is optimized with the Yoast SEO plugin v27.4 - https:\/\/yoast.com\/product\/yoast-seo-wordpress\/ -->\n<title>Agropecuario, industria y servicios - Fundaci\u00f3n Nuevas Generaciones<\/title>\n<meta name=\"robots\" content=\"index, follow, max-snippet:-1, max-image-preview:large, max-video-preview:-1\" \/>\n<link rel=\"canonical\" href=\"https:\/\/nuevasgeneraciones.com.ar\/sitio\/agropecuario-industria-y-servicios\/\" \/>\n<meta property=\"og:locale\" content=\"es_ES\" \/>\n<meta property=\"og:type\" content=\"article\" \/>\n<meta property=\"og:title\" content=\"Agropecuario, industria y servicios - Fundaci\u00f3n Nuevas Generaciones\" \/>\n<meta property=\"og:description\" content=\"Agropecuario, industria y servicios Semillas y recursos fitogen\u00e9ticos: estudios y propuestas para un cumplimiento efectivo del rol estatal En el presente documento se propone un texto normativo que establezca una equilibrada y realista protecci\u00f3n de la propiedad de las semillas y los recursos fitogen\u00e9ticos, como as\u00ed tambi\u00e9n un uso adecuado y leg\u00edtimo por parte de&hellip;&nbsp;\" \/>\n<meta property=\"og:url\" content=\"https:\/\/nuevasgeneraciones.com.ar\/sitio\/agropecuario-industria-y-servicios\/\" \/>\n<meta property=\"og:site_name\" content=\"Fundaci\u00f3n Nuevas Generaciones\" \/>\n<meta property=\"article:modified_time\" content=\"2023-06-29T16:09:53+00:00\" \/>\n<meta name=\"twitter:card\" content=\"summary_large_image\" \/>\n<meta name=\"twitter:label1\" content=\"Tiempo de lectura\" \/>\n\t<meta name=\"twitter:data1\" content=\"12 minutos\" \/>\n<script type=\"application\/ld+json\" class=\"yoast-schema-graph\">{\"@context\":\"https:\\\/\\\/schema.org\",\"@graph\":[{\"@type\":\"WebPage\",\"@id\":\"https:\\\/\\\/nuevasgeneraciones.com.ar\\\/sitio\\\/agropecuario-industria-y-servicios\\\/\",\"url\":\"https:\\\/\\\/nuevasgeneraciones.com.ar\\\/sitio\\\/agropecuario-industria-y-servicios\\\/\",\"name\":\"Agropecuario, industria y servicios - Fundaci\u00f3n Nuevas Generaciones\",\"isPartOf\":{\"@id\":\"https:\\\/\\\/nuevasgeneraciones.com.ar\\\/sitio\\\/#website\"},\"datePublished\":\"2018-11-09T18:36:49+00:00\",\"dateModified\":\"2023-06-29T16:09:53+00:00\",\"breadcrumb\":{\"@id\":\"https:\\\/\\\/nuevasgeneraciones.com.ar\\\/sitio\\\/agropecuario-industria-y-servicios\\\/#breadcrumb\"},\"inLanguage\":\"es-AR\",\"potentialAction\":[{\"@type\":\"ReadAction\",\"target\":[\"https:\\\/\\\/nuevasgeneraciones.com.ar\\\/sitio\\\/agropecuario-industria-y-servicios\\\/\"]}]},{\"@type\":\"BreadcrumbList\",\"@id\":\"https:\\\/\\\/nuevasgeneraciones.com.ar\\\/sitio\\\/agropecuario-industria-y-servicios\\\/#breadcrumb\",\"itemListElement\":[{\"@type\":\"ListItem\",\"position\":1,\"name\":\"Inicio\",\"item\":\"https:\\\/\\\/nuevasgeneraciones.com.ar\\\/sitio\\\/\"},{\"@type\":\"ListItem\",\"position\":2,\"name\":\"Agropecuario, industria y servicios\"}]},{\"@type\":\"WebSite\",\"@id\":\"https:\\\/\\\/nuevasgeneraciones.com.ar\\\/sitio\\\/#website\",\"url\":\"https:\\\/\\\/nuevasgeneraciones.com.ar\\\/sitio\\\/\",\"name\":\"Fundaci\u00f3n Nuevas Generaciones\",\"description\":\"\",\"publisher\":{\"@id\":\"https:\\\/\\\/nuevasgeneraciones.com.ar\\\/sitio\\\/#organization\"},\"potentialAction\":[{\"@type\":\"SearchAction\",\"target\":{\"@type\":\"EntryPoint\",\"urlTemplate\":\"https:\\\/\\\/nuevasgeneraciones.com.ar\\\/sitio\\\/?s={search_term_string}\"},\"query-input\":{\"@type\":\"PropertyValueSpecification\",\"valueRequired\":true,\"valueName\":\"search_term_string\"}}],\"inLanguage\":\"es-AR\"},{\"@type\":\"Organization\",\"@id\":\"https:\\\/\\\/nuevasgeneraciones.com.ar\\\/sitio\\\/#organization\",\"name\":\"Fundaci\u00f3n Nuevas Generaciones\",\"url\":\"https:\\\/\\\/nuevasgeneraciones.com.ar\\\/sitio\\\/\",\"logo\":{\"@type\":\"ImageObject\",\"inLanguage\":\"es-AR\",\"@id\":\"https:\\\/\\\/nuevasgeneraciones.com.ar\\\/sitio\\\/#\\\/schema\\\/logo\\\/image\\\/\",\"url\":\"https:\\\/\\\/nuevasgeneraciones.com.ar\\\/sitio\\\/wp-content\\\/uploads\\\/2023\\\/06\\\/logo-01.png\",\"contentUrl\":\"https:\\\/\\\/nuevasgeneraciones.com.ar\\\/sitio\\\/wp-content\\\/uploads\\\/2023\\\/06\\\/logo-01.png\",\"width\":593,\"height\":77,\"caption\":\"Fundaci\u00f3n Nuevas Generaciones\"},\"image\":{\"@id\":\"https:\\\/\\\/nuevasgeneraciones.com.ar\\\/sitio\\\/#\\\/schema\\\/logo\\\/image\\\/\"}}]}<\/script>\n<!-- \/ Yoast SEO plugin. -->","yoast_head_json":{"title":"Agropecuario, industria y servicios - Fundaci\u00f3n Nuevas Generaciones","robots":{"index":"index","follow":"follow","max-snippet":"max-snippet:-1","max-image-preview":"max-image-preview:large","max-video-preview":"max-video-preview:-1"},"canonical":"https:\/\/nuevasgeneraciones.com.ar\/sitio\/agropecuario-industria-y-servicios\/","og_locale":"es_ES","og_type":"article","og_title":"Agropecuario, industria y servicios - Fundaci\u00f3n Nuevas Generaciones","og_description":"Agropecuario, industria y servicios Semillas y recursos fitogen\u00e9ticos: estudios y propuestas para un cumplimiento efectivo del rol estatal En el presente documento se propone un texto normativo que establezca una equilibrada y realista protecci\u00f3n de la propiedad de las semillas y los recursos fitogen\u00e9ticos, como as\u00ed tambi\u00e9n un uso adecuado y leg\u00edtimo por parte de&hellip;&nbsp;","og_url":"https:\/\/nuevasgeneraciones.com.ar\/sitio\/agropecuario-industria-y-servicios\/","og_site_name":"Fundaci\u00f3n Nuevas Generaciones","article_modified_time":"2023-06-29T16:09:53+00:00","twitter_card":"summary_large_image","twitter_misc":{"Tiempo de lectura":"12 minutos"},"schema":{"@context":"https:\/\/schema.org","@graph":[{"@type":"WebPage","@id":"https:\/\/nuevasgeneraciones.com.ar\/sitio\/agropecuario-industria-y-servicios\/","url":"https:\/\/nuevasgeneraciones.com.ar\/sitio\/agropecuario-industria-y-servicios\/","name":"Agropecuario, industria y servicios - Fundaci\u00f3n Nuevas Generaciones","isPartOf":{"@id":"https:\/\/nuevasgeneraciones.com.ar\/sitio\/#website"},"datePublished":"2018-11-09T18:36:49+00:00","dateModified":"2023-06-29T16:09:53+00:00","breadcrumb":{"@id":"https:\/\/nuevasgeneraciones.com.ar\/sitio\/agropecuario-industria-y-servicios\/#breadcrumb"},"inLanguage":"es-AR","potentialAction":[{"@type":"ReadAction","target":["https:\/\/nuevasgeneraciones.com.ar\/sitio\/agropecuario-industria-y-servicios\/"]}]},{"@type":"BreadcrumbList","@id":"https:\/\/nuevasgeneraciones.com.ar\/sitio\/agropecuario-industria-y-servicios\/#breadcrumb","itemListElement":[{"@type":"ListItem","position":1,"name":"Inicio","item":"https:\/\/nuevasgeneraciones.com.ar\/sitio\/"},{"@type":"ListItem","position":2,"name":"Agropecuario, industria y servicios"}]},{"@type":"WebSite","@id":"https:\/\/nuevasgeneraciones.com.ar\/sitio\/#website","url":"https:\/\/nuevasgeneraciones.com.ar\/sitio\/","name":"Fundaci\u00f3n Nuevas Generaciones","description":"","publisher":{"@id":"https:\/\/nuevasgeneraciones.com.ar\/sitio\/#organization"},"potentialAction":[{"@type":"SearchAction","target":{"@type":"EntryPoint","urlTemplate":"https:\/\/nuevasgeneraciones.com.ar\/sitio\/?s={search_term_string}"},"query-input":{"@type":"PropertyValueSpecification","valueRequired":true,"valueName":"search_term_string"}}],"inLanguage":"es-AR"},{"@type":"Organization","@id":"https:\/\/nuevasgeneraciones.com.ar\/sitio\/#organization","name":"Fundaci\u00f3n Nuevas Generaciones","url":"https:\/\/nuevasgeneraciones.com.ar\/sitio\/","logo":{"@type":"ImageObject","inLanguage":"es-AR","@id":"https:\/\/nuevasgeneraciones.com.ar\/sitio\/#\/schema\/logo\/image\/","url":"https:\/\/nuevasgeneraciones.com.ar\/sitio\/wp-content\/uploads\/2023\/06\/logo-01.png","contentUrl":"https:\/\/nuevasgeneraciones.com.ar\/sitio\/wp-content\/uploads\/2023\/06\/logo-01.png","width":593,"height":77,"caption":"Fundaci\u00f3n Nuevas Generaciones"},"image":{"@id":"https:\/\/nuevasgeneraciones.com.ar\/sitio\/#\/schema\/logo\/image\/"}}]}},"_links":{"self":[{"href":"https:\/\/nuevasgeneraciones.com.ar\/sitio\/wp-json\/wp\/v2\/pages\/12387","targetHints":{"allow":["GET"]}}],"collection":[{"href":"https:\/\/nuevasgeneraciones.com.ar\/sitio\/wp-json\/wp\/v2\/pages"}],"about":[{"href":"https:\/\/nuevasgeneraciones.com.ar\/sitio\/wp-json\/wp\/v2\/types\/page"}],"author":[{"embeddable":true,"href":"https:\/\/nuevasgeneraciones.com.ar\/sitio\/wp-json\/wp\/v2\/users\/1"}],"replies":[{"embeddable":true,"href":"https:\/\/nuevasgeneraciones.com.ar\/sitio\/wp-json\/wp\/v2\/comments?post=12387"}],"version-history":[{"count":3,"href":"https:\/\/nuevasgeneraciones.com.ar\/sitio\/wp-json\/wp\/v2\/pages\/12387\/revisions"}],"predecessor-version":[{"id":18538,"href":"https:\/\/nuevasgeneraciones.com.ar\/sitio\/wp-json\/wp\/v2\/pages\/12387\/revisions\/18538"}],"wp:attachment":[{"href":"https:\/\/nuevasgeneraciones.com.ar\/sitio\/wp-json\/wp\/v2\/media?parent=12387"}],"curies":[{"name":"wp","href":"https:\/\/api.w.org\/{rel}","templated":true}]}}